{"id":1452,"date":"2020-08-30T12:16:06","date_gmt":"2020-08-30T12:16:06","guid":{"rendered":"https:\/\/veteraani.ylirotu.fi\/?page_id=1452"},"modified":"2021-01-18T15:21:37","modified_gmt":"2021-01-18T15:21:37","slug":"venajan-vallankumous-ja-suomi-2","status":"publish","type":"page","link":"https:\/\/veteraanienperinto.fi\/index.php\/tietopankit\/itsenaistyminen\/ennen-itsenaistymista-2\/venajan-vallankumous-ja-suomi-2\/","title":{"rendered":"Ven\u00e4j\u00e4n vallankumous ja Suomi 2"},"content":{"rendered":"<div id='full_slider_1'  class='avia-fullwidth-slider main_color avia-shadow   avia-builder-el-0  el_before_av_heading  avia-builder-el-first   container_wrap sidebar_right'  ><\/div><div id='after_full_slider_1'  class='main_color av_default_container_wrap container_wrap sidebar_right'  ><div class='container av-section-cont-open' ><div class='template-page content  av-content-small alpha units'><div class='post-entry post-entry-type-page post-entry-1452'><div class='entry-content-wrapper clearfix'>\n\n<style type=\"text\/css\" data-created_by=\"avia_inline_auto\" id=\"style-css-av-av_heading-3174972175d7a4c4f1bc39eb9c2f47b0\">\n#top .av-special-heading.av-av_heading-3174972175d7a4c4f1bc39eb9c2f47b0{\npadding-bottom:10px;\n}\nbody .av-special-heading.av-av_heading-3174972175d7a4c4f1bc39eb9c2f47b0 .av-special-heading-tag .heading-char{\nfont-size:25px;\n}\n.av-special-heading.av-av_heading-3174972175d7a4c4f1bc39eb9c2f47b0 .av-subheading{\nfont-size:15px;\n}\n<\/style>\n<div  class='av-special-heading av-av_heading-3174972175d7a4c4f1bc39eb9c2f47b0 av-special-heading-h3  avia-builder-el-1  el_after_av_slideshow_full  el_before_av_textblock  avia-builder-el-first '><h3 class='av-special-heading-tag'  itemprop=\"headline\"  >Ven\u00e4j\u00e4n vallankumous ja Suomi 2<\/h3><div class=\"special-heading-border\"><div class=\"special-heading-inner-border\"><\/div><\/div><\/div>\n<section  class='av_textblock_section av-201hbg-64a166ba3bd36828c34956824f4e54f6 '   itemscope=\"itemscope\" itemtype=\"https:\/\/schema.org\/CreativeWork\" ><div class='avia_textblock'  itemprop=\"text\" ><p>Hein\u00e4kuussa 1917 Suomen eduskunta s\u00e4\u00e4ti sosialidemokraattisen enemmist\u00f6n voimin valtalain, jonka mukaan korkein valta kuului eduskunnalle poisluettuna ulkopolitiikka ja sotilasasiat. V\u00e4liaikaisen hallituksen johtoon noussut entinen sotaministeri Aleksandr Kerenski ei hyv\u00e4ksynyt valtalakia vaan k\u00e4ski hajottaa Suomen eduskunnan. Eduskuntavaalit j\u00e4rjestettiin lokakuussa 1917. Sosialidemokraatit menettiv\u00e4t nyt enemmist\u00f6n, sill\u00e4 he saivat 92 paikkaa entisten 103:n sijasta. T\u00e4m\u00e4 her\u00e4tti laajaa tyytym\u00e4tt\u00f6myytt\u00e4 sosialidemokraattien keskuudessa, sill\u00e4 suunniteltujen yhteiskunnallisten uudistusten katsottiin nyt viiv\u00e4styv\u00e4n.<\/p>\n<p>Kiista ylimm\u00e4st\u00e4 hallitusvallasta j\u00e4i edelleen ratkaisematta, sill\u00e4 V.I.Leninin johtamat bolshevikit ottivat 7.11.1917 vallan k\u00e4siins\u00e4 Pietarissa. Oli tapahtunut maailmanhistoriaan olennaisesti vaikuttanut vanhan ven\u00e4l\u00e4isen kalenterin mukaan nimetty Lokakuun vallankumous. Valta siirtyi bolshevikkien johtamille neuvostoille.<\/p>\n<p>Suomessa vuoden 1917 tapahtumille oli ominaista lakkoilu ja suomalaisten punakaartilaisten ja lakkolaisten veljeily ven\u00e4l\u00e4isten sotilaiden kanssa. Maaliskuun ja vuoden lopun v\u00e4lisen\u00e4 aikana maassamme oli yli 500 lakkoa. Maatalouslakkoja oli noin 2 000 tilalla. N\u00e4iss\u00e4 alkoi esiinty\u00e4 my\u00f6s v\u00e4kivaltaisia piirteit\u00e4. Asutuskeskuksissa lakkoiluun oli monesti syyn\u00e4 elintarvikkeiden hintojen hallitsematon nousu sek\u00e4 suoranainen elintarvikepula. Ongelman hoitamiseksi s\u00e4\u00e4detty elintarvikelaki ei tuonut ratkaisua, koska se suosi liikaa yksityist\u00e4 omistusoikeutta. Tuottajien ja kuluttajien v\u00e4linen kuilu s\u00e4ilyi. Syksyll\u00e4 1917 elintarvikelevottomuuksien ja elintarvikkeiden pakko-ottojen johdosta perustettiin runsaasti sek\u00e4 punakaarteja ett\u00e4 suojeluskuntia.<\/p>\n<p>Marraskuun alussa tapahtui Etel\u00e4-H\u00e4meess\u00e4 Lammilla Mommilan kartanossa verity\u00f6, jolla oli laajakantoisia seurauksia. Ven\u00e4l\u00e4iset matruusit murhasivat kaksi henkil\u00f6\u00e4, joista toinen oli Mommilan kartanon is\u00e4nt\u00e4. Oppaana matruuseilla oli kartanon entinen alustalainen.<\/p>\n<p>Mommilan veril\u00f6ylyss\u00e4 monet katsoivat olevan esimerkki siit\u00e4 mihin poliittinen kehitys oli johtamassa ja sit\u00e4 k\u00e4ytettiin hyv\u00e4ksi omien toimenpiteiden perustelemiseksi. Murhat yhdistettiin my\u00f6s Helsingiss\u00e4 ongelmaksi muodostuneeseen ven\u00e4l\u00e4isen sotav\u00e4en kurittomuuteen.<\/p>\n<p>Marraskuun 14.-20. p\u00e4ivien aikana maassamme oli yleislakko, jonka aikana tapahtui aseellisia yhteenottoja suojelukuntalaisten ja punakaartien v\u00e4lill\u00e4. N\u00e4iss\u00e4 sai surmansa yhteens\u00e4 19 henkil\u00f6\u00e4.<\/p>\n<p>Enteellist\u00e4 tulevien tapahtumien kannalta oli se, ett\u00e4 16.11. ammattij\u00e4rjest\u00f6n, sosialidemokraattisen puolueen ja sosialidemokraattisen eduskuntaryhm\u00e4n muodostama Ty\u00f6v\u00e4en Vallankumouksellinen Neuvosto p\u00e4\u00e4tti \u00e4\u00e4nestyksen j\u00e4lkeen ryhty\u00e4 vallankaappaukseen Ven\u00e4j\u00e4n mallin mukaisesti. P\u00e4\u00e4t\u00f6s purettiin uuden harkinnan j\u00e4lkeen muutamassa tunnissa. Ilmapiiri oli maassamme kuitenkin hyvin j\u00e4nnittynyt.<\/p>\n<\/div><\/section>\n","protected":false},"excerpt":{"rendered":"","protected":false},"author":1,"featured_media":0,"parent":513,"menu_order":6,"comment_status":"closed","ping_status":"closed","template":"","meta":{"footnotes":""},"class_list":["post-1452","page","type-page","status-publish","hentry"],"yoast_head":"<!-- This site is optimized with the Yoast SEO plugin v27.5 - https:\/\/yoast.com\/product\/yoast-seo-wordpress\/ -->\n<title>Ven\u00e4j\u00e4n vallankumous ja Suomi 2 - Veteraanien Perint\u00f6<\/title>\n<meta name=\"robots\" content=\"index, follow, max-snippet:-1, max-image-preview:large, max-video-preview:-1\" \/>\n<link rel=\"canonical\" href=\"https:\/\/veteraanienperinto.fi\/index.php\/tietopankit\/itsenaistyminen\/ennen-itsenaistymista-2\/venajan-vallankumous-ja-suomi-2\/\" \/>\n<meta property=\"og:locale\" content=\"fi_FI\" \/>\n<meta property=\"og:type\" content=\"article\" \/>\n<meta property=\"og:title\" content=\"Ven\u00e4j\u00e4n vallankumous ja Suomi 2 - Veteraanien Perint\u00f6\" \/>\n<meta property=\"og:url\" content=\"https:\/\/veteraanienperinto.fi\/index.php\/tietopankit\/itsenaistyminen\/ennen-itsenaistymista-2\/venajan-vallankumous-ja-suomi-2\/\" \/>\n<meta property=\"og:site_name\" content=\"Veteraanien Perint\u00f6\" \/>\n<meta property=\"article:modified_time\" content=\"2021-01-18T15:21:37+00:00\" \/>\n<meta name=\"twitter:card\" content=\"summary_large_image\" \/>\n<meta name=\"twitter:label1\" content=\"Arvioitu lukuaika\" \/>\n\t<meta name=\"twitter:data1\" content=\"3 minuuttia\" \/>\n<script type=\"application\/ld+json\" class=\"yoast-schema-graph\">{\"@context\":\"https:\\\/\\\/schema.org\",\"@graph\":[{\"@type\":\"WebPage\",\"@id\":\"https:\\\/\\\/veteraanienperinto.fi\\\/index.php\\\/tietopankit\\\/itsenaistyminen\\\/ennen-itsenaistymista-2\\\/venajan-vallankumous-ja-suomi-2\\\/\",\"url\":\"https:\\\/\\\/veteraanienperinto.fi\\\/index.php\\\/tietopankit\\\/itsenaistyminen\\\/ennen-itsenaistymista-2\\\/venajan-vallankumous-ja-suomi-2\\\/\",\"name\":\"Ven\u00e4j\u00e4n vallankumous ja Suomi 2 - Veteraanien Perint\u00f6\",\"isPartOf\":{\"@id\":\"https:\\\/\\\/veteraanienperinto.fi\\\/#website\"},\"datePublished\":\"2020-08-30T12:16:06+00:00\",\"dateModified\":\"2021-01-18T15:21:37+00:00\",\"breadcrumb\":{\"@id\":\"https:\\\/\\\/veteraanienperinto.fi\\\/index.php\\\/tietopankit\\\/itsenaistyminen\\\/ennen-itsenaistymista-2\\\/venajan-vallankumous-ja-suomi-2\\\/#breadcrumb\"},\"inLanguage\":\"fi\",\"potentialAction\":[{\"@type\":\"ReadAction\",\"target\":[\"https:\\\/\\\/veteraanienperinto.fi\\\/index.php\\\/tietopankit\\\/itsenaistyminen\\\/ennen-itsenaistymista-2\\\/venajan-vallankumous-ja-suomi-2\\\/\"]}]},{\"@type\":\"BreadcrumbList\",\"@id\":\"https:\\\/\\\/veteraanienperinto.fi\\\/index.php\\\/tietopankit\\\/itsenaistyminen\\\/ennen-itsenaistymista-2\\\/venajan-vallankumous-ja-suomi-2\\\/#breadcrumb\",\"itemListElement\":[{\"@type\":\"ListItem\",\"position\":1,\"name\":\"Etusivu\",\"item\":\"https:\\\/\\\/veteraanienperinto.fi\\\/index.php\\\/etusivu-2\\\/\"},{\"@type\":\"ListItem\",\"position\":2,\"name\":\"Tietopankit\",\"item\":\"https:\\\/\\\/veteraanienperinto.fi\\\/index.php\\\/tietopankit\\\/\"},{\"@type\":\"ListItem\",\"position\":3,\"name\":\"Itsen\u00e4istyminen\",\"item\":\"https:\\\/\\\/veteraanienperinto.fi\\\/index.php\\\/tietopankit\\\/itsenaistyminen\\\/\"},{\"@type\":\"ListItem\",\"position\":4,\"name\":\"Ennen itsen\u00e4istymist\u00e4\",\"item\":\"https:\\\/\\\/veteraanienperinto.fi\\\/index.php\\\/tietopankit\\\/itsenaistyminen\\\/ennen-itsenaistymista-2\\\/\"},{\"@type\":\"ListItem\",\"position\":5,\"name\":\"Ven\u00e4j\u00e4n vallankumous ja Suomi 2\"}]},{\"@type\":\"WebSite\",\"@id\":\"https:\\\/\\\/veteraanienperinto.fi\\\/#website\",\"url\":\"https:\\\/\\\/veteraanienperinto.fi\\\/\",\"name\":\"Veteraanien Perint\u00f6\",\"description\":\"Kadettikunta\",\"potentialAction\":[{\"@type\":\"SearchAction\",\"target\":{\"@type\":\"EntryPoint\",\"urlTemplate\":\"https:\\\/\\\/veteraanienperinto.fi\\\/?s={search_term_string}\"},\"query-input\":{\"@type\":\"PropertyValueSpecification\",\"valueRequired\":true,\"valueName\":\"search_term_string\"}}],\"inLanguage\":\"fi\"}]}<\/script>\n<!-- \/ Yoast SEO plugin. -->","yoast_head_json":{"title":"Ven\u00e4j\u00e4n vallankumous ja Suomi 2 - Veteraanien Perint\u00f6","robots":{"index":"index","follow":"follow","max-snippet":"max-snippet:-1","max-image-preview":"max-image-preview:large","max-video-preview":"max-video-preview:-1"},"canonical":"https:\/\/veteraanienperinto.fi\/index.php\/tietopankit\/itsenaistyminen\/ennen-itsenaistymista-2\/venajan-vallankumous-ja-suomi-2\/","og_locale":"fi_FI","og_type":"article","og_title":"Ven\u00e4j\u00e4n vallankumous ja Suomi 2 - Veteraanien Perint\u00f6","og_url":"https:\/\/veteraanienperinto.fi\/index.php\/tietopankit\/itsenaistyminen\/ennen-itsenaistymista-2\/venajan-vallankumous-ja-suomi-2\/","og_site_name":"Veteraanien Perint\u00f6","article_modified_time":"2021-01-18T15:21:37+00:00","twitter_card":"summary_large_image","twitter_misc":{"Arvioitu lukuaika":"3 minuuttia"},"schema":{"@context":"https:\/\/schema.org","@graph":[{"@type":"WebPage","@id":"https:\/\/veteraanienperinto.fi\/index.php\/tietopankit\/itsenaistyminen\/ennen-itsenaistymista-2\/venajan-vallankumous-ja-suomi-2\/","url":"https:\/\/veteraanienperinto.fi\/index.php\/tietopankit\/itsenaistyminen\/ennen-itsenaistymista-2\/venajan-vallankumous-ja-suomi-2\/","name":"Ven\u00e4j\u00e4n vallankumous ja Suomi 2 - Veteraanien Perint\u00f6","isPartOf":{"@id":"https:\/\/veteraanienperinto.fi\/#website"},"datePublished":"2020-08-30T12:16:06+00:00","dateModified":"2021-01-18T15:21:37+00:00","breadcrumb":{"@id":"https:\/\/veteraanienperinto.fi\/index.php\/tietopankit\/itsenaistyminen\/ennen-itsenaistymista-2\/venajan-vallankumous-ja-suomi-2\/#breadcrumb"},"inLanguage":"fi","potentialAction":[{"@type":"ReadAction","target":["https:\/\/veteraanienperinto.fi\/index.php\/tietopankit\/itsenaistyminen\/ennen-itsenaistymista-2\/venajan-vallankumous-ja-suomi-2\/"]}]},{"@type":"BreadcrumbList","@id":"https:\/\/veteraanienperinto.fi\/index.php\/tietopankit\/itsenaistyminen\/ennen-itsenaistymista-2\/venajan-vallankumous-ja-suomi-2\/#breadcrumb","itemListElement":[{"@type":"ListItem","position":1,"name":"Etusivu","item":"https:\/\/veteraanienperinto.fi\/index.php\/etusivu-2\/"},{"@type":"ListItem","position":2,"name":"Tietopankit","item":"https:\/\/veteraanienperinto.fi\/index.php\/tietopankit\/"},{"@type":"ListItem","position":3,"name":"Itsen\u00e4istyminen","item":"https:\/\/veteraanienperinto.fi\/index.php\/tietopankit\/itsenaistyminen\/"},{"@type":"ListItem","position":4,"name":"Ennen itsen\u00e4istymist\u00e4","item":"https:\/\/veteraanienperinto.fi\/index.php\/tietopankit\/itsenaistyminen\/ennen-itsenaistymista-2\/"},{"@type":"ListItem","position":5,"name":"Ven\u00e4j\u00e4n vallankumous ja Suomi 2"}]},{"@type":"WebSite","@id":"https:\/\/veteraanienperinto.fi\/#website","url":"https:\/\/veteraanienperinto.fi\/","name":"Veteraanien Perint\u00f6","description":"Kadettikunta","potentialAction":[{"@type":"SearchAction","target":{"@type":"EntryPoint","urlTemplate":"https:\/\/veteraanienperinto.fi\/?s={search_term_string}"},"query-input":{"@type":"PropertyValueSpecification","valueRequired":true,"valueName":"search_term_string"}}],"inLanguage":"fi"}]}},"_links":{"self":[{"href":"https:\/\/veteraanienperinto.fi\/index.php\/wp-json\/wp\/v2\/pages\/1452","targetHints":{"allow":["GET"]}}],"collection":[{"href":"https:\/\/veteraanienperinto.fi\/index.php\/wp-json\/wp\/v2\/pages"}],"about":[{"href":"https:\/\/veteraanienperinto.fi\/index.php\/wp-json\/wp\/v2\/types\/page"}],"author":[{"embeddable":true,"href":"https:\/\/veteraanienperinto.fi\/index.php\/wp-json\/wp\/v2\/users\/1"}],"replies":[{"embeddable":true,"href":"https:\/\/veteraanienperinto.fi\/index.php\/wp-json\/wp\/v2\/comments?post=1452"}],"version-history":[{"count":6,"href":"https:\/\/veteraanienperinto.fi\/index.php\/wp-json\/wp\/v2\/pages\/1452\/revisions"}],"predecessor-version":[{"id":9774,"href":"https:\/\/veteraanienperinto.fi\/index.php\/wp-json\/wp\/v2\/pages\/1452\/revisions\/9774"}],"up":[{"embeddable":true,"href":"https:\/\/veteraanienperinto.fi\/index.php\/wp-json\/wp\/v2\/pages\/513"}],"wp:attachment":[{"href":"https:\/\/veteraanienperinto.fi\/index.php\/wp-json\/wp\/v2\/media?parent=1452"}],"curies":[{"name":"wp","href":"https:\/\/api.w.org\/{rel}","templated":true}]}}