{"id":15,"date":"2020-08-13T04:39:11","date_gmt":"2020-08-13T04:39:11","guid":{"rendered":"https:\/\/veteraani.ylirotu.fi\/?page_id=15"},"modified":"2025-09-01T13:28:43","modified_gmt":"2025-09-01T10:28:43","slug":"etusivu-2","status":"publish","type":"page","link":"https:\/\/veteraanienperinto.fi\/","title":{"rendered":"Etusivu"},"content":{"rendered":"<div id='full_slider_1'  class='avia-fullwidth-slider main_color avia-shadow   avia-builder-el-0  el_before_av_section  avia-builder-el-first   container_wrap sidebar_right'  >\n<style type=\"text\/css\" data-created_by=\"avia_inline_auto\" id=\"style-css-av-878sj-0e27b866de036be5197ec4b88daeed30\">\n#top #wrap_all .avia-slideshow .av-slideshow-caption.av-878sj-0e27b866de036be5197ec4b88daeed30__0 .avia-caption-title{\nfont-size:28px;\ncolor:#ffffff;\n}\n#top .avia-slideshow .av-slideshow-caption.av-878sj-0e27b866de036be5197ec4b88daeed30__0 .avia-caption-content{\ncolor:#ffffff;\n}\n<\/style>\n<div  class='avia-slideshow av-878sj-0e27b866de036be5197ec4b88daeed30 avia-slideshow-featured av_slideshow_full avia-fade-slider av-slideshow-ui av-control-default av-slideshow-autoplay av-loop-once av-loop-manual-endless av-default-height-applied   avia-slideshow-1' data-slideshow-options=\"{&quot;animation&quot;:&quot;fade&quot;,&quot;autoplay&quot;:true,&quot;loop_autoplay&quot;:&quot;once&quot;,&quot;interval&quot;:10,&quot;loop_manual&quot;:&quot;manual-endless&quot;,&quot;autoplay_stopper&quot;:true,&quot;noNavigation&quot;:false,&quot;bg_slider&quot;:false,&quot;keep_padding&quot;:false,&quot;hoverpause&quot;:false,&quot;show_slide_delay&quot;:0}\"  itemprop=\"image\" itemscope=\"itemscope\" itemtype=\"https:\/\/schema.org\/ImageObject\" ><ul class='avia-slideshow-inner ' style='padding-bottom: 28.666666666667%;'><li  class='avia-slideshow-slide av-878sj-0e27b866de036be5197ec4b88daeed30__0  av-single-slide slide-1 slide-odd'><div data-rel='slideshow-1' class='avia-slide-wrap '   ><div class='av-slideshow-caption av-878sj-0e27b866de036be5197ec4b88daeed30__0 caption_fullwidth caption_center'><div class=\"container caption_container\"><div class=\"slideshow_caption\"><div class=\"slideshow_inner_caption\"><div class=\"slideshow_align_caption\"><h2 class='avia-caption-title '  itemprop=\"name\" >Veteraanisukupolvi turvasi viime sodissamme maamme itsen\u00e4isyyden ja kansamme olemassaolon sek\u00e4 vastasi sotien j\u00e4lkeen maamme j\u00e4lleenrakentamisesta<\/h2><\/div><\/div><\/div><\/div><\/div><img decoding=\"async\" fetchpriority=\"high\" class=\"wp-image-10523 avia-img-lazy-loading-not-10523\"  src=\"https:\/\/veteraanienperinto.fi\/wp-content\/uploads\/2021\/01\/etusivu-kuva-1500x430.png\" width=\"1500\" height=\"430\" title='etusivu-kuva' alt=''  itemprop=\"thumbnailUrl\" srcset=\"https:\/\/veteraanienperinto.fi\/wp-content\/uploads\/2021\/01\/etusivu-kuva.png 1500w, https:\/\/veteraanienperinto.fi\/wp-content\/uploads\/2021\/01\/etusivu-kuva-300x86.png 300w, https:\/\/veteraanienperinto.fi\/wp-content\/uploads\/2021\/01\/etusivu-kuva-1030x295.png 1030w, https:\/\/veteraanienperinto.fi\/wp-content\/uploads\/2021\/01\/etusivu-kuva-768x220.png 768w, https:\/\/veteraanienperinto.fi\/wp-content\/uploads\/2021\/01\/etusivu-kuva-705x202.png 705w\" sizes=\"(max-width: 1500px) 100vw, 1500px\" \/><div class='av-section-color-overlay' style='opacity: 0.3; background-color: #66531c; '><\/div><\/div><\/li><\/ul><\/div><\/div>\n\n<style type=\"text\/css\" data-created_by=\"avia_inline_auto\" id=\"style-css-av-keid6ago-ee06c68a662d1d21c50cf94e0bbb072f\">\n.avia-section.av-keid6ago-ee06c68a662d1d21c50cf94e0bbb072f{\nbackground-color:#d5dded;\nbackground-image:unset;\n}\n<\/style>\n<div id='av_section_1'  class='avia-section av-keid6ago-ee06c68a662d1d21c50cf94e0bbb072f main_color avia-section-default avia-no-border-styling  avia-builder-el-1  el_after_av_slideshow_full  el_before_av_heading  avia-bg-style-scroll container_wrap sidebar_right'  ><div class='container av-section-cont-open' ><div class='template-page content  av-content-small alpha units'><div class='post-entry post-entry-type-page post-entry-15'><div class='entry-content-wrapper clearfix'>\n\n<style type=\"text\/css\" data-created_by=\"avia_inline_auto\" id=\"style-css-av-ny4j-e557845dd211f1b9536488a0505d6fa6\">\n#top .av-special-heading.av-ny4j-e557845dd211f1b9536488a0505d6fa6{\npadding-bottom:10px;\n}\nbody .av-special-heading.av-ny4j-e557845dd211f1b9536488a0505d6fa6 .av-special-heading-tag .heading-char{\nfont-size:25px;\n}\n.av-special-heading.av-ny4j-e557845dd211f1b9536488a0505d6fa6 .av-subheading{\nfont-size:15px;\n}\n<\/style>\n<div  class='av-special-heading av-ny4j-e557845dd211f1b9536488a0505d6fa6 av-special-heading-h2  avia-builder-el-2  el_before_av_textblock  avia-builder-el-first '><h2 class='av-special-heading-tag'  itemprop=\"headline\"  >Veteraanien perint\u00f6 &#8211; Itsen\u00e4inen Is\u00e4nmaa<\/h2><div class=\"special-heading-border\"><div class=\"special-heading-inner-border\"><\/div><\/div><\/div>\n\n<style type=\"text\/css\" data-created_by=\"avia_inline_auto\" id=\"style-css-av-5fyy7-ded7ed461b015654d47d21c69e4d714c\">\n#top .av_textblock_section.av-5fyy7-ded7ed461b015654d47d21c69e4d714c .avia_textblock{\ncolor:#0a0a0a;\n}\n<\/style>\n<section  class='av_textblock_section av-5fyy7-ded7ed461b015654d47d21c69e4d714c '   itemscope=\"itemscope\" itemtype=\"https:\/\/schema.org\/CreativeWork\" ><div class='avia_textblock av_inherit_color'  itemprop=\"text\" ><p><img loading=\"lazy\" decoding=\"async\" class=\"alignleft wp-image-644\" src=\"https:\/\/veteraanienperinto.fi\/wp-content\/uploads\/2020\/08\/Valtanen-1-197x300.jpg\" alt=\"\" width=\"160\" height=\"243\" srcset=\"https:\/\/veteraanienperinto.fi\/wp-content\/uploads\/2020\/08\/Valtanen-1-197x300.jpg 197w, https:\/\/veteraanienperinto.fi\/wp-content\/uploads\/2020\/08\/Valtanen-1.jpg 337w\" sizes=\"auto, (max-width: 160px) 100vw, 160px\" \/> Veteraanien t\u00e4rkein perint\u00f6 j\u00e4lkipolville on itsen\u00e4inen is\u00e4nmaa. Veteraaniemme ty\u00f6n tuloksena valtakuntamme johto kykeni palauttamaan rauhan itsen\u00e4isyytemme ja vapautemme sek\u00e4 perustuslakiemme koskemattomuuden ja pohjoismaiseen perinteeseen nojaavan demokratiamme s\u00e4ilytt\u00e4en.<\/p>\n<p>Meille j\u00e4i oikeus monipuoluej\u00e4rjestelm\u00e4\u00e4n sek\u00e4 sen mukana oikeus lailliseen poliittiseen oppositioon. Meille j\u00e4iv\u00e4t my\u00f6s uskonnon harjoittamisen vapaus sek\u00e4 omaan asevelvollisuuteen perustuvat ja omien johtajiemme johtamat puolustusvoimat. N\u00e4kyv\u00e4ksi omaisuudeksemme j\u00e4iv\u00e4t kaikki itsen\u00e4isyytemme symbolit sek\u00e4 kirkkomaidemme hyvin hoidetut sankarihaudat ja sotiemme lukuisat muistomerkit.<\/p>\n<p>Veteraanisukupolven perinteen tallentaminen ja siirt\u00e4minen nuoremmille sukupolville ei kuitenkaan ole vain sotahistoriallisten tapahtumien tai rintamalla toimineiden sotilaiden ja naisten kokemusten muistiin merkitsemist\u00e4 tai heid\u00e4n hallussaan olevien muistoesineiden taltioimista. Ne ovat luonnollisesti t\u00e4rkeit\u00e4, mutta paljon t\u00e4rke\u00e4mp\u00e4\u00e4 on niiden arvojen ja ihanteiden sek\u00e4 sen uskollisuuden ja lojaalisuuden ymm\u00e4rt\u00e4minen, jotka kestiv\u00e4t sotien koettelemukset, samoin kuin sen sisun ja sitkeyden muistaminen, jolla is\u00e4nmaa sotien j\u00e4lkeen j\u00e4lleenrakennettiin.<\/p>\n<p>Veteraanisukupolven perinn\u00f6n osa on my\u00f6s sen viisauden ja vapaudentahdon tunnustaminen, joiden avulla vuosikymmenien ajan torjuttiin suurvallan painostusyritykset demokratiamme ja itsen\u00e4isyystahtomme murtamiseksi. Se oli veteraanisukupolven nelj\u00e4s itsen\u00e4isyystaistelu.<\/p>\n<p><strong><em>Kenraali Jaakko Valtanen<\/em><\/strong><br \/>\n<em>Veteraani, <\/em><em>Oltermanni<\/em><\/p>\n<\/div><\/section>\n<\/div><\/div><\/div><!-- close content main div --><\/div><\/div><div id='after_section_1'  class='main_color av_default_container_wrap container_wrap sidebar_right'  ><div class='container av-section-cont-open' ><div class='template-page content  av-content-small alpha units'><div class='post-entry post-entry-type-page post-entry-15'><div class='entry-content-wrapper clearfix'>\n\n<style type=\"text\/css\" data-created_by=\"avia_inline_auto\" id=\"style-css-av-13v73-7f7e420d8b64507947d98004ccee3406\">\n#top .av-special-heading.av-13v73-7f7e420d8b64507947d98004ccee3406{\npadding-bottom:10px;\n}\nbody .av-special-heading.av-13v73-7f7e420d8b64507947d98004ccee3406 .av-special-heading-tag .heading-char{\nfont-size:25px;\n}\n.av-special-heading.av-13v73-7f7e420d8b64507947d98004ccee3406 .av-subheading{\nfont-size:15px;\n}\n<\/style>\n<div  class='av-special-heading av-13v73-7f7e420d8b64507947d98004ccee3406 av-special-heading-h3  avia-builder-el-4  el_after_av_section  el_before_av_textblock  avia-builder-el-first '><h3 class='av-special-heading-tag'  itemprop=\"headline\"  >Veteraanien perinn\u00f6n merkitys<\/h3><div class=\"special-heading-border\"><div class=\"special-heading-inner-border\"><\/div><\/div><\/div>\n\n<style type=\"text\/css\" data-created_by=\"avia_inline_auto\" id=\"style-css-av-kfpflkug-5ca5083a7fa89f4c32e003fbd473a3bc\">\n#top .av_textblock_section.av-kfpflkug-5ca5083a7fa89f4c32e003fbd473a3bc .avia_textblock{\ncolor:#636363;\n}\n<\/style>\n<section  class='av_textblock_section av-kfpflkug-5ca5083a7fa89f4c32e003fbd473a3bc '   itemscope=\"itemscope\" itemtype=\"https:\/\/schema.org\/CreativeWork\" ><div class='avia_textblock av_inherit_color'  itemprop=\"text\" ><p>Veteraanisukupolvi turvasi viime sodissamme maamme itsen\u00e4isyyden ja kansamme olemassaolon sek\u00e4 vastasi sotien j\u00e4lkeen maamme j\u00e4lleenrakentamisesta.\u00a0Veteraanisukupolveen kuuluvat maatamme asein puolustaneiden lis\u00e4ksi my\u00f6s ne, jotka muuten palvelivat maatamme itsen\u00e4isyyden turvaamista ja j\u00e4lleenrakentamista.<\/p>\n<p>Veteraanisukupolvi on nykyisin jo hyvin i\u00e4k\u00e4st\u00e4 ja suuri osa on jo poistunut keskuudestamme. On syyt\u00e4 muistaa, ett\u00e4 merkitt\u00e4v\u00e4 osa veteraaneista oli sotiemme aikana nuoria hiukan yli kaksikymmenvuotiaita asevelvollisia tai vapaaehtoisia naisia, nuorimmat viel\u00e4 koululaisia.<\/p>\n<p>Sodan kokemukset ovat j\u00e4tt\u00e4neet l\u00e4htem\u00e4tt\u00f6m\u00e4n j\u00e4lkens\u00e4 heid\u00e4n el\u00e4m\u00e4\u00e4ns\u00e4. He jos ketk\u00e4\u00e4n ymm\u00e4rt\u00e4v\u00e4t miten t\u00e4rkeit\u00e4 ovat maan vapaus, itsen\u00e4isyys ja rauha.<\/p>\n<\/div><\/section>\n\n<style type=\"text\/css\" data-created_by=\"avia_inline_auto\" id=\"style-css-av-4y1t7-381dcfac50933456dd3d30e6dcdb1035\">\n.flex_column.av-4y1t7-381dcfac50933456dd3d30e6dcdb1035{\nborder-radius:0px 0px 0px 0px;\npadding:0px 0px 0px 0px;\n}\n<\/style>\n<div  class='flex_column av-4y1t7-381dcfac50933456dd3d30e6dcdb1035 av_one_fifth  avia-builder-el-6  el_after_av_textblock  el_before_av_one_fifth  first flex_column_div av-zero-column-padding  column-top-margin'     ><p>\n<style type=\"text\/css\" data-created_by=\"avia_inline_auto\" id=\"style-css-av-4esof-532a682a916ae45cf28ba08eef8591e2\">\n.avia-image-container.av-4esof-532a682a916ae45cf28ba08eef8591e2 img.avia_image{\nbox-shadow:none;\n}\n.avia-image-container.av-4esof-532a682a916ae45cf28ba08eef8591e2 .av-image-caption-overlay-center{\ncolor:#ffffff;\n}\n<\/style>\n<div  class='avia-image-container av-4esof-532a682a916ae45cf28ba08eef8591e2 av-styling- avia-align-center  avia-builder-el-7  el_before_av_textblock  avia-builder-el-first '   itemprop=\"image\" itemscope=\"itemscope\" itemtype=\"https:\/\/schema.org\/ImageObject\" ><div class=\"avia-image-container-inner\"><div class=\"avia-image-overlay-wrap\"><a href=\"https:\/\/veteraanienperinto.fi\/index.php\/tietopankit\/videoita\/veteraanien-perinnon-merkitys\/jalkavaenkenraali-adolf-ehrnroothin-viesti-jalkipolville\/\" class='avia_image'  aria-label='ehnrooth'><img decoding=\"async\" fetchpriority=\"high\" class='wp-image-4410 avia-img-lazy-loading-not-4410 avia_image ' src=\"https:\/\/veteraanienperinto.fi\/wp-content\/uploads\/2020\/10\/ehnrooth.png\" alt='' title='ehnrooth'  height=\"180\" width=\"180\"  itemprop=\"thumbnailUrl\" srcset=\"https:\/\/veteraanienperinto.fi\/wp-content\/uploads\/2020\/10\/ehnrooth.png 180w, https:\/\/veteraanienperinto.fi\/wp-content\/uploads\/2020\/10\/ehnrooth-80x80.png 80w, https:\/\/veteraanienperinto.fi\/wp-content\/uploads\/2020\/10\/ehnrooth-36x36.png 36w\" sizes=\"(max-width: 180px) 100vw, 180px\" \/><\/a><\/div><\/div><\/div><br \/>\n\n<style type=\"text\/css\" data-created_by=\"avia_inline_auto\" id=\"style-css-av-5fyy7-13-51f7a91c606c343bd43a65b20c80cbe4\">\n#top .av_textblock_section.av-5fyy7-13-51f7a91c606c343bd43a65b20c80cbe4 .avia_textblock{\ncolor:#636363;\n}\n<\/style>\n<section  class='av_textblock_section av-5fyy7-13-51f7a91c606c343bd43a65b20c80cbe4 '   itemscope=\"itemscope\" itemtype=\"https:\/\/schema.org\/CreativeWork\" ><div class='avia_textblock av_inherit_color'  itemprop=\"text\" ><p style=\"text-align: center;\">Jalkav\u00e4enkenraali Adolf Ehrnroothin viesti j\u00e4lkipolville kuunneltavissa kuvaa klikkaamalla.<\/p>\n<\/div><\/section><\/p><\/div>\n<style type=\"text\/css\" data-created_by=\"avia_inline_auto\" id=\"style-css-av-4y1t7-12-ef944175984cf6f87f99a09ca1054278\">\n.flex_column.av-4y1t7-12-ef944175984cf6f87f99a09ca1054278{\nborder-radius:0px 0px 0px 0px;\npadding:0px 0px 0px 0px;\n}\n<\/style>\n<div  class='flex_column av-4y1t7-12-ef944175984cf6f87f99a09ca1054278 av_one_fifth  avia-builder-el-9  el_after_av_one_fifth  el_before_av_one_fifth  flex_column_div av-zero-column-padding  column-top-margin'     ><p>\n<style type=\"text\/css\" data-created_by=\"avia_inline_auto\" id=\"style-css-av-4esof-11-4346bfe909dce61957a765c1936a2daf\">\n.avia-image-container.av-4esof-11-4346bfe909dce61957a765c1936a2daf img.avia_image{\nbox-shadow:none;\n}\n.avia-image-container.av-4esof-11-4346bfe909dce61957a765c1936a2daf .av-image-caption-overlay-center{\ncolor:#ffffff;\n}\n<\/style>\n<div  class='avia-image-container av-4esof-11-4346bfe909dce61957a765c1936a2daf av-styling- avia-align-center  avia-builder-el-10  el_before_av_textblock  avia-builder-el-first '   itemprop=\"image\" itemscope=\"itemscope\" itemtype=\"https:\/\/schema.org\/ImageObject\" ><div class=\"avia-image-container-inner\"><div class=\"avia-image-overlay-wrap\"><a href=\"https:\/\/veteraanienperinto.fi\/index.php\/tietopankit\/videoita\/veteraanien-perinnon-merkitys\/presidentti-mauno-koiviston-haastattelu\/\" class='avia_image'  aria-label='m_koivisto'><img decoding=\"async\" fetchpriority=\"high\" class='wp-image-4411 avia-img-lazy-loading-not-4411 avia_image ' src=\"https:\/\/veteraanienperinto.fi\/wp-content\/uploads\/2020\/10\/m_koivisto.png\" alt='' title='m_koivisto'  height=\"180\" width=\"180\"  itemprop=\"thumbnailUrl\" srcset=\"https:\/\/veteraanienperinto.fi\/wp-content\/uploads\/2020\/10\/m_koivisto.png 180w, https:\/\/veteraanienperinto.fi\/wp-content\/uploads\/2020\/10\/m_koivisto-80x80.png 80w, https:\/\/veteraanienperinto.fi\/wp-content\/uploads\/2020\/10\/m_koivisto-36x36.png 36w\" sizes=\"(max-width: 180px) 100vw, 180px\" \/><\/a><\/div><\/div><\/div><br \/>\n\n<style type=\"text\/css\" data-created_by=\"avia_inline_auto\" id=\"style-css-av-5fyy7-10-3a0b7a4102e8ebd6761d792cecfee06a\">\n#top .av_textblock_section.av-5fyy7-10-3a0b7a4102e8ebd6761d792cecfee06a .avia_textblock{\ncolor:#636363;\n}\n<\/style>\n<section  class='av_textblock_section av-5fyy7-10-3a0b7a4102e8ebd6761d792cecfee06a '   itemscope=\"itemscope\" itemtype=\"https:\/\/schema.org\/CreativeWork\" ><div class='avia_textblock av_inherit_color'  itemprop=\"text\" ><p style=\"text-align: center;\">Presidentti Mauno Koiviston haastattelu kuunneltavissa kuvaa klikkaamalla.<\/p>\n<\/div><\/section><\/p><\/div><\/p>\n\n<style type=\"text\/css\" data-created_by=\"avia_inline_auto\" id=\"style-css-av-4y1t7-9-59f05e6354fb0d9bd02af1216f2344d0\">\n.flex_column.av-4y1t7-9-59f05e6354fb0d9bd02af1216f2344d0{\nborder-radius:0px 0px 0px 0px;\npadding:0px 0px 0px 0px;\n}\n<\/style>\n<div  class='flex_column av-4y1t7-9-59f05e6354fb0d9bd02af1216f2344d0 av_one_fifth  avia-builder-el-12  el_after_av_one_fifth  el_before_av_one_fifth  flex_column_div av-zero-column-padding  column-top-margin'     ><p>\n<style type=\"text\/css\" data-created_by=\"avia_inline_auto\" id=\"style-css-av-4esof-8-57af560a957b25c2aab0be3b0b761167\">\n.avia-image-container.av-4esof-8-57af560a957b25c2aab0be3b0b761167 img.avia_image{\nbox-shadow:none;\n}\n.avia-image-container.av-4esof-8-57af560a957b25c2aab0be3b0b761167 .av-image-caption-overlay-center{\ncolor:#ffffff;\n}\n<\/style>\n<div  class='avia-image-container av-4esof-8-57af560a957b25c2aab0be3b0b761167 av-styling- avia-align-center  avia-builder-el-13  el_before_av_textblock  avia-builder-el-first '   itemprop=\"image\" itemscope=\"itemscope\" itemtype=\"https:\/\/schema.org\/ImageObject\" ><div class=\"avia-image-container-inner\"><div class=\"avia-image-overlay-wrap\"><a href=\"https:\/\/veteraanienperinto.fi\/index.php\/tietopankit\/videoita\/veteraanien-perinnon-merkitys\/kenraali-jaakko-valtasen-haastattelu\/\" class='avia_image'  aria-label='j_valtanen'><img decoding=\"async\" fetchpriority=\"high\" class='wp-image-4412 avia-img-lazy-loading-not-4412 avia_image ' src=\"https:\/\/veteraanienperinto.fi\/wp-content\/uploads\/2020\/10\/j_valtanen.png\" alt='' title='j_valtanen'  height=\"180\" width=\"180\"  itemprop=\"thumbnailUrl\" srcset=\"https:\/\/veteraanienperinto.fi\/wp-content\/uploads\/2020\/10\/j_valtanen.png 180w, https:\/\/veteraanienperinto.fi\/wp-content\/uploads\/2020\/10\/j_valtanen-80x80.png 80w, https:\/\/veteraanienperinto.fi\/wp-content\/uploads\/2020\/10\/j_valtanen-36x36.png 36w\" sizes=\"(max-width: 180px) 100vw, 180px\" \/><\/a><\/div><\/div><\/div><br \/>\n\n<style type=\"text\/css\" data-created_by=\"avia_inline_auto\" id=\"style-css-av-5fyy7-7-1bc6973598ce30d5215880aa437a2479\">\n#top .av_textblock_section.av-5fyy7-7-1bc6973598ce30d5215880aa437a2479 .avia_textblock{\ncolor:#636363;\n}\n<\/style>\n<section  class='av_textblock_section av-5fyy7-7-1bc6973598ce30d5215880aa437a2479 '   itemscope=\"itemscope\" itemtype=\"https:\/\/schema.org\/CreativeWork\" ><div class='avia_textblock av_inherit_color'  itemprop=\"text\" ><p style=\"text-align: center;\">Kenraali Jaakko Valtasen haastattelu kuunneltavissa kuvaa klikkaamalla.<\/p>\n<\/div><\/section><\/p><\/div>\n\n<style type=\"text\/css\" data-created_by=\"avia_inline_auto\" id=\"style-css-av-4y1t7-6-3eabd6bc7967876e9ae05115675d82b3\">\n.flex_column.av-4y1t7-6-3eabd6bc7967876e9ae05115675d82b3{\nborder-radius:0px 0px 0px 0px;\npadding:0px 0px 0px 0px;\n}\n<\/style>\n<div  class='flex_column av-4y1t7-6-3eabd6bc7967876e9ae05115675d82b3 av_one_fifth  avia-builder-el-15  el_after_av_one_fifth  el_before_av_one_fifth  flex_column_div av-zero-column-padding  column-top-margin'     ><p>\n<style type=\"text\/css\" data-created_by=\"avia_inline_auto\" id=\"style-css-av-4esof-5-ce7e75138e22b81d67770c52e6fe8be9\">\n.avia-image-container.av-4esof-5-ce7e75138e22b81d67770c52e6fe8be9 img.avia_image{\nbox-shadow:none;\n}\n.avia-image-container.av-4esof-5-ce7e75138e22b81d67770c52e6fe8be9 .av-image-caption-overlay-center{\ncolor:#ffffff;\n}\n<\/style>\n<div  class='avia-image-container av-4esof-5-ce7e75138e22b81d67770c52e6fe8be9 av-styling- avia-align-center  avia-builder-el-16  el_before_av_textblock  avia-builder-el-first '   itemprop=\"image\" itemscope=\"itemscope\" itemtype=\"https:\/\/schema.org\/ImageObject\" ><div class=\"avia-image-container-inner\"><div class=\"avia-image-overlay-wrap\"><img decoding=\"async\" fetchpriority=\"high\" class='wp-image-632 avia-img-lazy-loading-not-632 avia_image ' src=\"https:\/\/veteraanienperinto.fi\/wp-content\/uploads\/2020\/08\/Presidentti-veteraanipaiva-1-180x180.jpg\" alt='' title='Presidentti veteraanip\u00e4iv\u00e4'  height=\"180\" width=\"180\"  itemprop=\"thumbnailUrl\" srcset=\"https:\/\/veteraanienperinto.fi\/wp-content\/uploads\/2020\/08\/Presidentti-veteraanipaiva-1-180x180.jpg 180w, https:\/\/veteraanienperinto.fi\/wp-content\/uploads\/2020\/08\/Presidentti-veteraanipaiva-1-80x80.jpg 80w, https:\/\/veteraanienperinto.fi\/wp-content\/uploads\/2020\/08\/Presidentti-veteraanipaiva-1-36x36.jpg 36w\" sizes=\"(max-width: 180px) 100vw, 180px\" \/><\/div><\/div><\/div><br \/>\n\n<style type=\"text\/css\" data-created_by=\"avia_inline_auto\" id=\"style-css-av-5fyy7-4-893f7fd9d158d44745ad79b21b290739\">\n#top .av_textblock_section.av-5fyy7-4-893f7fd9d158d44745ad79b21b290739 .avia_textblock{\ncolor:#636363;\n}\n<\/style>\n<section  class='av_textblock_section av-5fyy7-4-893f7fd9d158d44745ad79b21b290739 '   itemscope=\"itemscope\" itemtype=\"https:\/\/schema.org\/CreativeWork\" ><div class='avia_textblock av_inherit_color'  itemprop=\"text\" ><p style=\"text-align: center;\">Tasavallan presidentti Sauli Niinist\u00f6n tervehdys kansallisena veteraanip\u00e4iv\u00e4n\u00e4 27.4.2020 luettavissa <strong><a href=\"https:\/\/www.presidentti.fi\/uutinen\/tasavallan-presidentin-tervehdys-kansallisena-veteraanipaivana-27-4-2020\/\" target=\"_blank\" rel=\"noopener\">t\u00e4st\u00e4 linkist\u00e4<\/a>.<\/strong><\/p>\n<\/div><\/section><\/p><\/div>\n\n<style type=\"text\/css\" data-created_by=\"avia_inline_auto\" id=\"style-css-av-4y1t7-3-e776d87022fc990828f7d56ad7c4ecc1\">\n.flex_column.av-4y1t7-3-e776d87022fc990828f7d56ad7c4ecc1{\nborder-radius:0px 0px 0px 0px;\npadding:0px 0px 0px 0px;\n}\n<\/style>\n<div  class='flex_column av-4y1t7-3-e776d87022fc990828f7d56ad7c4ecc1 av_one_fifth  avia-builder-el-18  el_after_av_one_fifth  avia-builder-el-last  flex_column_div av-zero-column-padding  column-top-margin'     ><p>\n<style type=\"text\/css\" data-created_by=\"avia_inline_auto\" id=\"style-css-av-4esof-2-f571a19d872c3b432bb2ae487f65c628\">\n.avia-image-container.av-4esof-2-f571a19d872c3b432bb2ae487f65c628 img.avia_image{\nbox-shadow:none;\n}\n.avia-image-container.av-4esof-2-f571a19d872c3b432bb2ae487f65c628 .av-image-caption-overlay-center{\ncolor:#ffffff;\n}\n<\/style>\n<div  class='avia-image-container av-4esof-2-f571a19d872c3b432bb2ae487f65c628 av-styling- avia-align-center  avia-builder-el-19  el_before_av_textblock  avia-builder-el-first '   itemprop=\"image\" itemscope=\"itemscope\" itemtype=\"https:\/\/schema.org\/ImageObject\" ><div class=\"avia-image-container-inner\"><div class=\"avia-image-overlay-wrap\"><a href=\"https:\/\/veteraanienperinto.fi\/index.php\/tietopankit\/videoita\/veteraanien-perinnon-merkitys\/kaartjrn-mietteita-kansallisena-veteraanipaivana-21-9-2020\/\" class='avia_image'  aria-label='KAARTJR video'><img decoding=\"async\" fetchpriority=\"high\" class='wp-image-4289 avia-img-lazy-loading-not-4289 avia_image ' src=\"https:\/\/veteraanienperinto.fi\/wp-content\/uploads\/2020\/09\/KAARTJR-video-180x180.jpg\" alt='' title='KAARTJR video'  height=\"180\" width=\"180\"  itemprop=\"thumbnailUrl\" srcset=\"https:\/\/veteraanienperinto.fi\/wp-content\/uploads\/2020\/09\/KAARTJR-video-180x180.jpg 180w, https:\/\/veteraanienperinto.fi\/wp-content\/uploads\/2020\/09\/KAARTJR-video-80x80.jpg 80w, https:\/\/veteraanienperinto.fi\/wp-content\/uploads\/2020\/09\/KAARTJR-video-36x36.jpg 36w\" sizes=\"(max-width: 180px) 100vw, 180px\" \/><\/a><\/div><\/div><\/div><br \/>\n\n<style type=\"text\/css\" data-created_by=\"avia_inline_auto\" id=\"style-css-av-5fyy7-1-f0d91a2e60ae9dd0a7f41aaea3fe8453\">\n#top .av_textblock_section.av-5fyy7-1-f0d91a2e60ae9dd0a7f41aaea3fe8453 .avia_textblock{\ncolor:#636363;\n}\n<\/style>\n<section  class='av_textblock_section av-5fyy7-1-f0d91a2e60ae9dd0a7f41aaea3fe8453 '   itemscope=\"itemscope\" itemtype=\"https:\/\/schema.org\/CreativeWork\" ><div class='avia_textblock av_inherit_color'  itemprop=\"text\" ><p style=\"text-align: center;\">Kaartin J\u00e4\u00e4k\u00e4rirykmentin varusmiesten mietteit\u00e4 veteraanien perinn\u00f6st\u00e4 kuunneltavissa kuvaa klikkaamalla.<\/p>\n<\/div><\/section><\/p><\/div>\n","protected":false},"excerpt":{"rendered":"","protected":false},"author":1,"featured_media":0,"parent":0,"menu_order":1,"comment_status":"closed","ping_status":"closed","template":"","meta":{"footnotes":""},"class_list":["post-15","page","type-page","status-publish","hentry"],"yoast_head":"<!-- This site is optimized with the Yoast SEO plugin v27.5 - https:\/\/yoast.com\/product\/yoast-seo-wordpress\/ -->\n<title>Etusivu - Veteraanien Perint\u00f6<\/title>\n<meta name=\"robots\" content=\"index, follow, max-snippet:-1, max-image-preview:large, max-video-preview:-1\" \/>\n<link rel=\"canonical\" href=\"https:\/\/veteraanienperinto.fi\/\" \/>\n<meta property=\"og:locale\" content=\"fi_FI\" \/>\n<meta property=\"og:type\" content=\"article\" \/>\n<meta property=\"og:title\" content=\"Etusivu - Veteraanien Perint\u00f6\" \/>\n<meta property=\"og:url\" content=\"https:\/\/veteraanienperinto.fi\/\" \/>\n<meta property=\"og:site_name\" content=\"Veteraanien Perint\u00f6\" \/>\n<meta property=\"article:modified_time\" content=\"2025-09-01T10:28:43+00:00\" \/>\n<meta property=\"og:image\" content=\"https:\/\/veteraanienperinto.fi\/wp-content\/uploads\/2020\/08\/Valtanen-1-197x300.jpg\" \/>\n<meta name=\"twitter:card\" content=\"summary_large_image\" \/>\n<meta name=\"twitter:label1\" content=\"Arvioitu lukuaika\" \/>\n\t<meta name=\"twitter:data1\" content=\"4 minuuttia\" \/>\n<script type=\"application\/ld+json\" class=\"yoast-schema-graph\">{\"@context\":\"https:\\\/\\\/schema.org\",\"@graph\":[{\"@type\":\"WebPage\",\"@id\":\"https:\\\/\\\/veteraanienperinto.fi\\\/\",\"url\":\"https:\\\/\\\/veteraanienperinto.fi\\\/\",\"name\":\"Etusivu - Veteraanien Perint\u00f6\",\"isPartOf\":{\"@id\":\"https:\\\/\\\/veteraanienperinto.fi\\\/#website\"},\"primaryImageOfPage\":{\"@id\":\"https:\\\/\\\/veteraanienperinto.fi\\\/#primaryimage\"},\"image\":{\"@id\":\"https:\\\/\\\/veteraanienperinto.fi\\\/#primaryimage\"},\"thumbnailUrl\":\"https:\\\/\\\/veteraanienperinto.fi\\\/wp-content\\\/uploads\\\/2020\\\/08\\\/Valtanen-1-197x300.jpg\",\"datePublished\":\"2020-08-13T04:39:11+00:00\",\"dateModified\":\"2025-09-01T10:28:43+00:00\",\"breadcrumb\":{\"@id\":\"https:\\\/\\\/veteraanienperinto.fi\\\/#breadcrumb\"},\"inLanguage\":\"fi\",\"potentialAction\":[{\"@type\":\"ReadAction\",\"target\":[\"https:\\\/\\\/veteraanienperinto.fi\\\/\"]}]},{\"@type\":\"ImageObject\",\"inLanguage\":\"fi\",\"@id\":\"https:\\\/\\\/veteraanienperinto.fi\\\/#primaryimage\",\"url\":\"https:\\\/\\\/veteraanienperinto.fi\\\/wp-content\\\/uploads\\\/2020\\\/08\\\/Valtanen-1.jpg\",\"contentUrl\":\"https:\\\/\\\/veteraanienperinto.fi\\\/wp-content\\\/uploads\\\/2020\\\/08\\\/Valtanen-1.jpg\",\"width\":337,\"height\":512},{\"@type\":\"BreadcrumbList\",\"@id\":\"https:\\\/\\\/veteraanienperinto.fi\\\/#breadcrumb\",\"itemListElement\":[{\"@type\":\"ListItem\",\"position\":1,\"name\":\"Etusivu\",\"item\":\"https:\\\/\\\/veteraanienperinto.fi\\\/index.php\\\/etusivu-2\\\/\"},{\"@type\":\"ListItem\",\"position\":2,\"name\":\"Etusivu\"}]},{\"@type\":\"WebSite\",\"@id\":\"https:\\\/\\\/veteraanienperinto.fi\\\/#website\",\"url\":\"https:\\\/\\\/veteraanienperinto.fi\\\/\",\"name\":\"Veteraanien Perint\u00f6\",\"description\":\"Kadettikunta\",\"potentialAction\":[{\"@type\":\"SearchAction\",\"target\":{\"@type\":\"EntryPoint\",\"urlTemplate\":\"https:\\\/\\\/veteraanienperinto.fi\\\/?s={search_term_string}\"},\"query-input\":{\"@type\":\"PropertyValueSpecification\",\"valueRequired\":true,\"valueName\":\"search_term_string\"}}],\"inLanguage\":\"fi\"}]}<\/script>\n<!-- \/ Yoast SEO plugin. -->","yoast_head_json":{"title":"Etusivu - Veteraanien Perint\u00f6","robots":{"index":"index","follow":"follow","max-snippet":"max-snippet:-1","max-image-preview":"max-image-preview:large","max-video-preview":"max-video-preview:-1"},"canonical":"https:\/\/veteraanienperinto.fi\/","og_locale":"fi_FI","og_type":"article","og_title":"Etusivu - Veteraanien Perint\u00f6","og_url":"https:\/\/veteraanienperinto.fi\/","og_site_name":"Veteraanien Perint\u00f6","article_modified_time":"2025-09-01T10:28:43+00:00","og_image":[{"url":"https:\/\/veteraanienperinto.fi\/wp-content\/uploads\/2020\/08\/Valtanen-1-197x300.jpg","type":"","width":"","height":""}],"twitter_card":"summary_large_image","twitter_misc":{"Arvioitu lukuaika":"4 minuuttia"},"schema":{"@context":"https:\/\/schema.org","@graph":[{"@type":"WebPage","@id":"https:\/\/veteraanienperinto.fi\/","url":"https:\/\/veteraanienperinto.fi\/","name":"Etusivu - Veteraanien Perint\u00f6","isPartOf":{"@id":"https:\/\/veteraanienperinto.fi\/#website"},"primaryImageOfPage":{"@id":"https:\/\/veteraanienperinto.fi\/#primaryimage"},"image":{"@id":"https:\/\/veteraanienperinto.fi\/#primaryimage"},"thumbnailUrl":"https:\/\/veteraanienperinto.fi\/wp-content\/uploads\/2020\/08\/Valtanen-1-197x300.jpg","datePublished":"2020-08-13T04:39:11+00:00","dateModified":"2025-09-01T10:28:43+00:00","breadcrumb":{"@id":"https:\/\/veteraanienperinto.fi\/#breadcrumb"},"inLanguage":"fi","potentialAction":[{"@type":"ReadAction","target":["https:\/\/veteraanienperinto.fi\/"]}]},{"@type":"ImageObject","inLanguage":"fi","@id":"https:\/\/veteraanienperinto.fi\/#primaryimage","url":"https:\/\/veteraanienperinto.fi\/wp-content\/uploads\/2020\/08\/Valtanen-1.jpg","contentUrl":"https:\/\/veteraanienperinto.fi\/wp-content\/uploads\/2020\/08\/Valtanen-1.jpg","width":337,"height":512},{"@type":"BreadcrumbList","@id":"https:\/\/veteraanienperinto.fi\/#breadcrumb","itemListElement":[{"@type":"ListItem","position":1,"name":"Etusivu","item":"https:\/\/veteraanienperinto.fi\/index.php\/etusivu-2\/"},{"@type":"ListItem","position":2,"name":"Etusivu"}]},{"@type":"WebSite","@id":"https:\/\/veteraanienperinto.fi\/#website","url":"https:\/\/veteraanienperinto.fi\/","name":"Veteraanien Perint\u00f6","description":"Kadettikunta","potentialAction":[{"@type":"SearchAction","target":{"@type":"EntryPoint","urlTemplate":"https:\/\/veteraanienperinto.fi\/?s={search_term_string}"},"query-input":{"@type":"PropertyValueSpecification","valueRequired":true,"valueName":"search_term_string"}}],"inLanguage":"fi"}]}},"_links":{"self":[{"href":"https:\/\/veteraanienperinto.fi\/index.php\/wp-json\/wp\/v2\/pages\/15","targetHints":{"allow":["GET"]}}],"collection":[{"href":"https:\/\/veteraanienperinto.fi\/index.php\/wp-json\/wp\/v2\/pages"}],"about":[{"href":"https:\/\/veteraanienperinto.fi\/index.php\/wp-json\/wp\/v2\/types\/page"}],"author":[{"embeddable":true,"href":"https:\/\/veteraanienperinto.fi\/index.php\/wp-json\/wp\/v2\/users\/1"}],"replies":[{"embeddable":true,"href":"https:\/\/veteraanienperinto.fi\/index.php\/wp-json\/wp\/v2\/comments?post=15"}],"version-history":[{"count":81,"href":"https:\/\/veteraanienperinto.fi\/index.php\/wp-json\/wp\/v2\/pages\/15\/revisions"}],"predecessor-version":[{"id":11025,"href":"https:\/\/veteraanienperinto.fi\/index.php\/wp-json\/wp\/v2\/pages\/15\/revisions\/11025"}],"wp:attachment":[{"href":"https:\/\/veteraanienperinto.fi\/index.php\/wp-json\/wp\/v2\/media?parent=15"}],"curies":[{"name":"wp","href":"https:\/\/api.w.org\/{rel}","templated":true}]}}