{"id":1729,"date":"2020-08-31T09:16:59","date_gmt":"2020-08-31T09:16:59","guid":{"rendered":"https:\/\/veteraani.ylirotu.fi\/?page_id=1729"},"modified":"2020-12-13T16:32:01","modified_gmt":"2020-12-13T16:32:01","slug":"assa-rykmentin-henki","status":"publish","type":"page","link":"https:\/\/veteraanienperinto.fi\/index.php\/talvisota-etusivu\/talvisodan-kertomukset\/sotatoimet\/sodan-alku\/assa-rykmentin-henki\/","title":{"rendered":"\u00c4ss\u00e4-rykmentin henki"},"content":{"rendered":"\n<style type=\"text\/css\" data-created_by=\"avia_inline_auto\" id=\"style-css-av-kincigb6-f58e5ff1d70088510cba6f58162d863b\">\n#top .av-special-heading.av-kincigb6-f58e5ff1d70088510cba6f58162d863b{\npadding-bottom:10px;\n}\nbody .av-special-heading.av-kincigb6-f58e5ff1d70088510cba6f58162d863b .av-special-heading-tag .heading-char{\nfont-size:25px;\n}\n.av-special-heading.av-kincigb6-f58e5ff1d70088510cba6f58162d863b .av-subheading{\nfont-size:15px;\n}\n<\/style>\n<div  class='av-special-heading av-kincigb6-f58e5ff1d70088510cba6f58162d863b av-special-heading-h3  avia-builder-el-0  el_before_av_textblock  avia-builder-el-first '><h3 class='av-special-heading-tag'  itemprop=\"headline\"  >\u00c4ss\u00e4-rykmentin henki<\/h3><div class=\"special-heading-border\"><div class=\"special-heading-inner-border\"><\/div><\/div><\/div>\n<section  class='av_textblock_section av-kei9w74n-7b0f008125a778f48432b9a614d90d0f '   itemscope=\"itemscope\" itemtype=\"https:\/\/schema.org\/CreativeWork\" ><div class='avia_textblock'  itemprop=\"text\" ><p><strong>L. Arvi P. Poij\u00e4rvi:<\/strong><\/p>\n<p><strong>Asevelihengen muodostuminen helsinkil\u00e4isess\u00e4 joukossa<\/strong><\/p>\n<p>Kun Kallion kansakoulu, Nilsi\u00e4nkadun uusi ruotsalainen kansakoulu, Ty\u00f6v\u00e4enopisto Helsinginkadulla ja muut Pitk\u00e4nsillan pohjoispuolen koulut ja laitokset syksyll\u00e4 1939. t\u00e4yttyiv\u00e4t helsinkil\u00e4isist\u00e4 reservil\u00e4isist\u00e4, jotka muutamassa p\u00e4iv\u00e4ss\u00e4 organisoitiin jalkav\u00e4kirykmentiksi n:o 11, peitenimen\u00e4 S-rykmentti, siis \u00c4ss\u00e4-rykmentti, ei kukaan saattanut aavistaa, ett\u00e4 t\u00e4st\u00e4 joukko-osastosta saattaisi tulla niin kiinte\u00e4 ja tietynlaisen &#8221;hengen&#8221; s\u00e4vytt\u00e4m\u00e4 veljeskunta, ett\u00e4 ennen pitk\u00e4\u00e4 alettiin puhua &#8221;\u00c4ss\u00e4-rykmentin&#8221; hengest\u00e4.<\/p>\n<p>Milloin ja miten t\u00e4m\u00e4 henki oikein alkoi synty\u00e4? Ei toki viel\u00e4 kokoontumisvaiheessa, ei my\u00f6sk\u00e4\u00e4n talvisotaa edelt\u00e4neen odotuskauden, YH:n aikana, jolloin rykmentti oli sijoitettu p\u00e4\u00e4puolustuslinjalle Kuolemanj\u00e4rven Hatjalahden kyl\u00e4\u00e4n ja siit\u00e4 oikealle ja vasemmalle. Se syntyi vasta kun tykit alkoivat jysky\u00e4, konekiv\u00e4\u00e4rit r\u00e4tist\u00e4 ja ilmapommien kumeat jys\u00e4hdykset t\u00e4risyttiv\u00e4t maata; kun kotirintamalta kantautui viestej\u00e4 soral\u00e4jiksi sortuneista kodeista, vaimojen ja lasten h\u00e4d\u00e4st\u00e4; kun rintamalla asetoveri, &#8221;oma mies&#8221;, rinnalta kaatui tai haavoittui, oli j\u00e4\u00e4m\u00e4isill\u00e4\u00e4n vihollisen puolelle, pahimmassa tapauksessa auttamattomasti j\u00e4ikin. Silloin syntyi henki, joka ei suinkaan ollut &#8221;\u00e4ss\u00e4l\u00e4isten&#8221; yksinomaisuutta, vaan luonnehti koko Suomen kansanarmeijaa, korkeimmasta upseerista tavalliseen rivimieheen. Se saikin pian uuden, yleisp\u00e4tev\u00e4mm\u00e4n nimityksen. Alettiin puhua asevelihengest\u00e4.<\/p>\n<p>&#8221;Kaveria ei saa j\u00e4tt\u00e4\u00e4 pulaan&#8221;. Jos jonkun perhe on h\u00e4d\u00e4ss\u00e4, ker\u00e4t\u00e4\u00e4n sille varoja. Lomalla autetaan talkoot\u00f6ill\u00e4. Rintamalla \u00e4l\u00e4 pet\u00e4 toveriasi viivyttelyll\u00e4 tai pinnauksella. Linjojen eteen j\u00e4\u00e4nyt haavoittunut on korjattava omalle puolelle, vaikka hengen uhalla. Kaatuneet on otettava talteen ja l\u00e4hetett\u00e4v\u00e4 kotiin, pahimmatkin vaikeudet voittaen.<\/p>\n<p>Ei ole v\u00e4li\u00e4 sill\u00e4, mik\u00e4 h\u00e4n on siviiliss\u00e4, k\u00f6yh\u00e4 tai rikas, oppinut tai oppimaton, suomenkielinen tai ruotsinkielinen. Kaikkiin suhtaudutaan samalla tavoin.<\/p>\n<p>&#8221;Liioittelua, lapsellisia aatteellisuutta, sinisilm\u00e4ist\u00e4 hyv\u00e4uskoisuutta&#8221; voi joku, ehk\u00e4 monikin, sanoa.<\/p>\n<p>En kiell\u00e4, etteik\u00f6 joukossamme olisi ollut toistakin henke\u00e4, arkuutta, itsekkyytt\u00e4, tyhj\u00e4n purnausta. Mutta se ei ollut leimaa-antavaa, se ei merkinnyt mit\u00e4\u00e4n todellisen &#8221;\u00c4ss\u00e4-rykmentin&#8221; hengen, asevelihengen rinnalla.<\/p>\n<p>Uskon, ett\u00e4 talvi- ja jatkosodan vaikeassa puristuksessa syntyi t\u00e4m\u00e4n hengen vaikutuksesta jotain hyvin vaikuttavaa ja hyvin pysyv\u00e4\u00e4. Opittiin kunnioittamaan suomalaista miest\u00e4 ja naista yli s\u00e4\u00e4ty- ja kielirajojen. Opimme n\u00e4kem\u00e4\u00e4n, ett\u00e4 ulkonainen koreus ja suuret sanat eiv\u00e4t takaa luonteenlujuutta ja luotettavuutta, jota l\u00f6ytyi uskomattoman paljon juuri maan hiljaisten ja vaatimattomien joukosta. Me koimme jonkinlaisen her\u00e4tyksen, yhteiskunnallisen, sosiaalisen her\u00e4tyksen ja meist\u00e4 tuli vihdoin yhten\u00e4inen Suomen kansa, joka p\u00e4\u00e4si irti vuoden 1918 kaameasta muistosta.<\/p>\n<p>Kukaan ei osaa t\u00e4sm\u00e4llisesti kuvata tuon her\u00e4tyksen laatua eik\u00e4 m\u00e4\u00e4ritell\u00e4 sen voimakkuutta tai pysyvyytt\u00e4.<\/p>\n<p>Minun vakaumukseni mukaan se s\u00e4ilyy &#8211; kaikista n\u00e4enn\u00e4isist\u00e4 ristiriidoista huolimatta &#8211; vaikuttavana tosiasiana meid\u00e4n lapsissamme ja heid\u00e4n j\u00e4lkel\u00e4isiss\u00e4\u00e4n, polvesta polveen, ja on Suomen kansan vapaan, riippumattoman tulevaisuuden t\u00e4rkeimpi\u00e4 kulmakivi\u00e4.<\/p>\n<p><strong><em>\u00c4ss\u00e4n tie<\/em><\/strong><\/p>\n<\/div><\/section>\n","protected":false},"excerpt":{"rendered":"","protected":false},"author":2,"featured_media":0,"parent":1630,"menu_order":7,"comment_status":"closed","ping_status":"closed","template":"","meta":{"footnotes":""},"class_list":["post-1729","page","type-page","status-publish","hentry"],"yoast_head":"<!-- This site is optimized with the Yoast SEO plugin v27.5 - https:\/\/yoast.com\/product\/yoast-seo-wordpress\/ -->\n<title>\u00c4ss\u00e4-rykmentin henki - Veteraanien Perint\u00f6<\/title>\n<meta name=\"robots\" content=\"index, follow, max-snippet:-1, max-image-preview:large, max-video-preview:-1\" \/>\n<link rel=\"canonical\" href=\"https:\/\/veteraanienperinto.fi\/index.php\/talvisota-etusivu\/talvisodan-kertomukset\/sotatoimet\/sodan-alku\/assa-rykmentin-henki\/\" \/>\n<meta property=\"og:locale\" content=\"fi_FI\" \/>\n<meta property=\"og:type\" content=\"article\" \/>\n<meta property=\"og:title\" content=\"\u00c4ss\u00e4-rykmentin henki - Veteraanien Perint\u00f6\" \/>\n<meta property=\"og:url\" content=\"https:\/\/veteraanienperinto.fi\/index.php\/talvisota-etusivu\/talvisodan-kertomukset\/sotatoimet\/sodan-alku\/assa-rykmentin-henki\/\" \/>\n<meta property=\"og:site_name\" content=\"Veteraanien Perint\u00f6\" \/>\n<meta property=\"article:modified_time\" content=\"2020-12-13T16:32:01+00:00\" \/>\n<meta name=\"twitter:card\" content=\"summary_large_image\" \/>\n<meta name=\"twitter:label1\" content=\"Arvioitu lukuaika\" \/>\n\t<meta name=\"twitter:data1\" content=\"3 minuuttia\" \/>\n<script type=\"application\/ld+json\" class=\"yoast-schema-graph\">{\"@context\":\"https:\\\/\\\/schema.org\",\"@graph\":[{\"@type\":\"WebPage\",\"@id\":\"https:\\\/\\\/veteraanienperinto.fi\\\/index.php\\\/talvisota-etusivu\\\/talvisodan-kertomukset\\\/sotatoimet\\\/sodan-alku\\\/assa-rykmentin-henki\\\/\",\"url\":\"https:\\\/\\\/veteraanienperinto.fi\\\/index.php\\\/talvisota-etusivu\\\/talvisodan-kertomukset\\\/sotatoimet\\\/sodan-alku\\\/assa-rykmentin-henki\\\/\",\"name\":\"\u00c4ss\u00e4-rykmentin henki - Veteraanien Perint\u00f6\",\"isPartOf\":{\"@id\":\"https:\\\/\\\/veteraanienperinto.fi\\\/#website\"},\"datePublished\":\"2020-08-31T09:16:59+00:00\",\"dateModified\":\"2020-12-13T16:32:01+00:00\",\"breadcrumb\":{\"@id\":\"https:\\\/\\\/veteraanienperinto.fi\\\/index.php\\\/talvisota-etusivu\\\/talvisodan-kertomukset\\\/sotatoimet\\\/sodan-alku\\\/assa-rykmentin-henki\\\/#breadcrumb\"},\"inLanguage\":\"fi\",\"potentialAction\":[{\"@type\":\"ReadAction\",\"target\":[\"https:\\\/\\\/veteraanienperinto.fi\\\/index.php\\\/talvisota-etusivu\\\/talvisodan-kertomukset\\\/sotatoimet\\\/sodan-alku\\\/assa-rykmentin-henki\\\/\"]}]},{\"@type\":\"BreadcrumbList\",\"@id\":\"https:\\\/\\\/veteraanienperinto.fi\\\/index.php\\\/talvisota-etusivu\\\/talvisodan-kertomukset\\\/sotatoimet\\\/sodan-alku\\\/assa-rykmentin-henki\\\/#breadcrumb\",\"itemListElement\":[{\"@type\":\"ListItem\",\"position\":1,\"name\":\"Etusivu\",\"item\":\"https:\\\/\\\/veteraanienperinto.fi\\\/index.php\\\/etusivu-2\\\/\"},{\"@type\":\"ListItem\",\"position\":2,\"name\":\"Talvisota\",\"item\":\"https:\\\/\\\/veteraanienperinto.fi\\\/index.php\\\/talvisota-etusivu\\\/\"},{\"@type\":\"ListItem\",\"position\":3,\"name\":\"Talvisodan kertomukset\",\"item\":\"https:\\\/\\\/veteraanienperinto.fi\\\/index.php\\\/talvisota-etusivu\\\/talvisodan-kertomukset\\\/\"},{\"@type\":\"ListItem\",\"position\":4,\"name\":\"Sotatoimet\",\"item\":\"https:\\\/\\\/veteraanienperinto.fi\\\/index.php\\\/talvisota-etusivu\\\/talvisodan-kertomukset\\\/sotatoimet\\\/\"},{\"@type\":\"ListItem\",\"position\":5,\"name\":\"Sodan alku\",\"item\":\"https:\\\/\\\/veteraanienperinto.fi\\\/index.php\\\/talvisota-etusivu\\\/talvisodan-kertomukset\\\/sotatoimet\\\/sodan-alku\\\/\"},{\"@type\":\"ListItem\",\"position\":6,\"name\":\"\u00c4ss\u00e4-rykmentin henki\"}]},{\"@type\":\"WebSite\",\"@id\":\"https:\\\/\\\/veteraanienperinto.fi\\\/#website\",\"url\":\"https:\\\/\\\/veteraanienperinto.fi\\\/\",\"name\":\"Veteraanien Perint\u00f6\",\"description\":\"Kadettikunta\",\"potentialAction\":[{\"@type\":\"SearchAction\",\"target\":{\"@type\":\"EntryPoint\",\"urlTemplate\":\"https:\\\/\\\/veteraanienperinto.fi\\\/?s={search_term_string}\"},\"query-input\":{\"@type\":\"PropertyValueSpecification\",\"valueRequired\":true,\"valueName\":\"search_term_string\"}}],\"inLanguage\":\"fi\"}]}<\/script>\n<!-- \/ Yoast SEO plugin. -->","yoast_head_json":{"title":"\u00c4ss\u00e4-rykmentin henki - Veteraanien Perint\u00f6","robots":{"index":"index","follow":"follow","max-snippet":"max-snippet:-1","max-image-preview":"max-image-preview:large","max-video-preview":"max-video-preview:-1"},"canonical":"https:\/\/veteraanienperinto.fi\/index.php\/talvisota-etusivu\/talvisodan-kertomukset\/sotatoimet\/sodan-alku\/assa-rykmentin-henki\/","og_locale":"fi_FI","og_type":"article","og_title":"\u00c4ss\u00e4-rykmentin henki - Veteraanien Perint\u00f6","og_url":"https:\/\/veteraanienperinto.fi\/index.php\/talvisota-etusivu\/talvisodan-kertomukset\/sotatoimet\/sodan-alku\/assa-rykmentin-henki\/","og_site_name":"Veteraanien Perint\u00f6","article_modified_time":"2020-12-13T16:32:01+00:00","twitter_card":"summary_large_image","twitter_misc":{"Arvioitu lukuaika":"3 minuuttia"},"schema":{"@context":"https:\/\/schema.org","@graph":[{"@type":"WebPage","@id":"https:\/\/veteraanienperinto.fi\/index.php\/talvisota-etusivu\/talvisodan-kertomukset\/sotatoimet\/sodan-alku\/assa-rykmentin-henki\/","url":"https:\/\/veteraanienperinto.fi\/index.php\/talvisota-etusivu\/talvisodan-kertomukset\/sotatoimet\/sodan-alku\/assa-rykmentin-henki\/","name":"\u00c4ss\u00e4-rykmentin henki - Veteraanien Perint\u00f6","isPartOf":{"@id":"https:\/\/veteraanienperinto.fi\/#website"},"datePublished":"2020-08-31T09:16:59+00:00","dateModified":"2020-12-13T16:32:01+00:00","breadcrumb":{"@id":"https:\/\/veteraanienperinto.fi\/index.php\/talvisota-etusivu\/talvisodan-kertomukset\/sotatoimet\/sodan-alku\/assa-rykmentin-henki\/#breadcrumb"},"inLanguage":"fi","potentialAction":[{"@type":"ReadAction","target":["https:\/\/veteraanienperinto.fi\/index.php\/talvisota-etusivu\/talvisodan-kertomukset\/sotatoimet\/sodan-alku\/assa-rykmentin-henki\/"]}]},{"@type":"BreadcrumbList","@id":"https:\/\/veteraanienperinto.fi\/index.php\/talvisota-etusivu\/talvisodan-kertomukset\/sotatoimet\/sodan-alku\/assa-rykmentin-henki\/#breadcrumb","itemListElement":[{"@type":"ListItem","position":1,"name":"Etusivu","item":"https:\/\/veteraanienperinto.fi\/index.php\/etusivu-2\/"},{"@type":"ListItem","position":2,"name":"Talvisota","item":"https:\/\/veteraanienperinto.fi\/index.php\/talvisota-etusivu\/"},{"@type":"ListItem","position":3,"name":"Talvisodan kertomukset","item":"https:\/\/veteraanienperinto.fi\/index.php\/talvisota-etusivu\/talvisodan-kertomukset\/"},{"@type":"ListItem","position":4,"name":"Sotatoimet","item":"https:\/\/veteraanienperinto.fi\/index.php\/talvisota-etusivu\/talvisodan-kertomukset\/sotatoimet\/"},{"@type":"ListItem","position":5,"name":"Sodan alku","item":"https:\/\/veteraanienperinto.fi\/index.php\/talvisota-etusivu\/talvisodan-kertomukset\/sotatoimet\/sodan-alku\/"},{"@type":"ListItem","position":6,"name":"\u00c4ss\u00e4-rykmentin henki"}]},{"@type":"WebSite","@id":"https:\/\/veteraanienperinto.fi\/#website","url":"https:\/\/veteraanienperinto.fi\/","name":"Veteraanien Perint\u00f6","description":"Kadettikunta","potentialAction":[{"@type":"SearchAction","target":{"@type":"EntryPoint","urlTemplate":"https:\/\/veteraanienperinto.fi\/?s={search_term_string}"},"query-input":{"@type":"PropertyValueSpecification","valueRequired":true,"valueName":"search_term_string"}}],"inLanguage":"fi"}]}},"_links":{"self":[{"href":"https:\/\/veteraanienperinto.fi\/index.php\/wp-json\/wp\/v2\/pages\/1729","targetHints":{"allow":["GET"]}}],"collection":[{"href":"https:\/\/veteraanienperinto.fi\/index.php\/wp-json\/wp\/v2\/pages"}],"about":[{"href":"https:\/\/veteraanienperinto.fi\/index.php\/wp-json\/wp\/v2\/types\/page"}],"author":[{"embeddable":true,"href":"https:\/\/veteraanienperinto.fi\/index.php\/wp-json\/wp\/v2\/users\/2"}],"replies":[{"embeddable":true,"href":"https:\/\/veteraanienperinto.fi\/index.php\/wp-json\/wp\/v2\/comments?post=1729"}],"version-history":[{"count":4,"href":"https:\/\/veteraanienperinto.fi\/index.php\/wp-json\/wp\/v2\/pages\/1729\/revisions"}],"predecessor-version":[{"id":7226,"href":"https:\/\/veteraanienperinto.fi\/index.php\/wp-json\/wp\/v2\/pages\/1729\/revisions\/7226"}],"up":[{"embeddable":true,"href":"https:\/\/veteraanienperinto.fi\/index.php\/wp-json\/wp\/v2\/pages\/1630"}],"wp:attachment":[{"href":"https:\/\/veteraanienperinto.fi\/index.php\/wp-json\/wp\/v2\/media?parent=1729"}],"curies":[{"name":"wp","href":"https:\/\/api.w.org\/{rel}","templated":true}]}}