{"id":1738,"date":"2020-08-31T09:20:54","date_gmt":"2020-08-31T09:20:54","guid":{"rendered":"https:\/\/veteraani.ylirotu.fi\/?page_id=1738"},"modified":"2020-08-31T09:20:54","modified_gmt":"2020-08-31T09:20:54","slug":"ensimmainen-kaatunut-vihollinen","status":"publish","type":"page","link":"https:\/\/veteraanienperinto.fi\/index.php\/talvisota-etusivu\/talvisodan-kertomukset\/sotatoimet\/sodan-alku\/ensimmainen-kaatunut-vihollinen\/","title":{"rendered":"Ensimm\u00e4inen kaatunut vihollinen"},"content":{"rendered":"\n<style type=\"text\/css\" data-created_by=\"avia_inline_auto\" id=\"style-css-av-keibbb4o-ad64c5f46aaec142c5104da00f1a52f1\">\n#top .av-special-heading.av-keibbb4o-ad64c5f46aaec142c5104da00f1a52f1{\npadding-bottom:10px;\n}\nbody .av-special-heading.av-keibbb4o-ad64c5f46aaec142c5104da00f1a52f1 .av-special-heading-tag .heading-char{\nfont-size:25px;\n}\n.av-special-heading.av-keibbb4o-ad64c5f46aaec142c5104da00f1a52f1 .av-subheading{\nfont-size:15px;\n}\n<\/style>\n<div  class='av-special-heading av-keibbb4o-ad64c5f46aaec142c5104da00f1a52f1 av-special-heading-h3  avia-builder-el-0  el_before_av_textblock  avia-builder-el-first '><h3 class='av-special-heading-tag'  itemprop=\"headline\"  >Ensimm\u00e4inen kaatunut vihollinen<\/h3><div class=\"special-heading-border\"><div class=\"special-heading-inner-border\"><\/div><\/div><\/div>\n<section  class='av_textblock_section av-kei9w74n-7b0f008125a778f48432b9a614d90d0f '   itemscope=\"itemscope\" itemtype=\"https:\/\/schema.org\/CreativeWork\" ><div class='avia_textblock'  itemprop=\"text\" ><p><strong>Kertoja sotamies Leo Selin Orivedelt\u00e4:<\/strong><\/p>\n<p>Olin 5. K:n mukana puolustusasemissa Tolvaj\u00e4rven rannalla, kun pime\u00e4n\u00e4 y\u00f6n\u00e4 vartiossa ollut mies teki h\u00e4lytyksen sanoen suurehkon joukon tulevan suoraan j\u00e4rven yli.<\/p>\n<p>Siirryimme asemiin, ja kun rannan v\u00e4liss\u00e4 oli tihe\u00e4 metsikk\u00f6 eik\u00e4 pitk\u00e4\u00e4n aikaan ruvennut kuulumaan mit\u00e4\u00e4n, joukkueen johtaja ryhtyi k\u00e4ynnist\u00e4m\u00e4\u00e4n tiedustelua tilanteen selvitt\u00e4miseksi. Silloin r\u00e4v\u00e4hti yhteislaukaus aivan l\u00e4helt\u00e4, mutta onneksi kehenk\u00e4\u00e4n meist\u00e4 ei osunut. Avasimme tulen mets\u00e4\u00e4n koettaen ampua l\u00e4helle maata. Tulitukseemme ei en\u00e4\u00e4 vastattu.<\/p>\n<p>P\u00e4iv\u00e4n valjettua sivustoillamme k\u00e4ytiin taisteluita ja vihollinen karkotettiin. Se j\u00e4tti j\u00e4lkeens\u00e4 kolmetoista konekiv\u00e4\u00e4ri\u00e4 ja paljon muita aseita. Meid\u00e4n kohdallamme l\u00e4hin kaatunut vihollinen oli puna-armeijan luutnantti. Kun t\u00e4m\u00e4n paperit tutkittiin, k\u00e4vi ilmi, ett\u00e4 h\u00e4n oli syntynyt Orivedell\u00e4, paennut vuonna 1918 Ven\u00e4j\u00e4lle ja oli nyt tullut valloittamaan entist\u00e4 kotimaataan uudelle is\u00e4nmaalleen. Olin vasta kymmenvuotias h\u00e4nen l\u00e4htiess\u00e4\u00e4n Suomesta, mutta muistin h\u00e4net hyvin, kun h\u00e4n oli kotoisin samasta kyl\u00e4st\u00e4.<\/p>\n<p>Tolvaj\u00e4rvell\u00e4 11.12.1939<\/p>\n<\/div><\/section>\n","protected":false},"excerpt":{"rendered":"","protected":false},"author":2,"featured_media":0,"parent":1630,"menu_order":10,"comment_status":"closed","ping_status":"closed","template":"","meta":{"footnotes":""},"class_list":["post-1738","page","type-page","status-publish","hentry"],"yoast_head":"<!-- This site is optimized with the Yoast SEO plugin v27.5 - https:\/\/yoast.com\/product\/yoast-seo-wordpress\/ -->\n<title>Ensimm\u00e4inen kaatunut vihollinen - Veteraanien Perint\u00f6<\/title>\n<meta name=\"robots\" content=\"index, follow, max-snippet:-1, max-image-preview:large, max-video-preview:-1\" \/>\n<link rel=\"canonical\" href=\"https:\/\/veteraanienperinto.fi\/index.php\/talvisota-etusivu\/talvisodan-kertomukset\/sotatoimet\/sodan-alku\/ensimmainen-kaatunut-vihollinen\/\" \/>\n<meta property=\"og:locale\" content=\"fi_FI\" \/>\n<meta property=\"og:type\" content=\"article\" \/>\n<meta property=\"og:title\" content=\"Ensimm\u00e4inen kaatunut vihollinen - Veteraanien Perint\u00f6\" \/>\n<meta property=\"og:url\" content=\"https:\/\/veteraanienperinto.fi\/index.php\/talvisota-etusivu\/talvisodan-kertomukset\/sotatoimet\/sodan-alku\/ensimmainen-kaatunut-vihollinen\/\" \/>\n<meta property=\"og:site_name\" content=\"Veteraanien Perint\u00f6\" \/>\n<meta name=\"twitter:card\" content=\"summary_large_image\" \/>\n<meta name=\"twitter:label1\" content=\"Arvioitu lukuaika\" \/>\n\t<meta name=\"twitter:data1\" content=\"1 minuutti\" \/>\n<script type=\"application\/ld+json\" class=\"yoast-schema-graph\">{\"@context\":\"https:\\\/\\\/schema.org\",\"@graph\":[{\"@type\":\"WebPage\",\"@id\":\"https:\\\/\\\/veteraanienperinto.fi\\\/index.php\\\/talvisota-etusivu\\\/talvisodan-kertomukset\\\/sotatoimet\\\/sodan-alku\\\/ensimmainen-kaatunut-vihollinen\\\/\",\"url\":\"https:\\\/\\\/veteraanienperinto.fi\\\/index.php\\\/talvisota-etusivu\\\/talvisodan-kertomukset\\\/sotatoimet\\\/sodan-alku\\\/ensimmainen-kaatunut-vihollinen\\\/\",\"name\":\"Ensimm\u00e4inen kaatunut vihollinen - Veteraanien Perint\u00f6\",\"isPartOf\":{\"@id\":\"https:\\\/\\\/veteraanienperinto.fi\\\/#website\"},\"datePublished\":\"2020-08-31T09:20:54+00:00\",\"breadcrumb\":{\"@id\":\"https:\\\/\\\/veteraanienperinto.fi\\\/index.php\\\/talvisota-etusivu\\\/talvisodan-kertomukset\\\/sotatoimet\\\/sodan-alku\\\/ensimmainen-kaatunut-vihollinen\\\/#breadcrumb\"},\"inLanguage\":\"fi\",\"potentialAction\":[{\"@type\":\"ReadAction\",\"target\":[\"https:\\\/\\\/veteraanienperinto.fi\\\/index.php\\\/talvisota-etusivu\\\/talvisodan-kertomukset\\\/sotatoimet\\\/sodan-alku\\\/ensimmainen-kaatunut-vihollinen\\\/\"]}]},{\"@type\":\"BreadcrumbList\",\"@id\":\"https:\\\/\\\/veteraanienperinto.fi\\\/index.php\\\/talvisota-etusivu\\\/talvisodan-kertomukset\\\/sotatoimet\\\/sodan-alku\\\/ensimmainen-kaatunut-vihollinen\\\/#breadcrumb\",\"itemListElement\":[{\"@type\":\"ListItem\",\"position\":1,\"name\":\"Etusivu\",\"item\":\"https:\\\/\\\/veteraanienperinto.fi\\\/index.php\\\/etusivu-2\\\/\"},{\"@type\":\"ListItem\",\"position\":2,\"name\":\"Talvisota\",\"item\":\"https:\\\/\\\/veteraanienperinto.fi\\\/index.php\\\/talvisota-etusivu\\\/\"},{\"@type\":\"ListItem\",\"position\":3,\"name\":\"Talvisodan kertomukset\",\"item\":\"https:\\\/\\\/veteraanienperinto.fi\\\/index.php\\\/talvisota-etusivu\\\/talvisodan-kertomukset\\\/\"},{\"@type\":\"ListItem\",\"position\":4,\"name\":\"Sotatoimet\",\"item\":\"https:\\\/\\\/veteraanienperinto.fi\\\/index.php\\\/talvisota-etusivu\\\/talvisodan-kertomukset\\\/sotatoimet\\\/\"},{\"@type\":\"ListItem\",\"position\":5,\"name\":\"Sodan alku\",\"item\":\"https:\\\/\\\/veteraanienperinto.fi\\\/index.php\\\/talvisota-etusivu\\\/talvisodan-kertomukset\\\/sotatoimet\\\/sodan-alku\\\/\"},{\"@type\":\"ListItem\",\"position\":6,\"name\":\"Ensimm\u00e4inen kaatunut vihollinen\"}]},{\"@type\":\"WebSite\",\"@id\":\"https:\\\/\\\/veteraanienperinto.fi\\\/#website\",\"url\":\"https:\\\/\\\/veteraanienperinto.fi\\\/\",\"name\":\"Veteraanien Perint\u00f6\",\"description\":\"Kadettikunta\",\"potentialAction\":[{\"@type\":\"SearchAction\",\"target\":{\"@type\":\"EntryPoint\",\"urlTemplate\":\"https:\\\/\\\/veteraanienperinto.fi\\\/?s={search_term_string}\"},\"query-input\":{\"@type\":\"PropertyValueSpecification\",\"valueRequired\":true,\"valueName\":\"search_term_string\"}}],\"inLanguage\":\"fi\"}]}<\/script>\n<!-- \/ Yoast SEO plugin. -->","yoast_head_json":{"title":"Ensimm\u00e4inen kaatunut vihollinen - Veteraanien Perint\u00f6","robots":{"index":"index","follow":"follow","max-snippet":"max-snippet:-1","max-image-preview":"max-image-preview:large","max-video-preview":"max-video-preview:-1"},"canonical":"https:\/\/veteraanienperinto.fi\/index.php\/talvisota-etusivu\/talvisodan-kertomukset\/sotatoimet\/sodan-alku\/ensimmainen-kaatunut-vihollinen\/","og_locale":"fi_FI","og_type":"article","og_title":"Ensimm\u00e4inen kaatunut vihollinen - Veteraanien Perint\u00f6","og_url":"https:\/\/veteraanienperinto.fi\/index.php\/talvisota-etusivu\/talvisodan-kertomukset\/sotatoimet\/sodan-alku\/ensimmainen-kaatunut-vihollinen\/","og_site_name":"Veteraanien Perint\u00f6","twitter_card":"summary_large_image","twitter_misc":{"Arvioitu lukuaika":"1 minuutti"},"schema":{"@context":"https:\/\/schema.org","@graph":[{"@type":"WebPage","@id":"https:\/\/veteraanienperinto.fi\/index.php\/talvisota-etusivu\/talvisodan-kertomukset\/sotatoimet\/sodan-alku\/ensimmainen-kaatunut-vihollinen\/","url":"https:\/\/veteraanienperinto.fi\/index.php\/talvisota-etusivu\/talvisodan-kertomukset\/sotatoimet\/sodan-alku\/ensimmainen-kaatunut-vihollinen\/","name":"Ensimm\u00e4inen kaatunut vihollinen - Veteraanien Perint\u00f6","isPartOf":{"@id":"https:\/\/veteraanienperinto.fi\/#website"},"datePublished":"2020-08-31T09:20:54+00:00","breadcrumb":{"@id":"https:\/\/veteraanienperinto.fi\/index.php\/talvisota-etusivu\/talvisodan-kertomukset\/sotatoimet\/sodan-alku\/ensimmainen-kaatunut-vihollinen\/#breadcrumb"},"inLanguage":"fi","potentialAction":[{"@type":"ReadAction","target":["https:\/\/veteraanienperinto.fi\/index.php\/talvisota-etusivu\/talvisodan-kertomukset\/sotatoimet\/sodan-alku\/ensimmainen-kaatunut-vihollinen\/"]}]},{"@type":"BreadcrumbList","@id":"https:\/\/veteraanienperinto.fi\/index.php\/talvisota-etusivu\/talvisodan-kertomukset\/sotatoimet\/sodan-alku\/ensimmainen-kaatunut-vihollinen\/#breadcrumb","itemListElement":[{"@type":"ListItem","position":1,"name":"Etusivu","item":"https:\/\/veteraanienperinto.fi\/index.php\/etusivu-2\/"},{"@type":"ListItem","position":2,"name":"Talvisota","item":"https:\/\/veteraanienperinto.fi\/index.php\/talvisota-etusivu\/"},{"@type":"ListItem","position":3,"name":"Talvisodan kertomukset","item":"https:\/\/veteraanienperinto.fi\/index.php\/talvisota-etusivu\/talvisodan-kertomukset\/"},{"@type":"ListItem","position":4,"name":"Sotatoimet","item":"https:\/\/veteraanienperinto.fi\/index.php\/talvisota-etusivu\/talvisodan-kertomukset\/sotatoimet\/"},{"@type":"ListItem","position":5,"name":"Sodan alku","item":"https:\/\/veteraanienperinto.fi\/index.php\/talvisota-etusivu\/talvisodan-kertomukset\/sotatoimet\/sodan-alku\/"},{"@type":"ListItem","position":6,"name":"Ensimm\u00e4inen kaatunut vihollinen"}]},{"@type":"WebSite","@id":"https:\/\/veteraanienperinto.fi\/#website","url":"https:\/\/veteraanienperinto.fi\/","name":"Veteraanien Perint\u00f6","description":"Kadettikunta","potentialAction":[{"@type":"SearchAction","target":{"@type":"EntryPoint","urlTemplate":"https:\/\/veteraanienperinto.fi\/?s={search_term_string}"},"query-input":{"@type":"PropertyValueSpecification","valueRequired":true,"valueName":"search_term_string"}}],"inLanguage":"fi"}]}},"_links":{"self":[{"href":"https:\/\/veteraanienperinto.fi\/index.php\/wp-json\/wp\/v2\/pages\/1738","targetHints":{"allow":["GET"]}}],"collection":[{"href":"https:\/\/veteraanienperinto.fi\/index.php\/wp-json\/wp\/v2\/pages"}],"about":[{"href":"https:\/\/veteraanienperinto.fi\/index.php\/wp-json\/wp\/v2\/types\/page"}],"author":[{"embeddable":true,"href":"https:\/\/veteraanienperinto.fi\/index.php\/wp-json\/wp\/v2\/users\/2"}],"replies":[{"embeddable":true,"href":"https:\/\/veteraanienperinto.fi\/index.php\/wp-json\/wp\/v2\/comments?post=1738"}],"version-history":[{"count":2,"href":"https:\/\/veteraanienperinto.fi\/index.php\/wp-json\/wp\/v2\/pages\/1738\/revisions"}],"predecessor-version":[{"id":5522,"href":"https:\/\/veteraanienperinto.fi\/index.php\/wp-json\/wp\/v2\/pages\/1738\/revisions\/5522"}],"up":[{"embeddable":true,"href":"https:\/\/veteraanienperinto.fi\/index.php\/wp-json\/wp\/v2\/pages\/1630"}],"wp:attachment":[{"href":"https:\/\/veteraanienperinto.fi\/index.php\/wp-json\/wp\/v2\/media?parent=1738"}],"curies":[{"name":"wp","href":"https:\/\/api.w.org\/{rel}","templated":true}]}}