{"id":1858,"date":"2020-08-31T11:17:41","date_gmt":"2020-08-31T11:17:41","guid":{"rendered":"https:\/\/veteraani.ylirotu.fi\/?page_id=1858"},"modified":"2020-08-31T11:17:41","modified_gmt":"2020-08-31T11:17:41","slug":"nuorukaisten-talvisotaa","status":"publish","type":"page","link":"https:\/\/veteraanienperinto.fi\/index.php\/talvisota-etusivu\/talvisodan-kertomukset\/sotatoimet\/suurhyokkays-kannaksella\/nuorukaisten-talvisotaa\/","title":{"rendered":"Nuorukaisten talvisotaa"},"content":{"rendered":"\n<style type=\"text\/css\" data-created_by=\"avia_inline_auto\" id=\"style-css-av-keifhbas-ced8dc54fe566452f86984f5b49924c2\">\n#top .av-special-heading.av-keifhbas-ced8dc54fe566452f86984f5b49924c2{\npadding-bottom:10px;\n}\nbody .av-special-heading.av-keifhbas-ced8dc54fe566452f86984f5b49924c2 .av-special-heading-tag .heading-char{\nfont-size:25px;\n}\n.av-special-heading.av-keifhbas-ced8dc54fe566452f86984f5b49924c2 .av-subheading{\nfont-size:15px;\n}\n<\/style>\n<div  class='av-special-heading av-keifhbas-ced8dc54fe566452f86984f5b49924c2 av-special-heading-h3  avia-builder-el-0  el_before_av_textblock  avia-builder-el-first '><h3 class='av-special-heading-tag'  itemprop=\"headline\"  >Nuorukaisten talvisotaa<\/h3><div class=\"special-heading-border\"><div class=\"special-heading-inner-border\"><\/div><\/div><\/div>\n<section  class='av_textblock_section av-kei9w74n-7b0f008125a778f48432b9a614d90d0f '   itemscope=\"itemscope\" itemtype=\"https:\/\/schema.org\/CreativeWork\" ><div class='avia_textblock'  itemprop=\"text\" ><p><strong>Antti Henttonen:<\/strong><\/p>\n<p>Viipurin suojeluskuntapiirist\u00e4 koottiin Summan murtumisen yhteydess\u00e4 13.-14.2.1940 pataljoona nuoria suojeluskuntapoikia aikamiesten avuksi.<\/p>\n<p>Meill\u00e4 oli sotilaskoulutuksena yleens\u00e4 vain kahden viikon alokaskurssi sek\u00e4 jonkun verran ampuma- ja hiihtoharjoituksia. Olimme palvelleet rakennusten ja siltojen vartiointiteht\u00e4viss\u00e4 sek\u00e4 mahdollisten desanttien tarkkailuvartioissa.<\/p>\n<p>Me Antrean suojeluskunnan pojat olimme olleet mm. Vuoksen siltojen, Kuorekosken rautatiesillan ja Kuukaupin maantiesillan vartioissa. Varsinkin Antrean risteysrautatieaseman vierell\u00e4 sijaitseva Kuorekosken silta oli ven\u00e4l\u00e4isten lentokoneiden ankarien pommitusten kohteena.<\/p>\n<p>Meit\u00e4 l\u00e4hti joukkue v\u00e4nrikki Sauren johdolla Summaan. Jo hiiht\u00e4ess\u00e4mme Huumolan tiehaarasta Leip\u00e4suon suuntaan jouduimme tykist\u00f6keskitykseen. Jouduimme 4. Rajakomppanian alaisuuteen matalaan lumeen kaivettuun taisteluhautaan. Komppanian p\u00e4\u00e4llikk\u00f6, luutnantti Uuno Markkola opasteli is\u00e4llisesti meit\u00e4 &#8211; kunnes kaatui.<\/p>\n<p>Vihollisen h\u00e4vitt\u00e4j\u00e4koneet py\u00f6riv\u00e4t yll\u00e4mme l\u00e4hell\u00e4 puiden latvoja ja tykist\u00f6 ampui kranaattejaan. Meill\u00e4 oli muonana vain n\u00e4kkileiv\u00e4n palasia taskuissa, eik\u00e4 mit\u00e4\u00e4n suojaa yli 30 asteen pakkasta vastaan. Monet pojat olivat l\u00e4hteneet monokengiss\u00e4 ja useilta paleltuivat varpaat, joita oli paranneltava jopa Ruotsissa. Minun varpaani pelastuivat naapurin suutarin tekemiss\u00e4 huopahiihtokengiss\u00e4. Kaksi sormenp\u00e4\u00e4t\u00e4ni paleltui, niin ett\u00e4 niist\u00e4 irtosi my\u00f6hemmin nahka tuppeina. Kiv\u00e4\u00e4rin metalliosat olivat niin kylmi\u00e4, ett\u00e4 ne ihan &#8221;polttivat&#8221;.<\/p>\n<p>Toisena iltana ven\u00e4l\u00e4iset yrittiv\u00e4t hy\u00f6k\u00e4t\u00e4 panssarivaunujen tukemina ja huraata huutaen asemiimme. Silloin saimme ainoaksi minun el\u00e4m\u00e4ss\u00e4ni j\u00e4\u00e4neen k\u00e4skyn: &#8221;Pistimet p\u00e4\u00e4lle!&#8221; Kokeneet rajamiehet saivat kuitenkin polttopulloilla tankit palamaan, jolloin hy\u00f6kk\u00e4ys tyrehtyi asemiemme eteen. Tilanteen lauettua olimme niin pakkasen, n\u00e4l\u00e4n ja valvomisen uuvuttamia, ett\u00e4 nukahtelimme hangelle. Her\u00e4ttelimme toisiamme, sill\u00e4 uni kovassa pakkasessa olisi voinut j\u00e4\u00e4d\u00e4 viimeiseksi.<\/p>\n<p>Kolmen vuorokauden kuluttua meid\u00e4t palautettiin vartioteht\u00e4viimme.<\/p>\n<p>Parin viikon j\u00e4lkeen meit\u00e4 koottiin j\u00e4lleen joukkue rintamalle. Kalevalan p\u00e4iv\u00e4n\u00e4 kuljimme kuorma-auton lavalla &#8211; kotini ohi &#8211; \u00c4yr\u00e4p\u00e4\u00e4n alueella olevaan Vuoksen Vitsaareen turvaamaan joukkojen vet\u00e4ytymist\u00e4 Vuosalmi &#8211; Kuparsaari -linjalle. Joukkueen johtajana oli v\u00e4nrikki Immo Ter\u00e4s ja ryhm\u00e4njohtajina veteraani-ik\u00e4isi\u00e4 aliupseereja. Nuorin joukostamme oli 15-vuotias Kivennavan poika Yrj\u00f6 Ikonen, joka oli evakkomatkallaan j\u00e4\u00e4nyt suojeluskuntaamme.<\/p>\n<p>Maaliskuun 2. p\u00e4iv\u00e4n iltana tuli 20-miehinen ven\u00e4l\u00e4isten partio saareen. V\u00e4nrikkimme kokosi meit\u00e4 5-6 pojan ryhm\u00e4n ajamaan sen pois. Onnistuimmekin kahden ven\u00e4l\u00e4isen j\u00e4\u00e4dess\u00e4 kaatuneina saareen. T\u00e4ytin seuraavana aamuna 18 vuotta ja otin syntym\u00e4p\u00e4iv\u00e4lahjaksi toiselta kaatuneelta kaasunaamarilaukun.<\/p>\n<p>Pakkanen kiristyi ja ahkioilla saareen tuotu hernesoppa j\u00e4\u00e4tyi tonkissa. Vuolimme sit\u00e4 puukoilla pakkiimme -ja sulihan se suussa lis\u00e4ten vilun tunnetta.<\/p>\n<p>Ven\u00e4l\u00e4isten puoleiselle rannalla tuli piiskatykkej\u00e4 ja tankkeja ampumaan suorasuuntauksella laakeaan saareemme. Kysyimme saaressa olevalta tykist\u00f6n tulenjohtajalta, miksi h\u00e4n ei ammuta noita maaleja. H\u00e4n vastasi:&#8221;Ammuimme eilen viimeisen kranaatin, eik\u00e4 uusia ole viel\u00e4 tullut!&#8221;<\/p>\n<p>Olimme 5. maaliskuuta ik\u00e4toverini Armas Hutrin kanssa vartiossa saaren rannan kinokseen kaivetussa poterossa. Piiskatykin ammukset ja konekiv\u00e4\u00e4rien r\u00e4j\u00e4ht\u00e4v\u00e4t luodit paukahtelivat saaren lepikossa. Tuli tarve l\u00e4hte\u00e4 hakemaan lis\u00e4\u00e4 patruunoita. Armas ehdotti minua, kun tunsin joukkueen l\u00e4hettin\u00e4 t\u00e4ydennyspaikan. Palatessani Armas ry\u00f6mi vastaani kasvot verta valuen. H\u00e4n oli saanut p\u00e4\u00e4h\u00e4ns\u00e4 piiskatykin kranaatin sirpaleita. Autoin h\u00e4net l\u00e4\u00e4kint\u00e4miesten ahkiolle ja palasin poterooni.<\/p>\n<p>Tapasin Armaan seuraavan kerran 1953 Helsingiss\u00e4. H\u00e4n oli Ateneumin taidekoulun k\u00e4ynyt kuvanveist\u00e4j\u00e4. Sain kuulla h\u00e4nen siihenastiset el\u00e4m\u00e4nvaiheensa.<\/p>\n<p>H\u00e4n oli menett\u00e4nyt ahkiossa tajuntansa ja her\u00e4si viikon kuluttua Sein\u00e4joen sotasairaalassa. P\u00e4\u00e4ss\u00e4 oli 16 sirpaletta, joita ei voitu poistaa. H\u00e4n toipui ja osallistui jatkosotaan, mutta siell\u00e4 sirpaleet alkoivat vaivata niin, ett\u00e4 h\u00e4n menetti puhekykyns\u00e4. Kahden vuoden vaivalloinen opettelu ja kahdenkymmenen vuoden sitke\u00e4 harjoittelu tunnetun psykologin ohjauksessa palautti sen v\u00e4hitellen. J\u00e4ljelle j\u00e4i kuitenkin elinik\u00e4inen p\u00e4\u00e4ns\u00e4rky.<\/p>\n<p>Nyt Armas Hutri on professorin arvonimen saanut kuvanveist\u00e4j\u00e4. H\u00e4n rakensi omin k\u00e4sin itselleen ateljeetalon Espooseen ja sen yhteyteen taidevalimon, jossa h\u00e4n on itse valanut suuretkin pronssiveistoksensa. 1990-luvulla h\u00e4n osti Perni\u00f6n kirkonkyl\u00e4st\u00e4 autioksi j\u00e4\u00e4neen maatilan pihapiirin rakennuksineen ja kunnosti sen j\u00e4lleen omin k\u00e4sin Pyyn pivo -nimiseksi taidetaloksi. Minulla oli h\u00e4nen aseveljen\u00e4\u00e4n kunnia avata sen ensimm\u00e4inen taiden\u00e4yttely 1999.<\/p>\n<p>Armas Hutri on el\u00e4v\u00e4 esimerkki miehest\u00e4, joka vaikeasta invaliditeetistaan huolimatta on sinnikk\u00e4\u00e4sti ponnistellut vaikeuksien l\u00e4pi omavaraiseksi luovaksi taiteilijaksi. H\u00e4nen veistoksiaan on taidemuseoissa kotimaassa, eri puolilla Eurooppaa sek\u00e4 Yhdysvalloissa ja Kanadassa. Mainittakoon niist\u00e4 lentoon nousevia kurkia esitt\u00e4v\u00e4 viisi metri\u00e4 korkea suomalaisten siirtolaisten muistomerkki Kanadassa.<\/p>\n<p>Antrean suojeluskunta oli pioneerisuojeluskunta. Sen varusteisiin kuuluivat moottoriponttonit ja -lautat. YH:n alkaessa siit\u00e4 muodostettiin puolustusvoimiemme ainoa moottoriponttonipataljoona. Se suoritti Vuoksen j\u00e4\u00e4tymiseen saakka ylikuljetuksia, joita helpotti edellisvuosina tehty tarkka rantojen kartoitus. Virran j\u00e4\u00e4dytty\u00e4 pataljoona r\u00e4j\u00e4ytti j\u00e4\u00e4h\u00e4n railoja tankkiesteiksi ja rakensi j\u00e4\u00e4lautoista ja avantoihin pystyyn j\u00e4\u00e4dytetyist\u00e4 tukeista tankki- ja lentokone-esteit\u00e4.<\/p>\n<p>R\u00e4j\u00e4ytyksiin k\u00e4ytettiin putkimiinoja, joita pioneerit valmistivat rannan m\u00f6kiss\u00e4. Me Vitsaaren pojat nukuimme lepovuoroillamme saman m\u00f6kin lattialla. Ahdas tila pakotti meid\u00e4t nukkumaan istuallamme sylikk\u00e4isjonoissa miinojen rakentajien vierell\u00e4. Ty\u00f6turvallisuudesta ei kukaan muistanut puhua.<\/p>\n<p>Yhten\u00e4 maaliskuun iltana ajoi kaksi tankkia Kyl\u00e4-Paakkolan ja Vitsaaren v\u00e4lisen salmen j\u00e4\u00e4lle. Ohut lumikerros peitti pioneerien avaaman railon pinnan j\u00e4\u00e4n. Tankit upposivat siihen. Toisesta tankista p\u00e4\u00e4si mies hypp\u00e4\u00e4m\u00e4\u00e4n j\u00e4\u00e4lle, mutta j\u00e4i makaamaan siihen luotiemme haavoittamana. H\u00e4n huusi avukseen davaritsh Stalinia aamuy\u00f6h\u00f6n saakka, jolloin h\u00e4nen s\u00e4rkynyt \u00e4\u00e4nens\u00e4 hiljeni.<\/p>\n<p>Kuulin t\u00e4m\u00e4n huudon 1970-luvulla kirjailija Paavo Rintalan radiokuunnelmasta &#8221;Kenties kaipaustakin tarvitaan&#8221;. Kuunnelma kertoi kirjailijan mummosta, joka odotti vuodesta toiseen sodassa kaatunutta poikaansa. Tavatessani kirjailijan kysyin h\u00e4nelt\u00e4, mist\u00e4 h\u00e4n oli saanut tietoonsa t\u00e4m\u00e4n huudon. H\u00e4n vastasi: &#8221;Vitsaaressa kaatuneen is\u00e4ni aseveljilt\u00e4.&#8221;<\/p>\n<p>Rauhan tultua jouduin kulkemaan rintamalta 10 kilometrin p\u00e4\u00e4ss\u00e4 olevan kotini ohi. \u00c4itini oli kahden nuorimman veljeni kanssa l\u00e4htenyt evakkomatkalle jo joulukuussa. Is\u00e4ni, joka toimi kyl\u00e4n evakuointip\u00e4\u00e4llikk\u00f6n\u00e4, oli karjaa hoitamaan j\u00e4\u00e4neen siskoni kanssa poistunut edellisp\u00e4iv\u00e4n\u00e4. Ven\u00e4l\u00e4iset tulisivat kyl\u00e4\u00e4n ylihuomenna. Talo oli tyhj\u00e4. Olimme sodan alettua kuljettaneet maatalouskoneet tulipalon varalta l\u00e4heiseen mets\u00e4\u00e4n turvaan. Sain armeijalta lainaksi hevosen, jolla kuljetin koneet paksun hangen alta vajaan kymmenen kilometrin p\u00e4\u00e4ss\u00e4 olevalle rautatieasemalle. Ne l\u00f6ytyiv\u00e4t kes\u00e4ll\u00e4 Tuusulasta siirtov\u00e4en tavaroiden kokoamispaikasta.<\/p>\n<p>L\u00e4htiess\u00e4ni viem\u00e4\u00e4n kolmatta ja viimeist\u00e4 kuormaa katseeni osui omenapuiden keskell\u00e4 seisovaan lipputankoon. L\u00f6ysin liiterist\u00e4 pokasahan ja sahasin tangon poikki juuresta ja viel\u00e4 kolmeksi kappaleeksi. Ettei siin\u00e4&#8230; Se oli 18 vuotiaan nuorukaisen protesti kymmenen sukupolven viljelem\u00e4n kodin menetyksest\u00e4.<\/p>\n<p>Lipputankoon liittyy mielenkiintoinen j\u00e4lkiepisodi. Hankimme 1965 kes\u00e4m\u00f6kkitontin Kuhmoisista Lummenne-j\u00e4rven rannalta. Kun juhannusaattona 1966 nostin ensimm\u00e4isen kerran lippua m\u00f6kkimme tankoon, lensi l\u00e4heiseen koivuun kuhankeitt\u00e4j\u00e4 vihelt\u00e4m\u00e4\u00e4n. Se oli tuttu lintu karjalaisen kotim\u00e4kemme koivikosta, mutta on aika harvinainen P\u00e4ij\u00e4nteen l\u00e4nsipuolella. Se tuli tuomaan terveisi\u00e4.<\/p>\n<\/div><\/section>\n","protected":false},"excerpt":{"rendered":"","protected":false},"author":2,"featured_media":0,"parent":1783,"menu_order":1,"comment_status":"closed","ping_status":"closed","template":"","meta":{"footnotes":""},"class_list":["post-1858","page","type-page","status-publish","hentry"],"yoast_head":"<!-- This site is optimized with the Yoast SEO plugin v27.5 - https:\/\/yoast.com\/product\/yoast-seo-wordpress\/ -->\n<title>Nuorukaisten talvisotaa - Veteraanien Perint\u00f6<\/title>\n<meta name=\"robots\" content=\"index, follow, max-snippet:-1, max-image-preview:large, max-video-preview:-1\" \/>\n<link rel=\"canonical\" href=\"https:\/\/veteraanienperinto.fi\/index.php\/talvisota-etusivu\/talvisodan-kertomukset\/sotatoimet\/suurhyokkays-kannaksella\/nuorukaisten-talvisotaa\/\" \/>\n<meta property=\"og:locale\" content=\"fi_FI\" \/>\n<meta property=\"og:type\" content=\"article\" \/>\n<meta property=\"og:title\" content=\"Nuorukaisten talvisotaa - Veteraanien Perint\u00f6\" \/>\n<meta property=\"og:url\" content=\"https:\/\/veteraanienperinto.fi\/index.php\/talvisota-etusivu\/talvisodan-kertomukset\/sotatoimet\/suurhyokkays-kannaksella\/nuorukaisten-talvisotaa\/\" \/>\n<meta property=\"og:site_name\" content=\"Veteraanien Perint\u00f6\" \/>\n<meta name=\"twitter:card\" content=\"summary_large_image\" \/>\n<meta name=\"twitter:label1\" content=\"Arvioitu lukuaika\" \/>\n\t<meta name=\"twitter:data1\" content=\"6 minuuttia\" \/>\n<script type=\"application\/ld+json\" class=\"yoast-schema-graph\">{\"@context\":\"https:\\\/\\\/schema.org\",\"@graph\":[{\"@type\":\"WebPage\",\"@id\":\"https:\\\/\\\/veteraanienperinto.fi\\\/index.php\\\/talvisota-etusivu\\\/talvisodan-kertomukset\\\/sotatoimet\\\/suurhyokkays-kannaksella\\\/nuorukaisten-talvisotaa\\\/\",\"url\":\"https:\\\/\\\/veteraanienperinto.fi\\\/index.php\\\/talvisota-etusivu\\\/talvisodan-kertomukset\\\/sotatoimet\\\/suurhyokkays-kannaksella\\\/nuorukaisten-talvisotaa\\\/\",\"name\":\"Nuorukaisten talvisotaa - Veteraanien Perint\u00f6\",\"isPartOf\":{\"@id\":\"https:\\\/\\\/veteraanienperinto.fi\\\/#website\"},\"datePublished\":\"2020-08-31T11:17:41+00:00\",\"breadcrumb\":{\"@id\":\"https:\\\/\\\/veteraanienperinto.fi\\\/index.php\\\/talvisota-etusivu\\\/talvisodan-kertomukset\\\/sotatoimet\\\/suurhyokkays-kannaksella\\\/nuorukaisten-talvisotaa\\\/#breadcrumb\"},\"inLanguage\":\"fi\",\"potentialAction\":[{\"@type\":\"ReadAction\",\"target\":[\"https:\\\/\\\/veteraanienperinto.fi\\\/index.php\\\/talvisota-etusivu\\\/talvisodan-kertomukset\\\/sotatoimet\\\/suurhyokkays-kannaksella\\\/nuorukaisten-talvisotaa\\\/\"]}]},{\"@type\":\"BreadcrumbList\",\"@id\":\"https:\\\/\\\/veteraanienperinto.fi\\\/index.php\\\/talvisota-etusivu\\\/talvisodan-kertomukset\\\/sotatoimet\\\/suurhyokkays-kannaksella\\\/nuorukaisten-talvisotaa\\\/#breadcrumb\",\"itemListElement\":[{\"@type\":\"ListItem\",\"position\":1,\"name\":\"Etusivu\",\"item\":\"https:\\\/\\\/veteraanienperinto.fi\\\/index.php\\\/etusivu-2\\\/\"},{\"@type\":\"ListItem\",\"position\":2,\"name\":\"Talvisota\",\"item\":\"https:\\\/\\\/veteraanienperinto.fi\\\/index.php\\\/talvisota-etusivu\\\/\"},{\"@type\":\"ListItem\",\"position\":3,\"name\":\"Talvisodan kertomukset\",\"item\":\"https:\\\/\\\/veteraanienperinto.fi\\\/index.php\\\/talvisota-etusivu\\\/talvisodan-kertomukset\\\/\"},{\"@type\":\"ListItem\",\"position\":4,\"name\":\"Sotatoimet\",\"item\":\"https:\\\/\\\/veteraanienperinto.fi\\\/index.php\\\/talvisota-etusivu\\\/talvisodan-kertomukset\\\/sotatoimet\\\/\"},{\"@type\":\"ListItem\",\"position\":5,\"name\":\"Suurhy\u00f6kk\u00e4ys Kannaksella\",\"item\":\"https:\\\/\\\/veteraanienperinto.fi\\\/index.php\\\/talvisota-etusivu\\\/talvisodan-kertomukset\\\/sotatoimet\\\/suurhyokkays-kannaksella\\\/\"},{\"@type\":\"ListItem\",\"position\":6,\"name\":\"Nuorukaisten talvisotaa\"}]},{\"@type\":\"WebSite\",\"@id\":\"https:\\\/\\\/veteraanienperinto.fi\\\/#website\",\"url\":\"https:\\\/\\\/veteraanienperinto.fi\\\/\",\"name\":\"Veteraanien Perint\u00f6\",\"description\":\"Kadettikunta\",\"potentialAction\":[{\"@type\":\"SearchAction\",\"target\":{\"@type\":\"EntryPoint\",\"urlTemplate\":\"https:\\\/\\\/veteraanienperinto.fi\\\/?s={search_term_string}\"},\"query-input\":{\"@type\":\"PropertyValueSpecification\",\"valueRequired\":true,\"valueName\":\"search_term_string\"}}],\"inLanguage\":\"fi\"}]}<\/script>\n<!-- \/ Yoast SEO plugin. -->","yoast_head_json":{"title":"Nuorukaisten talvisotaa - Veteraanien Perint\u00f6","robots":{"index":"index","follow":"follow","max-snippet":"max-snippet:-1","max-image-preview":"max-image-preview:large","max-video-preview":"max-video-preview:-1"},"canonical":"https:\/\/veteraanienperinto.fi\/index.php\/talvisota-etusivu\/talvisodan-kertomukset\/sotatoimet\/suurhyokkays-kannaksella\/nuorukaisten-talvisotaa\/","og_locale":"fi_FI","og_type":"article","og_title":"Nuorukaisten talvisotaa - Veteraanien Perint\u00f6","og_url":"https:\/\/veteraanienperinto.fi\/index.php\/talvisota-etusivu\/talvisodan-kertomukset\/sotatoimet\/suurhyokkays-kannaksella\/nuorukaisten-talvisotaa\/","og_site_name":"Veteraanien Perint\u00f6","twitter_card":"summary_large_image","twitter_misc":{"Arvioitu lukuaika":"6 minuuttia"},"schema":{"@context":"https:\/\/schema.org","@graph":[{"@type":"WebPage","@id":"https:\/\/veteraanienperinto.fi\/index.php\/talvisota-etusivu\/talvisodan-kertomukset\/sotatoimet\/suurhyokkays-kannaksella\/nuorukaisten-talvisotaa\/","url":"https:\/\/veteraanienperinto.fi\/index.php\/talvisota-etusivu\/talvisodan-kertomukset\/sotatoimet\/suurhyokkays-kannaksella\/nuorukaisten-talvisotaa\/","name":"Nuorukaisten talvisotaa - Veteraanien Perint\u00f6","isPartOf":{"@id":"https:\/\/veteraanienperinto.fi\/#website"},"datePublished":"2020-08-31T11:17:41+00:00","breadcrumb":{"@id":"https:\/\/veteraanienperinto.fi\/index.php\/talvisota-etusivu\/talvisodan-kertomukset\/sotatoimet\/suurhyokkays-kannaksella\/nuorukaisten-talvisotaa\/#breadcrumb"},"inLanguage":"fi","potentialAction":[{"@type":"ReadAction","target":["https:\/\/veteraanienperinto.fi\/index.php\/talvisota-etusivu\/talvisodan-kertomukset\/sotatoimet\/suurhyokkays-kannaksella\/nuorukaisten-talvisotaa\/"]}]},{"@type":"BreadcrumbList","@id":"https:\/\/veteraanienperinto.fi\/index.php\/talvisota-etusivu\/talvisodan-kertomukset\/sotatoimet\/suurhyokkays-kannaksella\/nuorukaisten-talvisotaa\/#breadcrumb","itemListElement":[{"@type":"ListItem","position":1,"name":"Etusivu","item":"https:\/\/veteraanienperinto.fi\/index.php\/etusivu-2\/"},{"@type":"ListItem","position":2,"name":"Talvisota","item":"https:\/\/veteraanienperinto.fi\/index.php\/talvisota-etusivu\/"},{"@type":"ListItem","position":3,"name":"Talvisodan kertomukset","item":"https:\/\/veteraanienperinto.fi\/index.php\/talvisota-etusivu\/talvisodan-kertomukset\/"},{"@type":"ListItem","position":4,"name":"Sotatoimet","item":"https:\/\/veteraanienperinto.fi\/index.php\/talvisota-etusivu\/talvisodan-kertomukset\/sotatoimet\/"},{"@type":"ListItem","position":5,"name":"Suurhy\u00f6kk\u00e4ys Kannaksella","item":"https:\/\/veteraanienperinto.fi\/index.php\/talvisota-etusivu\/talvisodan-kertomukset\/sotatoimet\/suurhyokkays-kannaksella\/"},{"@type":"ListItem","position":6,"name":"Nuorukaisten talvisotaa"}]},{"@type":"WebSite","@id":"https:\/\/veteraanienperinto.fi\/#website","url":"https:\/\/veteraanienperinto.fi\/","name":"Veteraanien Perint\u00f6","description":"Kadettikunta","potentialAction":[{"@type":"SearchAction","target":{"@type":"EntryPoint","urlTemplate":"https:\/\/veteraanienperinto.fi\/?s={search_term_string}"},"query-input":{"@type":"PropertyValueSpecification","valueRequired":true,"valueName":"search_term_string"}}],"inLanguage":"fi"}]}},"_links":{"self":[{"href":"https:\/\/veteraanienperinto.fi\/index.php\/wp-json\/wp\/v2\/pages\/1858","targetHints":{"allow":["GET"]}}],"collection":[{"href":"https:\/\/veteraanienperinto.fi\/index.php\/wp-json\/wp\/v2\/pages"}],"about":[{"href":"https:\/\/veteraanienperinto.fi\/index.php\/wp-json\/wp\/v2\/types\/page"}],"author":[{"embeddable":true,"href":"https:\/\/veteraanienperinto.fi\/index.php\/wp-json\/wp\/v2\/users\/2"}],"replies":[{"embeddable":true,"href":"https:\/\/veteraanienperinto.fi\/index.php\/wp-json\/wp\/v2\/comments?post=1858"}],"version-history":[{"count":2,"href":"https:\/\/veteraanienperinto.fi\/index.php\/wp-json\/wp\/v2\/pages\/1858\/revisions"}],"predecessor-version":[{"id":5619,"href":"https:\/\/veteraanienperinto.fi\/index.php\/wp-json\/wp\/v2\/pages\/1858\/revisions\/5619"}],"up":[{"embeddable":true,"href":"https:\/\/veteraanienperinto.fi\/index.php\/wp-json\/wp\/v2\/pages\/1783"}],"wp:attachment":[{"href":"https:\/\/veteraanienperinto.fi\/index.php\/wp-json\/wp\/v2\/media?parent=1858"}],"curies":[{"name":"wp","href":"https:\/\/api.w.org\/{rel}","templated":true}]}}