{"id":1906,"date":"2020-08-31T11:47:39","date_gmt":"2020-08-31T11:47:39","guid":{"rendered":"https:\/\/veteraani.ylirotu.fi\/?page_id=1906"},"modified":"2020-12-15T15:32:08","modified_gmt":"2020-12-15T15:32:08","slug":"kun-sota-syttyi-30-11-1939","status":"publish","type":"page","link":"https:\/\/veteraanienperinto.fi\/index.php\/talvisota-etusivu\/talvisodan-kertomukset\/kotirintama\/kotirintaman-tunnelmia\/kun-sota-syttyi-30-11-1939\/","title":{"rendered":"Kun sota syttyi 30.11.1939"},"content":{"rendered":"\n<style type=\"text\/css\" data-created_by=\"avia_inline_auto\" id=\"style-css-av-av_heading-8b5106bdcb26cf167b6820ec0bbe314f\">\n#top .av-special-heading.av-av_heading-8b5106bdcb26cf167b6820ec0bbe314f{\npadding-bottom:10px;\n}\nbody .av-special-heading.av-av_heading-8b5106bdcb26cf167b6820ec0bbe314f .av-special-heading-tag .heading-char{\nfont-size:25px;\n}\n.av-special-heading.av-av_heading-8b5106bdcb26cf167b6820ec0bbe314f .av-subheading{\nfont-size:15px;\n}\n<\/style>\n<div  class='av-special-heading av-av_heading-8b5106bdcb26cf167b6820ec0bbe314f av-special-heading-h3  avia-builder-el-0  el_before_av_textblock  avia-builder-el-first '><h3 class='av-special-heading-tag'  itemprop=\"headline\"  >Kun sota syttyi 30.11.1939<\/h3><div class=\"special-heading-border\"><div class=\"special-heading-inner-border\"><\/div><\/div><\/div>\n<section  class='av_textblock_section av-kei9w74n-7b0f008125a778f48432b9a614d90d0f '   itemscope=\"itemscope\" itemtype=\"https:\/\/schema.org\/CreativeWork\" ><div class='avia_textblock'  itemprop=\"text\" ><p><strong>Max Jakobson:<\/strong><\/p>\n<p><img loading=\"lazy\" decoding=\"async\" class=\"alignright wp-image-8031\" src=\"https:\/\/veteraanienperinto.fi\/wp-content\/uploads\/2020\/12\/jacobsson.jpg\" alt=\"\" width=\"200\" height=\"169\" \/>Minulle ja perheelleni talvisodan ensimm\u00e4inen p\u00e4iv\u00e4 oli t\u00e4ydellinen sokki Kotimme ja omaisuutemme tuhoutui Helsingin iltap\u00e4iv\u00e4pommituksessa.<br \/>\nOlin juuri syyskuun lopulla t\u00e4ytt\u00e4nyt 16 vuotta. K\u00e4vin Suomalaista normaalilyseota. Olin seitsem\u00e4nnell\u00e4 luokalla.<\/p>\n<p>Koulut olivat lyhyen tauon j\u00e4lkeen taas avanneet ovensa. Muistaakseni sin\u00e4 torstaina koulu alkoi kello 8.00. Ehdimme juuri aloittaa p\u00e4iv\u00e4n ty\u00f6t, kun ensimm\u00e4inen ilmah\u00e4lytys tuli ja meid\u00e4t l\u00e4hetettiin takaisin kotiin.<\/p>\n<p>Ilmah\u00e4lytys ei teknisesti ollut t\u00e4ydellinen yll\u00e4tys. Aiemmin syksyll\u00e4h\u00e4n oli ollut harjoituksia. Olimme lukeneet tilanteesta aamun lehdist\u00e4 ja ilmah\u00e4lytyksen tultua totesimme poikien kanssa, ett\u00e4 nyt kai se sota on sitten alkanut. K\u00e4velless\u00e4mme koulusta kotiin olimme vakavalla mielell\u00e4.<\/p>\n<p>Joukossa oli muutamia, jotka olivat olleet edellisen\u00e4 kes\u00e4n\u00e4 Kannaksella linnoitust\u00f6iss\u00e4 ja olivat siten omakohtaisesti tietoisia tilanteesta. Varsinkin n\u00e4m\u00e4 pojat olivat vakavia.<\/p>\n<p>Ei ensimm\u00e4inen ilmah\u00e4lytys meiss\u00e4 suoranaista paniikkia her\u00e4tt\u00e4nyt, mutta ei sotaintoakaan. Esitimme siin\u00e4 k\u00e4velless\u00e4 monenlaisia arvioita. Sodan alkaminen ei meille ollut kiistattoman selv\u00e4\u00e4, sill\u00e4 aamun lehtien mukaan pyrittiin viel\u00e4 k\u00e4ym\u00e4\u00e4n neuvotteluja.<\/p>\n<p>Tuolloin ik\u00e4iseni nuoret olivat varsin heikosti selvill\u00e4 maailman tilanteesta ja yleens\u00e4 poliittisista kysymyksist\u00e4, ainakin kun vertaan omaa julkisten asioiden seuraamistani siihen, mit\u00e4 omat lapseni nyt harrastavat.<\/p>\n<p>Muistan, ett\u00e4 n\u00e4ist\u00e4 asioista kyll\u00e4 keskusteltiin perheess\u00e4mme, mutta omaehtoisesti en paljonkaan seurannut asioita. Ilmapiiri perheess\u00e4mme oli tuona syksyn\u00e4 huolestunut.<\/p>\n<p>Muistan vanhempieni keskusteluista jotakin sellaista, ett\u00e4 Suomea uhkasi vaara ja voisi tulla sotakin. Vanhempani eiv\u00e4t varsinaisesti osallistuneet politiikkaan. He kuitenkin seurasivat hyvin tiiviisti kotimaista ja kansainv\u00e4list\u00e4 politiikkaa. Ehk\u00e4 keskim\u00e4\u00e4r\u00e4ist\u00e4 enemm\u00e4n.<\/p>\n<p>Ensimm\u00e4isen kerran viitteit\u00e4 tulevasta saatiin jo kes\u00e4ll\u00e4 1939, jolloin Kannaksella oli linnoitust\u00f6it\u00e4. Tuolloin ajateltiin, ett\u00e4 vaara oli olemassa. Ensimm\u00e4inen tapahtuma, joka todella vavahdutti mieli\u00e4, oli Stalinin ja Hitlerin sopimus elokuun lopulla. Se pani ajattelemaan, ett\u00e4 jotakin poikkeuksellista oli tulossa.<\/p>\n<p>Lokakuussa oli sitten ilmah\u00e4lytysharjoituksia. My\u00f6s pommisuojia rakennettiin. Koulut olivat suljettuna ja ihmisi\u00e4 oli pyydetty siirtym\u00e4\u00e4n maaseudulle.<\/p>\n<p>Kaikesta t\u00e4st\u00e4 huolimatta sodan alkaminen oli minulle yll\u00e4tys. Esimerkiksi koulun antama informaatio oli eritt\u00e4in v\u00e4h\u00e4ist\u00e4. Mit\u00e4\u00e4n perusteellisempaa katsausta esimerkiksi maailmanpolitiikasta emme saaneet. Kyll\u00e4 kai yleinen k\u00e4sitys sodan syyst\u00e4 oli se, ett\u00e4 Neuvostoliitto painosti Suomea. Mutta asenteita ei voinut juuri mitata, sill\u00e4 tuon aikainen Neuvostoliitto oli tavallisille suomalaisille vieras ja et\u00e4inen.<\/p>\n<p>Min\u00e4 en kuulunut suojeluskuntaan, kuten monet ik\u00e4iseni pojat. Polilla arkkitehdiksi opiskeleva 20-vuotias veljeni kuului suojeluskuntaan. Opiskelunsa vuoksi h\u00e4n oli saanut varsinaisesta asepalveluksesta lykk\u00e4yst\u00e4. Sodan alkaessa h\u00e4n oli Helsingiss\u00e4 joissakin vartiointiteht\u00e4viss\u00e4.<\/p>\n<p>Ensimm\u00e4isen ilmah\u00e4lytyksen p\u00e4\u00e4tytty\u00e4 l\u00e4hdin kotoani L\u00f6nnrotinkatu 33:sta keskikaupungille, ilmeisesti toimittamaan joitakin asioita. Vanhempani olivat my\u00f6s jossakin ulkona.<\/p>\n<p>Olin linja-autoaseman ja Lasipalatsin liepeill\u00e4, aivan Helsingin keskustassa, kun toinen ilmah\u00e4lytys alkoi. Silloin minulle tuli ensimm\u00e4isen kerran tunne, ett\u00e4 t\u00e4ss\u00e4 on jotakin paniikinomaista. Ihmiset juoksivat Kampin kent\u00e4lle kaivettuun sirpalesuojaan. Min\u00e4 muiden mukana.<\/p>\n<p>Suoja oli tosiaan vain sirpalesuoja. Se oli maahan kaivettu kuoppa, jonka p\u00e4\u00e4ll\u00e4 oli jonkinlainen hiekkas\u00e4keist\u00e4 rakennettu katos. Rakennelma oli hyvin hatara. Sirpalesuojan teht\u00e4v\u00e4n kuoppa t\u00e4ytti, ei kai se pommisuojaksi ollut tarkoitettukaan. Jos siihen olisi osunut pommi, katos olisi heti luhistunut. Kun maa pommituksen alettua vavahteli ja hiekkaa rapisi p\u00e4\u00e4h\u00e4n, ihmiset h\u00e4t\u00e4\u00e4ntyiv\u00e4t. Meit\u00e4 oli siell\u00e4 ainakin sata.<\/p>\n<p>Minulle kuten monelle muullekin olo suojassa alkoi k\u00e4yd\u00e4 tukalaksi. Minulle tuli tunne, ett\u00e4 en halua j\u00e4\u00e4d\u00e4 t\u00e4nne hautautumaan. Ensimm\u00e4isen kerran todella pelk\u00e4sin. Yksi ja toinen poistui sielt\u00e4 kesken ilmah\u00e4lytyksen. Oli tietysti varomatonta l\u00e4hte\u00e4 kesken h\u00e4lytyksen, mutta ihmiset olivat viel\u00e4 tottumattomia ajatukseen sodasta ja ilmahy\u00f6kk\u00e4yksest\u00e4. Hy\u00f6kk\u00e4ys oli ohitse, kun min\u00e4 nousin kadulle.<\/p>\n<p>Ulos tultuani n\u00e4in yhden asemalla seisovan bussin olevan ilmiliekeiss\u00e4. Palopommit olivat sytytt\u00e4neet sen. N\u00e4kym\u00e4 antoi todellisuutta ilmahy\u00f6kk\u00e4ykselle. L\u00e4hdin v\u00e4litt\u00f6m\u00e4sti kotiin p\u00e4in. Kadut olivat t\u00e4ynn\u00e4 lasinsiruja.<\/p>\n<p>Mit\u00e4 l\u00e4hemm\u00e4ksi L\u00f6nnrotinkatua tulin, sit\u00e4 ilmeisemm\u00e4ksi k\u00e4vi, ett\u00e4 pommeja oli osunut sinnep\u00e4in. Koneet olivat tulleet merelt\u00e4 p\u00e4in yhten\u00e4 aaltona kaupungin yli. J\u00e4lkeenp\u00e4in selvisi, ett\u00e4 ensimm\u00e4iset pommit olivat pudonneet Hietalahden rantaan, nykyisen W\u00e4rtsil\u00e4n telakan tienoille. Pommeja oli tullut my\u00f6s torille, Teknillisen korkeakoulun ja meid\u00e4n talomme p\u00e4\u00e4lle. My\u00f6hemmin oli selv\u00e4sti n\u00e4ht\u00e4viss\u00e4 pommitusura, joka ulottui rannasta yli linja-autoaseman ja Lasipalatsin.<\/p>\n<p>Kun tulin L\u00f6nnrotinkadulle, huomasin, ett\u00e4 taloomme oli osunut. Talo oli vastap\u00e4\u00e4t\u00e4 vanhaa Teknillist\u00e4 korkeakoulua, L\u00f6nnrotinkadun ja Abrahaminkadun kulmassa. Talon Abrahaminkadun puoleinen kulma oli jo sortunut.<\/p>\n<p>Asuntomme oli talon keskivaiheilla, joka oli viel\u00e4 pystyss\u00e4, mutta sekin liekeiss\u00e4. N\u00e4ky\u00e4 en unohda ikin\u00e4. Katu oli t\u00e4ynn\u00e4 ihmisi\u00e4. Haavoittuneita kannettiin ulos kaiken aikaa. Ambulanssit olivat t\u00e4ydess\u00e4 ty\u00f6ss\u00e4. N\u00e4ky oli kammottava. Koko katuosa oli suljettu, eik\u00e4 minua olisi p\u00e4\u00e4stetty alueelle. Poliisit pelk\u00e4siv\u00e4t sortumia. Kun selitin asuvani talossa, poliisit antoivat minun menn\u00e4 sis\u00e4lle omalla vastuullani.<\/p>\n<p>Hissi ei en\u00e4\u00e4 toiminut ja juoksin portaita yl\u00f6s viidenteen kerrokseen. En tiennyt menness\u00e4ni, oliko siell\u00e4 ket\u00e4\u00e4n. J\u00e4lkeenp\u00e4in selvisi, ett\u00e4 vanhempani olivat kaupungilla. Juoksin h\u00e4t\u00e4\u00e4ntyneen\u00e4 asuntomme l\u00e4pi. Verhot ja matot olivat tulessa. Jossakin huoneessa r\u00e4j\u00e4hteliv\u00e4t veljeni suojeluskuntakiv\u00e4\u00e4rin panokset. Kun en l\u00f6yt\u00e4nyt asunnosta ket\u00e4\u00e4n, palasin kadulle. En tiennyt mit\u00e4 tehd\u00e4.<\/p>\n<p>Minut h\u00e4\u00e4dettiin muiden ihmisten mukana pois rakennuksen l\u00e4hettyvilt\u00e4. Talo ei lopulta kokonaan sortunut, vaikka niin pel\u00e4ttiin.<\/p>\n<p>Talon sortuneen osan kulmassa oli pieni kahvila, jonne ihmiset olivat menneet kadulta pommituksia pakoon. Kaikkiaan siell\u00e4 kuoli 30-40 ihmist\u00e4. Osuma oli yksi pahimmista, mit\u00e4 Helsingiss\u00e4 tuona p\u00e4iv\u00e4n\u00e4 tapahtui.<\/p>\n<p>Kun en muutakaan keksinyt, menin er\u00e4\u00e4n l\u00e4hettyvill\u00e4 asuvan yst\u00e4v\u00e4ni luo. Vanhempani soittivatkin sitten sinne. Palattuaan kotiin ja n\u00e4hty\u00e4\u00e4n tilanteen, he arvasivat miss\u00e4 saatoin olla. Vanhemmilleni ensimm\u00e4inen sotap\u00e4iv\u00e4 oli hirvitt\u00e4v\u00e4 isku, jota min\u00e4 en viel\u00e4 nuorena koulupoikana t\u00e4ysin tajunnut. Kaikki piti hankkia alusta l\u00e4htien, kattiloita ja lakanoita my\u00f6ten. He olivat olleet naimisissa yli 20 vuotta ja saaneet aikaan jonkinlaisen kodin, joka nyt tuhoutui t\u00e4ysin. Is\u00e4ll\u00e4ni esimerkiksi oli suuri ja monella tavalla poikkeuksellinen kirjasto, jota ei voinut ajatella korvattavan.<\/p>\n<p>Is\u00e4lleni isku oli tavallaan kaksinkertainen. H\u00e4n oli asianajaja ja toimisto oli asunnon yhteydess\u00e4. Ainoa mit\u00e4 h\u00e4n palaneesta asunnosta sai, oli kassakaappi. Sekin oli palanut muodottomaksi ja avaaminen onnistui vain r\u00e4j\u00e4hdyspanoksella. Sis\u00e4ll\u00e4 olleet . asiakirjat olivat pahoin k\u00e4rventyneet. Kaikki muut paperit, joita asianajotoimistossa oli aikamoiset pinot, tuhoutuivat. T\u00e4m\u00e4 vaikeutti suuresti is\u00e4ni ty\u00f6n jatkamista.<\/p>\n<p>My\u00f6hemmin olen tajunnut, miksi vanhempani eiv\u00e4t en\u00e4\u00e4 koskaan ryhtyneet hankkimaan mit\u00e4\u00e4n muuta kuin v\u00e4ltt\u00e4m\u00e4tt\u00f6m\u00e4n. Materiaalisen omaisuuden hankkiminen ei heit\u00e4 en\u00e4\u00e4 kiinnostanut. My\u00f6s min\u00e4 koin silloin ensimm\u00e4isen kerran sen mit\u00e4 ihminen yleens\u00e4 sodassa kokee: materiaalisilla. seikoilla ei ole mit\u00e4\u00e4n merkityst\u00e4, kun tullaan perimm\u00e4isten kysymysten eteen. Vaikka minulla olisi ollut mahdollisuus ottaa palavasti asunnosta mukaani yht\u00e4 ja toista, se ei tullut mieleenik\u00e4\u00e4n. Olin vain kiinnostunut siit\u00e4, oliko asunnossa ket\u00e4\u00e4n. Vanhempani eiv\u00e4t ole koskaan j\u00e4lkeenp\u00e4in sanoneet, ett\u00e4 miksen ottanut sit\u00e4 tai sit\u00e4 mukaani.<\/p>\n<p>Jouduimme niiss\u00e4 vaatteissa, joihin olimme pukeutuneet, aloittamaan kaiken alusta. Ensimm\u00e4isen y\u00f6n asuimme hotelli K\u00e4mpiss\u00e4. Tunnelma hotellissa oli vakava. Koko perhe oli sokkitilassa. Illasta ja y\u00f6st\u00e4 en muista mit\u00e4\u00e4n. Seuraavana p\u00e4iv\u00e4n\u00e4 ryhdyimme j\u00e4rjestelem\u00e4\u00e4n asioita sukulaisten ja yst\u00e4vien avulla. Muutaman p\u00e4iv\u00e4n kuluttua saimme sitten sattumalta lainaksi er\u00e4\u00e4n tuttavamme asunnon.<\/p>\n<p>Seppo Ker\u00e4nen \/ Martti H\u00e4iki\u00f6: Kirjayhtym\u00e4, Gummerus 1979<\/p>\n<\/div><\/section>\n","protected":false},"excerpt":{"rendered":"","protected":false},"author":2,"featured_media":0,"parent":1894,"menu_order":0,"comment_status":"closed","ping_status":"closed","template":"","meta":{"footnotes":""},"class_list":["post-1906","page","type-page","status-publish","hentry"],"yoast_head":"<!-- This site is optimized with the Yoast SEO plugin v27.5 - https:\/\/yoast.com\/product\/yoast-seo-wordpress\/ -->\n<title>Kun sota syttyi 30.11.1939 - Veteraanien Perint\u00f6<\/title>\n<meta name=\"robots\" content=\"index, follow, max-snippet:-1, max-image-preview:large, max-video-preview:-1\" \/>\n<link rel=\"canonical\" href=\"https:\/\/veteraanienperinto.fi\/index.php\/talvisota-etusivu\/talvisodan-kertomukset\/kotirintama\/kotirintaman-tunnelmia\/kun-sota-syttyi-30-11-1939\/\" \/>\n<meta property=\"og:locale\" content=\"fi_FI\" \/>\n<meta property=\"og:type\" content=\"article\" \/>\n<meta property=\"og:title\" content=\"Kun sota syttyi 30.11.1939 - Veteraanien Perint\u00f6\" \/>\n<meta property=\"og:url\" content=\"https:\/\/veteraanienperinto.fi\/index.php\/talvisota-etusivu\/talvisodan-kertomukset\/kotirintama\/kotirintaman-tunnelmia\/kun-sota-syttyi-30-11-1939\/\" \/>\n<meta property=\"og:site_name\" content=\"Veteraanien Perint\u00f6\" \/>\n<meta property=\"article:modified_time\" content=\"2020-12-15T15:32:08+00:00\" \/>\n<meta property=\"og:image\" content=\"https:\/\/veteraanienperinto.fi\/wp-content\/uploads\/2020\/12\/jacobsson.jpg\" \/>\n<meta name=\"twitter:card\" content=\"summary_large_image\" \/>\n<meta name=\"twitter:label1\" content=\"Arvioitu lukuaika\" \/>\n\t<meta name=\"twitter:data1\" content=\"7 minuuttia\" \/>\n<script type=\"application\/ld+json\" class=\"yoast-schema-graph\">{\"@context\":\"https:\\\/\\\/schema.org\",\"@graph\":[{\"@type\":\"WebPage\",\"@id\":\"https:\\\/\\\/veteraanienperinto.fi\\\/index.php\\\/talvisota-etusivu\\\/talvisodan-kertomukset\\\/kotirintama\\\/kotirintaman-tunnelmia\\\/kun-sota-syttyi-30-11-1939\\\/\",\"url\":\"https:\\\/\\\/veteraanienperinto.fi\\\/index.php\\\/talvisota-etusivu\\\/talvisodan-kertomukset\\\/kotirintama\\\/kotirintaman-tunnelmia\\\/kun-sota-syttyi-30-11-1939\\\/\",\"name\":\"Kun sota syttyi 30.11.1939 - Veteraanien Perint\u00f6\",\"isPartOf\":{\"@id\":\"https:\\\/\\\/veteraanienperinto.fi\\\/#website\"},\"primaryImageOfPage\":{\"@id\":\"https:\\\/\\\/veteraanienperinto.fi\\\/index.php\\\/talvisota-etusivu\\\/talvisodan-kertomukset\\\/kotirintama\\\/kotirintaman-tunnelmia\\\/kun-sota-syttyi-30-11-1939\\\/#primaryimage\"},\"image\":{\"@id\":\"https:\\\/\\\/veteraanienperinto.fi\\\/index.php\\\/talvisota-etusivu\\\/talvisodan-kertomukset\\\/kotirintama\\\/kotirintaman-tunnelmia\\\/kun-sota-syttyi-30-11-1939\\\/#primaryimage\"},\"thumbnailUrl\":\"https:\\\/\\\/veteraanienperinto.fi\\\/wp-content\\\/uploads\\\/2020\\\/12\\\/jacobsson.jpg\",\"datePublished\":\"2020-08-31T11:47:39+00:00\",\"dateModified\":\"2020-12-15T15:32:08+00:00\",\"breadcrumb\":{\"@id\":\"https:\\\/\\\/veteraanienperinto.fi\\\/index.php\\\/talvisota-etusivu\\\/talvisodan-kertomukset\\\/kotirintama\\\/kotirintaman-tunnelmia\\\/kun-sota-syttyi-30-11-1939\\\/#breadcrumb\"},\"inLanguage\":\"fi\",\"potentialAction\":[{\"@type\":\"ReadAction\",\"target\":[\"https:\\\/\\\/veteraanienperinto.fi\\\/index.php\\\/talvisota-etusivu\\\/talvisodan-kertomukset\\\/kotirintama\\\/kotirintaman-tunnelmia\\\/kun-sota-syttyi-30-11-1939\\\/\"]}]},{\"@type\":\"ImageObject\",\"inLanguage\":\"fi\",\"@id\":\"https:\\\/\\\/veteraanienperinto.fi\\\/index.php\\\/talvisota-etusivu\\\/talvisodan-kertomukset\\\/kotirintama\\\/kotirintaman-tunnelmia\\\/kun-sota-syttyi-30-11-1939\\\/#primaryimage\",\"url\":\"https:\\\/\\\/veteraanienperinto.fi\\\/wp-content\\\/uploads\\\/2020\\\/12\\\/jacobsson.jpg\",\"contentUrl\":\"https:\\\/\\\/veteraanienperinto.fi\\\/wp-content\\\/uploads\\\/2020\\\/12\\\/jacobsson.jpg\",\"width\":300,\"height\":254},{\"@type\":\"BreadcrumbList\",\"@id\":\"https:\\\/\\\/veteraanienperinto.fi\\\/index.php\\\/talvisota-etusivu\\\/talvisodan-kertomukset\\\/kotirintama\\\/kotirintaman-tunnelmia\\\/kun-sota-syttyi-30-11-1939\\\/#breadcrumb\",\"itemListElement\":[{\"@type\":\"ListItem\",\"position\":1,\"name\":\"Etusivu\",\"item\":\"https:\\\/\\\/veteraanienperinto.fi\\\/index.php\\\/etusivu-2\\\/\"},{\"@type\":\"ListItem\",\"position\":2,\"name\":\"Talvisota\",\"item\":\"https:\\\/\\\/veteraanienperinto.fi\\\/index.php\\\/talvisota-etusivu\\\/\"},{\"@type\":\"ListItem\",\"position\":3,\"name\":\"Talvisodan kertomukset\",\"item\":\"https:\\\/\\\/veteraanienperinto.fi\\\/index.php\\\/talvisota-etusivu\\\/talvisodan-kertomukset\\\/\"},{\"@type\":\"ListItem\",\"position\":4,\"name\":\"Kotirintama\",\"item\":\"https:\\\/\\\/veteraanienperinto.fi\\\/index.php\\\/talvisota-etusivu\\\/talvisodan-kertomukset\\\/kotirintama\\\/\"},{\"@type\":\"ListItem\",\"position\":5,\"name\":\"Kotirintaman tunnelmia\",\"item\":\"https:\\\/\\\/veteraanienperinto.fi\\\/index.php\\\/talvisota-etusivu\\\/talvisodan-kertomukset\\\/kotirintama\\\/kotirintaman-tunnelmia\\\/\"},{\"@type\":\"ListItem\",\"position\":6,\"name\":\"Kun sota syttyi 30.11.1939\"}]},{\"@type\":\"WebSite\",\"@id\":\"https:\\\/\\\/veteraanienperinto.fi\\\/#website\",\"url\":\"https:\\\/\\\/veteraanienperinto.fi\\\/\",\"name\":\"Veteraanien Perint\u00f6\",\"description\":\"Kadettikunta\",\"potentialAction\":[{\"@type\":\"SearchAction\",\"target\":{\"@type\":\"EntryPoint\",\"urlTemplate\":\"https:\\\/\\\/veteraanienperinto.fi\\\/?s={search_term_string}\"},\"query-input\":{\"@type\":\"PropertyValueSpecification\",\"valueRequired\":true,\"valueName\":\"search_term_string\"}}],\"inLanguage\":\"fi\"}]}<\/script>\n<!-- \/ Yoast SEO plugin. -->","yoast_head_json":{"title":"Kun sota syttyi 30.11.1939 - Veteraanien Perint\u00f6","robots":{"index":"index","follow":"follow","max-snippet":"max-snippet:-1","max-image-preview":"max-image-preview:large","max-video-preview":"max-video-preview:-1"},"canonical":"https:\/\/veteraanienperinto.fi\/index.php\/talvisota-etusivu\/talvisodan-kertomukset\/kotirintama\/kotirintaman-tunnelmia\/kun-sota-syttyi-30-11-1939\/","og_locale":"fi_FI","og_type":"article","og_title":"Kun sota syttyi 30.11.1939 - Veteraanien Perint\u00f6","og_url":"https:\/\/veteraanienperinto.fi\/index.php\/talvisota-etusivu\/talvisodan-kertomukset\/kotirintama\/kotirintaman-tunnelmia\/kun-sota-syttyi-30-11-1939\/","og_site_name":"Veteraanien Perint\u00f6","article_modified_time":"2020-12-15T15:32:08+00:00","og_image":[{"url":"https:\/\/veteraanienperinto.fi\/wp-content\/uploads\/2020\/12\/jacobsson.jpg","type":"","width":"","height":""}],"twitter_card":"summary_large_image","twitter_misc":{"Arvioitu lukuaika":"7 minuuttia"},"schema":{"@context":"https:\/\/schema.org","@graph":[{"@type":"WebPage","@id":"https:\/\/veteraanienperinto.fi\/index.php\/talvisota-etusivu\/talvisodan-kertomukset\/kotirintama\/kotirintaman-tunnelmia\/kun-sota-syttyi-30-11-1939\/","url":"https:\/\/veteraanienperinto.fi\/index.php\/talvisota-etusivu\/talvisodan-kertomukset\/kotirintama\/kotirintaman-tunnelmia\/kun-sota-syttyi-30-11-1939\/","name":"Kun sota syttyi 30.11.1939 - Veteraanien Perint\u00f6","isPartOf":{"@id":"https:\/\/veteraanienperinto.fi\/#website"},"primaryImageOfPage":{"@id":"https:\/\/veteraanienperinto.fi\/index.php\/talvisota-etusivu\/talvisodan-kertomukset\/kotirintama\/kotirintaman-tunnelmia\/kun-sota-syttyi-30-11-1939\/#primaryimage"},"image":{"@id":"https:\/\/veteraanienperinto.fi\/index.php\/talvisota-etusivu\/talvisodan-kertomukset\/kotirintama\/kotirintaman-tunnelmia\/kun-sota-syttyi-30-11-1939\/#primaryimage"},"thumbnailUrl":"https:\/\/veteraanienperinto.fi\/wp-content\/uploads\/2020\/12\/jacobsson.jpg","datePublished":"2020-08-31T11:47:39+00:00","dateModified":"2020-12-15T15:32:08+00:00","breadcrumb":{"@id":"https:\/\/veteraanienperinto.fi\/index.php\/talvisota-etusivu\/talvisodan-kertomukset\/kotirintama\/kotirintaman-tunnelmia\/kun-sota-syttyi-30-11-1939\/#breadcrumb"},"inLanguage":"fi","potentialAction":[{"@type":"ReadAction","target":["https:\/\/veteraanienperinto.fi\/index.php\/talvisota-etusivu\/talvisodan-kertomukset\/kotirintama\/kotirintaman-tunnelmia\/kun-sota-syttyi-30-11-1939\/"]}]},{"@type":"ImageObject","inLanguage":"fi","@id":"https:\/\/veteraanienperinto.fi\/index.php\/talvisota-etusivu\/talvisodan-kertomukset\/kotirintama\/kotirintaman-tunnelmia\/kun-sota-syttyi-30-11-1939\/#primaryimage","url":"https:\/\/veteraanienperinto.fi\/wp-content\/uploads\/2020\/12\/jacobsson.jpg","contentUrl":"https:\/\/veteraanienperinto.fi\/wp-content\/uploads\/2020\/12\/jacobsson.jpg","width":300,"height":254},{"@type":"BreadcrumbList","@id":"https:\/\/veteraanienperinto.fi\/index.php\/talvisota-etusivu\/talvisodan-kertomukset\/kotirintama\/kotirintaman-tunnelmia\/kun-sota-syttyi-30-11-1939\/#breadcrumb","itemListElement":[{"@type":"ListItem","position":1,"name":"Etusivu","item":"https:\/\/veteraanienperinto.fi\/index.php\/etusivu-2\/"},{"@type":"ListItem","position":2,"name":"Talvisota","item":"https:\/\/veteraanienperinto.fi\/index.php\/talvisota-etusivu\/"},{"@type":"ListItem","position":3,"name":"Talvisodan kertomukset","item":"https:\/\/veteraanienperinto.fi\/index.php\/talvisota-etusivu\/talvisodan-kertomukset\/"},{"@type":"ListItem","position":4,"name":"Kotirintama","item":"https:\/\/veteraanienperinto.fi\/index.php\/talvisota-etusivu\/talvisodan-kertomukset\/kotirintama\/"},{"@type":"ListItem","position":5,"name":"Kotirintaman tunnelmia","item":"https:\/\/veteraanienperinto.fi\/index.php\/talvisota-etusivu\/talvisodan-kertomukset\/kotirintama\/kotirintaman-tunnelmia\/"},{"@type":"ListItem","position":6,"name":"Kun sota syttyi 30.11.1939"}]},{"@type":"WebSite","@id":"https:\/\/veteraanienperinto.fi\/#website","url":"https:\/\/veteraanienperinto.fi\/","name":"Veteraanien Perint\u00f6","description":"Kadettikunta","potentialAction":[{"@type":"SearchAction","target":{"@type":"EntryPoint","urlTemplate":"https:\/\/veteraanienperinto.fi\/?s={search_term_string}"},"query-input":{"@type":"PropertyValueSpecification","valueRequired":true,"valueName":"search_term_string"}}],"inLanguage":"fi"}]}},"_links":{"self":[{"href":"https:\/\/veteraanienperinto.fi\/index.php\/wp-json\/wp\/v2\/pages\/1906","targetHints":{"allow":["GET"]}}],"collection":[{"href":"https:\/\/veteraanienperinto.fi\/index.php\/wp-json\/wp\/v2\/pages"}],"about":[{"href":"https:\/\/veteraanienperinto.fi\/index.php\/wp-json\/wp\/v2\/types\/page"}],"author":[{"embeddable":true,"href":"https:\/\/veteraanienperinto.fi\/index.php\/wp-json\/wp\/v2\/users\/2"}],"replies":[{"embeddable":true,"href":"https:\/\/veteraanienperinto.fi\/index.php\/wp-json\/wp\/v2\/comments?post=1906"}],"version-history":[{"count":4,"href":"https:\/\/veteraanienperinto.fi\/index.php\/wp-json\/wp\/v2\/pages\/1906\/revisions"}],"predecessor-version":[{"id":8030,"href":"https:\/\/veteraanienperinto.fi\/index.php\/wp-json\/wp\/v2\/pages\/1906\/revisions\/8030"}],"up":[{"embeddable":true,"href":"https:\/\/veteraanienperinto.fi\/index.php\/wp-json\/wp\/v2\/pages\/1894"}],"wp:attachment":[{"href":"https:\/\/veteraanienperinto.fi\/index.php\/wp-json\/wp\/v2\/media?parent=1906"}],"curies":[{"name":"wp","href":"https:\/\/api.w.org\/{rel}","templated":true}]}}