{"id":2097,"date":"2020-08-31T12:21:22","date_gmt":"2020-08-31T12:21:22","guid":{"rendered":"https:\/\/veteraani.ylirotu.fi\/?page_id=2097"},"modified":"2020-08-31T12:21:22","modified_gmt":"2020-08-31T12:21:22","slug":"sota-aikana-maalaistalossa","status":"publish","type":"page","link":"https:\/\/veteraanienperinto.fi\/index.php\/talvisota-etusivu\/talvisodan-kertomukset\/kotirintama\/saannostely\/sota-aikana-maalaistalossa\/","title":{"rendered":"Sota-aikana maalaistalossa"},"content":{"rendered":"\n<style type=\"text\/css\" data-created_by=\"avia_inline_auto\" id=\"style-css-av-keihrgbs-f3370ac2f5336a525b2e1098456424ac\">\n#top .av-special-heading.av-keihrgbs-f3370ac2f5336a525b2e1098456424ac{\npadding-bottom:10px;\n}\nbody .av-special-heading.av-keihrgbs-f3370ac2f5336a525b2e1098456424ac .av-special-heading-tag .heading-char{\nfont-size:25px;\n}\n.av-special-heading.av-keihrgbs-f3370ac2f5336a525b2e1098456424ac .av-subheading{\nfont-size:15px;\n}\n<\/style>\n<div  class='av-special-heading av-keihrgbs-f3370ac2f5336a525b2e1098456424ac av-special-heading-h3  avia-builder-el-0  el_before_av_textblock  avia-builder-el-first '><h3 class='av-special-heading-tag'  itemprop=\"headline\"  >Sota-aikana maalaistalossa<\/h3><div class=\"special-heading-border\"><div class=\"special-heading-inner-border\"><\/div><\/div><\/div>\n<section  class='av_textblock_section av-kei9w74n-7b0f008125a778f48432b9a614d90d0f '   itemscope=\"itemscope\" itemtype=\"https:\/\/schema.org\/CreativeWork\" ><div class='avia_textblock'  itemprop=\"text\" ><p><strong>Valto Vihinen:<\/strong><\/p>\n<p><strong>Talvisota<\/strong><\/p>\n<p>Lapsuudenkotini oli iso maalaistalo. Sodan synkkien pilvien aikakauden ilmestyess\u00e4 Euroopan taivaalle 1939 olin viisivuotias pikkupoika. Niin\u00e4 vuosina tapahtui minunkin kodissani ja sen ulkopuolella paljon normaaliel\u00e4m\u00e4st\u00e4 poikkeavia tapahtumia, jotka poikkeavat nykyp\u00e4iv\u00e4n viisivuotiaan el\u00e4m\u00e4n rytmist\u00e4. Lokakuun puoliv\u00e4liss\u00e4 1939 alkoi YH. Kuusi set\u00e4\u00e4ni l\u00e4hti samanaikaisesti. Is\u00e4ni oli l\u00e4htenyt jo kolme viikkoa aikaisemmin palveltuaan ilmavoimissa.<\/p>\n<p>L\u00e4htiess\u00e4\u00e4n toiseksi nuorin veljeksist\u00e4, Eero nimelt\u00e4\u00e4n sanoi: &#8221;Kyll\u00e4 t\u00e4st\u00e4 sota tulee, mutta ei se minun kohdallani kauan kest\u00e4. Min\u00e4 k\u00e4velen aina kolme askelta ryhm\u00e4ni edell\u00e4, jolloin minun sotani on pian sodittu&#8221;. Yhden kuukauden h\u00e4nen sotansa kesti. Joulukuun 29:n\u00e4 Eero kaatui Lemetin taisteluissa. H\u00e4nen ruumistaan ei saatu kotiseudulle, vaan siunattiin kent\u00e4lle j\u00e4\u00e4neen\u00e4 Kangasalan sankarihautaan 5. kes\u00e4kuuta 1940.<\/p>\n<p>Talon em\u00e4nnyys ja is\u00e4nnyys j\u00e4iv\u00e4t 26-vuotiaan naisen harteille. Kansanhuollon m\u00e4\u00e4r\u00e4\u00e4m\u00e4t viljan ja heinien luovutukset tehtiin. Armeija tarvitsi piikkilankaa. Sit\u00e4kin h\u00e4n keri laidunaidoista. Olisi kai ker\u00e4nnyt kaikki, mutta naapurin is\u00e4nn\u00e4t sanoivat, ett\u00e4 kyll\u00e4 se jo teilt\u00e4 riitt\u00e4\u00e4.<\/p>\n<p>Sodan alkup\u00e4ivin\u00e4 tuli taloon seitsem\u00e4n perhett\u00e4 evakkoon Tampereelta, Lappeenrannasta ja Viipurista pommituksilta turvaan. Lappeenrantalainen rouva oli ammatiltaan r\u00e4\u00e4t\u00e4li. H\u00e4n ompeli aamusta iltaan armeijalle lumipukuja.<\/p>\n<p>Vihollisen pommikoneet lensiv\u00e4t ylitsemme k\u00e4ydess\u00e4\u00e4n Tamperetta pommittamassa. Me lapset ker\u00e4\u00e4nnyimme pihamaalle niit\u00e4 katsomaan. Is\u00e4n tultua lomalle ja n\u00e4hty\u00e4\u00e4n meid\u00e4n kiinnostuksemme h\u00e4n kielsi jyrk\u00e4sti olemasta ulkosalla ja n\u00e4kyviss\u00e4 lentokoneiden lent\u00e4ess\u00e4.<\/p>\n<p>Talon nuori em\u00e4nt\u00e4 oli kirjeenvaihdossa kaikkien 7 veljeksen kanssa. Paketteja h\u00e4n l\u00e4hetti heille kaikille, sek\u00e4 viel\u00e4 tuntemattomien sotilaiden paketteja, joihin talossa olevat nuoret tyt\u00f6t laittoivat omia kirjeit\u00e4\u00e4n vastauksien toivossa. Joskus heit\u00e4 onnistikin ja saivat vastauskirjeen.<\/p>\n<p>Olimme my\u00f6s viestin v\u00e4litt\u00e4jin\u00e4 kotikyl\u00e4ss\u00e4, koska meill\u00e4 oli ainoa puhelin. Suojelukunnan esikunnasta tuli usein viestej\u00e4 toimitettavaksi. Min\u00e4 olin viestimies, joka ne toimitti perille.<\/p>\n<p>Talvisodan p\u00e4\u00e4tytty\u00e4 13.3.1940 palasivat kaupunkien sotapakolaiset kotiseudulleen. V\u00e4hitellen palasivat meid\u00e4nkin talon miehet kotiin likaisin, repaleisin vaattein ja t\u00e4iarmeija mukanaan. Alkoi tulla my\u00f6s uusia evakkoja, karjalaisten perheit\u00e4. Kivennapalaisia sijoitettiin Kangasalle. Meille tuli perhe, jossa oli nelj\u00e4 sukupolvea. He saivat meilt\u00e4 asutustilan, josta muodostettiin 4 eri tilaa. He eiv\u00e4t kuitenkaan ehtineet rakentamaan tilojansa, kun tuli uusi sota.<\/p>\n<p>Pirkanmaan Sotaveteraanien joulu 1997<\/p>\n<\/div><\/section>\n","protected":false},"excerpt":{"rendered":"","protected":false},"author":2,"featured_media":0,"parent":1897,"menu_order":0,"comment_status":"closed","ping_status":"closed","template":"","meta":{"footnotes":""},"class_list":["post-2097","page","type-page","status-publish","hentry"],"yoast_head":"<!-- This site is optimized with the Yoast SEO plugin v27.5 - https:\/\/yoast.com\/product\/yoast-seo-wordpress\/ -->\n<title>Sota-aikana maalaistalossa - Veteraanien Perint\u00f6<\/title>\n<meta name=\"robots\" content=\"index, follow, max-snippet:-1, max-image-preview:large, max-video-preview:-1\" \/>\n<link rel=\"canonical\" href=\"https:\/\/veteraanienperinto.fi\/index.php\/talvisota-etusivu\/talvisodan-kertomukset\/kotirintama\/saannostely\/sota-aikana-maalaistalossa\/\" \/>\n<meta property=\"og:locale\" content=\"fi_FI\" \/>\n<meta property=\"og:type\" content=\"article\" \/>\n<meta property=\"og:title\" content=\"Sota-aikana maalaistalossa - Veteraanien Perint\u00f6\" \/>\n<meta property=\"og:url\" content=\"https:\/\/veteraanienperinto.fi\/index.php\/talvisota-etusivu\/talvisodan-kertomukset\/kotirintama\/saannostely\/sota-aikana-maalaistalossa\/\" \/>\n<meta property=\"og:site_name\" content=\"Veteraanien Perint\u00f6\" \/>\n<meta name=\"twitter:card\" content=\"summary_large_image\" \/>\n<meta name=\"twitter:label1\" content=\"Arvioitu lukuaika\" \/>\n\t<meta name=\"twitter:data1\" content=\"2 minuuttia\" \/>\n<script type=\"application\/ld+json\" class=\"yoast-schema-graph\">{\"@context\":\"https:\\\/\\\/schema.org\",\"@graph\":[{\"@type\":\"WebPage\",\"@id\":\"https:\\\/\\\/veteraanienperinto.fi\\\/index.php\\\/talvisota-etusivu\\\/talvisodan-kertomukset\\\/kotirintama\\\/saannostely\\\/sota-aikana-maalaistalossa\\\/\",\"url\":\"https:\\\/\\\/veteraanienperinto.fi\\\/index.php\\\/talvisota-etusivu\\\/talvisodan-kertomukset\\\/kotirintama\\\/saannostely\\\/sota-aikana-maalaistalossa\\\/\",\"name\":\"Sota-aikana maalaistalossa - Veteraanien Perint\u00f6\",\"isPartOf\":{\"@id\":\"https:\\\/\\\/veteraanienperinto.fi\\\/#website\"},\"datePublished\":\"2020-08-31T12:21:22+00:00\",\"breadcrumb\":{\"@id\":\"https:\\\/\\\/veteraanienperinto.fi\\\/index.php\\\/talvisota-etusivu\\\/talvisodan-kertomukset\\\/kotirintama\\\/saannostely\\\/sota-aikana-maalaistalossa\\\/#breadcrumb\"},\"inLanguage\":\"fi\",\"potentialAction\":[{\"@type\":\"ReadAction\",\"target\":[\"https:\\\/\\\/veteraanienperinto.fi\\\/index.php\\\/talvisota-etusivu\\\/talvisodan-kertomukset\\\/kotirintama\\\/saannostely\\\/sota-aikana-maalaistalossa\\\/\"]}]},{\"@type\":\"BreadcrumbList\",\"@id\":\"https:\\\/\\\/veteraanienperinto.fi\\\/index.php\\\/talvisota-etusivu\\\/talvisodan-kertomukset\\\/kotirintama\\\/saannostely\\\/sota-aikana-maalaistalossa\\\/#breadcrumb\",\"itemListElement\":[{\"@type\":\"ListItem\",\"position\":1,\"name\":\"Etusivu\",\"item\":\"https:\\\/\\\/veteraanienperinto.fi\\\/index.php\\\/etusivu-2\\\/\"},{\"@type\":\"ListItem\",\"position\":2,\"name\":\"Talvisota\",\"item\":\"https:\\\/\\\/veteraanienperinto.fi\\\/index.php\\\/talvisota-etusivu\\\/\"},{\"@type\":\"ListItem\",\"position\":3,\"name\":\"Talvisodan kertomukset\",\"item\":\"https:\\\/\\\/veteraanienperinto.fi\\\/index.php\\\/talvisota-etusivu\\\/talvisodan-kertomukset\\\/\"},{\"@type\":\"ListItem\",\"position\":4,\"name\":\"Kotirintama\",\"item\":\"https:\\\/\\\/veteraanienperinto.fi\\\/index.php\\\/talvisota-etusivu\\\/talvisodan-kertomukset\\\/kotirintama\\\/\"},{\"@type\":\"ListItem\",\"position\":5,\"name\":\"S\u00e4\u00e4nn\u00f6stely\",\"item\":\"https:\\\/\\\/veteraanienperinto.fi\\\/index.php\\\/talvisota-etusivu\\\/talvisodan-kertomukset\\\/kotirintama\\\/saannostely\\\/\"},{\"@type\":\"ListItem\",\"position\":6,\"name\":\"Sota-aikana maalaistalossa\"}]},{\"@type\":\"WebSite\",\"@id\":\"https:\\\/\\\/veteraanienperinto.fi\\\/#website\",\"url\":\"https:\\\/\\\/veteraanienperinto.fi\\\/\",\"name\":\"Veteraanien Perint\u00f6\",\"description\":\"Kadettikunta\",\"potentialAction\":[{\"@type\":\"SearchAction\",\"target\":{\"@type\":\"EntryPoint\",\"urlTemplate\":\"https:\\\/\\\/veteraanienperinto.fi\\\/?s={search_term_string}\"},\"query-input\":{\"@type\":\"PropertyValueSpecification\",\"valueRequired\":true,\"valueName\":\"search_term_string\"}}],\"inLanguage\":\"fi\"}]}<\/script>\n<!-- \/ Yoast SEO plugin. -->","yoast_head_json":{"title":"Sota-aikana maalaistalossa - Veteraanien Perint\u00f6","robots":{"index":"index","follow":"follow","max-snippet":"max-snippet:-1","max-image-preview":"max-image-preview:large","max-video-preview":"max-video-preview:-1"},"canonical":"https:\/\/veteraanienperinto.fi\/index.php\/talvisota-etusivu\/talvisodan-kertomukset\/kotirintama\/saannostely\/sota-aikana-maalaistalossa\/","og_locale":"fi_FI","og_type":"article","og_title":"Sota-aikana maalaistalossa - Veteraanien Perint\u00f6","og_url":"https:\/\/veteraanienperinto.fi\/index.php\/talvisota-etusivu\/talvisodan-kertomukset\/kotirintama\/saannostely\/sota-aikana-maalaistalossa\/","og_site_name":"Veteraanien Perint\u00f6","twitter_card":"summary_large_image","twitter_misc":{"Arvioitu lukuaika":"2 minuuttia"},"schema":{"@context":"https:\/\/schema.org","@graph":[{"@type":"WebPage","@id":"https:\/\/veteraanienperinto.fi\/index.php\/talvisota-etusivu\/talvisodan-kertomukset\/kotirintama\/saannostely\/sota-aikana-maalaistalossa\/","url":"https:\/\/veteraanienperinto.fi\/index.php\/talvisota-etusivu\/talvisodan-kertomukset\/kotirintama\/saannostely\/sota-aikana-maalaistalossa\/","name":"Sota-aikana maalaistalossa - Veteraanien Perint\u00f6","isPartOf":{"@id":"https:\/\/veteraanienperinto.fi\/#website"},"datePublished":"2020-08-31T12:21:22+00:00","breadcrumb":{"@id":"https:\/\/veteraanienperinto.fi\/index.php\/talvisota-etusivu\/talvisodan-kertomukset\/kotirintama\/saannostely\/sota-aikana-maalaistalossa\/#breadcrumb"},"inLanguage":"fi","potentialAction":[{"@type":"ReadAction","target":["https:\/\/veteraanienperinto.fi\/index.php\/talvisota-etusivu\/talvisodan-kertomukset\/kotirintama\/saannostely\/sota-aikana-maalaistalossa\/"]}]},{"@type":"BreadcrumbList","@id":"https:\/\/veteraanienperinto.fi\/index.php\/talvisota-etusivu\/talvisodan-kertomukset\/kotirintama\/saannostely\/sota-aikana-maalaistalossa\/#breadcrumb","itemListElement":[{"@type":"ListItem","position":1,"name":"Etusivu","item":"https:\/\/veteraanienperinto.fi\/index.php\/etusivu-2\/"},{"@type":"ListItem","position":2,"name":"Talvisota","item":"https:\/\/veteraanienperinto.fi\/index.php\/talvisota-etusivu\/"},{"@type":"ListItem","position":3,"name":"Talvisodan kertomukset","item":"https:\/\/veteraanienperinto.fi\/index.php\/talvisota-etusivu\/talvisodan-kertomukset\/"},{"@type":"ListItem","position":4,"name":"Kotirintama","item":"https:\/\/veteraanienperinto.fi\/index.php\/talvisota-etusivu\/talvisodan-kertomukset\/kotirintama\/"},{"@type":"ListItem","position":5,"name":"S\u00e4\u00e4nn\u00f6stely","item":"https:\/\/veteraanienperinto.fi\/index.php\/talvisota-etusivu\/talvisodan-kertomukset\/kotirintama\/saannostely\/"},{"@type":"ListItem","position":6,"name":"Sota-aikana maalaistalossa"}]},{"@type":"WebSite","@id":"https:\/\/veteraanienperinto.fi\/#website","url":"https:\/\/veteraanienperinto.fi\/","name":"Veteraanien Perint\u00f6","description":"Kadettikunta","potentialAction":[{"@type":"SearchAction","target":{"@type":"EntryPoint","urlTemplate":"https:\/\/veteraanienperinto.fi\/?s={search_term_string}"},"query-input":{"@type":"PropertyValueSpecification","valueRequired":true,"valueName":"search_term_string"}}],"inLanguage":"fi"}]}},"_links":{"self":[{"href":"https:\/\/veteraanienperinto.fi\/index.php\/wp-json\/wp\/v2\/pages\/2097","targetHints":{"allow":["GET"]}}],"collection":[{"href":"https:\/\/veteraanienperinto.fi\/index.php\/wp-json\/wp\/v2\/pages"}],"about":[{"href":"https:\/\/veteraanienperinto.fi\/index.php\/wp-json\/wp\/v2\/types\/page"}],"author":[{"embeddable":true,"href":"https:\/\/veteraanienperinto.fi\/index.php\/wp-json\/wp\/v2\/users\/2"}],"replies":[{"embeddable":true,"href":"https:\/\/veteraanienperinto.fi\/index.php\/wp-json\/wp\/v2\/comments?post=2097"}],"version-history":[{"count":2,"href":"https:\/\/veteraanienperinto.fi\/index.php\/wp-json\/wp\/v2\/pages\/2097\/revisions"}],"predecessor-version":[{"id":5692,"href":"https:\/\/veteraanienperinto.fi\/index.php\/wp-json\/wp\/v2\/pages\/2097\/revisions\/5692"}],"up":[{"embeddable":true,"href":"https:\/\/veteraanienperinto.fi\/index.php\/wp-json\/wp\/v2\/pages\/1897"}],"wp:attachment":[{"href":"https:\/\/veteraanienperinto.fi\/index.php\/wp-json\/wp\/v2\/media?parent=2097"}],"curies":[{"name":"wp","href":"https:\/\/api.w.org\/{rel}","templated":true}]}}