{"id":2114,"date":"2020-08-31T12:38:33","date_gmt":"2020-08-31T12:38:33","guid":{"rendered":"https:\/\/veteraani.ylirotu.fi\/?page_id=2114"},"modified":"2020-08-31T12:38:33","modified_gmt":"2020-08-31T12:38:33","slug":"lahto-viipurista-evakkoon","status":"publish","type":"page","link":"https:\/\/veteraanienperinto.fi\/index.php\/talvisota-etusivu\/talvisodan-kertomukset\/kotirintama\/evakot\/lahto-viipurista-evakkoon\/","title":{"rendered":"L\u00e4ht\u00f6 Viipurista evakkoon"},"content":{"rendered":"\n<style type=\"text\/css\" data-created_by=\"avia_inline_auto\" id=\"style-css-av-keiidhv6-ae8eecace999fe4bd32fe9fc1cab3351\">\n#top .av-special-heading.av-keiidhv6-ae8eecace999fe4bd32fe9fc1cab3351{\npadding-bottom:10px;\n}\nbody .av-special-heading.av-keiidhv6-ae8eecace999fe4bd32fe9fc1cab3351 .av-special-heading-tag .heading-char{\nfont-size:25px;\n}\n.av-special-heading.av-keiidhv6-ae8eecace999fe4bd32fe9fc1cab3351 .av-subheading{\nfont-size:15px;\n}\n<\/style>\n<div  class='av-special-heading av-keiidhv6-ae8eecace999fe4bd32fe9fc1cab3351 av-special-heading-h3  avia-builder-el-0  el_before_av_textblock  avia-builder-el-first '><h3 class='av-special-heading-tag'  itemprop=\"headline\"  >L\u00e4ht\u00f6 Viipurista evakkoon<\/h3><div class=\"special-heading-border\"><div class=\"special-heading-inner-border\"><\/div><\/div><\/div>\n<section  class='av_textblock_section av-kei9w74n-7b0f008125a778f48432b9a614d90d0f '   itemscope=\"itemscope\" itemtype=\"https:\/\/schema.org\/CreativeWork\" ><div class='avia_textblock'  itemprop=\"text\" ><p><strong>Kalevi Marttinen:<\/strong><\/p>\n<p>Olin noin 12-vuotias koulupoika ja istuin viipurilaisen koulun luokkahuoneessa toverieni kanssa. Oli syksy 1939. eik\u00e4 sodanjulistusta Neuvostoliittokaan ollut tehnyt. Kesken tuntiamme kaupungin taivaalle ilmaantui punat\u00e4htisi\u00e4 lentokoneita ja h\u00e4lytysireenit alkoivat soida vaaran merkki\u00e4. Sy\u00f6ksyimme koulun alustaan surmanlintujen jyristess\u00e4 Viipurin yll\u00e4. Pommit alkoivat vinkua ja jyr\u00e4hdell\u00e4 kunnes &#8221;vaara ohi&#8221; merkki taas annettiin.<\/p>\n<p>Koko el\u00e4m\u00e4 tuntui olevan sekamelskaa ja muutaman p\u00e4iv\u00e4n p\u00e4\u00e4st\u00e4 poliisi toi k\u00e4skyn l\u00e4hte\u00e4 evakkoon vain ev\u00e4\u00e4t mukana. Tulimme Viipurin rautatieasemalle ja nousimme vaunuihin. Ilta jo h\u00e4m\u00e4r\u00e4si. Silloin alkoi uusi h\u00e4lytyksen ulina ja ikkunat junassa komennettiin peitt\u00e4m\u00e4\u00e4n, ettei valoa n\u00e4kyisi. Katsoin ulos verhon rakosesta. Taivas oli selke\u00e4 ja suuret m\u00e4\u00e4r\u00e4t punat\u00e4htisi\u00e4 pommikoneita oli kaupunkimme, p\u00e4\u00e4ll\u00e4. N\u00e4in pommien putoilevan ja Viipurin liekeiss\u00e4.<\/p>\n<p>Juna l\u00e4hti vavahdellen ilmanpaineesta. Emme saaneet osumaa ja jatkoimme matkaa l\u00e4nteen. Tienhaaran asemalla pys\u00e4hdyimme odottamaan sotilasjuna, joka pys\u00e4htyi viereiselle raiteelle.<\/p>\n<p>Silloin alkoi t\u00e4ysi sota. Sotilaat sy\u00f6ksyiv\u00e4t l\u00e4heiseen mets\u00e4\u00e4n aseineen ja ilmatorjuntatykkeineen. Ven\u00e4l\u00e4iset surmanlinnuillaan pommittivat ja tulittivat ratamme rikki edest\u00e4. Saimme m\u00e4\u00e4r\u00e4yksen siirty\u00e4 mets\u00e4\u00e4n. Juoksimme yli lumisen aukean ja melske ymp\u00e4rill\u00e4 oli hirmuinen.<\/p>\n<p>Oli pommien ja tykkien jyskett\u00e4, h\u00e4vitt\u00e4jien konekiv\u00e4\u00e4rien r\u00e4tin\u00e4\u00e4 ja sotilaiden kiv\u00e4\u00e4rien pauketta. Ilma kaikui my\u00f6s ihmisten pelon ja tuskan \u00e4\u00e4ni\u00e4. Monet hakivat toisiaan pimenev\u00e4ss\u00e4 lumisessa mets\u00e4ss\u00e4.<\/p>\n<p>L\u00e4\u00e4kint\u00e4miehet kantoivat paareilla haavoittuneita. Juoksin itse toisen pojan kanssa, kun sotilaat er\u00e4\u00e4n puun juurella huusivat heid\u00e4n luokseen. He kehottivat rauhallisuuteen ja pysym\u00e4\u00e4n pitk\u00e4ll\u00e4\u00e4n maassa. Itse he seisoivat puunrunkoon nojaten ja l\u00e4hestyvi\u00e4 viholliskoneita ampuen.<\/p>\n<p>Ven\u00e4l\u00e4isten konekiv\u00e4\u00e4rituli osui korvani vieress\u00e4 olevaan puunkantoon niin ett\u00e4 parkit lenteliv\u00e4t silmilleni.<\/p>\n<p>Jumalalle, kiitos, ett\u00e4 viel\u00e4 voin n\u00e4it\u00e4 murheen ja pelon aikoja muistella. Nelj\u00e4 tuntia makasimme siell\u00e4 lumisessa mets\u00e4ss\u00e4. Kun rata saatiin korjatuksi ja vaara oli ohi, p\u00e4\u00e4simme jatkamaan evakkomatkaa l\u00e4nteen.<\/p>\n<\/div><\/section>\n","protected":false},"excerpt":{"rendered":"","protected":false},"author":2,"featured_media":0,"parent":1900,"menu_order":2,"comment_status":"closed","ping_status":"closed","template":"","meta":{"footnotes":""},"class_list":["post-2114","page","type-page","status-publish","hentry"],"yoast_head":"<!-- This site is optimized with the Yoast SEO plugin v27.5 - https:\/\/yoast.com\/product\/yoast-seo-wordpress\/ -->\n<title>L\u00e4ht\u00f6 Viipurista evakkoon - Veteraanien Perint\u00f6<\/title>\n<meta name=\"robots\" content=\"index, follow, max-snippet:-1, max-image-preview:large, max-video-preview:-1\" \/>\n<link rel=\"canonical\" href=\"https:\/\/veteraanienperinto.fi\/index.php\/talvisota-etusivu\/talvisodan-kertomukset\/kotirintama\/evakot\/lahto-viipurista-evakkoon\/\" \/>\n<meta property=\"og:locale\" content=\"fi_FI\" \/>\n<meta property=\"og:type\" content=\"article\" \/>\n<meta property=\"og:title\" content=\"L\u00e4ht\u00f6 Viipurista evakkoon - Veteraanien Perint\u00f6\" \/>\n<meta property=\"og:url\" content=\"https:\/\/veteraanienperinto.fi\/index.php\/talvisota-etusivu\/talvisodan-kertomukset\/kotirintama\/evakot\/lahto-viipurista-evakkoon\/\" \/>\n<meta property=\"og:site_name\" content=\"Veteraanien Perint\u00f6\" \/>\n<meta name=\"twitter:card\" content=\"summary_large_image\" \/>\n<meta name=\"twitter:label1\" content=\"Arvioitu lukuaika\" \/>\n\t<meta name=\"twitter:data1\" content=\"2 minuuttia\" \/>\n<script type=\"application\/ld+json\" class=\"yoast-schema-graph\">{\"@context\":\"https:\\\/\\\/schema.org\",\"@graph\":[{\"@type\":\"WebPage\",\"@id\":\"https:\\\/\\\/veteraanienperinto.fi\\\/index.php\\\/talvisota-etusivu\\\/talvisodan-kertomukset\\\/kotirintama\\\/evakot\\\/lahto-viipurista-evakkoon\\\/\",\"url\":\"https:\\\/\\\/veteraanienperinto.fi\\\/index.php\\\/talvisota-etusivu\\\/talvisodan-kertomukset\\\/kotirintama\\\/evakot\\\/lahto-viipurista-evakkoon\\\/\",\"name\":\"L\u00e4ht\u00f6 Viipurista evakkoon - Veteraanien Perint\u00f6\",\"isPartOf\":{\"@id\":\"https:\\\/\\\/veteraanienperinto.fi\\\/#website\"},\"datePublished\":\"2020-08-31T12:38:33+00:00\",\"breadcrumb\":{\"@id\":\"https:\\\/\\\/veteraanienperinto.fi\\\/index.php\\\/talvisota-etusivu\\\/talvisodan-kertomukset\\\/kotirintama\\\/evakot\\\/lahto-viipurista-evakkoon\\\/#breadcrumb\"},\"inLanguage\":\"fi\",\"potentialAction\":[{\"@type\":\"ReadAction\",\"target\":[\"https:\\\/\\\/veteraanienperinto.fi\\\/index.php\\\/talvisota-etusivu\\\/talvisodan-kertomukset\\\/kotirintama\\\/evakot\\\/lahto-viipurista-evakkoon\\\/\"]}]},{\"@type\":\"BreadcrumbList\",\"@id\":\"https:\\\/\\\/veteraanienperinto.fi\\\/index.php\\\/talvisota-etusivu\\\/talvisodan-kertomukset\\\/kotirintama\\\/evakot\\\/lahto-viipurista-evakkoon\\\/#breadcrumb\",\"itemListElement\":[{\"@type\":\"ListItem\",\"position\":1,\"name\":\"Etusivu\",\"item\":\"https:\\\/\\\/veteraanienperinto.fi\\\/index.php\\\/etusivu-2\\\/\"},{\"@type\":\"ListItem\",\"position\":2,\"name\":\"Talvisota\",\"item\":\"https:\\\/\\\/veteraanienperinto.fi\\\/index.php\\\/talvisota-etusivu\\\/\"},{\"@type\":\"ListItem\",\"position\":3,\"name\":\"Talvisodan kertomukset\",\"item\":\"https:\\\/\\\/veteraanienperinto.fi\\\/index.php\\\/talvisota-etusivu\\\/talvisodan-kertomukset\\\/\"},{\"@type\":\"ListItem\",\"position\":4,\"name\":\"Kotirintama\",\"item\":\"https:\\\/\\\/veteraanienperinto.fi\\\/index.php\\\/talvisota-etusivu\\\/talvisodan-kertomukset\\\/kotirintama\\\/\"},{\"@type\":\"ListItem\",\"position\":5,\"name\":\"Evakot\",\"item\":\"https:\\\/\\\/veteraanienperinto.fi\\\/index.php\\\/talvisota-etusivu\\\/talvisodan-kertomukset\\\/kotirintama\\\/evakot\\\/\"},{\"@type\":\"ListItem\",\"position\":6,\"name\":\"L\u00e4ht\u00f6 Viipurista evakkoon\"}]},{\"@type\":\"WebSite\",\"@id\":\"https:\\\/\\\/veteraanienperinto.fi\\\/#website\",\"url\":\"https:\\\/\\\/veteraanienperinto.fi\\\/\",\"name\":\"Veteraanien Perint\u00f6\",\"description\":\"Kadettikunta\",\"potentialAction\":[{\"@type\":\"SearchAction\",\"target\":{\"@type\":\"EntryPoint\",\"urlTemplate\":\"https:\\\/\\\/veteraanienperinto.fi\\\/?s={search_term_string}\"},\"query-input\":{\"@type\":\"PropertyValueSpecification\",\"valueRequired\":true,\"valueName\":\"search_term_string\"}}],\"inLanguage\":\"fi\"}]}<\/script>\n<!-- \/ Yoast SEO plugin. -->","yoast_head_json":{"title":"L\u00e4ht\u00f6 Viipurista evakkoon - Veteraanien Perint\u00f6","robots":{"index":"index","follow":"follow","max-snippet":"max-snippet:-1","max-image-preview":"max-image-preview:large","max-video-preview":"max-video-preview:-1"},"canonical":"https:\/\/veteraanienperinto.fi\/index.php\/talvisota-etusivu\/talvisodan-kertomukset\/kotirintama\/evakot\/lahto-viipurista-evakkoon\/","og_locale":"fi_FI","og_type":"article","og_title":"L\u00e4ht\u00f6 Viipurista evakkoon - Veteraanien Perint\u00f6","og_url":"https:\/\/veteraanienperinto.fi\/index.php\/talvisota-etusivu\/talvisodan-kertomukset\/kotirintama\/evakot\/lahto-viipurista-evakkoon\/","og_site_name":"Veteraanien Perint\u00f6","twitter_card":"summary_large_image","twitter_misc":{"Arvioitu lukuaika":"2 minuuttia"},"schema":{"@context":"https:\/\/schema.org","@graph":[{"@type":"WebPage","@id":"https:\/\/veteraanienperinto.fi\/index.php\/talvisota-etusivu\/talvisodan-kertomukset\/kotirintama\/evakot\/lahto-viipurista-evakkoon\/","url":"https:\/\/veteraanienperinto.fi\/index.php\/talvisota-etusivu\/talvisodan-kertomukset\/kotirintama\/evakot\/lahto-viipurista-evakkoon\/","name":"L\u00e4ht\u00f6 Viipurista evakkoon - Veteraanien Perint\u00f6","isPartOf":{"@id":"https:\/\/veteraanienperinto.fi\/#website"},"datePublished":"2020-08-31T12:38:33+00:00","breadcrumb":{"@id":"https:\/\/veteraanienperinto.fi\/index.php\/talvisota-etusivu\/talvisodan-kertomukset\/kotirintama\/evakot\/lahto-viipurista-evakkoon\/#breadcrumb"},"inLanguage":"fi","potentialAction":[{"@type":"ReadAction","target":["https:\/\/veteraanienperinto.fi\/index.php\/talvisota-etusivu\/talvisodan-kertomukset\/kotirintama\/evakot\/lahto-viipurista-evakkoon\/"]}]},{"@type":"BreadcrumbList","@id":"https:\/\/veteraanienperinto.fi\/index.php\/talvisota-etusivu\/talvisodan-kertomukset\/kotirintama\/evakot\/lahto-viipurista-evakkoon\/#breadcrumb","itemListElement":[{"@type":"ListItem","position":1,"name":"Etusivu","item":"https:\/\/veteraanienperinto.fi\/index.php\/etusivu-2\/"},{"@type":"ListItem","position":2,"name":"Talvisota","item":"https:\/\/veteraanienperinto.fi\/index.php\/talvisota-etusivu\/"},{"@type":"ListItem","position":3,"name":"Talvisodan kertomukset","item":"https:\/\/veteraanienperinto.fi\/index.php\/talvisota-etusivu\/talvisodan-kertomukset\/"},{"@type":"ListItem","position":4,"name":"Kotirintama","item":"https:\/\/veteraanienperinto.fi\/index.php\/talvisota-etusivu\/talvisodan-kertomukset\/kotirintama\/"},{"@type":"ListItem","position":5,"name":"Evakot","item":"https:\/\/veteraanienperinto.fi\/index.php\/talvisota-etusivu\/talvisodan-kertomukset\/kotirintama\/evakot\/"},{"@type":"ListItem","position":6,"name":"L\u00e4ht\u00f6 Viipurista evakkoon"}]},{"@type":"WebSite","@id":"https:\/\/veteraanienperinto.fi\/#website","url":"https:\/\/veteraanienperinto.fi\/","name":"Veteraanien Perint\u00f6","description":"Kadettikunta","potentialAction":[{"@type":"SearchAction","target":{"@type":"EntryPoint","urlTemplate":"https:\/\/veteraanienperinto.fi\/?s={search_term_string}"},"query-input":{"@type":"PropertyValueSpecification","valueRequired":true,"valueName":"search_term_string"}}],"inLanguage":"fi"}]}},"_links":{"self":[{"href":"https:\/\/veteraanienperinto.fi\/index.php\/wp-json\/wp\/v2\/pages\/2114","targetHints":{"allow":["GET"]}}],"collection":[{"href":"https:\/\/veteraanienperinto.fi\/index.php\/wp-json\/wp\/v2\/pages"}],"about":[{"href":"https:\/\/veteraanienperinto.fi\/index.php\/wp-json\/wp\/v2\/types\/page"}],"author":[{"embeddable":true,"href":"https:\/\/veteraanienperinto.fi\/index.php\/wp-json\/wp\/v2\/users\/2"}],"replies":[{"embeddable":true,"href":"https:\/\/veteraanienperinto.fi\/index.php\/wp-json\/wp\/v2\/comments?post=2114"}],"version-history":[{"count":2,"href":"https:\/\/veteraanienperinto.fi\/index.php\/wp-json\/wp\/v2\/pages\/2114\/revisions"}],"predecessor-version":[{"id":5712,"href":"https:\/\/veteraanienperinto.fi\/index.php\/wp-json\/wp\/v2\/pages\/2114\/revisions\/5712"}],"up":[{"embeddable":true,"href":"https:\/\/veteraanienperinto.fi\/index.php\/wp-json\/wp\/v2\/pages\/1900"}],"wp:attachment":[{"href":"https:\/\/veteraanienperinto.fi\/index.php\/wp-json\/wp\/v2\/media?parent=2114"}],"curies":[{"name":"wp","href":"https:\/\/api.w.org\/{rel}","templated":true}]}}