{"id":2149,"date":"2020-08-31T13:07:01","date_gmt":"2020-08-31T13:07:01","guid":{"rendered":"https:\/\/veteraani.ylirotu.fi\/?page_id=2149"},"modified":"2020-08-31T13:07:01","modified_gmt":"2020-08-31T13:07:01","slug":"mantyvaaran-taistelu","status":"publish","type":"page","link":"https:\/\/veteraanienperinto.fi\/index.php\/talvisota-etusivu\/talvisodan-kertomukset\/kotirintama\/lotta-svard\/mantyvaaran-taistelu\/","title":{"rendered":"M\u00e4ntyvaaran taistelu"},"content":{"rendered":"\n<style type=\"text\/css\" data-created_by=\"avia_inline_auto\" id=\"style-css-av-keije52c-763cec2f75ca12d320ef0430eefe2c91\">\n#top .av-special-heading.av-keije52c-763cec2f75ca12d320ef0430eefe2c91{\npadding-bottom:10px;\n}\nbody .av-special-heading.av-keije52c-763cec2f75ca12d320ef0430eefe2c91 .av-special-heading-tag .heading-char{\nfont-size:25px;\n}\n.av-special-heading.av-keije52c-763cec2f75ca12d320ef0430eefe2c91 .av-subheading{\nfont-size:15px;\n}\n<\/style>\n<div  class='av-special-heading av-keije52c-763cec2f75ca12d320ef0430eefe2c91 av-special-heading-h3  avia-builder-el-0  el_before_av_textblock  avia-builder-el-first '><h3 class='av-special-heading-tag'  itemprop=\"headline\"  >M\u00e4ntyvaaran taistelu<\/h3><div class=\"special-heading-border\"><div class=\"special-heading-inner-border\"><\/div><\/div><\/div>\n<section  class='av_textblock_section av-kei9w74n-7b0f008125a778f48432b9a614d90d0f '   itemscope=\"itemscope\" itemtype=\"https:\/\/schema.org\/CreativeWork\" ><div class='avia_textblock'  itemprop=\"text\" ><p><strong>Vieno P\u00e4iv\u00e4rinta, ent. Ojala:<\/strong><\/p>\n<p>Talvisota oli alkanut, miehet olivat menneet ja kotiseutuni Kemij\u00e4rvi oli evakuoitu. Olin j\u00e4\u00e4nyt mieheni kotitaloon Kemij\u00e4rven Isollekyl\u00e4lle, sill\u00e4 olin ottanut teht\u00e4v\u00e4kseni M\u00e4ntyvaarassa olevan Sallan pataljoonan esikunnan kahvittamisen. Rintamalinja kulki silloin Joutsij\u00e4rven kyl\u00e4ss\u00e4, noin 7 km p\u00e4\u00e4ss\u00e4 M\u00e4ntyvaarasta.<\/p>\n<p>Kaki kertaa viikossa tein tuon kahvinkeittomatkan, v\u00e4lip\u00e4ivin\u00e4 leivoin nisut. Usein vein esikuntaan my\u00f6s tarvittavat l\u00e4\u00e4kkeet Kemij\u00e4rven apteekista. Toimin siis v\u00e4h\u00e4n samaan tapaan kuin se ensimm\u00e4inen lotta, josta Runeberg kertoo. Varsinaiset lotat ottivat hommat hoitaakseen vasta my\u00f6hemmin talvella.<\/p>\n<p>Minulla oli teht\u00e4v\u00e4\u00e4ni varten oikein kirjallinen lupa. Matka tein rintamalle meneviss\u00e4 autoissa. Useimmat automiehet tunsivat jo minut kahvikokiksi, joten siviilinaisen liikkuminen nisukoreineen ei ollut kovinkaan outoa. Tunsin olevani odotettu vieras siell\u00e4 rintaman tuntumassa.<\/p>\n<p>Joulukuun 20. p\u00e4iv\u00e4n\u00e4 1939 olin taas pusseineni ja laatikoineni menossa M\u00e4ntyvaaraan rintamalle ammuksia viev\u00e4n auton matkassa. Kuljettajakin oli entuudestaan tuttu mies, Veikko Ruokoj\u00e4rvi.<\/p>\n<p>Perill\u00e4 M\u00e4ntyvaarassa olimme heti puolen p\u00e4iv\u00e4n j\u00e4lkeen. Kuljettajalla oli kirje esikuntaan, joten h\u00e4n poikkesi siell\u00e4, mutta jatkoi heti matkaansa. Min\u00e4 j\u00e4in nostelemaan laatikoitani esikuntaan sis\u00e4lle.<\/p>\n<p>Esikunnan viestimies, joka hoiti my\u00f6s puhelinkeskusta, sanoi heti, ett\u00e4 vihollinen on nyt tuossa tien toisella puolella olevassa vaarassa. On kiert\u00e4nyt Kursusta vanhaa postitiet\u00e4 my\u00f6ten aikoen ilmeisesti katkaista Kemij\u00e4rvelt\u00e4 Joutsij\u00e4rvelle johtavan huoltotien.<\/p>\n<p>Samassa alkoi kiivas ampuminen. Meit\u00e4 j\u00e4i taloon kolme henkil\u00f6\u00e4, luutnantti Saajo, v\u00e4nrikki Hyv\u00f6nen ja min\u00e4, sill\u00e4 viestimies ja luutnantit Hissa, Norvio ja Eerola hypp\u00e4siv\u00e4t heti ammunnan alkaessa kamarin ikkunasta ulos ja juoksivat konekiv\u00e4\u00e4ripes\u00e4kkeelle.<\/p>\n<p>Nisulaatikot j\u00e4iv\u00e4t esikunnan rappusille, sill\u00e4 vihollinen alkoi heti tulittaa my\u00f6s esikuntarakennusta. Luodit vain viuhahtelivat talon hirsiseinien l\u00e4pi. Matkaa viholliseen oli muutama sata metri\u00e4.<\/p>\n<p>Luutnantti Saajo k\u00e4ski minun seisoa muurin kupeessa, se oli turvallisin paikka. Sen verran rikoin k\u00e4sky\u00e4, ett\u00e4 kesken kaiken otin uunista siell\u00e4 kypsym\u00e4ss\u00e4 olleen k\u00e4ristyksen.<\/p>\n<p>Hyv\u00f6nen makasi lattialla ja Saajo seurasi ikkunan l\u00e4hell\u00e4 tilanteen kehittymist\u00e4. Ampuminen jatkui useita tunteja ja alkoi jo h\u00e4m\u00e4rt\u00e4\u00e4.<\/p>\n<p>Yht\u00e4kki\u00e4 avautui ovi, pel\u00e4styimme, mutta se olikin l\u00e4hetti, joka toi tiedon ryhm\u00e4njohtajan kaatumisesta. My\u00f6hemmin esikunnan pirtiss\u00e4 k\u00e4vi muitakin miehi\u00e4 kertomassa tilanteesta. P\u00e4iv\u00e4n mittaan meik\u00e4l\u00e4iset saivat vahvistuksekseen t\u00e4ydennyskomppanian.<\/p>\n<p>Er\u00e4s ven\u00e4l\u00e4inen luutnantti oli jo ylitt\u00e4nyt maantien esikunnan kohdalla kun sai surmansa.<\/p>\n<p>Taistelu jatkui kiivaana pime\u00e4n tuloon asti. Kun se vihdoin laantui, voitiin todeta vihollisen luopuneen yrityksest\u00e4\u00e4n katkaista meik\u00e4l\u00e4isten huoltotie. Tappiot olivat kuitenkin suuret. Sallan pataljoonasta kaatui taistelussa 17 miest\u00e4, mutta raskaat olivat vihollisenkin menetykset. Vaaran rinteeseen on haudattu 180 ven\u00e4l\u00e4isen sotilaan ruumiit.<\/p>\n<p>Vihollisen paettua l\u00f6ytyi vaaralta 5 kranaatinheitint\u00e4, 17 konekiv\u00e4\u00e4ri\u00e4, 30 pikakiv\u00e4\u00e4ri\u00e4 ja joukko muita k\u00e4siaseita.<\/p>\n<p>Suomalaisten sotilaiden urhea, mutta suuria uhrauksia vaatinut vastarinta oli tuottanut torjuntavoiton.<\/p>\n<p>Kuukauden kuluttua M\u00e4ntyvaaran taistelusta synnytin terveen tytt\u00f6lapsen.<\/p>\n<\/div><\/section>\n","protected":false},"excerpt":{"rendered":"","protected":false},"author":2,"featured_media":0,"parent":1903,"menu_order":8,"comment_status":"closed","ping_status":"closed","template":"","meta":{"footnotes":""},"class_list":["post-2149","page","type-page","status-publish","hentry"],"yoast_head":"<!-- This site is optimized with the Yoast SEO plugin v27.5 - https:\/\/yoast.com\/product\/yoast-seo-wordpress\/ -->\n<title>M\u00e4ntyvaaran taistelu - Veteraanien Perint\u00f6<\/title>\n<meta name=\"robots\" content=\"index, follow, max-snippet:-1, max-image-preview:large, max-video-preview:-1\" \/>\n<link rel=\"canonical\" href=\"https:\/\/veteraanienperinto.fi\/index.php\/talvisota-etusivu\/talvisodan-kertomukset\/kotirintama\/lotta-svard\/mantyvaaran-taistelu\/\" \/>\n<meta property=\"og:locale\" content=\"fi_FI\" \/>\n<meta property=\"og:type\" content=\"article\" \/>\n<meta property=\"og:title\" content=\"M\u00e4ntyvaaran taistelu - Veteraanien Perint\u00f6\" \/>\n<meta property=\"og:url\" content=\"https:\/\/veteraanienperinto.fi\/index.php\/talvisota-etusivu\/talvisodan-kertomukset\/kotirintama\/lotta-svard\/mantyvaaran-taistelu\/\" \/>\n<meta property=\"og:site_name\" content=\"Veteraanien Perint\u00f6\" \/>\n<meta name=\"twitter:card\" content=\"summary_large_image\" \/>\n<meta name=\"twitter:label1\" content=\"Arvioitu lukuaika\" \/>\n\t<meta name=\"twitter:data1\" content=\"3 minuuttia\" \/>\n<script type=\"application\/ld+json\" class=\"yoast-schema-graph\">{\"@context\":\"https:\\\/\\\/schema.org\",\"@graph\":[{\"@type\":\"WebPage\",\"@id\":\"https:\\\/\\\/veteraanienperinto.fi\\\/index.php\\\/talvisota-etusivu\\\/talvisodan-kertomukset\\\/kotirintama\\\/lotta-svard\\\/mantyvaaran-taistelu\\\/\",\"url\":\"https:\\\/\\\/veteraanienperinto.fi\\\/index.php\\\/talvisota-etusivu\\\/talvisodan-kertomukset\\\/kotirintama\\\/lotta-svard\\\/mantyvaaran-taistelu\\\/\",\"name\":\"M\u00e4ntyvaaran taistelu - Veteraanien Perint\u00f6\",\"isPartOf\":{\"@id\":\"https:\\\/\\\/veteraanienperinto.fi\\\/#website\"},\"datePublished\":\"2020-08-31T13:07:01+00:00\",\"breadcrumb\":{\"@id\":\"https:\\\/\\\/veteraanienperinto.fi\\\/index.php\\\/talvisota-etusivu\\\/talvisodan-kertomukset\\\/kotirintama\\\/lotta-svard\\\/mantyvaaran-taistelu\\\/#breadcrumb\"},\"inLanguage\":\"fi\",\"potentialAction\":[{\"@type\":\"ReadAction\",\"target\":[\"https:\\\/\\\/veteraanienperinto.fi\\\/index.php\\\/talvisota-etusivu\\\/talvisodan-kertomukset\\\/kotirintama\\\/lotta-svard\\\/mantyvaaran-taistelu\\\/\"]}]},{\"@type\":\"BreadcrumbList\",\"@id\":\"https:\\\/\\\/veteraanienperinto.fi\\\/index.php\\\/talvisota-etusivu\\\/talvisodan-kertomukset\\\/kotirintama\\\/lotta-svard\\\/mantyvaaran-taistelu\\\/#breadcrumb\",\"itemListElement\":[{\"@type\":\"ListItem\",\"position\":1,\"name\":\"Etusivu\",\"item\":\"https:\\\/\\\/veteraanienperinto.fi\\\/index.php\\\/etusivu-2\\\/\"},{\"@type\":\"ListItem\",\"position\":2,\"name\":\"Talvisota\",\"item\":\"https:\\\/\\\/veteraanienperinto.fi\\\/index.php\\\/talvisota-etusivu\\\/\"},{\"@type\":\"ListItem\",\"position\":3,\"name\":\"Talvisodan kertomukset\",\"item\":\"https:\\\/\\\/veteraanienperinto.fi\\\/index.php\\\/talvisota-etusivu\\\/talvisodan-kertomukset\\\/\"},{\"@type\":\"ListItem\",\"position\":4,\"name\":\"Kotirintama\",\"item\":\"https:\\\/\\\/veteraanienperinto.fi\\\/index.php\\\/talvisota-etusivu\\\/talvisodan-kertomukset\\\/kotirintama\\\/\"},{\"@type\":\"ListItem\",\"position\":5,\"name\":\"Lotta Sv\u00e4rd\",\"item\":\"https:\\\/\\\/veteraanienperinto.fi\\\/index.php\\\/talvisota-etusivu\\\/talvisodan-kertomukset\\\/kotirintama\\\/lotta-svard\\\/\"},{\"@type\":\"ListItem\",\"position\":6,\"name\":\"M\u00e4ntyvaaran taistelu\"}]},{\"@type\":\"WebSite\",\"@id\":\"https:\\\/\\\/veteraanienperinto.fi\\\/#website\",\"url\":\"https:\\\/\\\/veteraanienperinto.fi\\\/\",\"name\":\"Veteraanien Perint\u00f6\",\"description\":\"Kadettikunta\",\"potentialAction\":[{\"@type\":\"SearchAction\",\"target\":{\"@type\":\"EntryPoint\",\"urlTemplate\":\"https:\\\/\\\/veteraanienperinto.fi\\\/?s={search_term_string}\"},\"query-input\":{\"@type\":\"PropertyValueSpecification\",\"valueRequired\":true,\"valueName\":\"search_term_string\"}}],\"inLanguage\":\"fi\"}]}<\/script>\n<!-- \/ Yoast SEO plugin. -->","yoast_head_json":{"title":"M\u00e4ntyvaaran taistelu - Veteraanien Perint\u00f6","robots":{"index":"index","follow":"follow","max-snippet":"max-snippet:-1","max-image-preview":"max-image-preview:large","max-video-preview":"max-video-preview:-1"},"canonical":"https:\/\/veteraanienperinto.fi\/index.php\/talvisota-etusivu\/talvisodan-kertomukset\/kotirintama\/lotta-svard\/mantyvaaran-taistelu\/","og_locale":"fi_FI","og_type":"article","og_title":"M\u00e4ntyvaaran taistelu - Veteraanien Perint\u00f6","og_url":"https:\/\/veteraanienperinto.fi\/index.php\/talvisota-etusivu\/talvisodan-kertomukset\/kotirintama\/lotta-svard\/mantyvaaran-taistelu\/","og_site_name":"Veteraanien Perint\u00f6","twitter_card":"summary_large_image","twitter_misc":{"Arvioitu lukuaika":"3 minuuttia"},"schema":{"@context":"https:\/\/schema.org","@graph":[{"@type":"WebPage","@id":"https:\/\/veteraanienperinto.fi\/index.php\/talvisota-etusivu\/talvisodan-kertomukset\/kotirintama\/lotta-svard\/mantyvaaran-taistelu\/","url":"https:\/\/veteraanienperinto.fi\/index.php\/talvisota-etusivu\/talvisodan-kertomukset\/kotirintama\/lotta-svard\/mantyvaaran-taistelu\/","name":"M\u00e4ntyvaaran taistelu - Veteraanien Perint\u00f6","isPartOf":{"@id":"https:\/\/veteraanienperinto.fi\/#website"},"datePublished":"2020-08-31T13:07:01+00:00","breadcrumb":{"@id":"https:\/\/veteraanienperinto.fi\/index.php\/talvisota-etusivu\/talvisodan-kertomukset\/kotirintama\/lotta-svard\/mantyvaaran-taistelu\/#breadcrumb"},"inLanguage":"fi","potentialAction":[{"@type":"ReadAction","target":["https:\/\/veteraanienperinto.fi\/index.php\/talvisota-etusivu\/talvisodan-kertomukset\/kotirintama\/lotta-svard\/mantyvaaran-taistelu\/"]}]},{"@type":"BreadcrumbList","@id":"https:\/\/veteraanienperinto.fi\/index.php\/talvisota-etusivu\/talvisodan-kertomukset\/kotirintama\/lotta-svard\/mantyvaaran-taistelu\/#breadcrumb","itemListElement":[{"@type":"ListItem","position":1,"name":"Etusivu","item":"https:\/\/veteraanienperinto.fi\/index.php\/etusivu-2\/"},{"@type":"ListItem","position":2,"name":"Talvisota","item":"https:\/\/veteraanienperinto.fi\/index.php\/talvisota-etusivu\/"},{"@type":"ListItem","position":3,"name":"Talvisodan kertomukset","item":"https:\/\/veteraanienperinto.fi\/index.php\/talvisota-etusivu\/talvisodan-kertomukset\/"},{"@type":"ListItem","position":4,"name":"Kotirintama","item":"https:\/\/veteraanienperinto.fi\/index.php\/talvisota-etusivu\/talvisodan-kertomukset\/kotirintama\/"},{"@type":"ListItem","position":5,"name":"Lotta Sv\u00e4rd","item":"https:\/\/veteraanienperinto.fi\/index.php\/talvisota-etusivu\/talvisodan-kertomukset\/kotirintama\/lotta-svard\/"},{"@type":"ListItem","position":6,"name":"M\u00e4ntyvaaran taistelu"}]},{"@type":"WebSite","@id":"https:\/\/veteraanienperinto.fi\/#website","url":"https:\/\/veteraanienperinto.fi\/","name":"Veteraanien Perint\u00f6","description":"Kadettikunta","potentialAction":[{"@type":"SearchAction","target":{"@type":"EntryPoint","urlTemplate":"https:\/\/veteraanienperinto.fi\/?s={search_term_string}"},"query-input":{"@type":"PropertyValueSpecification","valueRequired":true,"valueName":"search_term_string"}}],"inLanguage":"fi"}]}},"_links":{"self":[{"href":"https:\/\/veteraanienperinto.fi\/index.php\/wp-json\/wp\/v2\/pages\/2149","targetHints":{"allow":["GET"]}}],"collection":[{"href":"https:\/\/veteraanienperinto.fi\/index.php\/wp-json\/wp\/v2\/pages"}],"about":[{"href":"https:\/\/veteraanienperinto.fi\/index.php\/wp-json\/wp\/v2\/types\/page"}],"author":[{"embeddable":true,"href":"https:\/\/veteraanienperinto.fi\/index.php\/wp-json\/wp\/v2\/users\/2"}],"replies":[{"embeddable":true,"href":"https:\/\/veteraanienperinto.fi\/index.php\/wp-json\/wp\/v2\/comments?post=2149"}],"version-history":[{"count":2,"href":"https:\/\/veteraanienperinto.fi\/index.php\/wp-json\/wp\/v2\/pages\/2149\/revisions"}],"predecessor-version":[{"id":5756,"href":"https:\/\/veteraanienperinto.fi\/index.php\/wp-json\/wp\/v2\/pages\/2149\/revisions\/5756"}],"up":[{"embeddable":true,"href":"https:\/\/veteraanienperinto.fi\/index.php\/wp-json\/wp\/v2\/pages\/1903"}],"wp:attachment":[{"href":"https:\/\/veteraanienperinto.fi\/index.php\/wp-json\/wp\/v2\/media?parent=2149"}],"curies":[{"name":"wp","href":"https:\/\/api.w.org\/{rel}","templated":true}]}}