{"id":2236,"date":"2020-09-01T06:26:11","date_gmt":"2020-09-01T06:26:11","guid":{"rendered":"https:\/\/veteraani.ylirotu.fi\/?page_id=2236"},"modified":"2020-09-01T06:26:11","modified_gmt":"2020-09-01T06:26:11","slug":"vapaaehtoisena-saksassa","status":"publish","type":"page","link":"https:\/\/veteraanienperinto.fi\/index.php\/jatkosota-etusivu\/jatkosodan-kertomukset\/valirauhan-aika\/koulutus\/vapaaehtoisena-saksassa\/","title":{"rendered":"Vapaaehtoisena Saksassa"},"content":{"rendered":"\n<style type=\"text\/css\" data-created_by=\"avia_inline_auto\" id=\"style-css-av-kejki7va-31cc6279f38dfd45d176030271a054ba\">\n#top .av-special-heading.av-kejki7va-31cc6279f38dfd45d176030271a054ba{\npadding-bottom:10px;\n}\nbody .av-special-heading.av-kejki7va-31cc6279f38dfd45d176030271a054ba .av-special-heading-tag .heading-char{\nfont-size:25px;\n}\n.av-special-heading.av-kejki7va-31cc6279f38dfd45d176030271a054ba .av-subheading{\nfont-size:15px;\n}\n<\/style>\n<div  class='av-special-heading av-kejki7va-31cc6279f38dfd45d176030271a054ba av-special-heading-h3  avia-builder-el-0  el_before_av_textblock  avia-builder-el-first '><h3 class='av-special-heading-tag'  itemprop=\"headline\"  >Vapaaehtoisena Saksassa<\/h3><div class=\"special-heading-border\"><div class=\"special-heading-inner-border\"><\/div><\/div><\/div>\n<section  class='av_textblock_section av-kei9w74n-7b0f008125a778f48432b9a614d90d0f '   itemscope=\"itemscope\" itemtype=\"https:\/\/schema.org\/CreativeWork\" ><div class='avia_textblock'  itemprop=\"text\" ><p><strong>Ilmari Ruism\u00e4ki:<\/strong><\/p>\n<p>Koti, uskonto ja is\u00e4nmaa ovat sanat, joiden ymp\u00e4rill\u00e4 monen suomalaisen miehen ja naisen ajatukset py\u00f6riv\u00e4t viime sotien aikoina.<\/p>\n<p>Koti ja perusyksikk\u00f6 perhe joutuivat luovuttamaan raskaat uhrit silloin, kun is\u00e4nmaan kohtalo oli vaakalaudalla, sill\u00e4 niin monesta perheest\u00e4 j\u00e4i kotiin saapumatta is\u00e4, veli tai nuorukaisesta juuri mieheksi varttunut poika. Lis\u00e4ksi suuret joukot j\u00e4iv\u00e4t invalideiksi koko loppui\u00e4kseen.<\/p>\n<p>Uskonto, joka jo vuosisatoja on kuulunut suomalaiseen perusolemukseen, tuli sotien aikana l\u00e4heiseksi monille. Ankarien taistelujen aikana l\u00e4hti monen sotilaan huulilta rukous kohti korkeutta sen luo, joka lopulta kaikkea johtaa. Is\u00e4nmaa on maa, jossa olemme syntyneet ja kasvaneet ja jota me rakastamme. T\u00e4m\u00e4n maan itsen\u00e4isyyden me tahdoimme s\u00e4ilytt\u00e4\u00e4 ja onnistuimme siin\u00e4 my\u00f6s.<\/p>\n<p>Nuo alussa mainitut sanat olivat my\u00f6s meid\u00e4n yhdentoista kuortanelaisen miehen ja nuorukaisen mieless\u00e4 l\u00e4htiess\u00e4mme v\u00e4lirauhan aikana vapaaehtoisina, j\u00e4\u00e4k\u00e4riperinnett\u00e4 noudattaen, saamaan sotilaskoulutusta Saksan sotavoimiin. Ne kaksi vuotta olivat raskasta aikaa koulutuksineen ja pitkine sotaretkineen l\u00e4helle Kaspianmerta. Sota vaati uhrinsa my\u00f6s meilt\u00e4 suomalaisilta. Joka viides mies sai viimeisen leposijansa Ukrainan tai Kaukasuksen mullassa, heid\u00e4n joukossaan kolme kuortanelaista.<\/p>\n<p>My\u00f6hemmin meille selvisi, ett\u00e4 olimme panttivankeja Suomen ja Saksan v\u00e4lisen aseveljeyden s\u00e4ilytt\u00e4miseksi ja ett\u00e4 Suomi sai Saksasta tarpeellisia elin- ja sotatarvikkeita. Olimme siis yhten\u00e4isen\u00e4 joukkona Suomen asialla kaukana kotimaasta vieraissa olosuhteissa. Se oli el\u00e4m\u00e4\u00e4, jota kukaan mukana ollut ei koskaan unohda.<\/p>\n<p>Kotimaahan palattuamme olimme ylpeit\u00e4 siit\u00e4, ett\u00e4 olimme viimeist\u00e4 piirtoa my\u00f6ten t\u00e4ytt\u00e4neet ne odotukset, jotka meille Suomen taholta oli asetettu. My\u00f6s saksalaiselta sotilasjohdolta saimme suurta tunnustusta sotilaina, joihin voi luottaa.<\/p>\n<p>Kotimaahan palattuamme, sodan viel\u00e4 jatkuessa, meid\u00e4t hajautettiin eri joukko-osastoihin. Viel\u00e4 ehti kaatua l\u00e4hes kahdeksankymment\u00e4 Saksan-k\u00e4vij\u00e4\u00e4.<\/p>\n<p>Mit\u00e4\u00e4n kauhistuttavampaa ei voi olla kuin sota, sill\u00e4 siin\u00e4 k\u00e4rsiv\u00e4t kaikki, niin sotilaat kuin siviilitkin, niin voittajat kuin voitetutkin. Kuitenkin puolustusvoimia on pidett\u00e4v\u00e4 yll\u00e4. Ellei n\u00e4in teht\u00e4isi, voisi jokin vieras valtio sijoittaa t\u00e4nne joukkoja omilla ehdoillaan, mit\u00e4 me tietenk\u00e4\u00e4n emme halua.<\/p>\n<p>Kunnia niille sankarivainajille, jotka joutuivat luovuttamaan kaikkensa is\u00e4nmaan vapauden puolesta &#8211; henkens\u00e4. Kunnia niille sotainvalideille, jotka joutuivat luopumaan terveydest\u00e4\u00e4n. Kunnia my\u00f6s kaikille sotaveteraaneille, jotka hiljalleen v\u00e4henev\u00e4n\u00e4 joukkona h\u00e4ipyv\u00e4t maan poveen.<\/p>\n<p>Kuortanelaiset sodassa<\/p>\n<\/div><\/section>\n","protected":false},"excerpt":{"rendered":"","protected":false},"author":2,"featured_media":0,"parent":2194,"menu_order":0,"comment_status":"closed","ping_status":"closed","template":"","meta":{"footnotes":""},"class_list":["post-2236","page","type-page","status-publish","hentry"],"yoast_head":"<!-- This site is optimized with the Yoast SEO plugin v27.5 - https:\/\/yoast.com\/product\/yoast-seo-wordpress\/ -->\n<title>Vapaaehtoisena Saksassa - Veteraanien Perint\u00f6<\/title>\n<meta name=\"robots\" content=\"index, follow, max-snippet:-1, max-image-preview:large, max-video-preview:-1\" \/>\n<link rel=\"canonical\" href=\"https:\/\/veteraanienperinto.fi\/index.php\/jatkosota-etusivu\/jatkosodan-kertomukset\/valirauhan-aika\/koulutus\/vapaaehtoisena-saksassa\/\" \/>\n<meta property=\"og:locale\" content=\"fi_FI\" \/>\n<meta property=\"og:type\" content=\"article\" \/>\n<meta property=\"og:title\" content=\"Vapaaehtoisena Saksassa - Veteraanien Perint\u00f6\" \/>\n<meta property=\"og:url\" content=\"https:\/\/veteraanienperinto.fi\/index.php\/jatkosota-etusivu\/jatkosodan-kertomukset\/valirauhan-aika\/koulutus\/vapaaehtoisena-saksassa\/\" \/>\n<meta property=\"og:site_name\" content=\"Veteraanien Perint\u00f6\" \/>\n<meta name=\"twitter:card\" content=\"summary_large_image\" \/>\n<meta name=\"twitter:label1\" content=\"Arvioitu lukuaika\" \/>\n\t<meta name=\"twitter:data1\" content=\"2 minuuttia\" \/>\n<script type=\"application\/ld+json\" class=\"yoast-schema-graph\">{\"@context\":\"https:\\\/\\\/schema.org\",\"@graph\":[{\"@type\":\"WebPage\",\"@id\":\"https:\\\/\\\/veteraanienperinto.fi\\\/index.php\\\/jatkosota-etusivu\\\/jatkosodan-kertomukset\\\/valirauhan-aika\\\/koulutus\\\/vapaaehtoisena-saksassa\\\/\",\"url\":\"https:\\\/\\\/veteraanienperinto.fi\\\/index.php\\\/jatkosota-etusivu\\\/jatkosodan-kertomukset\\\/valirauhan-aika\\\/koulutus\\\/vapaaehtoisena-saksassa\\\/\",\"name\":\"Vapaaehtoisena Saksassa - Veteraanien Perint\u00f6\",\"isPartOf\":{\"@id\":\"https:\\\/\\\/veteraanienperinto.fi\\\/#website\"},\"datePublished\":\"2020-09-01T06:26:11+00:00\",\"breadcrumb\":{\"@id\":\"https:\\\/\\\/veteraanienperinto.fi\\\/index.php\\\/jatkosota-etusivu\\\/jatkosodan-kertomukset\\\/valirauhan-aika\\\/koulutus\\\/vapaaehtoisena-saksassa\\\/#breadcrumb\"},\"inLanguage\":\"fi\",\"potentialAction\":[{\"@type\":\"ReadAction\",\"target\":[\"https:\\\/\\\/veteraanienperinto.fi\\\/index.php\\\/jatkosota-etusivu\\\/jatkosodan-kertomukset\\\/valirauhan-aika\\\/koulutus\\\/vapaaehtoisena-saksassa\\\/\"]}]},{\"@type\":\"BreadcrumbList\",\"@id\":\"https:\\\/\\\/veteraanienperinto.fi\\\/index.php\\\/jatkosota-etusivu\\\/jatkosodan-kertomukset\\\/valirauhan-aika\\\/koulutus\\\/vapaaehtoisena-saksassa\\\/#breadcrumb\",\"itemListElement\":[{\"@type\":\"ListItem\",\"position\":1,\"name\":\"Etusivu\",\"item\":\"https:\\\/\\\/veteraanienperinto.fi\\\/index.php\\\/etusivu-2\\\/\"},{\"@type\":\"ListItem\",\"position\":2,\"name\":\"Jatkosota &#8211; etusivu\",\"item\":\"https:\\\/\\\/veteraanienperinto.fi\\\/index.php\\\/jatkosota-etusivu\\\/\"},{\"@type\":\"ListItem\",\"position\":3,\"name\":\"Jatkosodan kertomukset\",\"item\":\"https:\\\/\\\/veteraanienperinto.fi\\\/index.php\\\/jatkosota-etusivu\\\/jatkosodan-kertomukset\\\/\"},{\"@type\":\"ListItem\",\"position\":4,\"name\":\"V\u00e4lirauhan aika\",\"item\":\"https:\\\/\\\/veteraanienperinto.fi\\\/index.php\\\/jatkosota-etusivu\\\/jatkosodan-kertomukset\\\/valirauhan-aika\\\/\"},{\"@type\":\"ListItem\",\"position\":5,\"name\":\"Koulutus\",\"item\":\"https:\\\/\\\/veteraanienperinto.fi\\\/index.php\\\/jatkosota-etusivu\\\/jatkosodan-kertomukset\\\/valirauhan-aika\\\/koulutus\\\/\"},{\"@type\":\"ListItem\",\"position\":6,\"name\":\"Vapaaehtoisena Saksassa\"}]},{\"@type\":\"WebSite\",\"@id\":\"https:\\\/\\\/veteraanienperinto.fi\\\/#website\",\"url\":\"https:\\\/\\\/veteraanienperinto.fi\\\/\",\"name\":\"Veteraanien Perint\u00f6\",\"description\":\"Kadettikunta\",\"potentialAction\":[{\"@type\":\"SearchAction\",\"target\":{\"@type\":\"EntryPoint\",\"urlTemplate\":\"https:\\\/\\\/veteraanienperinto.fi\\\/?s={search_term_string}\"},\"query-input\":{\"@type\":\"PropertyValueSpecification\",\"valueRequired\":true,\"valueName\":\"search_term_string\"}}],\"inLanguage\":\"fi\"}]}<\/script>\n<!-- \/ Yoast SEO plugin. -->","yoast_head_json":{"title":"Vapaaehtoisena Saksassa - Veteraanien Perint\u00f6","robots":{"index":"index","follow":"follow","max-snippet":"max-snippet:-1","max-image-preview":"max-image-preview:large","max-video-preview":"max-video-preview:-1"},"canonical":"https:\/\/veteraanienperinto.fi\/index.php\/jatkosota-etusivu\/jatkosodan-kertomukset\/valirauhan-aika\/koulutus\/vapaaehtoisena-saksassa\/","og_locale":"fi_FI","og_type":"article","og_title":"Vapaaehtoisena Saksassa - Veteraanien Perint\u00f6","og_url":"https:\/\/veteraanienperinto.fi\/index.php\/jatkosota-etusivu\/jatkosodan-kertomukset\/valirauhan-aika\/koulutus\/vapaaehtoisena-saksassa\/","og_site_name":"Veteraanien Perint\u00f6","twitter_card":"summary_large_image","twitter_misc":{"Arvioitu lukuaika":"2 minuuttia"},"schema":{"@context":"https:\/\/schema.org","@graph":[{"@type":"WebPage","@id":"https:\/\/veteraanienperinto.fi\/index.php\/jatkosota-etusivu\/jatkosodan-kertomukset\/valirauhan-aika\/koulutus\/vapaaehtoisena-saksassa\/","url":"https:\/\/veteraanienperinto.fi\/index.php\/jatkosota-etusivu\/jatkosodan-kertomukset\/valirauhan-aika\/koulutus\/vapaaehtoisena-saksassa\/","name":"Vapaaehtoisena Saksassa - Veteraanien Perint\u00f6","isPartOf":{"@id":"https:\/\/veteraanienperinto.fi\/#website"},"datePublished":"2020-09-01T06:26:11+00:00","breadcrumb":{"@id":"https:\/\/veteraanienperinto.fi\/index.php\/jatkosota-etusivu\/jatkosodan-kertomukset\/valirauhan-aika\/koulutus\/vapaaehtoisena-saksassa\/#breadcrumb"},"inLanguage":"fi","potentialAction":[{"@type":"ReadAction","target":["https:\/\/veteraanienperinto.fi\/index.php\/jatkosota-etusivu\/jatkosodan-kertomukset\/valirauhan-aika\/koulutus\/vapaaehtoisena-saksassa\/"]}]},{"@type":"BreadcrumbList","@id":"https:\/\/veteraanienperinto.fi\/index.php\/jatkosota-etusivu\/jatkosodan-kertomukset\/valirauhan-aika\/koulutus\/vapaaehtoisena-saksassa\/#breadcrumb","itemListElement":[{"@type":"ListItem","position":1,"name":"Etusivu","item":"https:\/\/veteraanienperinto.fi\/index.php\/etusivu-2\/"},{"@type":"ListItem","position":2,"name":"Jatkosota &#8211; etusivu","item":"https:\/\/veteraanienperinto.fi\/index.php\/jatkosota-etusivu\/"},{"@type":"ListItem","position":3,"name":"Jatkosodan kertomukset","item":"https:\/\/veteraanienperinto.fi\/index.php\/jatkosota-etusivu\/jatkosodan-kertomukset\/"},{"@type":"ListItem","position":4,"name":"V\u00e4lirauhan aika","item":"https:\/\/veteraanienperinto.fi\/index.php\/jatkosota-etusivu\/jatkosodan-kertomukset\/valirauhan-aika\/"},{"@type":"ListItem","position":5,"name":"Koulutus","item":"https:\/\/veteraanienperinto.fi\/index.php\/jatkosota-etusivu\/jatkosodan-kertomukset\/valirauhan-aika\/koulutus\/"},{"@type":"ListItem","position":6,"name":"Vapaaehtoisena Saksassa"}]},{"@type":"WebSite","@id":"https:\/\/veteraanienperinto.fi\/#website","url":"https:\/\/veteraanienperinto.fi\/","name":"Veteraanien Perint\u00f6","description":"Kadettikunta","potentialAction":[{"@type":"SearchAction","target":{"@type":"EntryPoint","urlTemplate":"https:\/\/veteraanienperinto.fi\/?s={search_term_string}"},"query-input":{"@type":"PropertyValueSpecification","valueRequired":true,"valueName":"search_term_string"}}],"inLanguage":"fi"}]}},"_links":{"self":[{"href":"https:\/\/veteraanienperinto.fi\/index.php\/wp-json\/wp\/v2\/pages\/2236","targetHints":{"allow":["GET"]}}],"collection":[{"href":"https:\/\/veteraanienperinto.fi\/index.php\/wp-json\/wp\/v2\/pages"}],"about":[{"href":"https:\/\/veteraanienperinto.fi\/index.php\/wp-json\/wp\/v2\/types\/page"}],"author":[{"embeddable":true,"href":"https:\/\/veteraanienperinto.fi\/index.php\/wp-json\/wp\/v2\/users\/2"}],"replies":[{"embeddable":true,"href":"https:\/\/veteraanienperinto.fi\/index.php\/wp-json\/wp\/v2\/comments?post=2236"}],"version-history":[{"count":2,"href":"https:\/\/veteraanienperinto.fi\/index.php\/wp-json\/wp\/v2\/pages\/2236\/revisions"}],"predecessor-version":[{"id":5880,"href":"https:\/\/veteraanienperinto.fi\/index.php\/wp-json\/wp\/v2\/pages\/2236\/revisions\/5880"}],"up":[{"embeddable":true,"href":"https:\/\/veteraanienperinto.fi\/index.php\/wp-json\/wp\/v2\/pages\/2194"}],"wp:attachment":[{"href":"https:\/\/veteraanienperinto.fi\/index.php\/wp-json\/wp\/v2\/media?parent=2236"}],"curies":[{"name":"wp","href":"https:\/\/api.w.org\/{rel}","templated":true}]}}