{"id":2308,"date":"2020-09-01T07:18:53","date_gmt":"2020-09-01T07:18:53","guid":{"rendered":"https:\/\/veteraani.ylirotu.fi\/?page_id=2308"},"modified":"2020-12-15T16:31:34","modified_gmt":"2020-12-15T16:31:34","slug":"kaivon-pohjalta-sotaan","status":"publish","type":"page","link":"https:\/\/veteraanienperinto.fi\/index.php\/jatkosota-etusivu\/jatkosodan-kertomukset\/sotatoimet\/asemasota\/kaivon-pohjalta-sotaan\/","title":{"rendered":"Kaivon pohjalta sotaan"},"content":{"rendered":"\n<style type=\"text\/css\" data-created_by=\"avia_inline_auto\" id=\"style-css-av-av_heading-57e37fddf7ad84520c334c1abb9d4b88\">\n#top .av-special-heading.av-av_heading-57e37fddf7ad84520c334c1abb9d4b88{\npadding-bottom:5px;\n}\nbody .av-special-heading.av-av_heading-57e37fddf7ad84520c334c1abb9d4b88 .av-special-heading-tag .heading-char{\nfont-size:25px;\n}\n.av-special-heading.av-av_heading-57e37fddf7ad84520c334c1abb9d4b88 .av-subheading{\nfont-size:15px;\n}\n<\/style>\n<div  class='av-special-heading av-av_heading-57e37fddf7ad84520c334c1abb9d4b88 av-special-heading-h3  avia-builder-el-0  avia-builder-el-no-sibling '><h3 class='av-special-heading-tag'  itemprop=\"headline\"  >Kaivon pohjalta sotaan<\/h3><div class=\"special-heading-border\"><div class=\"special-heading-inner-border\"><\/div><\/div><\/div>\n<section  class='av_textblock_section av-kei9w74n-7b0f008125a778f48432b9a614d90d0f '   itemscope=\"itemscope\" itemtype=\"https:\/\/schema.org\/CreativeWork\" ><div class='avia_textblock'  itemprop=\"text\" ><p><strong>Olavi Mikael Vertainen:<\/strong><\/p>\n<p>Kutsunnasta, 27.5.1943, my\u00f6h\u00e4styin avajaispuheesta, koska olin pelastamassa pient\u00e4 vasikkaa naapurin 18 metri\u00e4 syv\u00e4n kaivon pohjalta. Vasikka oli pudonnut sinne juodessaan vett\u00e4 vinttikaivon sangosta.<\/p>\n<p>Kaivon pohjalla olo oli aika kylm\u00e4\u00e4, sitoessani k\u00f6ytt\u00e4 vasikan ymp\u00e4rille. Kaivossa olivat puupuitteet jo kallistuneet niin ettei ulkoilmaa n\u00e4kynyt ylh\u00e4\u00e4lt\u00e4. Ensin nostettiin vasikka sen j\u00e4lkeen minut. Vain vanhat miehet olivat siviiliss\u00e4, nuoret ja riskit olivat sodassa. T\u00e4st\u00e4 alkoi allekirjoittaneen sotavuodet. Kutsuntapaikalla Koivulassa pyysin anteeksi my\u00f6h\u00e4stymist\u00e4ni, kapteeni sanoi, ett\u00e4 t\u00e4llaisia urhoollisia miehi\u00e4 tarvitaan.<\/p>\n<div id=\"attachment_8078\" style=\"width: 310px\" class=\"wp-caption alignright\"><img loading=\"lazy\" decoding=\"async\" aria-describedby=\"caption-attachment-8078\" class=\"wp-image-8078 size-full\" src=\"https:\/\/veteraanienperinto.fi\/wp-content\/uploads\/2020\/12\/olavi2.jpg\" alt=\"\" width=\"300\" height=\"279\" \/><p id=\"caption-attachment-8078\" class=\"wp-caption-text\">Olavi vasemmalla<\/p><\/div>\n<p>Eino-veli kaatui samaan aikaan Syv\u00e4rill\u00e4, n\u00e4in ollen tiesin, ett\u00e4 siell\u00e4 on tosi edess\u00e4. Oli vuosi 1943 ja tuli l\u00e4ht\u00f6hetki. Meit\u00e4 Konginkankaan poikia oli l\u00e4hd\u00f6ss\u00e4 noin 25, kaikki rippikoulusta tuttuja. Menimme H\u00e4meenlinnan kasarmille koulutuskeskukseen. Siell\u00e4 meid\u00e4t jaettiin eri aselajeihin koulutettavaksi. Min\u00e4 jouduin nelj\u00e4nteen komppaniaan, joka oli raskas komppania, nelj\u00e4s joukkue, jossa koulutettiin panssaritorjuntaan ja panssarimieheksi.<\/p>\n<p>Olimme kaksi viikkoa alokasaikaa H\u00e4meenlinnan kasarmeissa. Sielt\u00e4 l\u00e4ksimme Nurmekseen koulutuskeskukseen, koko nelj\u00e4s komppania. Jouduin ryhm\u00e4njohtajakoulutukseen ja edelleen au-kouluun, jossa meist\u00e4 tehtiin erikoismiehi\u00e4 ps-tuhoajiksi. Loppukoulutus oli Rissalassa, jossa n\u00e4imme jo vanhan vaununkin. Sitten l\u00e4ksimme kohti It\u00e4-Karjalaa, \u00c4\u00e4nislinnassa olimme pari viikkoa, mist\u00e4 menimme autokuljetuksena P\u00e4sinselk\u00e4\u00e4n, siell\u00e4 jo n\u00e4imme ja kuulimme, mit\u00e4 edess\u00e4 tuleman pit\u00e4\u00e4. Joka y\u00f6 olimme y\u00f6partiossa, P\u00e4sist\u00e4 siiryimme Latvan asemalle katsomaan onko Ven\u00e4j\u00e4n poikia siltoja tai rataa miinoittamassa. Matkaa oli Latvan asemalle 15 km. K\u00e4vimme siell\u00e4 kuittaamassa k\u00e4yntimme ja sitten takaisin. Etup\u00e4\u00e4ss\u00e4 meit\u00e4 oli 1+1 tai 1+3 kerrallaan. Etulinjasta kuuli taistelujen \u00e4\u00e4net selv\u00e4sti.<\/p>\n<p>N\u00e4iss\u00e4 merkeiss\u00e4 vaihtui vuosi. Er\u00e4\u00e4n\u00e4 aamuna meille ilmoitettiin, ett\u00e4 kaikki kamppeet kasaan ja l\u00e4ht\u00f6valmius noin kahden tunnin p\u00e4\u00e4st\u00e4. P\u00e4sin asemalla lastataan koko pataljoona ja kalusto junaan. Ei niiss\u00e4 asioissa sanottu, mihin ollaan menossa. Y\u00f6t\u00e4 vasten l\u00e4hdettiin mutta mihin, arvailuja oli monlaisia. Y\u00f6ll\u00e4 juostiin v\u00e4h\u00e4n v\u00e4li\u00e4 mets\u00e4\u00e4n, kun h\u00e4vitt\u00e4j\u00e4t ja pommarit yrittiv\u00e4t meit\u00e4 pys\u00e4ytt\u00e4\u00e4. Aikamme kuljimme paikasta toiseen erilaisilla kulkuneuvoilla. Vihdoin olimme Kannaksella nelostien risteyksess\u00e4. Kalustoa ei ollut viel\u00e4 kuin pystykorva. Kalusto tuli mukaan v\u00e4hitellen ja kyll\u00e4 niit\u00e4 tarvittiinkin, paukuista oli vaan kova pula. Meid\u00e4n joukkueella oli yksi nyrkki jo silloin ja kolme-nelj\u00e4 torjuntavaunua, mutta ei monastikaan paukkuja.<\/p>\n<p>Esimerkiksi, kun Juustilassa Ven\u00e4j\u00e4n pojat tulivat maantiet\u00e4 meid\u00e4n asemia vastaan seitsem\u00e4ll\u00e4 isolla Voroshilovilla, ei meid\u00e4n pst voineet niille mit\u00e4\u00e4n. Ven\u00e4l\u00e4iset ajelivat takalinjoilla esikuntaan saakka, s\u00e4rkiv\u00e4t mit\u00e4 n\u00e4kiv\u00e4t. Lopulta ne meniv\u00e4t ansaan, joutuivat menem\u00e4\u00e4n samaa tiet\u00e4 takaisin omalle puolelle, pioneerit kerkisiv\u00e4t miinoittamaan sillan. Johtajavaunu l\u00e4hti ensimm\u00e4isen\u00e4 sillan yli menem\u00e4\u00e4n, keskell\u00e4 jokea silta h\u00e4vis alta pois. Joen pohjalla oli vaunu ja seitsem\u00e4n miest\u00e4. Toinen vaunu yritti ajaa suoraan joesta yli, vett\u00e4 oli noin 2-4 metri\u00e4 ja vastapenkka 4-5 metri\u00e4 korkea, vaunu j\u00e4i penkkaa vasten pystyyn. Siihen loppui sen taistelu ja pahanteko. Toiset viisi tuhottiin miinoilla tai muilla konsteilla. Saatiin siten seitsem\u00e4n melko ehj\u00e4\u00e4 vaunua itsellemme ja vietiin ne korjattavaksi. En tied\u00e4, mihin loppujen lopuksi joutuivat vaunut, ehk\u00e4 entisille omistajilleen.<\/p>\n<div id=\"attachment_8077\" style=\"width: 410px\" class=\"wp-caption alignleft\"><img loading=\"lazy\" decoding=\"async\" aria-describedby=\"caption-attachment-8077\" class=\"wp-image-8077 size-full\" src=\"https:\/\/veteraanienperinto.fi\/wp-content\/uploads\/2020\/12\/olavi1t.jpg\" alt=\"\" width=\"400\" height=\"261\" srcset=\"https:\/\/veteraanienperinto.fi\/wp-content\/uploads\/2020\/12\/olavi1t.jpg 400w, https:\/\/veteraanienperinto.fi\/wp-content\/uploads\/2020\/12\/olavi1t-300x196.jpg 300w\" sizes=\"auto, (max-width: 400px) 100vw, 400px\" \/><p id=\"caption-attachment-8077\" class=\"wp-caption-text\">Vertaisen veljekset kotipihallaan ennen sotia<\/p><\/div>\n<p>Olo Kannaksella oli kes\u00e4ll\u00e4 -44 jatkuvaa yhteenottoa Ven\u00e4j\u00e4n poikien kanssa. Siell\u00e4 oli ammuksia, panssareita, lentokoneita. Per\u00e4\u00e4nnyttiin ja tapeltiin y\u00f6t\u00e4 p\u00e4iv\u00e4\u00e4. Kaatuneet ja haavoittuneet oli pakko toisinaan j\u00e4tt\u00e4\u00e4 vihollisen armoille. Moni tuttu j\u00e4i sinne tuntemattomaan odottamaan kohtaloaan. Vanhemmilta miehilt\u00e4 loppuivat hermot ja he l\u00e4htiv\u00e4t omille teilleen Kannaksen metsiin kohti koti Suomea ilman lupaa ja lomalitteraa. Me nuoret emme uskaltaneet tehd\u00e4 sit\u00e4, vaan odotimme lupaa per\u00e4\u00e4ntymiseen, tehden vastaiskuja pienell\u00e4 voimalla. Suurin osa kalustosta oli hajonnut hein\u00e4kuun aikana, tai hajotettu.<\/p>\n<p>Kes\u00e4n pahin tilanne oli hein\u00e4kuun puolessa v\u00e4liss\u00e4. Olin Pst joukkueessa, jossa oli en\u00e4\u00e4 v\u00e4h\u00e4n miehi\u00e4. Meid\u00e4t m\u00e4\u00e4r\u00e4ttiin jv-miesten avuksi iskem\u00e4\u00e4n Ven\u00e4j\u00e4n joukkoja takaisin Vuosalmen taakse. Y\u00f6ll\u00e4 ven\u00e4l\u00e4iset tulivat v\u00e4kisin Vuoksen yli ja saivat sillanp\u00e4\u00e4aseman itselleen. Ven\u00e4l\u00e4isi\u00e4 oli 400-500 miest\u00e4, aseet jokaisella: konepistooleita, pikakiv\u00e4\u00e4reit\u00e4, konekiv\u00e4\u00e4reit\u00e4, pikku nakuja jopa pieni\u00e4 tykkej\u00e4kin. Miehi\u00e4 tuli jatkuvasti lis\u00e4\u00e4 sy\u00f6ksyveneill\u00e4. Tykkituli oli valtava, samoin pommikoneet olivat aina suomalaisten p\u00e4\u00e4ll\u00e4.<\/p>\n<p>Yritimme muutaman vuorokauden ajaa ven\u00e4l\u00e4isi\u00e4 Vuoksen taakse. Siin\u00e4 vaiheessa meill\u00e4 ei en\u00e4\u00e4 ollut panssareita t\u00e4h\u00e4n lohkoon. Koko Kannas oli savun ja hajun peitt\u00e4m\u00e4. T\u00e4h\u00e4n yritykseen meni suomalaisia miehi\u00e4 satoja, etup\u00e4\u00e4ss\u00e4 nuoria. Upseereja ei en\u00e4\u00e4 ollut ollenkaan, kaatuivat tai haavoittuvat. Korpit olivat ryhm\u00e4njohtajia, kessut joukkueenjohtajia. Yritys oli kumminkin tehty. Mieli maassa oli j\u00e4lleen annettava periksi. Tapeltiin ja per\u00e4\u00e4nnyttiin. V\u00e4lill\u00e4 saatiin sotasaaliiksi ammuksia ja panssareita, joilla tehtiin naapurille kiusaa.<\/p>\n<p>Tuli syyskuu ja Kannakselle aselepo ja rauha. Nuoret ja vanhat, jotka viel\u00e4 j\u00e4ljell\u00e4, laitettiin h\u00e4rk\u00e4vaunuihin ja kohti Oulua. Sielt\u00e4 jalan Pudasj\u00e4rvelle sillan ja joen varteen odottamaan, milloin sakut saavat tavarat kasaan ja l\u00e4htev\u00e4t kohti Norjaa. R\u00e4nt\u00e4\u00e4 ja lunta satoi. Teltat vuotivat ja oli kylm\u00e4. Saku ei halunnutkaan l\u00e4hte\u00e4 vapaaehtoisesti joen toiselta rannalta. Ampui nakulla esikunnan pihaan muutaman paukun malliksi.<\/p>\n<p>Emme saaneet vastata tuleen, vaan odotettiin. Siin\u00e4 ensimm\u00e4isiss\u00e4 kentt\u00e4laukauksissa kuoli yksi ja muutama haavoittu. Partio l\u00e4ksi neuvottelemaan, ett\u00e4 mit\u00e4 ne meinaavat, taitavat olla viel\u00e4kin sill\u00e4 reissulla. Muutaman ajan j\u00e4lkeen lensi koko silta jokeen, siit\u00e4 alkoi Lapin sota uudestaan. Taistelun tyyli oli toisenlainen ja etev\u00e4mpi, mit\u00e4 oli ollut it\u00e4naapurilla. Kaikki paikat oli miinoitettu, moni menetti jalkansa ja henkens\u00e4 miinoihin.<\/p>\n<p>Raskasta kalustoa ei saatu, kun sillat oli r\u00e4j\u00e4ytetty rikki. Ranuan taisteluihin saatiin ensi kertaa vaunu , jossa oli pikku tykki ja pari konekiv\u00e4\u00e4ri\u00e4. Niist\u00e4 aina irtosi py\u00f6r\u00e4 alta. Nekin ajettiin ajan kuluessa miinoihin Ranualla. Sain Ranualla auton, joka meni vedess\u00e4 ja maalla. Apumiehell\u00e4 oli konepellin p\u00e4\u00e4ll\u00e4 konekiv\u00e4\u00e4ri ohjattavana. Sis\u00e4puolella olivat kahvat. Auto oli eritt\u00e4in vaarallinen. N\u00e4it\u00e4 saatiin sakemannilta, kun otettiin omin luvin.<\/p>\n<p>Mentiin Kaunisp\u00e4\u00e4lle asti. Koukattiin ja katsottiin, kun saku poltti Rovaniemen ja muita isoja ja pieni\u00e4 kyli\u00e4. L\u00e4hell\u00e4 Utsjokea sakut ottivat yhteytt\u00e4 ja kaivoivat pes\u00e4kkeit\u00e4. Ven\u00e4l\u00e4iset laittoivat nootteja, ett\u00e4 p\u00e4\u00e4lle vaan ja paljon vankeja. Ivalossa ja Inarissa sakut luovuttivat suomalaisia kotiapulaisia pois, osa meni matkassa.<\/p>\n<p>1945 oli taas sodat sodittu ja tulimme Lahteen normaaliin sotav\u00e4keen. Jouluksi p\u00e4\u00e4sin kotiin Savilaan. Olin k\u00e4ynyt kerran lomalla koko aikana, seitsem\u00e4n vuorokautta<\/p>\n<\/div><\/section>\n<section  class='av_textblock_section av-1y1hdw-ba139899baee9d7697b3be793961735a '   itemscope=\"itemscope\" itemtype=\"https:\/\/schema.org\/CreativeWork\" ><div class='avia_textblock'  itemprop=\"text\" ><p>0<\/p>\n<\/div><\/section>\n","protected":false},"excerpt":{"rendered":"","protected":false},"author":2,"featured_media":0,"parent":2206,"menu_order":6,"comment_status":"closed","ping_status":"closed","template":"","meta":{"footnotes":""},"class_list":["post-2308","page","type-page","status-publish","hentry"],"yoast_head":"<!-- This site is optimized with the Yoast SEO plugin v27.5 - https:\/\/yoast.com\/product\/yoast-seo-wordpress\/ -->\n<title>Kaivon pohjalta sotaan - Veteraanien Perint\u00f6<\/title>\n<meta name=\"robots\" content=\"index, follow, max-snippet:-1, max-image-preview:large, max-video-preview:-1\" \/>\n<link rel=\"canonical\" href=\"https:\/\/veteraanienperinto.fi\/index.php\/jatkosota-etusivu\/jatkosodan-kertomukset\/sotatoimet\/asemasota\/kaivon-pohjalta-sotaan\/\" \/>\n<meta property=\"og:locale\" content=\"fi_FI\" \/>\n<meta property=\"og:type\" content=\"article\" \/>\n<meta property=\"og:title\" content=\"Kaivon pohjalta sotaan - Veteraanien Perint\u00f6\" \/>\n<meta property=\"og:url\" content=\"https:\/\/veteraanienperinto.fi\/index.php\/jatkosota-etusivu\/jatkosodan-kertomukset\/sotatoimet\/asemasota\/kaivon-pohjalta-sotaan\/\" \/>\n<meta property=\"og:site_name\" content=\"Veteraanien Perint\u00f6\" \/>\n<meta property=\"article:modified_time\" content=\"2020-12-15T16:31:34+00:00\" \/>\n<meta property=\"og:image\" content=\"https:\/\/veteraanienperinto.fi\/wp-content\/uploads\/2020\/12\/olavi2.jpg\" \/>\n<meta name=\"twitter:card\" content=\"summary_large_image\" \/>\n<meta name=\"twitter:label1\" content=\"Arvioitu lukuaika\" \/>\n\t<meta name=\"twitter:data1\" content=\"6 minuuttia\" \/>\n<script type=\"application\/ld+json\" class=\"yoast-schema-graph\">{\"@context\":\"https:\\\/\\\/schema.org\",\"@graph\":[{\"@type\":\"WebPage\",\"@id\":\"https:\\\/\\\/veteraanienperinto.fi\\\/index.php\\\/jatkosota-etusivu\\\/jatkosodan-kertomukset\\\/sotatoimet\\\/asemasota\\\/kaivon-pohjalta-sotaan\\\/\",\"url\":\"https:\\\/\\\/veteraanienperinto.fi\\\/index.php\\\/jatkosota-etusivu\\\/jatkosodan-kertomukset\\\/sotatoimet\\\/asemasota\\\/kaivon-pohjalta-sotaan\\\/\",\"name\":\"Kaivon pohjalta sotaan - Veteraanien Perint\u00f6\",\"isPartOf\":{\"@id\":\"https:\\\/\\\/veteraanienperinto.fi\\\/#website\"},\"primaryImageOfPage\":{\"@id\":\"https:\\\/\\\/veteraanienperinto.fi\\\/index.php\\\/jatkosota-etusivu\\\/jatkosodan-kertomukset\\\/sotatoimet\\\/asemasota\\\/kaivon-pohjalta-sotaan\\\/#primaryimage\"},\"image\":{\"@id\":\"https:\\\/\\\/veteraanienperinto.fi\\\/index.php\\\/jatkosota-etusivu\\\/jatkosodan-kertomukset\\\/sotatoimet\\\/asemasota\\\/kaivon-pohjalta-sotaan\\\/#primaryimage\"},\"thumbnailUrl\":\"https:\\\/\\\/veteraanienperinto.fi\\\/wp-content\\\/uploads\\\/2020\\\/12\\\/olavi2.jpg\",\"datePublished\":\"2020-09-01T07:18:53+00:00\",\"dateModified\":\"2020-12-15T16:31:34+00:00\",\"breadcrumb\":{\"@id\":\"https:\\\/\\\/veteraanienperinto.fi\\\/index.php\\\/jatkosota-etusivu\\\/jatkosodan-kertomukset\\\/sotatoimet\\\/asemasota\\\/kaivon-pohjalta-sotaan\\\/#breadcrumb\"},\"inLanguage\":\"fi\",\"potentialAction\":[{\"@type\":\"ReadAction\",\"target\":[\"https:\\\/\\\/veteraanienperinto.fi\\\/index.php\\\/jatkosota-etusivu\\\/jatkosodan-kertomukset\\\/sotatoimet\\\/asemasota\\\/kaivon-pohjalta-sotaan\\\/\"]}]},{\"@type\":\"ImageObject\",\"inLanguage\":\"fi\",\"@id\":\"https:\\\/\\\/veteraanienperinto.fi\\\/index.php\\\/jatkosota-etusivu\\\/jatkosodan-kertomukset\\\/sotatoimet\\\/asemasota\\\/kaivon-pohjalta-sotaan\\\/#primaryimage\",\"url\":\"https:\\\/\\\/veteraanienperinto.fi\\\/wp-content\\\/uploads\\\/2020\\\/12\\\/olavi2.jpg\",\"contentUrl\":\"https:\\\/\\\/veteraanienperinto.fi\\\/wp-content\\\/uploads\\\/2020\\\/12\\\/olavi2.jpg\",\"width\":300,\"height\":279},{\"@type\":\"BreadcrumbList\",\"@id\":\"https:\\\/\\\/veteraanienperinto.fi\\\/index.php\\\/jatkosota-etusivu\\\/jatkosodan-kertomukset\\\/sotatoimet\\\/asemasota\\\/kaivon-pohjalta-sotaan\\\/#breadcrumb\",\"itemListElement\":[{\"@type\":\"ListItem\",\"position\":1,\"name\":\"Etusivu\",\"item\":\"https:\\\/\\\/veteraanienperinto.fi\\\/index.php\\\/etusivu-2\\\/\"},{\"@type\":\"ListItem\",\"position\":2,\"name\":\"Jatkosota &#8211; etusivu\",\"item\":\"https:\\\/\\\/veteraanienperinto.fi\\\/index.php\\\/jatkosota-etusivu\\\/\"},{\"@type\":\"ListItem\",\"position\":3,\"name\":\"Jatkosodan kertomukset\",\"item\":\"https:\\\/\\\/veteraanienperinto.fi\\\/index.php\\\/jatkosota-etusivu\\\/jatkosodan-kertomukset\\\/\"},{\"@type\":\"ListItem\",\"position\":4,\"name\":\"Sotatoimet\",\"item\":\"https:\\\/\\\/veteraanienperinto.fi\\\/index.php\\\/jatkosota-etusivu\\\/jatkosodan-kertomukset\\\/sotatoimet\\\/\"},{\"@type\":\"ListItem\",\"position\":5,\"name\":\"Asemasota\",\"item\":\"https:\\\/\\\/veteraanienperinto.fi\\\/index.php\\\/jatkosota-etusivu\\\/jatkosodan-kertomukset\\\/sotatoimet\\\/asemasota\\\/\"},{\"@type\":\"ListItem\",\"position\":6,\"name\":\"Kaivon pohjalta sotaan\"}]},{\"@type\":\"WebSite\",\"@id\":\"https:\\\/\\\/veteraanienperinto.fi\\\/#website\",\"url\":\"https:\\\/\\\/veteraanienperinto.fi\\\/\",\"name\":\"Veteraanien Perint\u00f6\",\"description\":\"Kadettikunta\",\"potentialAction\":[{\"@type\":\"SearchAction\",\"target\":{\"@type\":\"EntryPoint\",\"urlTemplate\":\"https:\\\/\\\/veteraanienperinto.fi\\\/?s={search_term_string}\"},\"query-input\":{\"@type\":\"PropertyValueSpecification\",\"valueRequired\":true,\"valueName\":\"search_term_string\"}}],\"inLanguage\":\"fi\"}]}<\/script>\n<!-- \/ Yoast SEO plugin. -->","yoast_head_json":{"title":"Kaivon pohjalta sotaan - Veteraanien Perint\u00f6","robots":{"index":"index","follow":"follow","max-snippet":"max-snippet:-1","max-image-preview":"max-image-preview:large","max-video-preview":"max-video-preview:-1"},"canonical":"https:\/\/veteraanienperinto.fi\/index.php\/jatkosota-etusivu\/jatkosodan-kertomukset\/sotatoimet\/asemasota\/kaivon-pohjalta-sotaan\/","og_locale":"fi_FI","og_type":"article","og_title":"Kaivon pohjalta sotaan - Veteraanien Perint\u00f6","og_url":"https:\/\/veteraanienperinto.fi\/index.php\/jatkosota-etusivu\/jatkosodan-kertomukset\/sotatoimet\/asemasota\/kaivon-pohjalta-sotaan\/","og_site_name":"Veteraanien Perint\u00f6","article_modified_time":"2020-12-15T16:31:34+00:00","og_image":[{"url":"https:\/\/veteraanienperinto.fi\/wp-content\/uploads\/2020\/12\/olavi2.jpg","type":"","width":"","height":""}],"twitter_card":"summary_large_image","twitter_misc":{"Arvioitu lukuaika":"6 minuuttia"},"schema":{"@context":"https:\/\/schema.org","@graph":[{"@type":"WebPage","@id":"https:\/\/veteraanienperinto.fi\/index.php\/jatkosota-etusivu\/jatkosodan-kertomukset\/sotatoimet\/asemasota\/kaivon-pohjalta-sotaan\/","url":"https:\/\/veteraanienperinto.fi\/index.php\/jatkosota-etusivu\/jatkosodan-kertomukset\/sotatoimet\/asemasota\/kaivon-pohjalta-sotaan\/","name":"Kaivon pohjalta sotaan - Veteraanien Perint\u00f6","isPartOf":{"@id":"https:\/\/veteraanienperinto.fi\/#website"},"primaryImageOfPage":{"@id":"https:\/\/veteraanienperinto.fi\/index.php\/jatkosota-etusivu\/jatkosodan-kertomukset\/sotatoimet\/asemasota\/kaivon-pohjalta-sotaan\/#primaryimage"},"image":{"@id":"https:\/\/veteraanienperinto.fi\/index.php\/jatkosota-etusivu\/jatkosodan-kertomukset\/sotatoimet\/asemasota\/kaivon-pohjalta-sotaan\/#primaryimage"},"thumbnailUrl":"https:\/\/veteraanienperinto.fi\/wp-content\/uploads\/2020\/12\/olavi2.jpg","datePublished":"2020-09-01T07:18:53+00:00","dateModified":"2020-12-15T16:31:34+00:00","breadcrumb":{"@id":"https:\/\/veteraanienperinto.fi\/index.php\/jatkosota-etusivu\/jatkosodan-kertomukset\/sotatoimet\/asemasota\/kaivon-pohjalta-sotaan\/#breadcrumb"},"inLanguage":"fi","potentialAction":[{"@type":"ReadAction","target":["https:\/\/veteraanienperinto.fi\/index.php\/jatkosota-etusivu\/jatkosodan-kertomukset\/sotatoimet\/asemasota\/kaivon-pohjalta-sotaan\/"]}]},{"@type":"ImageObject","inLanguage":"fi","@id":"https:\/\/veteraanienperinto.fi\/index.php\/jatkosota-etusivu\/jatkosodan-kertomukset\/sotatoimet\/asemasota\/kaivon-pohjalta-sotaan\/#primaryimage","url":"https:\/\/veteraanienperinto.fi\/wp-content\/uploads\/2020\/12\/olavi2.jpg","contentUrl":"https:\/\/veteraanienperinto.fi\/wp-content\/uploads\/2020\/12\/olavi2.jpg","width":300,"height":279},{"@type":"BreadcrumbList","@id":"https:\/\/veteraanienperinto.fi\/index.php\/jatkosota-etusivu\/jatkosodan-kertomukset\/sotatoimet\/asemasota\/kaivon-pohjalta-sotaan\/#breadcrumb","itemListElement":[{"@type":"ListItem","position":1,"name":"Etusivu","item":"https:\/\/veteraanienperinto.fi\/index.php\/etusivu-2\/"},{"@type":"ListItem","position":2,"name":"Jatkosota &#8211; etusivu","item":"https:\/\/veteraanienperinto.fi\/index.php\/jatkosota-etusivu\/"},{"@type":"ListItem","position":3,"name":"Jatkosodan kertomukset","item":"https:\/\/veteraanienperinto.fi\/index.php\/jatkosota-etusivu\/jatkosodan-kertomukset\/"},{"@type":"ListItem","position":4,"name":"Sotatoimet","item":"https:\/\/veteraanienperinto.fi\/index.php\/jatkosota-etusivu\/jatkosodan-kertomukset\/sotatoimet\/"},{"@type":"ListItem","position":5,"name":"Asemasota","item":"https:\/\/veteraanienperinto.fi\/index.php\/jatkosota-etusivu\/jatkosodan-kertomukset\/sotatoimet\/asemasota\/"},{"@type":"ListItem","position":6,"name":"Kaivon pohjalta sotaan"}]},{"@type":"WebSite","@id":"https:\/\/veteraanienperinto.fi\/#website","url":"https:\/\/veteraanienperinto.fi\/","name":"Veteraanien Perint\u00f6","description":"Kadettikunta","potentialAction":[{"@type":"SearchAction","target":{"@type":"EntryPoint","urlTemplate":"https:\/\/veteraanienperinto.fi\/?s={search_term_string}"},"query-input":{"@type":"PropertyValueSpecification","valueRequired":true,"valueName":"search_term_string"}}],"inLanguage":"fi"}]}},"_links":{"self":[{"href":"https:\/\/veteraanienperinto.fi\/index.php\/wp-json\/wp\/v2\/pages\/2308","targetHints":{"allow":["GET"]}}],"collection":[{"href":"https:\/\/veteraanienperinto.fi\/index.php\/wp-json\/wp\/v2\/pages"}],"about":[{"href":"https:\/\/veteraanienperinto.fi\/index.php\/wp-json\/wp\/v2\/types\/page"}],"author":[{"embeddable":true,"href":"https:\/\/veteraanienperinto.fi\/index.php\/wp-json\/wp\/v2\/users\/2"}],"replies":[{"embeddable":true,"href":"https:\/\/veteraanienperinto.fi\/index.php\/wp-json\/wp\/v2\/comments?post=2308"}],"version-history":[{"count":4,"href":"https:\/\/veteraanienperinto.fi\/index.php\/wp-json\/wp\/v2\/pages\/2308\/revisions"}],"predecessor-version":[{"id":8076,"href":"https:\/\/veteraanienperinto.fi\/index.php\/wp-json\/wp\/v2\/pages\/2308\/revisions\/8076"}],"up":[{"embeddable":true,"href":"https:\/\/veteraanienperinto.fi\/index.php\/wp-json\/wp\/v2\/pages\/2206"}],"wp:attachment":[{"href":"https:\/\/veteraanienperinto.fi\/index.php\/wp-json\/wp\/v2\/media?parent=2308"}],"curies":[{"name":"wp","href":"https:\/\/api.w.org\/{rel}","templated":true}]}}