{"id":2316,"date":"2020-09-01T07:22:21","date_gmt":"2020-09-01T07:22:21","guid":{"rendered":"https:\/\/veteraani.ylirotu.fi\/?page_id=2316"},"modified":"2020-12-15T16:38:07","modified_gmt":"2020-12-15T16:38:07","slug":"opiskelua-kuittijarven-rannassa-ita-karjalassa","status":"publish","type":"page","link":"https:\/\/veteraanienperinto.fi\/index.php\/jatkosota-etusivu\/jatkosodan-kertomukset\/sotatoimet\/asemasota\/opiskelua-kuittijarven-rannassa-ita-karjalassa\/","title":{"rendered":"Opiskelua Kuittij\u00e4rven rannassa It\u00e4-Karjalassa"},"content":{"rendered":"\n<style type=\"text\/css\" data-created_by=\"avia_inline_auto\" id=\"style-css-av-av_heading-9913e418af2e1970ea93498052d76ed8\">\n#top .av-special-heading.av-av_heading-9913e418af2e1970ea93498052d76ed8{\npadding-bottom:5px;\n}\nbody .av-special-heading.av-av_heading-9913e418af2e1970ea93498052d76ed8 .av-special-heading-tag .heading-char{\nfont-size:25px;\n}\n.av-special-heading.av-av_heading-9913e418af2e1970ea93498052d76ed8 .av-subheading{\nfont-size:15px;\n}\n<\/style>\n<div  class='av-special-heading av-av_heading-9913e418af2e1970ea93498052d76ed8 av-special-heading-h3  avia-builder-el-0  avia-builder-el-no-sibling '><h3 class='av-special-heading-tag'  itemprop=\"headline\"  >Opiskelua Kuittij\u00e4rven rannassa It\u00e4-Karjalassa<\/h3><div class=\"special-heading-border\"><div class=\"special-heading-inner-border\"><\/div><\/div><\/div>\n<section  class='av_textblock_section av-kei9w74n-7b0f008125a778f48432b9a614d90d0f '   itemscope=\"itemscope\" itemtype=\"https:\/\/schema.org\/CreativeWork\" ><div class='avia_textblock'  itemprop=\"text\" ><p><strong>Tauno Kuosa:<\/strong><\/p>\n<p><img loading=\"lazy\" decoding=\"async\" class=\"size-full wp-image-8085 alignright\" src=\"https:\/\/veteraanienperinto.fi\/wp-content\/uploads\/2020\/12\/kuittijarvi.jpg\" alt=\"\" width=\"350\" height=\"197\" srcset=\"https:\/\/veteraanienperinto.fi\/wp-content\/uploads\/2020\/12\/kuittijarvi.jpg 350w, https:\/\/veteraanienperinto.fi\/wp-content\/uploads\/2020\/12\/kuittijarvi-300x169.jpg 300w\" sizes=\"auto, (max-width: 350px) 100vw, 350px\" \/>Sota vaikutti minun kuten niin monen muunkin nuoren miehen opiskeluun. Ehdin suorittaa syyskuussa 1939 aloittamistani historian opinnoista vain yhden osatutkinnon, kun yliopiston toiminta keskeytettiin.<\/p>\n<p>V\u00e4lirauhan aikana p\u00e4\u00e4tin menn\u00e4 Kadettikouluun. Koulu hajotettiin kes\u00e4kuussa ja kadetit komennettiin kentt\u00e4armeijaan. Siviiliopinnot n\u00e4yttiv\u00e4t j\u00e4\u00e4neen lopullisesti.<\/p>\n<p>Aloitin ne kuitenkin j\u00e4lleen varsin erikoisissa oloissa. Toimin 5.\/JR 11:n p\u00e4\u00e4llikk\u00f6n\u00e4 Uhtuan tien varrella &#8211; korsuni oli kuuluisan Makkarakukkulan takarinteess\u00e4 &#8211; kun pataljoonamme siirrettiin divisioonamme etel\u00e4siivelle Jyv\u00e4lahteen sijoitettuun TstOs Metsoon. Siihen kuului jv.pataljoonan lis\u00e4ksi mm. 2-patterinen patteristo, 2 tykkikomppaniaa, pioneereja ja viestiosasto. Sain vastuulleni noin 15 km Keski-Kuittij\u00e4rven rantaa, jonne oli sijoitettu my\u00f6s molemmat tykkikomppaniat.<\/p>\n<p><strong>Humanisti, juristi ja biokemisti opiskelivat samassa korsussa.<\/strong><\/p>\n<p>Alueemme erotti vihollisesta laaja j\u00e4rvenselk\u00e4, jonka takana n\u00e4kyi Uhtuan kyl\u00e4. Vain vasemmalla siivell\u00e4 vihollinen oli l\u00e4hemp\u00e4n\u00e4 muutaman sadan metrin levyisen salmen toisella puolella. Sielt\u00e4 se joskus h\u00e4iritsi raskailla heittimill\u00e4 komentopaikkaani, joka oli salmeen p\u00e4\u00e4ttyv\u00e4n pitk\u00e4n ja kapean niemen tyvess\u00e4. Puoliksi maan pinnalla olevassa &#8221;korsussamme&#8221; asuivat minun ja l\u00e4hettieni lis\u00e4ksi toisen tykkikomppanian p\u00e4\u00e4llikk\u00f6 luutnantti Aarno Nisula ja kevyen patterin p\u00e4\u00e4llikk\u00f6 luutnantti Jussi Jorma l\u00e4hettiens\u00e4 kanssa. Kun taistelutoiminta ei vaatinut paljoakaan huomiota, j\u00e4i aikaa harrastuksiin. 14-miehisen korsukuntamme p\u00e4\u00e4harrastukseksi muodostui opiskelu.<\/p>\n<p>Aarno Nisula oli saanut lainopin opiskelunsa hyv\u00e4\u00e4n vauhtiin jo ennen jatkosotaa. H\u00e4n jatkoi n\u00e4it\u00e4 lukujaan korsussamme Jyv\u00e4lahdessa. Jussi Jorma oli biokemisti, nobelistimme A. 1. Virtasen oppilaita. Koska minun historianopintoni olivat keskeytyneet alkuunsa, lueskeluni ei ollut yht\u00e4 m\u00e4\u00e4r\u00e4tietoista kuin toverieni.<\/p>\n<p><strong>My\u00f6s l\u00e4hetit opiskelivat.<\/strong><\/p>\n<p>Opiskelu ei rajoittunut vain upseerien piiriin. Useat l\u00e4heteist\u00e4 lukivat my\u00f6s ja suorittivat Kansanvalistusseuran ym. kirjeopistojen kursseja. Heid\u00e4n joukkoonsa kuului nurmolainen tietysti my\u00f6s painia harrastava l\u00e4hettini, joka oli kiinnostunut mm. historiasta. Jos matematiikka, kirjanpito tms. tuotti vaikeuksia poikien vastatessa &#8221;kotiteht\u00e4viins\u00e4&#8221; upseerit auttoivat parhaansa mukaan<\/p>\n<p>Jouduin j\u00e4tt\u00e4m\u00e4\u00e4n t\u00e4m\u00e4n &#8221;opintokerhomme&#8221; kev\u00e4\u00e4ll\u00e4 1943. TstOs Metson oikea sivusta oli auki, sill\u00e4 l\u00e4himm\u00e4t suomalaiset joukot olivat monikymmenkilometrisen korpitaipaleen takana Kiimasj\u00e4rven suunnassa : Tarmokas komentajamme everstiluutnantti U.S. Haahti kutsui minut puheilleen lumien alkaessa h\u00e4vit\u00e4 ja kertoi, ett\u00e4 h\u00e4n aikoi perustaa vapaaehtoisista koottavan kaukopartio-osaston valvomaan oikeaa sivustaamme. Kaksijoukkueisen osaston vahvuudeksi tulisi 60 miest\u00e4. Sen piti ly\u00f6d\u00e4 takaisin tai ainakin viivytt\u00e4\u00e4 ven\u00e4l\u00e4isi\u00e4 partisaaniosastoja, jos ne pyrkisiv\u00e4t t\u00e4m\u00e4n aukon kautta Suomen puolelle. N\u00e4in oli tapahtunut edellisen\u00e4 kes\u00e4n\u00e4, jolloin jopa 100-200 henkil\u00f6n vahvuiset partisaanijoukot olivat tehneet tuhojaan suomalaisissa rajakyliss\u00e4.<\/p>\n<p>Haahti tarjosi minulle osaston p\u00e4\u00e4llikkyytt\u00e4 mm. sanoen tiet\u00e4v\u00e4ns\u00e4, ett\u00e4 pitk\u00e4styisin vain Kuittij\u00e4rven rannalla oleilemiseen kes\u00e4n mittaan. Osasto hajotettaisiin syksyll\u00e4 ja palaisin komppaniaani. Suostuin ilman muuta komentajan ehdotukseen. Minulla oli kokemusta partioinnista pienemmiss\u00e4 puitteissa, sill\u00e4 olin ollut ensin pataljoonan ja sitten rykmentin (JR 48) j\u00e4\u00e4k\u00e4rijoukkueen johtajana Karjalan kannaksella.<\/p>\n<p>Partiointini Pohjois-Vienan korvissa p\u00e4\u00e4ttyi hein\u00e4kuun puoliv\u00e4liss\u00e4 haavoituttuani mm. molempiin k\u00e4siini er\u00e4\u00e4ll\u00e4 retkell\u00e4mme. T\u00e4m\u00e4 johti toisaalta opintojeni alkamiseen todenteolla, kun p\u00e4\u00e4sin vuoden lopulla toipumislomalle sotasairaalasta. Alkuvaikeuksiin kuului lievemmin haavoittuneella oikealla k\u00e4dell\u00e4ni kirjoittamaan opetteleminen, sill\u00e4 olin ollut t\u00e4ysin vasenk\u00e4tinen. Jouduttuani viel\u00e4 toipilaana ollessani maaliskuussa 1944 P\u00e4\u00e4majaan jatkoin ty\u00f6n ohella lukujani ja k\u00e4vin suunnilleen kerran kuukaudessa tenteiss\u00e4 Helsingiss\u00e4. Kes\u00e4n 1944 sotatoimet sek\u00e4 seuraavana vuonna j\u00e4rjestetty kadettikurssini jatkokurssi keskeyttiv\u00e4t j\u00e4lleen opintoni, joten valmistumiseni filosofiankandidaatiksi siirtyi vuoden 1947 helmikuuhun.<\/p>\n<\/div><\/section>\n<section  class='av_textblock_section av-2k3lcs-3d27d553dfdfe5c39c92a80c23ed0bb0 '   itemscope=\"itemscope\" itemtype=\"https:\/\/schema.org\/CreativeWork\" ><div class='avia_textblock'  itemprop=\"text\" ><p>0<\/p>\n<\/div><\/section>\n","protected":false},"excerpt":{"rendered":"","protected":false},"author":2,"featured_media":0,"parent":2206,"menu_order":8,"comment_status":"closed","ping_status":"closed","template":"","meta":{"footnotes":""},"class_list":["post-2316","page","type-page","status-publish","hentry"],"yoast_head":"<!-- This site is optimized with the Yoast SEO plugin v27.5 - https:\/\/yoast.com\/product\/yoast-seo-wordpress\/ -->\n<title>Opiskelua Kuittij\u00e4rven rannassa It\u00e4-Karjalassa - Veteraanien Perint\u00f6<\/title>\n<meta name=\"robots\" content=\"index, follow, max-snippet:-1, max-image-preview:large, max-video-preview:-1\" \/>\n<link rel=\"canonical\" href=\"https:\/\/veteraanienperinto.fi\/index.php\/jatkosota-etusivu\/jatkosodan-kertomukset\/sotatoimet\/asemasota\/opiskelua-kuittijarven-rannassa-ita-karjalassa\/\" \/>\n<meta property=\"og:locale\" content=\"fi_FI\" \/>\n<meta property=\"og:type\" content=\"article\" \/>\n<meta property=\"og:title\" content=\"Opiskelua Kuittij\u00e4rven rannassa It\u00e4-Karjalassa - Veteraanien Perint\u00f6\" \/>\n<meta property=\"og:url\" content=\"https:\/\/veteraanienperinto.fi\/index.php\/jatkosota-etusivu\/jatkosodan-kertomukset\/sotatoimet\/asemasota\/opiskelua-kuittijarven-rannassa-ita-karjalassa\/\" \/>\n<meta property=\"og:site_name\" content=\"Veteraanien Perint\u00f6\" \/>\n<meta property=\"article:modified_time\" content=\"2020-12-15T16:38:07+00:00\" \/>\n<meta property=\"og:image\" content=\"https:\/\/veteraanienperinto.fi\/wp-content\/uploads\/2020\/12\/kuittijarvi.jpg\" \/>\n<meta name=\"twitter:card\" content=\"summary_large_image\" \/>\n<meta name=\"twitter:label1\" content=\"Arvioitu lukuaika\" \/>\n\t<meta name=\"twitter:data1\" content=\"4 minuuttia\" \/>\n<script type=\"application\/ld+json\" class=\"yoast-schema-graph\">{\"@context\":\"https:\\\/\\\/schema.org\",\"@graph\":[{\"@type\":\"WebPage\",\"@id\":\"https:\\\/\\\/veteraanienperinto.fi\\\/index.php\\\/jatkosota-etusivu\\\/jatkosodan-kertomukset\\\/sotatoimet\\\/asemasota\\\/opiskelua-kuittijarven-rannassa-ita-karjalassa\\\/\",\"url\":\"https:\\\/\\\/veteraanienperinto.fi\\\/index.php\\\/jatkosota-etusivu\\\/jatkosodan-kertomukset\\\/sotatoimet\\\/asemasota\\\/opiskelua-kuittijarven-rannassa-ita-karjalassa\\\/\",\"name\":\"Opiskelua Kuittij\u00e4rven rannassa It\u00e4-Karjalassa - Veteraanien Perint\u00f6\",\"isPartOf\":{\"@id\":\"https:\\\/\\\/veteraanienperinto.fi\\\/#website\"},\"primaryImageOfPage\":{\"@id\":\"https:\\\/\\\/veteraanienperinto.fi\\\/index.php\\\/jatkosota-etusivu\\\/jatkosodan-kertomukset\\\/sotatoimet\\\/asemasota\\\/opiskelua-kuittijarven-rannassa-ita-karjalassa\\\/#primaryimage\"},\"image\":{\"@id\":\"https:\\\/\\\/veteraanienperinto.fi\\\/index.php\\\/jatkosota-etusivu\\\/jatkosodan-kertomukset\\\/sotatoimet\\\/asemasota\\\/opiskelua-kuittijarven-rannassa-ita-karjalassa\\\/#primaryimage\"},\"thumbnailUrl\":\"https:\\\/\\\/veteraanienperinto.fi\\\/wp-content\\\/uploads\\\/2020\\\/12\\\/kuittijarvi.jpg\",\"datePublished\":\"2020-09-01T07:22:21+00:00\",\"dateModified\":\"2020-12-15T16:38:07+00:00\",\"breadcrumb\":{\"@id\":\"https:\\\/\\\/veteraanienperinto.fi\\\/index.php\\\/jatkosota-etusivu\\\/jatkosodan-kertomukset\\\/sotatoimet\\\/asemasota\\\/opiskelua-kuittijarven-rannassa-ita-karjalassa\\\/#breadcrumb\"},\"inLanguage\":\"fi\",\"potentialAction\":[{\"@type\":\"ReadAction\",\"target\":[\"https:\\\/\\\/veteraanienperinto.fi\\\/index.php\\\/jatkosota-etusivu\\\/jatkosodan-kertomukset\\\/sotatoimet\\\/asemasota\\\/opiskelua-kuittijarven-rannassa-ita-karjalassa\\\/\"]}]},{\"@type\":\"ImageObject\",\"inLanguage\":\"fi\",\"@id\":\"https:\\\/\\\/veteraanienperinto.fi\\\/index.php\\\/jatkosota-etusivu\\\/jatkosodan-kertomukset\\\/sotatoimet\\\/asemasota\\\/opiskelua-kuittijarven-rannassa-ita-karjalassa\\\/#primaryimage\",\"url\":\"https:\\\/\\\/veteraanienperinto.fi\\\/wp-content\\\/uploads\\\/2020\\\/12\\\/kuittijarvi.jpg\",\"contentUrl\":\"https:\\\/\\\/veteraanienperinto.fi\\\/wp-content\\\/uploads\\\/2020\\\/12\\\/kuittijarvi.jpg\",\"width\":350,\"height\":197},{\"@type\":\"BreadcrumbList\",\"@id\":\"https:\\\/\\\/veteraanienperinto.fi\\\/index.php\\\/jatkosota-etusivu\\\/jatkosodan-kertomukset\\\/sotatoimet\\\/asemasota\\\/opiskelua-kuittijarven-rannassa-ita-karjalassa\\\/#breadcrumb\",\"itemListElement\":[{\"@type\":\"ListItem\",\"position\":1,\"name\":\"Etusivu\",\"item\":\"https:\\\/\\\/veteraanienperinto.fi\\\/index.php\\\/etusivu-2\\\/\"},{\"@type\":\"ListItem\",\"position\":2,\"name\":\"Jatkosota &#8211; etusivu\",\"item\":\"https:\\\/\\\/veteraanienperinto.fi\\\/index.php\\\/jatkosota-etusivu\\\/\"},{\"@type\":\"ListItem\",\"position\":3,\"name\":\"Jatkosodan kertomukset\",\"item\":\"https:\\\/\\\/veteraanienperinto.fi\\\/index.php\\\/jatkosota-etusivu\\\/jatkosodan-kertomukset\\\/\"},{\"@type\":\"ListItem\",\"position\":4,\"name\":\"Sotatoimet\",\"item\":\"https:\\\/\\\/veteraanienperinto.fi\\\/index.php\\\/jatkosota-etusivu\\\/jatkosodan-kertomukset\\\/sotatoimet\\\/\"},{\"@type\":\"ListItem\",\"position\":5,\"name\":\"Asemasota\",\"item\":\"https:\\\/\\\/veteraanienperinto.fi\\\/index.php\\\/jatkosota-etusivu\\\/jatkosodan-kertomukset\\\/sotatoimet\\\/asemasota\\\/\"},{\"@type\":\"ListItem\",\"position\":6,\"name\":\"Opiskelua Kuittij\u00e4rven rannassa It\u00e4-Karjalassa\"}]},{\"@type\":\"WebSite\",\"@id\":\"https:\\\/\\\/veteraanienperinto.fi\\\/#website\",\"url\":\"https:\\\/\\\/veteraanienperinto.fi\\\/\",\"name\":\"Veteraanien Perint\u00f6\",\"description\":\"Kadettikunta\",\"potentialAction\":[{\"@type\":\"SearchAction\",\"target\":{\"@type\":\"EntryPoint\",\"urlTemplate\":\"https:\\\/\\\/veteraanienperinto.fi\\\/?s={search_term_string}\"},\"query-input\":{\"@type\":\"PropertyValueSpecification\",\"valueRequired\":true,\"valueName\":\"search_term_string\"}}],\"inLanguage\":\"fi\"}]}<\/script>\n<!-- \/ Yoast SEO plugin. -->","yoast_head_json":{"title":"Opiskelua Kuittij\u00e4rven rannassa It\u00e4-Karjalassa - Veteraanien Perint\u00f6","robots":{"index":"index","follow":"follow","max-snippet":"max-snippet:-1","max-image-preview":"max-image-preview:large","max-video-preview":"max-video-preview:-1"},"canonical":"https:\/\/veteraanienperinto.fi\/index.php\/jatkosota-etusivu\/jatkosodan-kertomukset\/sotatoimet\/asemasota\/opiskelua-kuittijarven-rannassa-ita-karjalassa\/","og_locale":"fi_FI","og_type":"article","og_title":"Opiskelua Kuittij\u00e4rven rannassa It\u00e4-Karjalassa - Veteraanien Perint\u00f6","og_url":"https:\/\/veteraanienperinto.fi\/index.php\/jatkosota-etusivu\/jatkosodan-kertomukset\/sotatoimet\/asemasota\/opiskelua-kuittijarven-rannassa-ita-karjalassa\/","og_site_name":"Veteraanien Perint\u00f6","article_modified_time":"2020-12-15T16:38:07+00:00","og_image":[{"url":"https:\/\/veteraanienperinto.fi\/wp-content\/uploads\/2020\/12\/kuittijarvi.jpg","type":"","width":"","height":""}],"twitter_card":"summary_large_image","twitter_misc":{"Arvioitu lukuaika":"4 minuuttia"},"schema":{"@context":"https:\/\/schema.org","@graph":[{"@type":"WebPage","@id":"https:\/\/veteraanienperinto.fi\/index.php\/jatkosota-etusivu\/jatkosodan-kertomukset\/sotatoimet\/asemasota\/opiskelua-kuittijarven-rannassa-ita-karjalassa\/","url":"https:\/\/veteraanienperinto.fi\/index.php\/jatkosota-etusivu\/jatkosodan-kertomukset\/sotatoimet\/asemasota\/opiskelua-kuittijarven-rannassa-ita-karjalassa\/","name":"Opiskelua Kuittij\u00e4rven rannassa It\u00e4-Karjalassa - Veteraanien Perint\u00f6","isPartOf":{"@id":"https:\/\/veteraanienperinto.fi\/#website"},"primaryImageOfPage":{"@id":"https:\/\/veteraanienperinto.fi\/index.php\/jatkosota-etusivu\/jatkosodan-kertomukset\/sotatoimet\/asemasota\/opiskelua-kuittijarven-rannassa-ita-karjalassa\/#primaryimage"},"image":{"@id":"https:\/\/veteraanienperinto.fi\/index.php\/jatkosota-etusivu\/jatkosodan-kertomukset\/sotatoimet\/asemasota\/opiskelua-kuittijarven-rannassa-ita-karjalassa\/#primaryimage"},"thumbnailUrl":"https:\/\/veteraanienperinto.fi\/wp-content\/uploads\/2020\/12\/kuittijarvi.jpg","datePublished":"2020-09-01T07:22:21+00:00","dateModified":"2020-12-15T16:38:07+00:00","breadcrumb":{"@id":"https:\/\/veteraanienperinto.fi\/index.php\/jatkosota-etusivu\/jatkosodan-kertomukset\/sotatoimet\/asemasota\/opiskelua-kuittijarven-rannassa-ita-karjalassa\/#breadcrumb"},"inLanguage":"fi","potentialAction":[{"@type":"ReadAction","target":["https:\/\/veteraanienperinto.fi\/index.php\/jatkosota-etusivu\/jatkosodan-kertomukset\/sotatoimet\/asemasota\/opiskelua-kuittijarven-rannassa-ita-karjalassa\/"]}]},{"@type":"ImageObject","inLanguage":"fi","@id":"https:\/\/veteraanienperinto.fi\/index.php\/jatkosota-etusivu\/jatkosodan-kertomukset\/sotatoimet\/asemasota\/opiskelua-kuittijarven-rannassa-ita-karjalassa\/#primaryimage","url":"https:\/\/veteraanienperinto.fi\/wp-content\/uploads\/2020\/12\/kuittijarvi.jpg","contentUrl":"https:\/\/veteraanienperinto.fi\/wp-content\/uploads\/2020\/12\/kuittijarvi.jpg","width":350,"height":197},{"@type":"BreadcrumbList","@id":"https:\/\/veteraanienperinto.fi\/index.php\/jatkosota-etusivu\/jatkosodan-kertomukset\/sotatoimet\/asemasota\/opiskelua-kuittijarven-rannassa-ita-karjalassa\/#breadcrumb","itemListElement":[{"@type":"ListItem","position":1,"name":"Etusivu","item":"https:\/\/veteraanienperinto.fi\/index.php\/etusivu-2\/"},{"@type":"ListItem","position":2,"name":"Jatkosota &#8211; etusivu","item":"https:\/\/veteraanienperinto.fi\/index.php\/jatkosota-etusivu\/"},{"@type":"ListItem","position":3,"name":"Jatkosodan kertomukset","item":"https:\/\/veteraanienperinto.fi\/index.php\/jatkosota-etusivu\/jatkosodan-kertomukset\/"},{"@type":"ListItem","position":4,"name":"Sotatoimet","item":"https:\/\/veteraanienperinto.fi\/index.php\/jatkosota-etusivu\/jatkosodan-kertomukset\/sotatoimet\/"},{"@type":"ListItem","position":5,"name":"Asemasota","item":"https:\/\/veteraanienperinto.fi\/index.php\/jatkosota-etusivu\/jatkosodan-kertomukset\/sotatoimet\/asemasota\/"},{"@type":"ListItem","position":6,"name":"Opiskelua Kuittij\u00e4rven rannassa It\u00e4-Karjalassa"}]},{"@type":"WebSite","@id":"https:\/\/veteraanienperinto.fi\/#website","url":"https:\/\/veteraanienperinto.fi\/","name":"Veteraanien Perint\u00f6","description":"Kadettikunta","potentialAction":[{"@type":"SearchAction","target":{"@type":"EntryPoint","urlTemplate":"https:\/\/veteraanienperinto.fi\/?s={search_term_string}"},"query-input":{"@type":"PropertyValueSpecification","valueRequired":true,"valueName":"search_term_string"}}],"inLanguage":"fi"}]}},"_links":{"self":[{"href":"https:\/\/veteraanienperinto.fi\/index.php\/wp-json\/wp\/v2\/pages\/2316","targetHints":{"allow":["GET"]}}],"collection":[{"href":"https:\/\/veteraanienperinto.fi\/index.php\/wp-json\/wp\/v2\/pages"}],"about":[{"href":"https:\/\/veteraanienperinto.fi\/index.php\/wp-json\/wp\/v2\/types\/page"}],"author":[{"embeddable":true,"href":"https:\/\/veteraanienperinto.fi\/index.php\/wp-json\/wp\/v2\/users\/2"}],"replies":[{"embeddable":true,"href":"https:\/\/veteraanienperinto.fi\/index.php\/wp-json\/wp\/v2\/comments?post=2316"}],"version-history":[{"count":3,"href":"https:\/\/veteraanienperinto.fi\/index.php\/wp-json\/wp\/v2\/pages\/2316\/revisions"}],"predecessor-version":[{"id":8084,"href":"https:\/\/veteraanienperinto.fi\/index.php\/wp-json\/wp\/v2\/pages\/2316\/revisions\/8084"}],"up":[{"embeddable":true,"href":"https:\/\/veteraanienperinto.fi\/index.php\/wp-json\/wp\/v2\/pages\/2206"}],"wp:attachment":[{"href":"https:\/\/veteraanienperinto.fi\/index.php\/wp-json\/wp\/v2\/media?parent=2316"}],"curies":[{"name":"wp","href":"https:\/\/api.w.org\/{rel}","templated":true}]}}