{"id":2328,"date":"2020-09-01T07:27:23","date_gmt":"2020-09-01T07:27:23","guid":{"rendered":"https:\/\/veteraani.ylirotu.fi\/?page_id=2328"},"modified":"2020-12-15T16:55:09","modified_gmt":"2020-12-15T16:55:09","slug":"kaksi-miesta-sammuneen-nuotion-aaressa","status":"publish","type":"page","link":"https:\/\/veteraanienperinto.fi\/index.php\/jatkosota-etusivu\/jatkosodan-kertomukset\/sotatoimet\/asemasota\/kaksi-miesta-sammuneen-nuotion-aaressa\/","title":{"rendered":"Kaksi miest\u00e4 sammuneen nuotion \u00e4\u00e4ress\u00e4"},"content":{"rendered":"\n<style type=\"text\/css\" data-created_by=\"avia_inline_auto\" id=\"style-css-av-av_heading-0f1f2b8521176cf44008c775c6d8d96b\">\n#top .av-special-heading.av-av_heading-0f1f2b8521176cf44008c775c6d8d96b{\npadding-bottom:5px;\n}\nbody .av-special-heading.av-av_heading-0f1f2b8521176cf44008c775c6d8d96b .av-special-heading-tag .heading-char{\nfont-size:25px;\n}\n.av-special-heading.av-av_heading-0f1f2b8521176cf44008c775c6d8d96b .av-subheading{\nfont-size:15px;\n}\n<\/style>\n<div  class='av-special-heading av-av_heading-0f1f2b8521176cf44008c775c6d8d96b av-special-heading-h3  avia-builder-el-0  avia-builder-el-no-sibling '><h3 class='av-special-heading-tag'  itemprop=\"headline\"  >Kaksi miest\u00e4 sammuneen nuotion \u00e4\u00e4ress\u00e4<\/h3><div class=\"special-heading-border\"><div class=\"special-heading-inner-border\"><\/div><\/div><\/div>\n<section  class='av_textblock_section av-kei9w74n-7b0f008125a778f48432b9a614d90d0f '   itemscope=\"itemscope\" itemtype=\"https:\/\/schema.org\/CreativeWork\" ><div class='avia_textblock'  itemprop=\"text\" ><p><strong>V\u00e4in\u00f6 Kyt\u00f6harju:<\/strong><\/p>\n<p>Kanuunapatterimme oli ollut Piksujevin niemess\u00e4 kahden kuukauden ajan ampumassa Kalastajasaarennolle h\u00e4irint\u00e4tulta.<\/p>\n<p>Silloin alkoi Muotkavuonolla operoida vihollisen pieni tykkivene, ja huoltoveneittemme toiminta muuttui katkonaiseksi. Vastapuoli aloitti pian my\u00f6s ilmapommitukset. Meid\u00e4n oli pakattava reppumme ja l\u00e4hdett\u00e4v\u00e4 tarpomaan yli tuntureiden Titovkaa kohti. Tykit peitettiin kallion juurelle lumeen, ja aikomuksena oli hakea ne my\u00f6hemmin sopivana ajankohtana pois.<\/p>\n<p>Kun t\u00e4m\u00e4 aika tuli, haettiin Norjan puolelta rekkavaunulla moottorivene. Sill\u00e4 l\u00e4hdettiin amat\u00f6\u00f6rivoimin hakemaan Pikujevist\u00e4 tavaroita ja aseita.<\/p>\n<p>Perill\u00e4 sattui kuitenkin heti alkuun hankaluutta, kun vene kiinnitettiin rantaan sill\u00e4 tavalla, ett\u00e4 vuoroveden noustessa siit\u00e4 katkesi potkurin akseli. Partio vei potkurin Titovkaan saksalaisille korjattavaksi. Kun sitten kersantti Kurolan johtama uusi partio l\u00e4ksi Titovkasta tuomaan potkuria takaisin Piksujeviin, puuttui sodan kylm\u00e4 todellisuus tapahtumien kulkuun.<\/p>\n<p>Veneemme oli k\u00e4rsinyt t\u00e4ll\u00e4 v\u00e4lin uusia vaurioita, ja vastapuoli oli vienyt kanuunat j\u00e4lleen omalle maalleen telttoineen tyk\u00f6tarpeineen. Kun my\u00f6s muona oli alkanut nopeasti v\u00e4henty\u00e4, oli parasta ottaa reput ja k\u00e4vell\u00e4. Luutnantti T\u00e4htel\u00e4n johtama kuljetuspartio l\u00e4hti Piksujevist\u00e4 taivaltamaan kohti Titovkaa.<\/p>\n<p>Molemmat partiomme saapuivat yht\u00e4 aikaa paikalle, johon edellisen\u00e4 y\u00f6n\u00e4 oli laskettu maihin vihollisen partio. Siin\u00e4 oli kaksi tunturia vierekk\u00e4in, ja niiden v\u00e4lisess\u00e4 kurussa viiden-kuudenkymmenen metrin levyinen j\u00e4rvi. Piksujevin suunnalta tuleva T\u00e4htel\u00e4n partio pys\u00e4htyi tunturin juurelle, ja h\u00e4n itse nousi kahden konepistoolilla aseistetun miehen kanssa tunturiin hakeakseen sielt\u00e4 pakkauksen kantajia, kuten h\u00e4n sanoi.<\/p>\n<p>Ven\u00e4l\u00e4isten joukko osoittautui kuitenkin liian monilukuiseksi, ja kun se samanaikaisesti avasi viel\u00e4 tulen Kurolan potkuripartiota kohti, oli r\u00e4iske jo sellainen, ett\u00e4 loput T\u00e4htel\u00e4n partion kahdestatoista miehest\u00e4 n\u00e4kiv\u00e4t parhaaksi kiert\u00e4\u00e4 tuntureiden taitse omalle maalleen. Olisi ollut sulaa typeryytt\u00e4 yritt\u00e4\u00e4 nujertaa muutamalla miehell\u00e4 vahvaa tunturilla olevaa vihollispartiota. Luutnantti T\u00e4htel\u00e4 selvisi hengiss\u00e4 kahakasta, mutta j\u00e4i vangiksi.<\/p>\n<p>P\u00e4\u00e4joukossa saimme my\u00f6h\u00e4\u00e4n illalla tietoja noista partiokahakoista.<\/p>\n<p>Kersantti Kurolan partiosta el\u00e4v\u00e4n\u00e4 selviytynyt tykkimies Vuorenm\u00e4ki oli k\u00e4vellen tarponut taistelupaikalta Titovkaan. H\u00e4nelt\u00e4 oli sukset ammuttu poikki, mutta poika selvisi kuin ihmeen kautta suuren kiven taakse vastakkaisen tunturin puolelle. Siell\u00e4 h\u00e4n odotteli sormi liipaisimella vuoroaan, mutta lienee h\u00e4lin\u00e4ss\u00e4 j\u00e4\u00e4nyt huomaamatta, kun sai iltaan saakka olla varustuksessaan. Pime\u00e4 kun tuli, h\u00e4n otti jalat alleen j\u00e4\u00e4m\u00e4tt\u00e4 enemp\u00e4\u00e4 apua vartomaan.<\/p>\n<p>Y\u00f6t\u00e4 my\u00f6ten l\u00e4ksimme kuorma-autolla Titovkaan ollaksemme aamulla valmiina l\u00e4htem\u00e4\u00e4n tunturimaastoon. V\u00e4nrikki Lundbergin johdolla aloimme nousta tuntureille ahkioinemme, sill\u00e4 tarkoituksemme oli tuoda taistelupaikalle j\u00e4\u00e4neet vainajamme pois. Hiihdimme verkalleen, silloin t\u00e4ll\u00f6in tummia tunturin kupeita t\u00e4hystellen, mutta mit\u00e4\u00e4n erikoista emme havainneet. Yht\u00e4kki\u00e4 kuului edess\u00e4mme rapinaa ja pienoinen kumpare alkoi el\u00e4\u00e4. Kohtasimme yhdeks\u00e4nkymmenmiehisen saksalaisen partion. Saimme vahvistuksen siihen, ett\u00e4 maasto oli puhdas vihollisista, kun t\u00e4m\u00e4 partio oli saapunut sen maastokohdan kautta, jonne me olimme menossa.<\/p>\n<p>Hiihtelimme hyv\u00e4\u00e4 vauhtia eteenp\u00e4in melkoisen huolettomina ja saavuimme j\u00e4rvelle, jonka toisessa p\u00e4\u00e4ss\u00e4 taistelupaikka sijaitsi.<\/p>\n<p>Aloimme tutkia ymp\u00e4rist\u00f6\u00e4. Meid\u00e4n ei tarvinnut menn\u00e4 pitk\u00e4lti, kun kohtasimme sellaisen n\u00e4yn, joka ei viel\u00e4 t\u00e4h\u00e4n p\u00e4iv\u00e4\u00e4n menness\u00e4 ole j\u00e4\u00e4nyt pois mielest\u00e4ni.<\/p>\n<p>Edess\u00e4mme istui kaksi miest\u00e4mme sammuneen nuotion \u00e4\u00e4ress\u00e4. Vain katkenneiden suksien kappaleita oli siin\u00e4 poltettu.<\/p>\n<p>Kauempaa katsellen n\u00e4ytti silt\u00e4, ett\u00e4 miehet viettiv\u00e4t lepohetke\u00e4, mutta l\u00e4hemp\u00e4\u00e4 huomasimme, ett\u00e4 tuo lepohetki oli ikuisuuden pituinen. Molemmat pojat olivat haavoittuneet jalkoihin, polvien ala- ja yl\u00e4puolelle. He olivat sitoneet repun hihnat reisiens\u00e4 ymp\u00e4ri verenvuodon ehk\u00e4isemiseksi, tehneet tulen suksistaan ja ehk\u00e4 aivan viimeisetkin voimansa k\u00e4ytt\u00e4neet teen keitt\u00e4miseen. Kummankin kupissa oli viel\u00e4 j\u00e4\u00e4tynytt\u00e4 teet\u00e4, samoin pakissa, joka oli maassa hiillosten vieress\u00e4. El\u00e4m\u00e4 oli sammunut hiljalleen. Yht\u00e4 aikaa hiilloksen hiipumisen kanssa oli veri vuotanut kuiviin. N\u00e4m\u00e4 olivat kersantti Kurola ja tykkimies Orava.<\/p>\n<p>Pienen matkan p\u00e4\u00e4ss\u00e4 rinnett\u00e4 yl\u00f6sp\u00e4in oli kolmas miehemme seisaallaan paksussa lumessa.<\/p>\n<p>H\u00e4nen katseensa oli suunnattu kohti korkeutta, silm\u00e4t olivat avoimina, kasvoilla oli aivan kuin h\u00e4mm\u00e4stynyt ilme. Kiv\u00e4\u00e4ri oli tiukasti puserrettuna oikeaan k\u00e4teen. H\u00e4n oli kuin vartioimassa toisten lepohetke\u00e4, aivan el\u00e4v\u00e4n n\u00e4k\u00f6isen\u00e4, mutta kuitenkin kuolleena, vihollisen konetuliaseen seulaksi ampumana.<\/p>\n<p>Syntyi sanaton, kenenk\u00e4\u00e4n komentamaton hiljainen hetki. Jokainen meist\u00e4 tajusi, mink\u00e4 kohtalon alaiseksi toverimme olivat joutuneet. Hiljainen, hiipiv\u00e4 paleltuminen kaukana J\u00e4\u00e4meren rannan talvisessa er\u00e4maassa, ilman toivon h\u00e4ivett\u00e4k\u00e4\u00e4n, oli heid\u00e4t saavuttanut. Apua ei saapunut mist\u00e4\u00e4n p\u00e4in, er\u00e4maa oli yksin\u00e4inen ja suuri. Voi hyvin ymm\u00e4rt\u00e4\u00e4, mit\u00e4 kaikkea ihmisen mieless\u00e4 tuollaisen v\u00e4ist\u00e4m\u00e4tt\u00f6m\u00e4n, hiljaa saapuvan lopun edell\u00e4 oli liikkunut. Kolmas mies, joka seisoi vartiomiehen\u00e4, ei ollut ehtinyt paljoa tajuta tapahtuneesta, h\u00e4nen tajuntansa oli nopeasti sammunut.<\/p>\n<p>H\u00e4n oli tykkimies Sauli Kalajainen Ilmajoelta.<\/p>\n<p>Olisin itse voinut olla kersantti Kurolan paikalla. Partion l\u00e4hd\u00f6n aikana olin tarjoutunut vapaaehtoiseksi, mutta p\u00e4ivystysteht\u00e4v\u00e4n vuoksi ei luutnantti Granfelt ollut ehdotustani hyv\u00e4ksynyt. Osat olisivat voineet olla p\u00e4invastaiset, mutta t\u00e4ll\u00e4 kerralla oli t\u00e4htiin kirjoitettu n\u00e4in.<\/p>\n<p>Kansa taisteli &#8211; miehet kertovat -lehti<\/p>\n<\/div><\/section>\n","protected":false},"excerpt":{"rendered":"","protected":false},"author":2,"featured_media":0,"parent":2206,"menu_order":11,"comment_status":"closed","ping_status":"closed","template":"","meta":{"footnotes":""},"class_list":["post-2328","page","type-page","status-publish","hentry"],"yoast_head":"<!-- This site is optimized with the Yoast SEO plugin v27.5 - https:\/\/yoast.com\/product\/yoast-seo-wordpress\/ -->\n<title>Kaksi miest\u00e4 sammuneen nuotion \u00e4\u00e4ress\u00e4 - Veteraanien Perint\u00f6<\/title>\n<meta name=\"robots\" content=\"index, follow, max-snippet:-1, max-image-preview:large, max-video-preview:-1\" \/>\n<link rel=\"canonical\" href=\"https:\/\/veteraanienperinto.fi\/index.php\/jatkosota-etusivu\/jatkosodan-kertomukset\/sotatoimet\/asemasota\/kaksi-miesta-sammuneen-nuotion-aaressa\/\" \/>\n<meta property=\"og:locale\" content=\"fi_FI\" \/>\n<meta property=\"og:type\" content=\"article\" \/>\n<meta property=\"og:title\" content=\"Kaksi miest\u00e4 sammuneen nuotion \u00e4\u00e4ress\u00e4 - Veteraanien Perint\u00f6\" \/>\n<meta property=\"og:url\" content=\"https:\/\/veteraanienperinto.fi\/index.php\/jatkosota-etusivu\/jatkosodan-kertomukset\/sotatoimet\/asemasota\/kaksi-miesta-sammuneen-nuotion-aaressa\/\" \/>\n<meta property=\"og:site_name\" content=\"Veteraanien Perint\u00f6\" \/>\n<meta property=\"article:modified_time\" content=\"2020-12-15T16:55:09+00:00\" \/>\n<meta name=\"twitter:card\" content=\"summary_large_image\" \/>\n<meta name=\"twitter:label1\" content=\"Arvioitu lukuaika\" \/>\n\t<meta name=\"twitter:data1\" content=\"5 minuuttia\" \/>\n<script type=\"application\/ld+json\" class=\"yoast-schema-graph\">{\"@context\":\"https:\\\/\\\/schema.org\",\"@graph\":[{\"@type\":\"WebPage\",\"@id\":\"https:\\\/\\\/veteraanienperinto.fi\\\/index.php\\\/jatkosota-etusivu\\\/jatkosodan-kertomukset\\\/sotatoimet\\\/asemasota\\\/kaksi-miesta-sammuneen-nuotion-aaressa\\\/\",\"url\":\"https:\\\/\\\/veteraanienperinto.fi\\\/index.php\\\/jatkosota-etusivu\\\/jatkosodan-kertomukset\\\/sotatoimet\\\/asemasota\\\/kaksi-miesta-sammuneen-nuotion-aaressa\\\/\",\"name\":\"Kaksi miest\u00e4 sammuneen nuotion \u00e4\u00e4ress\u00e4 - Veteraanien Perint\u00f6\",\"isPartOf\":{\"@id\":\"https:\\\/\\\/veteraanienperinto.fi\\\/#website\"},\"datePublished\":\"2020-09-01T07:27:23+00:00\",\"dateModified\":\"2020-12-15T16:55:09+00:00\",\"breadcrumb\":{\"@id\":\"https:\\\/\\\/veteraanienperinto.fi\\\/index.php\\\/jatkosota-etusivu\\\/jatkosodan-kertomukset\\\/sotatoimet\\\/asemasota\\\/kaksi-miesta-sammuneen-nuotion-aaressa\\\/#breadcrumb\"},\"inLanguage\":\"fi\",\"potentialAction\":[{\"@type\":\"ReadAction\",\"target\":[\"https:\\\/\\\/veteraanienperinto.fi\\\/index.php\\\/jatkosota-etusivu\\\/jatkosodan-kertomukset\\\/sotatoimet\\\/asemasota\\\/kaksi-miesta-sammuneen-nuotion-aaressa\\\/\"]}]},{\"@type\":\"BreadcrumbList\",\"@id\":\"https:\\\/\\\/veteraanienperinto.fi\\\/index.php\\\/jatkosota-etusivu\\\/jatkosodan-kertomukset\\\/sotatoimet\\\/asemasota\\\/kaksi-miesta-sammuneen-nuotion-aaressa\\\/#breadcrumb\",\"itemListElement\":[{\"@type\":\"ListItem\",\"position\":1,\"name\":\"Etusivu\",\"item\":\"https:\\\/\\\/veteraanienperinto.fi\\\/index.php\\\/etusivu-2\\\/\"},{\"@type\":\"ListItem\",\"position\":2,\"name\":\"Jatkosota &#8211; etusivu\",\"item\":\"https:\\\/\\\/veteraanienperinto.fi\\\/index.php\\\/jatkosota-etusivu\\\/\"},{\"@type\":\"ListItem\",\"position\":3,\"name\":\"Jatkosodan kertomukset\",\"item\":\"https:\\\/\\\/veteraanienperinto.fi\\\/index.php\\\/jatkosota-etusivu\\\/jatkosodan-kertomukset\\\/\"},{\"@type\":\"ListItem\",\"position\":4,\"name\":\"Sotatoimet\",\"item\":\"https:\\\/\\\/veteraanienperinto.fi\\\/index.php\\\/jatkosota-etusivu\\\/jatkosodan-kertomukset\\\/sotatoimet\\\/\"},{\"@type\":\"ListItem\",\"position\":5,\"name\":\"Asemasota\",\"item\":\"https:\\\/\\\/veteraanienperinto.fi\\\/index.php\\\/jatkosota-etusivu\\\/jatkosodan-kertomukset\\\/sotatoimet\\\/asemasota\\\/\"},{\"@type\":\"ListItem\",\"position\":6,\"name\":\"Kaksi miest\u00e4 sammuneen nuotion \u00e4\u00e4ress\u00e4\"}]},{\"@type\":\"WebSite\",\"@id\":\"https:\\\/\\\/veteraanienperinto.fi\\\/#website\",\"url\":\"https:\\\/\\\/veteraanienperinto.fi\\\/\",\"name\":\"Veteraanien Perint\u00f6\",\"description\":\"Kadettikunta\",\"potentialAction\":[{\"@type\":\"SearchAction\",\"target\":{\"@type\":\"EntryPoint\",\"urlTemplate\":\"https:\\\/\\\/veteraanienperinto.fi\\\/?s={search_term_string}\"},\"query-input\":{\"@type\":\"PropertyValueSpecification\",\"valueRequired\":true,\"valueName\":\"search_term_string\"}}],\"inLanguage\":\"fi\"}]}<\/script>\n<!-- \/ Yoast SEO plugin. -->","yoast_head_json":{"title":"Kaksi miest\u00e4 sammuneen nuotion \u00e4\u00e4ress\u00e4 - Veteraanien Perint\u00f6","robots":{"index":"index","follow":"follow","max-snippet":"max-snippet:-1","max-image-preview":"max-image-preview:large","max-video-preview":"max-video-preview:-1"},"canonical":"https:\/\/veteraanienperinto.fi\/index.php\/jatkosota-etusivu\/jatkosodan-kertomukset\/sotatoimet\/asemasota\/kaksi-miesta-sammuneen-nuotion-aaressa\/","og_locale":"fi_FI","og_type":"article","og_title":"Kaksi miest\u00e4 sammuneen nuotion \u00e4\u00e4ress\u00e4 - Veteraanien Perint\u00f6","og_url":"https:\/\/veteraanienperinto.fi\/index.php\/jatkosota-etusivu\/jatkosodan-kertomukset\/sotatoimet\/asemasota\/kaksi-miesta-sammuneen-nuotion-aaressa\/","og_site_name":"Veteraanien Perint\u00f6","article_modified_time":"2020-12-15T16:55:09+00:00","twitter_card":"summary_large_image","twitter_misc":{"Arvioitu lukuaika":"5 minuuttia"},"schema":{"@context":"https:\/\/schema.org","@graph":[{"@type":"WebPage","@id":"https:\/\/veteraanienperinto.fi\/index.php\/jatkosota-etusivu\/jatkosodan-kertomukset\/sotatoimet\/asemasota\/kaksi-miesta-sammuneen-nuotion-aaressa\/","url":"https:\/\/veteraanienperinto.fi\/index.php\/jatkosota-etusivu\/jatkosodan-kertomukset\/sotatoimet\/asemasota\/kaksi-miesta-sammuneen-nuotion-aaressa\/","name":"Kaksi miest\u00e4 sammuneen nuotion \u00e4\u00e4ress\u00e4 - Veteraanien Perint\u00f6","isPartOf":{"@id":"https:\/\/veteraanienperinto.fi\/#website"},"datePublished":"2020-09-01T07:27:23+00:00","dateModified":"2020-12-15T16:55:09+00:00","breadcrumb":{"@id":"https:\/\/veteraanienperinto.fi\/index.php\/jatkosota-etusivu\/jatkosodan-kertomukset\/sotatoimet\/asemasota\/kaksi-miesta-sammuneen-nuotion-aaressa\/#breadcrumb"},"inLanguage":"fi","potentialAction":[{"@type":"ReadAction","target":["https:\/\/veteraanienperinto.fi\/index.php\/jatkosota-etusivu\/jatkosodan-kertomukset\/sotatoimet\/asemasota\/kaksi-miesta-sammuneen-nuotion-aaressa\/"]}]},{"@type":"BreadcrumbList","@id":"https:\/\/veteraanienperinto.fi\/index.php\/jatkosota-etusivu\/jatkosodan-kertomukset\/sotatoimet\/asemasota\/kaksi-miesta-sammuneen-nuotion-aaressa\/#breadcrumb","itemListElement":[{"@type":"ListItem","position":1,"name":"Etusivu","item":"https:\/\/veteraanienperinto.fi\/index.php\/etusivu-2\/"},{"@type":"ListItem","position":2,"name":"Jatkosota &#8211; etusivu","item":"https:\/\/veteraanienperinto.fi\/index.php\/jatkosota-etusivu\/"},{"@type":"ListItem","position":3,"name":"Jatkosodan kertomukset","item":"https:\/\/veteraanienperinto.fi\/index.php\/jatkosota-etusivu\/jatkosodan-kertomukset\/"},{"@type":"ListItem","position":4,"name":"Sotatoimet","item":"https:\/\/veteraanienperinto.fi\/index.php\/jatkosota-etusivu\/jatkosodan-kertomukset\/sotatoimet\/"},{"@type":"ListItem","position":5,"name":"Asemasota","item":"https:\/\/veteraanienperinto.fi\/index.php\/jatkosota-etusivu\/jatkosodan-kertomukset\/sotatoimet\/asemasota\/"},{"@type":"ListItem","position":6,"name":"Kaksi miest\u00e4 sammuneen nuotion \u00e4\u00e4ress\u00e4"}]},{"@type":"WebSite","@id":"https:\/\/veteraanienperinto.fi\/#website","url":"https:\/\/veteraanienperinto.fi\/","name":"Veteraanien Perint\u00f6","description":"Kadettikunta","potentialAction":[{"@type":"SearchAction","target":{"@type":"EntryPoint","urlTemplate":"https:\/\/veteraanienperinto.fi\/?s={search_term_string}"},"query-input":{"@type":"PropertyValueSpecification","valueRequired":true,"valueName":"search_term_string"}}],"inLanguage":"fi"}]}},"_links":{"self":[{"href":"https:\/\/veteraanienperinto.fi\/index.php\/wp-json\/wp\/v2\/pages\/2328","targetHints":{"allow":["GET"]}}],"collection":[{"href":"https:\/\/veteraanienperinto.fi\/index.php\/wp-json\/wp\/v2\/pages"}],"about":[{"href":"https:\/\/veteraanienperinto.fi\/index.php\/wp-json\/wp\/v2\/types\/page"}],"author":[{"embeddable":true,"href":"https:\/\/veteraanienperinto.fi\/index.php\/wp-json\/wp\/v2\/users\/2"}],"replies":[{"embeddable":true,"href":"https:\/\/veteraanienperinto.fi\/index.php\/wp-json\/wp\/v2\/comments?post=2328"}],"version-history":[{"count":4,"href":"https:\/\/veteraanienperinto.fi\/index.php\/wp-json\/wp\/v2\/pages\/2328\/revisions"}],"predecessor-version":[{"id":8103,"href":"https:\/\/veteraanienperinto.fi\/index.php\/wp-json\/wp\/v2\/pages\/2328\/revisions\/8103"}],"up":[{"embeddable":true,"href":"https:\/\/veteraanienperinto.fi\/index.php\/wp-json\/wp\/v2\/pages\/2206"}],"wp:attachment":[{"href":"https:\/\/veteraanienperinto.fi\/index.php\/wp-json\/wp\/v2\/media?parent=2328"}],"curies":[{"name":"wp","href":"https:\/\/api.w.org\/{rel}","templated":true}]}}