{"id":2354,"date":"2020-09-01T10:19:00","date_gmt":"2020-09-01T10:19:00","guid":{"rendered":"https:\/\/veteraani.ylirotu.fi\/?page_id=2354"},"modified":"2020-12-15T15:51:14","modified_gmt":"2020-12-15T15:51:14","slug":"suomussalmi-heraa-sodan-painajaisesta","status":"publish","type":"page","link":"https:\/\/veteraanienperinto.fi\/index.php\/jatkosota-etusivu\/jatkosodan-kertomukset\/valirauhan-aika\/siirtovaki\/suomussalmi-heraa-sodan-painajaisesta\/","title":{"rendered":"Suomussalmi her\u00e4\u00e4 sodan painajaisesta"},"content":{"rendered":"\n<style type=\"text\/css\" data-created_by=\"avia_inline_auto\" id=\"style-css-av-av_heading-b6cd75c57c9d37277a2dd4b26878ba67\">\n#top .av-special-heading.av-av_heading-b6cd75c57c9d37277a2dd4b26878ba67{\npadding-bottom:10px;\n}\nbody .av-special-heading.av-av_heading-b6cd75c57c9d37277a2dd4b26878ba67 .av-special-heading-tag .heading-char{\nfont-size:25px;\n}\n.av-special-heading.av-av_heading-b6cd75c57c9d37277a2dd4b26878ba67 .av-subheading{\nfont-size:15px;\n}\n<\/style>\n<div  class='av-special-heading av-av_heading-b6cd75c57c9d37277a2dd4b26878ba67 av-special-heading-h3  avia-builder-el-0  el_before_av_textblock  avia-builder-el-first '><h3 class='av-special-heading-tag'  itemprop=\"headline\"  >Suomussalmi her\u00e4\u00e4 sodan painajaisesta<\/h3><div class=\"special-heading-border\"><div class=\"special-heading-inner-border\"><\/div><\/div><\/div>\n<section  class='av_textblock_section av-kei9w74n-7b0f008125a778f48432b9a614d90d0f '   itemscope=\"itemscope\" itemtype=\"https:\/\/schema.org\/CreativeWork\" ><div class='avia_textblock'  itemprop=\"text\" ><p><strong>Rakel Lyytinen:<\/strong><\/p>\n<p>Harvalla Suomussalmen tai muiden kuuluisiksi tulleiden it\u00e4rajapit\u00e4jien taistelujen lukijalla lienee selv\u00e4\u00e4 k\u00e4sityst\u00e4 siit\u00e4, mik\u00e4 n\u00e4iden pit\u00e4jien osuus oli viime talven kamppailuissa. Ja kuitenkin vasta, jos joutuu samoilemaan Kainuun korpia kyl\u00e4st\u00e4 kyl\u00e4\u00e4n, tulevat ne ankarat olosuhteet, joissa taisteluja k\u00e4ytiin, t\u00e4ysin tajuttaviksi, ja jos joutuu katsomaan silm\u00e4st\u00e4 silm\u00e4\u00e4n raunioille palaavia rajan asukkaita, saavat Kainuun korvissa suoritetut uroty\u00f6t vuosisatojen taakse ulottuvan kiinte\u00e4n ja selvent\u00e4v\u00e4n taustan.<\/p>\n<div id=\"attachment_8040\" style=\"width: 380px\" class=\"wp-caption alignright\"><img loading=\"lazy\" decoding=\"async\" aria-describedby=\"caption-attachment-8040\" class=\"wp-image-8040 size-full\" src=\"https:\/\/veteraanienperinto.fi\/wp-content\/uploads\/2020\/12\/sauomussalmi_heraa-1.jpg\" alt=\"\" width=\"370\" height=\"253\" srcset=\"https:\/\/veteraanienperinto.fi\/wp-content\/uploads\/2020\/12\/sauomussalmi_heraa-1.jpg 370w, https:\/\/veteraanienperinto.fi\/wp-content\/uploads\/2020\/12\/sauomussalmi_heraa-1-300x205.jpg 300w\" sizes=\"auto, (max-width: 370px) 100vw, 370px\" \/><p id=\"caption-attachment-8040\" class=\"wp-caption-text\">Suomussalmella joutui useita tuhansia henkil\u00f6it\u00e4 v\u00e4istym\u00e4\u00e4n ven\u00e4l\u00e4isten hy\u00f6kk\u00e4yksen tielt\u00e4. Siin\u00e4 vaiheessa monellakaan ei ollut mahdollisuuksia ottaa mukaansa edes v\u00e4ltt\u00e4m\u00e4tt\u00f6mint\u00e4. Paluuilmeet olivat aurinkoisia.<\/p><\/div>\n<p><strong>Em\u00e4nt\u00e4 j\u00e4i<\/strong><\/p>\n<p>Hyrynsalmen kirkonkyl\u00e4 on kuin prologi matkalla n\u00e4ihin er\u00e4maihin. Vaaleankeltainen puukirkko seisoo viel\u00e4 kummullaan, ymp\u00e4rill\u00e4\u00e4n Salmij\u00e4rven ja Hyrynsalmen tummat vedet. Ja id\u00e4ss\u00e4 jatkuvat siint\u00e4v\u00e4t vaarat, \u00e4\u00e4rett\u00f6m\u00e4t mets\u00e4t, suot ja virtaavat vedet, joiden partailla taisteltiin el\u00e4m\u00e4st\u00e4 ja kuolemasta. Hyrynsalmen kirkon alapuolella seisoo kaksi vanhaa harmaata riiht\u00e4, Suomussalmella kaatuneitten lepopaikka, jonne heid\u00e4n j\u00e4\u00e4tyneet ruumiinsa kuljetettiin metsist\u00e4 sulamaan.<\/p>\n<p>Pist\u00e4ydyn muutaman askelen p\u00e4\u00e4ss\u00e4 olevaan vanhaan Salmelan taloon samaa polkua, jota my\u00f6ten Salmelan vanha em\u00e4nt\u00e4 viime talven aikana vei kaikkialta Suomesta tulleita omaisia vainajiaan etsim\u00e4\u00e4n. Pirtiss\u00e4 tapaan t\u00e4m\u00e4n sisukkaan kansannaisen. Kun sota oli puhjennut ja kyl\u00e4l\u00e4iset l\u00e4htiv\u00e4t evakkomatkoille, j\u00e4i em\u00e4nt\u00e4 rauhallisesti paikoilleen. Eiv\u00e4t edes talon edess\u00e4 olevalle pellolle pudonneet pommit voineet h\u00e4nt\u00e4 kodistaan karkoittaa.<\/p>\n<p>&#8221;Kun el\u00e4\u00e4 koko ik\u00e4ns\u00e4 Jumalan suojassa, ei peloita&#8221;, vakuuttaa h\u00e4n ja katsoo minuun tiukasti kaikki sodan kauhut n\u00e4hneill\u00e4 silmill\u00e4\u00e4n. Ei, suojaan h\u00e4n ei kertaakaan l\u00e4htenyt &#8211; t\u00e4st\u00e4 ikkunasta h\u00e4n vain katsoin miten kivet sinkoilivat niin, ettei navettaa tahtonut erottaa. Vain silloin kun vankijoukkoa kuljetettiin maantiell\u00e4, k\u00e4\u00e4nsi h\u00e4n p\u00e4\u00e4ns\u00e4 pois. Ja vain silloin jalat tahtoivat pett\u00e4\u00e4, kun uusia vainajia tuli, eik\u00e4 pojalta ollut tullut pitk\u00e4\u00e4n aikaan kirjett\u00e4 rintamalta, tai kun naapurin is\u00e4nn\u00e4n kylmennyt ruumis l\u00f6ytyi riihest\u00e4 ja muistuivat mieleen vaimo ja kolme pient\u00e4 lasta. &#8211; Joulukuun ensimm\u00e4isist\u00e4 p\u00e4ivist\u00e4 l\u00e4htien oli pirtti t\u00e4ynn\u00e4 \u00e4itej\u00e4 ja lapsia, sitten upseereja ja sotilaita. Silloin kun p\u00e4\u00e4si nukkumaan, nukkui tykkien jyskeeseen.<\/p>\n<p>Pist\u00e4ydyin kirkkomaalle, jonka yksinkertaisen puuportin kummallakin puolella seisoo kaksi sankarihautaa, toinen vapaussodan, toinen viime talvinen. N\u00e4en rajakylien asukkaiden astelevan verkalleen kirkkoa kohti. Heid\u00e4n kasvonsa ovat vakavakatseiset ja k\u00e4tens\u00e4 ty\u00f6st\u00e4 kovettuneet. He nostavat mieleeni hiiht\u00e4v\u00e4n &#8211; ennen t\u00e4m\u00e4n kirkon olemassaoloa &#8211; kauas Ouluj\u00e4rven rannoille saakka, Paltamon kirkolle, tai matkalla lukukinkereihin, &#8221;nuo suomussalmelaiset, jotka leiv\u00e4n puutteen takia olivat n\u00e4ill\u00e4 matkoilla vaarassa vaipua taipaleelle&#8221;. N\u00e4en suomalaisen papin, Olavi Rahikaisen suistuvan pakomatkalla vihollisen luotiin.<\/p>\n<p>Ensimm\u00e4inen lumi on peitt\u00e4nyt Hyrynsalmen-Suomussalmen tien, jota my\u00f6ten suomalaisjoukot marssivat tulilinjoille. Sivuutan Haukiper\u00e4n lossin, jonka vasemmalla puolen yksin\u00e4inen savupiippu ja sen alla leivinuuni puhuvat el\u00e4v\u00e4\u00e4 kielt\u00e4\u00e4n. Katselen oikealla kohoavaa rinnett\u00e4, jolta urheat suomalaiset joukot l\u00f6iv\u00e4t takaisin ven\u00e4l\u00e4iset hy\u00f6kk\u00e4\u00e4j\u00e4t yli tien ja siit\u00e4 alas j\u00e4\u00e4lle. J\u00e4rven takaa oikealta silm\u00e4ni etsii kohtaa, jonne Eino Kaipainen johti joukkueensa vihollisen selk\u00e4\u00e4n.<\/p>\n<p><strong>Koulutiell\u00e4<\/strong><\/p>\n<p>Lopputie jatkuu suorana Suomussalmen kirkonkyl\u00e4n m\u00e4elle, josta kuuluu vastaan iloinen vasaranpauke. J\u00e4lleenrakennusta! Vasemmalla hohtaa valkea palokunnantalo, ainoita kirkonkyl\u00e4n pystyss\u00e4 s\u00e4ilyneit\u00e4 rakennuksia, jossa kunnallis- ja kansahuoltolautakunnat nyt majailevat. Jostain kuuluu koulukellon \u00e4\u00e4ni. Siis toinenkin talo &#8211; koulutalo! Kiiruhdan sinne. Viisikymment\u00e4 rajan lasta asettuu juuri riveihin. Vakavakatseisia ovat hekin. He hytisev\u00e4t siin\u00e4 ohuissa mekoissaan. Vasta l\u00e4mpim\u00e4ss\u00e4 koulusalissa heid\u00e4n kielenkantansa aukenevat. He uskovat minulle monet huolensa, kaatuneet is\u00e4ns\u00e4, palaneet hevosensa, lampaansa, lehm\u00e4ns\u00e4.<\/p>\n<p>Tiedustelen, miten pitk\u00e4 koulumatka heill\u00e4 on.<br \/>\nKolme &#8211; nelj\u00e4 kilometri\u00e4 on tavallisin matka.<\/p>\n<p>Ent\u00e4 kenell\u00e4 on p\u00e4\u00e4llystakki?<\/p>\n<p>Kolmen tytt\u00f6sen k\u00e4det nousevat.<\/p>\n<div id=\"attachment_8041\" style=\"width: 380px\" class=\"wp-caption alignright\"><img loading=\"lazy\" decoding=\"async\" aria-describedby=\"caption-attachment-8041\" class=\"wp-image-8041 size-full\" src=\"https:\/\/veteraanienperinto.fi\/wp-content\/uploads\/2020\/12\/sauomussalmi_heraa2.jpg\" alt=\"\" width=\"370\" height=\"295\" srcset=\"https:\/\/veteraanienperinto.fi\/wp-content\/uploads\/2020\/12\/sauomussalmi_heraa2.jpg 370w, https:\/\/veteraanienperinto.fi\/wp-content\/uploads\/2020\/12\/sauomussalmi_heraa2-300x239.jpg 300w\" sizes=\"auto, (max-width: 370px) 100vw, 370px\" \/><p id=\"caption-attachment-8041\" class=\"wp-caption-text\">Kouluolot olivat kehnot, kun koulurakennukset poltettiin. Yht\u00e4 huono oli sairaanhoidon tilanne. T\u00e4ss\u00e4 kirkonkyl\u00e4n sairaalan rauniot kohta rauhanteon j\u00e4lkeen.<\/p><\/div>\n<p>Pieni tytt\u00f6 nousee seisomaan. Minulla on keng\u00e4t, mutta ne ovat niin pienet, ettei niihin mahdu sukkia. Ent\u00e4 monellako on maitoa matkassaan?&#8221; tiedustelen edelleen.<\/p>\n<p>Noin puoli luokkaa nostaa k\u00e4tens\u00e4. Pieni poika kiiruhtaa antamaan lis\u00e4selityksen: &#8221;Kyll\u00e4 me saamme pikkusiskolle naapurista&#8221;.<\/p>\n<p>Kuinka monelle teist\u00e4 sitten j\u00e4i koti?<\/p>\n<p>13 lapsen k\u00e4det nousevat.<\/p>\n<p>Mutta lapset vakuuttavat kuitenkin kaikki yhteen \u00e4\u00e4neen, ett\u00e4 hauskaa oli p\u00e4\u00e4st\u00e4 kotiin. Sitten he vilkastuvat kertomaan sotamuistojaan, miten kyl\u00e4 jo punaisena loimusi, kun avonaisissa kuorma-autoissa p\u00e4\u00e4stiin l\u00e4htem\u00e4\u00e4n.<\/p>\n<p>Jatkan matkaani l\u00e4pi kyl\u00e4n rauniokujan, jota kummallakin puolella savupiiput reunustavat. Sielt\u00e4 t\u00e4\u00e4lt\u00e4 et\u00e4\u00e4mp\u00e4\u00e4 nousee kuitenkin savuja pienen pienist\u00e4 saunoista, joita on kunnostettu asunnoiksi siksi kunnes oikeat talot ehtiv\u00e4t valmistua. Pist\u00e4ydyn sellaiseen. Tapaan nuoren em\u00e4nn\u00e4n ompelukoneen \u00e4\u00e4ress\u00e4. Se on raunioista l\u00f6ydetty ja mets\u00e4nhoitajan rouvalta lainaksi saatu kone, joka nyt py\u00f6rii aamusta iltaan. Mink\u00e4\u00e4nlaista lepoa ei t\u00e4ll\u00e4 em\u00e4nn\u00e4ll\u00e4 ole ollut siit\u00e4 saakka, kun sota syttyi ja h\u00e4n joutui kyl\u00e4l\u00e4isten muonittajaksi. Mutta h\u00e4nen silm\u00e4ns\u00e4 kostuvat, kun h\u00e4n kertoo miehens\u00e4 palanneen Raatteen taisteluista ja Suomussalmen kunnan toimittaneen heille 3000 markkaa saunan kunnostamiseen. Kotona on sittenkin parempi kuin miss\u00e4\u00e4n muualla. Lapsetkin olivat sanoneet: asuvansa ennemmin raunioilla kuin vieraissa!<\/p>\n<p>Odotetaan aikaa parempaa<\/p>\n<p>Kyl\u00e4tiell\u00e4 tulee vastaani suurisilm\u00e4inen lotta. H\u00e4n on sama lotta, joka vei ruokaa etulinjoille, vaikka jo luodit suhisivat korvissa. H\u00e4n se juuri sidontapaikalla sitoi monet haavoittuneet ja toimitti kaatuneita viimeiselle taipaleelle. Nyt h\u00e4n on matkalla 60 kilometrin taakse rajakyl\u00e4\u00e4n opettamaan em\u00e4nti\u00e4 j\u00e4rjest\u00e4m\u00e4\u00e4n uudelleen taloutensa. &#8211; Sivuan viel\u00e4 kirkonkyl\u00e4n uuden uutukaisen osuuskaupan, josta tie k\u00e4\u00e4ntyy vasemmalle, kirkolle. Siit\u00e4 tuskin on j\u00e4ljell\u00e4 peruskivi\u00e4k\u00e4\u00e4n. Pys\u00e4hdyn sitten haudalle, jossa 80 Suomussalmen sankaria lep\u00e4\u00e4.<\/p>\n<p>Palaan l\u00e4pi saman rauniokujan palokunnantalolle, jossa tapaan kunnallislautakunnan esimiehen Kivij\u00e4rven ja kansanhuoltotoimiin antautuneen opettaja Reinikaisen.<\/p>\n<p>T\u00e4ss\u00e4 v\u00e4liaikaisessa kunnantalossa on vilkasta touhua. Monet polttavat ongelmat on kunnan esimiehell\u00e4 ollut ratkaistavanaan sodan alusta l\u00e4htien ja yh\u00e4 uusi polttavia on edess\u00e4, nyt kun Suomussalmen 10000 asukkaasta noin 80 prosenttia on palannut takaisin Utaj\u00e4rvelt\u00e4, Muhoksesta ja Tyrn\u00e4v\u00e4lt\u00e4. Aivan alusta on nyt aloitettava. Suomussalmen kirkonkyl\u00e4n palossa paloi yksinp\u00e4 kunnan arkistokin.<\/p>\n<p>Mitk\u00e4 kysymykset t\u00e4\u00e4ll\u00e4 nyt ovat polttavimmat?tiedustelen.<\/p>\n<p>Kunnallislautakunnan esimies hym\u00e4ht\u00e4\u00e4:<\/p>\n<p>Taitavat olla kaikki yht\u00e4 polttavia. &#8211; Pimeys haittaa, samoin asuntojen, ravinnon, vaatteiden puute. Rukiista tuli t\u00e4ysi kato, ohrasta keskinkertaista huonompi, kaura ei joutunut ajoissa, hein\u00e4sato tuli heikko.<\/p>\n<p>Mutta t\u00e4\u00e4ll\u00e4 rakennetaan kuitenkin.<\/p>\n<p>Niin, 47 uutta lahjataloa saadaan Suomussalmen suuriperheisille ja sotaleskille.<\/p>\n<p>Mitenk\u00e4h\u00e4n t\u00e4\u00e4ll\u00e4 selviydyt\u00e4\u00e4n?<\/p>\n<p>Kyll\u00e4 t\u00e4\u00e4ll\u00e4 selviydyt\u00e4\u00e4n! Odotetaan aikaa parempaa. Ennen oli joka toinen vuosi katovuosi. Hitaammin tosin k\u00e4y ty\u00f6 rajoilla kuin muualla Suomessa. Ensin on leip\u00e4 otettava mets\u00e4t\u00f6ist\u00e4 ja siin\u00e4 sivussa on maata viljelt\u00e4v\u00e4. Mutta ilomielin palaavat suomussalmelaiset koteihinsa.<\/p>\n<p>Tuo koulukysymys t\u00e4\u00e4ll\u00e4 erikoisesti painostaa, puuttuu puheeseen opettaja Reinikainen. Suomussalmen 22 koulusta toimii nyt 17 tilap\u00e4isiss\u00e4 vuokrahuoneistoissa ja niiss\u00e4 on toistatuhatta oppilasta. Oppilasruokalat on nyt vain 10:ll\u00e4 koululla, ennen niit\u00e4 oli kaikilla. Kouluja paloi Ruhtinaansalmella, Kiannanniemell\u00e4, Piispaj\u00e4rvell\u00e4, N\u00e4lj\u00e4ng\u00e4ll\u00e4. Kunnan vahingot yksinomaan koulujen osalta lienev\u00e4t noin nelj\u00e4 miljoonaa markkaa. Opettajat ovat kuitenkin palanneet takaisin. Nyt tarvitaan vain kiireisesti vaatteita ja jalkineita. &#8211; Opettaja Reinikainen kertoo lis\u00e4ksi, ett\u00e4 Suomen Naisten Ty\u00f6valmiuskeskus puuhaa Suomussalmelle lasten sairaalaa.<\/p>\n<p>Pist\u00e4ydyn viel\u00e4 kirkonkyl\u00e4n vasta kyh\u00e4ttyyn kahvilaan, jonka katolle on asetettu tuulimylly ja sen viereen pieni dynamo lataamaan sis\u00e4ll\u00e4 soittelevan radion akkumulaattoria ja antamaan valoa kattoon kiinnitetylle hehkulampulle. Syrj\u00e4kyl\u00e4n asukkaita istahtaa sinne v\u00e4h\u00e4n v\u00e4li\u00e4 korvikekupin \u00e4\u00e4reen ja radio soittaa iloisesti valssia &#8221;An der sch\u00f6nen blauen Donau&#8221;.<\/p>\n<p>Suomussalmella 6.11.40.<\/p>\n<p>Suomen Kuvalehti 47\/40<\/p>\n<p><strong>Suomussalmen evakot<\/strong><\/p>\n<p>Rajapit\u00e4jiss\u00e4, joihin Suomussalmikin kuului, aloitettiin v\u00e4est\u00f6n evakuointi jo hyviss\u00e4 ajoin ennen talvisotaa. Kun sodanvaaran uskottiin kuitenkin menneen ohi, asukkaat saivat marraskuussa 1939 palata koteihinsa. Se oli ennenaikaista, sill\u00e4 Neuvostoliiton hy\u00f6kk\u00e4yksen alkaessa v\u00e4est\u00f6 tuskin enn\u00e4tti alta pois tai j\u00e4i kerrassaan sodan jalkoihin. Suomussalmi kuului niihin harvoihin paikkakuntiin, joissa er\u00e4iden syrj\u00e4kylien asukkaat eiv\u00e4t enn\u00e4tt\u00e4neet evakkoon. Se joutui kokemaan my\u00f6s sodan tuhon koko laajuudessaan, eik\u00e4 esimerkiksi kirkonkyl\u00e4n rakennuksista j\u00e4\u00e4nyt pystyyn kuin er\u00e4s mit\u00e4t\u00f6n luotien poraama vaja.<\/p>\n<p>Kun Stalin ja Molotov vetiv\u00e4t Moskovan rauhan rajan, se kulki siten, ett\u00e4 varsinaisessa Karjalassa Suomen oli luovutettava huomattavia alueita, jotka olivat kaukana suomalaisrintaman selustassa. Toivoakaan ei ollut siit\u00e4, ett\u00e4 olisi voitu palata takaisin ven\u00e4l\u00e4isten miehitt\u00e4miin pit\u00e4jiin. Pohjoisempana k\u00e4vi hieman toisin. Ven\u00e4l\u00e4iset vet\u00e4ytyiv\u00e4t rajan taakse Ilomantsista, Kuhmosta, Suomussalmelta ja osasta Sallaa sek\u00e4 Petsamoa. Asukkaat saattoivat palata takaisin toisin kuin Karjalassa, ja j\u00e4lleenrakennusty\u00f6 alkoi.<\/p>\n<p>Koska sotatoimet olivat riehuneet er\u00e4\u00e4ss\u00e4 vaiheessa jo pitk\u00e4ll\u00e4 l\u00e4nness\u00e4, raunioita riitti kaikkialla. Rakel Lyytisen artikkeli my\u00f6h\u00e4issyksylt\u00e4 1940 kertoo, miten ongelmista oli siihen menness\u00e4 selviydytty. Kirjoittaja ei voinut vain aavistaa, ett\u00e4 vastaavat ongelmat olivat uudelleen edess\u00e4 nelj\u00e4n vuoden kuluttua, jolloin ven\u00e4l\u00e4iset miehittiv\u00e4t j\u00e4lleen Suomussalmen. Silloinkin suomussalmelaiset olivat kuitenkin karjalaisia onnekkaampia, sill\u00e4 muutaman kuukauden poissaolon j\u00e4lkeen he saivat palata koteihinsa.<\/p>\n<\/div><\/section>\n","protected":false},"excerpt":{"rendered":"","protected":false},"author":2,"featured_media":0,"parent":2351,"menu_order":0,"comment_status":"closed","ping_status":"closed","template":"","meta":{"footnotes":""},"class_list":["post-2354","page","type-page","status-publish","hentry"],"yoast_head":"<!-- This site is optimized with the Yoast SEO plugin v27.5 - https:\/\/yoast.com\/product\/yoast-seo-wordpress\/ -->\n<title>Suomussalmi her\u00e4\u00e4 sodan painajaisesta - Veteraanien Perint\u00f6<\/title>\n<meta name=\"robots\" content=\"index, follow, max-snippet:-1, max-image-preview:large, max-video-preview:-1\" \/>\n<link rel=\"canonical\" href=\"https:\/\/veteraanienperinto.fi\/index.php\/jatkosota-etusivu\/jatkosodan-kertomukset\/valirauhan-aika\/siirtovaki\/suomussalmi-heraa-sodan-painajaisesta\/\" \/>\n<meta property=\"og:locale\" content=\"fi_FI\" \/>\n<meta property=\"og:type\" content=\"article\" \/>\n<meta property=\"og:title\" content=\"Suomussalmi her\u00e4\u00e4 sodan painajaisesta - Veteraanien Perint\u00f6\" \/>\n<meta property=\"og:url\" content=\"https:\/\/veteraanienperinto.fi\/index.php\/jatkosota-etusivu\/jatkosodan-kertomukset\/valirauhan-aika\/siirtovaki\/suomussalmi-heraa-sodan-painajaisesta\/\" \/>\n<meta property=\"og:site_name\" content=\"Veteraanien Perint\u00f6\" \/>\n<meta property=\"article:modified_time\" content=\"2020-12-15T15:51:14+00:00\" \/>\n<meta property=\"og:image\" content=\"https:\/\/veteraanienperinto.fi\/wp-content\/uploads\/2020\/12\/sauomussalmi_heraa-1.jpg\" \/>\n<meta name=\"twitter:card\" content=\"summary_large_image\" \/>\n<meta name=\"twitter:label1\" content=\"Arvioitu lukuaika\" \/>\n\t<meta name=\"twitter:data1\" content=\"8 minuuttia\" \/>\n<script type=\"application\/ld+json\" class=\"yoast-schema-graph\">{\"@context\":\"https:\\\/\\\/schema.org\",\"@graph\":[{\"@type\":\"WebPage\",\"@id\":\"https:\\\/\\\/veteraanienperinto.fi\\\/index.php\\\/jatkosota-etusivu\\\/jatkosodan-kertomukset\\\/valirauhan-aika\\\/siirtovaki\\\/suomussalmi-heraa-sodan-painajaisesta\\\/\",\"url\":\"https:\\\/\\\/veteraanienperinto.fi\\\/index.php\\\/jatkosota-etusivu\\\/jatkosodan-kertomukset\\\/valirauhan-aika\\\/siirtovaki\\\/suomussalmi-heraa-sodan-painajaisesta\\\/\",\"name\":\"Suomussalmi her\u00e4\u00e4 sodan painajaisesta - Veteraanien Perint\u00f6\",\"isPartOf\":{\"@id\":\"https:\\\/\\\/veteraanienperinto.fi\\\/#website\"},\"primaryImageOfPage\":{\"@id\":\"https:\\\/\\\/veteraanienperinto.fi\\\/index.php\\\/jatkosota-etusivu\\\/jatkosodan-kertomukset\\\/valirauhan-aika\\\/siirtovaki\\\/suomussalmi-heraa-sodan-painajaisesta\\\/#primaryimage\"},\"image\":{\"@id\":\"https:\\\/\\\/veteraanienperinto.fi\\\/index.php\\\/jatkosota-etusivu\\\/jatkosodan-kertomukset\\\/valirauhan-aika\\\/siirtovaki\\\/suomussalmi-heraa-sodan-painajaisesta\\\/#primaryimage\"},\"thumbnailUrl\":\"https:\\\/\\\/veteraanienperinto.fi\\\/wp-content\\\/uploads\\\/2020\\\/12\\\/sauomussalmi_heraa-1.jpg\",\"datePublished\":\"2020-09-01T10:19:00+00:00\",\"dateModified\":\"2020-12-15T15:51:14+00:00\",\"breadcrumb\":{\"@id\":\"https:\\\/\\\/veteraanienperinto.fi\\\/index.php\\\/jatkosota-etusivu\\\/jatkosodan-kertomukset\\\/valirauhan-aika\\\/siirtovaki\\\/suomussalmi-heraa-sodan-painajaisesta\\\/#breadcrumb\"},\"inLanguage\":\"fi\",\"potentialAction\":[{\"@type\":\"ReadAction\",\"target\":[\"https:\\\/\\\/veteraanienperinto.fi\\\/index.php\\\/jatkosota-etusivu\\\/jatkosodan-kertomukset\\\/valirauhan-aika\\\/siirtovaki\\\/suomussalmi-heraa-sodan-painajaisesta\\\/\"]}]},{\"@type\":\"ImageObject\",\"inLanguage\":\"fi\",\"@id\":\"https:\\\/\\\/veteraanienperinto.fi\\\/index.php\\\/jatkosota-etusivu\\\/jatkosodan-kertomukset\\\/valirauhan-aika\\\/siirtovaki\\\/suomussalmi-heraa-sodan-painajaisesta\\\/#primaryimage\",\"url\":\"https:\\\/\\\/veteraanienperinto.fi\\\/wp-content\\\/uploads\\\/2020\\\/12\\\/sauomussalmi_heraa-1.jpg\",\"contentUrl\":\"https:\\\/\\\/veteraanienperinto.fi\\\/wp-content\\\/uploads\\\/2020\\\/12\\\/sauomussalmi_heraa-1.jpg\",\"width\":370,\"height\":253},{\"@type\":\"BreadcrumbList\",\"@id\":\"https:\\\/\\\/veteraanienperinto.fi\\\/index.php\\\/jatkosota-etusivu\\\/jatkosodan-kertomukset\\\/valirauhan-aika\\\/siirtovaki\\\/suomussalmi-heraa-sodan-painajaisesta\\\/#breadcrumb\",\"itemListElement\":[{\"@type\":\"ListItem\",\"position\":1,\"name\":\"Etusivu\",\"item\":\"https:\\\/\\\/veteraanienperinto.fi\\\/index.php\\\/etusivu-2\\\/\"},{\"@type\":\"ListItem\",\"position\":2,\"name\":\"Jatkosota &#8211; etusivu\",\"item\":\"https:\\\/\\\/veteraanienperinto.fi\\\/index.php\\\/jatkosota-etusivu\\\/\"},{\"@type\":\"ListItem\",\"position\":3,\"name\":\"Jatkosodan kertomukset\",\"item\":\"https:\\\/\\\/veteraanienperinto.fi\\\/index.php\\\/jatkosota-etusivu\\\/jatkosodan-kertomukset\\\/\"},{\"@type\":\"ListItem\",\"position\":4,\"name\":\"V\u00e4lirauhan aika\",\"item\":\"https:\\\/\\\/veteraanienperinto.fi\\\/index.php\\\/jatkosota-etusivu\\\/jatkosodan-kertomukset\\\/valirauhan-aika\\\/\"},{\"@type\":\"ListItem\",\"position\":5,\"name\":\"Siirtov\u00e4ki\",\"item\":\"https:\\\/\\\/veteraanienperinto.fi\\\/index.php\\\/jatkosota-etusivu\\\/jatkosodan-kertomukset\\\/valirauhan-aika\\\/siirtovaki\\\/\"},{\"@type\":\"ListItem\",\"position\":6,\"name\":\"Suomussalmi her\u00e4\u00e4 sodan painajaisesta\"}]},{\"@type\":\"WebSite\",\"@id\":\"https:\\\/\\\/veteraanienperinto.fi\\\/#website\",\"url\":\"https:\\\/\\\/veteraanienperinto.fi\\\/\",\"name\":\"Veteraanien Perint\u00f6\",\"description\":\"Kadettikunta\",\"potentialAction\":[{\"@type\":\"SearchAction\",\"target\":{\"@type\":\"EntryPoint\",\"urlTemplate\":\"https:\\\/\\\/veteraanienperinto.fi\\\/?s={search_term_string}\"},\"query-input\":{\"@type\":\"PropertyValueSpecification\",\"valueRequired\":true,\"valueName\":\"search_term_string\"}}],\"inLanguage\":\"fi\"}]}<\/script>\n<!-- \/ Yoast SEO plugin. -->","yoast_head_json":{"title":"Suomussalmi her\u00e4\u00e4 sodan painajaisesta - Veteraanien Perint\u00f6","robots":{"index":"index","follow":"follow","max-snippet":"max-snippet:-1","max-image-preview":"max-image-preview:large","max-video-preview":"max-video-preview:-1"},"canonical":"https:\/\/veteraanienperinto.fi\/index.php\/jatkosota-etusivu\/jatkosodan-kertomukset\/valirauhan-aika\/siirtovaki\/suomussalmi-heraa-sodan-painajaisesta\/","og_locale":"fi_FI","og_type":"article","og_title":"Suomussalmi her\u00e4\u00e4 sodan painajaisesta - Veteraanien Perint\u00f6","og_url":"https:\/\/veteraanienperinto.fi\/index.php\/jatkosota-etusivu\/jatkosodan-kertomukset\/valirauhan-aika\/siirtovaki\/suomussalmi-heraa-sodan-painajaisesta\/","og_site_name":"Veteraanien Perint\u00f6","article_modified_time":"2020-12-15T15:51:14+00:00","og_image":[{"url":"https:\/\/veteraanienperinto.fi\/wp-content\/uploads\/2020\/12\/sauomussalmi_heraa-1.jpg","type":"","width":"","height":""}],"twitter_card":"summary_large_image","twitter_misc":{"Arvioitu lukuaika":"8 minuuttia"},"schema":{"@context":"https:\/\/schema.org","@graph":[{"@type":"WebPage","@id":"https:\/\/veteraanienperinto.fi\/index.php\/jatkosota-etusivu\/jatkosodan-kertomukset\/valirauhan-aika\/siirtovaki\/suomussalmi-heraa-sodan-painajaisesta\/","url":"https:\/\/veteraanienperinto.fi\/index.php\/jatkosota-etusivu\/jatkosodan-kertomukset\/valirauhan-aika\/siirtovaki\/suomussalmi-heraa-sodan-painajaisesta\/","name":"Suomussalmi her\u00e4\u00e4 sodan painajaisesta - Veteraanien Perint\u00f6","isPartOf":{"@id":"https:\/\/veteraanienperinto.fi\/#website"},"primaryImageOfPage":{"@id":"https:\/\/veteraanienperinto.fi\/index.php\/jatkosota-etusivu\/jatkosodan-kertomukset\/valirauhan-aika\/siirtovaki\/suomussalmi-heraa-sodan-painajaisesta\/#primaryimage"},"image":{"@id":"https:\/\/veteraanienperinto.fi\/index.php\/jatkosota-etusivu\/jatkosodan-kertomukset\/valirauhan-aika\/siirtovaki\/suomussalmi-heraa-sodan-painajaisesta\/#primaryimage"},"thumbnailUrl":"https:\/\/veteraanienperinto.fi\/wp-content\/uploads\/2020\/12\/sauomussalmi_heraa-1.jpg","datePublished":"2020-09-01T10:19:00+00:00","dateModified":"2020-12-15T15:51:14+00:00","breadcrumb":{"@id":"https:\/\/veteraanienperinto.fi\/index.php\/jatkosota-etusivu\/jatkosodan-kertomukset\/valirauhan-aika\/siirtovaki\/suomussalmi-heraa-sodan-painajaisesta\/#breadcrumb"},"inLanguage":"fi","potentialAction":[{"@type":"ReadAction","target":["https:\/\/veteraanienperinto.fi\/index.php\/jatkosota-etusivu\/jatkosodan-kertomukset\/valirauhan-aika\/siirtovaki\/suomussalmi-heraa-sodan-painajaisesta\/"]}]},{"@type":"ImageObject","inLanguage":"fi","@id":"https:\/\/veteraanienperinto.fi\/index.php\/jatkosota-etusivu\/jatkosodan-kertomukset\/valirauhan-aika\/siirtovaki\/suomussalmi-heraa-sodan-painajaisesta\/#primaryimage","url":"https:\/\/veteraanienperinto.fi\/wp-content\/uploads\/2020\/12\/sauomussalmi_heraa-1.jpg","contentUrl":"https:\/\/veteraanienperinto.fi\/wp-content\/uploads\/2020\/12\/sauomussalmi_heraa-1.jpg","width":370,"height":253},{"@type":"BreadcrumbList","@id":"https:\/\/veteraanienperinto.fi\/index.php\/jatkosota-etusivu\/jatkosodan-kertomukset\/valirauhan-aika\/siirtovaki\/suomussalmi-heraa-sodan-painajaisesta\/#breadcrumb","itemListElement":[{"@type":"ListItem","position":1,"name":"Etusivu","item":"https:\/\/veteraanienperinto.fi\/index.php\/etusivu-2\/"},{"@type":"ListItem","position":2,"name":"Jatkosota &#8211; etusivu","item":"https:\/\/veteraanienperinto.fi\/index.php\/jatkosota-etusivu\/"},{"@type":"ListItem","position":3,"name":"Jatkosodan kertomukset","item":"https:\/\/veteraanienperinto.fi\/index.php\/jatkosota-etusivu\/jatkosodan-kertomukset\/"},{"@type":"ListItem","position":4,"name":"V\u00e4lirauhan aika","item":"https:\/\/veteraanienperinto.fi\/index.php\/jatkosota-etusivu\/jatkosodan-kertomukset\/valirauhan-aika\/"},{"@type":"ListItem","position":5,"name":"Siirtov\u00e4ki","item":"https:\/\/veteraanienperinto.fi\/index.php\/jatkosota-etusivu\/jatkosodan-kertomukset\/valirauhan-aika\/siirtovaki\/"},{"@type":"ListItem","position":6,"name":"Suomussalmi her\u00e4\u00e4 sodan painajaisesta"}]},{"@type":"WebSite","@id":"https:\/\/veteraanienperinto.fi\/#website","url":"https:\/\/veteraanienperinto.fi\/","name":"Veteraanien Perint\u00f6","description":"Kadettikunta","potentialAction":[{"@type":"SearchAction","target":{"@type":"EntryPoint","urlTemplate":"https:\/\/veteraanienperinto.fi\/?s={search_term_string}"},"query-input":{"@type":"PropertyValueSpecification","valueRequired":true,"valueName":"search_term_string"}}],"inLanguage":"fi"}]}},"_links":{"self":[{"href":"https:\/\/veteraanienperinto.fi\/index.php\/wp-json\/wp\/v2\/pages\/2354","targetHints":{"allow":["GET"]}}],"collection":[{"href":"https:\/\/veteraanienperinto.fi\/index.php\/wp-json\/wp\/v2\/pages"}],"about":[{"href":"https:\/\/veteraanienperinto.fi\/index.php\/wp-json\/wp\/v2\/types\/page"}],"author":[{"embeddable":true,"href":"https:\/\/veteraanienperinto.fi\/index.php\/wp-json\/wp\/v2\/users\/2"}],"replies":[{"embeddable":true,"href":"https:\/\/veteraanienperinto.fi\/index.php\/wp-json\/wp\/v2\/comments?post=2354"}],"version-history":[{"count":5,"href":"https:\/\/veteraanienperinto.fi\/index.php\/wp-json\/wp\/v2\/pages\/2354\/revisions"}],"predecessor-version":[{"id":8046,"href":"https:\/\/veteraanienperinto.fi\/index.php\/wp-json\/wp\/v2\/pages\/2354\/revisions\/8046"}],"up":[{"embeddable":true,"href":"https:\/\/veteraanienperinto.fi\/index.php\/wp-json\/wp\/v2\/pages\/2351"}],"wp:attachment":[{"href":"https:\/\/veteraanienperinto.fi\/index.php\/wp-json\/wp\/v2\/media?parent=2354"}],"curies":[{"name":"wp","href":"https:\/\/api.w.org\/{rel}","templated":true}]}}