{"id":2380,"date":"2020-09-01T10:45:02","date_gmt":"2020-09-01T10:45:02","guid":{"rendered":"https:\/\/veteraani.ylirotu.fi\/?page_id=2380"},"modified":"2020-12-15T17:28:08","modified_gmt":"2020-12-15T17:28:08","slug":"muisteloita-sotatoimialueelta-kesasota","status":"publish","type":"page","link":"https:\/\/veteraanienperinto.fi\/index.php\/jatkosota-etusivu\/jatkosodan-kertomukset\/kotirintama\/elintarvikepula\/muisteloita-sotatoimialueelta-kesasota\/","title":{"rendered":"Muisteloita sotatoimialueelta, kes\u00e4sota"},"content":{"rendered":"\n<style type=\"text\/css\" data-created_by=\"avia_inline_auto\" id=\"style-css-av-av_heading-d3cc377684f09ea8bc9c27dee4943c84\">\n#top .av-special-heading.av-av_heading-d3cc377684f09ea8bc9c27dee4943c84{\npadding-bottom:5px;\n}\nbody .av-special-heading.av-av_heading-d3cc377684f09ea8bc9c27dee4943c84 .av-special-heading-tag .heading-char{\nfont-size:25px;\n}\n.av-special-heading.av-av_heading-d3cc377684f09ea8bc9c27dee4943c84 .av-subheading{\nfont-size:15px;\n}\n<\/style>\n<div  class='av-special-heading av-av_heading-d3cc377684f09ea8bc9c27dee4943c84 av-special-heading-h3  avia-builder-el-0  avia-builder-el-no-sibling '><h3 class='av-special-heading-tag'  itemprop=\"headline\"  > Muisteloita sotatoimialueelta, kes\u00e4sota<\/h3><div class=\"special-heading-border\"><div class=\"special-heading-inner-border\"><\/div><\/div><\/div>\n<section  class='av_textblock_section av-kei9w74n-7b0f008125a778f48432b9a614d90d0f '   itemscope=\"itemscope\" itemtype=\"https:\/\/schema.org\/CreativeWork\" ><div class='avia_textblock'  itemprop=\"text\" ><p><strong>Sirkka-Liisa Unkila os. Mustonen:<\/strong><\/p>\n<p>Kes\u00e4ll\u00e4 1940 koulu alkoi elokuun alussa. Tuntien loputtua k\u00e4vimme viel\u00e4 uimassa Linnunlahdella. Oli l\u00e4mmint\u00e4. Lokakuun alussa aloitin toisen luokan. Vuosi vier\u00e4hti vanhaan tyyliin ruokatunteineen.<\/p>\n<p>Toivo palasi sotav\u00e4est\u00e4 huhtikuun lopulla ja l\u00e4hti is\u00e4n mukaan Lievestuoreelle t\u00f6ihin kes\u00e4ksi. Karjalan maanviljelysinsin\u00f6\u00f6ripiiri oli muuttanut Joensuusta Jyv\u00e4skyl\u00e4\u00e4n. Kes\u00e4loman alkaessa -41 kes\u00e4kuussa l\u00e4ksimme t\u00e4til\u00e4\u00e4n Lepp\u00e4virralle. Puoliv\u00e4liss\u00e4 kes\u00e4kuuta alkoi radiosta kuulua h\u00e4lytt\u00e4vi\u00e4 uutisia mahdollisesta sodan vaarasta. \u00c4iti p\u00e4\u00e4tti, ett\u00e4 meid\u00e4n pit\u00e4isi palata kotiin. Paula j\u00e4i t\u00e4til\u00e4\u00e4n kes\u00e4ksi ja min\u00e4 l\u00e4hdin \u00e4idin mukaan. Yhdeks\u00e4n kilometrin taival rautatielle taittui hevoskyydill\u00e4, mutta juna ei en\u00e4\u00e4 tullutkaan sin\u00e4 p\u00e4iv\u00e4n\u00e4, vaikka oli vasta iltap\u00e4iv\u00e4. Niin \u00e4idin kanssa vietettiin y\u00f6 Syrj\u00e4n pys\u00e4kin odotushuoneen kovilla puupenkeill\u00e4. Seuraavana p\u00e4iv\u00e4n\u00e4 puolenp\u00e4iv\u00e4n aikaan pys\u00e4kille pys\u00e4htyi pitk\u00e4 juna, jonka oviaukoista pursui nuoria miehi\u00e4. Yst\u00e4v\u00e4llisi\u00e4 he olivat, auttoivat meid\u00e4t t\u00e4p\u00f6t\u00e4yteen junaan ja jatkoivat huulenheittoaan. Mobilisaatio oli siis totta. Paria vuorokautta my\u00f6hemmin her\u00e4sin makuukamarin ikkunan koputukseen. Toivo tuli Keski-Suomesta ilmoittautumaan sotilaspiiriins\u00e4. My\u00f6hemmin sodan aikana totuimme n\u00e4ihin \u00f6isiin koputuksiin, sill\u00e4 junat saapuivat Joensuuhun \u00f6isin ja l\u00e4htiv\u00e4t jatkamaan matkaa useiden tuntien kuluttua. \u00c4idin ja is\u00e4n sisarusten pojat lomille menness\u00e4\u00e4n ja niilt\u00e4 palatessaan k\u00e4viv\u00e4t t\u00e4ti\u00e4\u00e4n tervehtim\u00e4ss\u00e4. \u00c4iti keitteli heille korviketta keskell\u00e4 y\u00f6t\u00e4 ja kyseli kuulumisia.<\/p>\n<p>Sota alkoi juhannuksen j\u00e4lkeen ankaralla ilmapommituksella. Kohteena oli joukkojen kokoamispaikka Niinivaaran kaupunginosassa. Talot paloivat korkean vaaran laella, ja lottia ja sotilaita menehtyi. Toivon palvelukseenastumispaperit olivat my\u00f6h\u00e4ss\u00e4, joten h\u00e4n toimi Joensuussa sotilaspiirin teht\u00e4viss\u00e4 aina hein\u00e4kuun lopulle saakka. Is\u00e4 oli ty\u00f6ss\u00e4 Keski-Suomessa, Voitto rintamalla ja Paula Lepp\u00e4virralla. Sodan ensi aikoina vain \u00e4iti ja min\u00e4 asuimme kotona Toivon k\u00e4ydess\u00e4 silloin t\u00e4ll\u00f6in. Ensimm\u00e4isen pommituksen j\u00e4lkeen pihapiiri rauhoittui, kun pelokkaimmat muuttivat l\u00e4heiseen mets\u00e4\u00e4n. Emme en\u00e4\u00e4 menneet naapurin sirpalesuojaan, vaan k\u00e4ytimme omaa kellarisyvennyst\u00e4 rakennuksen alla. Pienemm\u00e4n talon vanha hevosmies Moilanen tuntui pelk\u00e4\u00e4v\u00e4n kaikkein eniten. H\u00e4n voivotteli ja voihki siell\u00e4 montussa istuessamme. Vaatteet p\u00e4\u00e4ll\u00e4 nukuttiin j\u00e4lleen. Hein\u00e4kuun helteill\u00e4 sent\u00e4\u00e4n riisuttiin, mutta kerrankin k\u00e4vi niin, ett\u00e4 h\u00e4lytyksen tullessa y\u00f6ll\u00e4 en her\u00e4nnytk\u00e4\u00e4n, vaikka puin vaatteita p\u00e4\u00e4lleni ja menin suojaan. Siell\u00e4 her\u00e4sin viluun ja huomasin, ett\u00e4 olin pukenut illalla ulkoa tuodusta puhtaasta pyykkikasasta kaikkea muuta kuin omia vaatteita. .<\/p>\n<p>Er\u00e4\u00e4n\u00e4 kauniina hein\u00e4kuun iltap\u00e4iv\u00e4n\u00e4 olin pihamaalla, samoin Koposen Teuvo. Kuulimme pommikoneiden surinaa. Pommikoneita oli suuri laivue. Se tuli l\u00e4nnest\u00e4 ja n\u00e4in luulimme, ett\u00e4 se oli oma. Ehdin laske siit\u00e4 muutaman, kun Teuvo, joka oli kiivennyt katolle, huusi kovalla \u00e4\u00e4nell\u00e4: Suojautukaa. Ne on ryssi\u00e4. Samassa kuulin konekiv\u00e4\u00e4rin papatusta ja hetken kuluttua pommien r\u00e4j\u00e4hdyksi\u00e4. Silloin vasta h\u00e4lytyssireenit alkoivat ulvoa. Kuulin my\u00f6hemmin, ett\u00e4 joen rannalla mattopyykill\u00e4 olleet nelj\u00e4 naista olivat kuolleet.<\/p>\n<p>Linnunlahden uimarannan suurelle hietikolle oli perustettu lentokentt\u00e4. Kun sielt\u00e4 nousivat ilmaan saksalaisten Brewsterit, arvasimme, ett\u00e4 pian sireenit ulvoisivat. Brewsterit lensiv\u00e4t viholliskoneita vastaan torjuakseen hy\u00f6kk\u00e4yksen. Kerran k\u00e4vi niin, ett\u00e4 viholliskoneet ehtiv\u00e4t kaupungin p\u00e4\u00e4lle. Istuimme kellarikopperossa ja kuulimme kaiken. Ilmataistelu p\u00e4\u00e4mme p\u00e4\u00e4ll\u00e4 alkoi. Moottorit ulvoivat, konetuliaseet r\u00e4tisiv\u00e4t. V\u00e4list\u00e4 kuulimme tuulenpuuskan \u00e4\u00e4nt\u00e4 muistuttavia suhahduksia, kun ven\u00e4l\u00e4iskone sy\u00f6ksyi Pyh\u00e4selk\u00e4\u00e4n. Vihollisen tappiot olivat kolme pommittajaa. Yksi niist\u00e4 nostettiin Pyh\u00e4sel\u00e4n pohjasta vuosi sitten. Toinen lentokentt\u00e4, H\u00f6yti\u00e4isen, oli pommikoneiden tukikohtana. Seurasimme koneiden l\u00e4ht\u00f6\u00e4 ja paluuta laskien tappioitamme. Milloin jokunen puuttui, milloin koneen toinen moottori ei toiminut. J\u00e4nnityst\u00e4 riitti. Pommienkin putoamisen \u00e4\u00e4nist\u00e4 erotin, milloin putosi l\u00e4helle. \u00c4\u00e4ni oli repaleinen surahdus. Katuun syntyi koko kadun levyinen kuoppa. Ilmatorjuntatykkien lonksutus tuli my\u00f6s tutuksi. Vuosikymmen my\u00f6hemmin ulkosein\u00e4\u00e4 maalatessaan veljeni Toivo l\u00f6ysi pommin sirpaleen muistona naapurin terveisist\u00e4. P\u00e4iv\u00e4t olivat kauniita poutap\u00e4ivi\u00e4. Er\u00e4\u00e4n sellaisen hellep\u00e4iv\u00e4n j\u00e4lkeen illan tyyneydess\u00e4 levisi kaupunkiin imel\u00e4, outo haju. Se oli kalman haju. Sankarivainajia oli tuotu hautausmaalle suuria m\u00e4\u00e4ri\u00e4 v\u00e4liaikaisesti haudattavaksi. Hy\u00f6kk\u00e4ysvaihe vaati uhrit.<\/p>\n<\/div><\/section>\n","protected":false},"excerpt":{"rendered":"","protected":false},"author":2,"featured_media":0,"parent":2361,"menu_order":0,"comment_status":"closed","ping_status":"closed","template":"","meta":{"footnotes":""},"class_list":["post-2380","page","type-page","status-publish","hentry"],"yoast_head":"<!-- This site is optimized with the Yoast SEO plugin v27.5 - https:\/\/yoast.com\/product\/yoast-seo-wordpress\/ -->\n<title>Muisteloita sotatoimialueelta, kes\u00e4sota - Veteraanien Perint\u00f6<\/title>\n<meta name=\"robots\" content=\"index, follow, max-snippet:-1, max-image-preview:large, max-video-preview:-1\" \/>\n<link rel=\"canonical\" href=\"https:\/\/veteraanienperinto.fi\/index.php\/jatkosota-etusivu\/jatkosodan-kertomukset\/kotirintama\/elintarvikepula\/muisteloita-sotatoimialueelta-kesasota\/\" \/>\n<meta property=\"og:locale\" content=\"fi_FI\" \/>\n<meta property=\"og:type\" content=\"article\" \/>\n<meta property=\"og:title\" content=\"Muisteloita sotatoimialueelta, kes\u00e4sota - Veteraanien Perint\u00f6\" \/>\n<meta property=\"og:url\" content=\"https:\/\/veteraanienperinto.fi\/index.php\/jatkosota-etusivu\/jatkosodan-kertomukset\/kotirintama\/elintarvikepula\/muisteloita-sotatoimialueelta-kesasota\/\" \/>\n<meta property=\"og:site_name\" content=\"Veteraanien Perint\u00f6\" \/>\n<meta property=\"article:modified_time\" content=\"2020-12-15T17:28:08+00:00\" \/>\n<meta name=\"twitter:card\" content=\"summary_large_image\" \/>\n<meta name=\"twitter:label1\" content=\"Arvioitu lukuaika\" \/>\n\t<meta name=\"twitter:data1\" content=\"4 minuuttia\" \/>\n<script type=\"application\/ld+json\" class=\"yoast-schema-graph\">{\"@context\":\"https:\\\/\\\/schema.org\",\"@graph\":[{\"@type\":\"WebPage\",\"@id\":\"https:\\\/\\\/veteraanienperinto.fi\\\/index.php\\\/jatkosota-etusivu\\\/jatkosodan-kertomukset\\\/kotirintama\\\/elintarvikepula\\\/muisteloita-sotatoimialueelta-kesasota\\\/\",\"url\":\"https:\\\/\\\/veteraanienperinto.fi\\\/index.php\\\/jatkosota-etusivu\\\/jatkosodan-kertomukset\\\/kotirintama\\\/elintarvikepula\\\/muisteloita-sotatoimialueelta-kesasota\\\/\",\"name\":\"Muisteloita sotatoimialueelta, kes\u00e4sota - Veteraanien Perint\u00f6\",\"isPartOf\":{\"@id\":\"https:\\\/\\\/veteraanienperinto.fi\\\/#website\"},\"datePublished\":\"2020-09-01T10:45:02+00:00\",\"dateModified\":\"2020-12-15T17:28:08+00:00\",\"breadcrumb\":{\"@id\":\"https:\\\/\\\/veteraanienperinto.fi\\\/index.php\\\/jatkosota-etusivu\\\/jatkosodan-kertomukset\\\/kotirintama\\\/elintarvikepula\\\/muisteloita-sotatoimialueelta-kesasota\\\/#breadcrumb\"},\"inLanguage\":\"fi\",\"potentialAction\":[{\"@type\":\"ReadAction\",\"target\":[\"https:\\\/\\\/veteraanienperinto.fi\\\/index.php\\\/jatkosota-etusivu\\\/jatkosodan-kertomukset\\\/kotirintama\\\/elintarvikepula\\\/muisteloita-sotatoimialueelta-kesasota\\\/\"]}]},{\"@type\":\"BreadcrumbList\",\"@id\":\"https:\\\/\\\/veteraanienperinto.fi\\\/index.php\\\/jatkosota-etusivu\\\/jatkosodan-kertomukset\\\/kotirintama\\\/elintarvikepula\\\/muisteloita-sotatoimialueelta-kesasota\\\/#breadcrumb\",\"itemListElement\":[{\"@type\":\"ListItem\",\"position\":1,\"name\":\"Etusivu\",\"item\":\"https:\\\/\\\/veteraanienperinto.fi\\\/index.php\\\/etusivu-2\\\/\"},{\"@type\":\"ListItem\",\"position\":2,\"name\":\"Jatkosota &#8211; etusivu\",\"item\":\"https:\\\/\\\/veteraanienperinto.fi\\\/index.php\\\/jatkosota-etusivu\\\/\"},{\"@type\":\"ListItem\",\"position\":3,\"name\":\"Jatkosodan kertomukset\",\"item\":\"https:\\\/\\\/veteraanienperinto.fi\\\/index.php\\\/jatkosota-etusivu\\\/jatkosodan-kertomukset\\\/\"},{\"@type\":\"ListItem\",\"position\":4,\"name\":\"Kotirintama\",\"item\":\"https:\\\/\\\/veteraanienperinto.fi\\\/index.php\\\/jatkosota-etusivu\\\/jatkosodan-kertomukset\\\/kotirintama\\\/\"},{\"@type\":\"ListItem\",\"position\":5,\"name\":\"Elintarvikepula\",\"item\":\"https:\\\/\\\/veteraanienperinto.fi\\\/index.php\\\/jatkosota-etusivu\\\/jatkosodan-kertomukset\\\/kotirintama\\\/elintarvikepula\\\/\"},{\"@type\":\"ListItem\",\"position\":6,\"name\":\"Muisteloita sotatoimialueelta, kes\u00e4sota\"}]},{\"@type\":\"WebSite\",\"@id\":\"https:\\\/\\\/veteraanienperinto.fi\\\/#website\",\"url\":\"https:\\\/\\\/veteraanienperinto.fi\\\/\",\"name\":\"Veteraanien Perint\u00f6\",\"description\":\"Kadettikunta\",\"potentialAction\":[{\"@type\":\"SearchAction\",\"target\":{\"@type\":\"EntryPoint\",\"urlTemplate\":\"https:\\\/\\\/veteraanienperinto.fi\\\/?s={search_term_string}\"},\"query-input\":{\"@type\":\"PropertyValueSpecification\",\"valueRequired\":true,\"valueName\":\"search_term_string\"}}],\"inLanguage\":\"fi\"}]}<\/script>\n<!-- \/ Yoast SEO plugin. -->","yoast_head_json":{"title":"Muisteloita sotatoimialueelta, kes\u00e4sota - Veteraanien Perint\u00f6","robots":{"index":"index","follow":"follow","max-snippet":"max-snippet:-1","max-image-preview":"max-image-preview:large","max-video-preview":"max-video-preview:-1"},"canonical":"https:\/\/veteraanienperinto.fi\/index.php\/jatkosota-etusivu\/jatkosodan-kertomukset\/kotirintama\/elintarvikepula\/muisteloita-sotatoimialueelta-kesasota\/","og_locale":"fi_FI","og_type":"article","og_title":"Muisteloita sotatoimialueelta, kes\u00e4sota - Veteraanien Perint\u00f6","og_url":"https:\/\/veteraanienperinto.fi\/index.php\/jatkosota-etusivu\/jatkosodan-kertomukset\/kotirintama\/elintarvikepula\/muisteloita-sotatoimialueelta-kesasota\/","og_site_name":"Veteraanien Perint\u00f6","article_modified_time":"2020-12-15T17:28:08+00:00","twitter_card":"summary_large_image","twitter_misc":{"Arvioitu lukuaika":"4 minuuttia"},"schema":{"@context":"https:\/\/schema.org","@graph":[{"@type":"WebPage","@id":"https:\/\/veteraanienperinto.fi\/index.php\/jatkosota-etusivu\/jatkosodan-kertomukset\/kotirintama\/elintarvikepula\/muisteloita-sotatoimialueelta-kesasota\/","url":"https:\/\/veteraanienperinto.fi\/index.php\/jatkosota-etusivu\/jatkosodan-kertomukset\/kotirintama\/elintarvikepula\/muisteloita-sotatoimialueelta-kesasota\/","name":"Muisteloita sotatoimialueelta, kes\u00e4sota - Veteraanien Perint\u00f6","isPartOf":{"@id":"https:\/\/veteraanienperinto.fi\/#website"},"datePublished":"2020-09-01T10:45:02+00:00","dateModified":"2020-12-15T17:28:08+00:00","breadcrumb":{"@id":"https:\/\/veteraanienperinto.fi\/index.php\/jatkosota-etusivu\/jatkosodan-kertomukset\/kotirintama\/elintarvikepula\/muisteloita-sotatoimialueelta-kesasota\/#breadcrumb"},"inLanguage":"fi","potentialAction":[{"@type":"ReadAction","target":["https:\/\/veteraanienperinto.fi\/index.php\/jatkosota-etusivu\/jatkosodan-kertomukset\/kotirintama\/elintarvikepula\/muisteloita-sotatoimialueelta-kesasota\/"]}]},{"@type":"BreadcrumbList","@id":"https:\/\/veteraanienperinto.fi\/index.php\/jatkosota-etusivu\/jatkosodan-kertomukset\/kotirintama\/elintarvikepula\/muisteloita-sotatoimialueelta-kesasota\/#breadcrumb","itemListElement":[{"@type":"ListItem","position":1,"name":"Etusivu","item":"https:\/\/veteraanienperinto.fi\/index.php\/etusivu-2\/"},{"@type":"ListItem","position":2,"name":"Jatkosota &#8211; etusivu","item":"https:\/\/veteraanienperinto.fi\/index.php\/jatkosota-etusivu\/"},{"@type":"ListItem","position":3,"name":"Jatkosodan kertomukset","item":"https:\/\/veteraanienperinto.fi\/index.php\/jatkosota-etusivu\/jatkosodan-kertomukset\/"},{"@type":"ListItem","position":4,"name":"Kotirintama","item":"https:\/\/veteraanienperinto.fi\/index.php\/jatkosota-etusivu\/jatkosodan-kertomukset\/kotirintama\/"},{"@type":"ListItem","position":5,"name":"Elintarvikepula","item":"https:\/\/veteraanienperinto.fi\/index.php\/jatkosota-etusivu\/jatkosodan-kertomukset\/kotirintama\/elintarvikepula\/"},{"@type":"ListItem","position":6,"name":"Muisteloita sotatoimialueelta, kes\u00e4sota"}]},{"@type":"WebSite","@id":"https:\/\/veteraanienperinto.fi\/#website","url":"https:\/\/veteraanienperinto.fi\/","name":"Veteraanien Perint\u00f6","description":"Kadettikunta","potentialAction":[{"@type":"SearchAction","target":{"@type":"EntryPoint","urlTemplate":"https:\/\/veteraanienperinto.fi\/?s={search_term_string}"},"query-input":{"@type":"PropertyValueSpecification","valueRequired":true,"valueName":"search_term_string"}}],"inLanguage":"fi"}]}},"_links":{"self":[{"href":"https:\/\/veteraanienperinto.fi\/index.php\/wp-json\/wp\/v2\/pages\/2380","targetHints":{"allow":["GET"]}}],"collection":[{"href":"https:\/\/veteraanienperinto.fi\/index.php\/wp-json\/wp\/v2\/pages"}],"about":[{"href":"https:\/\/veteraanienperinto.fi\/index.php\/wp-json\/wp\/v2\/types\/page"}],"author":[{"embeddable":true,"href":"https:\/\/veteraanienperinto.fi\/index.php\/wp-json\/wp\/v2\/users\/2"}],"replies":[{"embeddable":true,"href":"https:\/\/veteraanienperinto.fi\/index.php\/wp-json\/wp\/v2\/comments?post=2380"}],"version-history":[{"count":3,"href":"https:\/\/veteraanienperinto.fi\/index.php\/wp-json\/wp\/v2\/pages\/2380\/revisions"}],"predecessor-version":[{"id":8141,"href":"https:\/\/veteraanienperinto.fi\/index.php\/wp-json\/wp\/v2\/pages\/2380\/revisions\/8141"}],"up":[{"embeddable":true,"href":"https:\/\/veteraanienperinto.fi\/index.php\/wp-json\/wp\/v2\/pages\/2361"}],"wp:attachment":[{"href":"https:\/\/veteraanienperinto.fi\/index.php\/wp-json\/wp\/v2\/media?parent=2380"}],"curies":[{"name":"wp","href":"https:\/\/api.w.org\/{rel}","templated":true}]}}