{"id":2393,"date":"2020-09-01T10:53:19","date_gmt":"2020-09-01T10:53:19","guid":{"rendered":"https:\/\/veteraani.ylirotu.fi\/?page_id=2393"},"modified":"2020-12-15T17:41:35","modified_gmt":"2020-12-15T17:41:35","slug":"sota-aikana-maalaistalossa-jatkosota","status":"publish","type":"page","link":"https:\/\/veteraanienperinto.fi\/index.php\/jatkosota-etusivu\/jatkosodan-kertomukset\/kotirintama\/tavarapula\/sota-aikana-maalaistalossa-jatkosota\/","title":{"rendered":"Sota-aikana maalaistalossa (jatkosota)"},"content":{"rendered":"<p><strong>Valto Vihinen:<\/strong><\/p>\n<p>Talvisodan p\u00e4\u00e4tytty\u00e4 13.3.1940 palasivat kaupunkien sotapakolaiset kotiseudulleen. V\u00e4hitellen palasivat meid\u00e4nkin talon miehet kotiin likaisina, repaleisin vaattein ja t\u00e4iarmeija mukanaan. Alkoi tulla my\u00f6s uusia evakkoja, karjalaisten perheit\u00e4. Kivennapalaisia sijoitettiin Kangasalle. Meille tuli perhe, jossa oli nelj\u00e4 sukupolvea. He saivat meilt\u00e4 asutusmaata, josta muodostettiin nelj\u00e4 eri tilaa. He eiv\u00e4t kuitenkaan ehtineet rakentamaan tilojansa, kun tuli uusi sota.<\/p>\n<p>Silloin kodissani oli iso karja, kun siirtolaistenkin el\u00e4imet tulivat samaan talouteen. Oli yli 30 lyps\u00e4v\u00e4\u00e4, toistakymment\u00e4 hevosta, monta sikaa, lampaita ja kanoja.<\/p>\n<p>Jatkosodan aikana tuli useita suruviestej\u00e4 kotikyl\u00e4\u00e4ni. Usein SK-esikunnasta soitettiin ja pyydettiin viem\u00e4\u00e4n sanaa. Pappikaan ei aina ehtinyt niin nopeasti joka paikkaan. Min\u00e4 usein ihmettelin, miksi ihmiset alkoivat itke\u00e4, kun olivat \u00e4itini antaman kirjeen lukeneet. Eih\u00e4n pieni poika k\u00e4sitt\u00e4nyt, mit\u00e4 se kaatuminen oli.<\/p>\n<p>Jouluaattona 1941 meille tuli iloinen yll\u00e4tys. Olimme oma perhe koolla, kun eteisest\u00e4 kuului kovaa koputusta oveen. Joulupukkihan sielt\u00e4 tuli, ja joulupukki oli is\u00e4. H\u00e4n oli p\u00e4\u00e4ssyt lomalle ja n\u00e4hty\u00e4\u00e4n lahjakopan eteisess\u00e4 k\u00e4\u00e4nsi turkkinsa karvapuolen p\u00e4\u00e4llep\u00e4in, joulupukki syntyi hetkess\u00e4 mit\u00e4 suurimmaksi iloksi kotiv\u00e4elle. Evakkorouva haettiin meille leipomaan karjalanpiirakoita. H\u00e4n olikin mestarileipuri. Se oli juhlaa, kun h\u00e4n leipoi satoja piirakoita, joista riitti meille kaikille.<\/p>\n<p>Jokainen, jolla oli pienikin mahdollisuus, kasvatti sian tai kaksi. Kun sika teurastettiin, oli paikalla kansanhuollon m\u00e4\u00e4r\u00e4\u00e4m\u00e4 tarkastaja, joka suoritti punnituksen ja aina sika painoi vain alle 50 kg. Kun vuonna 1942-43 oli kova rehupula, eiv\u00e4t siat painaneet kuin 20 kg. Kerran is\u00e4 oli myynyt halkokuorman Tampereelle. Kuormaan oli piilotettu my\u00f6s sian ruho. Kun miehet tarkastivat kuormaansa Kalevankankaalla, olikin sian ruho valunut matkan aikana melko pitk\u00e4lle kuorman sivulle. Ei auttanut muu kuin jatkaa matkaa kaiken uhallakin ja onnellisesti he perille p\u00e4\u00e4siv\u00e4tkin.<\/p>\n<p>V\u00e4hitellen v\u00e4ki lis\u00e4\u00e4ntyi kodissani. Oli useita nuoria perheit\u00e4 ja heill\u00e4 lapsia. Suurimmillaan telmi 17 lasta meid\u00e4n pihapiiriss\u00e4mme. Heist\u00e4 vanhin oli syntynyt 1932. Meill\u00e4 lapsilla s\u00e4ilyi hyv\u00e4 sopu, sill\u00e4 en muista, ett\u00e4 meill\u00e4 olisi koskaan ollut riitoja, tappelusta puhumattakaan.<\/p>\n<p>S\u00e4hk\u00f6valoa meill\u00e4 ei ollut silloin viel\u00e4 koko kyl\u00e4ss\u00e4. Is\u00e4 oli kuitenkin jostain onnistunut ostamaan tynnyrin bensiini\u00e4. Sit\u00e4 k\u00e4ytimme petromaxissa hyvin pienell\u00e4 paineena. Kyll\u00e4h\u00e4n se vaarallista oli, mutta oli onni matkassa, ei tullut vahinkoa.<\/p>\n<p>Kolmessa talossa meid\u00e4n kyl\u00e4ss\u00e4 oli sotavankeja ty\u00f6ss\u00e4, mutta meille ei niit\u00e4 annettu, kun ei ollut yht\u00e4\u00e4n miest\u00e4 talossa. Sodan loppuvaiheessa v. 1943-44 saimme ty\u00f6voimaa kiireen\u00e4 aikana Tampereelta, talkoov\u00e4ke\u00e4 tehtailta. He tulivat mielell\u00e4\u00e4n viikonloppuisin, kun saivat ruuan talosta ja v\u00e4h\u00e4n palkkaakin. Niin kuluivat sotavuodet minun lapsuudessani.<\/p>\n","protected":false},"excerpt":{"rendered":"<p>Valto Vihinen: Talvisodan p\u00e4\u00e4tytty\u00e4 13.3.1940 palasivat kaupunkien sotapakolaiset kotiseudulleen. V\u00e4hitellen palasivat meid\u00e4nkin talon miehet kotiin likaisina, repaleisin vaattein ja t\u00e4iarmeija mukanaan. Alkoi tulla my\u00f6s uusia evakkoja, karjalaisten perheit\u00e4. Kivennapalaisia sijoitettiin Kangasalle. Meille tuli perhe, jossa oli nelj\u00e4 sukupolvea. He saivat meilt\u00e4 asutusmaata, josta muodostettiin nelj\u00e4 eri tilaa. He eiv\u00e4t kuitenkaan ehtineet rakentamaan tilojansa, kun tuli [&hellip;]<\/p>\n","protected":false},"author":2,"featured_media":0,"parent":2364,"menu_order":1,"comment_status":"closed","ping_status":"closed","template":"","meta":{"footnotes":""},"class_list":["post-2393","page","type-page","status-publish","hentry"],"yoast_head":"<!-- This site is optimized with the Yoast SEO plugin v27.5 - https:\/\/yoast.com\/product\/yoast-seo-wordpress\/ -->\n<title>Sota-aikana maalaistalossa (jatkosota) - Veteraanien Perint\u00f6<\/title>\n<meta name=\"robots\" content=\"index, follow, max-snippet:-1, max-image-preview:large, max-video-preview:-1\" \/>\n<link rel=\"canonical\" href=\"https:\/\/veteraanienperinto.fi\/index.php\/jatkosota-etusivu\/jatkosodan-kertomukset\/kotirintama\/tavarapula\/sota-aikana-maalaistalossa-jatkosota\/\" \/>\n<meta property=\"og:locale\" content=\"fi_FI\" \/>\n<meta property=\"og:type\" content=\"article\" \/>\n<meta property=\"og:title\" content=\"Sota-aikana maalaistalossa (jatkosota) - Veteraanien Perint\u00f6\" \/>\n<meta property=\"og:description\" content=\"Valto Vihinen: Talvisodan p\u00e4\u00e4tytty\u00e4 13.3.1940 palasivat kaupunkien sotapakolaiset kotiseudulleen. V\u00e4hitellen palasivat meid\u00e4nkin talon miehet kotiin likaisina, repaleisin vaattein ja t\u00e4iarmeija mukanaan. Alkoi tulla my\u00f6s uusia evakkoja, karjalaisten perheit\u00e4. Kivennapalaisia sijoitettiin Kangasalle. Meille tuli perhe, jossa oli nelj\u00e4 sukupolvea. He saivat meilt\u00e4 asutusmaata, josta muodostettiin nelj\u00e4 eri tilaa. He eiv\u00e4t kuitenkaan ehtineet rakentamaan tilojansa, kun tuli [&hellip;]\" \/>\n<meta property=\"og:url\" content=\"https:\/\/veteraanienperinto.fi\/index.php\/jatkosota-etusivu\/jatkosodan-kertomukset\/kotirintama\/tavarapula\/sota-aikana-maalaistalossa-jatkosota\/\" \/>\n<meta property=\"og:site_name\" content=\"Veteraanien Perint\u00f6\" \/>\n<meta property=\"article:modified_time\" content=\"2020-12-15T17:41:35+00:00\" \/>\n<meta name=\"twitter:card\" content=\"summary_large_image\" \/>\n<meta name=\"twitter:label1\" content=\"Arvioitu lukuaika\" \/>\n\t<meta name=\"twitter:data1\" content=\"2 minuuttia\" \/>\n<script type=\"application\/ld+json\" class=\"yoast-schema-graph\">{\"@context\":\"https:\\\/\\\/schema.org\",\"@graph\":[{\"@type\":\"WebPage\",\"@id\":\"https:\\\/\\\/veteraanienperinto.fi\\\/index.php\\\/jatkosota-etusivu\\\/jatkosodan-kertomukset\\\/kotirintama\\\/tavarapula\\\/sota-aikana-maalaistalossa-jatkosota\\\/\",\"url\":\"https:\\\/\\\/veteraanienperinto.fi\\\/index.php\\\/jatkosota-etusivu\\\/jatkosodan-kertomukset\\\/kotirintama\\\/tavarapula\\\/sota-aikana-maalaistalossa-jatkosota\\\/\",\"name\":\"Sota-aikana maalaistalossa (jatkosota) - Veteraanien Perint\u00f6\",\"isPartOf\":{\"@id\":\"https:\\\/\\\/veteraanienperinto.fi\\\/#website\"},\"datePublished\":\"2020-09-01T10:53:19+00:00\",\"dateModified\":\"2020-12-15T17:41:35+00:00\",\"breadcrumb\":{\"@id\":\"https:\\\/\\\/veteraanienperinto.fi\\\/index.php\\\/jatkosota-etusivu\\\/jatkosodan-kertomukset\\\/kotirintama\\\/tavarapula\\\/sota-aikana-maalaistalossa-jatkosota\\\/#breadcrumb\"},\"inLanguage\":\"fi\",\"potentialAction\":[{\"@type\":\"ReadAction\",\"target\":[\"https:\\\/\\\/veteraanienperinto.fi\\\/index.php\\\/jatkosota-etusivu\\\/jatkosodan-kertomukset\\\/kotirintama\\\/tavarapula\\\/sota-aikana-maalaistalossa-jatkosota\\\/\"]}]},{\"@type\":\"BreadcrumbList\",\"@id\":\"https:\\\/\\\/veteraanienperinto.fi\\\/index.php\\\/jatkosota-etusivu\\\/jatkosodan-kertomukset\\\/kotirintama\\\/tavarapula\\\/sota-aikana-maalaistalossa-jatkosota\\\/#breadcrumb\",\"itemListElement\":[{\"@type\":\"ListItem\",\"position\":1,\"name\":\"Etusivu\",\"item\":\"https:\\\/\\\/veteraanienperinto.fi\\\/index.php\\\/etusivu-2\\\/\"},{\"@type\":\"ListItem\",\"position\":2,\"name\":\"Jatkosota &#8211; etusivu\",\"item\":\"https:\\\/\\\/veteraanienperinto.fi\\\/index.php\\\/jatkosota-etusivu\\\/\"},{\"@type\":\"ListItem\",\"position\":3,\"name\":\"Jatkosodan kertomukset\",\"item\":\"https:\\\/\\\/veteraanienperinto.fi\\\/index.php\\\/jatkosota-etusivu\\\/jatkosodan-kertomukset\\\/\"},{\"@type\":\"ListItem\",\"position\":4,\"name\":\"Kotirintama\",\"item\":\"https:\\\/\\\/veteraanienperinto.fi\\\/index.php\\\/jatkosota-etusivu\\\/jatkosodan-kertomukset\\\/kotirintama\\\/\"},{\"@type\":\"ListItem\",\"position\":5,\"name\":\"Tavarapula\",\"item\":\"https:\\\/\\\/veteraanienperinto.fi\\\/index.php\\\/jatkosota-etusivu\\\/jatkosodan-kertomukset\\\/kotirintama\\\/tavarapula\\\/\"},{\"@type\":\"ListItem\",\"position\":6,\"name\":\"Sota-aikana maalaistalossa (jatkosota)\"}]},{\"@type\":\"WebSite\",\"@id\":\"https:\\\/\\\/veteraanienperinto.fi\\\/#website\",\"url\":\"https:\\\/\\\/veteraanienperinto.fi\\\/\",\"name\":\"Veteraanien Perint\u00f6\",\"description\":\"Kadettikunta\",\"potentialAction\":[{\"@type\":\"SearchAction\",\"target\":{\"@type\":\"EntryPoint\",\"urlTemplate\":\"https:\\\/\\\/veteraanienperinto.fi\\\/?s={search_term_string}\"},\"query-input\":{\"@type\":\"PropertyValueSpecification\",\"valueRequired\":true,\"valueName\":\"search_term_string\"}}],\"inLanguage\":\"fi\"}]}<\/script>\n<!-- \/ Yoast SEO plugin. -->","yoast_head_json":{"title":"Sota-aikana maalaistalossa (jatkosota) - Veteraanien Perint\u00f6","robots":{"index":"index","follow":"follow","max-snippet":"max-snippet:-1","max-image-preview":"max-image-preview:large","max-video-preview":"max-video-preview:-1"},"canonical":"https:\/\/veteraanienperinto.fi\/index.php\/jatkosota-etusivu\/jatkosodan-kertomukset\/kotirintama\/tavarapula\/sota-aikana-maalaistalossa-jatkosota\/","og_locale":"fi_FI","og_type":"article","og_title":"Sota-aikana maalaistalossa (jatkosota) - Veteraanien Perint\u00f6","og_description":"Valto Vihinen: Talvisodan p\u00e4\u00e4tytty\u00e4 13.3.1940 palasivat kaupunkien sotapakolaiset kotiseudulleen. V\u00e4hitellen palasivat meid\u00e4nkin talon miehet kotiin likaisina, repaleisin vaattein ja t\u00e4iarmeija mukanaan. Alkoi tulla my\u00f6s uusia evakkoja, karjalaisten perheit\u00e4. Kivennapalaisia sijoitettiin Kangasalle. Meille tuli perhe, jossa oli nelj\u00e4 sukupolvea. He saivat meilt\u00e4 asutusmaata, josta muodostettiin nelj\u00e4 eri tilaa. He eiv\u00e4t kuitenkaan ehtineet rakentamaan tilojansa, kun tuli [&hellip;]","og_url":"https:\/\/veteraanienperinto.fi\/index.php\/jatkosota-etusivu\/jatkosodan-kertomukset\/kotirintama\/tavarapula\/sota-aikana-maalaistalossa-jatkosota\/","og_site_name":"Veteraanien Perint\u00f6","article_modified_time":"2020-12-15T17:41:35+00:00","twitter_card":"summary_large_image","twitter_misc":{"Arvioitu lukuaika":"2 minuuttia"},"schema":{"@context":"https:\/\/schema.org","@graph":[{"@type":"WebPage","@id":"https:\/\/veteraanienperinto.fi\/index.php\/jatkosota-etusivu\/jatkosodan-kertomukset\/kotirintama\/tavarapula\/sota-aikana-maalaistalossa-jatkosota\/","url":"https:\/\/veteraanienperinto.fi\/index.php\/jatkosota-etusivu\/jatkosodan-kertomukset\/kotirintama\/tavarapula\/sota-aikana-maalaistalossa-jatkosota\/","name":"Sota-aikana maalaistalossa (jatkosota) - Veteraanien Perint\u00f6","isPartOf":{"@id":"https:\/\/veteraanienperinto.fi\/#website"},"datePublished":"2020-09-01T10:53:19+00:00","dateModified":"2020-12-15T17:41:35+00:00","breadcrumb":{"@id":"https:\/\/veteraanienperinto.fi\/index.php\/jatkosota-etusivu\/jatkosodan-kertomukset\/kotirintama\/tavarapula\/sota-aikana-maalaistalossa-jatkosota\/#breadcrumb"},"inLanguage":"fi","potentialAction":[{"@type":"ReadAction","target":["https:\/\/veteraanienperinto.fi\/index.php\/jatkosota-etusivu\/jatkosodan-kertomukset\/kotirintama\/tavarapula\/sota-aikana-maalaistalossa-jatkosota\/"]}]},{"@type":"BreadcrumbList","@id":"https:\/\/veteraanienperinto.fi\/index.php\/jatkosota-etusivu\/jatkosodan-kertomukset\/kotirintama\/tavarapula\/sota-aikana-maalaistalossa-jatkosota\/#breadcrumb","itemListElement":[{"@type":"ListItem","position":1,"name":"Etusivu","item":"https:\/\/veteraanienperinto.fi\/index.php\/etusivu-2\/"},{"@type":"ListItem","position":2,"name":"Jatkosota &#8211; etusivu","item":"https:\/\/veteraanienperinto.fi\/index.php\/jatkosota-etusivu\/"},{"@type":"ListItem","position":3,"name":"Jatkosodan kertomukset","item":"https:\/\/veteraanienperinto.fi\/index.php\/jatkosota-etusivu\/jatkosodan-kertomukset\/"},{"@type":"ListItem","position":4,"name":"Kotirintama","item":"https:\/\/veteraanienperinto.fi\/index.php\/jatkosota-etusivu\/jatkosodan-kertomukset\/kotirintama\/"},{"@type":"ListItem","position":5,"name":"Tavarapula","item":"https:\/\/veteraanienperinto.fi\/index.php\/jatkosota-etusivu\/jatkosodan-kertomukset\/kotirintama\/tavarapula\/"},{"@type":"ListItem","position":6,"name":"Sota-aikana maalaistalossa (jatkosota)"}]},{"@type":"WebSite","@id":"https:\/\/veteraanienperinto.fi\/#website","url":"https:\/\/veteraanienperinto.fi\/","name":"Veteraanien Perint\u00f6","description":"Kadettikunta","potentialAction":[{"@type":"SearchAction","target":{"@type":"EntryPoint","urlTemplate":"https:\/\/veteraanienperinto.fi\/?s={search_term_string}"},"query-input":{"@type":"PropertyValueSpecification","valueRequired":true,"valueName":"search_term_string"}}],"inLanguage":"fi"}]}},"_links":{"self":[{"href":"https:\/\/veteraanienperinto.fi\/index.php\/wp-json\/wp\/v2\/pages\/2393","targetHints":{"allow":["GET"]}}],"collection":[{"href":"https:\/\/veteraanienperinto.fi\/index.php\/wp-json\/wp\/v2\/pages"}],"about":[{"href":"https:\/\/veteraanienperinto.fi\/index.php\/wp-json\/wp\/v2\/types\/page"}],"author":[{"embeddable":true,"href":"https:\/\/veteraanienperinto.fi\/index.php\/wp-json\/wp\/v2\/users\/2"}],"replies":[{"embeddable":true,"href":"https:\/\/veteraanienperinto.fi\/index.php\/wp-json\/wp\/v2\/comments?post=2393"}],"version-history":[{"count":3,"href":"https:\/\/veteraanienperinto.fi\/index.php\/wp-json\/wp\/v2\/pages\/2393\/revisions"}],"predecessor-version":[{"id":8158,"href":"https:\/\/veteraanienperinto.fi\/index.php\/wp-json\/wp\/v2\/pages\/2393\/revisions\/8158"}],"up":[{"embeddable":true,"href":"https:\/\/veteraanienperinto.fi\/index.php\/wp-json\/wp\/v2\/pages\/2364"}],"wp:attachment":[{"href":"https:\/\/veteraanienperinto.fi\/index.php\/wp-json\/wp\/v2\/media?parent=2393"}],"curies":[{"name":"wp","href":"https:\/\/api.w.org\/{rel}","templated":true}]}}