{"id":2408,"date":"2020-09-01T11:04:18","date_gmt":"2020-09-01T11:04:18","guid":{"rendered":"https:\/\/veteraani.ylirotu.fi\/?page_id=2408"},"modified":"2020-12-15T17:46:19","modified_gmt":"2020-12-15T17:46:19","slug":"haavoittuneita-hevosia-hoitamassa","status":"publish","type":"page","link":"https:\/\/veteraanienperinto.fi\/index.php\/jatkosota-etusivu\/jatkosodan-kertomukset\/kotirintama\/naiset-tyovoimana\/haavoittuneita-hevosia-hoitamassa\/","title":{"rendered":"Haavoittuneita hevosia hoitamassa"},"content":{"rendered":"\n<style type=\"text\/css\" data-created_by=\"avia_inline_auto\" id=\"style-css-av-av_heading-f7bcd9e93df8774551d6b78e7f0f068f\">\n#top .av-special-heading.av-av_heading-f7bcd9e93df8774551d6b78e7f0f068f{\npadding-bottom:5px;\n}\nbody .av-special-heading.av-av_heading-f7bcd9e93df8774551d6b78e7f0f068f .av-special-heading-tag .heading-char{\nfont-size:25px;\n}\n.av-special-heading.av-av_heading-f7bcd9e93df8774551d6b78e7f0f068f .av-subheading{\nfont-size:15px;\n}\n<\/style>\n<div  class='av-special-heading av-av_heading-f7bcd9e93df8774551d6b78e7f0f068f av-special-heading-h3  avia-builder-el-0  avia-builder-el-no-sibling '><h3 class='av-special-heading-tag'  itemprop=\"headline\"  >Haavoittuneita hevosia hoitamassa<\/h3><div class=\"special-heading-border\"><div class=\"special-heading-inner-border\"><\/div><\/div><\/div>\n<section  class='av_textblock_section av-kei9w74n-7b0f008125a778f48432b9a614d90d0f '   itemscope=\"itemscope\" itemtype=\"https:\/\/schema.org\/CreativeWork\" ><div class='avia_textblock'  itemprop=\"text\" ><p><strong>Lyyli Lempinen:<\/strong><\/p>\n<p>Olen syntynyt Kivennavan Vuotteen kyl\u00e4ss\u00e4; kotini oli 14 kilometrin p\u00e4\u00e4ss\u00e4 Rajajoelta. Syksyll\u00e4 1939 kaikki kolme velje\u00e4ni olivat YH:ssa, kolme sisartani ja min\u00e4 jo poissa kotoa kukin omilla suunnillamme. Kotona olivat vain vanhemmat ja yksi sisaruksistani. Kun neuvostojoukot hy\u00f6kk\u00e4siv\u00e4t rajan yli marraskuun viimeisen\u00e4 p\u00e4iv\u00e4n\u00e4 ja ensimm\u00e4inen kranaatti pamahti kyl\u00e4\u00e4n, sen v\u00e4en oli suinp\u00e4in l\u00e4hdett\u00e4v\u00e4 pakoon. Kotonani p\u00e4\u00e4stettiin lehm\u00e4t navetasta irti, rekeen haalittiin tavaroita mit\u00e4 ehdittiin, varsa sidottiin kulkemaan reen j\u00e4ljess\u00e4, ja niin liityttiin pakenevaan evakkojoukkoon.<\/p>\n<div id=\"attachment_8163\" style=\"width: 360px\" class=\"wp-caption alignright\"><img loading=\"lazy\" decoding=\"async\" aria-describedby=\"caption-attachment-8163\" class=\"size-full wp-image-8163\" src=\"https:\/\/veteraanienperinto.fi\/wp-content\/uploads\/2020\/12\/haavoittuneita_hevosia_hoitamassa.jpg\" alt=\"\" width=\"350\" height=\"400\" srcset=\"https:\/\/veteraanienperinto.fi\/wp-content\/uploads\/2020\/12\/haavoittuneita_hevosia_hoitamassa.jpg 350w, https:\/\/veteraanienperinto.fi\/wp-content\/uploads\/2020\/12\/haavoittuneita_hevosia_hoitamassa-263x300.jpg 263w\" sizes=\"auto, (max-width: 350px) 100vw, 350px\" \/><p id=\"caption-attachment-8163\" class=\"wp-caption-text\">Potilas leikkausp\u00f6yd\u00e4ll\u00e4. Lyyli vasemmalla.<\/p><\/div>\n<p>Jatkosodan alkaessa alkukes\u00e4st\u00e4 1941 ty\u00f6skentelin tarkastuskarjakkona Sysm\u00e4n pit\u00e4j\u00e4ss\u00e4. Er\u00e4\u00e4n\u00e4 p\u00e4iv\u00e4n\u00e4 lukiessani Lotta Sv\u00e4rd -lehte\u00e4 silmiini osui ilmoitus, jonka mukaan elokuussa alkaisi Keski-Suomessa nelj\u00e4n viikon el\u00e4inl\u00e4\u00e4kint\u00e4kurssi. Hain ja p\u00e4\u00e4sin sinne. Meit\u00e4 oli yhteens\u00e4 22 kurssilaista. Kurssin p\u00e4\u00e4tytty\u00e4 saimme kaikki ty\u00f6komennuksen. Ryhm\u00e4, johon min\u00e4 kuuluin, matkusti Joensuuhun, ja sielt\u00e4 jouduin parin toverini kanssa P\u00e4\u00e4majan alaiseen 5. El\u00e4inl\u00e4\u00e4kint\u00e4komppaniaan Vuokselan Kiviniemeen.<\/p>\n<p>Siell\u00e4 ty\u00f6skentelin kev\u00e4tpuolelle 1942, jolloin hy\u00f6kk\u00e4yssodan hiljennytty\u00e4 asemasodaksi ja ty\u00f6mme v\u00e4hennytty\u00e4 komppaniamme hajotettiin ja min\u00e4 jouduin joksikin aikaa Lappeenrantaan sairastalleille ja osaksi my\u00f6s toimistoty\u00f6h\u00f6n. Ennen pitk\u00e4\u00e4 sain taas siirron el\u00e4inl\u00e4\u00e4kint\u00e4komppaniaan, nyt l\u00e4helle Siiranm\u00e4ke\u00e4, ja sielt\u00e4 p\u00e4\u00e4sin siviiliin alkukes\u00e4st\u00e4 1943. Kaikki kolme velje\u00e4ni olivat kaatuneet, vanhempani olivat palaneet &#8221;evakosta&#8221; kotiin Kivennavalle, ja minua tarvittiin kipe\u00e4sti heid\u00e4n avukseen.<\/p>\n<p>El\u00e4inl\u00e4\u00e4kint\u00e4komppaniamme hevospotilaat olivat kes\u00e4isin ns. mets\u00e4tallissa, joka oli avonainen, havukatolla varustettu rakennelma. Talveksi ne siirrettiin kyl\u00e4n tyhjiin navettoihin. Komppaniamme miehet asuivat taloissa, me lotat usein jossain saunakamarissa. Komppanian vahvuus oli puolen viidett\u00e4kymment\u00e4 henke\u00e4, ja siihen kuului 30 hengen miehist\u00f6, nelj\u00e4 el\u00e4inl\u00e4\u00e4k\u00e4ri\u00e4, viisi el\u00e4inl\u00e4\u00e4kint\u00e4lottaa, tallip\u00e4\u00e4llikk\u00f6 (joka oli kornetti), komendantti, apteekkari, kaksi muonituslottaa ja heid\u00e4n apulaisensa keitti\u00f6poika, sek\u00e4 teurastaja. Ruoka oli aluksi varsin hyv\u00e4\u00e4 liha- ym. keittoineen, mutta talvi 1941-42 oli vaikea; sy\u00f6tiin hernerokkaa sek\u00e4 p\u00e4\u00e4asiassa j\u00e4\u00e4tyneit\u00e4 perunoita ja lanttuja. Mutta yht\u00e4 vaikea ellei vaikeampi oli siviiliss\u00e4, joten valittamisen aihetta meill\u00e4 ei ollut.<\/p>\n<p>Meill\u00e4 lotilla kaikki varusteet olivat omasta takaa; vain leikkausesiliinat saimme armeijalta. Toisaalta olimme sik\u00e4li muiden alojen lottia paremmassa asemassa, ett\u00e4 olimme alikersantin vakanssilla ja saimme sen mukaista p\u00e4iv\u00e4rahaa. Asemamme etuihin kuuluivat esim. muonatupakat, jotka kuitenkin annoimme pois. Mannerheimin 75-vuotisp\u00e4iv\u00e4n\u00e4 kes\u00e4kuun 4:nten\u00e4 1942 saimme muiden mukana silloisen ajan harvinaista herkkua riisipuuroa ja lis\u00e4ksi konjakkipaukut. Annoin j\u00e4lkimm\u00e4isen v\u00e4\u00e4pelille, itse kun en sit\u00e4 huolinut.<\/p>\n<p>Mutta varsinainen ty\u00f6mme. Ensimm\u00e4iseksi aamulla oli kuumennettava navetan karjakeitti\u00f6ss\u00e4 vett\u00e4 pesua sek\u00e4 leikkauksia varten. J\u00e4lkimm\u00e4isiss\u00e4 oli lis\u00e4ksi oltava saatavilla kiehuvaa vett\u00e4, ja sit\u00e4 saatiin priimuskeittimell\u00e4. Leikkauksissa tarvittavat instrumentit steriloitiin keitt\u00e4m\u00e4ll\u00e4 sek\u00e4 spriill\u00e4 k\u00e4sittelem\u00e4ll\u00e4.<\/p>\n<p>Kun meille tuotiin haavoittuneita hevosia, meid\u00e4n lottien oli ensiksi ne puhdistettava. Se tarkoitti, ett\u00e4 me harjasimme ne ja kaavimme kumilastalla mahdollisen m\u00e4d\u00e4n haavan ymp\u00e4rilt\u00e4. Sen j\u00e4lkeen el\u00e4inl\u00e4\u00e4k\u00e4ri tarkasti potilaat ja arvioi hoitotoimenpiteet. Monet potilaamme olivat niin huonossa kunnossa, ettei niit\u00e4 voitu en\u00e4\u00e4 auttaa, vaan niiden kohtalona oli joutua teurastajamme k\u00e4sitelt\u00e4v\u00e4ksi. Kuitenkin esim. kranaatin aiheuttamia pintahaavoja onnistuttiin aika hyvin parantamaan. Haavoittuneet hevoset valittivat harvoin. Joskus kova tuska pani ne katkonaisesti ynisem\u00e4\u00e4n, muulla tavalla ne eiv\u00e4t osanneet kipua ilmaista.<\/p>\n<p>Mutta luonnollisesti kipu teki ne aroiksi ja suorastaan vauhkoiksi, eik\u00e4 niit\u00e4 sellaisina voinutkaan k\u00e4sitell\u00e4. Ne oli ensin rauhoitettava. K\u00e4tev\u00e4 tapa lieviss\u00e4 tapauksissa oli kiert\u00e4\u00e4 ns. nokkapirri hevosen yl\u00e4huulen ymp\u00e4rille. Jo t\u00e4m\u00e4 rauhoitti el\u00e4int\u00e4. Lis\u00e4ksi annettiin tarvittaessa rauhoittava piikki. Kun potilas sitten oli putsattu ja puudutettu, ryhdyttiin leikkaukseen, jos el\u00e4inl\u00e4\u00e4k\u00e4ri katsoi sen olevan tarpeen. L\u00e4\u00e4k\u00e4rin apuna oli lotta, kaksikin, tapauksesta riippuen.<\/p>\n<p>Leikkauksen j\u00e4lkeen el\u00e4inl\u00e4\u00e4k\u00e4ri antoi hoito-ohjeet ja m\u00e4\u00e4r\u00e4si l\u00e4\u00e4kkeet, ja n\u00e4ist\u00e4 tehtiin merkint\u00e4 hevosen kohdalla riippuvaan tauluun. El\u00e4in j\u00e4i sitten paikalleen makaamaan, kunnes puudutusaineen vaikutus v\u00e4hitellen h\u00e4lveni, el\u00e4in nousi jaloilleen ja hakeutui talliin.<\/p>\n<p>Kerran tuotiin potilaaksemme ulkonaisesti terve ja haavoittumaton hevonen, jota vaivasi jatkuva korkea kuume. Hoidimme sit\u00e4 parhaamme mukaan, mutta sen tila ei parantunut. Pohdimme kaikki, mist\u00e4 mahtoi olla kysymys, el\u00e4in kun ei itse pysty vaivaansa selitt\u00e4m\u00e4\u00e4n. Lopulta el\u00e4inl\u00e4\u00e4k\u00e4ri ep\u00e4ili, ett\u00e4 vika oli p\u00e4\u00e4n sis\u00e4ll\u00e4. P\u00e4\u00e4 avattiin otsan kohdalta, ja diagnoosi osoittautui oikeaksi: leikkaushaavasta pursui m\u00e4t\u00e4\u00e4. Emme kuitenkaan pystyneet tuota lempe\u00e4t\u00e4 ja k\u00e4rsiv\u00e4llist\u00e4 potilasta parantamaan, vaan sen kohtaloksi tuli joutua teurastajamme k\u00e4sittelyyn.<\/p>\n<p>Jotkut hevoset saattoivat seist\u00e4 takajalat ty\u00f6nnettyin\u00e4 vatsan alle. Se oli selv\u00e4 kaviokuumeen merkki. Asento johtui siit\u00e4, ett\u00e4 kuumat ja arat kaviot eiv\u00e4t kest\u00e4neet suorana seisomista. T\u00e4llaisia hevosia hoidettiin seisottamalla niit\u00e4 kylm\u00e4ss\u00e4 savivelliss\u00e4 useita kertoja parin tunnin jaksoissa. Se oli tehokas parannuskeino.<\/p>\n<p>Sodan alkuaikoina, hy\u00f6kk\u00e4ysvaiheen kest\u00e4ess\u00e4, armeijamme sai haltuunsa paljon ven\u00e4l\u00e4isi\u00e4 hevosia, etenkin suurikokoisia, karvajalkaisia aron oriita. Sodan oloissa niit\u00e4 ei voitu oriina pit\u00e4\u00e4, vaan ne leikattiin. Meid\u00e4n lottien oli niit\u00e4 leikkauksen j\u00e4lkeen k\u00e4velytett\u00e4v\u00e4. Se oli hankala teht\u00e4v\u00e4, sill\u00e4 leikkauksen aiheuttaman turvotuksen vuoksi ne eiv\u00e4t olisi mill\u00e4\u00e4n k\u00e4velleet, ja kuitenkin ne oli pakko saada liikkeelle. Hevosia k\u00e4ytettiin my\u00f6s saunassa, varsinkin ven\u00e4l\u00e4isi\u00e4, joissa monissa oli t\u00e4it\u00e4.<\/p>\n<p>Kovin hankalia parannettavia olivat hevoset, joita olivat k\u00e4ytt\u00e4neet tottumattomat ratsastajat. N\u00e4m\u00e4 saattoivat ratsastaa kiinnitt\u00e4m\u00e4tt\u00e4 satulaa huolellisesti paikalleen. Irrallinen, l\u00f6ys\u00e4 satula hakkasi hevosen olkap\u00e4\u00e4n rikki, ja niin syntyi eritt\u00e4in vaikeasti parannettava vamma.<\/p>\n<p>Varsinaisia onnettomuuksia ei meill\u00e4 eik\u00e4 meille tapahtunut, mutta muutamat &#8221;persoonallisuudet&#8221; aiheuttivat joskus hankaluuksia. Minulle sattui kerran hoidettavaksi salapurijahevonen. Er\u00e4\u00e4n\u00e4 p\u00e4iv\u00e4n\u00e4 sen parissa puuhatessani se \u00e4kkiarvaamatta ojensi p\u00e4\u00e4ns\u00e4 ja puraisi minua olkap\u00e4\u00e4n alapuolelle. &#8221;Operaatiosta&#8221; ei tosin j\u00e4\u00e4nyt kuin mustelma ihooni, mutta haalarin taskun mokoma polle sai kiskaistuksi hampaisiinsa. Poikien olisi pit\u00e4nyt hevosen kohdalla kirjaan merkit\u00e4 t\u00e4m\u00e4 luonnevika, mutta sit\u00e4 he eiv\u00e4t olleet tehneet, mik\u00e4 oli paha laiminly\u00f6nti.<\/p>\n<p>Er\u00e4s v\u00e4kisinviej\u00e4-hevonen valmisti meille kerran my\u00f6s yll\u00e4tyksen t\u00e4ss\u00e4kin tapauksessa oli kyse poikien laiminly\u00f6nnist\u00e4. Kyl\u00e4n asukasm\u00e4\u00e4r\u00e4 hiljalleen kasvoi, kun yh\u00e4 useammat palasivat talvisodan j\u00e4lkeiselt\u00e4 evakkoreissultaan. Sit\u00e4 mukaa kyl\u00e4\u00e4n saatiin lis\u00e4\u00e4 lehmi\u00e4, josta taas seurasi, ett\u00e4 aloimme saada ostetuksi kyl\u00e4l\u00e4isilt\u00e4 itsellemme maitoa. Kerran toverini Martta ja min\u00e4 l\u00e4hdimme maidonhakumatkalle. Pojat valjastivat hevosen ja luovuttaessaan sen meille kehaisivat, ett\u00e4 &#8221;hevonen on ja hyv\u00e4!&#8221; Niin l\u00e4hdettiin. Aluksi kaikki sujui hyvin, mutta paluumatkalla hevonen alkoi temppuilla. \u00c4kki\u00e4 se kuin mielijohteesta riuhtaisi kovaan juoksuun ja viis v\u00e4litti hillitsemisyrityksist\u00e4mme. Ne p\u00e4invastoin tuntuivat innostavan sit\u00e4 yh\u00e4 hurjempaan menoon.<\/p>\n<p>Molemmat vedimme ohjaksista mink\u00e4 ikin\u00e4 jaksoimme, mutta mik\u00e4\u00e4n ei auttanut. Sit\u00e4 kyyti\u00e4 tultiin perille asti. Meill\u00e4 oli reess\u00e4 koko joukko poikien antamia kentt\u00e4pakkeja eli r\u00f6mpsi\u00e4, jotka olimme ostaneet t\u00e4yteen maitoa. Arvaa sen, miten niiden sis\u00e4llyksen siin\u00e4 menossa k\u00e4vi: ainakin puolet l\u00e4ikkyi pitkin reen pohjaa. &#8211; Pys\u00e4htyih\u00e4n hevonen vihdoin tutulle pihalle. Min\u00e4 ehdin jo nousta reest\u00e4, mutta Martta l\u00f6i ensin ohjakset k\u00e4sist\u00e4\u00e4n tokaisten pojille vihaisena: &#8221;Siin\u00b4 on &#8211; tuollaisen annoitte!&#8221; Samassa polle tempaisi reen liikkeelle ja paineli oven l\u00e4pi talliin &#8211; ja reki Marttoineen per\u00e4ss\u00e4. Paikat kolisivat ja ryskyiv\u00e4t, mutta onneksi s\u00e4ilyiv\u00e4t ehjin\u00e4 sek\u00e4 reki ett\u00e4 Martta.<\/p>\n<p>Kes\u00e4ll\u00e4 1943 anoin ja p\u00e4\u00e4sin siviiliin. Menin vanhempieni luo kotiin Kivennavalle. Muokkasimme peltoja ja kylvimme viljan. Niin alkoi pahoin pienentyneen perheemme uusi el\u00e4m\u00e4 kotona Karjalassa.<\/p>\n<\/div><\/section>\n<section  class='av_textblock_section av-26nu8o-de7b19f6a4ff4a85782c022ea993fc53 '   itemscope=\"itemscope\" itemtype=\"https:\/\/schema.org\/CreativeWork\" ><div class='avia_textblock'  itemprop=\"text\" ><p>0<\/p>\n<\/div><\/section>\n","protected":false},"excerpt":{"rendered":"","protected":false},"author":2,"featured_media":0,"parent":2369,"menu_order":3,"comment_status":"closed","ping_status":"closed","template":"","meta":{"footnotes":""},"class_list":["post-2408","page","type-page","status-publish","hentry"],"yoast_head":"<!-- This site is optimized with the Yoast SEO plugin v27.5 - https:\/\/yoast.com\/product\/yoast-seo-wordpress\/ -->\n<title>Haavoittuneita hevosia hoitamassa - Veteraanien Perint\u00f6<\/title>\n<meta name=\"robots\" content=\"index, follow, max-snippet:-1, max-image-preview:large, max-video-preview:-1\" \/>\n<link rel=\"canonical\" href=\"https:\/\/veteraanienperinto.fi\/index.php\/jatkosota-etusivu\/jatkosodan-kertomukset\/kotirintama\/naiset-tyovoimana\/haavoittuneita-hevosia-hoitamassa\/\" \/>\n<meta property=\"og:locale\" content=\"fi_FI\" \/>\n<meta property=\"og:type\" content=\"article\" \/>\n<meta property=\"og:title\" content=\"Haavoittuneita hevosia hoitamassa - Veteraanien Perint\u00f6\" \/>\n<meta property=\"og:url\" content=\"https:\/\/veteraanienperinto.fi\/index.php\/jatkosota-etusivu\/jatkosodan-kertomukset\/kotirintama\/naiset-tyovoimana\/haavoittuneita-hevosia-hoitamassa\/\" \/>\n<meta property=\"og:site_name\" content=\"Veteraanien Perint\u00f6\" \/>\n<meta property=\"article:modified_time\" content=\"2020-12-15T17:46:19+00:00\" \/>\n<meta property=\"og:image\" content=\"https:\/\/veteraanienperinto.fi\/wp-content\/uploads\/2020\/12\/haavoittuneita_hevosia_hoitamassa.jpg\" \/>\n<meta name=\"twitter:card\" content=\"summary_large_image\" \/>\n<meta name=\"twitter:label1\" content=\"Arvioitu lukuaika\" \/>\n\t<meta name=\"twitter:data1\" content=\"7 minuuttia\" \/>\n<script type=\"application\/ld+json\" class=\"yoast-schema-graph\">{\"@context\":\"https:\\\/\\\/schema.org\",\"@graph\":[{\"@type\":\"WebPage\",\"@id\":\"https:\\\/\\\/veteraanienperinto.fi\\\/index.php\\\/jatkosota-etusivu\\\/jatkosodan-kertomukset\\\/kotirintama\\\/naiset-tyovoimana\\\/haavoittuneita-hevosia-hoitamassa\\\/\",\"url\":\"https:\\\/\\\/veteraanienperinto.fi\\\/index.php\\\/jatkosota-etusivu\\\/jatkosodan-kertomukset\\\/kotirintama\\\/naiset-tyovoimana\\\/haavoittuneita-hevosia-hoitamassa\\\/\",\"name\":\"Haavoittuneita hevosia hoitamassa - Veteraanien Perint\u00f6\",\"isPartOf\":{\"@id\":\"https:\\\/\\\/veteraanienperinto.fi\\\/#website\"},\"primaryImageOfPage\":{\"@id\":\"https:\\\/\\\/veteraanienperinto.fi\\\/index.php\\\/jatkosota-etusivu\\\/jatkosodan-kertomukset\\\/kotirintama\\\/naiset-tyovoimana\\\/haavoittuneita-hevosia-hoitamassa\\\/#primaryimage\"},\"image\":{\"@id\":\"https:\\\/\\\/veteraanienperinto.fi\\\/index.php\\\/jatkosota-etusivu\\\/jatkosodan-kertomukset\\\/kotirintama\\\/naiset-tyovoimana\\\/haavoittuneita-hevosia-hoitamassa\\\/#primaryimage\"},\"thumbnailUrl\":\"https:\\\/\\\/veteraanienperinto.fi\\\/wp-content\\\/uploads\\\/2020\\\/12\\\/haavoittuneita_hevosia_hoitamassa.jpg\",\"datePublished\":\"2020-09-01T11:04:18+00:00\",\"dateModified\":\"2020-12-15T17:46:19+00:00\",\"breadcrumb\":{\"@id\":\"https:\\\/\\\/veteraanienperinto.fi\\\/index.php\\\/jatkosota-etusivu\\\/jatkosodan-kertomukset\\\/kotirintama\\\/naiset-tyovoimana\\\/haavoittuneita-hevosia-hoitamassa\\\/#breadcrumb\"},\"inLanguage\":\"fi\",\"potentialAction\":[{\"@type\":\"ReadAction\",\"target\":[\"https:\\\/\\\/veteraanienperinto.fi\\\/index.php\\\/jatkosota-etusivu\\\/jatkosodan-kertomukset\\\/kotirintama\\\/naiset-tyovoimana\\\/haavoittuneita-hevosia-hoitamassa\\\/\"]}]},{\"@type\":\"ImageObject\",\"inLanguage\":\"fi\",\"@id\":\"https:\\\/\\\/veteraanienperinto.fi\\\/index.php\\\/jatkosota-etusivu\\\/jatkosodan-kertomukset\\\/kotirintama\\\/naiset-tyovoimana\\\/haavoittuneita-hevosia-hoitamassa\\\/#primaryimage\",\"url\":\"https:\\\/\\\/veteraanienperinto.fi\\\/wp-content\\\/uploads\\\/2020\\\/12\\\/haavoittuneita_hevosia_hoitamassa.jpg\",\"contentUrl\":\"https:\\\/\\\/veteraanienperinto.fi\\\/wp-content\\\/uploads\\\/2020\\\/12\\\/haavoittuneita_hevosia_hoitamassa.jpg\",\"width\":350,\"height\":400,\"caption\":\"Potilas leikkausp\u00f6yd\u00e4ll\u00e4. Lyyli vasemmalla.\"},{\"@type\":\"BreadcrumbList\",\"@id\":\"https:\\\/\\\/veteraanienperinto.fi\\\/index.php\\\/jatkosota-etusivu\\\/jatkosodan-kertomukset\\\/kotirintama\\\/naiset-tyovoimana\\\/haavoittuneita-hevosia-hoitamassa\\\/#breadcrumb\",\"itemListElement\":[{\"@type\":\"ListItem\",\"position\":1,\"name\":\"Etusivu\",\"item\":\"https:\\\/\\\/veteraanienperinto.fi\\\/index.php\\\/etusivu-2\\\/\"},{\"@type\":\"ListItem\",\"position\":2,\"name\":\"Jatkosota &#8211; etusivu\",\"item\":\"https:\\\/\\\/veteraanienperinto.fi\\\/index.php\\\/jatkosota-etusivu\\\/\"},{\"@type\":\"ListItem\",\"position\":3,\"name\":\"Jatkosodan kertomukset\",\"item\":\"https:\\\/\\\/veteraanienperinto.fi\\\/index.php\\\/jatkosota-etusivu\\\/jatkosodan-kertomukset\\\/\"},{\"@type\":\"ListItem\",\"position\":4,\"name\":\"Kotirintama\",\"item\":\"https:\\\/\\\/veteraanienperinto.fi\\\/index.php\\\/jatkosota-etusivu\\\/jatkosodan-kertomukset\\\/kotirintama\\\/\"},{\"@type\":\"ListItem\",\"position\":5,\"name\":\"Naiset ty\u00f6voimana\",\"item\":\"https:\\\/\\\/veteraanienperinto.fi\\\/index.php\\\/jatkosota-etusivu\\\/jatkosodan-kertomukset\\\/kotirintama\\\/naiset-tyovoimana\\\/\"},{\"@type\":\"ListItem\",\"position\":6,\"name\":\"Haavoittuneita hevosia hoitamassa\"}]},{\"@type\":\"WebSite\",\"@id\":\"https:\\\/\\\/veteraanienperinto.fi\\\/#website\",\"url\":\"https:\\\/\\\/veteraanienperinto.fi\\\/\",\"name\":\"Veteraanien Perint\u00f6\",\"description\":\"Kadettikunta\",\"potentialAction\":[{\"@type\":\"SearchAction\",\"target\":{\"@type\":\"EntryPoint\",\"urlTemplate\":\"https:\\\/\\\/veteraanienperinto.fi\\\/?s={search_term_string}\"},\"query-input\":{\"@type\":\"PropertyValueSpecification\",\"valueRequired\":true,\"valueName\":\"search_term_string\"}}],\"inLanguage\":\"fi\"}]}<\/script>\n<!-- \/ Yoast SEO plugin. -->","yoast_head_json":{"title":"Haavoittuneita hevosia hoitamassa - Veteraanien Perint\u00f6","robots":{"index":"index","follow":"follow","max-snippet":"max-snippet:-1","max-image-preview":"max-image-preview:large","max-video-preview":"max-video-preview:-1"},"canonical":"https:\/\/veteraanienperinto.fi\/index.php\/jatkosota-etusivu\/jatkosodan-kertomukset\/kotirintama\/naiset-tyovoimana\/haavoittuneita-hevosia-hoitamassa\/","og_locale":"fi_FI","og_type":"article","og_title":"Haavoittuneita hevosia hoitamassa - Veteraanien Perint\u00f6","og_url":"https:\/\/veteraanienperinto.fi\/index.php\/jatkosota-etusivu\/jatkosodan-kertomukset\/kotirintama\/naiset-tyovoimana\/haavoittuneita-hevosia-hoitamassa\/","og_site_name":"Veteraanien Perint\u00f6","article_modified_time":"2020-12-15T17:46:19+00:00","og_image":[{"url":"https:\/\/veteraanienperinto.fi\/wp-content\/uploads\/2020\/12\/haavoittuneita_hevosia_hoitamassa.jpg","type":"","width":"","height":""}],"twitter_card":"summary_large_image","twitter_misc":{"Arvioitu lukuaika":"7 minuuttia"},"schema":{"@context":"https:\/\/schema.org","@graph":[{"@type":"WebPage","@id":"https:\/\/veteraanienperinto.fi\/index.php\/jatkosota-etusivu\/jatkosodan-kertomukset\/kotirintama\/naiset-tyovoimana\/haavoittuneita-hevosia-hoitamassa\/","url":"https:\/\/veteraanienperinto.fi\/index.php\/jatkosota-etusivu\/jatkosodan-kertomukset\/kotirintama\/naiset-tyovoimana\/haavoittuneita-hevosia-hoitamassa\/","name":"Haavoittuneita hevosia hoitamassa - Veteraanien Perint\u00f6","isPartOf":{"@id":"https:\/\/veteraanienperinto.fi\/#website"},"primaryImageOfPage":{"@id":"https:\/\/veteraanienperinto.fi\/index.php\/jatkosota-etusivu\/jatkosodan-kertomukset\/kotirintama\/naiset-tyovoimana\/haavoittuneita-hevosia-hoitamassa\/#primaryimage"},"image":{"@id":"https:\/\/veteraanienperinto.fi\/index.php\/jatkosota-etusivu\/jatkosodan-kertomukset\/kotirintama\/naiset-tyovoimana\/haavoittuneita-hevosia-hoitamassa\/#primaryimage"},"thumbnailUrl":"https:\/\/veteraanienperinto.fi\/wp-content\/uploads\/2020\/12\/haavoittuneita_hevosia_hoitamassa.jpg","datePublished":"2020-09-01T11:04:18+00:00","dateModified":"2020-12-15T17:46:19+00:00","breadcrumb":{"@id":"https:\/\/veteraanienperinto.fi\/index.php\/jatkosota-etusivu\/jatkosodan-kertomukset\/kotirintama\/naiset-tyovoimana\/haavoittuneita-hevosia-hoitamassa\/#breadcrumb"},"inLanguage":"fi","potentialAction":[{"@type":"ReadAction","target":["https:\/\/veteraanienperinto.fi\/index.php\/jatkosota-etusivu\/jatkosodan-kertomukset\/kotirintama\/naiset-tyovoimana\/haavoittuneita-hevosia-hoitamassa\/"]}]},{"@type":"ImageObject","inLanguage":"fi","@id":"https:\/\/veteraanienperinto.fi\/index.php\/jatkosota-etusivu\/jatkosodan-kertomukset\/kotirintama\/naiset-tyovoimana\/haavoittuneita-hevosia-hoitamassa\/#primaryimage","url":"https:\/\/veteraanienperinto.fi\/wp-content\/uploads\/2020\/12\/haavoittuneita_hevosia_hoitamassa.jpg","contentUrl":"https:\/\/veteraanienperinto.fi\/wp-content\/uploads\/2020\/12\/haavoittuneita_hevosia_hoitamassa.jpg","width":350,"height":400,"caption":"Potilas leikkausp\u00f6yd\u00e4ll\u00e4. Lyyli vasemmalla."},{"@type":"BreadcrumbList","@id":"https:\/\/veteraanienperinto.fi\/index.php\/jatkosota-etusivu\/jatkosodan-kertomukset\/kotirintama\/naiset-tyovoimana\/haavoittuneita-hevosia-hoitamassa\/#breadcrumb","itemListElement":[{"@type":"ListItem","position":1,"name":"Etusivu","item":"https:\/\/veteraanienperinto.fi\/index.php\/etusivu-2\/"},{"@type":"ListItem","position":2,"name":"Jatkosota &#8211; etusivu","item":"https:\/\/veteraanienperinto.fi\/index.php\/jatkosota-etusivu\/"},{"@type":"ListItem","position":3,"name":"Jatkosodan kertomukset","item":"https:\/\/veteraanienperinto.fi\/index.php\/jatkosota-etusivu\/jatkosodan-kertomukset\/"},{"@type":"ListItem","position":4,"name":"Kotirintama","item":"https:\/\/veteraanienperinto.fi\/index.php\/jatkosota-etusivu\/jatkosodan-kertomukset\/kotirintama\/"},{"@type":"ListItem","position":5,"name":"Naiset ty\u00f6voimana","item":"https:\/\/veteraanienperinto.fi\/index.php\/jatkosota-etusivu\/jatkosodan-kertomukset\/kotirintama\/naiset-tyovoimana\/"},{"@type":"ListItem","position":6,"name":"Haavoittuneita hevosia hoitamassa"}]},{"@type":"WebSite","@id":"https:\/\/veteraanienperinto.fi\/#website","url":"https:\/\/veteraanienperinto.fi\/","name":"Veteraanien Perint\u00f6","description":"Kadettikunta","potentialAction":[{"@type":"SearchAction","target":{"@type":"EntryPoint","urlTemplate":"https:\/\/veteraanienperinto.fi\/?s={search_term_string}"},"query-input":{"@type":"PropertyValueSpecification","valueRequired":true,"valueName":"search_term_string"}}],"inLanguage":"fi"}]}},"_links":{"self":[{"href":"https:\/\/veteraanienperinto.fi\/index.php\/wp-json\/wp\/v2\/pages\/2408","targetHints":{"allow":["GET"]}}],"collection":[{"href":"https:\/\/veteraanienperinto.fi\/index.php\/wp-json\/wp\/v2\/pages"}],"about":[{"href":"https:\/\/veteraanienperinto.fi\/index.php\/wp-json\/wp\/v2\/types\/page"}],"author":[{"embeddable":true,"href":"https:\/\/veteraanienperinto.fi\/index.php\/wp-json\/wp\/v2\/users\/2"}],"replies":[{"embeddable":true,"href":"https:\/\/veteraanienperinto.fi\/index.php\/wp-json\/wp\/v2\/comments?post=2408"}],"version-history":[{"count":3,"href":"https:\/\/veteraanienperinto.fi\/index.php\/wp-json\/wp\/v2\/pages\/2408\/revisions"}],"predecessor-version":[{"id":8162,"href":"https:\/\/veteraanienperinto.fi\/index.php\/wp-json\/wp\/v2\/pages\/2408\/revisions\/8162"}],"up":[{"embeddable":true,"href":"https:\/\/veteraanienperinto.fi\/index.php\/wp-json\/wp\/v2\/pages\/2369"}],"wp:attachment":[{"href":"https:\/\/veteraanienperinto.fi\/index.php\/wp-json\/wp\/v2\/media?parent=2408"}],"curies":[{"name":"wp","href":"https:\/\/api.w.org\/{rel}","templated":true}]}}