{"id":2419,"date":"2020-09-01T11:12:48","date_gmt":"2020-09-01T11:12:48","guid":{"rendered":"https:\/\/veteraani.ylirotu.fi\/?page_id=2419"},"modified":"2020-09-01T11:12:48","modified_gmt":"2020-09-01T11:12:48","slug":"evakkotapahtumia-kesakuussa-1944","status":"publish","type":"page","link":"https:\/\/veteraanienperinto.fi\/index.php\/jatkosota-etusivu\/jatkosodan-kertomukset\/kotirintama\/siirtolaisten-paluu-jatkosodan-aikana-kotiseuduilleen\/evakkotapahtumia-kesakuussa-1944\/","title":{"rendered":"Evakkotapahtumia kes\u00e4kuussa 1944"},"content":{"rendered":"\n<style type=\"text\/css\" data-created_by=\"avia_inline_auto\" id=\"style-css-av-kejuqwfy-4aa3f6bb156600671d70c74fd1fd3ef1\">\n#top .av-special-heading.av-kejuqwfy-4aa3f6bb156600671d70c74fd1fd3ef1{\npadding-bottom:5px;\n}\nbody .av-special-heading.av-kejuqwfy-4aa3f6bb156600671d70c74fd1fd3ef1 .av-special-heading-tag .heading-char{\nfont-size:25px;\n}\n.av-special-heading.av-kejuqwfy-4aa3f6bb156600671d70c74fd1fd3ef1 .av-subheading{\nfont-size:15px;\n}\n<\/style>\n<div  class='av-special-heading av-kejuqwfy-4aa3f6bb156600671d70c74fd1fd3ef1 av-special-heading-h3  avia-builder-el-0  avia-builder-el-no-sibling '><h3 class='av-special-heading-tag'  itemprop=\"headline\"  >Evakkotapahtumia kes\u00e4kuussa 1944<\/h3><div class=\"special-heading-border\"><div class=\"special-heading-inner-border\"><\/div><\/div><\/div>\n<section  class='av_textblock_section av-kei9w74n-7b0f008125a778f48432b9a614d90d0f '   itemscope=\"itemscope\" itemtype=\"https:\/\/schema.org\/CreativeWork\" ><div class='avia_textblock'  itemprop=\"text\" ><p><strong>Antti Henttonen:<\/strong><\/p>\n<p>Oli sunnuntai 18. kes\u00e4kuuta 1944. Suomalaiset joukot vet\u00e4ytyiv\u00e4t viivytt\u00e4en Viipuri &#8211; Kuparsaari -Taipale linjalle. Pel\u00e4ttiin rintaman murtumista. 40 kilometri\u00e4 Viipurin pohjoispuolella sijaitsevaan, Vuoksen halkomaan Antreaankin annettiin kiireinen evakuoimisk\u00e4sky.<\/p>\n<p>Suuri goottilaistyylinen 1800 hengen kirkko oli palanut jatkosodan hy\u00f6kk\u00e4ysvaiheen aikana elokuussa 1941, jonka vuoksi jumalanpalvelus pidettiin tilap\u00e4iseksi kirkoksi kalustetussa suojeluskunnan harjoitustalossa. Jumalanpalveluksen j\u00e4lkeen oltiin siunaamassa hautaan 12 kilometrin p\u00e4\u00e4st\u00e4 Henttolan kyl\u00e4st\u00e4 kotoisin olevaa maanviljelij\u00e4\u00e4 Juho Kuikkaa. Hautaa umpeen luotaessa tuli paikalle sotilasl\u00e4hetti, joka ilmoitti, ett\u00e4 pit\u00e4j\u00e4n tulee olla tyhj\u00e4 iltaan klo 22 menness\u00e4. Kulkutein\u00e4 olisivat pohjoiseen johtavat tiet. Suositeltiin k\u00e4ytt\u00e4m\u00e4\u00e4n syrj\u00e4isempi\u00e4 teit\u00e4, kun p\u00e4\u00e4tiet olivat vihollisen maataistelukoneiden valvomia. Hautajaisv\u00e4ki kiirehti koteihinsa ker\u00e4\u00e4m\u00e4\u00e4n karjaa laitumilta ja tekem\u00e4\u00e4n evakkokuormia. Hautajaistalossa odotti muistoateria hautajaisvieraita. Kun he eiv\u00e4t ehtineet menn\u00e4 sy\u00f6m\u00e4\u00e4n sit\u00e4, leskiem\u00e4nt\u00e4 pyysi ohitse kulkevan sotilasosaston aterialle. Miehet s\u00f6iv\u00e4t, auttoivat em\u00e4nt\u00e4\u00e4 kuorman teossa ja nostivat h\u00e4net sek\u00e4 h\u00e4nen pienen sotaorvon tytt\u00e4renpoikansa kuorman p\u00e4\u00e4lle ja antoivat ohjakset k\u00e4teen. Talon ainoa poika oli haavoittunut vaikeasti matkalla rintamalta is\u00e4ns\u00e4 hautajaisiin ja makasi sotasairaalassa. V\u00e4vy oli kaatunut talvisodassa. Vuoksen takaa Kuparsaaren suunnalta kantautuva tykkien jymy s\u00e4esti matkantekoa, joka p\u00e4\u00e4tyi kahden viikon kuluttua Satakuntaan.<\/p>\n<p>Samana p\u00e4iv\u00e4n\u00e4 teki Olkinuoran perhe evakkokuormaa Antrean Kaukolan kyl\u00e4ss\u00e4. Kun talon tyt\u00e4r ja mini\u00e4 itkiv\u00e4t kuormaa tehdess\u00e4\u00e4n, nuhteli Eeva-mummo heit\u00e4 lempe\u00e4sti:&#8221;Tyt\u00f6t, ei pie itkee, itku pitt\u00e4\u00e4 s\u00e4\u00e4st\u00e4\u00e4 pahhaa paikkaa.&#8221;<\/p>\n<p>My\u00f6s Antrean Noskuan kyl\u00e4ss\u00e4 l\u00e4hdettiin kiireiselle evakkomatkalle. Rintama l\u00e4hestyi jo Kuparsaaren l\u00e4hell\u00e4 olevan kyl\u00e4n etel\u00e4laitaa. Tykist\u00f6ss\u00e4 kapteenina palvellut fil. tohtori, sittemmin latinan kielen professori P\u00e4iv\u00f6 Oksala osui er\u00e4\u00e4n talon pihaan, jossa is\u00e4nt\u00e4 oli tekem\u00e4ss\u00e4 evakkokuormaa. Tervehditty\u00e4\u00e4n vierasta h\u00e4n pyyhki hike\u00e4 otsaltaan ja istahti talon portaille. H\u00e4n sanoi vieraalle: &#8221;Kyl h\u00e4\u00e4 tuo ven\u00e4l\u00e4ine on teht miul paljo pahhaa. Ens h\u00e4\u00e4 ajo miut talvsovas pois kotontai, h\u00e4\u00e4 poltti miu talloi ja tappo miu poikai. A mie tuli takasii ja tein uuve talo. Nyt h\u00e4\u00e4 ajjaa miut pois t\u00e4stkii. Kyl h\u00e4\u00e4 o teht paljo pahhaa, mut ei h\u00e4\u00e4 oo teht viel nii paljo, et mie suuttusi.&#8221;<\/p>\n<p>Antrean Kuukaupilla sijaitsevalla huvilallaan kes\u00e4\u00e4 viett\u00e4nyt kuuluisa laulajatar Hanna Granfelt ei l\u00e4htenyt evakkomatkalle muiden mukana, vaan j\u00e4i terassilleen kuuntelemaan l\u00e4hestyv\u00e4\u00e4 tykkien jymin\u00e4\u00e4. Kahden p\u00e4iv\u00e4n kuluttua tiistai-iltana 20.6 h\u00e4n viimein l\u00e4hti maantielle painavaa matkalaukkua kantaen. Ylitetty\u00e4\u00e4n Kuukaupin sillan h\u00e4nt\u00e4 vastaan tuli pit\u00e4j\u00e4n ty\u00f6voimap\u00e4\u00e4llikk\u00f6 Eino Lottanen. Laulajatar tiedusteli olisiko mit\u00e4\u00e4n ajoneuvoa en\u00e4\u00e4 saatavissa. Ty\u00f6voimap\u00e4\u00e4llikk\u00f6 totesi, ett\u00e4 ei valitettavasti ole, ellei joku sotilasajoneuvo osu kohdalle. 60-vuotias laulajatar laski matkalaukkunsa maahan sillan kulmaan, katsoi ilta-auringossa v\u00e4lkehtiv\u00e4\u00e4 Vuoksen selk\u00e4\u00e4 ja lausahti: &#8221;T\u00e4\u00e4ll\u00e4 on niin jumalaisen kaunista.&#8221; Sen j\u00e4lkeen h\u00e4n otti laukkunsa ja alkoi jatkaa matkaansa.<\/p>\n<p>Kivennapalaiset evakot muistelivat kiireist\u00e4 l\u00e4ht\u00f6\u00e4\u00e4n toiselle evakkomatkalle: &#8221;Ko ven\u00e4l\u00e4iset tulliit siss\u00e4\u00e4 ovest, ni my\u00f6 paettii ikkunoist.&#8221; Toiset muistivat: Ol nii kiire l\u00e4ht\u00f6, ettei kerent itkem\u00e4\u00e4k\u00e4\u00e4.&#8221;<\/p>\n<\/div><\/section>\n<section  class='av_textblock_section av-26nu8o-de7b19f6a4ff4a85782c022ea993fc53 '   itemscope=\"itemscope\" itemtype=\"https:\/\/schema.org\/CreativeWork\" ><div class='avia_textblock'  itemprop=\"text\" ><p>0<\/p>\n<\/div><\/section>\n","protected":false},"excerpt":{"rendered":"","protected":false},"author":2,"featured_media":0,"parent":2372,"menu_order":1,"comment_status":"closed","ping_status":"closed","template":"","meta":{"footnotes":""},"class_list":["post-2419","page","type-page","status-publish","hentry"],"yoast_head":"<!-- This site is optimized with the Yoast SEO plugin v27.5 - https:\/\/yoast.com\/product\/yoast-seo-wordpress\/ -->\n<title>Evakkotapahtumia kes\u00e4kuussa 1944 - Veteraanien Perint\u00f6<\/title>\n<meta name=\"robots\" content=\"index, follow, max-snippet:-1, max-image-preview:large, max-video-preview:-1\" \/>\n<link rel=\"canonical\" href=\"https:\/\/veteraanienperinto.fi\/index.php\/jatkosota-etusivu\/jatkosodan-kertomukset\/kotirintama\/siirtolaisten-paluu-jatkosodan-aikana-kotiseuduilleen\/evakkotapahtumia-kesakuussa-1944\/\" \/>\n<meta property=\"og:locale\" content=\"fi_FI\" \/>\n<meta property=\"og:type\" content=\"article\" \/>\n<meta property=\"og:title\" content=\"Evakkotapahtumia kes\u00e4kuussa 1944 - Veteraanien Perint\u00f6\" \/>\n<meta property=\"og:url\" content=\"https:\/\/veteraanienperinto.fi\/index.php\/jatkosota-etusivu\/jatkosodan-kertomukset\/kotirintama\/siirtolaisten-paluu-jatkosodan-aikana-kotiseuduilleen\/evakkotapahtumia-kesakuussa-1944\/\" \/>\n<meta property=\"og:site_name\" content=\"Veteraanien Perint\u00f6\" \/>\n<meta name=\"twitter:card\" content=\"summary_large_image\" \/>\n<meta name=\"twitter:label1\" content=\"Arvioitu lukuaika\" \/>\n\t<meta name=\"twitter:data1\" content=\"3 minuuttia\" \/>\n<script type=\"application\/ld+json\" class=\"yoast-schema-graph\">{\"@context\":\"https:\\\/\\\/schema.org\",\"@graph\":[{\"@type\":\"WebPage\",\"@id\":\"https:\\\/\\\/veteraanienperinto.fi\\\/index.php\\\/jatkosota-etusivu\\\/jatkosodan-kertomukset\\\/kotirintama\\\/siirtolaisten-paluu-jatkosodan-aikana-kotiseuduilleen\\\/evakkotapahtumia-kesakuussa-1944\\\/\",\"url\":\"https:\\\/\\\/veteraanienperinto.fi\\\/index.php\\\/jatkosota-etusivu\\\/jatkosodan-kertomukset\\\/kotirintama\\\/siirtolaisten-paluu-jatkosodan-aikana-kotiseuduilleen\\\/evakkotapahtumia-kesakuussa-1944\\\/\",\"name\":\"Evakkotapahtumia kes\u00e4kuussa 1944 - Veteraanien Perint\u00f6\",\"isPartOf\":{\"@id\":\"https:\\\/\\\/veteraanienperinto.fi\\\/#website\"},\"datePublished\":\"2020-09-01T11:12:48+00:00\",\"breadcrumb\":{\"@id\":\"https:\\\/\\\/veteraanienperinto.fi\\\/index.php\\\/jatkosota-etusivu\\\/jatkosodan-kertomukset\\\/kotirintama\\\/siirtolaisten-paluu-jatkosodan-aikana-kotiseuduilleen\\\/evakkotapahtumia-kesakuussa-1944\\\/#breadcrumb\"},\"inLanguage\":\"fi\",\"potentialAction\":[{\"@type\":\"ReadAction\",\"target\":[\"https:\\\/\\\/veteraanienperinto.fi\\\/index.php\\\/jatkosota-etusivu\\\/jatkosodan-kertomukset\\\/kotirintama\\\/siirtolaisten-paluu-jatkosodan-aikana-kotiseuduilleen\\\/evakkotapahtumia-kesakuussa-1944\\\/\"]}]},{\"@type\":\"BreadcrumbList\",\"@id\":\"https:\\\/\\\/veteraanienperinto.fi\\\/index.php\\\/jatkosota-etusivu\\\/jatkosodan-kertomukset\\\/kotirintama\\\/siirtolaisten-paluu-jatkosodan-aikana-kotiseuduilleen\\\/evakkotapahtumia-kesakuussa-1944\\\/#breadcrumb\",\"itemListElement\":[{\"@type\":\"ListItem\",\"position\":1,\"name\":\"Etusivu\",\"item\":\"https:\\\/\\\/veteraanienperinto.fi\\\/index.php\\\/etusivu-2\\\/\"},{\"@type\":\"ListItem\",\"position\":2,\"name\":\"Jatkosota &#8211; etusivu\",\"item\":\"https:\\\/\\\/veteraanienperinto.fi\\\/index.php\\\/jatkosota-etusivu\\\/\"},{\"@type\":\"ListItem\",\"position\":3,\"name\":\"Jatkosodan kertomukset\",\"item\":\"https:\\\/\\\/veteraanienperinto.fi\\\/index.php\\\/jatkosota-etusivu\\\/jatkosodan-kertomukset\\\/\"},{\"@type\":\"ListItem\",\"position\":4,\"name\":\"Kotirintama\",\"item\":\"https:\\\/\\\/veteraanienperinto.fi\\\/index.php\\\/jatkosota-etusivu\\\/jatkosodan-kertomukset\\\/kotirintama\\\/\"},{\"@type\":\"ListItem\",\"position\":5,\"name\":\"Siirtolaisten paluu jatkosodan aikana kotiseuduilleen\",\"item\":\"https:\\\/\\\/veteraanienperinto.fi\\\/index.php\\\/jatkosota-etusivu\\\/jatkosodan-kertomukset\\\/kotirintama\\\/siirtolaisten-paluu-jatkosodan-aikana-kotiseuduilleen\\\/\"},{\"@type\":\"ListItem\",\"position\":6,\"name\":\"Evakkotapahtumia kes\u00e4kuussa 1944\"}]},{\"@type\":\"WebSite\",\"@id\":\"https:\\\/\\\/veteraanienperinto.fi\\\/#website\",\"url\":\"https:\\\/\\\/veteraanienperinto.fi\\\/\",\"name\":\"Veteraanien Perint\u00f6\",\"description\":\"Kadettikunta\",\"potentialAction\":[{\"@type\":\"SearchAction\",\"target\":{\"@type\":\"EntryPoint\",\"urlTemplate\":\"https:\\\/\\\/veteraanienperinto.fi\\\/?s={search_term_string}\"},\"query-input\":{\"@type\":\"PropertyValueSpecification\",\"valueRequired\":true,\"valueName\":\"search_term_string\"}}],\"inLanguage\":\"fi\"}]}<\/script>\n<!-- \/ Yoast SEO plugin. -->","yoast_head_json":{"title":"Evakkotapahtumia kes\u00e4kuussa 1944 - Veteraanien Perint\u00f6","robots":{"index":"index","follow":"follow","max-snippet":"max-snippet:-1","max-image-preview":"max-image-preview:large","max-video-preview":"max-video-preview:-1"},"canonical":"https:\/\/veteraanienperinto.fi\/index.php\/jatkosota-etusivu\/jatkosodan-kertomukset\/kotirintama\/siirtolaisten-paluu-jatkosodan-aikana-kotiseuduilleen\/evakkotapahtumia-kesakuussa-1944\/","og_locale":"fi_FI","og_type":"article","og_title":"Evakkotapahtumia kes\u00e4kuussa 1944 - Veteraanien Perint\u00f6","og_url":"https:\/\/veteraanienperinto.fi\/index.php\/jatkosota-etusivu\/jatkosodan-kertomukset\/kotirintama\/siirtolaisten-paluu-jatkosodan-aikana-kotiseuduilleen\/evakkotapahtumia-kesakuussa-1944\/","og_site_name":"Veteraanien Perint\u00f6","twitter_card":"summary_large_image","twitter_misc":{"Arvioitu lukuaika":"3 minuuttia"},"schema":{"@context":"https:\/\/schema.org","@graph":[{"@type":"WebPage","@id":"https:\/\/veteraanienperinto.fi\/index.php\/jatkosota-etusivu\/jatkosodan-kertomukset\/kotirintama\/siirtolaisten-paluu-jatkosodan-aikana-kotiseuduilleen\/evakkotapahtumia-kesakuussa-1944\/","url":"https:\/\/veteraanienperinto.fi\/index.php\/jatkosota-etusivu\/jatkosodan-kertomukset\/kotirintama\/siirtolaisten-paluu-jatkosodan-aikana-kotiseuduilleen\/evakkotapahtumia-kesakuussa-1944\/","name":"Evakkotapahtumia kes\u00e4kuussa 1944 - Veteraanien Perint\u00f6","isPartOf":{"@id":"https:\/\/veteraanienperinto.fi\/#website"},"datePublished":"2020-09-01T11:12:48+00:00","breadcrumb":{"@id":"https:\/\/veteraanienperinto.fi\/index.php\/jatkosota-etusivu\/jatkosodan-kertomukset\/kotirintama\/siirtolaisten-paluu-jatkosodan-aikana-kotiseuduilleen\/evakkotapahtumia-kesakuussa-1944\/#breadcrumb"},"inLanguage":"fi","potentialAction":[{"@type":"ReadAction","target":["https:\/\/veteraanienperinto.fi\/index.php\/jatkosota-etusivu\/jatkosodan-kertomukset\/kotirintama\/siirtolaisten-paluu-jatkosodan-aikana-kotiseuduilleen\/evakkotapahtumia-kesakuussa-1944\/"]}]},{"@type":"BreadcrumbList","@id":"https:\/\/veteraanienperinto.fi\/index.php\/jatkosota-etusivu\/jatkosodan-kertomukset\/kotirintama\/siirtolaisten-paluu-jatkosodan-aikana-kotiseuduilleen\/evakkotapahtumia-kesakuussa-1944\/#breadcrumb","itemListElement":[{"@type":"ListItem","position":1,"name":"Etusivu","item":"https:\/\/veteraanienperinto.fi\/index.php\/etusivu-2\/"},{"@type":"ListItem","position":2,"name":"Jatkosota &#8211; etusivu","item":"https:\/\/veteraanienperinto.fi\/index.php\/jatkosota-etusivu\/"},{"@type":"ListItem","position":3,"name":"Jatkosodan kertomukset","item":"https:\/\/veteraanienperinto.fi\/index.php\/jatkosota-etusivu\/jatkosodan-kertomukset\/"},{"@type":"ListItem","position":4,"name":"Kotirintama","item":"https:\/\/veteraanienperinto.fi\/index.php\/jatkosota-etusivu\/jatkosodan-kertomukset\/kotirintama\/"},{"@type":"ListItem","position":5,"name":"Siirtolaisten paluu jatkosodan aikana kotiseuduilleen","item":"https:\/\/veteraanienperinto.fi\/index.php\/jatkosota-etusivu\/jatkosodan-kertomukset\/kotirintama\/siirtolaisten-paluu-jatkosodan-aikana-kotiseuduilleen\/"},{"@type":"ListItem","position":6,"name":"Evakkotapahtumia kes\u00e4kuussa 1944"}]},{"@type":"WebSite","@id":"https:\/\/veteraanienperinto.fi\/#website","url":"https:\/\/veteraanienperinto.fi\/","name":"Veteraanien Perint\u00f6","description":"Kadettikunta","potentialAction":[{"@type":"SearchAction","target":{"@type":"EntryPoint","urlTemplate":"https:\/\/veteraanienperinto.fi\/?s={search_term_string}"},"query-input":{"@type":"PropertyValueSpecification","valueRequired":true,"valueName":"search_term_string"}}],"inLanguage":"fi"}]}},"_links":{"self":[{"href":"https:\/\/veteraanienperinto.fi\/index.php\/wp-json\/wp\/v2\/pages\/2419","targetHints":{"allow":["GET"]}}],"collection":[{"href":"https:\/\/veteraanienperinto.fi\/index.php\/wp-json\/wp\/v2\/pages"}],"about":[{"href":"https:\/\/veteraanienperinto.fi\/index.php\/wp-json\/wp\/v2\/types\/page"}],"author":[{"embeddable":true,"href":"https:\/\/veteraanienperinto.fi\/index.php\/wp-json\/wp\/v2\/users\/2"}],"replies":[{"embeddable":true,"href":"https:\/\/veteraanienperinto.fi\/index.php\/wp-json\/wp\/v2\/comments?post=2419"}],"version-history":[{"count":2,"href":"https:\/\/veteraanienperinto.fi\/index.php\/wp-json\/wp\/v2\/pages\/2419\/revisions"}],"predecessor-version":[{"id":6172,"href":"https:\/\/veteraanienperinto.fi\/index.php\/wp-json\/wp\/v2\/pages\/2419\/revisions\/6172"}],"up":[{"embeddable":true,"href":"https:\/\/veteraanienperinto.fi\/index.php\/wp-json\/wp\/v2\/pages\/2372"}],"wp:attachment":[{"href":"https:\/\/veteraanienperinto.fi\/index.php\/wp-json\/wp\/v2\/media?parent=2419"}],"curies":[{"name":"wp","href":"https:\/\/api.w.org\/{rel}","templated":true}]}}