{"id":2586,"date":"2020-09-01T14:31:05","date_gmt":"2020-09-01T14:31:05","guid":{"rendered":"https:\/\/veteraani.ylirotu.fi\/?page_id=2586"},"modified":"2020-09-07T08:26:54","modified_gmt":"2020-09-07T08:26:54","slug":"tyrjan-jaakarijoukkue","status":"publish","type":"page","link":"https:\/\/veteraanienperinto.fi\/index.php\/tietopankit\/kertomuksia\/mannerheimristin-ritarit\/tyrjan-jaakarijoukkue\/","title":{"rendered":"Tyrj\u00e4n j\u00e4\u00e4k\u00e4rijoukkue"},"content":{"rendered":"\n<style type=\"text\/css\" data-created_by=\"avia_inline_auto\" id=\"style-css-av-av_heading-e54a7c971422ede3f4f54968eb7bbfdf\">\n#top .av-special-heading.av-av_heading-e54a7c971422ede3f4f54968eb7bbfdf{\npadding-bottom:10px;\n}\nbody .av-special-heading.av-av_heading-e54a7c971422ede3f4f54968eb7bbfdf .av-special-heading-tag .heading-char{\nfont-size:25px;\n}\n.av-special-heading.av-av_heading-e54a7c971422ede3f4f54968eb7bbfdf .av-subheading{\nfont-size:15px;\n}\n<\/style>\n<div  class='av-special-heading av-av_heading-e54a7c971422ede3f4f54968eb7bbfdf av-special-heading-h3  avia-builder-el-0  el_before_av_textblock  avia-builder-el-first '><h3 class='av-special-heading-tag'  itemprop=\"headline\"  >Tyrj\u00e4n j\u00e4\u00e4k\u00e4rijoukkue<\/h3><div class=\"special-heading-border\"><div class=\"special-heading-inner-border\"><\/div><\/div><\/div>\n<section  class='av_textblock_section av-kek0ol8w-0f04af88ec907b2c66cea4bf3dbe1d4c '   itemscope=\"itemscope\" itemtype=\"https:\/\/schema.org\/CreativeWork\" ><div class='avia_textblock'  itemprop=\"text\" ><div id=\"attachment_3440\" style=\"width: 222px\" class=\"wp-caption alignright\"><img loading=\"lazy\" decoding=\"async\" aria-describedby=\"caption-attachment-3440\" class=\"wp-image-3440 size-medium\" src=\"https:\/\/veteraanienperinto.fi\/wp-content\/uploads\/2020\/09\/tyrjan_jaakarijoukkue1-212x300.jpg\" alt=\"\" width=\"212\" height=\"300\" srcset=\"https:\/\/veteraanienperinto.fi\/wp-content\/uploads\/2020\/09\/tyrjan_jaakarijoukkue1-212x300.jpg 212w, https:\/\/veteraanienperinto.fi\/wp-content\/uploads\/2020\/09\/tyrjan_jaakarijoukkue1.jpg 247w\" sizes=\"auto, (max-width: 212px) 100vw, 212px\" \/><p id=\"caption-attachment-3440\" class=\"wp-caption-text\">\u00c4yr\u00e4p\u00e4\u00e4n ja Vuosalmen rohkeat teot olivat keskeisi\u00e4 perusteita, kun Mannerheim-risti\u00e4 esitettiin V\u00e4in\u00f6 Alpiin H\u00e4m\u00e4l\u00e4iselle. Oltuaan v\u00e4lill\u00e4 siviiliss\u00e4 V\u00e4in\u00f6 H\u00e4m\u00e4l\u00e4inen (s. 1.3.1920) palasi puolustusvoimiin ja siirtyi vuonna 1971 sotilasmestarin arvoisena el\u00e4kkeelle. Nykyisin veteraani viett\u00e4\u00e4 el\u00e4kep\u00e4ivi\u00e4\u00e4n kotonaan Tuusulassa.<\/p><\/div>\n<p><strong>Tapio Skog V\u00e4in\u00f6 H\u00e4m\u00e4l\u00e4isen haastattelun ja kirjallisten l\u00e4hteiden mukaan:<\/strong><\/p>\n<p>&#8221;Aatun&#8221; eli Adolf Ehrnroothin Tyrj\u00e4n Rykmentti eli JR 7 muistetaan \u00c4yr\u00e4p\u00e4\u00e4n ja Vuosalmen ratkaisutaisteluista. Illalla kes\u00e4kuun 18. p\u00e4iv\u00e4n\u00e4 1944 p\u00e4\u00e4osa joukoista ryhmittyi puolustukseen \u00c4yr\u00e4p\u00e4\u00e4n sillanp\u00e4\u00e4asemaan Vuoksen etel\u00e4rannalle osan saapuessa virran pohjoispuolelle Vuosalmeen.<\/p>\n<p>Maineikkaan rykmentin toista pataljoonaa komensi \u00c4yr\u00e4p\u00e4\u00e4ss\u00e4 kapteeni Aimo Raassina. Komentajan silm\u00e4n\u00e4 ja nyrkkin\u00e4 toimi j\u00e4\u00e4k\u00e4rijoukkue, joka oli muodostettu valiosotilaista. Yksi heist\u00e4 oli alikersantti V\u00e4in\u00f6 H\u00e4m\u00e4l\u00e4inen, yksi monista urhoollisista, yksi harvoista, joille my\u00f6nnettiin Mannerheim-risti.<\/p>\n<p>Tiedettiin, ett\u00e4 ven\u00e4l\u00e4isill\u00e4 oli valtavasti miehi\u00e4 ja kalustoa, mutta sit\u00e4 ei &#8211; onneksi &#8211; tiedetty, ett\u00e4 vastassa oli per\u00e4ti kaksi vihollisdivisioonaa, 381.D ja 281.D.<\/p>\n<p><strong>Myrsky \u00c4yr\u00e4p\u00e4\u00e4ss\u00e4<\/strong><\/p>\n<p>J\u00e4\u00e4k\u00e4rijoukkue pys\u00e4htyi 19.6.1944 ylikersantti Mikko Niemisen johdolla l\u00e4helle Raassinan komentopaikkaa. Oli tyynt\u00e4 myrskyn edell\u00e4, mutta se lakkasi \u00e4kisti. Ven\u00e4l\u00e4iset aloittivat koko voimallaan sillanp\u00e4\u00e4n murentamisen 21.6. aamulla kello 05.15. Erityisen kova paine oli sek\u00e4 \u00c4yr\u00e4p\u00e4\u00e4n kirkolla ett\u00e4 l\u00e4heisess\u00e4 Mansikkam\u00e4ess\u00e4. Hy\u00f6kk\u00e4ys torjuttiin, mutta sama toistui panssarien tuella seuraavana p\u00e4iv\u00e4n\u00e4. J\u00e4lleen hy\u00f6kk\u00e4ys torjuttiin. Tilanne oli tiukka jatkossakin, mutta erityisesti suurhy\u00f6kk\u00e4ys 26.6. koetteli suomalaisten kest\u00e4vyytt\u00e4.<\/p>\n<p>Toista pataljoonaa vastassa oli kokonainen vihollisrykmentti. J\u00e4\u00e4k\u00e4rijoukkue suojasi, varmisti ja torjui y\u00f6t\u00e4 p\u00e4iv\u00e4\u00e4, kunnes komennettiin lepoon. Se j\u00e4i lyhyeksi. Suurhy\u00f6kk\u00e4yksen alkaessa tuli k\u00e4sky vastaiskusta. Joukkue rynt\u00e4si rantaan, miss\u00e4 oli monta venett\u00e4 t\u00e4ynn\u00e4 haavoittuneita. Ylikersantti Nieminen antoi k\u00e4skyn kantaa haavoittuneet suojaan. Paareja ei ollut. Siipirikkoja asevelji\u00e4 kannettiin raunioista l\u00f6ytyneell\u00e4 ovella. Sirpaleista v\u00e4litt\u00e4m\u00e4tt\u00e4 my\u00f6s H\u00e4m\u00e4l\u00e4inen osallistui pelastusoperaatioon.<\/p>\n<p><strong>Yli joen<\/strong><\/p>\n<div id=\"attachment_3332\" style=\"width: 310px\" class=\"wp-caption alignleft\"><img loading=\"lazy\" decoding=\"async\" aria-describedby=\"caption-attachment-3332\" class=\"wp-image-3332 size-medium\" src=\"https:\/\/veteraanienperinto.fi\/wp-content\/uploads\/2020\/09\/tyrjan_jaakarijoukkue2-300x207.jpg\" alt=\"\" width=\"300\" height=\"207\" srcset=\"https:\/\/veteraanienperinto.fi\/wp-content\/uploads\/2020\/09\/tyrjan_jaakarijoukkue2-300x207.jpg 300w, https:\/\/veteraanienperinto.fi\/wp-content\/uploads\/2020\/09\/tyrjan_jaakarijoukkue2.jpg 350w\" sizes=\"auto, (max-width: 300px) 100vw, 300px\" \/><p id=\"caption-attachment-3332\" class=\"wp-caption-text\">&#8221;Otetaanpa kuva ei kenenk\u00e4\u00e4n maalla&#8221;, ajattelivat Ohtan lohkolla Tyrj\u00e4n rykmentin II Pataljoonan j\u00e4\u00e4k\u00e4rijoukkueen miehet Kannaksen talvella 1944. Uhkarohkeassa otoksessa keskell\u00e4 V\u00e4in\u00f6 H\u00e4m\u00e4l\u00e4inen ja h\u00e4nest\u00e4 oikealle Eino Ripatti, Marskin ritari h\u00e4nkin.<\/p><\/div>\n<p>Veneet tyhjeniv\u00e4t. Joukkueenjohtaja John Johansson komensi miehet veneisiin. Yli vain! Tulta tuli p\u00e4in, mutta siit\u00e4 huolimatta vastahy\u00f6kk\u00e4ys eteni. Mukaan tuli osia 5.Komppaniasta luutnantti Antti Ihamuotilan johdolla. Mansikkam\u00e4en ja Lauttalahden m\u00e4kien v\u00e4liss\u00e4 oli ven\u00e4l\u00e4isill\u00e4 murtokohta, jossa havaittiin panssarivaunuja.<\/p>\n<p>H\u00e4m\u00e4l\u00e4inen n\u00e4ki l\u00e4hist\u00f6ll\u00e4 pst-kersantin, jolla oli uusia saksalaisia panssarinyrkkej\u00e4. Kersantti ep\u00e4r\u00f6i, v\u00e4limatka oli pitk\u00e4. &#8221;Ammu pois vaan, pel\u00e4styy se ainakin&#8221;, patisti H\u00e4m\u00e4l\u00e4inen. Eih\u00e4n se osunut, mutta vaunut h\u00e4ipyiv\u00e4t silti. H\u00e4m\u00e4l\u00e4inen itsekin sai my\u00f6hemmin ampua, vaunuja oli useita. Osuma tuli, mutta vaunu p\u00e4\u00e4si vahingoittuneena karkuun. Laukaus kuitenkin aiheutti panssareiden joukkopaon.<\/p>\n<p><strong>Oma kranaatti tappoi<\/strong><br \/>\nOli hein\u00e4kuun 4. p\u00e4iv\u00e4. Taistelu \u00c4yr\u00e4p\u00e4\u00e4ss\u00e4 riehui ankarana. Vihollisen konekiv\u00e4\u00e4ripes\u00e4ke k\u00e4vi hermoille. H\u00e4m\u00e4l\u00e4inen seisoi v\u00e4nrikki Johanssonin l\u00e4hell\u00e4, kun t\u00e4m\u00e4 p\u00e4\u00e4tti tuhota pes\u00e4kkeen k\u00e4sikranaatilla. V\u00e4nrikki oli poistanut varmistimen kranaatistaan ja valmistautui heitt\u00e4m\u00e4\u00e4n. Samassa H\u00e4m\u00e4l\u00e4inen huomasi ven\u00e4l\u00e4isen heitt\u00e4v\u00e4n k\u00e4sikranaatin v\u00e4nrikki\u00e4 kohti. \u0094Suojautukaa!\u0094 huusi H\u00e4m\u00e4l\u00e4inen &#8211; liian my\u00f6h\u00e4\u00e4n.<\/p>\n<p>Kun vihollisen k\u00e4sikranaatti r\u00e4j\u00e4hti. H\u00e4m\u00e4l\u00e4inen n\u00e4ki Johanssonin huojahtavan, ja heti kohta r\u00e4j\u00e4hti miehen oma kranaatti. Johansson kuoli heti. Kuoleman j\u00e4lkeen tuli tieto, ett\u00e4 Johansson oli ylennetty luutnantiksi.<\/p>\n<p>Taistelut jatkuivat edelleen ankarina. Tappiot olivat raskaita puolin ja toisin. H\u00e4m\u00e4l\u00e4inen haavoittui monien muiden tavoin. H\u00e4n k\u00e4vi paikkauttamassa itsens\u00e4 joukkosidontapaikalla ja &#8211; palasi saman tien takaisin taisteluihin.<\/p>\n<p><strong>Vuorossa Vuosalmi<\/strong><\/p>\n<div id=\"attachment_3439\" style=\"width: 310px\" class=\"wp-caption alignright\"><img loading=\"lazy\" decoding=\"async\" aria-describedby=\"caption-attachment-3439\" class=\"size-medium wp-image-3439\" src=\"https:\/\/veteraanienperinto.fi\/wp-content\/uploads\/2020\/09\/Ayrapaan-harju-300x225.jpg\" alt=\"\" width=\"300\" height=\"225\" srcset=\"https:\/\/veteraanienperinto.fi\/wp-content\/uploads\/2020\/09\/Ayrapaan-harju-300x225.jpg 300w, https:\/\/veteraanienperinto.fi\/wp-content\/uploads\/2020\/09\/Ayrapaan-harju.jpg 350w\" sizes=\"auto, (max-width: 300px) 100vw, 300px\" \/><p id=\"caption-attachment-3439\" class=\"wp-caption-text\">\u00c4yr\u00e4p\u00e4\u00e4n harju on kuvattu talvisodan j\u00e4ljilt\u00e4 kes\u00e4ll\u00e4 1941. Luurankomets\u00e4\u00e4 ei ollut t\u00e4t\u00e4k\u00e4\u00e4n v\u00e4h\u00e4\u00e4 jatkosodan p\u00e4\u00e4tytty\u00e4. K\u00e4vij\u00e4t kertovat, ett\u00e4 puut viheri\u00f6iv\u00e4t j\u00e4lleen veristen taistelujen harjulla. \u00c4yr\u00e4p\u00e4\u00e4n kirkon raunioista ei ole j\u00e4ljell\u00e4 en\u00e4\u00e4 juuri mit\u00e4\u00e4n.<\/p><\/div>\n<p>J\u00e4\u00e4k\u00e4rijoukkue hupeni silmiss\u00e4. H\u00e4m\u00e4l\u00e4isest\u00e4 tuli 10.7. kersantti. H\u00e4nen lis\u00e4kseen porukkaan kuuluivat vain alikersantti Kauko My\u00f6h\u00e4nen ja kymmenen miest\u00e4, joukossa &#8221;vanhat kasvot&#8221; Reino Kuitunen, Mauno Kemppainen, Kalevi Timola ja Eino Puurtinen.<\/p>\n<p>Sillanp\u00e4\u00e4 oli menetetty. Nyt taisteltiin Vuosalmella. Tilanne oli sekava. Vihollinen hy\u00f6kk\u00e4si 9.7. Vasikkasaaren kautta Vuosalmelle. Silloin kapteeni Raassina antoi k\u00e4skyn H\u00e4m\u00e4l\u00e4iselle, joka nyt toimi joukkueenjohtajana: &#8221;Nyt on vanja murtanut meid\u00e4n asemat. En tied\u00e4, miss\u00e4 asti se on tulossa, mutta menk\u00e4\u00e4 vastaan. Min\u00e4 l\u00e4het\u00e4n teille joukkoja avuksi!&#8221;<\/p>\n<p>Joukkue otti salamal\u00e4hd\u00f6n Vuosalmen kyl\u00e4st\u00e4 ja kiiruhti kohti Vasikkasaarta H\u00e4m\u00e4l\u00e4inen keulassa ja My\u00f6h\u00e4nen j\u00e4lkip\u00e4\u00e4n valvojana. Pellolla leijaili usvaa, jonka seassa n\u00e4kyi liikett\u00e4. H\u00e4m\u00e4l\u00e4inen ehdotti, ett\u00e4 menn\u00e4\u00e4n ruispeltoon kytikseen.<\/p>\n<p>Samassa paikalle tuli luutnantti Kettunen osakomppanian kanssa. &#8221;Menk\u00e4\u00e4 te tien oikeaa puolta, niin me painetaan vasenta&#8221;, komensi Kettunen. N\u00e4in tapahtui.<\/p>\n<p>&#8221;Nyt meill\u00e4 on tilaisuus&#8221;, selitti H\u00e4m\u00e4l\u00e4inen miehilleen. &#8221;Kun komppania hy\u00f6kk\u00e4\u00e4, kaikki huomio kiinnittyy siihen. Sill\u00e4 v\u00e4lin j\u00e4\u00e4k\u00e4rijoukkueella on tilaisuus iske\u00e4 vihollisen kylkeen.&#8221; N\u00e4in tehtiin. Karmea huuto ja tulitus p\u00e4\u00e4lle. Isku sekoitti ven\u00e4l\u00e4isten pasmat. He l\u00e4htiv\u00e4t karkuun sekalaisena laumana &#8211; ne jotka p\u00e4\u00e4siv\u00e4t.<\/p>\n<p>Taistelussa seurasi tauko. Ruispelto lainehti ja ruuti haisi.<\/p>\n<p>Lopussa kiitos seisoo<\/p>\n<p>Raju hy\u00f6kk\u00e4ys kyll\u00e4 huomattiin. Naapuriporukasta kapteeni ja luutnantti kehuivat: &#8221;En ole ikin\u00e4 n\u00e4hnyt niin reipasta suoritusta.&#8221; Toinen: &#8221;T\u00e4\u00e4 j\u00e4\u00e4k\u00e4rijoukkue on ihmeellinen. Se panee naapurin pataljoonia hajalle huutamalla.&#8221;<\/p>\n<p>Sen huutamisen he olivat kyll\u00e4 oppineet naapureilta. Muuan erikoisuus joukkueella oli: siin\u00e4 palveli kolme Mannerheim-ristin ritaria. My\u00f6nt\u00e4mishetkell\u00e4 he olivat sotamies Erkki Korpi, v\u00e4nrikki Eino Juhana Ripatti sek\u00e4 kersantti V\u00e4in\u00f6 H\u00e4m\u00e4l\u00e4inen.<\/p>\n<p>Vuosalmi taipui vaan ei taittunut. Vastustaja pys\u00e4ytettiin siell\u00e4 samoin kuin Ihantalassa, Tienhaarassa ja muualla Viipurinlahdella.<\/p>\n<p><strong>Tappiot<\/strong><\/p>\n<p>Ven\u00e4l\u00e4iset menettiv\u00e4t \u00c4yr\u00e4p\u00e4\u00e4n &#8211; Vuosalmen taisteluissa arviolta 15000 miest\u00e4. Suomalaisten tappiot olivat noin 5000 miest\u00e4. Toisen pataljoonan j\u00e4\u00e4k\u00e4rijoukkue hupeni kolmasosaan alkuvahvuudestaan.<\/p>\n<\/div><\/section>\n","protected":false},"excerpt":{"rendered":"","protected":false},"author":2,"featured_media":0,"parent":2524,"menu_order":1,"comment_status":"closed","ping_status":"closed","template":"","meta":{"footnotes":""},"class_list":["post-2586","page","type-page","status-publish","hentry"],"yoast_head":"<!-- This site is optimized with the Yoast SEO plugin v27.5 - https:\/\/yoast.com\/product\/yoast-seo-wordpress\/ -->\n<title>Tyrj\u00e4n j\u00e4\u00e4k\u00e4rijoukkue - Veteraanien Perint\u00f6<\/title>\n<meta name=\"robots\" content=\"index, follow, max-snippet:-1, max-image-preview:large, max-video-preview:-1\" \/>\n<link rel=\"canonical\" href=\"https:\/\/veteraanienperinto.fi\/index.php\/tietopankit\/kertomuksia\/mannerheimristin-ritarit\/tyrjan-jaakarijoukkue\/\" \/>\n<meta property=\"og:locale\" content=\"fi_FI\" \/>\n<meta property=\"og:type\" content=\"article\" \/>\n<meta property=\"og:title\" content=\"Tyrj\u00e4n j\u00e4\u00e4k\u00e4rijoukkue - Veteraanien Perint\u00f6\" \/>\n<meta property=\"og:url\" content=\"https:\/\/veteraanienperinto.fi\/index.php\/tietopankit\/kertomuksia\/mannerheimristin-ritarit\/tyrjan-jaakarijoukkue\/\" \/>\n<meta property=\"og:site_name\" content=\"Veteraanien Perint\u00f6\" \/>\n<meta property=\"article:modified_time\" content=\"2020-09-07T08:26:54+00:00\" \/>\n<meta property=\"og:image\" content=\"https:\/\/veteraanienperinto.fi\/wp-content\/uploads\/2020\/09\/tyrjan_jaakarijoukkue1-212x300.jpg\" \/>\n<meta name=\"twitter:card\" content=\"summary_large_image\" \/>\n<meta name=\"twitter:label1\" content=\"Arvioitu lukuaika\" \/>\n\t<meta name=\"twitter:data1\" content=\"6 minuuttia\" \/>\n<script type=\"application\/ld+json\" class=\"yoast-schema-graph\">{\"@context\":\"https:\\\/\\\/schema.org\",\"@graph\":[{\"@type\":\"WebPage\",\"@id\":\"https:\\\/\\\/veteraanienperinto.fi\\\/index.php\\\/tietopankit\\\/kertomuksia\\\/mannerheimristin-ritarit\\\/tyrjan-jaakarijoukkue\\\/\",\"url\":\"https:\\\/\\\/veteraanienperinto.fi\\\/index.php\\\/tietopankit\\\/kertomuksia\\\/mannerheimristin-ritarit\\\/tyrjan-jaakarijoukkue\\\/\",\"name\":\"Tyrj\u00e4n j\u00e4\u00e4k\u00e4rijoukkue - Veteraanien Perint\u00f6\",\"isPartOf\":{\"@id\":\"https:\\\/\\\/veteraanienperinto.fi\\\/#website\"},\"primaryImageOfPage\":{\"@id\":\"https:\\\/\\\/veteraanienperinto.fi\\\/index.php\\\/tietopankit\\\/kertomuksia\\\/mannerheimristin-ritarit\\\/tyrjan-jaakarijoukkue\\\/#primaryimage\"},\"image\":{\"@id\":\"https:\\\/\\\/veteraanienperinto.fi\\\/index.php\\\/tietopankit\\\/kertomuksia\\\/mannerheimristin-ritarit\\\/tyrjan-jaakarijoukkue\\\/#primaryimage\"},\"thumbnailUrl\":\"https:\\\/\\\/veteraanienperinto.fi\\\/wp-content\\\/uploads\\\/2020\\\/09\\\/tyrjan_jaakarijoukkue1-212x300.jpg\",\"datePublished\":\"2020-09-01T14:31:05+00:00\",\"dateModified\":\"2020-09-07T08:26:54+00:00\",\"breadcrumb\":{\"@id\":\"https:\\\/\\\/veteraanienperinto.fi\\\/index.php\\\/tietopankit\\\/kertomuksia\\\/mannerheimristin-ritarit\\\/tyrjan-jaakarijoukkue\\\/#breadcrumb\"},\"inLanguage\":\"fi\",\"potentialAction\":[{\"@type\":\"ReadAction\",\"target\":[\"https:\\\/\\\/veteraanienperinto.fi\\\/index.php\\\/tietopankit\\\/kertomuksia\\\/mannerheimristin-ritarit\\\/tyrjan-jaakarijoukkue\\\/\"]}]},{\"@type\":\"ImageObject\",\"inLanguage\":\"fi\",\"@id\":\"https:\\\/\\\/veteraanienperinto.fi\\\/index.php\\\/tietopankit\\\/kertomuksia\\\/mannerheimristin-ritarit\\\/tyrjan-jaakarijoukkue\\\/#primaryimage\",\"url\":\"https:\\\/\\\/veteraanienperinto.fi\\\/wp-content\\\/uploads\\\/2020\\\/09\\\/tyrjan_jaakarijoukkue1.jpg\",\"contentUrl\":\"https:\\\/\\\/veteraanienperinto.fi\\\/wp-content\\\/uploads\\\/2020\\\/09\\\/tyrjan_jaakarijoukkue1.jpg\",\"width\":247,\"height\":350},{\"@type\":\"BreadcrumbList\",\"@id\":\"https:\\\/\\\/veteraanienperinto.fi\\\/index.php\\\/tietopankit\\\/kertomuksia\\\/mannerheimristin-ritarit\\\/tyrjan-jaakarijoukkue\\\/#breadcrumb\",\"itemListElement\":[{\"@type\":\"ListItem\",\"position\":1,\"name\":\"Etusivu\",\"item\":\"https:\\\/\\\/veteraanienperinto.fi\\\/index.php\\\/etusivu-2\\\/\"},{\"@type\":\"ListItem\",\"position\":2,\"name\":\"Tietopankit\",\"item\":\"https:\\\/\\\/veteraanienperinto.fi\\\/index.php\\\/tietopankit\\\/\"},{\"@type\":\"ListItem\",\"position\":3,\"name\":\"Kertomuksia\",\"item\":\"https:\\\/\\\/veteraanienperinto.fi\\\/index.php\\\/tietopankit\\\/kertomuksia\\\/\"},{\"@type\":\"ListItem\",\"position\":4,\"name\":\"Mannerheimristin ritarit\",\"item\":\"https:\\\/\\\/veteraanienperinto.fi\\\/index.php\\\/tietopankit\\\/kertomuksia\\\/mannerheimristin-ritarit\\\/\"},{\"@type\":\"ListItem\",\"position\":5,\"name\":\"Tyrj\u00e4n j\u00e4\u00e4k\u00e4rijoukkue\"}]},{\"@type\":\"WebSite\",\"@id\":\"https:\\\/\\\/veteraanienperinto.fi\\\/#website\",\"url\":\"https:\\\/\\\/veteraanienperinto.fi\\\/\",\"name\":\"Veteraanien Perint\u00f6\",\"description\":\"Kadettikunta\",\"potentialAction\":[{\"@type\":\"SearchAction\",\"target\":{\"@type\":\"EntryPoint\",\"urlTemplate\":\"https:\\\/\\\/veteraanienperinto.fi\\\/?s={search_term_string}\"},\"query-input\":{\"@type\":\"PropertyValueSpecification\",\"valueRequired\":true,\"valueName\":\"search_term_string\"}}],\"inLanguage\":\"fi\"}]}<\/script>\n<!-- \/ Yoast SEO plugin. -->","yoast_head_json":{"title":"Tyrj\u00e4n j\u00e4\u00e4k\u00e4rijoukkue - Veteraanien Perint\u00f6","robots":{"index":"index","follow":"follow","max-snippet":"max-snippet:-1","max-image-preview":"max-image-preview:large","max-video-preview":"max-video-preview:-1"},"canonical":"https:\/\/veteraanienperinto.fi\/index.php\/tietopankit\/kertomuksia\/mannerheimristin-ritarit\/tyrjan-jaakarijoukkue\/","og_locale":"fi_FI","og_type":"article","og_title":"Tyrj\u00e4n j\u00e4\u00e4k\u00e4rijoukkue - Veteraanien Perint\u00f6","og_url":"https:\/\/veteraanienperinto.fi\/index.php\/tietopankit\/kertomuksia\/mannerheimristin-ritarit\/tyrjan-jaakarijoukkue\/","og_site_name":"Veteraanien Perint\u00f6","article_modified_time":"2020-09-07T08:26:54+00:00","og_image":[{"url":"https:\/\/veteraanienperinto.fi\/wp-content\/uploads\/2020\/09\/tyrjan_jaakarijoukkue1-212x300.jpg","type":"","width":"","height":""}],"twitter_card":"summary_large_image","twitter_misc":{"Arvioitu lukuaika":"6 minuuttia"},"schema":{"@context":"https:\/\/schema.org","@graph":[{"@type":"WebPage","@id":"https:\/\/veteraanienperinto.fi\/index.php\/tietopankit\/kertomuksia\/mannerheimristin-ritarit\/tyrjan-jaakarijoukkue\/","url":"https:\/\/veteraanienperinto.fi\/index.php\/tietopankit\/kertomuksia\/mannerheimristin-ritarit\/tyrjan-jaakarijoukkue\/","name":"Tyrj\u00e4n j\u00e4\u00e4k\u00e4rijoukkue - Veteraanien Perint\u00f6","isPartOf":{"@id":"https:\/\/veteraanienperinto.fi\/#website"},"primaryImageOfPage":{"@id":"https:\/\/veteraanienperinto.fi\/index.php\/tietopankit\/kertomuksia\/mannerheimristin-ritarit\/tyrjan-jaakarijoukkue\/#primaryimage"},"image":{"@id":"https:\/\/veteraanienperinto.fi\/index.php\/tietopankit\/kertomuksia\/mannerheimristin-ritarit\/tyrjan-jaakarijoukkue\/#primaryimage"},"thumbnailUrl":"https:\/\/veteraanienperinto.fi\/wp-content\/uploads\/2020\/09\/tyrjan_jaakarijoukkue1-212x300.jpg","datePublished":"2020-09-01T14:31:05+00:00","dateModified":"2020-09-07T08:26:54+00:00","breadcrumb":{"@id":"https:\/\/veteraanienperinto.fi\/index.php\/tietopankit\/kertomuksia\/mannerheimristin-ritarit\/tyrjan-jaakarijoukkue\/#breadcrumb"},"inLanguage":"fi","potentialAction":[{"@type":"ReadAction","target":["https:\/\/veteraanienperinto.fi\/index.php\/tietopankit\/kertomuksia\/mannerheimristin-ritarit\/tyrjan-jaakarijoukkue\/"]}]},{"@type":"ImageObject","inLanguage":"fi","@id":"https:\/\/veteraanienperinto.fi\/index.php\/tietopankit\/kertomuksia\/mannerheimristin-ritarit\/tyrjan-jaakarijoukkue\/#primaryimage","url":"https:\/\/veteraanienperinto.fi\/wp-content\/uploads\/2020\/09\/tyrjan_jaakarijoukkue1.jpg","contentUrl":"https:\/\/veteraanienperinto.fi\/wp-content\/uploads\/2020\/09\/tyrjan_jaakarijoukkue1.jpg","width":247,"height":350},{"@type":"BreadcrumbList","@id":"https:\/\/veteraanienperinto.fi\/index.php\/tietopankit\/kertomuksia\/mannerheimristin-ritarit\/tyrjan-jaakarijoukkue\/#breadcrumb","itemListElement":[{"@type":"ListItem","position":1,"name":"Etusivu","item":"https:\/\/veteraanienperinto.fi\/index.php\/etusivu-2\/"},{"@type":"ListItem","position":2,"name":"Tietopankit","item":"https:\/\/veteraanienperinto.fi\/index.php\/tietopankit\/"},{"@type":"ListItem","position":3,"name":"Kertomuksia","item":"https:\/\/veteraanienperinto.fi\/index.php\/tietopankit\/kertomuksia\/"},{"@type":"ListItem","position":4,"name":"Mannerheimristin ritarit","item":"https:\/\/veteraanienperinto.fi\/index.php\/tietopankit\/kertomuksia\/mannerheimristin-ritarit\/"},{"@type":"ListItem","position":5,"name":"Tyrj\u00e4n j\u00e4\u00e4k\u00e4rijoukkue"}]},{"@type":"WebSite","@id":"https:\/\/veteraanienperinto.fi\/#website","url":"https:\/\/veteraanienperinto.fi\/","name":"Veteraanien Perint\u00f6","description":"Kadettikunta","potentialAction":[{"@type":"SearchAction","target":{"@type":"EntryPoint","urlTemplate":"https:\/\/veteraanienperinto.fi\/?s={search_term_string}"},"query-input":{"@type":"PropertyValueSpecification","valueRequired":true,"valueName":"search_term_string"}}],"inLanguage":"fi"}]}},"_links":{"self":[{"href":"https:\/\/veteraanienperinto.fi\/index.php\/wp-json\/wp\/v2\/pages\/2586","targetHints":{"allow":["GET"]}}],"collection":[{"href":"https:\/\/veteraanienperinto.fi\/index.php\/wp-json\/wp\/v2\/pages"}],"about":[{"href":"https:\/\/veteraanienperinto.fi\/index.php\/wp-json\/wp\/v2\/types\/page"}],"author":[{"embeddable":true,"href":"https:\/\/veteraanienperinto.fi\/index.php\/wp-json\/wp\/v2\/users\/2"}],"replies":[{"embeddable":true,"href":"https:\/\/veteraanienperinto.fi\/index.php\/wp-json\/wp\/v2\/comments?post=2586"}],"version-history":[{"count":3,"href":"https:\/\/veteraanienperinto.fi\/index.php\/wp-json\/wp\/v2\/pages\/2586\/revisions"}],"predecessor-version":[{"id":11119,"href":"https:\/\/veteraanienperinto.fi\/index.php\/wp-json\/wp\/v2\/pages\/2586\/revisions\/11119"}],"up":[{"embeddable":true,"href":"https:\/\/veteraanienperinto.fi\/index.php\/wp-json\/wp\/v2\/pages\/2524"}],"wp:attachment":[{"href":"https:\/\/veteraanienperinto.fi\/index.php\/wp-json\/wp\/v2\/media?parent=2586"}],"curies":[{"name":"wp","href":"https:\/\/api.w.org\/{rel}","templated":true}]}}