{"id":2631,"date":"2020-09-01T14:51:32","date_gmt":"2020-09-01T14:51:32","guid":{"rendered":"https:\/\/veteraani.ylirotu.fi\/?page_id=2631"},"modified":"2020-09-07T09:30:25","modified_gmt":"2020-09-07T09:30:25","slug":"kun-mieheni-kaatui","status":"publish","type":"page","link":"https:\/\/veteraanienperinto.fi\/index.php\/tietopankit\/kertomuksia\/aselajien-toiminta\/kun-mieheni-kaatui\/","title":{"rendered":"Kun mieheni kaatui"},"content":{"rendered":"\n<style type=\"text\/css\" data-created_by=\"avia_inline_auto\" id=\"style-css-av-av_heading-359573b91401a6802e30cacdef68951a\">\n#top .av-special-heading.av-av_heading-359573b91401a6802e30cacdef68951a{\npadding-bottom:10px;\n}\nbody .av-special-heading.av-av_heading-359573b91401a6802e30cacdef68951a .av-special-heading-tag .heading-char{\nfont-size:25px;\n}\n.av-special-heading.av-av_heading-359573b91401a6802e30cacdef68951a .av-subheading{\nfont-size:15px;\n}\n<\/style>\n<div  class='av-special-heading av-av_heading-359573b91401a6802e30cacdef68951a av-special-heading-h3  avia-builder-el-0  el_before_av_textblock  avia-builder-el-first '><h3 class='av-special-heading-tag'  itemprop=\"headline\"  >Kun mieheni kaatui<\/h3><div class=\"special-heading-border\"><div class=\"special-heading-inner-border\"><\/div><\/div><\/div>\n<section  class='av_textblock_section av-kek0ol8w-0f04af88ec907b2c66cea4bf3dbe1d4c '   itemscope=\"itemscope\" itemtype=\"https:\/\/schema.org\/CreativeWork\" ><div class='avia_textblock'  itemprop=\"text\" ><p><strong>Heikki Kuosmanen:<\/strong><\/p>\n<p>&#8221;Tuntui, ett\u00e4 nuorena loppui el\u00e4m\u00e4&#8221; &#8211; muistelee Elvi Luhtaanm\u00e4ki<\/p>\n<p>Pitk\u00e4nperjantainaattona 6. p\u00e4iv\u00e4n\u00e4 huhtikuuta vuonna 1944 Fetti Muotka haparoi Ylimuonion kyl\u00e4tiet\u00e4 eteenp\u00e4in. Mielt\u00e4 painoi raskas taakka. Pappi oli soittanut ja Fetin oli viet\u00e4v\u00e4 murheelliset terveiset tuttuun taloon. H\u00e4n pys\u00e4htyi Rantakokon Ainon rappusille ja huuteli: &#8221;Aino! Oleks sie kotona?&#8221; &#8221;Olen!&#8221; vastasi Aino.<\/p>\n<p>Siihen oli tullut my\u00f6s naapurissa asuva Ainon sisar Elvi. H\u00e4n kertoo: &#8221;J\u00e4in siihen portaille istumaan. Fettih\u00e4n oli sokea ja se ei n\u00e4hnyt minua. Silloin mie ajattelin, Herra ihme, mihink\u00e4h\u00e4n se l\u00e4htee viesti\u00e4 viem\u00e4\u00e4n. Eik\u00e4 se huomanu minua. Ei se tieny ollenkaan. Mie olin siin\u00e4 portailla. Silloin Fetti sannoo Ainolle: L\u00e4hem\u00e4 Elvin tyk\u00f6. Paavo on kaatunu.&#8221;<\/p>\n<p>Sanoma lyyhisti kerralla Elvi Luhtaanm\u00e4en, nuoren 23-vuotiaan \u00e4idin. El\u00e4m\u00e4n suunnitelmat olivat hetkess\u00e4 raunioina. Is\u00e4\u00e4, puolisoa ei ollut. Vaimo oli yksin maailmassa kolmen pienen lapsen kanssa. Nuorin heist\u00e4, Tuula, oli vain nelisen kuukautta vanha.<\/p>\n<p>Paavo Rantakokko oli ollut vain viikkoa aikaisemmin lomalla perheens\u00e4 luona ja l\u00e4hett\u00e4nyt rintamalta kotiin kirjeenkin, joka tuli perille vasta suruviestin j\u00e4lkeen. &#8221;Siit\u00e4 mie kompuroin omaan pirttiin. Mit\u00e4 pikkulapset ymm\u00e4rsit. Eih\u00e4n ne ymm\u00e4rt\u00e4neet mit\u00e4\u00e4n. Samana iltana tulin Paavon kotia, tuohon Rantakokolle. Siin\u00e4 olin varmaan viikonp\u00e4iv\u00e4t.&#8221;<\/p>\n<p>Tieto Paavon kaatumisesta j\u00e4rkytti koko kyl\u00e4\u00e4. H\u00e4n oli jokivarressa tunnetun kauppias Juho Rantakokon vanhin poika. Viel\u00e4 samana kes\u00e4n\u00e4, kolmen kuukauden kuluttua, joutuivat Ebba ja Juho Rantakokko luovuttamaan 19-vuotiaan Erkin sankarivainajaksi. &#8221;Kyll\u00e4 tuntu, ett\u00e4 se on jo liikaa mummolle ja vaarille,&#8221; muistelee Elvi. H\u00e4nelt\u00e4 itselt\u00e4 oli kaatunut jo jatkosodan alkup\u00e4ivin\u00e4 Armas-niminen veli Sallan rintamalla. Kovasti koski veljen kuolema, mutta nyt sota iski kohden, kun oma aviopuoliso j\u00e4i It\u00e4-Karjalan metsiin.<\/p>\n<p>Seuraava kes\u00e4 oli vaikea. Suomen kohtaloissa tapahtui paljon. Sota Neuvostoliiton kanssa oli p\u00e4\u00e4ttym\u00e4ss\u00e4 ja taistelut saksalaisten kanssa Lapissa edess\u00e4. Henkil\u00f6kohtaisesti Elvi ei jaksanut seurata maailman tapahtumia. &#8221;Kyll\u00e4 sen tiet\u00e4\u00e4, ett\u00e4 se oli synkk\u00e4 kes\u00e4. Kyll\u00e4 ne kuvatkin, mitk\u00e4 on siit\u00e4 kes\u00e4st\u00e4, on niin synk\u00e4nn\u00e4k\u00f6isi\u00e4. Tuntu, ett\u00e4 n\u00e4in nuorena loppu koko el\u00e4m\u00e4.&#8221;<\/p>\n<p>Ainoa lohtu surevalle vaimolle oli muisto Paavon k\u00e4ynnist\u00e4 joulunaikaan lomalla Tuulan kastetilaisuudessa. &#8221;Se l\u00e4hti B\u00e4ckin Jussan tyk\u00f6. Se oli niinkuin unen n\u00e4hnyt. Kun se sielt\u00e4 tuli ja niin se sano, ett\u00e4 se on tehnyt parannuksen.&#8221; T\u00e4m\u00e4 muisto l\u00e4mmitt\u00e4\u00e4 Elvi\u00e4 viel\u00e4kin.<\/p>\n<p>Evakkoonl\u00e4ht\u00f6 toi onneksi uutta ajateltavaa. Ei tarvinnut kantaa jatkuvasti samaa kuormaa. &#8221;Se oli iso helpotus, kun p\u00e4\u00e4si ihmisten kanssa, ettei tarvinnut olla yksin. Talvi meni mukavammasti, vaikka oli niin ankara. Siell\u00e4 kuitenkin jakso olla ja ajatuksetkin v\u00e4h\u00e4n sekkaantuvat&#8221;, muistelee Elvi.<\/p>\n<p>El\u00e4m\u00e4n oli jatkuttava, kun evakosta palattiin, mutta Elvill\u00e4 ja lapsilla ei ollut omaa paikkaa, mihin tulla. Joka talo oli t\u00e4ynn\u00e4 ihmisi\u00e4. Is\u00e4n ja \u00e4idin luokse viimein Ylitalon pirttiin h\u00e4n lapsineen kuitenkin p\u00e4\u00e4si.<\/p>\n<p>Ajatukset olivat kuitenkin omassa kodissa. Rohkea nainen p\u00e4\u00e4tti heti rakentaa lapsille kodin. Oma talo nousi Ylimuonioon nykyisen postin paikalle kes\u00e4ll\u00e4 1947. Uusi koti antoi uskoa tulevaisuuteen: &#8221;Voi, kyll\u00e4 se tuntu hyv\u00e4lle. Lapsistakin tuntu mahdottoman mukavalle&#8221;, muistelee Elvi Luhtaanm\u00e4ki vuosikymmenien takaista aikaa. &#8221;On oma koti eik\u00e4 kukaan muu en\u00e4\u00e4 komenna&#8221;, totesivat pienet lapset p\u00e4\u00e4sty\u00e4\u00e4n uuteen pirttiin.<\/p>\n<\/div><\/section>\n","protected":false},"excerpt":{"rendered":"","protected":false},"author":2,"featured_media":0,"parent":2515,"menu_order":15,"comment_status":"closed","ping_status":"closed","template":"","meta":{"footnotes":""},"class_list":["post-2631","page","type-page","status-publish","hentry"],"yoast_head":"<!-- This site is optimized with the Yoast SEO plugin v27.5 - https:\/\/yoast.com\/product\/yoast-seo-wordpress\/ -->\n<title>Kun mieheni kaatui - Veteraanien Perint\u00f6<\/title>\n<meta name=\"robots\" content=\"index, follow, max-snippet:-1, max-image-preview:large, max-video-preview:-1\" \/>\n<link rel=\"canonical\" href=\"https:\/\/veteraanienperinto.fi\/index.php\/tietopankit\/kertomuksia\/aselajien-toiminta\/kun-mieheni-kaatui\/\" \/>\n<meta property=\"og:locale\" content=\"fi_FI\" \/>\n<meta property=\"og:type\" content=\"article\" \/>\n<meta property=\"og:title\" content=\"Kun mieheni kaatui - Veteraanien Perint\u00f6\" \/>\n<meta property=\"og:url\" content=\"https:\/\/veteraanienperinto.fi\/index.php\/tietopankit\/kertomuksia\/aselajien-toiminta\/kun-mieheni-kaatui\/\" \/>\n<meta property=\"og:site_name\" content=\"Veteraanien Perint\u00f6\" \/>\n<meta property=\"article:modified_time\" content=\"2020-09-07T09:30:25+00:00\" \/>\n<meta name=\"twitter:card\" content=\"summary_large_image\" \/>\n<meta name=\"twitter:label1\" content=\"Arvioitu lukuaika\" \/>\n\t<meta name=\"twitter:data1\" content=\"3 minuuttia\" \/>\n<script type=\"application\/ld+json\" class=\"yoast-schema-graph\">{\"@context\":\"https:\\\/\\\/schema.org\",\"@graph\":[{\"@type\":\"WebPage\",\"@id\":\"https:\\\/\\\/veteraanienperinto.fi\\\/index.php\\\/tietopankit\\\/kertomuksia\\\/aselajien-toiminta\\\/kun-mieheni-kaatui\\\/\",\"url\":\"https:\\\/\\\/veteraanienperinto.fi\\\/index.php\\\/tietopankit\\\/kertomuksia\\\/aselajien-toiminta\\\/kun-mieheni-kaatui\\\/\",\"name\":\"Kun mieheni kaatui - Veteraanien Perint\u00f6\",\"isPartOf\":{\"@id\":\"https:\\\/\\\/veteraanienperinto.fi\\\/#website\"},\"datePublished\":\"2020-09-01T14:51:32+00:00\",\"dateModified\":\"2020-09-07T09:30:25+00:00\",\"breadcrumb\":{\"@id\":\"https:\\\/\\\/veteraanienperinto.fi\\\/index.php\\\/tietopankit\\\/kertomuksia\\\/aselajien-toiminta\\\/kun-mieheni-kaatui\\\/#breadcrumb\"},\"inLanguage\":\"fi\",\"potentialAction\":[{\"@type\":\"ReadAction\",\"target\":[\"https:\\\/\\\/veteraanienperinto.fi\\\/index.php\\\/tietopankit\\\/kertomuksia\\\/aselajien-toiminta\\\/kun-mieheni-kaatui\\\/\"]}]},{\"@type\":\"BreadcrumbList\",\"@id\":\"https:\\\/\\\/veteraanienperinto.fi\\\/index.php\\\/tietopankit\\\/kertomuksia\\\/aselajien-toiminta\\\/kun-mieheni-kaatui\\\/#breadcrumb\",\"itemListElement\":[{\"@type\":\"ListItem\",\"position\":1,\"name\":\"Etusivu\",\"item\":\"https:\\\/\\\/veteraanienperinto.fi\\\/index.php\\\/etusivu-2\\\/\"},{\"@type\":\"ListItem\",\"position\":2,\"name\":\"Tietopankit\",\"item\":\"https:\\\/\\\/veteraanienperinto.fi\\\/index.php\\\/tietopankit\\\/\"},{\"@type\":\"ListItem\",\"position\":3,\"name\":\"Kertomuksia\",\"item\":\"https:\\\/\\\/veteraanienperinto.fi\\\/index.php\\\/tietopankit\\\/kertomuksia\\\/\"},{\"@type\":\"ListItem\",\"position\":4,\"name\":\"Puolustushaarat ja aselajit\",\"item\":\"https:\\\/\\\/veteraanienperinto.fi\\\/index.php\\\/tietopankit\\\/kertomuksia\\\/aselajien-toiminta\\\/\"},{\"@type\":\"ListItem\",\"position\":5,\"name\":\"Kun mieheni kaatui\"}]},{\"@type\":\"WebSite\",\"@id\":\"https:\\\/\\\/veteraanienperinto.fi\\\/#website\",\"url\":\"https:\\\/\\\/veteraanienperinto.fi\\\/\",\"name\":\"Veteraanien Perint\u00f6\",\"description\":\"Kadettikunta\",\"potentialAction\":[{\"@type\":\"SearchAction\",\"target\":{\"@type\":\"EntryPoint\",\"urlTemplate\":\"https:\\\/\\\/veteraanienperinto.fi\\\/?s={search_term_string}\"},\"query-input\":{\"@type\":\"PropertyValueSpecification\",\"valueRequired\":true,\"valueName\":\"search_term_string\"}}],\"inLanguage\":\"fi\"}]}<\/script>\n<!-- \/ Yoast SEO plugin. -->","yoast_head_json":{"title":"Kun mieheni kaatui - Veteraanien Perint\u00f6","robots":{"index":"index","follow":"follow","max-snippet":"max-snippet:-1","max-image-preview":"max-image-preview:large","max-video-preview":"max-video-preview:-1"},"canonical":"https:\/\/veteraanienperinto.fi\/index.php\/tietopankit\/kertomuksia\/aselajien-toiminta\/kun-mieheni-kaatui\/","og_locale":"fi_FI","og_type":"article","og_title":"Kun mieheni kaatui - Veteraanien Perint\u00f6","og_url":"https:\/\/veteraanienperinto.fi\/index.php\/tietopankit\/kertomuksia\/aselajien-toiminta\/kun-mieheni-kaatui\/","og_site_name":"Veteraanien Perint\u00f6","article_modified_time":"2020-09-07T09:30:25+00:00","twitter_card":"summary_large_image","twitter_misc":{"Arvioitu lukuaika":"3 minuuttia"},"schema":{"@context":"https:\/\/schema.org","@graph":[{"@type":"WebPage","@id":"https:\/\/veteraanienperinto.fi\/index.php\/tietopankit\/kertomuksia\/aselajien-toiminta\/kun-mieheni-kaatui\/","url":"https:\/\/veteraanienperinto.fi\/index.php\/tietopankit\/kertomuksia\/aselajien-toiminta\/kun-mieheni-kaatui\/","name":"Kun mieheni kaatui - Veteraanien Perint\u00f6","isPartOf":{"@id":"https:\/\/veteraanienperinto.fi\/#website"},"datePublished":"2020-09-01T14:51:32+00:00","dateModified":"2020-09-07T09:30:25+00:00","breadcrumb":{"@id":"https:\/\/veteraanienperinto.fi\/index.php\/tietopankit\/kertomuksia\/aselajien-toiminta\/kun-mieheni-kaatui\/#breadcrumb"},"inLanguage":"fi","potentialAction":[{"@type":"ReadAction","target":["https:\/\/veteraanienperinto.fi\/index.php\/tietopankit\/kertomuksia\/aselajien-toiminta\/kun-mieheni-kaatui\/"]}]},{"@type":"BreadcrumbList","@id":"https:\/\/veteraanienperinto.fi\/index.php\/tietopankit\/kertomuksia\/aselajien-toiminta\/kun-mieheni-kaatui\/#breadcrumb","itemListElement":[{"@type":"ListItem","position":1,"name":"Etusivu","item":"https:\/\/veteraanienperinto.fi\/index.php\/etusivu-2\/"},{"@type":"ListItem","position":2,"name":"Tietopankit","item":"https:\/\/veteraanienperinto.fi\/index.php\/tietopankit\/"},{"@type":"ListItem","position":3,"name":"Kertomuksia","item":"https:\/\/veteraanienperinto.fi\/index.php\/tietopankit\/kertomuksia\/"},{"@type":"ListItem","position":4,"name":"Puolustushaarat ja aselajit","item":"https:\/\/veteraanienperinto.fi\/index.php\/tietopankit\/kertomuksia\/aselajien-toiminta\/"},{"@type":"ListItem","position":5,"name":"Kun mieheni kaatui"}]},{"@type":"WebSite","@id":"https:\/\/veteraanienperinto.fi\/#website","url":"https:\/\/veteraanienperinto.fi\/","name":"Veteraanien Perint\u00f6","description":"Kadettikunta","potentialAction":[{"@type":"SearchAction","target":{"@type":"EntryPoint","urlTemplate":"https:\/\/veteraanienperinto.fi\/?s={search_term_string}"},"query-input":{"@type":"PropertyValueSpecification","valueRequired":true,"valueName":"search_term_string"}}],"inLanguage":"fi"}]}},"_links":{"self":[{"href":"https:\/\/veteraanienperinto.fi\/index.php\/wp-json\/wp\/v2\/pages\/2631","targetHints":{"allow":["GET"]}}],"collection":[{"href":"https:\/\/veteraanienperinto.fi\/index.php\/wp-json\/wp\/v2\/pages"}],"about":[{"href":"https:\/\/veteraanienperinto.fi\/index.php\/wp-json\/wp\/v2\/types\/page"}],"author":[{"embeddable":true,"href":"https:\/\/veteraanienperinto.fi\/index.php\/wp-json\/wp\/v2\/users\/2"}],"replies":[{"embeddable":true,"href":"https:\/\/veteraanienperinto.fi\/index.php\/wp-json\/wp\/v2\/comments?post=2631"}],"version-history":[{"count":3,"href":"https:\/\/veteraanienperinto.fi\/index.php\/wp-json\/wp\/v2\/pages\/2631\/revisions"}],"predecessor-version":[{"id":6744,"href":"https:\/\/veteraanienperinto.fi\/index.php\/wp-json\/wp\/v2\/pages\/2631\/revisions\/6744"}],"up":[{"embeddable":true,"href":"https:\/\/veteraanienperinto.fi\/index.php\/wp-json\/wp\/v2\/pages\/2515"}],"wp:attachment":[{"href":"https:\/\/veteraanienperinto.fi\/index.php\/wp-json\/wp\/v2\/media?parent=2631"}],"curies":[{"name":"wp","href":"https:\/\/api.w.org\/{rel}","templated":true}]}}