{"id":3263,"date":"2020-09-06T11:50:22","date_gmt":"2020-09-06T11:50:22","guid":{"rendered":"https:\/\/veteraani.ylirotu.fi\/?page_id=3263"},"modified":"2020-09-19T12:04:45","modified_gmt":"2020-09-19T12:04:45","slug":"syyskuun-15-paiva-1944","status":"publish","type":"page","link":"https:\/\/veteraanienperinto.fi\/index.php\/jalleenrakentaminen\/jalleenrakentaminen_kertomukset\/merimiinojen-raivausta\/syyskuun-15-paiva-1944\/","title":{"rendered":"Syyskuun 15. p\u00e4iv\u00e4 1944"},"content":{"rendered":"\n<style type=\"text\/css\" data-created_by=\"avia_inline_auto\" id=\"style-css-av-av_heading-d2a8c229502ffb720782d01a11894cf5\">\n#top .av-special-heading.av-av_heading-d2a8c229502ffb720782d01a11894cf5{\npadding-bottom:5px;\n}\nbody .av-special-heading.av-av_heading-d2a8c229502ffb720782d01a11894cf5 .av-special-heading-tag .heading-char{\nfont-size:25px;\n}\n.av-special-heading.av-av_heading-d2a8c229502ffb720782d01a11894cf5 .av-subheading{\nfont-size:15px;\n}\n<\/style>\n<div  class='av-special-heading av-av_heading-d2a8c229502ffb720782d01a11894cf5 av-special-heading-h3  avia-builder-el-0  avia-builder-el-no-sibling '><h3 class='av-special-heading-tag'  itemprop=\"headline\"  >Syyskuun 15. p\u00e4iv\u00e4 1944<\/h3><div class=\"special-heading-border\"><div class=\"special-heading-inner-border\"><\/div><\/div><\/div>\n<section  class='av_textblock_section av-kei9w74n-7b0f008125a778f48432b9a614d90d0f '   itemscope=\"itemscope\" itemtype=\"https:\/\/schema.org\/CreativeWork\" ><div class='avia_textblock'  itemprop=\"text\" ><div id=\"attachment_4201\" style=\"width: 200px\" class=\"wp-caption alignright\"><img loading=\"lazy\" decoding=\"async\" aria-describedby=\"caption-attachment-4201\" class=\"wp-image-4201 size-full\" src=\"https:\/\/veteraanienperinto.fi\/wp-content\/uploads\/2020\/09\/parrio-3.jpg\" alt=\"\" width=\"190\" height=\"300\" \/><p id=\"caption-attachment-4201\" class=\"wp-caption-text\">V\u00e4nrikki Leo Veikko Parrio 1944<\/p><\/div>\n<p><strong>Leo Veikko Parrio:<\/strong><\/p>\n<p>Syyskuinen ilta tummeni nopeasti. Paksut pilvet peittiv\u00e4t taivaankannen. Kaakosta virisi heikko tuuli. Kaksi Kuha-raivaajaa porhalsi kulkuvaloitta kohti it\u00e4\u00e4. K\u00e4skyn l\u00e4ht\u00f6\u00f6n oli antanut Toisen Raivaajalaivueen p\u00e4\u00e4llikk\u00f6 luutnantti Onni Eerola illan jo h\u00e4m\u00e4rtyess\u00e4 LA 3:lla Kirkonmaan saaristossa. Kuorsalon etel\u00e4puolella liittyi seuraan kaksi VMV-venett\u00e4 ja niin sitten raivaajien t\u00e4ytt\u00e4 atkui pitkin pimeit\u00e4 v\u00e4yli\u00e4 valon pilkahduksenkaan n\u00e4kym\u00e4tt\u00e4. Oli syyskuun 14 p\u00e4iv\u00e4 1944 ja saksalaisten sotavoimien poistumisen takaraja loppumassa.<\/p>\n<p>Kuha-raivaajat valmistuivat 1941 Ahven-raivaajista parannettuna painoksena. Kaikki kuusi olivat jo kev\u00e4\u00e4ll\u00e4 -41 mm Koiviston salmea raivaamassa, miss\u00e4 Kuha 6 t\u00f6rm\u00e4si ns. kalamiinaan (r\u00e4j\u00e4hdyspanos 7 kg) keula repesi ja kuulema korkkipussi oli lent\u00e4nyt korkealle ilmaan. Raivaaja korjattiin ja se palasi ruotuun.<\/p>\n<p>Kuha-raivaajat olivat puisia , 16 m pitki\u00e4, syv\u00e4ys n. 2 m ja moottori 60 hv Wikstr\u00f6m-Lister. Keulapiikin j\u00e4lkeen oli kahden miehen hytti, sitten nelj\u00e4n miehen hytti petit kahdessa kerroksessa, keskell\u00e4 yhteinen ruokap\u00f6yt\u00e4 Seuraavaksi oli oikealla puolella puuhella, joka my\u00f6s kuumensi keskul\u00e4mmityksen nesteen. Vasemmalla puolella oli pumpattava vessapytty ja pesuallas. Pystyt raput johtivat suoraan luukusta kannelle. V\u00e4lisein\u00e4n takana oli konehuone ja starttiakku, mist\u00e4 my\u00f6s saatiin valaisu. Konehuoneen takana oli kahden miehen hytti ja pieni p\u00f6yt\u00e4. Tavallisesti kaksi aliupseeria majaili siell\u00e4, aluksen p\u00e4\u00e4llikk\u00f6 ja koneenhoitaja. Ruotup\u00e4\u00e4llik\u00f6n, siis upseerin, majoittuessa hyttiin siirtyi koneenhoitaja keulahyttiin. Hyttiin oli portaat per\u00e4lt\u00e4. Sitten oli ruuma raivauskalustolle, tarvikkeille, maaleille ja itse suolatulle viikon lihanannokselle, koska muuta paikkaa sille ei ollut. Sitten oli raivausvintturi vaijereineen ja k\u00e4sikampineen. Per\u00e4n yli roikkui kaluston k\u00e4sittely\u00e4 varten raivauslevy.<br \/>\nKeulassa oli kannella mekaaninen ankkurivintturi, 20 mm Madsen tykki.<\/p>\n<div id=\"attachment_4202\" style=\"width: 310px\" class=\"wp-caption alignright\"><img loading=\"lazy\" decoding=\"async\" aria-describedby=\"caption-attachment-4202\" class=\"size-full wp-image-4202\" src=\"https:\/\/veteraanienperinto.fi\/wp-content\/uploads\/2020\/09\/parrio-4-1.jpg\" alt=\"\" width=\"300\" height=\"206\" \/><p id=\"caption-attachment-4202\" class=\"wp-caption-text\">Raivaajalaivue<\/p><\/div>\n<p>Sitten oli puinen ruorihytti osaksi upotettu ja per\u00e4lt\u00e4 avoin. Hytist\u00e4 ruori, mekaaninen kytkin ja luukku konehuoneeseen. Hytin takareunalla toinen ruoriratas, nestekompassi ja valonheitin. Katolla oli pellist\u00e4 muotoiltu tuulen ohjain, joka tehokkaasti aikaansai takana tuulettoman tilan. Ruorihytin takana oli kiinte\u00e4sti asennettu Vickers konekiv\u00e4\u00e4ri ja muutama Mauser kiv\u00e4\u00e4ri t\u00e4ydensiv\u00e4t aseistusta.<\/p>\n<p>VMV-veneet paahtoivat edell\u00e4 ja Kuhat per\u00e4ss\u00e4. Toisessa oli aliluutnantti hiljattain maavoimista laivastoon siirtynyt per\u00e4mies 25 vuotias. Toisessa Kuha 1:ss\u00e4 oli allekirjoittanut 21 vuotias v\u00e4nrikki. Dieseli jyrisi ja pimeys tuntui k\u00e4sin kosketeltavalta. Muita kulkijoita ei n\u00e4kynyt eik\u00e4 elonmerkki\u00e4k\u00e4\u00e4n rannoilta. Nelj\u00e4 alusta piirtyiv\u00e4t tummina hahmoina vasten merta. Heikko tuuli tuntui leppoisana kasvoilla ja muuten vallitsi kirkas poutainen s\u00e4\u00e4.<\/p>\n<p>Ohitimme jo Pukkiota, kun VMV:t \u00e4kisti hijensiv\u00e4t vauhtia viimein pys\u00e4htyen. Kutsuivat sitten vilkulla ja viestittiv\u00e4:&#8221;Palatkaa tukikohtaan.&#8221;. Sitten ne k\u00e4\u00e4ntyiv\u00e4t ymp\u00e4ri ja poistuivat nopeasti t\u00e4ysill\u00e4 pimeyteen. Hetken olimme kuin puusta pudonneita. Muistui mieleen, ett\u00e4 VMV-veneill\u00e4h\u00e4n on radiotkin mik\u00e4 selvitti viestin reitin. Kuhatkin k\u00e4\u00e4ntyiv\u00e4t \u00e4skeiselle tuloreitille ja lis\u00e4siv\u00e4t t\u00e4yteen vauhtiin. Mik\u00e4 oli ollut yhteisen teht\u00e4v\u00e4mme nimi on jo unohtunut vai oliko kyseess\u00e4 vain h\u00e4m\u00e4ys jollekin taholle?<\/p>\n<p>Paluumatkalla muistelin tapahtumia Kuha laivueessa. Koko p\u00e4\u00e4ttyneen sodan ajan ne olivat toimineet Kotkasta it\u00e4\u00e4n. Suur-Tyt\u00e4rsaaresta Someria, Koiviston saaria ja Seiv\u00e4st\u00f6\u00e4 my\u00f6ten mukaan lukien rannikon. Miinojen raivauksia oli ollut runsaasti tilap\u00e4isempi\u00e4 sotav\u00e4en ja tarvikkeiden kuljetuksia jopa saattoteht\u00e4vi\u00e4. Onni oli ollut my\u00f6t\u00e4 ja muuten selvitty lukuun ottamatta jo mainittua Kuha 6 -miinaan ajoa -41 ja er\u00e4\u00e4n aliluutnantin saamaa sirpalehaavaa maataistelukoneen kranaatista kev\u00e4\u00e4ll\u00e4 -43. Nyt oli aselepo voimassa. Siviilikin alkoi jo h\u00e4\u00e4m\u00f6tt\u00e4\u00e4, kun tuli m\u00e4\u00e4r\u00e4ys, ett\u00e4 miinanraivaajilta p\u00e4\u00e4see vasta ns. aselepoartikloiden raivausten j\u00e4lkeen &#8217;ja viimeist\u00e4\u00e4n marraskuun lopulla.<\/p>\n<p>Muistelemiset katkesi Kuorsalon kohdalla, kun yksin\u00e4inen MT- vene pime\u00e4n\u00e4 paahtoi ohi t\u00e4ysill\u00e4 lounaaseen ja kohta toinen per\u00e4ss\u00e4 kiireell\u00e4 viitan v\u00e4\u00e4r\u00e4lt\u00e4 puolelta. Suursaaren suunnalla alkoi n\u00e4ky\u00e4 valojuova-ammusten helminauhoja. Kuhat pys\u00e4htyiv\u00e4t ja lyhyen palaverin j\u00e4lkeen sovin kolleegani kanssa, ettei palattaisikaan suoraan tukikohtaan, koska loppumetreill\u00e4 olisi pit\u00e4nyt k\u00e4ytt\u00e4\u00e4 valonheittimi\u00e4 saarten sokkeloissa ja olisi saattanut her\u00e4tt\u00e4\u00e4 meille nyt tuntemattomien voimien uhan. Niinp\u00e4 Leijaholman ohituksen j\u00e4lkeen suuntasimme pohjoiseen hiljaisella vauhdilla ja k\u00f6ysill\u00e4 kiinnitimme Kuhat saaren rantaan pikku tunneilla. Tuuli oli edelleen melko heikkoa. Mit\u00e4\u00e4n h\u00e4lytt\u00e4v\u00e4\u00e4 ei kuulunut eik\u00e4 n\u00e4kynyt niinp\u00e4 laskeuduimme levolle.<\/p>\n<p>Aamun valjetessa tuli laivueen p\u00e4\u00e4llikk\u00f6 Kuha 6 kanssa paikalle ja kertoi, ett\u00e4 nyt on sotatila Saksan kanssa ja ett\u00e4 saksalaiset yritt\u00e4v\u00e4t vallata Suursaarta. Lis\u00e4ksi ne ovat miinoittaneet Kotkan v\u00e4yl\u00e4t ja rannikkov\u00e4yl\u00e4n Kirkonmaan lounaispuolella, Laivue l\u00e4htee sit\u00e4 raivaamaan. Palasimme aluksi tukikohtaan jonne kollegani j\u00e4i. Mukaan m\u00e4\u00e4r\u00e4ttiin kaikki Kuhat lis\u00e4ksi itse laivuep\u00e4\u00e4llikk\u00f6, allekirjoittanut ja miinamestari Mauno Tammelin. Kuha 6 vanavedess\u00e4 luovailimme Kirkonmaan luoteispuolelta kivist\u00e4 ja kapeaa v\u00e4yl\u00e4\u00e4 avarammille vesille. Pys\u00e4hdyimme sel\u00e4lle Rankin edustalla. Hetken odottelun j\u00e4lkeen saapui paikalle kalastajamoottorilla kaksi laivaston miest\u00e4. Lyhyen neuvottelun j\u00e4lkeen he viritteliv\u00e4t laitteensa ja laukaisivat. Ennen kuin outo roplettava \u00e4\u00e4ni oli lakannut kuulumasta tulevalla raivausalueella jyr\u00e4hti kolme akustista miinaa per\u00e4 per\u00e4\u00e4. Komeat r\u00e4j\u00e4hdyspatsaat nousivat korkealle. Siirryimme l\u00e4hemm\u00e4ksi miinakentt\u00e4\u00e4.<\/p>\n<p>Pinnalla n\u00e4kyi mustanpuhuva sarvip\u00e4inen miina suunnilleen keskell\u00e4 v\u00e4yl\u00e4\u00e4 pohjaviitasta etel\u00e4\u00e4n. M\u00e4\u00e4r\u00e4ttiin raivaajien j\u00e4rjestys, raivaussyvyys ja r\u00e4j\u00e4hdystarttujat heti. Ne osuessaan miinavaijeriin r\u00e4j\u00e4ht\u00e4v\u00e4t ja katkaisevat sen. Laskettiin kalustot ja rintamassa 100 m v\u00e4lein l\u00e4hestyttiin miinakentt\u00e4\u00e4. Kaikki v\u00e4lit aukesivat ja kaikki r\u00e4j\u00e4hdystarttujat posahtivat, mutta pinnalle nousi vain muutama miina, jotka v\u00e4litt\u00f6m\u00e4sti ampumalla upotettiin osan kumeasti r\u00e4j\u00e4ht\u00e4ess\u00e4. Kuhat ker\u00e4ttiin taas ruotuun ja kalustot laskettiin uudestaan ja sama tulos. Uudestaan ja uudestaan yli ja aina vaan lukuisia miinoja j\u00e4i nousematta pintaan r\u00e4j\u00e4hdystarttujan selv\u00e4sti toimiessa. Sama oli tulos sen pinnalla kelluneen mustanpuhuvan &#8221; miinan&#8221; kohdalla. Iltap\u00e4iv\u00e4n puolella m\u00e4\u00e4r\u00e4ttiin kalustot yl\u00f6s ja laivueen p\u00e4\u00e4llikk\u00f6 Kuha 6:lla l\u00e4hti ilmeisesti tukikohtaan tiedottamaan Raivaajaosastoon saavutetusta tuloksesta. Tuuli oli edelleen heikko kaakosta.<\/p>\n<p>Harvahko pilvipeite p\u00e4\u00e4sti s\u00e4\u00e4stellen kelme\u00e4n auringon valon l\u00e4vitseen. Yksin\u00e4inen h\u00e4vitt\u00e4j\u00e4 kurvaili t\u00e4hyst\u00e4m\u00e4ss\u00e4 ja Suursaaren pohjoisk\u00e4rjen yli matalalla n\u00e4kyi lent\u00e4v\u00e4n punat\u00e4htisi\u00e4 Boston pommikoneita ilmeisesti pommittaen saksalaisia. Yksin\u00e4ist\u00e4 mustanpuhuvaa &#8221;miinaa&#8221; ammuttiin ja vaikka se oli jo riekaleina se sitke\u00e4sti sinnitteli pinnalla. Miinamestari Tammelin k\u00e4vi jollan kanssa tutkimassa. sit\u00e4 ja sen j\u00e4lkeen Kuhat t\u00e4ytt\u00e4 vauhtia ohi ajaen saivat sen aallokolla viimein painumaan pinnan alle. Vallitsi varsin huoleton ja leppoisa sanoisinko petollisen turvallinen olotilanne paikalla.<\/p>\n<p><img loading=\"lazy\" decoding=\"async\" class=\"aligncenter wp-image-4200 size-full\" src=\"https:\/\/veteraanienperinto.fi\/wp-content\/uploads\/2020\/09\/parrio-2.jpg\" alt=\"\" width=\"600\" height=\"472\" srcset=\"https:\/\/veteraanienperinto.fi\/wp-content\/uploads\/2020\/09\/parrio-2.jpg 600w, https:\/\/veteraanienperinto.fi\/wp-content\/uploads\/2020\/09\/parrio-2-300x236.jpg 300w\" sizes=\"auto, (max-width: 600px) 100vw, 600px\" \/><br \/>\nKuha 6 palasi varsin pitk\u00e4n tovin j\u00e4lkeen ja j\u00e4i lillim\u00e4\u00e4n, Ajatin Kuha 1 viereen saadakseni mahdollisesti uusia m\u00e4\u00e4r\u00e4yksi\u00e4, mutta viitattiin sivuun. Sitten miinamestari ajoi tilalle Kuha 4:ll\u00e4 ja selvitteli varmaan havaintojaan siit\u00e4 &#8221;miinasta&#8221; ja peruutti. Kuului voimakas jym\u00e4hdys ja Kuha 6 n\u00e4kyi r\u00e4j\u00e4hdyspatsaan sis\u00e4ll\u00e4 keula pystyss\u00e4 ja se nousi korkealle. Kaikenlaista suurempaa ja pienemp\u00e4\u00e4 rompetta lenteli joka puolelle. Patsas laskeutui ja- tyyni, laajeneva, py\u00f6re\u00e4 laikka osoitti vain vedenpinnalla r\u00e4j\u00e4hdyspaikkaa. Reunoilla py\u00f6ri pienemp\u00e4\u00e4 silppua.<\/p>\n<p>Sitten nousi Kuha 6:n punainen pohja nipin napin pintaan ja hetken kuluttua m\u00e4rk\u00e4 mies kiipesi omin voimin sille. H\u00e4n j\u00e4i istumaan pohjan p\u00e4\u00e4lle k\u00e4det polvien ymp\u00e4rill\u00e4 ik\u00e4\u00e4n kuin j\u00e4ykistyneen\u00e4. L\u00e4himmist\u00e4 raivaajista laskettiin kiireesti jollat veteen ja haettiin mies turvaan. Liput laskettiin puolitankoon ja niin palattiin v\u00e4litt\u00f6m\u00e4sti tukikohtaan yht\u00e4 raivaajaa ja seitsem\u00e4\u00e4 miest\u00e4 vaille. Pelastunut oli koneenhoitaja ja ollut lepovuorossa loikomassa siin\u00e4 kahden miehen hytiss\u00e4 keulassa. N\u00e4enn\u00e4isesti ehj\u00e4n\u00e4 h\u00e4net varmuuden vuoksi toimitettiin l\u00e4\u00e4k\u00e4riin tutkittavaksi, mutta palasi viikon kuluttua mit\u00e4\u00e4n erikoista l\u00f6ytym\u00e4tt\u00e4, H\u00e4n oli kyll\u00e4 ilmeisen shokissa edelleen.<\/p>\n<p><img loading=\"lazy\" decoding=\"async\" class=\"aligncenter wp-image-4199 size-full\" src=\"https:\/\/veteraanienperinto.fi\/wp-content\/uploads\/2020\/09\/parrio-1.jpg\" alt=\"\" width=\"600\" height=\"479\" srcset=\"https:\/\/veteraanienperinto.fi\/wp-content\/uploads\/2020\/09\/parrio-1.jpg 600w, https:\/\/veteraanienperinto.fi\/wp-content\/uploads\/2020\/09\/parrio-1-300x240.jpg 300w\" sizes=\"auto, (max-width: 600px) 100vw, 600px\" \/><br \/>\nHeikko kaakonpuoleinen tuuli painoi lilliv\u00e4n Kuha 6\u00a0jo raivatulla alueella miinaan joka osui per\u00e4puolelle. Tapahtuma oli varsin j\u00e4rkytt\u00e4v\u00e4 koko laivueelle. Jopa nelj\u00e4n kes\u00e4n takaisista aseveljist\u00e4 oli hetkess\u00e4 vain keuhkonkappaleita merenpinnalla kuten kerrottiin. Raivaajalaivue oli menett\u00e4nyt aktiivisen ja osaavan p\u00e4\u00e4llik\u00f6n. Seurasi lamaannuttava tyhji\u00f6n tunne.<\/p>\n<p>Luutnantti Onni Eerola Haapasaaren poliisin poika, reserviupseeri, upseerin vakanssilla, n. 25 vuotias. Toiminut Kuhilla ruotup\u00e4\u00e4llikk\u00f6n\u00e4 niitten valmistumisesta l\u00e4htien. H\u00e4n osallistui ahkerasti ja rohkeasti raivauksiin ja muihin m\u00e4\u00e4r\u00e4ttyihin teht\u00e4viin ja suunnitteli merelle l\u00e4ht\u00f6\u00e4.<\/p>\n<p>Kersantti Kalle Maijala Kuha 6 p\u00e4\u00e4llikk\u00f6 oli jo l\u00e4hd\u00f6ss\u00e4 Merisotakouluun reserviupseerikurssille, kun kurssit lopetettiin. H\u00e4n oli muutaman vuoden p\u00e4\u00e4lle 20 vuotta. Maijalan kanssa kuulaana kes\u00e4y\u00f6n\u00e4 -43 kohtasimme Kuha 6:lla maataistelukoneen arsenaalin tehon Haapasaaren vesill\u00e4 toisten vet\u00e4ess\u00e4 sikeit\u00e4 kotimatkalla. Silloin oli onnea roppakaupalla. Maijala ampui Madsenilla ja itse pidin vasta tulleena kokelaana ruoria, kun meri vain vaahtosi ammusten iskemist\u00e4 sivulla.<\/p>\n<p>Kuha 6:n &#8221;kokki&#8221; oli nuori parikymppinen aseveikko, jonka juuri ja juuri estin jouluna -43 &#8221;messikallena&#8221; humalassa ampumasta itsens\u00e4 p\u00e4\u00e4llik\u00f6n pistoolilla Haminan satamassa.. T\u00e4h\u00e4nk\u00f6 asti vain ne elon p\u00e4iv\u00e4t jatkuivatkin?<\/p>\n<p>Entisen aseveljen suorittama miinoitus olikin jotain uutta ja ennen kokematonta. Kaikki saatu koulutus ja k\u00e4yt\u00e4nn\u00f6n kokemus oli koskenutkin jo tuttuja toimenpiteit\u00e4. Nyt oli vastapuolen tiedossa kaikki tarpeellinen kalustosta alkaen tai ainakin melkein.<\/p>\n<p>Viikonloppu antoi aikaa vet\u00e4\u00e4 henke\u00e4 ja pohtia v\u00e4ist\u00e4m\u00e4tt\u00e4 eteen tulevaa jatkoa raivaukseen. Totesin, ett\u00e4 miinakentt\u00e4 oli syv\u00e4ytetty vaarallisen matalaan. Miinojen joukossa oli runsaasti jopa kolminkertaisilla kettingeill\u00e4 varustettuja esteit\u00e4 kuten miinamestari tuli kertomaan palattuamme tukikohtaan. Se &#8221; miina&#8221; mahdollisti t\u00e4m\u00e4n t\u00e4rke\u00e4n havainnon. Miksi &#8221; miina&#8221; oli pinnalla j\u00e4\u00e4nee ikuiseksi arvoitukseksi.<\/p>\n<p>Toisen Raivaajalaivueen entinen p\u00e4\u00e4llikk\u00f6 luutnantti Aimo Eronen ja miinamestari Mauno Tammelin olivat kehitelleet Kuhilla vedett\u00e4v\u00e4\u00e4 yhden aluksen raivainta mekaanisilla leikkureilla ns. Y-kalusto kuten isommilla raivaajilla jo olikin. Niist\u00e4 t\u00e4m\u00e4 uusi kalusto kuitenkin poikkesi nimenomaan leikkureiden osalta ja pienemm\u00e4ll\u00e4 vauhdin tarpeella. Miinatoimiston suosiollisella avustuksella niit\u00e4 valmistui ainakin 5 kpl -43, joista laivueelle tuli kaksi ja varastoitiin harjoitusraivauksen j\u00e4lkeen.<\/p>\n<p>Maanantai aamuna tuli puhelinsoitto ja laivueen j\u00e4ljell\u00e4 olevat upseerit ( 2 kpl ) m\u00e4\u00e4r\u00e4ttiin palaveriin SM-laivueeseen Rankin satamaan. P\u00f6yd\u00e4n \u00e4\u00e4reen kokoontui neuvotteluun viisi reserviupseeria. Selvisi, ett\u00e4 2.Raiv.Laiv, hoituu toistaiseksi SM-laivueen johdossa. P\u00e4\u00e4asia oli kuitenkin keskeytyneen raivauksen loppuun saattaminen, SM-laivue esitti yhden kysymyksen: &#8221;Miten pit\u00e4isi jatkaa raivausta?&#8221;<\/p>\n<p>Eh\u00e4tin esitt\u00e4m\u00e4\u00e4n, ett\u00e4 Kuhilla on k\u00e4ytett\u00e4viss\u00e4 kaksi Y-kalustoa, jota kuitenkin t\u00e4ss\u00e4 tapauksessa k\u00e4ytett\u00e4isiin vain L-kalustona ja siten raivaaja ei joutuisi miinakent\u00e4n p\u00e4\u00e4lle. Mekaaninen leikkuri katkaisisi miinavaijerin. &#8221;Esteen&#8221; osuessa kohdalle uimuri osoittaisi sen sijainnin ja toiset kaksi raivaajaa v\u00e4liss\u00e4\u00e4n hakuvaijeri koukkaisi &#8221;esteen&#8221; vaijeriin ja vet\u00e4isi sen matalikkoon.<\/p>\n<p>Seurasi hiljaisuus. Esitys oli ilmeisen selke\u00e4 ja ratkaisi probleeman kerralla. Vastav\u00e4itteit\u00e4 ei kuulunut ja ehdotukseni hyv\u00e4ksyttiin. Muuten ensimm\u00e4inen kerta kun yleens\u00e4 ehdotuksia pyydettiin ja lis\u00e4ksi hyv\u00e4ksyttiin suoralta k\u00e4delt\u00e4. Sovittiin viel\u00e4, ett\u00e4 SM-veneet ketter\u00e4mpin\u00e4 suorittavat tarvittavan koukkauksen ja Kuhat vet\u00e4v\u00e4t L-kalustoa. Palasimme tukikohtaan valmistautumaan seuraavan aamun l\u00e4ht\u00f6\u00f6n.<\/p>\n<p>Ehdottamani j\u00e4rjestely oli kuitenkin ennen kokematon ja rystyset pelosta valkoisena puristin ruorihytin katonreunaa , kun kolleegani edell\u00e4 ja Kuha 1 per\u00e4ss\u00e4 l\u00e4hestyimme id\u00e4st\u00e4p\u00e4in miinakentt\u00e4\u00e4 nuollen pohjoisviittaa L-kalustolla, sitten laajahko k\u00e4\u00e4nn\u00f6s ja uudelleen l\u00e4pi kaiken aikaisemminkin raivatun alueen. Kuha 1 porrastaen oikealle levitykseen. N\u00e4in jatkoimme koko p\u00e4iv\u00e4n. Leikkuri leikkasi miinavaijerit ja L-kaluston uimuri osoitti &#8221;esteen&#8221; paikan, SM:t koukkasivat ja vetiv\u00e4t l\u00e4heiselle matalikolle ja palasivat. Miinat tuhottiin v\u00e4litt\u00f6m\u00e4sti ampumalla. Teoriani n\u00e4ytti k\u00e4yt\u00e4nn\u00f6ss\u00e4 toimivan ja puristin jo hellemmin katonreunaa. Raivausta jatkettiin viel\u00e4 seuraavana p\u00e4iv\u00e4n\u00e4 yht\u00e4 hyvin tuloksin ja sitten katsottiin raivattu alue riitt\u00e4v\u00e4n suureksi. &#8221;Esteit\u00e4&#8221; oli ker\u00e4\u00e4ntynyt kymmenkunta matalikolle ja ne olivat erehdytt\u00e4v\u00e4sti miinojen n\u00e4k\u00f6isi\u00e4 puisin sarvin. Sitten joku laivaston alus sai m\u00e4\u00e4r\u00e4yksen kuljettaa ne pois ja ensi t\u00f6ikseen varmistaakseen tilanteen aluksen p\u00e4\u00e4llikk\u00f6 soitti ja kysyi :&#8221;Onko ihan varmaa?&#8221;, mihin vastasin :&#8221;Jotta on&#8221;.<\/p>\n<p>Sen j\u00e4lkeen alkoivat artiklan viiv\u00e4styneet raivaukset SM-laivueen johdossa Suursaaren kaakkoisrannikolta Lavansaaren suuntaan, Aamulla oli l\u00e4ht\u00f6 h\u00e4m\u00e4riss\u00e4 jos s\u00e4\u00e4 oli suosiollinen ja illalla palattiin h\u00e4m\u00e4riss\u00e4 Kirkonmaansaaristoon y\u00f6ksi.<\/p>\n<p>Sitten tuli allekirjoittaneelle m\u00e4\u00e4r\u00e4ys tuoda nimelt\u00e4 mainitut laivueen miehet Kotkaan m\u00e4\u00e4r\u00e4tylle koululle m\u00e4\u00e4r\u00e4ttyyn aikaan; Matkalla Kotkaan tuli mieleen, ett\u00e4 sulkeisten pit\u00e4misen taidot olivat tainneet ruostua pahasti niinp\u00e4 satamassa m\u00e4\u00e4r\u00e4sin vanhimman aliupseerin johdattelemaan porukan m\u00e4\u00e4r\u00e4tylle paikalle m\u00e4\u00e4r\u00e4ttyyn aikaan ja itse h\u00e4ivyin kaupungin varjoisille kujille. Parin viikon kuluttua tuli kentt\u00e4postissa suuri ruskea kirjekuori ja siin\u00e4 4. luokan vapaudenristi miekkojen kera.<\/p>\n<\/div><\/section>\n","protected":false},"excerpt":{"rendered":"","protected":false},"author":2,"featured_media":0,"parent":3250,"menu_order":0,"comment_status":"closed","ping_status":"closed","template":"","meta":{"footnotes":""},"class_list":["post-3263","page","type-page","status-publish","hentry"],"yoast_head":"<!-- This site is optimized with the Yoast SEO plugin v27.5 - https:\/\/yoast.com\/product\/yoast-seo-wordpress\/ -->\n<title>Syyskuun 15. p\u00e4iv\u00e4 1944 - Veteraanien Perint\u00f6<\/title>\n<meta name=\"robots\" content=\"index, follow, max-snippet:-1, max-image-preview:large, max-video-preview:-1\" \/>\n<link rel=\"canonical\" href=\"https:\/\/veteraanienperinto.fi\/index.php\/jalleenrakentaminen\/jalleenrakentaminen_kertomukset\/merimiinojen-raivausta\/syyskuun-15-paiva-1944\/\" \/>\n<meta property=\"og:locale\" content=\"fi_FI\" \/>\n<meta property=\"og:type\" content=\"article\" \/>\n<meta property=\"og:title\" content=\"Syyskuun 15. p\u00e4iv\u00e4 1944 - Veteraanien Perint\u00f6\" \/>\n<meta property=\"og:url\" content=\"https:\/\/veteraanienperinto.fi\/index.php\/jalleenrakentaminen\/jalleenrakentaminen_kertomukset\/merimiinojen-raivausta\/syyskuun-15-paiva-1944\/\" \/>\n<meta property=\"og:site_name\" content=\"Veteraanien Perint\u00f6\" \/>\n<meta property=\"article:modified_time\" content=\"2020-09-19T12:04:45+00:00\" \/>\n<meta property=\"og:image\" content=\"https:\/\/veteraanienperinto.fi\/wp-content\/uploads\/2020\/09\/parrio-3.jpg\" \/>\n<meta name=\"twitter:card\" content=\"summary_large_image\" \/>\n<meta name=\"twitter:label1\" content=\"Arvioitu lukuaika\" \/>\n\t<meta name=\"twitter:data1\" content=\"11 minuuttia\" \/>\n<script type=\"application\/ld+json\" class=\"yoast-schema-graph\">{\"@context\":\"https:\\\/\\\/schema.org\",\"@graph\":[{\"@type\":\"WebPage\",\"@id\":\"https:\\\/\\\/veteraanienperinto.fi\\\/index.php\\\/jalleenrakentaminen\\\/jalleenrakentaminen_kertomukset\\\/merimiinojen-raivausta\\\/syyskuun-15-paiva-1944\\\/\",\"url\":\"https:\\\/\\\/veteraanienperinto.fi\\\/index.php\\\/jalleenrakentaminen\\\/jalleenrakentaminen_kertomukset\\\/merimiinojen-raivausta\\\/syyskuun-15-paiva-1944\\\/\",\"name\":\"Syyskuun 15. p\u00e4iv\u00e4 1944 - Veteraanien Perint\u00f6\",\"isPartOf\":{\"@id\":\"https:\\\/\\\/veteraanienperinto.fi\\\/#website\"},\"primaryImageOfPage\":{\"@id\":\"https:\\\/\\\/veteraanienperinto.fi\\\/index.php\\\/jalleenrakentaminen\\\/jalleenrakentaminen_kertomukset\\\/merimiinojen-raivausta\\\/syyskuun-15-paiva-1944\\\/#primaryimage\"},\"image\":{\"@id\":\"https:\\\/\\\/veteraanienperinto.fi\\\/index.php\\\/jalleenrakentaminen\\\/jalleenrakentaminen_kertomukset\\\/merimiinojen-raivausta\\\/syyskuun-15-paiva-1944\\\/#primaryimage\"},\"thumbnailUrl\":\"https:\\\/\\\/veteraanienperinto.fi\\\/wp-content\\\/uploads\\\/2020\\\/09\\\/parrio-3.jpg\",\"datePublished\":\"2020-09-06T11:50:22+00:00\",\"dateModified\":\"2020-09-19T12:04:45+00:00\",\"breadcrumb\":{\"@id\":\"https:\\\/\\\/veteraanienperinto.fi\\\/index.php\\\/jalleenrakentaminen\\\/jalleenrakentaminen_kertomukset\\\/merimiinojen-raivausta\\\/syyskuun-15-paiva-1944\\\/#breadcrumb\"},\"inLanguage\":\"fi\",\"potentialAction\":[{\"@type\":\"ReadAction\",\"target\":[\"https:\\\/\\\/veteraanienperinto.fi\\\/index.php\\\/jalleenrakentaminen\\\/jalleenrakentaminen_kertomukset\\\/merimiinojen-raivausta\\\/syyskuun-15-paiva-1944\\\/\"]}]},{\"@type\":\"ImageObject\",\"inLanguage\":\"fi\",\"@id\":\"https:\\\/\\\/veteraanienperinto.fi\\\/index.php\\\/jalleenrakentaminen\\\/jalleenrakentaminen_kertomukset\\\/merimiinojen-raivausta\\\/syyskuun-15-paiva-1944\\\/#primaryimage\",\"url\":\"https:\\\/\\\/veteraanienperinto.fi\\\/wp-content\\\/uploads\\\/2020\\\/09\\\/parrio-3.jpg\",\"contentUrl\":\"https:\\\/\\\/veteraanienperinto.fi\\\/wp-content\\\/uploads\\\/2020\\\/09\\\/parrio-3.jpg\",\"width\":190,\"height\":300},{\"@type\":\"BreadcrumbList\",\"@id\":\"https:\\\/\\\/veteraanienperinto.fi\\\/index.php\\\/jalleenrakentaminen\\\/jalleenrakentaminen_kertomukset\\\/merimiinojen-raivausta\\\/syyskuun-15-paiva-1944\\\/#breadcrumb\",\"itemListElement\":[{\"@type\":\"ListItem\",\"position\":1,\"name\":\"Etusivu\",\"item\":\"https:\\\/\\\/veteraanienperinto.fi\\\/index.php\\\/etusivu-2\\\/\"},{\"@type\":\"ListItem\",\"position\":2,\"name\":\"J\u00e4lleenrakentaminen\",\"item\":\"https:\\\/\\\/veteraanienperinto.fi\\\/index.php\\\/jalleenrakentaminen\\\/\"},{\"@type\":\"ListItem\",\"position\":3,\"name\":\"Kertomukset\",\"item\":\"https:\\\/\\\/veteraanienperinto.fi\\\/index.php\\\/jalleenrakentaminen\\\/jalleenrakentaminen_kertomukset\\\/\"},{\"@type\":\"ListItem\",\"position\":4,\"name\":\"Merimiinojen raivausta\",\"item\":\"https:\\\/\\\/veteraanienperinto.fi\\\/index.php\\\/jalleenrakentaminen\\\/jalleenrakentaminen_kertomukset\\\/merimiinojen-raivausta\\\/\"},{\"@type\":\"ListItem\",\"position\":5,\"name\":\"Syyskuun 15. p\u00e4iv\u00e4 1944\"}]},{\"@type\":\"WebSite\",\"@id\":\"https:\\\/\\\/veteraanienperinto.fi\\\/#website\",\"url\":\"https:\\\/\\\/veteraanienperinto.fi\\\/\",\"name\":\"Veteraanien Perint\u00f6\",\"description\":\"Kadettikunta\",\"potentialAction\":[{\"@type\":\"SearchAction\",\"target\":{\"@type\":\"EntryPoint\",\"urlTemplate\":\"https:\\\/\\\/veteraanienperinto.fi\\\/?s={search_term_string}\"},\"query-input\":{\"@type\":\"PropertyValueSpecification\",\"valueRequired\":true,\"valueName\":\"search_term_string\"}}],\"inLanguage\":\"fi\"}]}<\/script>\n<!-- \/ Yoast SEO plugin. -->","yoast_head_json":{"title":"Syyskuun 15. p\u00e4iv\u00e4 1944 - Veteraanien Perint\u00f6","robots":{"index":"index","follow":"follow","max-snippet":"max-snippet:-1","max-image-preview":"max-image-preview:large","max-video-preview":"max-video-preview:-1"},"canonical":"https:\/\/veteraanienperinto.fi\/index.php\/jalleenrakentaminen\/jalleenrakentaminen_kertomukset\/merimiinojen-raivausta\/syyskuun-15-paiva-1944\/","og_locale":"fi_FI","og_type":"article","og_title":"Syyskuun 15. p\u00e4iv\u00e4 1944 - Veteraanien Perint\u00f6","og_url":"https:\/\/veteraanienperinto.fi\/index.php\/jalleenrakentaminen\/jalleenrakentaminen_kertomukset\/merimiinojen-raivausta\/syyskuun-15-paiva-1944\/","og_site_name":"Veteraanien Perint\u00f6","article_modified_time":"2020-09-19T12:04:45+00:00","og_image":[{"url":"https:\/\/veteraanienperinto.fi\/wp-content\/uploads\/2020\/09\/parrio-3.jpg","type":"","width":"","height":""}],"twitter_card":"summary_large_image","twitter_misc":{"Arvioitu lukuaika":"11 minuuttia"},"schema":{"@context":"https:\/\/schema.org","@graph":[{"@type":"WebPage","@id":"https:\/\/veteraanienperinto.fi\/index.php\/jalleenrakentaminen\/jalleenrakentaminen_kertomukset\/merimiinojen-raivausta\/syyskuun-15-paiva-1944\/","url":"https:\/\/veteraanienperinto.fi\/index.php\/jalleenrakentaminen\/jalleenrakentaminen_kertomukset\/merimiinojen-raivausta\/syyskuun-15-paiva-1944\/","name":"Syyskuun 15. p\u00e4iv\u00e4 1944 - Veteraanien Perint\u00f6","isPartOf":{"@id":"https:\/\/veteraanienperinto.fi\/#website"},"primaryImageOfPage":{"@id":"https:\/\/veteraanienperinto.fi\/index.php\/jalleenrakentaminen\/jalleenrakentaminen_kertomukset\/merimiinojen-raivausta\/syyskuun-15-paiva-1944\/#primaryimage"},"image":{"@id":"https:\/\/veteraanienperinto.fi\/index.php\/jalleenrakentaminen\/jalleenrakentaminen_kertomukset\/merimiinojen-raivausta\/syyskuun-15-paiva-1944\/#primaryimage"},"thumbnailUrl":"https:\/\/veteraanienperinto.fi\/wp-content\/uploads\/2020\/09\/parrio-3.jpg","datePublished":"2020-09-06T11:50:22+00:00","dateModified":"2020-09-19T12:04:45+00:00","breadcrumb":{"@id":"https:\/\/veteraanienperinto.fi\/index.php\/jalleenrakentaminen\/jalleenrakentaminen_kertomukset\/merimiinojen-raivausta\/syyskuun-15-paiva-1944\/#breadcrumb"},"inLanguage":"fi","potentialAction":[{"@type":"ReadAction","target":["https:\/\/veteraanienperinto.fi\/index.php\/jalleenrakentaminen\/jalleenrakentaminen_kertomukset\/merimiinojen-raivausta\/syyskuun-15-paiva-1944\/"]}]},{"@type":"ImageObject","inLanguage":"fi","@id":"https:\/\/veteraanienperinto.fi\/index.php\/jalleenrakentaminen\/jalleenrakentaminen_kertomukset\/merimiinojen-raivausta\/syyskuun-15-paiva-1944\/#primaryimage","url":"https:\/\/veteraanienperinto.fi\/wp-content\/uploads\/2020\/09\/parrio-3.jpg","contentUrl":"https:\/\/veteraanienperinto.fi\/wp-content\/uploads\/2020\/09\/parrio-3.jpg","width":190,"height":300},{"@type":"BreadcrumbList","@id":"https:\/\/veteraanienperinto.fi\/index.php\/jalleenrakentaminen\/jalleenrakentaminen_kertomukset\/merimiinojen-raivausta\/syyskuun-15-paiva-1944\/#breadcrumb","itemListElement":[{"@type":"ListItem","position":1,"name":"Etusivu","item":"https:\/\/veteraanienperinto.fi\/index.php\/etusivu-2\/"},{"@type":"ListItem","position":2,"name":"J\u00e4lleenrakentaminen","item":"https:\/\/veteraanienperinto.fi\/index.php\/jalleenrakentaminen\/"},{"@type":"ListItem","position":3,"name":"Kertomukset","item":"https:\/\/veteraanienperinto.fi\/index.php\/jalleenrakentaminen\/jalleenrakentaminen_kertomukset\/"},{"@type":"ListItem","position":4,"name":"Merimiinojen raivausta","item":"https:\/\/veteraanienperinto.fi\/index.php\/jalleenrakentaminen\/jalleenrakentaminen_kertomukset\/merimiinojen-raivausta\/"},{"@type":"ListItem","position":5,"name":"Syyskuun 15. p\u00e4iv\u00e4 1944"}]},{"@type":"WebSite","@id":"https:\/\/veteraanienperinto.fi\/#website","url":"https:\/\/veteraanienperinto.fi\/","name":"Veteraanien Perint\u00f6","description":"Kadettikunta","potentialAction":[{"@type":"SearchAction","target":{"@type":"EntryPoint","urlTemplate":"https:\/\/veteraanienperinto.fi\/?s={search_term_string}"},"query-input":{"@type":"PropertyValueSpecification","valueRequired":true,"valueName":"search_term_string"}}],"inLanguage":"fi"}]}},"_links":{"self":[{"href":"https:\/\/veteraanienperinto.fi\/index.php\/wp-json\/wp\/v2\/pages\/3263","targetHints":{"allow":["GET"]}}],"collection":[{"href":"https:\/\/veteraanienperinto.fi\/index.php\/wp-json\/wp\/v2\/pages"}],"about":[{"href":"https:\/\/veteraanienperinto.fi\/index.php\/wp-json\/wp\/v2\/types\/page"}],"author":[{"embeddable":true,"href":"https:\/\/veteraanienperinto.fi\/index.php\/wp-json\/wp\/v2\/users\/2"}],"replies":[{"embeddable":true,"href":"https:\/\/veteraanienperinto.fi\/index.php\/wp-json\/wp\/v2\/comments?post=3263"}],"version-history":[{"count":5,"href":"https:\/\/veteraanienperinto.fi\/index.php\/wp-json\/wp\/v2\/pages\/3263\/revisions"}],"predecessor-version":[{"id":10532,"href":"https:\/\/veteraanienperinto.fi\/index.php\/wp-json\/wp\/v2\/pages\/3263\/revisions\/10532"}],"up":[{"embeddable":true,"href":"https:\/\/veteraanienperinto.fi\/index.php\/wp-json\/wp\/v2\/pages\/3250"}],"wp:attachment":[{"href":"https:\/\/veteraanienperinto.fi\/index.php\/wp-json\/wp\/v2\/media?parent=3263"}],"curies":[{"name":"wp","href":"https:\/\/api.w.org\/{rel}","templated":true}]}}