{"id":5331,"date":"2020-11-17T13:21:48","date_gmt":"2020-11-17T13:21:48","guid":{"rendered":"https:\/\/veteraani.ylirotu.fi\/?page_id=5331"},"modified":"2021-01-26T18:23:11","modified_gmt":"2021-01-26T18:23:11","slug":"de-militara-sakerhetsarrangemangen","status":"publish","type":"page","link":"https:\/\/veteraanienperinto.fi\/index.php\/sv\/vinterkriget\/vinterkrigets-bakgrund\/utrikespolitisk-situation\/de-militara-sakerhetsarrangemangen\/","title":{"rendered":"De milit\u00e4ra s\u00e4kerhetsarrangemangen"},"content":{"rendered":"<div id='full_slider_1'  class='avia-fullwidth-slider main_color avia-shadow   avia-builder-el-0  el_before_av_heading  avia-builder-el-first   container_wrap sidebar_right'  ><\/div><div id='after_full_slider_1'  class='main_color av_default_container_wrap container_wrap sidebar_right'  ><div class='container av-section-cont-open' ><div class='template-page content  av-content-small alpha units'><div class='post-entry post-entry-type-page post-entry-5331'><div class='entry-content-wrapper clearfix'>\n\n<style type=\"text\/css\" data-created_by=\"avia_inline_auto\" id=\"style-css-av-kkebvaeo-d9edd536f3145862fad3d7e9365bcb79\">\n#top .av-special-heading.av-kkebvaeo-d9edd536f3145862fad3d7e9365bcb79{\npadding-bottom:10px;\n}\nbody .av-special-heading.av-kkebvaeo-d9edd536f3145862fad3d7e9365bcb79 .av-special-heading-tag .heading-char{\nfont-size:25px;\n}\n.av-special-heading.av-kkebvaeo-d9edd536f3145862fad3d7e9365bcb79 .av-subheading{\nfont-size:15px;\n}\n<\/style>\n<div  class='av-special-heading av-kkebvaeo-d9edd536f3145862fad3d7e9365bcb79 av-special-heading-h3  avia-builder-el-1  el_after_av_slideshow_full  el_before_av_textblock  avia-builder-el-first '><h3 class='av-special-heading-tag'  itemprop=\"headline\"  >De milit\u00e4ra s\u00e4kerhetsarrangemangen<\/h3><div class=\"special-heading-border\"><div class=\"special-heading-inner-border\"><\/div><\/div><\/div>\n<section  class='av_textblock_section av-35jltj-5eea266e6c5783da046b054ebb5c8ff9 '   itemscope=\"itemscope\" itemtype=\"https:\/\/schema.org\/CreativeWork\" ><div class='avia_textblock'  itemprop=\"text\" ><p>Dorpatavtalet, nonaggressionspakten och Nationernas f\u00f6rbunds stadga reglerade f\u00f6rh\u00e5llandena mellan Finland och Sovjetunionen p\u00e5 1930-talet. Alla avtal inneh\u00f6ll f\u00e4rdiga tillv\u00e4gag\u00e5ngss\u00e4tt f\u00f6r att p\u00e5 fredlig v\u00e4g l\u00f6sa konflikter, om s\u00e5dant behov skulle uppst\u00e5.<\/p>\n<p>P\u00e5 1920-talet hade man planerat ett f\u00f6rsvarsf\u00f6rbund mot Sovjetunionen mellan Finland och Estland. Underhandlingarna ledde inte till resultat. I b\u00f6rjan p\u00e5 1930-talet inledde likv\u00e4l Finland ett hemligt praktiskt samarbete med Estland. Planen gick ut p\u00e5 att i samverkan, om l\u00e4get s\u00e5 skulle kr\u00e4va, fr\u00e5n b\u00e5de den estniska och finl\u00e4ndska sidan, st\u00e4nga Finska viken med kustartilleri och mineringar och att koordinera ub\u00e5tarnas verksamhet<\/p>\n<p>I Finland och Sverige hade man redan fr\u00e5n och med b\u00f6rjan av 1920-talet uppgjort planer f\u00f6r att skapa ett gemensamt f\u00f6rsvarsf\u00f6rbund. I december 1935 godk\u00e4nde Finlands regering den nordiska inriktningen som officiell linje f\u00f6r Finlands utrikespolitik. Tillsammans med Sverige f\u00f6rs\u00f6kte man f\u00e5 till st\u00e5nd ett bilateralt milit\u00e4rt samarbete speciellt inom \u00c5lands omr\u00e5de. \u00c5land var demilitariserat genom Nationernas F\u00f6rbunds beslut \u00e5r 1921. Trots m\u00e5nga f\u00f6rs\u00f6k till ett nordiskt samarbete var inte resultaten tillr\u00e4ckliga f\u00f6r Finlands vidkommande, vilket h\u00e4ndelserna p\u00e5 h\u00f6sten 1939 visade.<\/p>\n<\/div><\/section>\n","protected":false},"excerpt":{"rendered":"","protected":false},"author":1,"featured_media":0,"parent":5315,"menu_order":3,"comment_status":"closed","ping_status":"closed","template":"","meta":{"footnotes":""},"class_list":["post-5331","page","type-page","status-publish","hentry"],"yoast_head":"<!-- This site is optimized with the Yoast SEO plugin v27.5 - https:\/\/yoast.com\/product\/yoast-seo-wordpress\/ -->\n<title>De milit\u00e4ra s\u00e4kerhetsarrangemangen - Veteraanien Perint\u00f6<\/title>\n<meta name=\"robots\" content=\"index, follow, max-snippet:-1, max-image-preview:large, max-video-preview:-1\" \/>\n<link rel=\"canonical\" href=\"https:\/\/veteraanienperinto.fi\/index.php\/sv\/vinterkriget\/vinterkrigets-bakgrund\/utrikespolitisk-situation\/de-militara-sakerhetsarrangemangen\/\" \/>\n<meta property=\"og:locale\" content=\"fi_FI\" \/>\n<meta property=\"og:type\" content=\"article\" \/>\n<meta property=\"og:title\" content=\"De milit\u00e4ra s\u00e4kerhetsarrangemangen - Veteraanien Perint\u00f6\" \/>\n<meta property=\"og:url\" content=\"https:\/\/veteraanienperinto.fi\/index.php\/sv\/vinterkriget\/vinterkrigets-bakgrund\/utrikespolitisk-situation\/de-militara-sakerhetsarrangemangen\/\" \/>\n<meta property=\"og:site_name\" content=\"Veteraanien Perint\u00f6\" \/>\n<meta property=\"article:modified_time\" content=\"2021-01-26T18:23:11+00:00\" \/>\n<meta name=\"twitter:card\" content=\"summary_large_image\" \/>\n<meta name=\"twitter:label1\" content=\"Arvioitu lukuaika\" \/>\n\t<meta name=\"twitter:data1\" content=\"2 minuuttia\" \/>\n<script type=\"application\/ld+json\" class=\"yoast-schema-graph\">{\"@context\":\"https:\\\/\\\/schema.org\",\"@graph\":[{\"@type\":\"WebPage\",\"@id\":\"https:\\\/\\\/veteraanienperinto.fi\\\/index.php\\\/sv\\\/vinterkriget\\\/vinterkrigets-bakgrund\\\/utrikespolitisk-situation\\\/de-militara-sakerhetsarrangemangen\\\/\",\"url\":\"https:\\\/\\\/veteraanienperinto.fi\\\/index.php\\\/sv\\\/vinterkriget\\\/vinterkrigets-bakgrund\\\/utrikespolitisk-situation\\\/de-militara-sakerhetsarrangemangen\\\/\",\"name\":\"De milit\u00e4ra s\u00e4kerhetsarrangemangen - Veteraanien Perint\u00f6\",\"isPartOf\":{\"@id\":\"https:\\\/\\\/veteraanienperinto.fi\\\/#website\"},\"datePublished\":\"2020-11-17T13:21:48+00:00\",\"dateModified\":\"2021-01-26T18:23:11+00:00\",\"breadcrumb\":{\"@id\":\"https:\\\/\\\/veteraanienperinto.fi\\\/index.php\\\/sv\\\/vinterkriget\\\/vinterkrigets-bakgrund\\\/utrikespolitisk-situation\\\/de-militara-sakerhetsarrangemangen\\\/#breadcrumb\"},\"inLanguage\":\"fi\",\"potentialAction\":[{\"@type\":\"ReadAction\",\"target\":[\"https:\\\/\\\/veteraanienperinto.fi\\\/index.php\\\/sv\\\/vinterkriget\\\/vinterkrigets-bakgrund\\\/utrikespolitisk-situation\\\/de-militara-sakerhetsarrangemangen\\\/\"]}]},{\"@type\":\"BreadcrumbList\",\"@id\":\"https:\\\/\\\/veteraanienperinto.fi\\\/index.php\\\/sv\\\/vinterkriget\\\/vinterkrigets-bakgrund\\\/utrikespolitisk-situation\\\/de-militara-sakerhetsarrangemangen\\\/#breadcrumb\",\"itemListElement\":[{\"@type\":\"ListItem\",\"position\":1,\"name\":\"Etusivu\",\"item\":\"https:\\\/\\\/veteraanienperinto.fi\\\/index.php\\\/etusivu-2\\\/\"},{\"@type\":\"ListItem\",\"position\":2,\"name\":\"Vinterkriget\",\"item\":\"https:\\\/\\\/veteraanienperinto.fi\\\/index.php\\\/sv\\\/vinterkriget\\\/\"},{\"@type\":\"ListItem\",\"position\":3,\"name\":\"Vinterkrigets bakgrund\",\"item\":\"https:\\\/\\\/veteraanienperinto.fi\\\/index.php\\\/sv\\\/vinterkriget\\\/vinterkrigets-bakgrund\\\/\"},{\"@type\":\"ListItem\",\"position\":4,\"name\":\"Utrikespolitisk situation\",\"item\":\"https:\\\/\\\/veteraanienperinto.fi\\\/index.php\\\/sv\\\/vinterkriget\\\/vinterkrigets-bakgrund\\\/utrikespolitisk-situation\\\/\"},{\"@type\":\"ListItem\",\"position\":5,\"name\":\"De milit\u00e4ra s\u00e4kerhetsarrangemangen\"}]},{\"@type\":\"WebSite\",\"@id\":\"https:\\\/\\\/veteraanienperinto.fi\\\/#website\",\"url\":\"https:\\\/\\\/veteraanienperinto.fi\\\/\",\"name\":\"Veteraanien Perint\u00f6\",\"description\":\"Kadettikunta\",\"potentialAction\":[{\"@type\":\"SearchAction\",\"target\":{\"@type\":\"EntryPoint\",\"urlTemplate\":\"https:\\\/\\\/veteraanienperinto.fi\\\/?s={search_term_string}\"},\"query-input\":{\"@type\":\"PropertyValueSpecification\",\"valueRequired\":true,\"valueName\":\"search_term_string\"}}],\"inLanguage\":\"fi\"}]}<\/script>\n<!-- \/ Yoast SEO plugin. -->","yoast_head_json":{"title":"De milit\u00e4ra s\u00e4kerhetsarrangemangen - Veteraanien Perint\u00f6","robots":{"index":"index","follow":"follow","max-snippet":"max-snippet:-1","max-image-preview":"max-image-preview:large","max-video-preview":"max-video-preview:-1"},"canonical":"https:\/\/veteraanienperinto.fi\/index.php\/sv\/vinterkriget\/vinterkrigets-bakgrund\/utrikespolitisk-situation\/de-militara-sakerhetsarrangemangen\/","og_locale":"fi_FI","og_type":"article","og_title":"De milit\u00e4ra s\u00e4kerhetsarrangemangen - Veteraanien Perint\u00f6","og_url":"https:\/\/veteraanienperinto.fi\/index.php\/sv\/vinterkriget\/vinterkrigets-bakgrund\/utrikespolitisk-situation\/de-militara-sakerhetsarrangemangen\/","og_site_name":"Veteraanien Perint\u00f6","article_modified_time":"2021-01-26T18:23:11+00:00","twitter_card":"summary_large_image","twitter_misc":{"Arvioitu lukuaika":"2 minuuttia"},"schema":{"@context":"https:\/\/schema.org","@graph":[{"@type":"WebPage","@id":"https:\/\/veteraanienperinto.fi\/index.php\/sv\/vinterkriget\/vinterkrigets-bakgrund\/utrikespolitisk-situation\/de-militara-sakerhetsarrangemangen\/","url":"https:\/\/veteraanienperinto.fi\/index.php\/sv\/vinterkriget\/vinterkrigets-bakgrund\/utrikespolitisk-situation\/de-militara-sakerhetsarrangemangen\/","name":"De milit\u00e4ra s\u00e4kerhetsarrangemangen - Veteraanien Perint\u00f6","isPartOf":{"@id":"https:\/\/veteraanienperinto.fi\/#website"},"datePublished":"2020-11-17T13:21:48+00:00","dateModified":"2021-01-26T18:23:11+00:00","breadcrumb":{"@id":"https:\/\/veteraanienperinto.fi\/index.php\/sv\/vinterkriget\/vinterkrigets-bakgrund\/utrikespolitisk-situation\/de-militara-sakerhetsarrangemangen\/#breadcrumb"},"inLanguage":"fi","potentialAction":[{"@type":"ReadAction","target":["https:\/\/veteraanienperinto.fi\/index.php\/sv\/vinterkriget\/vinterkrigets-bakgrund\/utrikespolitisk-situation\/de-militara-sakerhetsarrangemangen\/"]}]},{"@type":"BreadcrumbList","@id":"https:\/\/veteraanienperinto.fi\/index.php\/sv\/vinterkriget\/vinterkrigets-bakgrund\/utrikespolitisk-situation\/de-militara-sakerhetsarrangemangen\/#breadcrumb","itemListElement":[{"@type":"ListItem","position":1,"name":"Etusivu","item":"https:\/\/veteraanienperinto.fi\/index.php\/etusivu-2\/"},{"@type":"ListItem","position":2,"name":"Vinterkriget","item":"https:\/\/veteraanienperinto.fi\/index.php\/sv\/vinterkriget\/"},{"@type":"ListItem","position":3,"name":"Vinterkrigets bakgrund","item":"https:\/\/veteraanienperinto.fi\/index.php\/sv\/vinterkriget\/vinterkrigets-bakgrund\/"},{"@type":"ListItem","position":4,"name":"Utrikespolitisk situation","item":"https:\/\/veteraanienperinto.fi\/index.php\/sv\/vinterkriget\/vinterkrigets-bakgrund\/utrikespolitisk-situation\/"},{"@type":"ListItem","position":5,"name":"De milit\u00e4ra s\u00e4kerhetsarrangemangen"}]},{"@type":"WebSite","@id":"https:\/\/veteraanienperinto.fi\/#website","url":"https:\/\/veteraanienperinto.fi\/","name":"Veteraanien Perint\u00f6","description":"Kadettikunta","potentialAction":[{"@type":"SearchAction","target":{"@type":"EntryPoint","urlTemplate":"https:\/\/veteraanienperinto.fi\/?s={search_term_string}"},"query-input":{"@type":"PropertyValueSpecification","valueRequired":true,"valueName":"search_term_string"}}],"inLanguage":"fi"}]}},"_links":{"self":[{"href":"https:\/\/veteraanienperinto.fi\/index.php\/wp-json\/wp\/v2\/pages\/5331","targetHints":{"allow":["GET"]}}],"collection":[{"href":"https:\/\/veteraanienperinto.fi\/index.php\/wp-json\/wp\/v2\/pages"}],"about":[{"href":"https:\/\/veteraanienperinto.fi\/index.php\/wp-json\/wp\/v2\/types\/page"}],"author":[{"embeddable":true,"href":"https:\/\/veteraanienperinto.fi\/index.php\/wp-json\/wp\/v2\/users\/1"}],"replies":[{"embeddable":true,"href":"https:\/\/veteraanienperinto.fi\/index.php\/wp-json\/wp\/v2\/comments?post=5331"}],"version-history":[{"count":5,"href":"https:\/\/veteraanienperinto.fi\/index.php\/wp-json\/wp\/v2\/pages\/5331\/revisions"}],"predecessor-version":[{"id":10703,"href":"https:\/\/veteraanienperinto.fi\/index.php\/wp-json\/wp\/v2\/pages\/5331\/revisions\/10703"}],"up":[{"embeddable":true,"href":"https:\/\/veteraanienperinto.fi\/index.php\/wp-json\/wp\/v2\/pages\/5315"}],"wp:attachment":[{"href":"https:\/\/veteraanienperinto.fi\/index.php\/wp-json\/wp\/v2\/media?parent=5331"}],"curies":[{"name":"wp","href":"https:\/\/api.w.org\/{rel}","templated":true}]}}