{"id":5587,"date":"2020-11-17T15:38:12","date_gmt":"2020-11-17T15:38:12","guid":{"rendered":"https:\/\/veteraani.ylirotu.fi\/?page_id=5587"},"modified":"2020-12-13T18:17:16","modified_gmt":"2020-12-13T18:17:16","slug":"f19-anfaller","status":"publish","type":"page","link":"https:\/\/veteraanienperinto.fi\/index.php\/sv\/vinterkriget\/vinterkrigets-berattelser\/kriget\/avvarjningssegrar-vid-ostgransen\/f19-anfaller\/","title":{"rendered":"F19 anfaller"},"content":{"rendered":"\n<style type=\"text\/css\" data-created_by=\"avia_inline_auto\" id=\"style-css-av-king8222-dcb86657a67b3d8d20897b945d21000f\">\n#top .av-special-heading.av-king8222-dcb86657a67b3d8d20897b945d21000f{\npadding-bottom:10px;\n}\nbody .av-special-heading.av-king8222-dcb86657a67b3d8d20897b945d21000f .av-special-heading-tag .heading-char{\nfont-size:25px;\n}\n.av-special-heading.av-king8222-dcb86657a67b3d8d20897b945d21000f .av-subheading{\nfont-size:15px;\n}\n<\/style>\n<div  class='av-special-heading av-king8222-dcb86657a67b3d8d20897b945d21000f av-special-heading-h3  avia-builder-el-0  el_before_av_textblock  avia-builder-el-first '><h3 class='av-special-heading-tag'  itemprop=\"headline\"  >F19 anfaller<\/h3><div class=\"special-heading-border\"><div class=\"special-heading-inner-border\"><\/div><\/div><\/div>\n<section  class='av_textblock_section av-kei9w74n-7b0f008125a778f48432b9a614d90d0f '   itemscope=\"itemscope\" itemtype=\"https:\/\/schema.org\/CreativeWork\" ><div class='avia_textblock'  itemprop=\"text\" ><p><strong>Greger Falk:<\/strong><\/p>\n<p><img loading=\"lazy\" decoding=\"async\" class=\"size-full wp-image-7304 alignright\" src=\"https:\/\/veteraanienperinto.fi\/wp-content\/uploads\/2020\/12\/250px-Gloster_Gladiator_Mk.1.F19_H-1.jpg\" alt=\"\" width=\"250\" height=\"143\" \/>Flottiljchefen Beckhammar leder som sagt sj\u00e4lv f\u00f6retaget fr\u00e5n spararsitsen i M\u00f6rnes Hart. S\u00e5 h\u00e4r beskriver han anfallet:<\/p>\n<p>&#8221;N\u00e4r vi n\u00e4rmade oss trakten av M\u00e4rk\u00e4j\u00e4rvi, f\u00e5r jag pl\u00f6tsligt se en kraftig rysk truppkolonn p\u00e5 v\u00e4gen. Jag g\u00f6r tecken till anfall. I en enda dykning ned till tr\u00e4dtoppsh\u00f6jd f\u00e4lls bomberna. Brisaderna ger illusion av ett blixtrande p\u00e4rlband i den ryska truppen.<\/p>\n<p>Efter en snabb stigning till omkring 1.000 meter uppt\u00e4cker vi n\u00e5gra m\u00f6rkgr\u00f6na flygplan p\u00e5 isen vid M\u00e4rk\u00e4j\u00e4rvi, ryska jaktplan av typ I-15. \u00d6gonblickligen nytt st\u00f6rtanfall med \u00e5tf\u00f6ljande kraftiga eld- och r\u00f6kfenomen &#8211; ett ryskt flygplan \u00e4r f\u00f6rintat. Ett annat f\u00f6rst\u00f6rs p\u00e5 isen sekunderna efter\u00e5t, likaledes genom bombtr\u00e4ffar. Ett tredje skjuts s\u00f6nder av v\u00e5ra jaktplans kulsprutor innan f\u00f6raren som just hoppat upp i planet hinner starta.<\/p>\n<p>Hela tiden formar sp\u00e5rljuselden fr\u00e5n ryska luftv\u00e4rnet r\u00f6da, lysande kvastar mot den blygr\u00e5 himlen. Det imponerande fyrverkeriet kulminerar d\u00e5 ett ryskt flygplan, som j\u00e4mte andra ses starta fr\u00e5n isen, skjuts i brand av en svensk jaktflygare, rollar \u00f6ver i ryggl\u00e4ge och st\u00f6rtar som en j\u00e4ttefackla i den sn\u00f6h\u00f6ljda skogen. En sannolikt k\u00e4ck &#8211; ty de ryska flygarna p\u00e5 v\u00e5r frontdel var i allm\u00e4nhet k\u00e4cka &#8211; rysk jaktflygares liv sl\u00e4ckes.&#8221;<\/p>\n<p>Jaktgruppchefen Ian Iacobi har denna minnesbild:<\/p>\n<p>&#8221;Under anflygningen mot M\u00e4rk\u00e4j\u00e4rvi-Salla eskorterade vi attackgruppen. D\u00e5 vi n\u00e5tt M\u00e4rk\u00e4j\u00e4rvi kunde vi se t\u00e4ta fordons- och marschkolonner p\u00e5 v\u00e4gen och \u00e4ven ansamlingar i sj\u00e4lva byn. I samma \u00f6gonblick d\u00f6k Hartarna i st\u00f6rtanfall mot de uppt\u00e4ckta m\u00e5len. Nu var det v\u00e5r tur. I dykning mot fordonskolonnerna p\u00e5 v\u00e4gen \u00f6ster om M\u00e4rk\u00e4j\u00e4rvi f\u00e4llde vi v\u00e5ra spr\u00e4ngbomber och fortsatte sedan anfallen med kulspruteeld p\u00e5 l\u00e4gsta h\u00f6jd genom sicksack-flygning \u00f6ver v\u00e4gen.<\/p>\n<p>Pl\u00f6tsligt exploderade en h\u00e4stansp\u00e4nd sl\u00e4de, sannolikt lastad med ammunition, varvid h\u00e4sten med skackel kastades upp i luften. En av de bakom mig flygande jaktf\u00f6rarna hade f\u00e5tt in en fulltr\u00e4ff som resulterade i att h\u00e4sten pl\u00f6tsligt befann sig till h\u00f6ger om min vinge. Detta var en episod under den f\u00f6rsta krigsinsatsen som sannerligen br\u00e4nt sig fast i minnet.<\/p>\n<p>Sedan anfallen mot trupp och fordon fullf\u00f6ljts kom n\u00e5gra av jaktf\u00f6rarna i anfallsl\u00e4ge mot den fientliga flygbasen p\u00e5 sj\u00f6n M\u00e4rk\u00e4j\u00e4rvi. Sj\u00e4lv uppfattade jag att en rysk I-15 i h\u00f6gersv\u00e4ng och underifr\u00e5n s\u00f6kte komma i skjutl\u00e4ge mot en Gladiator. En kort jaktanfallskurva fr\u00e5n h\u00f6ger f\u00f6rde mig till skjutl\u00e4ge innan I-15 kom till skott.<\/p>\n<p>Jag fick in en direkttr\u00e4ff, varvid fiendeplanet gjorde en halvroll och st\u00f6rtade ned i skogen. Med bara n\u00e5gra minuters mellanrum hade \u00e4nnu en krigserfarenhet fogats till mitt nyssn\u00e4mnda m\u00f6te med h\u00e4sten.&#8221;<\/p>\n<p>N\u00e4r Iacobi i sin redog\u00f6relse s\u00e4ger: &#8221;nu var det v\u00e5r tur&#8221;, dvs. jaktflygarnas, syftar han p\u00e5 en \u00f6verenskommen samverkan mellan jakt- och attackgrupperna:<\/p>\n<p>Gladiatorerna skall eskortera Hartarna fram till tidpunkten f\u00f6r deras dykanfall.<\/p>\n<p>N\u00e4r attackplanen d\u00e4refter flyger ut p\u00e5 l\u00e4gsta h\u00f6jd, skall jaktflygarna anfalla m\u00e5l p\u00e5 marken med sina kulsprutor och 12 kg spr\u00e4ngbomber, i f\u00f6rsta hand mot trupp och fordon p\u00e5 v\u00e4gen v\u00e4ster och \u00f6ster om M\u00e4rk\u00e4j\u00e4rvi, i andra hand mot flygplan p\u00e5 marken.<\/p>\n<p>En av jaktflygarna, Martin Wennerstr\u00f6m, har d\u00e4rvid denna upplevelse: &#8221;N\u00e4r vi kom fram till sj\u00f6n M\u00e4rk\u00e4j\u00e4rvi, f\u00e4llde jag mina 12 kg spr\u00e4ngbomber mot ryska flygplan p\u00e5 isen. Man dyker f\u00f6rst ner l\u00e5gt, f\u00e4ller bomberna i sista fasen av dykningen. Sedan planar man ut i markh\u00f6jd och flyger undan bland kullar och dalar. D\u00e4rvid skingrades v\u00e5r jaktgrupp &#8211; och det var ju inte s\u00e5 skickligt. Men vi hade ju faktiskt aldrig krigat f\u00f6rr.<\/p>\n<p>Jag steg emellertid nord\u00f6st ut och f\u00f6ljde som enda eskort tre av de insatta Hartarna. Pl\u00f6tsligt s\u00e5g jag de tv\u00e5 n\u00e4rmaste singla mot marken. Fallsk\u00e4rmar utvecklade sig. Jag s\u00e5g en svart explosion d\u00e4r ett av dessa plan slog i marken. Det var ena v\u00e5dliga ryssar att skjuta bra, t\u00e4nkte jag, och spejade extra noggrant mot marken och efter luftv\u00e4rnskrevader i luften. Men vad jag sett var helt enkelt en kollision mellan de tv\u00e5 Hartarna.&#8221;<\/p>\n<p>Som tv\u00e5a i attackgruppen flyger Gunnar F\u00e4rnstr\u00f6m med Thure Hansson som flygskytt. S\u00e5 h\u00e4r lyder deras redog\u00f6relse f\u00f6r elddopet:<\/p>\n<p>F\u00e4rnstr\u00f6m: &#8221;Redan andra dagen i Finland bar det iv\u00e4g p\u00e5 v\u00e5rt f\u00f6rsta uppdrag. Fr\u00e5n fr\u00e4mre bas startade vi ut \u00f6ver fientliga linjer. Terr\u00e4ngen var ok\u00e4nd. Det g\u00e4llde att f\u00f6lja med p\u00e5 kartan. D\u00e4r nere n\u00e5gonstans l\u00e5g de fr\u00e4msta finl\u00e4ndska f\u00f6rbanden &#8211; nu var vi inne \u00f6ver fientligt omr\u00e5de.<\/p>\n<p>Greppet om spaken h\u00e5rdnade och k\u00e4nslan kom f\u00f6r f\u00f6rsta g\u00e5ngen. Denna egendomliga sensation som man f\u00f6rut aldrig erfarit, en k\u00e4nsla av en st\u00e4ndigt lurande fara. Man \u00f6verlade lugnt f\u00f6r sig sj\u00e4lv: h\u00e4r mitt inne i skogen kan det inte g\u00e4rna st\u00e5 n\u00e5got fientligt luftv\u00e4rnsf\u00f6rband. Och runt omkring oss ser jag v\u00e5r egen eskortjakt, till skydd mot anfall av I-15. Men \u00e4nd\u00e5 &#8211; det k\u00e4nns som om n\u00e5got ok\u00e4nt, farligt lurar d\u00e4r nere under vingen eller d\u00e4r bakom oss.&#8221;<\/p>\n<p>Och Hansson: &#8221;\u00c4ntligen kom vi iv\u00e4g. \u00d6ver ett ok\u00e4nt land mot ok\u00e4nda \u00f6den gick f\u00e4rden. Det s\u00f6g i maggropen.<\/p>\n<p>Med solen i ryggen fl\u00f6g vi in mot M\u00e4rk\u00e4j\u00e4rvi. L\u00e5ngt bort till h\u00f6ger gl\u00e4nste Sallatunturi med Onkamoj\u00e4rvi vid sin fot. Skogen under oss delades i f\u00f6rhuggningar. Vi \u00e4r inne \u00f6ver fientlig mark. D\u00e4r skymtar den f\u00f6rsta truppkolonnen. Hela landsv\u00e4gen verkar vara full av soldater, av h\u00e4star, av fordon.<\/p>\n<p>P\u00e5 nosen dyker vi mot det f\u00f6rsta m\u00e5let. En kolonn splittras. Jag bestryker en annan truppsamling med min r\u00f6rliga kulspruta. V\u00e5r eskortjakt &#8221;l\u00e5gbusar&#8221; och effekten uteblir inte &#8211; ett sovjetiskt jaktplan f\u00f6rsvinner ur sikte med en svans av r\u00f6k efter sig.<\/p>\n<p>Men ryssarna \u00e4r inte overksamma. Det knastrar i luften av eldskurarna fr\u00e5n deras &#8221;stalinorglar&#8221;.<\/p>\n<p>&#8221;Tag en pl\u00e5t innan vi dyker igen&#8221;, ropar F\u00e4rnstr\u00f6m. L\u00e4tt att s\u00e4ga tulipanaros, men &#8211; gulskiva p\u00e5, inst\u00e4llning av tid och bl\u00e4ndare, allt invanda r\u00f6relser. Och s\u00e5 st\u00f6rtd\u00f6k vi igen. Kamera, kassetter, flygblad, utrustning, allt i en enda r\u00f6ra n\u00e4r vi g\u00e5r in i dykningen.&#8221;<\/p>\n<p>&#8221;Hall\u00e5, hall\u00e5. Bl\u00e5 Kalle fr\u00e5n Bl\u00e5 Bertil. Fienden klockan elva, \u00f6ver.&#8221;<\/p>\n<p>Radioanropet fr\u00e5n Sj\u00f6gvist inneb\u00e4r att v\u00e5r motst\u00e5ndare befinner sig till v\u00e4nster om oss och p\u00e5 h\u00f6gre h\u00f6jd. Javisst, f\u00f6r sjutton, d\u00e4r \u00e4r de ju, nio stycken. Men det var v\u00e4ldigt vad de flyger h\u00f6gt. P\u00e5 med gas, t\u00e4nd siktet, sprutorna klara. Men det h\u00e4r g\u00e5r ju inte. Mera gas, mera gas, MERA GAS. Dom flyger ifr\u00e5n oss &#8211; mera gas. Men det finns inte mera gas att ge. Reglaget som skulle ge motorn den sista erforderliga injektionen, har f\u00f6r l\u00e4nge sedan n\u00e5tt gr\u00e4nsen f\u00f6r sin r\u00f6relsef\u00f6rm\u00e5ga. (Det visar sig efter landningen att reglaget kroknat i mina desparata f\u00f6rs\u00f6k att komma upp i anfallsl\u00e4ge. Metallsp\u00e5n i oljan tyder p\u00e5 att motorn n\u00e4stan skurit.)<\/p>\n<p>Jag skall inte orda mycket om hur man k\u00e4nner sig i en s\u00e5dan situation. Att inte kunna g\u00f6ra annat \u00e4n att bara sitta och undra var den bortflygande fienden skall f\u00e4lla sin bomblast, vilket samh\u00e4lle h\u00e4r i den kalla, gr\u00e5 Lappmarken som den h\u00e4r g\u00e5ngen skall ta emot krevaderna.<\/p>\n<p>Detta blir ytterligare en l\u00e4rdom denna dag, den 12 januari: v\u00e5ra jaktplan kan inte, trots fullgas, stiga ifatt de sovjetiska bombplanen.<\/p>\n<p>Vilket blir nu resultatet av v\u00e5rt f\u00f6rsta krigsf\u00f6retag? Rapportsammanfattningen till SFK s\u00e4ger:<\/p>\n<ul>\n<li>&#8211; truppkolonner v\u00e4ster om M\u00e4rk\u00e4j\u00e4rvi har med god verkan anfallits med bomber och kulspruteeld<\/li>\n<li>&#8211; baracker och fordonssamlingar i M\u00e4rk\u00e4j\u00e4rvi \u00e4r nedbr\u00e4nda<\/li>\n<li>&#8211; fyra jaktplan typ I-15 \u00e4r f\u00f6rintade &#8211; tre p\u00e5 marken av M\u00f6rne, Sterner och Wennerstr\u00f6m, ett nedskjutet i luften av Ian Iacobi &#8211; v\u00e4ster om M\u00e4rk\u00e4j\u00e4rvi har iakttagits h\u00e4st- och fordonskolonner p\u00e5 marsch mot v\u00e4ster &#8211; men \u00e4ven \u00f6sterut<\/li>\n<\/ul>\n<p>Till dessa materiella resultat skall l\u00e4ggas psykologiska:<\/p>\n<ul>\n<li>&#8211; det \u00e4r nog en chock f\u00f6r fienden att m\u00f6ta en aggressiv motst\u00e5ndare i luften, efter sex veckors obestritt luftherrav\u00e4lde<\/li>\n<li>&#8211; det b\u00f6r f\u00f6r v\u00e5ra trupper och f\u00f6r civilbefolkningen vara en stimulans att \u00e4ntligen f\u00e5 se och h\u00f6ra flygplan med den finl\u00e4ndska nationalitetsbeteckningen<\/li>\n<\/ul>\n<p>F19 har d\u00e4rmed bidragit till att fienden under de n\u00e4rmaste dagarna drar sig tillbaka 30 km \u00f6sterut. Till krigsslutet skall han avv\u00e4rjande f\u00f6rsvara sina bef\u00e4sta st\u00e4llningar p\u00e5 \u00e5sarna v\u00e4ster om M\u00e4rk\u00e4j\u00e4rvi och vid Saija.<\/p>\n<p><em><strong>Ur boken:<\/strong><\/em><br \/>\n<em>Greger Falk: F19-en kr\u00f6nika<\/em><\/p>\n<\/div><\/section>\n","protected":false},"excerpt":{"rendered":"","protected":false},"author":1,"featured_media":0,"parent":5583,"menu_order":0,"comment_status":"closed","ping_status":"closed","template":"","meta":{"footnotes":""},"class_list":["post-5587","page","type-page","status-publish","hentry"],"yoast_head":"<!-- This site is optimized with the Yoast SEO plugin v27.5 - https:\/\/yoast.com\/product\/yoast-seo-wordpress\/ -->\n<title>F19 anfaller - Veteraanien Perint\u00f6<\/title>\n<meta name=\"robots\" content=\"index, follow, max-snippet:-1, max-image-preview:large, max-video-preview:-1\" \/>\n<link rel=\"canonical\" href=\"https:\/\/veteraanienperinto.fi\/index.php\/sv\/vinterkriget\/vinterkrigets-berattelser\/kriget\/avvarjningssegrar-vid-ostgransen\/f19-anfaller\/\" \/>\n<meta property=\"og:locale\" content=\"fi_FI\" \/>\n<meta property=\"og:type\" content=\"article\" \/>\n<meta property=\"og:title\" content=\"F19 anfaller - Veteraanien Perint\u00f6\" \/>\n<meta property=\"og:url\" content=\"https:\/\/veteraanienperinto.fi\/index.php\/sv\/vinterkriget\/vinterkrigets-berattelser\/kriget\/avvarjningssegrar-vid-ostgransen\/f19-anfaller\/\" \/>\n<meta property=\"og:site_name\" content=\"Veteraanien Perint\u00f6\" \/>\n<meta property=\"article:modified_time\" content=\"2020-12-13T18:17:16+00:00\" \/>\n<meta property=\"og:image\" content=\"https:\/\/veteraanienperinto.fi\/wp-content\/uploads\/2020\/12\/250px-Gloster_Gladiator_Mk.1.F19_H-1.jpg\" \/>\n<meta name=\"twitter:card\" content=\"summary_large_image\" \/>\n<meta name=\"twitter:label1\" content=\"Arvioitu lukuaika\" \/>\n\t<meta name=\"twitter:data1\" content=\"9 minuuttia\" \/>\n<script type=\"application\/ld+json\" class=\"yoast-schema-graph\">{\"@context\":\"https:\\\/\\\/schema.org\",\"@graph\":[{\"@type\":\"WebPage\",\"@id\":\"https:\\\/\\\/veteraanienperinto.fi\\\/index.php\\\/sv\\\/vinterkriget\\\/vinterkrigets-berattelser\\\/kriget\\\/avvarjningssegrar-vid-ostgransen\\\/f19-anfaller\\\/\",\"url\":\"https:\\\/\\\/veteraanienperinto.fi\\\/index.php\\\/sv\\\/vinterkriget\\\/vinterkrigets-berattelser\\\/kriget\\\/avvarjningssegrar-vid-ostgransen\\\/f19-anfaller\\\/\",\"name\":\"F19 anfaller - Veteraanien Perint\u00f6\",\"isPartOf\":{\"@id\":\"https:\\\/\\\/veteraanienperinto.fi\\\/#website\"},\"primaryImageOfPage\":{\"@id\":\"https:\\\/\\\/veteraanienperinto.fi\\\/index.php\\\/sv\\\/vinterkriget\\\/vinterkrigets-berattelser\\\/kriget\\\/avvarjningssegrar-vid-ostgransen\\\/f19-anfaller\\\/#primaryimage\"},\"image\":{\"@id\":\"https:\\\/\\\/veteraanienperinto.fi\\\/index.php\\\/sv\\\/vinterkriget\\\/vinterkrigets-berattelser\\\/kriget\\\/avvarjningssegrar-vid-ostgransen\\\/f19-anfaller\\\/#primaryimage\"},\"thumbnailUrl\":\"https:\\\/\\\/veteraanienperinto.fi\\\/wp-content\\\/uploads\\\/2020\\\/12\\\/250px-Gloster_Gladiator_Mk.1.F19_H-1.jpg\",\"datePublished\":\"2020-11-17T15:38:12+00:00\",\"dateModified\":\"2020-12-13T18:17:16+00:00\",\"breadcrumb\":{\"@id\":\"https:\\\/\\\/veteraanienperinto.fi\\\/index.php\\\/sv\\\/vinterkriget\\\/vinterkrigets-berattelser\\\/kriget\\\/avvarjningssegrar-vid-ostgransen\\\/f19-anfaller\\\/#breadcrumb\"},\"inLanguage\":\"fi\",\"potentialAction\":[{\"@type\":\"ReadAction\",\"target\":[\"https:\\\/\\\/veteraanienperinto.fi\\\/index.php\\\/sv\\\/vinterkriget\\\/vinterkrigets-berattelser\\\/kriget\\\/avvarjningssegrar-vid-ostgransen\\\/f19-anfaller\\\/\"]}]},{\"@type\":\"ImageObject\",\"inLanguage\":\"fi\",\"@id\":\"https:\\\/\\\/veteraanienperinto.fi\\\/index.php\\\/sv\\\/vinterkriget\\\/vinterkrigets-berattelser\\\/kriget\\\/avvarjningssegrar-vid-ostgransen\\\/f19-anfaller\\\/#primaryimage\",\"url\":\"https:\\\/\\\/veteraanienperinto.fi\\\/wp-content\\\/uploads\\\/2020\\\/12\\\/250px-Gloster_Gladiator_Mk.1.F19_H-1.jpg\",\"contentUrl\":\"https:\\\/\\\/veteraanienperinto.fi\\\/wp-content\\\/uploads\\\/2020\\\/12\\\/250px-Gloster_Gladiator_Mk.1.F19_H-1.jpg\",\"width\":250,\"height\":143},{\"@type\":\"BreadcrumbList\",\"@id\":\"https:\\\/\\\/veteraanienperinto.fi\\\/index.php\\\/sv\\\/vinterkriget\\\/vinterkrigets-berattelser\\\/kriget\\\/avvarjningssegrar-vid-ostgransen\\\/f19-anfaller\\\/#breadcrumb\",\"itemListElement\":[{\"@type\":\"ListItem\",\"position\":1,\"name\":\"Etusivu\",\"item\":\"https:\\\/\\\/veteraanienperinto.fi\\\/index.php\\\/etusivu-2\\\/\"},{\"@type\":\"ListItem\",\"position\":2,\"name\":\"Vinterkriget\",\"item\":\"https:\\\/\\\/veteraanienperinto.fi\\\/index.php\\\/sv\\\/vinterkriget\\\/\"},{\"@type\":\"ListItem\",\"position\":3,\"name\":\"Vinterkrigets ber\u00e4ttelser\",\"item\":\"https:\\\/\\\/veteraanienperinto.fi\\\/index.php\\\/sv\\\/vinterkriget\\\/vinterkrigets-berattelser\\\/\"},{\"@type\":\"ListItem\",\"position\":4,\"name\":\"Kriget\",\"item\":\"https:\\\/\\\/veteraanienperinto.fi\\\/index.php\\\/sv\\\/vinterkriget\\\/vinterkrigets-berattelser\\\/kriget\\\/\"},{\"@type\":\"ListItem\",\"position\":5,\"name\":\"Avv\u00e4rjningssegrar vid \u00f6stgr\u00e4nsen\",\"item\":\"https:\\\/\\\/veteraanienperinto.fi\\\/index.php\\\/sv\\\/vinterkriget\\\/vinterkrigets-berattelser\\\/kriget\\\/avvarjningssegrar-vid-ostgransen\\\/\"},{\"@type\":\"ListItem\",\"position\":6,\"name\":\"F19 anfaller\"}]},{\"@type\":\"WebSite\",\"@id\":\"https:\\\/\\\/veteraanienperinto.fi\\\/#website\",\"url\":\"https:\\\/\\\/veteraanienperinto.fi\\\/\",\"name\":\"Veteraanien Perint\u00f6\",\"description\":\"Kadettikunta\",\"potentialAction\":[{\"@type\":\"SearchAction\",\"target\":{\"@type\":\"EntryPoint\",\"urlTemplate\":\"https:\\\/\\\/veteraanienperinto.fi\\\/?s={search_term_string}\"},\"query-input\":{\"@type\":\"PropertyValueSpecification\",\"valueRequired\":true,\"valueName\":\"search_term_string\"}}],\"inLanguage\":\"fi\"}]}<\/script>\n<!-- \/ Yoast SEO plugin. -->","yoast_head_json":{"title":"F19 anfaller - Veteraanien Perint\u00f6","robots":{"index":"index","follow":"follow","max-snippet":"max-snippet:-1","max-image-preview":"max-image-preview:large","max-video-preview":"max-video-preview:-1"},"canonical":"https:\/\/veteraanienperinto.fi\/index.php\/sv\/vinterkriget\/vinterkrigets-berattelser\/kriget\/avvarjningssegrar-vid-ostgransen\/f19-anfaller\/","og_locale":"fi_FI","og_type":"article","og_title":"F19 anfaller - Veteraanien Perint\u00f6","og_url":"https:\/\/veteraanienperinto.fi\/index.php\/sv\/vinterkriget\/vinterkrigets-berattelser\/kriget\/avvarjningssegrar-vid-ostgransen\/f19-anfaller\/","og_site_name":"Veteraanien Perint\u00f6","article_modified_time":"2020-12-13T18:17:16+00:00","og_image":[{"url":"https:\/\/veteraanienperinto.fi\/wp-content\/uploads\/2020\/12\/250px-Gloster_Gladiator_Mk.1.F19_H-1.jpg","type":"","width":"","height":""}],"twitter_card":"summary_large_image","twitter_misc":{"Arvioitu lukuaika":"9 minuuttia"},"schema":{"@context":"https:\/\/schema.org","@graph":[{"@type":"WebPage","@id":"https:\/\/veteraanienperinto.fi\/index.php\/sv\/vinterkriget\/vinterkrigets-berattelser\/kriget\/avvarjningssegrar-vid-ostgransen\/f19-anfaller\/","url":"https:\/\/veteraanienperinto.fi\/index.php\/sv\/vinterkriget\/vinterkrigets-berattelser\/kriget\/avvarjningssegrar-vid-ostgransen\/f19-anfaller\/","name":"F19 anfaller - Veteraanien Perint\u00f6","isPartOf":{"@id":"https:\/\/veteraanienperinto.fi\/#website"},"primaryImageOfPage":{"@id":"https:\/\/veteraanienperinto.fi\/index.php\/sv\/vinterkriget\/vinterkrigets-berattelser\/kriget\/avvarjningssegrar-vid-ostgransen\/f19-anfaller\/#primaryimage"},"image":{"@id":"https:\/\/veteraanienperinto.fi\/index.php\/sv\/vinterkriget\/vinterkrigets-berattelser\/kriget\/avvarjningssegrar-vid-ostgransen\/f19-anfaller\/#primaryimage"},"thumbnailUrl":"https:\/\/veteraanienperinto.fi\/wp-content\/uploads\/2020\/12\/250px-Gloster_Gladiator_Mk.1.F19_H-1.jpg","datePublished":"2020-11-17T15:38:12+00:00","dateModified":"2020-12-13T18:17:16+00:00","breadcrumb":{"@id":"https:\/\/veteraanienperinto.fi\/index.php\/sv\/vinterkriget\/vinterkrigets-berattelser\/kriget\/avvarjningssegrar-vid-ostgransen\/f19-anfaller\/#breadcrumb"},"inLanguage":"fi","potentialAction":[{"@type":"ReadAction","target":["https:\/\/veteraanienperinto.fi\/index.php\/sv\/vinterkriget\/vinterkrigets-berattelser\/kriget\/avvarjningssegrar-vid-ostgransen\/f19-anfaller\/"]}]},{"@type":"ImageObject","inLanguage":"fi","@id":"https:\/\/veteraanienperinto.fi\/index.php\/sv\/vinterkriget\/vinterkrigets-berattelser\/kriget\/avvarjningssegrar-vid-ostgransen\/f19-anfaller\/#primaryimage","url":"https:\/\/veteraanienperinto.fi\/wp-content\/uploads\/2020\/12\/250px-Gloster_Gladiator_Mk.1.F19_H-1.jpg","contentUrl":"https:\/\/veteraanienperinto.fi\/wp-content\/uploads\/2020\/12\/250px-Gloster_Gladiator_Mk.1.F19_H-1.jpg","width":250,"height":143},{"@type":"BreadcrumbList","@id":"https:\/\/veteraanienperinto.fi\/index.php\/sv\/vinterkriget\/vinterkrigets-berattelser\/kriget\/avvarjningssegrar-vid-ostgransen\/f19-anfaller\/#breadcrumb","itemListElement":[{"@type":"ListItem","position":1,"name":"Etusivu","item":"https:\/\/veteraanienperinto.fi\/index.php\/etusivu-2\/"},{"@type":"ListItem","position":2,"name":"Vinterkriget","item":"https:\/\/veteraanienperinto.fi\/index.php\/sv\/vinterkriget\/"},{"@type":"ListItem","position":3,"name":"Vinterkrigets ber\u00e4ttelser","item":"https:\/\/veteraanienperinto.fi\/index.php\/sv\/vinterkriget\/vinterkrigets-berattelser\/"},{"@type":"ListItem","position":4,"name":"Kriget","item":"https:\/\/veteraanienperinto.fi\/index.php\/sv\/vinterkriget\/vinterkrigets-berattelser\/kriget\/"},{"@type":"ListItem","position":5,"name":"Avv\u00e4rjningssegrar vid \u00f6stgr\u00e4nsen","item":"https:\/\/veteraanienperinto.fi\/index.php\/sv\/vinterkriget\/vinterkrigets-berattelser\/kriget\/avvarjningssegrar-vid-ostgransen\/"},{"@type":"ListItem","position":6,"name":"F19 anfaller"}]},{"@type":"WebSite","@id":"https:\/\/veteraanienperinto.fi\/#website","url":"https:\/\/veteraanienperinto.fi\/","name":"Veteraanien Perint\u00f6","description":"Kadettikunta","potentialAction":[{"@type":"SearchAction","target":{"@type":"EntryPoint","urlTemplate":"https:\/\/veteraanienperinto.fi\/?s={search_term_string}"},"query-input":{"@type":"PropertyValueSpecification","valueRequired":true,"valueName":"search_term_string"}}],"inLanguage":"fi"}]}},"_links":{"self":[{"href":"https:\/\/veteraanienperinto.fi\/index.php\/wp-json\/wp\/v2\/pages\/5587","targetHints":{"allow":["GET"]}}],"collection":[{"href":"https:\/\/veteraanienperinto.fi\/index.php\/wp-json\/wp\/v2\/pages"}],"about":[{"href":"https:\/\/veteraanienperinto.fi\/index.php\/wp-json\/wp\/v2\/types\/page"}],"author":[{"embeddable":true,"href":"https:\/\/veteraanienperinto.fi\/index.php\/wp-json\/wp\/v2\/users\/1"}],"replies":[{"embeddable":true,"href":"https:\/\/veteraanienperinto.fi\/index.php\/wp-json\/wp\/v2\/comments?post=5587"}],"version-history":[{"count":3,"href":"https:\/\/veteraanienperinto.fi\/index.php\/wp-json\/wp\/v2\/pages\/5587\/revisions"}],"predecessor-version":[{"id":7303,"href":"https:\/\/veteraanienperinto.fi\/index.php\/wp-json\/wp\/v2\/pages\/5587\/revisions\/7303"}],"up":[{"embeddable":true,"href":"https:\/\/veteraanienperinto.fi\/index.php\/wp-json\/wp\/v2\/pages\/5583"}],"wp:attachment":[{"href":"https:\/\/veteraanienperinto.fi\/index.php\/wp-json\/wp\/v2\/media?parent=5587"}],"curies":[{"name":"wp","href":"https:\/\/api.w.org\/{rel}","templated":true}]}}