{"id":566,"date":"2020-08-29T10:25:55","date_gmt":"2020-08-29T10:25:55","guid":{"rendered":"https:\/\/veteraani.ylirotu.fi\/?page_id=566"},"modified":"2021-01-18T17:32:59","modified_gmt":"2021-01-18T17:32:59","slug":"jaakariliike","status":"publish","type":"page","link":"https:\/\/veteraanienperinto.fi\/index.php\/tietopankit\/muita-jarjestoja\/jaakariliike\/","title":{"rendered":"J\u00e4\u00e4k\u00e4riliike"},"content":{"rendered":"<div id='full_slider_1'  class='avia-fullwidth-slider main_color avia-shadow   avia-builder-el-0  el_before_av_heading  avia-builder-el-first   container_wrap sidebar_right'  ><\/div><div id='after_full_slider_1'  class='main_color av_default_container_wrap container_wrap sidebar_right'  ><div class='container av-section-cont-open' ><div class='template-page content  av-content-small alpha units'><div class='post-entry post-entry-type-page post-entry-566'><div class='entry-content-wrapper clearfix'>\n\n<style type=\"text\/css\" data-created_by=\"avia_inline_auto\" id=\"style-css-av-kk2ujwz3-dc40b00bfe75e16e2143c3f89e6964e0\">\n#top .av-special-heading.av-kk2ujwz3-dc40b00bfe75e16e2143c3f89e6964e0{\npadding-bottom:10px;\n}\nbody .av-special-heading.av-kk2ujwz3-dc40b00bfe75e16e2143c3f89e6964e0 .av-special-heading-tag .heading-char{\nfont-size:25px;\n}\n.av-special-heading.av-kk2ujwz3-dc40b00bfe75e16e2143c3f89e6964e0 .av-subheading{\nfont-size:15px;\n}\n<\/style>\n<div  class='av-special-heading av-kk2ujwz3-dc40b00bfe75e16e2143c3f89e6964e0 av-special-heading-h2  avia-builder-el-1  el_after_av_slideshow_full  el_before_av_textblock  avia-builder-el-first '><h2 class='av-special-heading-tag'  itemprop=\"headline\"  >J\u00e4\u00e4k\u00e4riliike<\/h2><div class=\"special-heading-border\"><div class=\"special-heading-inner-border\"><\/div><\/div><\/div>\n<section  class='av_textblock_section av-6mvz2-df52b3db56426f284f61f28144eab808 '   itemscope=\"itemscope\" itemtype=\"https:\/\/schema.org\/CreativeWork\" ><div class='avia_textblock'  itemprop=\"text\" ><p>J\u00e4\u00e4k\u00e4riliikkeen ja siten Kuninkaallisen Preussin J\u00e4\u00e4k\u00e4ripataljoona 27:n synnyn taustana ovat Suomen historian niin sanotut sortovuodet, toisin sanoen Ven\u00e4j\u00e4n keisarikunnan pyrkimys Suomen suuriruhtinaskunnan ven\u00e4l\u00e4ist\u00e4miseen ja sen sis\u00e4isen autonomian h\u00e4vitt\u00e4miseen.<\/p>\n<p>Ensimm\u00e4isen vuosiin 1899-1905 ajoittuneen ja vuonna 1908 alkaneen toisen sortokauden j\u00e4ljilt\u00e4 maamme tulevaisuus n\u00e4ytti lohduttomalta. Maassa vallitsi voimakas ven\u00e4l\u00e4isvastainen mieliala. Erityisen vihamielisesti Ven\u00e4j\u00e4\u00e4n suhtautui nuoriso, jolla ei ollut omakohtaisia muistoja vuotta 1899 edelt\u00e4neest\u00e4 suomalais-ven\u00e4l\u00e4isest\u00e4 yhteisymm\u00e4rryksen ajasta.<\/p>\n<p>Ensimm\u00e4isen maailmansodan sytytty\u00e4 vuonna 1914 Suomessa toivottiin yleisesti Ven\u00e4j\u00e4n tappiota. Toiveita lis\u00e4siv\u00e4t ven\u00e4l\u00e4isten sodan alkuvaiheessa k\u00e4rsim\u00e4t raskaat vastoink\u00e4ymiset. Helsingin ylioppilaspiireiss\u00e4 syntyi uusi aktivistinen liike ensimm\u00e4isen sortokauden aikaisen liikkeen hengess\u00e4. Haluttiin tehd\u00e4 jotain Ven\u00e4j\u00e4n tappion jouduttamiseksi.<\/p>\n<p>Marraskuussa 1914 Helsingin lehdiss\u00e4 julkistettiin uusi laaja ven\u00e4l\u00e4ist\u00e4misohjelma, joka olisi toteutettuna merkinnyt Suomen autonomian rippeidenkin h\u00e4vitt\u00e4mist\u00e4. Uutisen her\u00e4tt\u00e4m\u00e4 kiihtymys ajoi toisistaan tiet\u00e4m\u00e4tt\u00e4 toimineet pienet aktivistiryhm\u00e4t yhteen. Helsingin Ostrobotnian kassahuoneessa pidettiin marraskuun 20. p\u00e4iv\u00e4n iltana er\u00e4\u00e4nlainen Suomen itsen\u00e4isyysliikkeen j\u00e4rjest\u00e4ytymiskokous. Siin\u00e4 katsottiin v\u00e4ltt\u00e4m\u00e4tt\u00f6m\u00e4ksi irrottaa Suomi Ven\u00e4j\u00e4st\u00e4. Kun t\u00e4m\u00e4 tavoite oli ilmeisesti saavutettavissa vain voimakeinoin, p\u00e4\u00e4tettiin ryhty\u00e4 toimenpiteisiin kansanarmeijan luomiseksi.<\/p>\n<p>Itsen\u00e4isyysliikkeen johtoelin koostui aluksi nuorista, enimm\u00e4kseen kuitenkin jo akateemisen loppututkinnon suorittaneista kansalaisista. He katsoivat tulevan kansanarmeijan tarvitsevan aseita ja koulutettuja johtajia. Yritykset hankkia koulutusta kotimaassa, Ruotsissa ja Tanskassa eiv\u00e4t johtaneet tuloksiin. Sen sijaan Saksa antoi my\u00f6nteisen vastauksen.<\/p>\n<p>Tammikuussa 1915 Saksan sotilasjohto ja ulkoministeri\u00f6 p\u00e4\u00e4ttiv\u00e4t antaa sotilaskoulutuksen 200 suomalaiselle. Ylioppilaspiireiss\u00e4 alkoi heti kiireinen Saksaan v\u00e4rv\u00e4ys. Aluksi kaikki p\u00e4\u00e4siv\u00e4t vaikeuksitta ulkomaanpassejaan k\u00e4ytt\u00e4en Ruotsin kautta Saksaan. Koulutus tapahtui Lockstedtin leirill\u00e4 Holsteiniss\u00e4. Suomalaisia ei pidetty sotilaina, vaan he olivat partiopoikien puvuissa ja heit\u00e4 kutsuttiin Pfadfindereiksi. Koulutusajaksi oli aluksi m\u00e4\u00e4r\u00e4tty nelj\u00e4 viikkoa, mutta sit\u00e4 jatkettiin kerta toisensa j\u00e4lkeen.<\/p>\n<p>Monien suunnittelu- ja neuvotteluvaiheiden j\u00e4lkeen Saksan keisari Wilhelm II allekirjoitti elokuun lopussa 1915 k\u00e4skyn, jolla Pfadfinderkurssi laajennettiin vahvennetuksi j\u00e4\u00e4k\u00e4ripataljoonaksi. Tavoitevahvuudeksi suunniteltiin 2000 miest\u00e4. Nyt alkoi lis\u00e4miehist\u00f6n hankkiminen. Aluksi v\u00e4rv\u00e4ttiin sodan alussa Saksaan j\u00e4\u00e4neit\u00e4 suomalaisia. T\u00e4ydennysmiehist\u00f6n p\u00e4\u00e4osa oli kuitenkin saatava Suomesta. V\u00e4rv\u00e4ystoiminnan johtoelimeksi muodostettiin komitea, jossa olivat edustettuna kaikki porvarilliset puolueet, Vaikka sosialidemokraattinen puolue j\u00e4i komitean ulkopuolelle, suhtautuivat monet puolueen johtajat my\u00f6nteisesti itsen\u00e4isyysliikkeeseen ja tekiv\u00e4t sille merkitt\u00e4vi\u00e4 palveluksia. Liikkeell\u00e4 ei ollut mink\u00e4\u00e4nlaisia sis\u00e4poliittisia tavoitteita ja n\u00e4in ollen sen kannattajien ja vastustajien raja ei noudattanut poliittisia puolueita.<\/p>\n<p>Ven\u00e4l\u00e4isten miehitt\u00e4m\u00e4ss\u00e4 ja tarkoin vartioimassa maassa alkoi salainen v\u00e4rv\u00e4ystoiminta, jossa paikallisina v\u00e4rv\u00e4\u00e4jin\u00e4 olivat yleens\u00e4 tavalliset siviilimiehet, joiden ammattijakautuma oli kirjava, mutta jotka olivat useimmiten paikkakunnallaan tunnettuja ja arvostettuja henkil\u00f6it\u00e4.<\/p>\n<p>Ulkomaanpassia ei syksyll\u00e4 1915 en\u00e4\u00e4 my\u00f6nnetty 19-35-vuotiaille miehille. Miesten oli l\u00e4hdett\u00e4v\u00e4 Saksaan salaa. T\u00e4t\u00e4 varten perustettiin rajan ylitt\u00e4ji\u00e4 varten er\u00e4\u00e4nlaisia etappeja, joiden yll\u00e4pit\u00e4jin\u00e4 olivat paikalliset asukkaat. Etappien henkil\u00f6st\u00f6 ja rajan ylitt\u00e4j\u00e4t olivat jatkuvasti kiinnijoutumisen pelossa.<\/p>\n<p>T\u00e4rkein etappitie vei Kemist\u00e4 Haaparantaan. Toinen t\u00e4rke\u00e4 reitti kulki Tornion etapin kautta. Etel\u00e4-Pohjanmaalta meni tulevia j\u00e4\u00e4k\u00e4reit\u00e4 my\u00f6s j\u00e4\u00e4t\u00e4 pitkin Uumajaan. Ven\u00e4l\u00e4iset saivat vihi\u00e4 j\u00e4\u00e4k\u00e4riliikkeest\u00e4 jo syksyll\u00e4 1915 ja ryhtyiv\u00e4t vastatoimenpiteisiin. He onnistuivat vangitsemaan noin 50 aktivistia.<\/p>\n<p>Vaarallisissa ja vaikeissa olosuhteissa tapahtunut v\u00e4rv\u00e4ys ei edellytt\u00e4nyt eik\u00e4 mahdollistanut tarjokkaiden karsintaa. Suomalainen j\u00e4\u00e4k\u00e4rijoukko oli er\u00e4\u00e4nlainen pienoiskokoinen kansanarmeija, sill\u00e4 siin\u00e4 olivat edustettuna kaikki ammattiryhm\u00e4t ja ik\u00e4luokat v\u00e4lill\u00e4 15-50 vuotta. Esimerkiksi opiskelijoita oli noin 300, koululaisia 150-200, ty\u00f6l\u00e4isi\u00e4 yli 500 ja maanviljelij\u00f6it\u00e4 pienviljelij\u00e4t ja torpparit mukaan luettuna l\u00e4hes 300.<\/p>\n<p>Osa ei soveltunut taistelutoimintaan ja n\u00e4in ollen Saksassa olleista1890 kirjatusta j\u00e4\u00e4k\u00e4rist\u00e4 vain 1261 p\u00e4\u00e4si osallistumaan Suomen Ven\u00e4j\u00e4n vallasta irrottamisen vaatimaan vapaussotaan, joka oli j\u00e4\u00e4k\u00e4rien saapuessa Suomeen muuttunut l\u00e4hinn\u00e4 kansalaissodaksi. Taistelujoukkoihin soveltumattomat sijoitettiin Saksassa siviility\u00f6paikkoihin. Enemmist\u00f6 oli kuitenkin hyv\u00e4\u00e4 sotilasainesta. P\u00e4\u00e4llyst\u00f6ainesta oli hyvin runsaasti.<\/p>\n<p>Suomalaisten vapaaehtoisten oikeudellinen asema muuttui elo-syyskuun vaihteessa 1915. Heist\u00e4 tuli Saksan armeijan sotilaita. Heilt\u00e4 ei kuitenkaan vaadittu sotilasvalaa, vaan he tekiv\u00e4t sitoutumisen palvella Saksaa.<\/p>\n<p>J\u00e4\u00e4k\u00e4reiden koulutus oli tehokasta, kovaa ja hyvin pikkutarkkaa. Sodassa saadut kokemukset otettiin koulutuksessa huomioon. Osa sai johtajakoulutusta. Suomalaiset saivat tunnustusta saksalaisilta kouluttajiltaan erityisesti ampumataitonsa, marssikykyns\u00e4 ja urheilusuoritustensa johdosta.<\/p>\n<p>Suomalaiset j\u00e4\u00e4k\u00e4rit siirrettiin Saksan it\u00e4rintamalle kev\u00e4\u00e4ll\u00e4 1916. T\u00e4ss\u00e4 yhteydess\u00e4 suomalainen joukko-osasto sai nimen Kuninkaallinen Preussin J\u00e4\u00e4k\u00e4ripataljoona 27. Pataljoona oli rintamavastuussa verrattain hiljaisella rintamalla Latviassa Riikan lounaispuolella kes\u00e4kuusta 1916 maaliskuuhun 1917. Pataljoona k\u00e4rsi t\u00e4n\u00e4 aikana 13 miehen tappiot kaatuneina tai kadonneina ja 49 miehen haavoittuneina. Suoper\u00e4isen alueen ep\u00e4terveellinen ilmasto aiheutti kuitenkin osaltaan sen, ett\u00e4 monet j\u00e4\u00e4k\u00e4rit menehtyiv\u00e4t tai sairastuivat erilaisiin tauteihin. Erityisesti malaria ja tuberkuloosi olivat sotilaiden vaivana.<\/p>\n<p>Rintamallaolo vaiheen j\u00e4lkeen j\u00e4\u00e4k\u00e4ripataljoona siirrettiin reserviksi Libauhin. T\u00e4m\u00e4 vaihe oli vaikea, sill\u00e4 j\u00e4\u00e4k\u00e4rit odottivat paluuta Suomeen. Odottelu kesti kuitenkin viel\u00e4 11 kuukautta. Huolimatta tehokkaasta koulutuksesta ja erilaisista kursseista vaivasi monia j\u00e4\u00e4k\u00e4reit\u00e4 syv\u00e4llinen koti-ik\u00e4v\u00e4.<\/p>\n<p>Muutamia kymmeni\u00e4 pfadfindereit\u00e4 ja j\u00e4\u00e4k\u00e4reit\u00e4 oli l\u00e4hetetty Suomeen v\u00e4rv\u00e4ys-, tiedustelu- tai sabotaasiteht\u00e4viin. Heist\u00e4 19 oli joutunut ven\u00e4l\u00e4isten k\u00e4siin. Osa joutui yhdess\u00e4 60 siviilimiesaktivistin kanssa Pietariin Spalernajan vankilaan. Heit\u00e4 kutsuttiin kalterij\u00e4\u00e4k\u00e4reiksi.<\/p>\n<p>Yhteens\u00e4 38 j\u00e4\u00e4k\u00e4ri\u00e4 tuli Suomeen syksyll\u00e4 1917 mukanaan Saksasta saatuja aseita. Heist\u00e4 kahdeksan tuli saksalaisella sukellusveneell\u00e4. J\u00e4\u00e4k\u00e4reiden p\u00e4\u00e4joukon paluuta Suomeen viivyttiv\u00e4t Saksan ja Ven\u00e4j\u00e4n v\u00e4lill\u00e4 joulukuussa 1917 alkaneet rauhanneuvottelut Brest-Litovskissa. Suomen itsen\u00e4istytty\u00e4 ei esteit\u00e4 en\u00e4\u00e4 ollut.<\/p>\n<p>Kauan odotettu paluu Suomeen alkoi siten, ett\u00e4 helmikuun 13. p\u00e4iv\u00e4n\u00e4 1918 J\u00e4\u00e4k\u00e4ripataljoona 27 hajotettiin Saksassa virallisesti, mink\u00e4 j\u00e4lkeen j\u00e4\u00e4k\u00e4rit vannoivat sotilasvalan Suomen lailliselle hallitukselle. Seuraavana p\u00e4iv\u00e4n\u00e4 alkoi kotimatka. Matkustajalaiva Arcturukseen ja rahtilaiva Castoriin sijoitettiin 950 j\u00e4\u00e4k\u00e4ri\u00e4. J\u00e4\u00e4nmurtaja Sammon per\u00e4ss\u00e4 n\u00e4m\u00e4 laivat saapuivat Vaasaan 25.2.1918 t\u00e4sm\u00e4lleen kolme vuotta sen j\u00e4lkeen, kun pfadfindereiden koulutus Saksassa oli alkanut. P\u00e4iv\u00e4\u00e4 my\u00f6hemmin j\u00e4\u00e4k\u00e4rit esiintyiv\u00e4t Vaasan torilla paraatissa viimeisen kerran yhdess\u00e4. Sen j\u00e4lkeen he hajautuivat laillisen hallituksen joukkojen eri teht\u00e4viin. Kaksi kolmattaosaa toimi aliupseerin ja yksi kolmasosa upseerin teht\u00e4viss\u00e4 rintamajoukkojen johtajina, kouluttajina ja taistelijoina.<\/p>\n<p>J\u00e4\u00e4k\u00e4reiden vaikutus oli vuoden 1918 vapaussota-kansalaissodassa sodan kulkuun eritt\u00e4in suuri ja jopa ratkaiseva. Laillisen hallituksen joukkojen k\u00e4rsimist\u00e4 tappioista j\u00e4\u00e4k\u00e4rit k\u00e4rsiv\u00e4t poikkeuksellisen suuren osan. Lyhyess\u00e4 sodassa kaatui 127 j\u00e4\u00e4k\u00e4ri\u00e4 ja 238 haavoittui sotaan osallistuneista 1261 j\u00e4\u00e4k\u00e4rist\u00e4.<\/p>\n<p>Sodan j\u00e4lkeen valtaosa j\u00e4\u00e4k\u00e4reist\u00e4 palasi siviiliel\u00e4m\u00e4\u00e4n. P\u00e4\u00e4osa oli ty\u00f6miehi\u00e4, pienviljelij\u00f6it\u00e4 ja toimenhaltijoita. Joitakin j\u00e4\u00e4k\u00e4reit\u00e4 nousi talous- tai kulttuuriel\u00e4m\u00e4n huipulle. Osa jatkoi sotilasuralla. Heid\u00e4n vaikutuksensa Suomen puolustusvoimien kehitt\u00e4misess\u00e4 oli hyvin suuri 1950-luvulle asti. Yhteens\u00e4 49 j\u00e4\u00e4k\u00e4riupseeria sai kenraalin sotilasarvon. Valtaosa j\u00e4\u00e4k\u00e4reist\u00e4 osallistui viel\u00e4 talvi- ja jatkosotaan, osa hyvin merkitt\u00e4viss\u00e4 teht\u00e4viss\u00e4. Taistellen saavutettujen eritt\u00e4in t\u00e4rkeiden tulosten tai erityisen ansiokkaasti johdettujen sotatoimien palkitsemiseksi heist\u00e4 20 nimitettiin Mannerheim-ristin ritariksi.<\/p>\n<p style=\"text-align: center;\">***<\/p>\n<p><strong><a href=\"https:\/\/jp27.fi\/\" target=\"_blank\" rel=\"noopener\">T\u00e4st\u00e4 linkist\u00e4 p\u00e4\u00e4see J\u00e4\u00e4k\u00e4ripataljoona 27:n Perinneyhdistys r.y. \u2013 F\u00f6reningen J\u00e4garbataljon 27:s Traditioner r.f. sivuille.<\/a><\/strong><\/p>\n<\/div><\/section>\n","protected":false},"excerpt":{"rendered":"","protected":false},"author":1,"featured_media":0,"parent":105,"menu_order":1,"comment_status":"closed","ping_status":"closed","template":"","meta":{"footnotes":""},"class_list":["post-566","page","type-page","status-publish","hentry"],"yoast_head":"<!-- This site is optimized with the Yoast SEO plugin v27.5 - https:\/\/yoast.com\/product\/yoast-seo-wordpress\/ -->\n<title>J\u00e4\u00e4k\u00e4riliike - Veteraanien Perint\u00f6<\/title>\n<meta name=\"robots\" content=\"index, follow, max-snippet:-1, max-image-preview:large, max-video-preview:-1\" \/>\n<link rel=\"canonical\" href=\"https:\/\/veteraanienperinto.fi\/index.php\/tietopankit\/muita-jarjestoja\/jaakariliike\/\" \/>\n<meta property=\"og:locale\" content=\"fi_FI\" \/>\n<meta property=\"og:type\" content=\"article\" \/>\n<meta property=\"og:title\" content=\"J\u00e4\u00e4k\u00e4riliike - Veteraanien Perint\u00f6\" \/>\n<meta property=\"og:url\" content=\"https:\/\/veteraanienperinto.fi\/index.php\/tietopankit\/muita-jarjestoja\/jaakariliike\/\" \/>\n<meta property=\"og:site_name\" content=\"Veteraanien Perint\u00f6\" \/>\n<meta property=\"article:modified_time\" content=\"2021-01-18T17:32:59+00:00\" \/>\n<meta name=\"twitter:card\" content=\"summary_large_image\" \/>\n<meta name=\"twitter:label1\" content=\"Arvioitu lukuaika\" \/>\n\t<meta name=\"twitter:data1\" content=\"7 minuuttia\" \/>\n<script type=\"application\/ld+json\" class=\"yoast-schema-graph\">{\"@context\":\"https:\\\/\\\/schema.org\",\"@graph\":[{\"@type\":\"WebPage\",\"@id\":\"https:\\\/\\\/veteraanienperinto.fi\\\/index.php\\\/tietopankit\\\/muita-jarjestoja\\\/jaakariliike\\\/\",\"url\":\"https:\\\/\\\/veteraanienperinto.fi\\\/index.php\\\/tietopankit\\\/muita-jarjestoja\\\/jaakariliike\\\/\",\"name\":\"J\u00e4\u00e4k\u00e4riliike - Veteraanien Perint\u00f6\",\"isPartOf\":{\"@id\":\"https:\\\/\\\/veteraanienperinto.fi\\\/#website\"},\"datePublished\":\"2020-08-29T10:25:55+00:00\",\"dateModified\":\"2021-01-18T17:32:59+00:00\",\"breadcrumb\":{\"@id\":\"https:\\\/\\\/veteraanienperinto.fi\\\/index.php\\\/tietopankit\\\/muita-jarjestoja\\\/jaakariliike\\\/#breadcrumb\"},\"inLanguage\":\"fi\",\"potentialAction\":[{\"@type\":\"ReadAction\",\"target\":[\"https:\\\/\\\/veteraanienperinto.fi\\\/index.php\\\/tietopankit\\\/muita-jarjestoja\\\/jaakariliike\\\/\"]}]},{\"@type\":\"BreadcrumbList\",\"@id\":\"https:\\\/\\\/veteraanienperinto.fi\\\/index.php\\\/tietopankit\\\/muita-jarjestoja\\\/jaakariliike\\\/#breadcrumb\",\"itemListElement\":[{\"@type\":\"ListItem\",\"position\":1,\"name\":\"Etusivu\",\"item\":\"https:\\\/\\\/veteraanienperinto.fi\\\/index.php\\\/etusivu-2\\\/\"},{\"@type\":\"ListItem\",\"position\":2,\"name\":\"Tietopankit\",\"item\":\"https:\\\/\\\/veteraanienperinto.fi\\\/index.php\\\/tietopankit\\\/\"},{\"@type\":\"ListItem\",\"position\":3,\"name\":\"Muita j\u00e4rjest\u00f6j\u00e4\",\"item\":\"https:\\\/\\\/veteraanienperinto.fi\\\/index.php\\\/tietopankit\\\/muita-jarjestoja\\\/\"},{\"@type\":\"ListItem\",\"position\":4,\"name\":\"J\u00e4\u00e4k\u00e4riliike\"}]},{\"@type\":\"WebSite\",\"@id\":\"https:\\\/\\\/veteraanienperinto.fi\\\/#website\",\"url\":\"https:\\\/\\\/veteraanienperinto.fi\\\/\",\"name\":\"Veteraanien Perint\u00f6\",\"description\":\"Kadettikunta\",\"potentialAction\":[{\"@type\":\"SearchAction\",\"target\":{\"@type\":\"EntryPoint\",\"urlTemplate\":\"https:\\\/\\\/veteraanienperinto.fi\\\/?s={search_term_string}\"},\"query-input\":{\"@type\":\"PropertyValueSpecification\",\"valueRequired\":true,\"valueName\":\"search_term_string\"}}],\"inLanguage\":\"fi\"}]}<\/script>\n<!-- \/ Yoast SEO plugin. -->","yoast_head_json":{"title":"J\u00e4\u00e4k\u00e4riliike - Veteraanien Perint\u00f6","robots":{"index":"index","follow":"follow","max-snippet":"max-snippet:-1","max-image-preview":"max-image-preview:large","max-video-preview":"max-video-preview:-1"},"canonical":"https:\/\/veteraanienperinto.fi\/index.php\/tietopankit\/muita-jarjestoja\/jaakariliike\/","og_locale":"fi_FI","og_type":"article","og_title":"J\u00e4\u00e4k\u00e4riliike - Veteraanien Perint\u00f6","og_url":"https:\/\/veteraanienperinto.fi\/index.php\/tietopankit\/muita-jarjestoja\/jaakariliike\/","og_site_name":"Veteraanien Perint\u00f6","article_modified_time":"2021-01-18T17:32:59+00:00","twitter_card":"summary_large_image","twitter_misc":{"Arvioitu lukuaika":"7 minuuttia"},"schema":{"@context":"https:\/\/schema.org","@graph":[{"@type":"WebPage","@id":"https:\/\/veteraanienperinto.fi\/index.php\/tietopankit\/muita-jarjestoja\/jaakariliike\/","url":"https:\/\/veteraanienperinto.fi\/index.php\/tietopankit\/muita-jarjestoja\/jaakariliike\/","name":"J\u00e4\u00e4k\u00e4riliike - Veteraanien Perint\u00f6","isPartOf":{"@id":"https:\/\/veteraanienperinto.fi\/#website"},"datePublished":"2020-08-29T10:25:55+00:00","dateModified":"2021-01-18T17:32:59+00:00","breadcrumb":{"@id":"https:\/\/veteraanienperinto.fi\/index.php\/tietopankit\/muita-jarjestoja\/jaakariliike\/#breadcrumb"},"inLanguage":"fi","potentialAction":[{"@type":"ReadAction","target":["https:\/\/veteraanienperinto.fi\/index.php\/tietopankit\/muita-jarjestoja\/jaakariliike\/"]}]},{"@type":"BreadcrumbList","@id":"https:\/\/veteraanienperinto.fi\/index.php\/tietopankit\/muita-jarjestoja\/jaakariliike\/#breadcrumb","itemListElement":[{"@type":"ListItem","position":1,"name":"Etusivu","item":"https:\/\/veteraanienperinto.fi\/index.php\/etusivu-2\/"},{"@type":"ListItem","position":2,"name":"Tietopankit","item":"https:\/\/veteraanienperinto.fi\/index.php\/tietopankit\/"},{"@type":"ListItem","position":3,"name":"Muita j\u00e4rjest\u00f6j\u00e4","item":"https:\/\/veteraanienperinto.fi\/index.php\/tietopankit\/muita-jarjestoja\/"},{"@type":"ListItem","position":4,"name":"J\u00e4\u00e4k\u00e4riliike"}]},{"@type":"WebSite","@id":"https:\/\/veteraanienperinto.fi\/#website","url":"https:\/\/veteraanienperinto.fi\/","name":"Veteraanien Perint\u00f6","description":"Kadettikunta","potentialAction":[{"@type":"SearchAction","target":{"@type":"EntryPoint","urlTemplate":"https:\/\/veteraanienperinto.fi\/?s={search_term_string}"},"query-input":{"@type":"PropertyValueSpecification","valueRequired":true,"valueName":"search_term_string"}}],"inLanguage":"fi"}]}},"_links":{"self":[{"href":"https:\/\/veteraanienperinto.fi\/index.php\/wp-json\/wp\/v2\/pages\/566","targetHints":{"allow":["GET"]}}],"collection":[{"href":"https:\/\/veteraanienperinto.fi\/index.php\/wp-json\/wp\/v2\/pages"}],"about":[{"href":"https:\/\/veteraanienperinto.fi\/index.php\/wp-json\/wp\/v2\/types\/page"}],"author":[{"embeddable":true,"href":"https:\/\/veteraanienperinto.fi\/index.php\/wp-json\/wp\/v2\/users\/1"}],"replies":[{"embeddable":true,"href":"https:\/\/veteraanienperinto.fi\/index.php\/wp-json\/wp\/v2\/comments?post=566"}],"version-history":[{"count":7,"href":"https:\/\/veteraanienperinto.fi\/index.php\/wp-json\/wp\/v2\/pages\/566\/revisions"}],"predecessor-version":[{"id":9928,"href":"https:\/\/veteraanienperinto.fi\/index.php\/wp-json\/wp\/v2\/pages\/566\/revisions\/9928"}],"up":[{"embeddable":true,"href":"https:\/\/veteraanienperinto.fi\/index.php\/wp-json\/wp\/v2\/pages\/105"}],"wp:attachment":[{"href":"https:\/\/veteraanienperinto.fi\/index.php\/wp-json\/wp\/v2\/media?parent=566"}],"curies":[{"name":"wp","href":"https:\/\/api.w.org\/{rel}","templated":true}]}}