{"id":5777,"date":"2020-11-17T18:41:50","date_gmt":"2020-11-17T18:41:50","guid":{"rendered":"https:\/\/veteraani.ylirotu.fi\/?page_id=5777"},"modified":"2021-01-26T18:35:52","modified_gmt":"2021-01-26T18:35:52","slug":"befastningsarbetet","status":"publish","type":"page","link":"https:\/\/veteraanienperinto.fi\/index.php\/sv\/fortsattningskriget\/fortsattningkrigets-bakgrund\/befastningsarbetet\/","title":{"rendered":"Bef\u00e4stningsarbetet"},"content":{"rendered":"<div id='full_slider_1'  class='avia-fullwidth-slider main_color avia-shadow   avia-builder-el-0  el_before_av_heading  avia-builder-el-first   container_wrap sidebar_right'  >\n<style type=\"text\/css\" data-created_by=\"avia_inline_auto\" id=\"style-css-av-uycsr-aee0c9a5e7ec95c4ac162e43ddfdb907\">\n#top .avia-slideshow .av-slideshow-caption.av-uycsr-aee0c9a5e7ec95c4ac162e43ddfdb907__0 .avia-caption-content{\nfont-size:16px;\n}\n#top .avia-slideshow .av-slideshow-caption.av-uycsr-aee0c9a5e7ec95c4ac162e43ddfdb907__0 .avia-caption-content p{\nfont-size:16px;\n}\n<\/style>\n<div  class='avia-slideshow av-uycsr-aee0c9a5e7ec95c4ac162e43ddfdb907 avia-slideshow-featured av_slideshow_full avia-slide-slider av-slideshow-ui av-control-default av-slideshow-manual av-loop-once av-loop-manual-endless av-default-height-applied   avia-slideshow-1' data-slideshow-options=\"{&quot;animation&quot;:&quot;slide&quot;,&quot;autoplay&quot;:false,&quot;loop_autoplay&quot;:&quot;once&quot;,&quot;interval&quot;:5,&quot;loop_manual&quot;:&quot;manual-endless&quot;,&quot;autoplay_stopper&quot;:false,&quot;noNavigation&quot;:false,&quot;bg_slider&quot;:false,&quot;keep_padding&quot;:false,&quot;hoverpause&quot;:false,&quot;show_slide_delay&quot;:0}\"  itemprop=\"image\" itemscope=\"itemscope\" itemtype=\"https:\/\/schema.org\/ImageObject\" ><ul class='avia-slideshow-inner ' style='padding-bottom: 28.666666666667%;'><li  class='avia-slideshow-slide av-uycsr-aee0c9a5e7ec95c4ac162e43ddfdb907__0  av-single-slide slide-1 slide-odd'><div data-rel='slideshow-1' class='avia-slide-wrap '   ><div class='av-slideshow-caption av-uycsr-aee0c9a5e7ec95c4ac162e43ddfdb907__0 caption_fullwidth caption_bottom caption_bottom_framed caption_framed'><div class=\"container caption_container\"><div class=\"slideshow_caption\"><div class=\"slideshow_inner_caption\"><div class=\"slideshow_align_caption\"><div class='avia-caption-content '  itemprop=\"description\" ><p>F\u00e4stningskontoret (avdelning IV)<\/p>\n<\/div><\/div><\/div><\/div><\/div><\/div><img decoding=\"async\" fetchpriority=\"high\" class=\"wp-image-3907 avia-img-lazy-loading-not-3907\"  src=\"https:\/\/veteraanienperinto.fi\/wp-content\/uploads\/2020\/09\/linnoittaminen_jatkosota-1500x430.png\" width=\"1500\" height=\"430\" title='linnoittaminen_jatkosota' alt=''  itemprop=\"thumbnailUrl\" srcset=\"https:\/\/veteraanienperinto.fi\/wp-content\/uploads\/2020\/09\/linnoittaminen_jatkosota.png 1500w, https:\/\/veteraanienperinto.fi\/wp-content\/uploads\/2020\/09\/linnoittaminen_jatkosota-300x86.png 300w, https:\/\/veteraanienperinto.fi\/wp-content\/uploads\/2020\/09\/linnoittaminen_jatkosota-1030x295.png 1030w, https:\/\/veteraanienperinto.fi\/wp-content\/uploads\/2020\/09\/linnoittaminen_jatkosota-768x220.png 768w, https:\/\/veteraanienperinto.fi\/wp-content\/uploads\/2020\/09\/linnoittaminen_jatkosota-705x202.png 705w\" sizes=\"(max-width: 1500px) 100vw, 1500px\" \/><\/div><\/li><\/ul><\/div><\/div><div id='after_full_slider_1'  class='main_color av_default_container_wrap container_wrap sidebar_right'  ><div class='container av-section-cont-open' ><div class='template-page content  av-content-small alpha units'><div class='post-entry post-entry-type-page post-entry-5777'><div class='entry-content-wrapper clearfix'>\n\n<style type=\"text\/css\" data-created_by=\"avia_inline_auto\" id=\"style-css-av-kkecbldv-59ae6a10245a2a883ee26a7f0f4f00ca\">\n#top .av-special-heading.av-kkecbldv-59ae6a10245a2a883ee26a7f0f4f00ca{\npadding-bottom:10px;\n}\nbody .av-special-heading.av-kkecbldv-59ae6a10245a2a883ee26a7f0f4f00ca .av-special-heading-tag .heading-char{\nfont-size:25px;\n}\n.av-special-heading.av-kkecbldv-59ae6a10245a2a883ee26a7f0f4f00ca .av-subheading{\nfont-size:15px;\n}\n<\/style>\n<div  class='av-special-heading av-kkecbldv-59ae6a10245a2a883ee26a7f0f4f00ca av-special-heading-h2  avia-builder-el-1  el_after_av_slideshow_full  el_before_av_textblock  avia-builder-el-first '><h2 class='av-special-heading-tag'  itemprop=\"headline\"  >Bef\u00e4stningsarbetet<\/h2><div class=\"special-heading-border\"><div class=\"special-heading-inner-border\"><\/div><\/div><\/div>\n<section  class='av_textblock_section av-7n4lv-121e1d4750f2cc55c5010c0544c240ac '   itemscope=\"itemscope\" itemtype=\"https:\/\/schema.org\/CreativeWork\" ><div class='avia_textblock'  itemprop=\"text\" ><p>Som skydd f\u00f6r de nya gr\u00e4nserna p\u00e5 b\u00f6rjades bef\u00e4stningsarbete i stor skala. I slutet av 1940 var som mest 35 000 man och 2 000 lottor i arbete. Resultaten var mycket betydande f\u00f6r f\u00f6rsvarsberedskapens vidkommande. Slutligt f\u00e4rdigst\u00e4lldes 728 betongbef\u00e4stningar, n\u00e4ra nog 3 000 f\u00e4ltbef\u00e4stningar av tr\u00e4, 225 kilometer stenhinder mot pansarvagnar, 350 kilometer inspr\u00e4ngda eller med tr\u00e4konstruktioner st\u00f6ttade strids- och f\u00f6rbindelsegravar samt ett stort antal andra bef\u00e4stningsanordningar, dammar, taggtr\u00e5dshinder, f\u00e4ltv\u00e4gar och brotrummor fr\u00e5n Finska viken till Salpa-st\u00e4llningarna, som str\u00e4ckte sig \u00e4nda till Salla. Speciellt starka bef\u00e4stningar byggdes i den s\u00f6dra delen mellan Finska viken och Kivij\u00e4rvi.<\/p>\n<p>Bef\u00e4stningen av Salpa-st\u00e4llningarna var Finlands st\u00f6rsta byggnadsprojekt tills dess och de bastanta betongbef\u00e4stningarna som \u00e4nnu finns i terr\u00e4ngen bibeh\u00e5lls l\u00e5ngt in i framtiden som en bekr\u00e4ftelse p\u00e5 Finlands folks beslutsamhet att vid behov f\u00f6rsvara sin sj\u00e4lvst\u00e4ndighet. Ett arv till senare sl\u00e4ktled \u00e4r ocks\u00e5 att man f\u00f6r f\u00f6rsta g\u00e5ngen till\u00e4mpade s\u00e5 kallat omr\u00e5desbyggande, vilket efter detta ocks\u00e5 har anv\u00e4nts inom annan byggnadsverksamhet.<\/p>\n<\/div><\/section>\n","protected":false},"excerpt":{"rendered":"","protected":false},"author":1,"featured_media":0,"parent":5765,"menu_order":2,"comment_status":"closed","ping_status":"closed","template":"","meta":{"footnotes":""},"class_list":["post-5777","page","type-page","status-publish","hentry"],"yoast_head":"<!-- This site is optimized with the Yoast SEO plugin v27.5 - https:\/\/yoast.com\/product\/yoast-seo-wordpress\/ -->\n<title>Bef\u00e4stningsarbetet - Veteraanien Perint\u00f6<\/title>\n<meta name=\"robots\" content=\"index, follow, max-snippet:-1, max-image-preview:large, max-video-preview:-1\" \/>\n<link rel=\"canonical\" href=\"https:\/\/veteraanienperinto.fi\/index.php\/sv\/fortsattningskriget\/fortsattningkrigets-bakgrund\/befastningsarbetet\/\" \/>\n<meta property=\"og:locale\" content=\"fi_FI\" \/>\n<meta property=\"og:type\" content=\"article\" \/>\n<meta property=\"og:title\" content=\"Bef\u00e4stningsarbetet - Veteraanien Perint\u00f6\" \/>\n<meta property=\"og:url\" content=\"https:\/\/veteraanienperinto.fi\/index.php\/sv\/fortsattningskriget\/fortsattningkrigets-bakgrund\/befastningsarbetet\/\" \/>\n<meta property=\"og:site_name\" content=\"Veteraanien Perint\u00f6\" \/>\n<meta property=\"article:modified_time\" content=\"2021-01-26T18:35:52+00:00\" \/>\n<meta name=\"twitter:card\" content=\"summary_large_image\" \/>\n<meta name=\"twitter:label1\" content=\"Arvioitu lukuaika\" \/>\n\t<meta name=\"twitter:data1\" content=\"2 minuuttia\" \/>\n<script type=\"application\/ld+json\" class=\"yoast-schema-graph\">{\"@context\":\"https:\\\/\\\/schema.org\",\"@graph\":[{\"@type\":\"WebPage\",\"@id\":\"https:\\\/\\\/veteraanienperinto.fi\\\/index.php\\\/sv\\\/fortsattningskriget\\\/fortsattningkrigets-bakgrund\\\/befastningsarbetet\\\/\",\"url\":\"https:\\\/\\\/veteraanienperinto.fi\\\/index.php\\\/sv\\\/fortsattningskriget\\\/fortsattningkrigets-bakgrund\\\/befastningsarbetet\\\/\",\"name\":\"Bef\u00e4stningsarbetet - Veteraanien Perint\u00f6\",\"isPartOf\":{\"@id\":\"https:\\\/\\\/veteraanienperinto.fi\\\/#website\"},\"datePublished\":\"2020-11-17T18:41:50+00:00\",\"dateModified\":\"2021-01-26T18:35:52+00:00\",\"breadcrumb\":{\"@id\":\"https:\\\/\\\/veteraanienperinto.fi\\\/index.php\\\/sv\\\/fortsattningskriget\\\/fortsattningkrigets-bakgrund\\\/befastningsarbetet\\\/#breadcrumb\"},\"inLanguage\":\"fi\",\"potentialAction\":[{\"@type\":\"ReadAction\",\"target\":[\"https:\\\/\\\/veteraanienperinto.fi\\\/index.php\\\/sv\\\/fortsattningskriget\\\/fortsattningkrigets-bakgrund\\\/befastningsarbetet\\\/\"]}]},{\"@type\":\"BreadcrumbList\",\"@id\":\"https:\\\/\\\/veteraanienperinto.fi\\\/index.php\\\/sv\\\/fortsattningskriget\\\/fortsattningkrigets-bakgrund\\\/befastningsarbetet\\\/#breadcrumb\",\"itemListElement\":[{\"@type\":\"ListItem\",\"position\":1,\"name\":\"Etusivu\",\"item\":\"https:\\\/\\\/veteraanienperinto.fi\\\/index.php\\\/etusivu-2\\\/\"},{\"@type\":\"ListItem\",\"position\":2,\"name\":\"Forts\u00e4ttningskriget\",\"item\":\"https:\\\/\\\/veteraanienperinto.fi\\\/index.php\\\/sv\\\/fortsattningskriget\\\/\"},{\"@type\":\"ListItem\",\"position\":3,\"name\":\"Forts\u00e4ttningkrigets bakgrund\",\"item\":\"https:\\\/\\\/veteraanienperinto.fi\\\/index.php\\\/sv\\\/fortsattningskriget\\\/fortsattningkrigets-bakgrund\\\/\"},{\"@type\":\"ListItem\",\"position\":4,\"name\":\"Bef\u00e4stningsarbetet\"}]},{\"@type\":\"WebSite\",\"@id\":\"https:\\\/\\\/veteraanienperinto.fi\\\/#website\",\"url\":\"https:\\\/\\\/veteraanienperinto.fi\\\/\",\"name\":\"Veteraanien Perint\u00f6\",\"description\":\"Kadettikunta\",\"potentialAction\":[{\"@type\":\"SearchAction\",\"target\":{\"@type\":\"EntryPoint\",\"urlTemplate\":\"https:\\\/\\\/veteraanienperinto.fi\\\/?s={search_term_string}\"},\"query-input\":{\"@type\":\"PropertyValueSpecification\",\"valueRequired\":true,\"valueName\":\"search_term_string\"}}],\"inLanguage\":\"fi\"}]}<\/script>\n<!-- \/ Yoast SEO plugin. -->","yoast_head_json":{"title":"Bef\u00e4stningsarbetet - Veteraanien Perint\u00f6","robots":{"index":"index","follow":"follow","max-snippet":"max-snippet:-1","max-image-preview":"max-image-preview:large","max-video-preview":"max-video-preview:-1"},"canonical":"https:\/\/veteraanienperinto.fi\/index.php\/sv\/fortsattningskriget\/fortsattningkrigets-bakgrund\/befastningsarbetet\/","og_locale":"fi_FI","og_type":"article","og_title":"Bef\u00e4stningsarbetet - Veteraanien Perint\u00f6","og_url":"https:\/\/veteraanienperinto.fi\/index.php\/sv\/fortsattningskriget\/fortsattningkrigets-bakgrund\/befastningsarbetet\/","og_site_name":"Veteraanien Perint\u00f6","article_modified_time":"2021-01-26T18:35:52+00:00","twitter_card":"summary_large_image","twitter_misc":{"Arvioitu lukuaika":"2 minuuttia"},"schema":{"@context":"https:\/\/schema.org","@graph":[{"@type":"WebPage","@id":"https:\/\/veteraanienperinto.fi\/index.php\/sv\/fortsattningskriget\/fortsattningkrigets-bakgrund\/befastningsarbetet\/","url":"https:\/\/veteraanienperinto.fi\/index.php\/sv\/fortsattningskriget\/fortsattningkrigets-bakgrund\/befastningsarbetet\/","name":"Bef\u00e4stningsarbetet - Veteraanien Perint\u00f6","isPartOf":{"@id":"https:\/\/veteraanienperinto.fi\/#website"},"datePublished":"2020-11-17T18:41:50+00:00","dateModified":"2021-01-26T18:35:52+00:00","breadcrumb":{"@id":"https:\/\/veteraanienperinto.fi\/index.php\/sv\/fortsattningskriget\/fortsattningkrigets-bakgrund\/befastningsarbetet\/#breadcrumb"},"inLanguage":"fi","potentialAction":[{"@type":"ReadAction","target":["https:\/\/veteraanienperinto.fi\/index.php\/sv\/fortsattningskriget\/fortsattningkrigets-bakgrund\/befastningsarbetet\/"]}]},{"@type":"BreadcrumbList","@id":"https:\/\/veteraanienperinto.fi\/index.php\/sv\/fortsattningskriget\/fortsattningkrigets-bakgrund\/befastningsarbetet\/#breadcrumb","itemListElement":[{"@type":"ListItem","position":1,"name":"Etusivu","item":"https:\/\/veteraanienperinto.fi\/index.php\/etusivu-2\/"},{"@type":"ListItem","position":2,"name":"Forts\u00e4ttningskriget","item":"https:\/\/veteraanienperinto.fi\/index.php\/sv\/fortsattningskriget\/"},{"@type":"ListItem","position":3,"name":"Forts\u00e4ttningkrigets bakgrund","item":"https:\/\/veteraanienperinto.fi\/index.php\/sv\/fortsattningskriget\/fortsattningkrigets-bakgrund\/"},{"@type":"ListItem","position":4,"name":"Bef\u00e4stningsarbetet"}]},{"@type":"WebSite","@id":"https:\/\/veteraanienperinto.fi\/#website","url":"https:\/\/veteraanienperinto.fi\/","name":"Veteraanien Perint\u00f6","description":"Kadettikunta","potentialAction":[{"@type":"SearchAction","target":{"@type":"EntryPoint","urlTemplate":"https:\/\/veteraanienperinto.fi\/?s={search_term_string}"},"query-input":{"@type":"PropertyValueSpecification","valueRequired":true,"valueName":"search_term_string"}}],"inLanguage":"fi"}]}},"_links":{"self":[{"href":"https:\/\/veteraanienperinto.fi\/index.php\/wp-json\/wp\/v2\/pages\/5777","targetHints":{"allow":["GET"]}}],"collection":[{"href":"https:\/\/veteraanienperinto.fi\/index.php\/wp-json\/wp\/v2\/pages"}],"about":[{"href":"https:\/\/veteraanienperinto.fi\/index.php\/wp-json\/wp\/v2\/types\/page"}],"author":[{"embeddable":true,"href":"https:\/\/veteraanienperinto.fi\/index.php\/wp-json\/wp\/v2\/users\/1"}],"replies":[{"embeddable":true,"href":"https:\/\/veteraanienperinto.fi\/index.php\/wp-json\/wp\/v2\/comments?post=5777"}],"version-history":[{"count":7,"href":"https:\/\/veteraanienperinto.fi\/index.php\/wp-json\/wp\/v2\/pages\/5777\/revisions"}],"predecessor-version":[{"id":10760,"href":"https:\/\/veteraanienperinto.fi\/index.php\/wp-json\/wp\/v2\/pages\/5777\/revisions\/10760"}],"up":[{"embeddable":true,"href":"https:\/\/veteraanienperinto.fi\/index.php\/wp-json\/wp\/v2\/pages\/5765"}],"wp:attachment":[{"href":"https:\/\/veteraanienperinto.fi\/index.php\/wp-json\/wp\/v2\/media?parent=5777"}],"curies":[{"name":"wp","href":"https:\/\/api.w.org\/{rel}","templated":true}]}}