{"id":5805,"date":"2020-11-17T18:51:35","date_gmt":"2020-11-17T18:51:35","guid":{"rendered":"https:\/\/veteraani.ylirotu.fi\/?page_id=5805"},"modified":"2021-01-19T10:09:50","modified_gmt":"2021-01-19T10:09:50","slug":"avvarjningen-av-storanfallet-pa-sommaren-1944","status":"publish","type":"page","link":"https:\/\/veteraanienperinto.fi\/index.php\/sv\/fortsattningskriget\/fortsattningkrigets-gang\/avvarjningen-av-storanfallet-pa-sommaren-1944\/","title":{"rendered":"Avv\u00e4rjningen av storanfallet p\u00e5 sommaren 1944"},"content":{"rendered":"<div id='full_slider_1'  class='avia-fullwidth-slider main_color avia-shadow   avia-builder-el-0  el_before_av_heading  avia-builder-el-first   container_wrap sidebar_right'  ><div  class='avia-slideshow av-vcfri-f8b18761f5bc7126866d60a72f814c3a avia-slideshow-featured av_slideshow_full avia-slide-slider av-slideshow-ui av-control-default av-slideshow-manual av-loop-once av-loop-manual-endless av-default-height-applied   avia-slideshow-1' data-slideshow-options=\"{&quot;animation&quot;:&quot;slide&quot;,&quot;autoplay&quot;:false,&quot;loop_autoplay&quot;:&quot;once&quot;,&quot;interval&quot;:5,&quot;loop_manual&quot;:&quot;manual-endless&quot;,&quot;autoplay_stopper&quot;:false,&quot;noNavigation&quot;:false,&quot;bg_slider&quot;:false,&quot;keep_padding&quot;:false,&quot;hoverpause&quot;:false,&quot;show_slide_delay&quot;:0}\"  itemprop=\"image\" itemscope=\"itemscope\" itemtype=\"https:\/\/schema.org\/ImageObject\" ><ul class='avia-slideshow-inner ' style='padding-bottom: 28.666666666667%;'><li  class='avia-slideshow-slide av-vcfri-f8b18761f5bc7126866d60a72f814c3a__0  av-single-slide slide-1 slide-odd'><div data-rel='slideshow-1' class='avia-slide-wrap '   ><div class='av-slideshow-caption av-vcfri-f8b18761f5bc7126866d60a72f814c3a__0 caption_fullwidth caption_bottom caption_bottom_framed caption_framed'><div class=\"container caption_container\"><div class=\"slideshow_caption\"><div class=\"slideshow_inner_caption\"><div class=\"slideshow_align_caption\"><div class='avia-caption-content '  itemprop=\"description\" ><p>Ett fiendeattack f\u00f6rv\u00e4ntas i Yl\u00e4-Vitee den 27 juni 1944<\/p>\n<\/div><\/div><\/div><\/div><\/div><\/div><img decoding=\"async\" fetchpriority=\"high\" class=\"wp-image-4466 avia-img-lazy-loading-not-4466\"  src=\"https:\/\/veteraanienperinto.fi\/wp-content\/uploads\/2020\/10\/suurhyokkays-1500x430.png\" width=\"1500\" height=\"430\" title='suurhyokkays' alt=''  itemprop=\"thumbnailUrl\" srcset=\"https:\/\/veteraanienperinto.fi\/wp-content\/uploads\/2020\/10\/suurhyokkays.png 1500w, https:\/\/veteraanienperinto.fi\/wp-content\/uploads\/2020\/10\/suurhyokkays-300x86.png 300w, https:\/\/veteraanienperinto.fi\/wp-content\/uploads\/2020\/10\/suurhyokkays-1030x295.png 1030w, https:\/\/veteraanienperinto.fi\/wp-content\/uploads\/2020\/10\/suurhyokkays-768x220.png 768w, https:\/\/veteraanienperinto.fi\/wp-content\/uploads\/2020\/10\/suurhyokkays-705x202.png 705w\" sizes=\"(max-width: 1500px) 100vw, 1500px\" \/><\/div><\/li><\/ul><\/div><\/div><div id='after_full_slider_1'  class='main_color av_default_container_wrap container_wrap sidebar_right'  ><div class='container av-section-cont-open' ><div class='template-page content  av-content-small alpha units'><div class='post-entry post-entry-type-page post-entry-5805'><div class='entry-content-wrapper clearfix'>\n\n<style type=\"text\/css\" data-created_by=\"avia_inline_auto\" id=\"style-css-av-kk3u5u05-df197d5bb6a8cdaeae1135ca8c05f74f\">\n#top .av-special-heading.av-kk3u5u05-df197d5bb6a8cdaeae1135ca8c05f74f{\npadding-bottom:10px;\n}\nbody .av-special-heading.av-kk3u5u05-df197d5bb6a8cdaeae1135ca8c05f74f .av-special-heading-tag .heading-char{\nfont-size:25px;\n}\n.av-special-heading.av-kk3u5u05-df197d5bb6a8cdaeae1135ca8c05f74f .av-subheading{\nfont-size:15px;\n}\n<\/style>\n<div  class='av-special-heading av-kk3u5u05-df197d5bb6a8cdaeae1135ca8c05f74f av-special-heading-h2  avia-builder-el-1  el_after_av_slideshow_full  el_before_av_textblock  avia-builder-el-first '><h2 class='av-special-heading-tag'  itemprop=\"headline\"  >Avv\u00e4rjningen av storanfallet p\u00e5 sommaren 1944<\/h2><div class=\"special-heading-border\"><div class=\"special-heading-inner-border\"><\/div><\/div><\/div>\n<section  class='av_textblock_section av-6vl46-6d3d2774a25dc6922a67b6ef9e296c59 '   itemscope=\"itemscope\" itemtype=\"https:\/\/schema.org\/CreativeWork\" ><div class='avia_textblock'  itemprop=\"text\" ><p>Under hela v\u00e5ren 1944 fick man fingervisningar om att Sovjetunionen f\u00f6rberedde ett storanfall. Tysklands krigslycka hade v\u00e4nt, varf\u00f6r st\u00f6d inte kunde f\u00e5s d\u00e4rifr\u00e5n f\u00f6r att avv\u00e4rja ett storanfall. Sovjetunionen m\u00e5ste redan av prestigesk\u00e4l f\u00e5 en er\u00f6vring av Finland till st\u00e5nd, eller \u00e5tminstone s\u00e5 m\u00e5ste Finland l\u00f6sg\u00f6ras ur kriget. Detta var m\u00f6jligt nu d\u00e5 tyskarnas j\u00e4rnring kring Leningrad hade brutits.<\/p>\n<p>D\u00e5 anfallet sedan b\u00f6rjade p\u00e5 Karelska n\u00e4set i Valkeasaari den 9 juni kom det inte som n\u00e5gon \u00f6verraskning f\u00f6r trupperna i fr\u00e4msta linjen. Anfallets v\u00e4ldiga eldkraft var \u00e4nd\u00e5 n\u00e5got som man inte tidigare upplevt vid v\u00e5ra fronter. Sovjetunionen hade 24 divisioner och 630 pansarvagnar p\u00e5 Karelska n\u00e4set, vilka f\u00f6rutom av artillerimassorna st\u00f6ddes av 1 000 flygplan<\/p>\n<p>I fr\u00e4msta linjen hade finl\u00e4ndarna tre divisioner och en brigad och i de bakre st\u00e4llningarna tv\u00e5 divisioner och en brigad. Ett genombrott skedde 10 juni, men n\u00e5gon katastrof blev det inte. Finl\u00e4ndarna drog sig, i huvudsak h\u00e5rdnackat k\u00e4mpande, till en b\u00f6rjan till den bakomliggande bef\u00e4sta s\u00e5 kallade VT-st\u00e4llningen och d\u00e4refter till VKT-st\u00e4llningen i h\u00f6jd med Viborg. Den 20 juni f\u00f6rlorade man Viborg, men d\u00e4refter b\u00f6rjade finl\u00e4ndarnas mot\u00e5tg\u00e4rder ge effekt.<\/p>\n<\/div><\/section>\n","protected":false},"excerpt":{"rendered":"","protected":false},"author":1,"featured_media":0,"parent":5789,"menu_order":3,"comment_status":"closed","ping_status":"closed","template":"","meta":{"footnotes":""},"class_list":["post-5805","page","type-page","status-publish","hentry"],"yoast_head":"<!-- This site is optimized with the Yoast SEO plugin v27.5 - https:\/\/yoast.com\/product\/yoast-seo-wordpress\/ -->\n<title>Avv\u00e4rjningen av storanfallet p\u00e5 sommaren 1944 - Veteraanien Perint\u00f6<\/title>\n<meta name=\"robots\" content=\"index, follow, max-snippet:-1, max-image-preview:large, max-video-preview:-1\" \/>\n<link rel=\"canonical\" href=\"https:\/\/veteraanienperinto.fi\/index.php\/sv\/fortsattningskriget\/fortsattningkrigets-gang\/avvarjningen-av-storanfallet-pa-sommaren-1944\/\" \/>\n<meta property=\"og:locale\" content=\"fi_FI\" \/>\n<meta property=\"og:type\" content=\"article\" \/>\n<meta property=\"og:title\" content=\"Avv\u00e4rjningen av storanfallet p\u00e5 sommaren 1944 - Veteraanien Perint\u00f6\" \/>\n<meta property=\"og:url\" content=\"https:\/\/veteraanienperinto.fi\/index.php\/sv\/fortsattningskriget\/fortsattningkrigets-gang\/avvarjningen-av-storanfallet-pa-sommaren-1944\/\" \/>\n<meta property=\"og:site_name\" content=\"Veteraanien Perint\u00f6\" \/>\n<meta property=\"article:modified_time\" content=\"2021-01-19T10:09:50+00:00\" \/>\n<meta name=\"twitter:card\" content=\"summary_large_image\" \/>\n<meta name=\"twitter:label1\" content=\"Arvioitu lukuaika\" \/>\n\t<meta name=\"twitter:data1\" content=\"3 minuuttia\" \/>\n<script type=\"application\/ld+json\" class=\"yoast-schema-graph\">{\"@context\":\"https:\\\/\\\/schema.org\",\"@graph\":[{\"@type\":\"WebPage\",\"@id\":\"https:\\\/\\\/veteraanienperinto.fi\\\/index.php\\\/sv\\\/fortsattningskriget\\\/fortsattningkrigets-gang\\\/avvarjningen-av-storanfallet-pa-sommaren-1944\\\/\",\"url\":\"https:\\\/\\\/veteraanienperinto.fi\\\/index.php\\\/sv\\\/fortsattningskriget\\\/fortsattningkrigets-gang\\\/avvarjningen-av-storanfallet-pa-sommaren-1944\\\/\",\"name\":\"Avv\u00e4rjningen av storanfallet p\u00e5 sommaren 1944 - Veteraanien Perint\u00f6\",\"isPartOf\":{\"@id\":\"https:\\\/\\\/veteraanienperinto.fi\\\/#website\"},\"datePublished\":\"2020-11-17T18:51:35+00:00\",\"dateModified\":\"2021-01-19T10:09:50+00:00\",\"breadcrumb\":{\"@id\":\"https:\\\/\\\/veteraanienperinto.fi\\\/index.php\\\/sv\\\/fortsattningskriget\\\/fortsattningkrigets-gang\\\/avvarjningen-av-storanfallet-pa-sommaren-1944\\\/#breadcrumb\"},\"inLanguage\":\"fi\",\"potentialAction\":[{\"@type\":\"ReadAction\",\"target\":[\"https:\\\/\\\/veteraanienperinto.fi\\\/index.php\\\/sv\\\/fortsattningskriget\\\/fortsattningkrigets-gang\\\/avvarjningen-av-storanfallet-pa-sommaren-1944\\\/\"]}]},{\"@type\":\"BreadcrumbList\",\"@id\":\"https:\\\/\\\/veteraanienperinto.fi\\\/index.php\\\/sv\\\/fortsattningskriget\\\/fortsattningkrigets-gang\\\/avvarjningen-av-storanfallet-pa-sommaren-1944\\\/#breadcrumb\",\"itemListElement\":[{\"@type\":\"ListItem\",\"position\":1,\"name\":\"Etusivu\",\"item\":\"https:\\\/\\\/veteraanienperinto.fi\\\/index.php\\\/etusivu-2\\\/\"},{\"@type\":\"ListItem\",\"position\":2,\"name\":\"Forts\u00e4ttningskriget\",\"item\":\"https:\\\/\\\/veteraanienperinto.fi\\\/index.php\\\/sv\\\/fortsattningskriget\\\/\"},{\"@type\":\"ListItem\",\"position\":3,\"name\":\"Forts\u00e4ttningkrigets g\u00e5ng\",\"item\":\"https:\\\/\\\/veteraanienperinto.fi\\\/index.php\\\/sv\\\/fortsattningskriget\\\/fortsattningkrigets-gang\\\/\"},{\"@type\":\"ListItem\",\"position\":4,\"name\":\"Avv\u00e4rjningen av storanfallet p\u00e5 sommaren 1944\"}]},{\"@type\":\"WebSite\",\"@id\":\"https:\\\/\\\/veteraanienperinto.fi\\\/#website\",\"url\":\"https:\\\/\\\/veteraanienperinto.fi\\\/\",\"name\":\"Veteraanien Perint\u00f6\",\"description\":\"Kadettikunta\",\"potentialAction\":[{\"@type\":\"SearchAction\",\"target\":{\"@type\":\"EntryPoint\",\"urlTemplate\":\"https:\\\/\\\/veteraanienperinto.fi\\\/?s={search_term_string}\"},\"query-input\":{\"@type\":\"PropertyValueSpecification\",\"valueRequired\":true,\"valueName\":\"search_term_string\"}}],\"inLanguage\":\"fi\"}]}<\/script>\n<!-- \/ Yoast SEO plugin. -->","yoast_head_json":{"title":"Avv\u00e4rjningen av storanfallet p\u00e5 sommaren 1944 - Veteraanien Perint\u00f6","robots":{"index":"index","follow":"follow","max-snippet":"max-snippet:-1","max-image-preview":"max-image-preview:large","max-video-preview":"max-video-preview:-1"},"canonical":"https:\/\/veteraanienperinto.fi\/index.php\/sv\/fortsattningskriget\/fortsattningkrigets-gang\/avvarjningen-av-storanfallet-pa-sommaren-1944\/","og_locale":"fi_FI","og_type":"article","og_title":"Avv\u00e4rjningen av storanfallet p\u00e5 sommaren 1944 - Veteraanien Perint\u00f6","og_url":"https:\/\/veteraanienperinto.fi\/index.php\/sv\/fortsattningskriget\/fortsattningkrigets-gang\/avvarjningen-av-storanfallet-pa-sommaren-1944\/","og_site_name":"Veteraanien Perint\u00f6","article_modified_time":"2021-01-19T10:09:50+00:00","twitter_card":"summary_large_image","twitter_misc":{"Arvioitu lukuaika":"3 minuuttia"},"schema":{"@context":"https:\/\/schema.org","@graph":[{"@type":"WebPage","@id":"https:\/\/veteraanienperinto.fi\/index.php\/sv\/fortsattningskriget\/fortsattningkrigets-gang\/avvarjningen-av-storanfallet-pa-sommaren-1944\/","url":"https:\/\/veteraanienperinto.fi\/index.php\/sv\/fortsattningskriget\/fortsattningkrigets-gang\/avvarjningen-av-storanfallet-pa-sommaren-1944\/","name":"Avv\u00e4rjningen av storanfallet p\u00e5 sommaren 1944 - Veteraanien Perint\u00f6","isPartOf":{"@id":"https:\/\/veteraanienperinto.fi\/#website"},"datePublished":"2020-11-17T18:51:35+00:00","dateModified":"2021-01-19T10:09:50+00:00","breadcrumb":{"@id":"https:\/\/veteraanienperinto.fi\/index.php\/sv\/fortsattningskriget\/fortsattningkrigets-gang\/avvarjningen-av-storanfallet-pa-sommaren-1944\/#breadcrumb"},"inLanguage":"fi","potentialAction":[{"@type":"ReadAction","target":["https:\/\/veteraanienperinto.fi\/index.php\/sv\/fortsattningskriget\/fortsattningkrigets-gang\/avvarjningen-av-storanfallet-pa-sommaren-1944\/"]}]},{"@type":"BreadcrumbList","@id":"https:\/\/veteraanienperinto.fi\/index.php\/sv\/fortsattningskriget\/fortsattningkrigets-gang\/avvarjningen-av-storanfallet-pa-sommaren-1944\/#breadcrumb","itemListElement":[{"@type":"ListItem","position":1,"name":"Etusivu","item":"https:\/\/veteraanienperinto.fi\/index.php\/etusivu-2\/"},{"@type":"ListItem","position":2,"name":"Forts\u00e4ttningskriget","item":"https:\/\/veteraanienperinto.fi\/index.php\/sv\/fortsattningskriget\/"},{"@type":"ListItem","position":3,"name":"Forts\u00e4ttningkrigets g\u00e5ng","item":"https:\/\/veteraanienperinto.fi\/index.php\/sv\/fortsattningskriget\/fortsattningkrigets-gang\/"},{"@type":"ListItem","position":4,"name":"Avv\u00e4rjningen av storanfallet p\u00e5 sommaren 1944"}]},{"@type":"WebSite","@id":"https:\/\/veteraanienperinto.fi\/#website","url":"https:\/\/veteraanienperinto.fi\/","name":"Veteraanien Perint\u00f6","description":"Kadettikunta","potentialAction":[{"@type":"SearchAction","target":{"@type":"EntryPoint","urlTemplate":"https:\/\/veteraanienperinto.fi\/?s={search_term_string}"},"query-input":{"@type":"PropertyValueSpecification","valueRequired":true,"valueName":"search_term_string"}}],"inLanguage":"fi"}]}},"_links":{"self":[{"href":"https:\/\/veteraanienperinto.fi\/index.php\/wp-json\/wp\/v2\/pages\/5805","targetHints":{"allow":["GET"]}}],"collection":[{"href":"https:\/\/veteraanienperinto.fi\/index.php\/wp-json\/wp\/v2\/pages"}],"about":[{"href":"https:\/\/veteraanienperinto.fi\/index.php\/wp-json\/wp\/v2\/types\/page"}],"author":[{"embeddable":true,"href":"https:\/\/veteraanienperinto.fi\/index.php\/wp-json\/wp\/v2\/users\/1"}],"replies":[{"embeddable":true,"href":"https:\/\/veteraanienperinto.fi\/index.php\/wp-json\/wp\/v2\/comments?post=5805"}],"version-history":[{"count":5,"href":"https:\/\/veteraanienperinto.fi\/index.php\/wp-json\/wp\/v2\/pages\/5805\/revisions"}],"predecessor-version":[{"id":10026,"href":"https:\/\/veteraanienperinto.fi\/index.php\/wp-json\/wp\/v2\/pages\/5805\/revisions\/10026"}],"up":[{"embeddable":true,"href":"https:\/\/veteraanienperinto.fi\/index.php\/wp-json\/wp\/v2\/pages\/5789"}],"wp:attachment":[{"href":"https:\/\/veteraanienperinto.fi\/index.php\/wp-json\/wp\/v2\/media?parent=5805"}],"curies":[{"name":"wp","href":"https:\/\/api.w.org\/{rel}","templated":true}]}}