{"id":5833,"date":"2020-11-18T10:57:30","date_gmt":"2020-11-18T10:57:30","guid":{"rendered":"https:\/\/veteraani.ylirotu.fi\/?page_id=5833"},"modified":"2021-01-19T10:26:31","modified_gmt":"2021-01-19T10:26:31","slug":"den-forflyttade-befolkningen","status":"publish","type":"page","link":"https:\/\/veteraanienperinto.fi\/index.php\/sv\/fortsattningskriget\/hemmafronten-i-fortsattningkrigets\/den-forflyttade-befolkningen\/","title":{"rendered":"Den f\u00f6rflyttade befolkningen"},"content":{"rendered":"<div id='full_slider_1'  class='avia-fullwidth-slider main_color avia-shadow   avia-builder-el-0  el_before_av_heading  avia-builder-el-first   container_wrap sidebar_right'  ><div  class='avia-slideshow av-vcfri-f8b18761f5bc7126866d60a72f814c3a avia-slideshow-featured av_slideshow_full avia-slide-slider av-slideshow-ui av-control-default av-slideshow-manual av-loop-once av-loop-manual-endless av-default-height-applied   avia-slideshow-1' data-slideshow-options=\"{&quot;animation&quot;:&quot;slide&quot;,&quot;autoplay&quot;:false,&quot;loop_autoplay&quot;:&quot;once&quot;,&quot;interval&quot;:5,&quot;loop_manual&quot;:&quot;manual-endless&quot;,&quot;autoplay_stopper&quot;:false,&quot;noNavigation&quot;:false,&quot;bg_slider&quot;:false,&quot;keep_padding&quot;:false,&quot;hoverpause&quot;:false,&quot;show_slide_delay&quot;:0}\"  itemprop=\"image\" itemscope=\"itemscope\" itemtype=\"https:\/\/schema.org\/ImageObject\" ><ul class='avia-slideshow-inner ' style='padding-bottom: 28.666666666667%;'><li  class='avia-slideshow-slide av-vcfri-f8b18761f5bc7126866d60a72f814c3a__0  av-single-slide slide-1 slide-odd'><div data-rel='slideshow-1' class='avia-slide-wrap '   ><div class='av-slideshow-caption av-vcfri-f8b18761f5bc7126866d60a72f814c3a__0 caption_fullwidth caption_bottom caption_bottom_framed caption_framed'><div class=\"container caption_container\"><div class=\"slideshow_caption\"><div class=\"slideshow_inner_caption\"><div class=\"slideshow_align_caption\"><div class='avia-caption-content '  itemprop=\"description\" ><p>Evakuerarnas vagnar och boskap har k\u00f6rts in i luftskyddet. V\u00e4rdinnan har letat efter sina hush\u00e5llsredskap f\u00f6r att f\u00f6rbereda en m\u00e5ltid (Haitermaa 18.6.1944).<\/p>\n<\/div><\/div><\/div><\/div><\/div><\/div><img decoding=\"async\" fetchpriority=\"high\" class=\"wp-image-4484 avia-img-lazy-loading-not-4484\"  src=\"https:\/\/veteraanienperinto.fi\/wp-content\/uploads\/2020\/10\/evakko_1944-1500x430.png\" width=\"1500\" height=\"430\" title='evakko_1944' alt=''  itemprop=\"thumbnailUrl\" srcset=\"https:\/\/veteraanienperinto.fi\/wp-content\/uploads\/2020\/10\/evakko_1944.png 1500w, https:\/\/veteraanienperinto.fi\/wp-content\/uploads\/2020\/10\/evakko_1944-300x86.png 300w, https:\/\/veteraanienperinto.fi\/wp-content\/uploads\/2020\/10\/evakko_1944-1030x295.png 1030w, https:\/\/veteraanienperinto.fi\/wp-content\/uploads\/2020\/10\/evakko_1944-768x220.png 768w, https:\/\/veteraanienperinto.fi\/wp-content\/uploads\/2020\/10\/evakko_1944-705x202.png 705w\" sizes=\"(max-width: 1500px) 100vw, 1500px\" \/><\/div><\/li><\/ul><\/div><\/div><div id='after_full_slider_1'  class='main_color av_default_container_wrap container_wrap sidebar_right'  ><div class='container av-section-cont-open' ><div class='template-page content  av-content-small alpha units'><div class='post-entry post-entry-type-page post-entry-5833'><div class='entry-content-wrapper clearfix'>\n\n<style type=\"text\/css\" data-created_by=\"avia_inline_auto\" id=\"style-css-av-kk3urapn-fe38d28b0145a0078ead205a048ccb46\">\n#top .av-special-heading.av-kk3urapn-fe38d28b0145a0078ead205a048ccb46{\npadding-bottom:10px;\n}\nbody .av-special-heading.av-kk3urapn-fe38d28b0145a0078ead205a048ccb46 .av-special-heading-tag .heading-char{\nfont-size:25px;\n}\n.av-special-heading.av-kk3urapn-fe38d28b0145a0078ead205a048ccb46 .av-subheading{\nfont-size:15px;\n}\n<\/style>\n<div  class='av-special-heading av-kk3urapn-fe38d28b0145a0078ead205a048ccb46 av-special-heading-h2  avia-builder-el-1  el_after_av_slideshow_full  el_before_av_textblock  avia-builder-el-first '><h2 class='av-special-heading-tag'  itemprop=\"headline\"  >Den f\u00f6rflyttade befolkningen<\/h2><div class=\"special-heading-border\"><div class=\"special-heading-inner-border\"><\/div><\/div><\/div>\n<section  class='av_textblock_section av-kdsqne4x-67ca492850eebc3207557a5dd0c615d6 '   itemscope=\"itemscope\" itemtype=\"https:\/\/schema.org\/CreativeWork\" ><div class='avia_textblock'  itemprop=\"text\" ><h2 class=\"art-postheader\">Den f\u00f6rflyttade befolkningen<\/h2>\n<\/div><\/section>\n<section  class='av_textblock_section av-6vl46-6d3d2774a25dc6922a67b6ef9e296c59 '   itemscope=\"itemscope\" itemtype=\"https:\/\/schema.org\/CreativeWork\" ><div class='avia_textblock'  itemprop=\"text\" ><p>Moskvafreden \u00e5r 1940 medf\u00f6rde en heml\u00f6s f\u00f6rflyttad befolkning som bestod av 420 000-430 000 personer. \u00d6ver h\u00e4lften var karelsk landsortsbefolkning. Dessutom f\u00f6rlorade inv\u00e5narna i Hang\u00f6 och en del av m\u00e4nniskorna uppe i nordost sina hem. Placeringen av den f\u00f6rflyttade befolkningen var ett stort ekonomiskt och socialt problem. Den befolkning som hade f\u00e5tt sin utkomst fr\u00e5n jordbruket f\u00f6rs\u00f6kte man i regel f\u00e5 placerad inom den tidigare n\u00e4ringen. I juni 1940 stiftades en snabbkolonisationslag. D\u00e5 f\u00f6ljande krig br\u00f6t ut ett \u00e5r senare, hade redan ca 13 000 nya jordbruksl\u00e4genheter st\u00e4llts i ordning eller h\u00f6ll p\u00e5 att f\u00e4rdigst\u00e4llas.<\/p>\n<p>En del av den f\u00f6rflyttade befolkningen h\u00e4rstammade fr\u00e5n st\u00e4derna Viborg, Sordavala och Kexholm. I augusti 1940 stiftades en ers\u00e4ttningslag genom vilken man str\u00e4vade efter att ers\u00e4tta ocks\u00e5 den egendom som stadsborna hade f\u00f6rlorat. Finansieringen ordnades n\u00e4rmast med de medel vilka erh\u00e5llits genom f\u00f6rm\u00f6genhets\u00f6verl\u00e5telseskatten i ett f\u00f6r allt.<\/p>\n<p>Genom det finl\u00e4ndska samh\u00e4llets stora anstr\u00e4ngningar klarade man synnerligen v\u00e4l av, ocks\u00e5 internationellt sett, att sk\u00f6ta fr\u00e5gan om den f\u00f6rflyttade befolkningen. De ekonomiska ers\u00e4ttningarna kunde \u00e4nda inte ers\u00e4tta den f\u00f6rflyttade befolkningens sj\u00e4lsliga f\u00f6rluster.<\/p>\n<\/div><\/section>\n","protected":false},"excerpt":{"rendered":"","protected":false},"author":1,"featured_media":0,"parent":5829,"menu_order":0,"comment_status":"closed","ping_status":"closed","template":"","meta":{"footnotes":""},"class_list":["post-5833","page","type-page","status-publish","hentry"],"yoast_head":"<!-- This site is optimized with the Yoast SEO plugin v27.5 - https:\/\/yoast.com\/product\/yoast-seo-wordpress\/ -->\n<title>Den f\u00f6rflyttade befolkningen - Veteraanien Perint\u00f6<\/title>\n<meta name=\"robots\" content=\"index, follow, max-snippet:-1, max-image-preview:large, max-video-preview:-1\" \/>\n<link rel=\"canonical\" href=\"https:\/\/veteraanienperinto.fi\/index.php\/sv\/fortsattningskriget\/hemmafronten-i-fortsattningkrigets\/den-forflyttade-befolkningen\/\" \/>\n<meta property=\"og:locale\" content=\"fi_FI\" \/>\n<meta property=\"og:type\" content=\"article\" \/>\n<meta property=\"og:title\" content=\"Den f\u00f6rflyttade befolkningen - Veteraanien Perint\u00f6\" \/>\n<meta property=\"og:url\" content=\"https:\/\/veteraanienperinto.fi\/index.php\/sv\/fortsattningskriget\/hemmafronten-i-fortsattningkrigets\/den-forflyttade-befolkningen\/\" \/>\n<meta property=\"og:site_name\" content=\"Veteraanien Perint\u00f6\" \/>\n<meta property=\"article:modified_time\" content=\"2021-01-19T10:26:31+00:00\" \/>\n<meta name=\"twitter:card\" content=\"summary_large_image\" \/>\n<meta name=\"twitter:label1\" content=\"Arvioitu lukuaika\" \/>\n\t<meta name=\"twitter:data1\" content=\"3 minuuttia\" \/>\n<script type=\"application\/ld+json\" class=\"yoast-schema-graph\">{\"@context\":\"https:\\\/\\\/schema.org\",\"@graph\":[{\"@type\":\"WebPage\",\"@id\":\"https:\\\/\\\/veteraanienperinto.fi\\\/index.php\\\/sv\\\/fortsattningskriget\\\/hemmafronten-i-fortsattningkrigets\\\/den-forflyttade-befolkningen\\\/\",\"url\":\"https:\\\/\\\/veteraanienperinto.fi\\\/index.php\\\/sv\\\/fortsattningskriget\\\/hemmafronten-i-fortsattningkrigets\\\/den-forflyttade-befolkningen\\\/\",\"name\":\"Den f\u00f6rflyttade befolkningen - Veteraanien Perint\u00f6\",\"isPartOf\":{\"@id\":\"https:\\\/\\\/veteraanienperinto.fi\\\/#website\"},\"datePublished\":\"2020-11-18T10:57:30+00:00\",\"dateModified\":\"2021-01-19T10:26:31+00:00\",\"breadcrumb\":{\"@id\":\"https:\\\/\\\/veteraanienperinto.fi\\\/index.php\\\/sv\\\/fortsattningskriget\\\/hemmafronten-i-fortsattningkrigets\\\/den-forflyttade-befolkningen\\\/#breadcrumb\"},\"inLanguage\":\"fi\",\"potentialAction\":[{\"@type\":\"ReadAction\",\"target\":[\"https:\\\/\\\/veteraanienperinto.fi\\\/index.php\\\/sv\\\/fortsattningskriget\\\/hemmafronten-i-fortsattningkrigets\\\/den-forflyttade-befolkningen\\\/\"]}]},{\"@type\":\"BreadcrumbList\",\"@id\":\"https:\\\/\\\/veteraanienperinto.fi\\\/index.php\\\/sv\\\/fortsattningskriget\\\/hemmafronten-i-fortsattningkrigets\\\/den-forflyttade-befolkningen\\\/#breadcrumb\",\"itemListElement\":[{\"@type\":\"ListItem\",\"position\":1,\"name\":\"Etusivu\",\"item\":\"https:\\\/\\\/veteraanienperinto.fi\\\/index.php\\\/etusivu-2\\\/\"},{\"@type\":\"ListItem\",\"position\":2,\"name\":\"Forts\u00e4ttningskriget\",\"item\":\"https:\\\/\\\/veteraanienperinto.fi\\\/index.php\\\/sv\\\/fortsattningskriget\\\/\"},{\"@type\":\"ListItem\",\"position\":3,\"name\":\"Hemmafronten i forts\u00e4ttningkrigets\",\"item\":\"https:\\\/\\\/veteraanienperinto.fi\\\/index.php\\\/sv\\\/fortsattningskriget\\\/hemmafronten-i-fortsattningkrigets\\\/\"},{\"@type\":\"ListItem\",\"position\":4,\"name\":\"Den f\u00f6rflyttade befolkningen\"}]},{\"@type\":\"WebSite\",\"@id\":\"https:\\\/\\\/veteraanienperinto.fi\\\/#website\",\"url\":\"https:\\\/\\\/veteraanienperinto.fi\\\/\",\"name\":\"Veteraanien Perint\u00f6\",\"description\":\"Kadettikunta\",\"potentialAction\":[{\"@type\":\"SearchAction\",\"target\":{\"@type\":\"EntryPoint\",\"urlTemplate\":\"https:\\\/\\\/veteraanienperinto.fi\\\/?s={search_term_string}\"},\"query-input\":{\"@type\":\"PropertyValueSpecification\",\"valueRequired\":true,\"valueName\":\"search_term_string\"}}],\"inLanguage\":\"fi\"}]}<\/script>\n<!-- \/ Yoast SEO plugin. -->","yoast_head_json":{"title":"Den f\u00f6rflyttade befolkningen - Veteraanien Perint\u00f6","robots":{"index":"index","follow":"follow","max-snippet":"max-snippet:-1","max-image-preview":"max-image-preview:large","max-video-preview":"max-video-preview:-1"},"canonical":"https:\/\/veteraanienperinto.fi\/index.php\/sv\/fortsattningskriget\/hemmafronten-i-fortsattningkrigets\/den-forflyttade-befolkningen\/","og_locale":"fi_FI","og_type":"article","og_title":"Den f\u00f6rflyttade befolkningen - Veteraanien Perint\u00f6","og_url":"https:\/\/veteraanienperinto.fi\/index.php\/sv\/fortsattningskriget\/hemmafronten-i-fortsattningkrigets\/den-forflyttade-befolkningen\/","og_site_name":"Veteraanien Perint\u00f6","article_modified_time":"2021-01-19T10:26:31+00:00","twitter_card":"summary_large_image","twitter_misc":{"Arvioitu lukuaika":"3 minuuttia"},"schema":{"@context":"https:\/\/schema.org","@graph":[{"@type":"WebPage","@id":"https:\/\/veteraanienperinto.fi\/index.php\/sv\/fortsattningskriget\/hemmafronten-i-fortsattningkrigets\/den-forflyttade-befolkningen\/","url":"https:\/\/veteraanienperinto.fi\/index.php\/sv\/fortsattningskriget\/hemmafronten-i-fortsattningkrigets\/den-forflyttade-befolkningen\/","name":"Den f\u00f6rflyttade befolkningen - Veteraanien Perint\u00f6","isPartOf":{"@id":"https:\/\/veteraanienperinto.fi\/#website"},"datePublished":"2020-11-18T10:57:30+00:00","dateModified":"2021-01-19T10:26:31+00:00","breadcrumb":{"@id":"https:\/\/veteraanienperinto.fi\/index.php\/sv\/fortsattningskriget\/hemmafronten-i-fortsattningkrigets\/den-forflyttade-befolkningen\/#breadcrumb"},"inLanguage":"fi","potentialAction":[{"@type":"ReadAction","target":["https:\/\/veteraanienperinto.fi\/index.php\/sv\/fortsattningskriget\/hemmafronten-i-fortsattningkrigets\/den-forflyttade-befolkningen\/"]}]},{"@type":"BreadcrumbList","@id":"https:\/\/veteraanienperinto.fi\/index.php\/sv\/fortsattningskriget\/hemmafronten-i-fortsattningkrigets\/den-forflyttade-befolkningen\/#breadcrumb","itemListElement":[{"@type":"ListItem","position":1,"name":"Etusivu","item":"https:\/\/veteraanienperinto.fi\/index.php\/etusivu-2\/"},{"@type":"ListItem","position":2,"name":"Forts\u00e4ttningskriget","item":"https:\/\/veteraanienperinto.fi\/index.php\/sv\/fortsattningskriget\/"},{"@type":"ListItem","position":3,"name":"Hemmafronten i forts\u00e4ttningkrigets","item":"https:\/\/veteraanienperinto.fi\/index.php\/sv\/fortsattningskriget\/hemmafronten-i-fortsattningkrigets\/"},{"@type":"ListItem","position":4,"name":"Den f\u00f6rflyttade befolkningen"}]},{"@type":"WebSite","@id":"https:\/\/veteraanienperinto.fi\/#website","url":"https:\/\/veteraanienperinto.fi\/","name":"Veteraanien Perint\u00f6","description":"Kadettikunta","potentialAction":[{"@type":"SearchAction","target":{"@type":"EntryPoint","urlTemplate":"https:\/\/veteraanienperinto.fi\/?s={search_term_string}"},"query-input":{"@type":"PropertyValueSpecification","valueRequired":true,"valueName":"search_term_string"}}],"inLanguage":"fi"}]}},"_links":{"self":[{"href":"https:\/\/veteraanienperinto.fi\/index.php\/wp-json\/wp\/v2\/pages\/5833","targetHints":{"allow":["GET"]}}],"collection":[{"href":"https:\/\/veteraanienperinto.fi\/index.php\/wp-json\/wp\/v2\/pages"}],"about":[{"href":"https:\/\/veteraanienperinto.fi\/index.php\/wp-json\/wp\/v2\/types\/page"}],"author":[{"embeddable":true,"href":"https:\/\/veteraanienperinto.fi\/index.php\/wp-json\/wp\/v2\/users\/1"}],"replies":[{"embeddable":true,"href":"https:\/\/veteraanienperinto.fi\/index.php\/wp-json\/wp\/v2\/comments?post=5833"}],"version-history":[{"count":6,"href":"https:\/\/veteraanienperinto.fi\/index.php\/wp-json\/wp\/v2\/pages\/5833\/revisions"}],"predecessor-version":[{"id":10034,"href":"https:\/\/veteraanienperinto.fi\/index.php\/wp-json\/wp\/v2\/pages\/5833\/revisions\/10034"}],"up":[{"embeddable":true,"href":"https:\/\/veteraanienperinto.fi\/index.php\/wp-json\/wp\/v2\/pages\/5829"}],"wp:attachment":[{"href":"https:\/\/veteraanienperinto.fi\/index.php\/wp-json\/wp\/v2\/media?parent=5833"}],"curies":[{"name":"wp","href":"https:\/\/api.w.org\/{rel}","templated":true}]}}