{"id":5881,"date":"2020-11-18T11:46:01","date_gmt":"2020-11-18T11:46:01","guid":{"rendered":"https:\/\/veteraani.ylirotu.fi\/?page_id=5881"},"modified":"2020-12-15T08:26:25","modified_gmt":"2020-12-15T08:26:25","slug":"hennala-1941","status":"publish","type":"page","link":"https:\/\/veteraanienperinto.fi\/index.php\/sv\/fortsattningskriget\/berattelser-i-fortsattningkriget\/mellanfredens-tid\/hennala-1941\/","title":{"rendered":"Hennala 1941"},"content":{"rendered":"\n<style type=\"text\/css\" data-created_by=\"avia_inline_auto\" id=\"style-css-av-kipol052-02c71c6518282550fa2f7c15f4a217df\">\n#top .av-special-heading.av-kipol052-02c71c6518282550fa2f7c15f4a217df{\npadding-bottom:10px;\n}\nbody .av-special-heading.av-kipol052-02c71c6518282550fa2f7c15f4a217df .av-special-heading-tag .heading-char{\nfont-size:25px;\n}\n.av-special-heading.av-kipol052-02c71c6518282550fa2f7c15f4a217df .av-subheading{\nfont-size:15px;\n}\n<\/style>\n<div  class='av-special-heading av-kipol052-02c71c6518282550fa2f7c15f4a217df av-special-heading-h3  avia-builder-el-0  el_before_av_textblock  avia-builder-el-first '><h3 class='av-special-heading-tag'  itemprop=\"headline\"  >Hennala 1941<\/h3><div class=\"special-heading-border\"><div class=\"special-heading-inner-border\"><\/div><\/div><\/div>\n<section  class='av_textblock_section av-kei9w74n-7b0f008125a778f48432b9a614d90d0f '   itemscope=\"itemscope\" itemtype=\"https:\/\/schema.org\/CreativeWork\" ><div class='avia_textblock'  itemprop=\"text\" ><p><strong>Axel Lerche:<\/strong><\/p>\n<p>Hennala kasernomr\u00e5de i Lahtis har ett dystert rykte. Lika dystert som kasernernas utseende: n\u00e5gra l\u00e5nga, outs\u00e4gligt fula och fantasil\u00f6sa tv\u00e5v\u00e5ningsbyggnader i m\u00f6rkr\u00f6d tegel. Tegel finns ju i ett otal f\u00e4rgskiftningar, av vilka m\u00e5nga g\u00f6r sig bra som byggnadsmaterial. Men det finns tegel i en gr\u00e5aktigt r\u00f6d, gl\u00e4djel\u00f6s f\u00e4rg, som os\u00f6kt leder tanken till preussiska 1800-talskaserner och till f\u00e4ngelser. Just den f\u00e4rgen har Hennala kaserner.<\/p>\n<p>Kasernerna uppf\u00f6rdes i tiden av ryssarna, som h\u00f6ll en garnison i Lahtis. \u00c5r 1918, under frihetskrigets sista skede och efter dess slut var Hennala kasernomr\u00e5de ett stort f\u00e5ngl\u00e4ger, d\u00e4r m\u00e5nga r\u00f6da f\u00e5ngar arkebuserats eller d\u00f6tt av sv\u00e4lt. Senare anv\u00e4ndes kasernerna som milit\u00e4rf\u00f6rl\u00e4ggning. Svett, blod, t\u00e5rar och mera svett hade Hennala sett i \u00f6verfl\u00f6d. De lyckliga stunderna var l\u00e4tt r\u00e4knade.<\/p>\n<p>H\u00e4r l\u00e5g i b\u00f6rjan av \u00e5r 1941 ett svenskspr\u00e5kigt artillerif\u00f6rband, vars manskap avtj\u00e4nade sin v\u00e4rnplikt. Det bildade vid krigsutbrottet stommen f\u00f6r ett nytt, motoriserat artillerif\u00f6rband: Tunga Sektionen 13. Jag h\u00f6rde till det fyllnadsmanskap, som kommit fr\u00e5n Helsingfors. Tunga Sektionen 13 var en svenskspr\u00e5kig enhet, dess manskap kom fr\u00e5n Finlands \u00f6sterbottniska, nyl\u00e4ndska och \u00e5bol\u00e4ndska svenskbygder.<\/p>\n<p>Det tog ett par dagar, att st\u00e4lla allt p\u00e5 krigsfot. Vi, som h\u00f6rde till fyllnadsmanskapet, ans\u00e5gs vara mera i v\u00e4gen \u00e4n till nytta. D\u00e4rf\u00f6r hade vi r\u00e4tt mycket fritid och kunde se oss omkring. D\u00e5 jag h\u00f6rt, att f\u00f6rbandet f\u00e5tt nya pj\u00e4ser och att kanonerna stod p\u00e5 j\u00e4rnv\u00e4gsvagnar p\u00e5 ett sticksp\u00e5r i n\u00e4rheten, besl\u00f6t jag g\u00e5 f\u00f6r att se p\u00e5 v\u00e5ra arbetsredskap.<\/p>\n<p>Pj\u00e4serna stod mycket riktigt p\u00e5 j\u00e4rnv\u00e4gsvagnar, \u00f6vert\u00e4ckta av presenningar. Typiskt nog f\u00f6r finska f\u00f6rh\u00e5llanden var vagnarna obevakade, trots att de stod utanf\u00f6r kasernomr\u00e5det. Jag kl\u00e4ttrade upp p\u00e5 en av vagnarna och lyfte p\u00e5 presenningen. Jag blev ej besviken. Det var tyska 15 centimeters haubitsar av modell 1940. Tillverknings\u00e5ret visade sig vara 194 1. Inga d\u00e5liga &#8221;grejer&#8221; och dessutom splitternya. Dessa h\u00f6geffektiva d\u00f6dsmaskiner var trots sin tyngd proportionerliga och sm\u00e4ckra. I en artillerists \u00f6gon var de rentav sk\u00f6na.<\/p>\n<p>En medel\u00e5lders civilkl\u00e4dd herre i m\u00f6rk filthatt, som st\u00e5tt i n\u00e4rheten och sett n\u00e5got vilsekommen ut, kom fram och h\u00e4lsade. Det \u00e4r pastor Arne Rosenqvist, sektionens tillkommenderade f\u00e4ltpr\u00e4st. Jag anade d\u00e5 inte, att jag skulle f\u00e5 samarbeta r\u00e4tt mycket med denna sympatiska och stillsamma man. Under ett senare skede av kriget, d\u00e5 Rosenqvist f\u00f6rflyttats till andra uppgifter, mindes pojkarna honom som &#8221;v\u00e5r f\u00f6rra pr\u00e4st, som var &#8217;religi\u00f6s p\u00e5 riktigt&#8221;.<\/p>\n<p>Slutrealisationen p\u00e5 Stora Varuhuset hade p\u00e5g\u00e5tt i flere timmar. Kunder hade kommit och g\u00e5tt, sett p\u00e5 varorna och f\u00f6rfr\u00e5gat sig om deras egenskaper. Allt det b\u00e4sta tycktes ha plockats bort och endast det som ingen ville ha, \u00e5terstod. &#8221;Le beau reste&#8221; kallar man det ironiskt.<\/p>\n<p>Formeringen av Tunga Sektionen 13 hade p\u00e5g\u00e5tt i timmar. L\u00e4nge stod v\u00e5r lilla grupp kvar p\u00e5 Hennala kaserng\u00e5rd i v\u00e4ntan p\u00e5 att n\u00e5gonting skulle ske. Men ingenting h\u00e4nde p\u00e5 l\u00e4nge.<\/p>\n<p>Slutligen uppenbarade sig en l\u00f6jtnant och betraktade oss en stund med fr\u00e5nvarande min. D\u00e5 jag var den l\u00e4ngsta i gruppen och stod ytterst i ledet var jag den f\u00f6rsta, som \u00e4ter fick svara p\u00e5 samma fr\u00e5gor, som redan besvarats flere g\u00e5nger. Mina svar v\u00e4ckte intet intresse, men pl\u00f6tsligt fr\u00e5gade han om jag k\u00e4nde till telefoner. Jag svarade sanningsenligt nej, men han sade endast: &#8221;Sektionens telefoncentral kan ha anv\u00e4ndning f\u00f6r en extra karl och ni l\u00e4r er snart att handskas med apparaturen&#8221;.<\/p>\n<p>Jag t\u00e4nkte p\u00e5 min tid som skolpojke d\u00e5 jag skulle ansluta mig till skyddsk\u00e5ren. Tv\u00e5 av mina klasskamrater h\u00f6rde till Helsingfors skyddsk\u00e5rs telefonkompani, det s\u00e5 kallade N-kompaniet (efter tyskans Nachrichten-Kompanie), och de hade f\u00f6rs\u00f6kt \u00f6vertala mig, att s\u00f6ka mig dit. Hade jag d\u00e5 f\u00f6ljt deras uppmaning, hade jag nu varit en perfekt telefonist. Nu skulle jag bli den mest. okunniga i centralgruppen. Mina olycksbr\u00f6der, de \u00f6vriga m\u00e4nnen i v\u00e5r lilla paria-grupp fick ocks\u00e5 sina utn\u00e4mningar: de flesta blev hj\u00e4lpkarlar och projektilb\u00e4rare.<\/p>\n<p>Medan vi \u00e4nnu stod i ledet, kom en l\u00f6jtnant av godmodig typ fram till oss. &#8221;Finns det bland er n\u00e5gon, som kan skriva p\u00e5 maskin?&#8221; fr\u00e5gade han.<\/p>\n<p>Jag tvekade om jag skulle anm\u00e4la mig. Ett par \u00e5r tidigare hade jag klarat handelsh\u00f6gskolans maskinskrivningsprov, men jag var definitivt ingen god &#8221;skrivmaskinist&#8221; Skulle jag nu v\u00e4lja att bli skrivare i st\u00e4llet f\u00f6r telefonist?. Ingetdera var lockande. \u00c4nnu ett \u00f6gonblick tvekade jag. Sedan f\u00f6ljde jag en pl\u00f6tslig impuls. Jag tog ett steg fram\u00e5t, stramade upp mig milit\u00e4riskt och anm\u00e4lde mig. Jag blev antagen &#8211; ej underligt f\u00f6rresten, d\u00e5 ingen av de \u00f6vriga r\u00f6rt en skrivmaskin<\/p>\n<p>Man vet s\u00e5 lite om sitt \u00f6de. D\u00e5 jag tog detta steg, som \u00f6verf\u00f6rde mig fr\u00e5n telefoncentralgruppen till stabsgruppen, visste jag inte, att jag st\u00e5tt vid ett viktigt v\u00e4gsk\u00e4l i mitt liv. Hade jag stannat kvar i ledet och tigit, hade min \u00e5terst\u00e5ende livstid varit 26 dagar. D\u00f6den, som osynlig redan stod bakom mig, vek nu ifr\u00e5n mig. Utan att jag anade det, fick jag en frist p\u00e5 mer \u00e4n 40 \u00e5r.<\/p>\n<p>N\u00e5gra minuter senare var jag p\u00e5 staben och anm\u00e4lde mig f\u00f6r min blivande gruppchef. Sergeant Gunnar \u00c5smus var \u00f6sterbottning, hemma i Gamla Karleby. Han skulle en l\u00e5ng tid fram\u00f6ver vara min n\u00e4rmaste f\u00f6rman. Trots sin ungdom hade \u00c5smus varit med i vinterkriget. Han var en god kamrat, r\u00e4ttfram och chosefri, lika or\u00e4dd som omilit\u00e4risk.<\/p>\n<p>Ett svagt sm\u00e5leende gled \u00f6ver hans ansikte d\u00e5 jag anm\u00e4lde mig f\u00f6r honom. I hans min tyckte jag mig sp\u00e5ra en skugga av besvikelse, d\u00e5 han f\u00f6rsta g\u00e5ngen s\u00e5g sin drygt 12 \u00e5r \u00e4ldre skrivare.<\/p>\n<p>Stabsgruppens officiella ben\u00e4mning var storst\u00e5tlig &#8211; kommandogruppen. Ordet kommando var h\u00e4r anv\u00e4nt i den ursprungliga betydelsen, att leda och befalla. V\u00e5r grupp var direkt underst\u00e4lld sektionens adjutant, denne \u00e4ter stod direkt under sektionens kommend\u00f6r.<\/p>\n<p>Stabsgruppen bestod av skrivare, stridsstafetter och chauff\u00f6rer. Jag hade turen att f\u00e5 flere trevliga pojkar i min grupp. Alvar Segerstr\u00f6m kom fr\u00e5n den \u00e5bol\u00e4ndska sk\u00e4rg\u00e5rdssocknen Pargas. \u00c5ke Store var en pigg Kronoby-pojke med humor (&#8221;Jag m\u00e5ste d\u00e5 le&#8221; var ett av hans favorituttryck). Fritz Nordin var hemma fr\u00e5n \u00c5bo. Bruno Domars, v\u00e5r tredje \u00f6sterbottning, var n\u00e5got inbunden. F\u00f6r mig var han gruppens &#8221;Butter&#8221;. Tauno M\u00e4kel\u00e4inen, v\u00e5r finsktalande chauff\u00f6r, hade kommit till sektionen med sin rekvirerade bil. Han var ej l\u00e5ngvarig i gruppen, d\u00e5 han tidigt s\u00e5rades.<\/p>\n<p><em><strong>Ur boken:<\/strong><\/em><br \/>\n<em>Minnesskrift Tunga Sektionen 13 1941-44<\/em><\/p>\n<\/div><\/section>\n","protected":false},"excerpt":{"rendered":"","protected":false},"author":1,"featured_media":0,"parent":5873,"menu_order":0,"comment_status":"closed","ping_status":"closed","template":"","meta":{"footnotes":""},"class_list":["post-5881","page","type-page","status-publish","hentry"],"yoast_head":"<!-- This site is optimized with the Yoast SEO plugin v27.5 - https:\/\/yoast.com\/product\/yoast-seo-wordpress\/ -->\n<title>Hennala 1941 - Veteraanien Perint\u00f6<\/title>\n<meta name=\"robots\" content=\"index, follow, max-snippet:-1, max-image-preview:large, max-video-preview:-1\" \/>\n<link rel=\"canonical\" href=\"https:\/\/veteraanienperinto.fi\/index.php\/sv\/fortsattningskriget\/berattelser-i-fortsattningkriget\/mellanfredens-tid\/hennala-1941\/\" \/>\n<meta property=\"og:locale\" content=\"fi_FI\" \/>\n<meta property=\"og:type\" content=\"article\" \/>\n<meta property=\"og:title\" content=\"Hennala 1941 - Veteraanien Perint\u00f6\" \/>\n<meta property=\"og:url\" content=\"https:\/\/veteraanienperinto.fi\/index.php\/sv\/fortsattningskriget\/berattelser-i-fortsattningkriget\/mellanfredens-tid\/hennala-1941\/\" \/>\n<meta property=\"og:site_name\" content=\"Veteraanien Perint\u00f6\" \/>\n<meta property=\"article:modified_time\" content=\"2020-12-15T08:26:25+00:00\" \/>\n<meta name=\"twitter:card\" content=\"summary_large_image\" \/>\n<meta name=\"twitter:label1\" content=\"Arvioitu lukuaika\" \/>\n\t<meta name=\"twitter:data1\" content=\"7 minuuttia\" \/>\n<script type=\"application\/ld+json\" class=\"yoast-schema-graph\">{\"@context\":\"https:\\\/\\\/schema.org\",\"@graph\":[{\"@type\":\"WebPage\",\"@id\":\"https:\\\/\\\/veteraanienperinto.fi\\\/index.php\\\/sv\\\/fortsattningskriget\\\/berattelser-i-fortsattningkriget\\\/mellanfredens-tid\\\/hennala-1941\\\/\",\"url\":\"https:\\\/\\\/veteraanienperinto.fi\\\/index.php\\\/sv\\\/fortsattningskriget\\\/berattelser-i-fortsattningkriget\\\/mellanfredens-tid\\\/hennala-1941\\\/\",\"name\":\"Hennala 1941 - Veteraanien Perint\u00f6\",\"isPartOf\":{\"@id\":\"https:\\\/\\\/veteraanienperinto.fi\\\/#website\"},\"datePublished\":\"2020-11-18T11:46:01+00:00\",\"dateModified\":\"2020-12-15T08:26:25+00:00\",\"breadcrumb\":{\"@id\":\"https:\\\/\\\/veteraanienperinto.fi\\\/index.php\\\/sv\\\/fortsattningskriget\\\/berattelser-i-fortsattningkriget\\\/mellanfredens-tid\\\/hennala-1941\\\/#breadcrumb\"},\"inLanguage\":\"fi\",\"potentialAction\":[{\"@type\":\"ReadAction\",\"target\":[\"https:\\\/\\\/veteraanienperinto.fi\\\/index.php\\\/sv\\\/fortsattningskriget\\\/berattelser-i-fortsattningkriget\\\/mellanfredens-tid\\\/hennala-1941\\\/\"]}]},{\"@type\":\"BreadcrumbList\",\"@id\":\"https:\\\/\\\/veteraanienperinto.fi\\\/index.php\\\/sv\\\/fortsattningskriget\\\/berattelser-i-fortsattningkriget\\\/mellanfredens-tid\\\/hennala-1941\\\/#breadcrumb\",\"itemListElement\":[{\"@type\":\"ListItem\",\"position\":1,\"name\":\"Etusivu\",\"item\":\"https:\\\/\\\/veteraanienperinto.fi\\\/index.php\\\/etusivu-2\\\/\"},{\"@type\":\"ListItem\",\"position\":2,\"name\":\"Forts\u00e4ttningskriget\",\"item\":\"https:\\\/\\\/veteraanienperinto.fi\\\/index.php\\\/sv\\\/fortsattningskriget\\\/\"},{\"@type\":\"ListItem\",\"position\":3,\"name\":\"Ber\u00e4ttelser i forts\u00e4ttningkriget\",\"item\":\"https:\\\/\\\/veteraanienperinto.fi\\\/index.php\\\/sv\\\/fortsattningskriget\\\/berattelser-i-fortsattningkriget\\\/\"},{\"@type\":\"ListItem\",\"position\":4,\"name\":\"Mellanfredens tid\",\"item\":\"https:\\\/\\\/veteraanienperinto.fi\\\/index.php\\\/sv\\\/fortsattningskriget\\\/berattelser-i-fortsattningkriget\\\/mellanfredens-tid\\\/\"},{\"@type\":\"ListItem\",\"position\":5,\"name\":\"Hennala 1941\"}]},{\"@type\":\"WebSite\",\"@id\":\"https:\\\/\\\/veteraanienperinto.fi\\\/#website\",\"url\":\"https:\\\/\\\/veteraanienperinto.fi\\\/\",\"name\":\"Veteraanien Perint\u00f6\",\"description\":\"Kadettikunta\",\"potentialAction\":[{\"@type\":\"SearchAction\",\"target\":{\"@type\":\"EntryPoint\",\"urlTemplate\":\"https:\\\/\\\/veteraanienperinto.fi\\\/?s={search_term_string}\"},\"query-input\":{\"@type\":\"PropertyValueSpecification\",\"valueRequired\":true,\"valueName\":\"search_term_string\"}}],\"inLanguage\":\"fi\"}]}<\/script>\n<!-- \/ Yoast SEO plugin. -->","yoast_head_json":{"title":"Hennala 1941 - Veteraanien Perint\u00f6","robots":{"index":"index","follow":"follow","max-snippet":"max-snippet:-1","max-image-preview":"max-image-preview:large","max-video-preview":"max-video-preview:-1"},"canonical":"https:\/\/veteraanienperinto.fi\/index.php\/sv\/fortsattningskriget\/berattelser-i-fortsattningkriget\/mellanfredens-tid\/hennala-1941\/","og_locale":"fi_FI","og_type":"article","og_title":"Hennala 1941 - Veteraanien Perint\u00f6","og_url":"https:\/\/veteraanienperinto.fi\/index.php\/sv\/fortsattningskriget\/berattelser-i-fortsattningkriget\/mellanfredens-tid\/hennala-1941\/","og_site_name":"Veteraanien Perint\u00f6","article_modified_time":"2020-12-15T08:26:25+00:00","twitter_card":"summary_large_image","twitter_misc":{"Arvioitu lukuaika":"7 minuuttia"},"schema":{"@context":"https:\/\/schema.org","@graph":[{"@type":"WebPage","@id":"https:\/\/veteraanienperinto.fi\/index.php\/sv\/fortsattningskriget\/berattelser-i-fortsattningkriget\/mellanfredens-tid\/hennala-1941\/","url":"https:\/\/veteraanienperinto.fi\/index.php\/sv\/fortsattningskriget\/berattelser-i-fortsattningkriget\/mellanfredens-tid\/hennala-1941\/","name":"Hennala 1941 - Veteraanien Perint\u00f6","isPartOf":{"@id":"https:\/\/veteraanienperinto.fi\/#website"},"datePublished":"2020-11-18T11:46:01+00:00","dateModified":"2020-12-15T08:26:25+00:00","breadcrumb":{"@id":"https:\/\/veteraanienperinto.fi\/index.php\/sv\/fortsattningskriget\/berattelser-i-fortsattningkriget\/mellanfredens-tid\/hennala-1941\/#breadcrumb"},"inLanguage":"fi","potentialAction":[{"@type":"ReadAction","target":["https:\/\/veteraanienperinto.fi\/index.php\/sv\/fortsattningskriget\/berattelser-i-fortsattningkriget\/mellanfredens-tid\/hennala-1941\/"]}]},{"@type":"BreadcrumbList","@id":"https:\/\/veteraanienperinto.fi\/index.php\/sv\/fortsattningskriget\/berattelser-i-fortsattningkriget\/mellanfredens-tid\/hennala-1941\/#breadcrumb","itemListElement":[{"@type":"ListItem","position":1,"name":"Etusivu","item":"https:\/\/veteraanienperinto.fi\/index.php\/etusivu-2\/"},{"@type":"ListItem","position":2,"name":"Forts\u00e4ttningskriget","item":"https:\/\/veteraanienperinto.fi\/index.php\/sv\/fortsattningskriget\/"},{"@type":"ListItem","position":3,"name":"Ber\u00e4ttelser i forts\u00e4ttningkriget","item":"https:\/\/veteraanienperinto.fi\/index.php\/sv\/fortsattningskriget\/berattelser-i-fortsattningkriget\/"},{"@type":"ListItem","position":4,"name":"Mellanfredens tid","item":"https:\/\/veteraanienperinto.fi\/index.php\/sv\/fortsattningskriget\/berattelser-i-fortsattningkriget\/mellanfredens-tid\/"},{"@type":"ListItem","position":5,"name":"Hennala 1941"}]},{"@type":"WebSite","@id":"https:\/\/veteraanienperinto.fi\/#website","url":"https:\/\/veteraanienperinto.fi\/","name":"Veteraanien Perint\u00f6","description":"Kadettikunta","potentialAction":[{"@type":"SearchAction","target":{"@type":"EntryPoint","urlTemplate":"https:\/\/veteraanienperinto.fi\/?s={search_term_string}"},"query-input":{"@type":"PropertyValueSpecification","valueRequired":true,"valueName":"search_term_string"}}],"inLanguage":"fi"}]}},"_links":{"self":[{"href":"https:\/\/veteraanienperinto.fi\/index.php\/wp-json\/wp\/v2\/pages\/5881","targetHints":{"allow":["GET"]}}],"collection":[{"href":"https:\/\/veteraanienperinto.fi\/index.php\/wp-json\/wp\/v2\/pages"}],"about":[{"href":"https:\/\/veteraanienperinto.fi\/index.php\/wp-json\/wp\/v2\/types\/page"}],"author":[{"embeddable":true,"href":"https:\/\/veteraanienperinto.fi\/index.php\/wp-json\/wp\/v2\/users\/1"}],"replies":[{"embeddable":true,"href":"https:\/\/veteraanienperinto.fi\/index.php\/wp-json\/wp\/v2\/comments?post=5881"}],"version-history":[{"count":3,"href":"https:\/\/veteraanienperinto.fi\/index.php\/wp-json\/wp\/v2\/pages\/5881\/revisions"}],"predecessor-version":[{"id":7699,"href":"https:\/\/veteraanienperinto.fi\/index.php\/wp-json\/wp\/v2\/pages\/5881\/revisions\/7699"}],"up":[{"embeddable":true,"href":"https:\/\/veteraanienperinto.fi\/index.php\/wp-json\/wp\/v2\/pages\/5873"}],"wp:attachment":[{"href":"https:\/\/veteraanienperinto.fi\/index.php\/wp-json\/wp\/v2\/media?parent=5881"}],"curies":[{"name":"wp","href":"https:\/\/api.w.org\/{rel}","templated":true}]}}