{"id":5959,"date":"2020-11-18T12:28:50","date_gmt":"2020-11-18T12:28:50","guid":{"rendered":"https:\/\/veteraani.ylirotu.fi\/?page_id=5959"},"modified":"2020-12-15T09:25:29","modified_gmt":"2020-12-15T09:25:29","slug":"overgangen-av-viborgska-viken","status":"publish","type":"page","link":"https:\/\/veteraanienperinto.fi\/index.php\/sv\/fortsattningskriget\/berattelser-i-fortsattningkriget\/krigets-gang\/anvalsskede\/overgangen-av-viborgska-viken\/","title":{"rendered":"\u00d6verg\u00e5ngen av Viborgska viken"},"content":{"rendered":"\n<style type=\"text\/css\" data-created_by=\"avia_inline_auto\" id=\"style-css-av-kips4g81-a4faddedb56749018843cee0f7c656c5\">\n#top .av-special-heading.av-kips4g81-a4faddedb56749018843cee0f7c656c5{\npadding-bottom:10px;\n}\nbody .av-special-heading.av-kips4g81-a4faddedb56749018843cee0f7c656c5 .av-special-heading-tag .heading-char{\nfont-size:25px;\n}\n.av-special-heading.av-kips4g81-a4faddedb56749018843cee0f7c656c5 .av-subheading{\nfont-size:15px;\n}\n<\/style>\n<div  class='av-special-heading av-kips4g81-a4faddedb56749018843cee0f7c656c5 av-special-heading-h3  avia-builder-el-0  el_before_av_textblock  avia-builder-el-first '><h3 class='av-special-heading-tag'  itemprop=\"headline\"  >\u00d6verg\u00e5ngen av Viborgska viken<\/h3><div class=\"special-heading-border\"><div class=\"special-heading-inner-border\"><\/div><\/div><\/div>\n<section  class='av_textblock_section av-kei9w74n-7b0f008125a778f48432b9a614d90d0f '   itemscope=\"itemscope\" itemtype=\"https:\/\/schema.org\/CreativeWork\" ><div class='avia_textblock'  itemprop=\"text\" ><p><strong>Viking Ahrenberg ber\u00e4ttar:<\/strong><\/p>\n<p>Den 22. 8. erh\u00f6ll 8.K, som f\u00f6rsvarade Husu-avsnittet under II B, order att s\u00e4nda en patrull f\u00f6r att utr\u00f6na om fienden hade dragit sig tillbaka. Sergeant Str\u00f6m och en soldat anm\u00e4lde sig frivilligt. Pionj\u00e4rer skulle senare komma f\u00f6r att rensa upp minf\u00e4lten om f\u00f6rterr\u00e4ngen var fri fr\u00e5n fiender. Patrullen \u00e5ter\u00adkom sent omsider utan att ha sett en enda fiende och meddelade att allt var tyst d\u00e4r framme. H\u00e5ret reste sig p\u00e5 kompanichefen d\u00e5 de b\u00e5da patrullm\u00e4nnen bar mellan sig en rysk stridsvagnsmina, vilken de glatt sl\u00e4ngde framf\u00f6r f\u00f6tter\u00adna p\u00e5 honom och fr\u00e5gade: &#8221;va \u00e4 detta?&#8221;<\/p>\n<p>&#8211; Minan var f\u00e4rdigt inst\u00e4lld och funktionsduglig, men lyckligtvis h\u00e4nde ingenting. Pionj\u00e4rerna anl\u00e4nde sm\u00e5\u00adningom och begynte rensa upp den lilla byv\u00e4gen l\u00e4ngs vilken framryckningen skulle ske, &#8211; men de hade ej \u00e4nnu vanan inne. Det s\u00f6ktes och s\u00f6ktes och man gick fram\u00e5t meter efter meter, men ingenting hittades. Men s\u00e5 skreks det att h\u00e4r finns den f\u00f6rsta minan. En krok sattes fast i &#8221;minan&#8221;, man tog bet\u00e4ckning bakom stenar och tr\u00e4d och s\u00e5 drog pionj\u00e4rerna i det l\u00e5nga repet och man v\u00e4n\u00adtade med sp\u00e4nning p\u00e5 sm\u00e4llen. Ingen sm\u00e4ll, men till sist kom en gammal tallrot upp, det var minan. Det blev v\u00e5r f\u00f6rsta erfarenhet av minr\u00f6jning. Kompa\u00adniet kommenderades nu i &#8221;jono&#8221; och trossen s\u00e4ndes iv\u00e4g v\u00e4sterut till en mera framkomlig v\u00e4g. Sedan satte vi oss i r\u00f6relse genom minf\u00e4ltet, d\u00e4r varje man steg i den f\u00f6reg\u00e5endes fotsp\u00e5r. Minor uppt\u00e4cktes, men vi hade inte tid att v\u00e4nta p\u00e5 pionj\u00e4rerna. P\u00e5 kv\u00e4llen var vi framme i M\u00e4kipaakkala by, d\u00e4r husen befanns vara helt oskadade. P\u00e5 grund av minfaran besl\u00f6t vi att inte g\u00e5 in i husen, utan kompaniet lade sig att sova i en stor ria, d\u00e4r det fanns h\u00f6. F\u00f6ljande dag fortsatte vi till Siissala v\u00e4gsk\u00e4l vid Viborgsv\u00e4gen. Till denna v\u00e4g b\u00e5de diri\u00adgerats andra regementen och enheter, vilket hade till f\u00f6ljd att landsv\u00e4gen var som en stoppad korv med samtliga trupper p\u00e5 v\u00e4g \u00f6sterut. H\u00e4r marscherades i bredd med fr\u00e4mmande enheter, h\u00e4r fanns artilleri och tr\u00e4ng, allt i en sk\u00f6n r\u00f6ra.<\/p>\n<p>Alla var \u00e4ngsliga att det ryska flyget skulle uppt\u00e4cka detta lockande m\u00e5l. V\u00e5ra onda aningar besannades \u00e4ven. Under en paus d\u00f6k pl\u00f6tsligt ett tv\u00e5d\u00e4ckat spa\u00adningsplan upp och man kunde tydligt se bomberna som var f\u00e4stade under vingarna. Vid v\u00e5rt kompani gjorde planet en sv\u00e4ng och i detsamma f\u00f6ll bom\u00adberna ned i skogen invid landsv\u00e4gen. &#8211; d\u00e5ligt riktat. Lyckligtvis hade fienden icke tillg\u00e4ngligt flyg, ty detta var enda g\u00e5ngen vi st\u00f6rdes. V\u00e4garna var st\u00e4llvis kraftigt minerade, isynnerhet vid alla broar. Mineringarna var ofta anlagda med stor f\u00f6rslagenhet, i diket kunde t.ex. ligga en alldeles oskadad k\u00e4rra, men d\u00e5 man s\u00e5g efter kunde man uppt\u00e4cka fina tr\u00e5dar, som var dragna till spr\u00e4ngladdningar undertill. P\u00e5 landsv\u00e4gen kunde ligga en alldeles hel hj\u00e4lm, men n\u00e4r man unders\u00f6kte platsen, s\u00e5 var hj\u00e4lmen f\u00f6rbunden med en tr\u00e5d till en hand\u00adgranat nedgr\u00e4vd i v\u00e4gen. Manskapet hade varnats f\u00f6r allt detta och inga olyckor h\u00e4nde oss.<\/p>\n<p>Kompaniet s\u00e4krade bataljonens marsch till H\u00e4r\u00e4np\u00e4\u00e4nniemi och slutligen den 29.8 marscherade vi till Piispansaari f\u00f6r \u00f6verskeppning till Lihaniemi. Kompaniet f\u00f6rdes \u00f6ver p\u00e5 natten. Det var tysta mannar, vi t\u00e4nkte att h\u00e4nder det n\u00e5gonting far vi alla till botten som stenar, ty vi hade alla full utrustning p\u00e5 oss. Men ingenting h\u00e4nde, det var bara att styra mot den r\u00f6da lyktan som utm\u00e4rkte landningsplatsen. H\u00e4rifr\u00e5n gick f\u00e4rden mot Sommee station. Kompaniet marscherade fredligt p\u00e5 landsv\u00e4gen, d\u00e5 det pl\u00f6tsligt h\u00f6rdes ett rop att en av m\u00e4nnen hade svimmat i ledet. D\u00e5 han unders\u00f6ktes n\u00e4r\u00admare befanns det att han hade ett kulh\u00e5l mitt i hj\u00e4rtat. Den f\u00f6rlupna kulan kom fr\u00e5n Sommee, d\u00e4r mottistriderna som b\u00e4st p\u00e5gick, men avst\u00e5ndet dit var \u00e4nnu l\u00e5ngt.<\/p>\n<p><strong>Ossi Wallius: &#8221;Tjugofyran&#8221; Infanteriregementet 24:s historia i kriget 1941-1944<\/strong><\/p>\n<\/div><\/section>\n","protected":false},"excerpt":{"rendered":"","protected":false},"author":1,"featured_media":0,"parent":5935,"menu_order":6,"comment_status":"closed","ping_status":"closed","template":"","meta":{"footnotes":""},"class_list":["post-5959","page","type-page","status-publish","hentry"],"yoast_head":"<!-- This site is optimized with the Yoast SEO plugin v27.5 - https:\/\/yoast.com\/product\/yoast-seo-wordpress\/ -->\n<title>\u00d6verg\u00e5ngen av Viborgska viken - Veteraanien Perint\u00f6<\/title>\n<meta name=\"robots\" content=\"index, follow, max-snippet:-1, max-image-preview:large, max-video-preview:-1\" \/>\n<link rel=\"canonical\" href=\"https:\/\/veteraanienperinto.fi\/index.php\/sv\/fortsattningskriget\/berattelser-i-fortsattningkriget\/krigets-gang\/anvalsskede\/overgangen-av-viborgska-viken\/\" \/>\n<meta property=\"og:locale\" content=\"fi_FI\" \/>\n<meta property=\"og:type\" content=\"article\" \/>\n<meta property=\"og:title\" content=\"\u00d6verg\u00e5ngen av Viborgska viken - Veteraanien Perint\u00f6\" \/>\n<meta property=\"og:url\" content=\"https:\/\/veteraanienperinto.fi\/index.php\/sv\/fortsattningskriget\/berattelser-i-fortsattningkriget\/krigets-gang\/anvalsskede\/overgangen-av-viborgska-viken\/\" \/>\n<meta property=\"og:site_name\" content=\"Veteraanien Perint\u00f6\" \/>\n<meta property=\"article:modified_time\" content=\"2020-12-15T09:25:29+00:00\" \/>\n<meta name=\"twitter:card\" content=\"summary_large_image\" \/>\n<meta name=\"twitter:label1\" content=\"Arvioitu lukuaika\" \/>\n\t<meta name=\"twitter:data1\" content=\"4 minuuttia\" \/>\n<script type=\"application\/ld+json\" class=\"yoast-schema-graph\">{\"@context\":\"https:\\\/\\\/schema.org\",\"@graph\":[{\"@type\":\"WebPage\",\"@id\":\"https:\\\/\\\/veteraanienperinto.fi\\\/index.php\\\/sv\\\/fortsattningskriget\\\/berattelser-i-fortsattningkriget\\\/krigets-gang\\\/anvalsskede\\\/overgangen-av-viborgska-viken\\\/\",\"url\":\"https:\\\/\\\/veteraanienperinto.fi\\\/index.php\\\/sv\\\/fortsattningskriget\\\/berattelser-i-fortsattningkriget\\\/krigets-gang\\\/anvalsskede\\\/overgangen-av-viborgska-viken\\\/\",\"name\":\"\u00d6verg\u00e5ngen av Viborgska viken - Veteraanien Perint\u00f6\",\"isPartOf\":{\"@id\":\"https:\\\/\\\/veteraanienperinto.fi\\\/#website\"},\"datePublished\":\"2020-11-18T12:28:50+00:00\",\"dateModified\":\"2020-12-15T09:25:29+00:00\",\"breadcrumb\":{\"@id\":\"https:\\\/\\\/veteraanienperinto.fi\\\/index.php\\\/sv\\\/fortsattningskriget\\\/berattelser-i-fortsattningkriget\\\/krigets-gang\\\/anvalsskede\\\/overgangen-av-viborgska-viken\\\/#breadcrumb\"},\"inLanguage\":\"fi\",\"potentialAction\":[{\"@type\":\"ReadAction\",\"target\":[\"https:\\\/\\\/veteraanienperinto.fi\\\/index.php\\\/sv\\\/fortsattningskriget\\\/berattelser-i-fortsattningkriget\\\/krigets-gang\\\/anvalsskede\\\/overgangen-av-viborgska-viken\\\/\"]}]},{\"@type\":\"BreadcrumbList\",\"@id\":\"https:\\\/\\\/veteraanienperinto.fi\\\/index.php\\\/sv\\\/fortsattningskriget\\\/berattelser-i-fortsattningkriget\\\/krigets-gang\\\/anvalsskede\\\/overgangen-av-viborgska-viken\\\/#breadcrumb\",\"itemListElement\":[{\"@type\":\"ListItem\",\"position\":1,\"name\":\"Etusivu\",\"item\":\"https:\\\/\\\/veteraanienperinto.fi\\\/index.php\\\/etusivu-2\\\/\"},{\"@type\":\"ListItem\",\"position\":2,\"name\":\"Forts\u00e4ttningskriget\",\"item\":\"https:\\\/\\\/veteraanienperinto.fi\\\/index.php\\\/sv\\\/fortsattningskriget\\\/\"},{\"@type\":\"ListItem\",\"position\":3,\"name\":\"Ber\u00e4ttelser i forts\u00e4ttningkriget\",\"item\":\"https:\\\/\\\/veteraanienperinto.fi\\\/index.php\\\/sv\\\/fortsattningskriget\\\/berattelser-i-fortsattningkriget\\\/\"},{\"@type\":\"ListItem\",\"position\":4,\"name\":\"Krigets g\u00e5ng\",\"item\":\"https:\\\/\\\/veteraanienperinto.fi\\\/index.php\\\/sv\\\/fortsattningskriget\\\/berattelser-i-fortsattningkriget\\\/krigets-gang\\\/\"},{\"@type\":\"ListItem\",\"position\":5,\"name\":\"Anvalsskede\",\"item\":\"https:\\\/\\\/veteraanienperinto.fi\\\/index.php\\\/sv\\\/fortsattningskriget\\\/berattelser-i-fortsattningkriget\\\/krigets-gang\\\/anvalsskede\\\/\"},{\"@type\":\"ListItem\",\"position\":6,\"name\":\"\u00d6verg\u00e5ngen av Viborgska viken\"}]},{\"@type\":\"WebSite\",\"@id\":\"https:\\\/\\\/veteraanienperinto.fi\\\/#website\",\"url\":\"https:\\\/\\\/veteraanienperinto.fi\\\/\",\"name\":\"Veteraanien Perint\u00f6\",\"description\":\"Kadettikunta\",\"potentialAction\":[{\"@type\":\"SearchAction\",\"target\":{\"@type\":\"EntryPoint\",\"urlTemplate\":\"https:\\\/\\\/veteraanienperinto.fi\\\/?s={search_term_string}\"},\"query-input\":{\"@type\":\"PropertyValueSpecification\",\"valueRequired\":true,\"valueName\":\"search_term_string\"}}],\"inLanguage\":\"fi\"}]}<\/script>\n<!-- \/ Yoast SEO plugin. -->","yoast_head_json":{"title":"\u00d6verg\u00e5ngen av Viborgska viken - Veteraanien Perint\u00f6","robots":{"index":"index","follow":"follow","max-snippet":"max-snippet:-1","max-image-preview":"max-image-preview:large","max-video-preview":"max-video-preview:-1"},"canonical":"https:\/\/veteraanienperinto.fi\/index.php\/sv\/fortsattningskriget\/berattelser-i-fortsattningkriget\/krigets-gang\/anvalsskede\/overgangen-av-viborgska-viken\/","og_locale":"fi_FI","og_type":"article","og_title":"\u00d6verg\u00e5ngen av Viborgska viken - Veteraanien Perint\u00f6","og_url":"https:\/\/veteraanienperinto.fi\/index.php\/sv\/fortsattningskriget\/berattelser-i-fortsattningkriget\/krigets-gang\/anvalsskede\/overgangen-av-viborgska-viken\/","og_site_name":"Veteraanien Perint\u00f6","article_modified_time":"2020-12-15T09:25:29+00:00","twitter_card":"summary_large_image","twitter_misc":{"Arvioitu lukuaika":"4 minuuttia"},"schema":{"@context":"https:\/\/schema.org","@graph":[{"@type":"WebPage","@id":"https:\/\/veteraanienperinto.fi\/index.php\/sv\/fortsattningskriget\/berattelser-i-fortsattningkriget\/krigets-gang\/anvalsskede\/overgangen-av-viborgska-viken\/","url":"https:\/\/veteraanienperinto.fi\/index.php\/sv\/fortsattningskriget\/berattelser-i-fortsattningkriget\/krigets-gang\/anvalsskede\/overgangen-av-viborgska-viken\/","name":"\u00d6verg\u00e5ngen av Viborgska viken - Veteraanien Perint\u00f6","isPartOf":{"@id":"https:\/\/veteraanienperinto.fi\/#website"},"datePublished":"2020-11-18T12:28:50+00:00","dateModified":"2020-12-15T09:25:29+00:00","breadcrumb":{"@id":"https:\/\/veteraanienperinto.fi\/index.php\/sv\/fortsattningskriget\/berattelser-i-fortsattningkriget\/krigets-gang\/anvalsskede\/overgangen-av-viborgska-viken\/#breadcrumb"},"inLanguage":"fi","potentialAction":[{"@type":"ReadAction","target":["https:\/\/veteraanienperinto.fi\/index.php\/sv\/fortsattningskriget\/berattelser-i-fortsattningkriget\/krigets-gang\/anvalsskede\/overgangen-av-viborgska-viken\/"]}]},{"@type":"BreadcrumbList","@id":"https:\/\/veteraanienperinto.fi\/index.php\/sv\/fortsattningskriget\/berattelser-i-fortsattningkriget\/krigets-gang\/anvalsskede\/overgangen-av-viborgska-viken\/#breadcrumb","itemListElement":[{"@type":"ListItem","position":1,"name":"Etusivu","item":"https:\/\/veteraanienperinto.fi\/index.php\/etusivu-2\/"},{"@type":"ListItem","position":2,"name":"Forts\u00e4ttningskriget","item":"https:\/\/veteraanienperinto.fi\/index.php\/sv\/fortsattningskriget\/"},{"@type":"ListItem","position":3,"name":"Ber\u00e4ttelser i forts\u00e4ttningkriget","item":"https:\/\/veteraanienperinto.fi\/index.php\/sv\/fortsattningskriget\/berattelser-i-fortsattningkriget\/"},{"@type":"ListItem","position":4,"name":"Krigets g\u00e5ng","item":"https:\/\/veteraanienperinto.fi\/index.php\/sv\/fortsattningskriget\/berattelser-i-fortsattningkriget\/krigets-gang\/"},{"@type":"ListItem","position":5,"name":"Anvalsskede","item":"https:\/\/veteraanienperinto.fi\/index.php\/sv\/fortsattningskriget\/berattelser-i-fortsattningkriget\/krigets-gang\/anvalsskede\/"},{"@type":"ListItem","position":6,"name":"\u00d6verg\u00e5ngen av Viborgska viken"}]},{"@type":"WebSite","@id":"https:\/\/veteraanienperinto.fi\/#website","url":"https:\/\/veteraanienperinto.fi\/","name":"Veteraanien Perint\u00f6","description":"Kadettikunta","potentialAction":[{"@type":"SearchAction","target":{"@type":"EntryPoint","urlTemplate":"https:\/\/veteraanienperinto.fi\/?s={search_term_string}"},"query-input":{"@type":"PropertyValueSpecification","valueRequired":true,"valueName":"search_term_string"}}],"inLanguage":"fi"}]}},"_links":{"self":[{"href":"https:\/\/veteraanienperinto.fi\/index.php\/wp-json\/wp\/v2\/pages\/5959","targetHints":{"allow":["GET"]}}],"collection":[{"href":"https:\/\/veteraanienperinto.fi\/index.php\/wp-json\/wp\/v2\/pages"}],"about":[{"href":"https:\/\/veteraanienperinto.fi\/index.php\/wp-json\/wp\/v2\/types\/page"}],"author":[{"embeddable":true,"href":"https:\/\/veteraanienperinto.fi\/index.php\/wp-json\/wp\/v2\/users\/1"}],"replies":[{"embeddable":true,"href":"https:\/\/veteraanienperinto.fi\/index.php\/wp-json\/wp\/v2\/comments?post=5959"}],"version-history":[{"count":3,"href":"https:\/\/veteraanienperinto.fi\/index.php\/wp-json\/wp\/v2\/pages\/5959\/revisions"}],"predecessor-version":[{"id":7757,"href":"https:\/\/veteraanienperinto.fi\/index.php\/wp-json\/wp\/v2\/pages\/5959\/revisions\/7757"}],"up":[{"embeddable":true,"href":"https:\/\/veteraanienperinto.fi\/index.php\/wp-json\/wp\/v2\/pages\/5935"}],"wp:attachment":[{"href":"https:\/\/veteraanienperinto.fi\/index.php\/wp-json\/wp\/v2\/media?parent=5959"}],"curies":[{"name":"wp","href":"https:\/\/api.w.org\/{rel}","templated":true}]}}