{"id":5984,"date":"2020-11-18T12:41:12","date_gmt":"2020-11-18T12:41:12","guid":{"rendered":"https:\/\/veteraani.ylirotu.fi\/?page_id=5984"},"modified":"2020-12-15T09:56:05","modified_gmt":"2020-12-15T09:56:05","slug":"de-stilla-aren-1942-1943","status":"publish","type":"page","link":"https:\/\/veteraanienperinto.fi\/index.php\/sv\/fortsattningskriget\/berattelser-i-fortsattningkriget\/krigets-gang\/stallningskriget\/de-stilla-aren-1942-1943\/","title":{"rendered":"De stilla \u00e5ren 1942-1943"},"content":{"rendered":"\n<style type=\"text\/css\" data-created_by=\"avia_inline_auto\" id=\"style-css-av-kipt8qaj-38d02817bc387412c4d3d56d92153bbc\">\n#top .av-special-heading.av-kipt8qaj-38d02817bc387412c4d3d56d92153bbc{\npadding-bottom:5px;\n}\nbody .av-special-heading.av-kipt8qaj-38d02817bc387412c4d3d56d92153bbc .av-special-heading-tag .heading-char{\nfont-size:25px;\n}\n.av-special-heading.av-kipt8qaj-38d02817bc387412c4d3d56d92153bbc .av-subheading{\nfont-size:15px;\n}\n<\/style>\n<div  class='av-special-heading av-kipt8qaj-38d02817bc387412c4d3d56d92153bbc av-special-heading-h3  avia-builder-el-0  avia-builder-el-no-sibling '><h3 class='av-special-heading-tag'  itemprop=\"headline\"  >De stilla \u00e5ren 1942-1943<\/h3><div class=\"special-heading-border\"><div class=\"special-heading-inner-border\"><\/div><\/div><\/div>\n<section  class='av_textblock_section av-kei9w74n-7b0f008125a778f48432b9a614d90d0f '   itemscope=\"itemscope\" itemtype=\"https:\/\/schema.org\/CreativeWork\" ><div class='avia_textblock'  itemprop=\"text\" ><p><strong>Bo Nikander:<\/strong><\/p>\n<p>De l\u00e5nga \u00e5ren 1942-1943 skall inte behandlas i detalj. Det var en tid av vakttj\u00e4nst, dagliga sysslor, byggnadsarbete, tr\u00e4df\u00e4llning f\u00f6r ved och byggen samt skolning. Den lediga tiden utfylldes av hobbyarbeten fr\u00e4mst tr\u00e4sl\u00f6jd, d\u00e4r m\u00e5nga gjorde verkligt fina arbeten. Brevv\u00e4xling med hemmet eller flickv\u00e4nnen var ett viktigt medel f\u00f6r att h\u00e5lla hum\u00f6ret uppe. Tidningarna l\u00e4stes noga och m\u00e5nga f\u00f6ljde med krigets skiftningar p\u00e5 de stora krigssk\u00e5deplatserna. Hur sektionens medlemmar upplevde denna tid framg\u00e5r b\u00e4st av de bidrag som finns senare i denna skrift.<\/p>\n<p>Det verkligt viktiga var dock permissionerna, som beviljades med tre m\u00e5naders mellanrum. Adjutanten hade vissa knep, som gjorde att takten kunde \u00f6kas n\u00e5got, men de \u00e4r \u00e4nnu hemligst\u00e4mplade, som s\u00e5 mycket annat var under kriget.<\/p>\n<p>F\u00f6rr\u00e4ttningstroppen, kallad T\u00f6pin\u00e4, hade sitt dagliga program, ty mat skulle vi ha, ocks\u00e5 om den vissa tider blev ytterligt enformig t.ex. gr\u00f6t det ena m\u00e5let och \u00e4rtsoppa det andra dag efter dag.<\/p>\n<p>Rent milit\u00e4rt skulle pj\u00e4serna vara skjutklara med kort varsel. Sektionen bemannade under hela kriget vissa eldledningsplatser och en viss skolning fortsatte hela tiden. De stora avbrotten under de l\u00e5nga m\u00e5naderna var julen och Mannerheims f\u00f6delsedag den 4 juni, d\u00e5 fem man fick dela en halva br\u00e4nnvin. P\u00e5 sina h\u00e5ll \u00e4ndrades det s\u00e5, att en man skulle dricka hela flaskan p\u00e5 kort tid, medan det \u00f6vriga g\u00e4nget f\u00f6ljde med vad som sedan h\u00e4nde.<\/p>\n<p>Vilket system som var &#8221;roligare&#8221; kan man tvista om. (Den h\u00f6gre ledningen gillade nog inte denna ceremoni.) Julfirandet blev en st\u00e4mningsfull fest, som spontant ordnades av de olika korsug\u00e4ngen eller av st\u00f6rre grupper om det fanns l\u00e4mpliga samlingsutrymmen.<\/p>\n<p>I Tunga 13 var en stor del av de v\u00e4rnpliktiga hemma i norra \u00d6sterbotten och den sk\u00e4mtsamma, friska anda, som d\u00e4r h\u00f6r till folkkarakt\u00e4ren, var en stor tillg\u00e5ng. Ingenting var s\u00e5 j\u00e4kligt, att det inte kunde beskrivas p\u00e5 ett fyndigt och humoristiskt s\u00e4tt.<\/p>\n<p>Under \u00e5ren skedde m\u00e5nga f\u00f6r\u00e4ndringar i sektionens sammans\u00e4ttning. Den st\u00f6rsta \u00e4gde rum redan i slutet av oktober 1941. H\u00f6gkvarteret best\u00e4mde d\u00e5, att \u00e4ldre \u00e5rg\u00e5ngar skulle hemf\u00f6rlovas. Gr\u00e4nsen gick vid omkring 32 \u00e5r. Bredvid Akseli l\u00e5g grova batteriet Orpo (kapten Wind), d\u00e4r medel\u00e5ldern var h\u00f6g. Detta batteri skulle uppl\u00f6sas och Akseli s\u00e4nde \u00e4ldre v\u00e4rnpliktiga dit och fick mottaga yngre. Dessa var ofta fr\u00e5n samma socknar, som v\u00e5ra egna \u00f6sterbottningar, s\u00e5 de passade bra i g\u00e4nget. Det var \u00f6ver 100 personer som bytte truppf\u00f6rband.<\/p>\n<p>Sektionspastorn och l\u00e4karen var viktiga personer. Vi hade turen att f\u00e5 goda representanter f\u00f6r dessa yrkesk\u00e5ren. Den f\u00f6rsta pr\u00e4sten var Arne Rosenqvist, som stannade ett halv\u00e5r. En av de f\u00f6ljande var Nils Sandbacka, (familjen kom fr\u00e4n Nedervetil), som var i Akseli tre perioder under 1942-44. En kortare tid 1943 var Karl Erik Forssell fr\u00e5n \u00c5bo v\u00e5r f\u00e4ltpr\u00e4st. Han hade en m\u00e4rklig f\u00f6rm\u00e5ga att f\u00e5 kontakt med sektionens personal och betydde mycket f\u00f6r sinnesst\u00e4mningen.<\/p>\n<p><em><strong>Minnesskrift Tunga Sektionen 13 1941-44<\/strong><\/em><\/p>\n<\/div><\/section>\n<section  class='av_textblock_section av-2hkxg5-d9f2f24c78319a941b4a91cc4fae8687 '   itemscope=\"itemscope\" itemtype=\"https:\/\/schema.org\/CreativeWork\" ><div class='avia_textblock'  itemprop=\"text\" ><p>0<\/p>\n<\/div><\/section>\n","protected":false},"excerpt":{"rendered":"","protected":false},"author":1,"featured_media":0,"parent":5980,"menu_order":0,"comment_status":"closed","ping_status":"closed","template":"","meta":{"footnotes":""},"class_list":["post-5984","page","type-page","status-publish","hentry"],"yoast_head":"<!-- This site is optimized with the Yoast SEO plugin v27.5 - https:\/\/yoast.com\/product\/yoast-seo-wordpress\/ -->\n<title>De stilla \u00e5ren 1942-1943 - Veteraanien Perint\u00f6<\/title>\n<meta name=\"robots\" content=\"index, follow, max-snippet:-1, max-image-preview:large, max-video-preview:-1\" \/>\n<link rel=\"canonical\" href=\"https:\/\/veteraanienperinto.fi\/index.php\/sv\/fortsattningskriget\/berattelser-i-fortsattningkriget\/krigets-gang\/stallningskriget\/de-stilla-aren-1942-1943\/\" \/>\n<meta property=\"og:locale\" content=\"fi_FI\" \/>\n<meta property=\"og:type\" content=\"article\" \/>\n<meta property=\"og:title\" content=\"De stilla \u00e5ren 1942-1943 - Veteraanien Perint\u00f6\" \/>\n<meta property=\"og:url\" content=\"https:\/\/veteraanienperinto.fi\/index.php\/sv\/fortsattningskriget\/berattelser-i-fortsattningkriget\/krigets-gang\/stallningskriget\/de-stilla-aren-1942-1943\/\" \/>\n<meta property=\"og:site_name\" content=\"Veteraanien Perint\u00f6\" \/>\n<meta property=\"article:modified_time\" content=\"2020-12-15T09:56:05+00:00\" \/>\n<meta name=\"twitter:card\" content=\"summary_large_image\" \/>\n<meta name=\"twitter:label1\" content=\"Arvioitu lukuaika\" \/>\n\t<meta name=\"twitter:data1\" content=\"4 minuuttia\" \/>\n<script type=\"application\/ld+json\" class=\"yoast-schema-graph\">{\"@context\":\"https:\\\/\\\/schema.org\",\"@graph\":[{\"@type\":\"WebPage\",\"@id\":\"https:\\\/\\\/veteraanienperinto.fi\\\/index.php\\\/sv\\\/fortsattningskriget\\\/berattelser-i-fortsattningkriget\\\/krigets-gang\\\/stallningskriget\\\/de-stilla-aren-1942-1943\\\/\",\"url\":\"https:\\\/\\\/veteraanienperinto.fi\\\/index.php\\\/sv\\\/fortsattningskriget\\\/berattelser-i-fortsattningkriget\\\/krigets-gang\\\/stallningskriget\\\/de-stilla-aren-1942-1943\\\/\",\"name\":\"De stilla \u00e5ren 1942-1943 - Veteraanien Perint\u00f6\",\"isPartOf\":{\"@id\":\"https:\\\/\\\/veteraanienperinto.fi\\\/#website\"},\"datePublished\":\"2020-11-18T12:41:12+00:00\",\"dateModified\":\"2020-12-15T09:56:05+00:00\",\"breadcrumb\":{\"@id\":\"https:\\\/\\\/veteraanienperinto.fi\\\/index.php\\\/sv\\\/fortsattningskriget\\\/berattelser-i-fortsattningkriget\\\/krigets-gang\\\/stallningskriget\\\/de-stilla-aren-1942-1943\\\/#breadcrumb\"},\"inLanguage\":\"fi\",\"potentialAction\":[{\"@type\":\"ReadAction\",\"target\":[\"https:\\\/\\\/veteraanienperinto.fi\\\/index.php\\\/sv\\\/fortsattningskriget\\\/berattelser-i-fortsattningkriget\\\/krigets-gang\\\/stallningskriget\\\/de-stilla-aren-1942-1943\\\/\"]}]},{\"@type\":\"BreadcrumbList\",\"@id\":\"https:\\\/\\\/veteraanienperinto.fi\\\/index.php\\\/sv\\\/fortsattningskriget\\\/berattelser-i-fortsattningkriget\\\/krigets-gang\\\/stallningskriget\\\/de-stilla-aren-1942-1943\\\/#breadcrumb\",\"itemListElement\":[{\"@type\":\"ListItem\",\"position\":1,\"name\":\"Etusivu\",\"item\":\"https:\\\/\\\/veteraanienperinto.fi\\\/index.php\\\/etusivu-2\\\/\"},{\"@type\":\"ListItem\",\"position\":2,\"name\":\"Forts\u00e4ttningskriget\",\"item\":\"https:\\\/\\\/veteraanienperinto.fi\\\/index.php\\\/sv\\\/fortsattningskriget\\\/\"},{\"@type\":\"ListItem\",\"position\":3,\"name\":\"Ber\u00e4ttelser i forts\u00e4ttningkriget\",\"item\":\"https:\\\/\\\/veteraanienperinto.fi\\\/index.php\\\/sv\\\/fortsattningskriget\\\/berattelser-i-fortsattningkriget\\\/\"},{\"@type\":\"ListItem\",\"position\":4,\"name\":\"Krigets g\u00e5ng\",\"item\":\"https:\\\/\\\/veteraanienperinto.fi\\\/index.php\\\/sv\\\/fortsattningskriget\\\/berattelser-i-fortsattningkriget\\\/krigets-gang\\\/\"},{\"@type\":\"ListItem\",\"position\":5,\"name\":\"St\u00e4llningskriget\",\"item\":\"https:\\\/\\\/veteraanienperinto.fi\\\/index.php\\\/sv\\\/fortsattningskriget\\\/berattelser-i-fortsattningkriget\\\/krigets-gang\\\/stallningskriget\\\/\"},{\"@type\":\"ListItem\",\"position\":6,\"name\":\"De stilla \u00e5ren 1942-1943\"}]},{\"@type\":\"WebSite\",\"@id\":\"https:\\\/\\\/veteraanienperinto.fi\\\/#website\",\"url\":\"https:\\\/\\\/veteraanienperinto.fi\\\/\",\"name\":\"Veteraanien Perint\u00f6\",\"description\":\"Kadettikunta\",\"potentialAction\":[{\"@type\":\"SearchAction\",\"target\":{\"@type\":\"EntryPoint\",\"urlTemplate\":\"https:\\\/\\\/veteraanienperinto.fi\\\/?s={search_term_string}\"},\"query-input\":{\"@type\":\"PropertyValueSpecification\",\"valueRequired\":true,\"valueName\":\"search_term_string\"}}],\"inLanguage\":\"fi\"}]}<\/script>\n<!-- \/ Yoast SEO plugin. -->","yoast_head_json":{"title":"De stilla \u00e5ren 1942-1943 - Veteraanien Perint\u00f6","robots":{"index":"index","follow":"follow","max-snippet":"max-snippet:-1","max-image-preview":"max-image-preview:large","max-video-preview":"max-video-preview:-1"},"canonical":"https:\/\/veteraanienperinto.fi\/index.php\/sv\/fortsattningskriget\/berattelser-i-fortsattningkriget\/krigets-gang\/stallningskriget\/de-stilla-aren-1942-1943\/","og_locale":"fi_FI","og_type":"article","og_title":"De stilla \u00e5ren 1942-1943 - Veteraanien Perint\u00f6","og_url":"https:\/\/veteraanienperinto.fi\/index.php\/sv\/fortsattningskriget\/berattelser-i-fortsattningkriget\/krigets-gang\/stallningskriget\/de-stilla-aren-1942-1943\/","og_site_name":"Veteraanien Perint\u00f6","article_modified_time":"2020-12-15T09:56:05+00:00","twitter_card":"summary_large_image","twitter_misc":{"Arvioitu lukuaika":"4 minuuttia"},"schema":{"@context":"https:\/\/schema.org","@graph":[{"@type":"WebPage","@id":"https:\/\/veteraanienperinto.fi\/index.php\/sv\/fortsattningskriget\/berattelser-i-fortsattningkriget\/krigets-gang\/stallningskriget\/de-stilla-aren-1942-1943\/","url":"https:\/\/veteraanienperinto.fi\/index.php\/sv\/fortsattningskriget\/berattelser-i-fortsattningkriget\/krigets-gang\/stallningskriget\/de-stilla-aren-1942-1943\/","name":"De stilla \u00e5ren 1942-1943 - Veteraanien Perint\u00f6","isPartOf":{"@id":"https:\/\/veteraanienperinto.fi\/#website"},"datePublished":"2020-11-18T12:41:12+00:00","dateModified":"2020-12-15T09:56:05+00:00","breadcrumb":{"@id":"https:\/\/veteraanienperinto.fi\/index.php\/sv\/fortsattningskriget\/berattelser-i-fortsattningkriget\/krigets-gang\/stallningskriget\/de-stilla-aren-1942-1943\/#breadcrumb"},"inLanguage":"fi","potentialAction":[{"@type":"ReadAction","target":["https:\/\/veteraanienperinto.fi\/index.php\/sv\/fortsattningskriget\/berattelser-i-fortsattningkriget\/krigets-gang\/stallningskriget\/de-stilla-aren-1942-1943\/"]}]},{"@type":"BreadcrumbList","@id":"https:\/\/veteraanienperinto.fi\/index.php\/sv\/fortsattningskriget\/berattelser-i-fortsattningkriget\/krigets-gang\/stallningskriget\/de-stilla-aren-1942-1943\/#breadcrumb","itemListElement":[{"@type":"ListItem","position":1,"name":"Etusivu","item":"https:\/\/veteraanienperinto.fi\/index.php\/etusivu-2\/"},{"@type":"ListItem","position":2,"name":"Forts\u00e4ttningskriget","item":"https:\/\/veteraanienperinto.fi\/index.php\/sv\/fortsattningskriget\/"},{"@type":"ListItem","position":3,"name":"Ber\u00e4ttelser i forts\u00e4ttningkriget","item":"https:\/\/veteraanienperinto.fi\/index.php\/sv\/fortsattningskriget\/berattelser-i-fortsattningkriget\/"},{"@type":"ListItem","position":4,"name":"Krigets g\u00e5ng","item":"https:\/\/veteraanienperinto.fi\/index.php\/sv\/fortsattningskriget\/berattelser-i-fortsattningkriget\/krigets-gang\/"},{"@type":"ListItem","position":5,"name":"St\u00e4llningskriget","item":"https:\/\/veteraanienperinto.fi\/index.php\/sv\/fortsattningskriget\/berattelser-i-fortsattningkriget\/krigets-gang\/stallningskriget\/"},{"@type":"ListItem","position":6,"name":"De stilla \u00e5ren 1942-1943"}]},{"@type":"WebSite","@id":"https:\/\/veteraanienperinto.fi\/#website","url":"https:\/\/veteraanienperinto.fi\/","name":"Veteraanien Perint\u00f6","description":"Kadettikunta","potentialAction":[{"@type":"SearchAction","target":{"@type":"EntryPoint","urlTemplate":"https:\/\/veteraanienperinto.fi\/?s={search_term_string}"},"query-input":{"@type":"PropertyValueSpecification","valueRequired":true,"valueName":"search_term_string"}}],"inLanguage":"fi"}]}},"_links":{"self":[{"href":"https:\/\/veteraanienperinto.fi\/index.php\/wp-json\/wp\/v2\/pages\/5984","targetHints":{"allow":["GET"]}}],"collection":[{"href":"https:\/\/veteraanienperinto.fi\/index.php\/wp-json\/wp\/v2\/pages"}],"about":[{"href":"https:\/\/veteraanienperinto.fi\/index.php\/wp-json\/wp\/v2\/types\/page"}],"author":[{"embeddable":true,"href":"https:\/\/veteraanienperinto.fi\/index.php\/wp-json\/wp\/v2\/users\/1"}],"replies":[{"embeddable":true,"href":"https:\/\/veteraanienperinto.fi\/index.php\/wp-json\/wp\/v2\/comments?post=5984"}],"version-history":[{"count":3,"href":"https:\/\/veteraanienperinto.fi\/index.php\/wp-json\/wp\/v2\/pages\/5984\/revisions"}],"predecessor-version":[{"id":7785,"href":"https:\/\/veteraanienperinto.fi\/index.php\/wp-json\/wp\/v2\/pages\/5984\/revisions\/7785"}],"up":[{"embeddable":true,"href":"https:\/\/veteraanienperinto.fi\/index.php\/wp-json\/wp\/v2\/pages\/5980"}],"wp:attachment":[{"href":"https:\/\/veteraanienperinto.fi\/index.php\/wp-json\/wp\/v2\/media?parent=5984"}],"curies":[{"name":"wp","href":"https:\/\/api.w.org\/{rel}","templated":true}]}}