{"id":6000,"date":"2020-11-18T12:48:44","date_gmt":"2020-11-18T12:48:44","guid":{"rendered":"https:\/\/veteraani.ylirotu.fi\/?page_id=6000"},"modified":"2020-12-15T10:23:34","modified_gmt":"2020-12-15T10:23:34","slug":"en-nykomling-upplever-jandeba","status":"publish","type":"page","link":"https:\/\/veteraanienperinto.fi\/index.php\/sv\/fortsattningskriget\/berattelser-i-fortsattningkriget\/krigets-gang\/stallningskriget\/en-nykomling-upplever-jandeba\/","title":{"rendered":"En nykomling upplever Jandeba"},"content":{"rendered":"\n<style type=\"text\/css\" data-created_by=\"avia_inline_auto\" id=\"style-css-av-kipu7996-4a357b817cf5ece2ac864bbce07c5c56\">\n#top .av-special-heading.av-kipu7996-4a357b817cf5ece2ac864bbce07c5c56{\npadding-bottom:5px;\n}\nbody .av-special-heading.av-kipu7996-4a357b817cf5ece2ac864bbce07c5c56 .av-special-heading-tag .heading-char{\nfont-size:25px;\n}\n.av-special-heading.av-kipu7996-4a357b817cf5ece2ac864bbce07c5c56 .av-subheading{\nfont-size:15px;\n}\n<\/style>\n<div  class='av-special-heading av-kipu7996-4a357b817cf5ece2ac864bbce07c5c56 av-special-heading-h3  avia-builder-el-0  avia-builder-el-no-sibling '><h3 class='av-special-heading-tag'  itemprop=\"headline\"  >En nykomling upplever Jandeba<\/h3><div class=\"special-heading-border\"><div class=\"special-heading-inner-border\"><\/div><\/div><\/div>\n<section  class='av_textblock_section av-kei9w74n-7b0f008125a778f48432b9a614d90d0f '   itemscope=\"itemscope\" itemtype=\"https:\/\/schema.org\/CreativeWork\" ><div class='avia_textblock'  itemprop=\"text\" ><p><strong>Martin Groop:<\/strong><\/p>\n<p>I det f\u00f6ljande \u00e5terges Martin Groops sentida beskrivning av hur han upplevde ankomsten till Bataljonen sommaren 1943. Han h\u00f6rde till maskingev\u00e4rskompaniet och beskrivningen avser st\u00f6djepunkten Rudan p\u00e5 4 K:s avsnitt.<\/p>\n<p>&#8221;Jag brukar s\u00e4ga, att jag h\u00f6rde till de yngsta, som i egen\u00adskap av frontman sett Svirflodens stilla vatten och Jandeba\u00e5ns f\u00e5ra. Hur var det att som 19-\u00e5ring komma ut i stridslinjen en vacker julidag 1943? D\u00e5 var man ung, oer\u00adfaren och f\u00f6ga inst\u00e4lld p\u00e5 att ber\u00e4tta f\u00f6r eventuella barn\u00adbarn. Man levde f\u00f6r dagen och framtiden berodde helt p\u00e5 att kriget skulle sluta. Ingen pratade om att det f\u00f6r m\u00e5ngen kanske inte fanns n\u00e5gon framtid alls.<\/p>\n<p>Jag kom till JR 13:s II bataljon via Podporozje. I v\u00e4n\u00adtan p\u00e5 transport ut till linjen fick man en vag minnesbild av bebyggelsen d\u00e4r, av r\u00e4tt nybyggda ryska baracker och kas\u00e4rner, otroligt d\u00e5ligt uppf\u00f6rda. Det led mot kv\u00e4llen, d\u00e5 jag var framme vid Lampenius&#8217; st\u00f6djepunkt och kor\u00adsu. I korsun, som var uppf\u00f6rd av stock, fanns sovbritsar l\u00e4ngs b\u00e5da sidorna, en undre och en \u00f6vre. Vidare en rund kamin av pl\u00e5t i ena h\u00f6rnet, alldeles invid d\u00f6rren, samt ett litet bord vid kortsidan. Ett neds\u00e4nkt f\u00f6rnster, under markniv\u00e5, gav lite dagsljus. P\u00e5 utsidan markerades kor\u00adsun av en gr\u00e4sbevuxen kulle.<\/p>\n<p>En borg\u00e5pojke, Blomkvist, tog sig an mig den f\u00f6rsta dagen. Tillsammans gick vi till postst\u00e4llet l\u00e4ngs kanten av en l\u00f6pgrav. Till h\u00f6ger stod granskogen t\u00e4t och m\u00f6rk, till v\u00e4nster l\u00e5g en igenvuxen \u00e5ker med t\u00e4ta buskrader. Sj\u00e4lva postst\u00e4llet befann sig invid b\u00e4cken Jandeba (enligt h\u00f6rs\u00e4gen bred som en \u00e5 i sn\u00f6sm\u00e4ltningstiden), omgivet av ett taggtr\u00e5dshinder. P\u00e5 motsatta sidan reste sig en kul\u00adle med h\u00f6ga, torra granar och resterna av en nedbr\u00e4nd by [Demidovskaja].<\/p>\n<p>Akta dig, n\u00e4r du st\u00e5r p\u00e5 vakt, fick jag h\u00f6ra som r\u00e5d. Prickskyttar brukar vara i farten ibland. Avst\u00e5ndet till de ryska st\u00e4llningarna var visserligen s\u00e5 l\u00e5ngt, att de ej syn\u00adtes fr\u00e5n v\u00e5rt postst\u00e4lle. Den branta \u00e5brinken \u00e5stadkom en d\u00f6d vinkel d\u00e4r framf\u00f6r, s\u00e5 att vattenytan (vid l\u00e5gvatten) inte syntes. Detta hade utnyttjats av en rysk patrull, som en g\u00e5ng gjorde p\u00e5h\u00e4lsning hos oss. Med fatalt resultat f\u00f6r dem. Som minnen av h\u00e4ndelsen stod d\u00e4r sm\u00e5 namnl\u00f6sa kors av bj\u00f6rk p\u00e5 l\u00e5ga gravkullar.<\/p>\n<p>Redan den f\u00f6rsta natten hade korsuns alla v\u00e4ggl\u00f6ss storkalas p\u00e5 unga jag. Andra dagen hade ryssarna upp\u00adt\u00e4ckt nykomlingen, ty de ordnade en hj\u00e4rtlig v\u00e4lkomst\u00adh\u00e4lsning. Det var en vindstilla, varm sommarmorgon. Pojkarna timrade p\u00e5 ett maskingev\u00e4rsn\u00e4ste p\u00e5 backen, jag satt och f\u00f6rr\u00e4ttade min morgonandakt p\u00e5 b\u00e4nken (en f\u00f6rb\u00e4ttring av st\u00e5ngtypen), som l\u00e5g ett stycke ifr\u00e5n, d\u00e5 ett skott fr\u00e5n en direktskjutande kanon, en &#8221;piiskatykki&#8221;, \u00e5stadkom en krevad bakom korsun. Blixtsnabbt rusade pojkarna mot skyddet. N\u00e5gon gav mig ett tecken. Ett ryck i byxorna och h\u00e5llande dem upp med ena handen, hann jag som den sista ned i f\u00f6nstrets f\u00f6rs\u00e4nkning innan backen pepprades full med skott. Jag tror att marginalen till d\u00f6den, denna g\u00e5ng, kunde ber\u00e4knas till 6-7 sekun\u00adder. Det var f\u00f6rsta upplevelsen av krigets vardag. Splitt\u00adret fr\u00e5n en granat gick illa \u00e5t b\u00e4nken, d\u00e4r jag suttit, men den var \u00e4nnu fullt anv\u00e4ndbar.<\/p>\n<p>S\u00e5g dom oss? Jag tror att ryssen hade en ballong uppe ibland, en som vi inte k\u00e4nde till. Ty en kort tid d\u00e4refter, d\u00e5 jag kom fr\u00e5n min vakttur kl. 5 p\u00e5 morgonen och skulle g\u00e5 \u00f6ver den \u00f6ppna platsen bredvid korsun, visslade en kula t\u00e4tt f\u00f6rbi. Jag kr\u00f6p ihop invid en hop stockar, os\u00e4krade vapnet och lyssnade l\u00e4nge och v\u00e4l efter, vad jag trodde, en rysk patrull n\u00e5gonstans i n\u00e4rheten. Allt f\u00f6rblev dock lugnt, s\u00e5 jag reste mig f\u00f6r att forts\u00e4tta, men d\u00e5 h\u00e4n\u00adde samma sak igen. Det var tydligen en skicklig skytt, som knappast hade bommat fr\u00e5n n\u00e4rmare h\u00e5ll. N\u00e5got ljud av skott h\u00f6rdes inte.<\/p>\n<p>S\u00e5 f\u00f6rfl\u00f6t dagarna, likartat enformiga. D\u00e5 och d\u00e5 susa\u00adde en granat \u00f6ver st\u00f6djepunkten. Pojkarna l\u00e4rde mig tol\u00adka krigets olika ljud, projektilernas visslande l\u00e4te, avfy\u00adringarnas dova klang, avst\u00e5nd och riktningsbed\u00f6mning m.m. Det var en v\u00e4lbeh\u00f6vlig kunskap f\u00f6r en nyanl\u00e4nd. Isynnerhet i ett senare skede av fronttj\u00e4nsten.<\/p>\n<p>Vakth\u00e5llningen var enformig, en timme p\u00e5 post f\u00f6ljd av en timme korsuvakt f\u00f6r att v\u00e4cka avl\u00f6sningen som stod i tur. Tiden kunde anv\u00e4ndas f\u00f6r brevskrivning. S\u00e4r\u00adskilt p\u00e5 senh\u00f6sten var det kusligt ute p\u00e5 postst\u00e4llet, n\u00e4r man sp\u00e4nde h\u00f6rseln f\u00f6r att tolka alla ljud i natten. Det prasslade i gr\u00e4set efter djur med nattliga vanor, eller vad annat kunde det vara? Vem skjuter f\u00f6rst, jag eller mot\u00adst\u00e5ndaren p\u00e5 patrulluppdrag? &#8211; Skulle jag v\u00e5ga d\u00f6da, skulle jag klara f\u00f6rsta handgranatkastet? Kunde jag r\u00e4k\u00adna med snabb hj\u00e4lp fr\u00e5n korsukamraternas sida, om jag pl\u00f6tsligt blev tvungen att rycka i alarmanordningen. Fun\u00adgerade den? Avst\u00e5ndet till korsun fr\u00e5n det nattliga post\u00adst\u00e4llet var 100 \u00e1 150 meter. I den stilen gick tankarna d\u00e5 och de kom ofta igen l\u00e5ngt efter kriget, d\u00e5 allt var \u00f6ver och dr\u00f6mmarna f\u00e4rgades av de krigstida upplevelserna. Gjorde sig r\u00e4dslan p\u00e5mint den g\u00e5ngen? Nej, jag tror att min ungdom fungerade som ett skydd och att tillf\u00f6rsikten var en barri\u00e4r, trots de sv\u00e5rare b\u00f6rdor som skulle kom\u00adma.<\/p>\n<p>&#8221;Tiden g\u00e5r, den kan ej annat \/ men sakta, sakta s\u00e5 f\u00f6r\u00adbannat&#8221;, var ett tales\u00e4tt, vanligt vid Svir-fronten, d\u00e5 det begav sig. Vi v\u00e4ntade. V\u00e4ntade p\u00e5 maten, p\u00e5 brev, p\u00e5 paket, p\u00e5 permission, p\u00e5 krigets slut.<\/p>\n<p>Under tiden kokade vi te, &#8221;tjajo&#8221;, p\u00e5 kaminen och vatt\u00adnet tog vi fr\u00e5n en nedtrampad grop p\u00e5 ett sankt st\u00e4lle, d\u00e4r det v\u00e4llde fram gyllenbrunt till f\u00e4rgen. Det var under de gemensamma tepauserna vi diskuterade l\u00e4get och ut\u00adbytte tankar tillsammans. Samh\u00f6righeten v\u00e4xte sig stark och den lever fortfarande kvar bland oss veteraner.&#8221;<\/p>\n<p><em><strong>Ur boken:<\/strong><\/em><br \/>\n<em>I\/JR 13 Kavas Bataljon<\/em><\/p>\n<\/div><\/section>\n<section  class='av_textblock_section av-22hl9t-a8f5a67c88462efb9b8f06b632a5e433 '   itemscope=\"itemscope\" itemtype=\"https:\/\/schema.org\/CreativeWork\" ><div class='avia_textblock'  itemprop=\"text\" ><p>0<\/p>\n<\/div><\/section>\n","protected":false},"excerpt":{"rendered":"","protected":false},"author":1,"featured_media":0,"parent":5980,"menu_order":5,"comment_status":"closed","ping_status":"closed","template":"","meta":{"footnotes":""},"class_list":["post-6000","page","type-page","status-publish","hentry"],"yoast_head":"<!-- This site is optimized with the Yoast SEO plugin v27.5 - https:\/\/yoast.com\/product\/yoast-seo-wordpress\/ -->\n<title>En nykomling upplever Jandeba - Veteraanien Perint\u00f6<\/title>\n<meta name=\"robots\" content=\"index, follow, max-snippet:-1, max-image-preview:large, max-video-preview:-1\" \/>\n<link rel=\"canonical\" href=\"https:\/\/veteraanienperinto.fi\/index.php\/sv\/fortsattningskriget\/berattelser-i-fortsattningkriget\/krigets-gang\/stallningskriget\/en-nykomling-upplever-jandeba\/\" \/>\n<meta property=\"og:locale\" content=\"fi_FI\" \/>\n<meta property=\"og:type\" content=\"article\" \/>\n<meta property=\"og:title\" content=\"En nykomling upplever Jandeba - Veteraanien Perint\u00f6\" \/>\n<meta property=\"og:url\" content=\"https:\/\/veteraanienperinto.fi\/index.php\/sv\/fortsattningskriget\/berattelser-i-fortsattningkriget\/krigets-gang\/stallningskriget\/en-nykomling-upplever-jandeba\/\" \/>\n<meta property=\"og:site_name\" content=\"Veteraanien Perint\u00f6\" \/>\n<meta property=\"article:modified_time\" content=\"2020-12-15T10:23:34+00:00\" \/>\n<meta name=\"twitter:card\" content=\"summary_large_image\" \/>\n<meta name=\"twitter:label1\" content=\"Arvioitu lukuaika\" \/>\n\t<meta name=\"twitter:data1\" content=\"6 minuuttia\" \/>\n<script type=\"application\/ld+json\" class=\"yoast-schema-graph\">{\"@context\":\"https:\\\/\\\/schema.org\",\"@graph\":[{\"@type\":\"WebPage\",\"@id\":\"https:\\\/\\\/veteraanienperinto.fi\\\/index.php\\\/sv\\\/fortsattningskriget\\\/berattelser-i-fortsattningkriget\\\/krigets-gang\\\/stallningskriget\\\/en-nykomling-upplever-jandeba\\\/\",\"url\":\"https:\\\/\\\/veteraanienperinto.fi\\\/index.php\\\/sv\\\/fortsattningskriget\\\/berattelser-i-fortsattningkriget\\\/krigets-gang\\\/stallningskriget\\\/en-nykomling-upplever-jandeba\\\/\",\"name\":\"En nykomling upplever Jandeba - Veteraanien Perint\u00f6\",\"isPartOf\":{\"@id\":\"https:\\\/\\\/veteraanienperinto.fi\\\/#website\"},\"datePublished\":\"2020-11-18T12:48:44+00:00\",\"dateModified\":\"2020-12-15T10:23:34+00:00\",\"breadcrumb\":{\"@id\":\"https:\\\/\\\/veteraanienperinto.fi\\\/index.php\\\/sv\\\/fortsattningskriget\\\/berattelser-i-fortsattningkriget\\\/krigets-gang\\\/stallningskriget\\\/en-nykomling-upplever-jandeba\\\/#breadcrumb\"},\"inLanguage\":\"fi\",\"potentialAction\":[{\"@type\":\"ReadAction\",\"target\":[\"https:\\\/\\\/veteraanienperinto.fi\\\/index.php\\\/sv\\\/fortsattningskriget\\\/berattelser-i-fortsattningkriget\\\/krigets-gang\\\/stallningskriget\\\/en-nykomling-upplever-jandeba\\\/\"]}]},{\"@type\":\"BreadcrumbList\",\"@id\":\"https:\\\/\\\/veteraanienperinto.fi\\\/index.php\\\/sv\\\/fortsattningskriget\\\/berattelser-i-fortsattningkriget\\\/krigets-gang\\\/stallningskriget\\\/en-nykomling-upplever-jandeba\\\/#breadcrumb\",\"itemListElement\":[{\"@type\":\"ListItem\",\"position\":1,\"name\":\"Etusivu\",\"item\":\"https:\\\/\\\/veteraanienperinto.fi\\\/index.php\\\/etusivu-2\\\/\"},{\"@type\":\"ListItem\",\"position\":2,\"name\":\"Forts\u00e4ttningskriget\",\"item\":\"https:\\\/\\\/veteraanienperinto.fi\\\/index.php\\\/sv\\\/fortsattningskriget\\\/\"},{\"@type\":\"ListItem\",\"position\":3,\"name\":\"Ber\u00e4ttelser i forts\u00e4ttningkriget\",\"item\":\"https:\\\/\\\/veteraanienperinto.fi\\\/index.php\\\/sv\\\/fortsattningskriget\\\/berattelser-i-fortsattningkriget\\\/\"},{\"@type\":\"ListItem\",\"position\":4,\"name\":\"Krigets g\u00e5ng\",\"item\":\"https:\\\/\\\/veteraanienperinto.fi\\\/index.php\\\/sv\\\/fortsattningskriget\\\/berattelser-i-fortsattningkriget\\\/krigets-gang\\\/\"},{\"@type\":\"ListItem\",\"position\":5,\"name\":\"St\u00e4llningskriget\",\"item\":\"https:\\\/\\\/veteraanienperinto.fi\\\/index.php\\\/sv\\\/fortsattningskriget\\\/berattelser-i-fortsattningkriget\\\/krigets-gang\\\/stallningskriget\\\/\"},{\"@type\":\"ListItem\",\"position\":6,\"name\":\"En nykomling upplever Jandeba\"}]},{\"@type\":\"WebSite\",\"@id\":\"https:\\\/\\\/veteraanienperinto.fi\\\/#website\",\"url\":\"https:\\\/\\\/veteraanienperinto.fi\\\/\",\"name\":\"Veteraanien Perint\u00f6\",\"description\":\"Kadettikunta\",\"potentialAction\":[{\"@type\":\"SearchAction\",\"target\":{\"@type\":\"EntryPoint\",\"urlTemplate\":\"https:\\\/\\\/veteraanienperinto.fi\\\/?s={search_term_string}\"},\"query-input\":{\"@type\":\"PropertyValueSpecification\",\"valueRequired\":true,\"valueName\":\"search_term_string\"}}],\"inLanguage\":\"fi\"}]}<\/script>\n<!-- \/ Yoast SEO plugin. -->","yoast_head_json":{"title":"En nykomling upplever Jandeba - Veteraanien Perint\u00f6","robots":{"index":"index","follow":"follow","max-snippet":"max-snippet:-1","max-image-preview":"max-image-preview:large","max-video-preview":"max-video-preview:-1"},"canonical":"https:\/\/veteraanienperinto.fi\/index.php\/sv\/fortsattningskriget\/berattelser-i-fortsattningkriget\/krigets-gang\/stallningskriget\/en-nykomling-upplever-jandeba\/","og_locale":"fi_FI","og_type":"article","og_title":"En nykomling upplever Jandeba - Veteraanien Perint\u00f6","og_url":"https:\/\/veteraanienperinto.fi\/index.php\/sv\/fortsattningskriget\/berattelser-i-fortsattningkriget\/krigets-gang\/stallningskriget\/en-nykomling-upplever-jandeba\/","og_site_name":"Veteraanien Perint\u00f6","article_modified_time":"2020-12-15T10:23:34+00:00","twitter_card":"summary_large_image","twitter_misc":{"Arvioitu lukuaika":"6 minuuttia"},"schema":{"@context":"https:\/\/schema.org","@graph":[{"@type":"WebPage","@id":"https:\/\/veteraanienperinto.fi\/index.php\/sv\/fortsattningskriget\/berattelser-i-fortsattningkriget\/krigets-gang\/stallningskriget\/en-nykomling-upplever-jandeba\/","url":"https:\/\/veteraanienperinto.fi\/index.php\/sv\/fortsattningskriget\/berattelser-i-fortsattningkriget\/krigets-gang\/stallningskriget\/en-nykomling-upplever-jandeba\/","name":"En nykomling upplever Jandeba - Veteraanien Perint\u00f6","isPartOf":{"@id":"https:\/\/veteraanienperinto.fi\/#website"},"datePublished":"2020-11-18T12:48:44+00:00","dateModified":"2020-12-15T10:23:34+00:00","breadcrumb":{"@id":"https:\/\/veteraanienperinto.fi\/index.php\/sv\/fortsattningskriget\/berattelser-i-fortsattningkriget\/krigets-gang\/stallningskriget\/en-nykomling-upplever-jandeba\/#breadcrumb"},"inLanguage":"fi","potentialAction":[{"@type":"ReadAction","target":["https:\/\/veteraanienperinto.fi\/index.php\/sv\/fortsattningskriget\/berattelser-i-fortsattningkriget\/krigets-gang\/stallningskriget\/en-nykomling-upplever-jandeba\/"]}]},{"@type":"BreadcrumbList","@id":"https:\/\/veteraanienperinto.fi\/index.php\/sv\/fortsattningskriget\/berattelser-i-fortsattningkriget\/krigets-gang\/stallningskriget\/en-nykomling-upplever-jandeba\/#breadcrumb","itemListElement":[{"@type":"ListItem","position":1,"name":"Etusivu","item":"https:\/\/veteraanienperinto.fi\/index.php\/etusivu-2\/"},{"@type":"ListItem","position":2,"name":"Forts\u00e4ttningskriget","item":"https:\/\/veteraanienperinto.fi\/index.php\/sv\/fortsattningskriget\/"},{"@type":"ListItem","position":3,"name":"Ber\u00e4ttelser i forts\u00e4ttningkriget","item":"https:\/\/veteraanienperinto.fi\/index.php\/sv\/fortsattningskriget\/berattelser-i-fortsattningkriget\/"},{"@type":"ListItem","position":4,"name":"Krigets g\u00e5ng","item":"https:\/\/veteraanienperinto.fi\/index.php\/sv\/fortsattningskriget\/berattelser-i-fortsattningkriget\/krigets-gang\/"},{"@type":"ListItem","position":5,"name":"St\u00e4llningskriget","item":"https:\/\/veteraanienperinto.fi\/index.php\/sv\/fortsattningskriget\/berattelser-i-fortsattningkriget\/krigets-gang\/stallningskriget\/"},{"@type":"ListItem","position":6,"name":"En nykomling upplever Jandeba"}]},{"@type":"WebSite","@id":"https:\/\/veteraanienperinto.fi\/#website","url":"https:\/\/veteraanienperinto.fi\/","name":"Veteraanien Perint\u00f6","description":"Kadettikunta","potentialAction":[{"@type":"SearchAction","target":{"@type":"EntryPoint","urlTemplate":"https:\/\/veteraanienperinto.fi\/?s={search_term_string}"},"query-input":{"@type":"PropertyValueSpecification","valueRequired":true,"valueName":"search_term_string"}}],"inLanguage":"fi"}]}},"_links":{"self":[{"href":"https:\/\/veteraanienperinto.fi\/index.php\/wp-json\/wp\/v2\/pages\/6000","targetHints":{"allow":["GET"]}}],"collection":[{"href":"https:\/\/veteraanienperinto.fi\/index.php\/wp-json\/wp\/v2\/pages"}],"about":[{"href":"https:\/\/veteraanienperinto.fi\/index.php\/wp-json\/wp\/v2\/types\/page"}],"author":[{"embeddable":true,"href":"https:\/\/veteraanienperinto.fi\/index.php\/wp-json\/wp\/v2\/users\/1"}],"replies":[{"embeddable":true,"href":"https:\/\/veteraanienperinto.fi\/index.php\/wp-json\/wp\/v2\/comments?post=6000"}],"version-history":[{"count":3,"href":"https:\/\/veteraanienperinto.fi\/index.php\/wp-json\/wp\/v2\/pages\/6000\/revisions"}],"predecessor-version":[{"id":7827,"href":"https:\/\/veteraanienperinto.fi\/index.php\/wp-json\/wp\/v2\/pages\/6000\/revisions\/7827"}],"up":[{"embeddable":true,"href":"https:\/\/veteraanienperinto.fi\/index.php\/wp-json\/wp\/v2\/pages\/5980"}],"wp:attachment":[{"href":"https:\/\/veteraanienperinto.fi\/index.php\/wp-json\/wp\/v2\/media?parent=6000"}],"curies":[{"name":"wp","href":"https:\/\/api.w.org\/{rel}","templated":true}]}}