{"id":6024,"date":"2020-11-18T12:56:33","date_gmt":"2020-11-18T12:56:33","guid":{"rendered":"https:\/\/veteraani.ylirotu.fi\/?page_id=6024"},"modified":"2020-12-15T11:24:55","modified_gmt":"2020-12-15T11:24:55","slug":"i-krigets-skola","status":"publish","type":"page","link":"https:\/\/veteraanienperinto.fi\/index.php\/sv\/fortsattningskriget\/berattelser-i-fortsattningkriget\/krigets-gang\/stallningskriget\/i-krigets-skola\/","title":{"rendered":"I krigets skola"},"content":{"rendered":"\n<style type=\"text\/css\" data-created_by=\"avia_inline_auto\" id=\"style-css-av-kipwd8nr-9cd89122b211b5ef61eca76ac1e7637b\">\n#top .av-special-heading.av-kipwd8nr-9cd89122b211b5ef61eca76ac1e7637b{\npadding-bottom:5px;\n}\nbody .av-special-heading.av-kipwd8nr-9cd89122b211b5ef61eca76ac1e7637b .av-special-heading-tag .heading-char{\nfont-size:25px;\n}\n.av-special-heading.av-kipwd8nr-9cd89122b211b5ef61eca76ac1e7637b .av-subheading{\nfont-size:15px;\n}\n<\/style>\n<div  class='av-special-heading av-kipwd8nr-9cd89122b211b5ef61eca76ac1e7637b av-special-heading-h3  avia-builder-el-0  avia-builder-el-no-sibling '><h3 class='av-special-heading-tag'  itemprop=\"headline\"  >I krigets skola<\/h3><div class=\"special-heading-border\"><div class=\"special-heading-inner-border\"><\/div><\/div><\/div>\n<section  class='av_textblock_section av-kei9w74n-7b0f008125a778f48432b9a614d90d0f '   itemscope=\"itemscope\" itemtype=\"https:\/\/schema.org\/CreativeWork\" ><div class='avia_textblock'  itemprop=\"text\" ><p><strong>Gunnar Ekblom:<\/strong><\/p>\n<p>Sedan vi konstaterat att v\u00e5r sektion sannolikt skulle bli mer eller mindre fast bosatt vid v\u00e5r kanalkorsu-by, d\u00e5 uppstod snart fr\u00e5gan, vad skall vi g\u00f6ra den tid som inte tj\u00e4nsten tar i anspr\u00e5k? V\u00e5ra st\u00e4llningar skulle givetvis f\u00f6rb\u00e4ttras, korsurna skulle g\u00f6ras hemtrevliga, pj\u00e4sernas st\u00e4llningar skulle ses om, och v\u00e5rt lilla samh\u00e4lle d\u00e4r vi skulle leva, skulle g\u00f6ras s\u00e5 trevligt som m\u00f6jligt, men samtidigt skulle det vara s\u00e5 effektivt som m\u00f6jligt.<\/p>\n<p>Framtiden, om man nu kan anv\u00e4nda ett s\u00e5dant ord inom de milit\u00e4ra ramarna, borde danas s\u00e5 angen\u00e4mt som det i krig kan vara m\u00f6jligt. Nu kan vi konstatera att m\u00e4nniskan kan \u00e5stadkomma det mest otroliga under verkligt sv\u00e5ra f\u00f6rh\u00e5llanden.<\/p>\n<p>Korsubyggande och de synliga fasta f\u00f6rh\u00e5llandena kom naturligtvis i f\u00f6rsta hand, men sedan kunde det l\u00e4tt uppst\u00e5 ett vakuum som kan \u00f6verg\u00e5 i &#8221;leido&#8221;.<\/p>\n<p>Alla och envar sattes i funktion f\u00f6r att skapa ett samh\u00e4lle som var b\u00e5de trivsamt och \u00e4ndam\u00e5lsenligt.<\/p>\n<p>Bokringar bildades, studier i civila f\u00e4rdigheter som spr\u00e5k- och matematik m\u00f6jliggjordes f\u00f6r oss. Vi hade muntrationer som &#8221;of\u00f6rberedda talares klubb&#8221; och mycket annat som f\u00f6rgyllde tillvaron. Nu efter\u00e5t kan vi konstatera att stridsberedskapen INTE blev lidande, av v\u00e5ra civila fritidssysslor.<\/p>\n<p><img loading=\"lazy\" decoding=\"async\" class=\"size-full wp-image-7863 alignright\" src=\"https:\/\/veteraanienperinto.fi\/wp-content\/uploads\/2020\/12\/I_krigets_skola1.jpg\" alt=\"\" width=\"400\" height=\"596\" srcset=\"https:\/\/veteraanienperinto.fi\/wp-content\/uploads\/2020\/12\/I_krigets_skola1.jpg 400w, https:\/\/veteraanienperinto.fi\/wp-content\/uploads\/2020\/12\/I_krigets_skola1-201x300.jpg 201w\" sizes=\"auto, (max-width: 400px) 100vw, 400px\" \/>Vintern 1943 utgick fr\u00e5n 6. divisionen en order om att alla underofficerare som under v\u00e4rnpliktstiden inte genomg\u00e5tt underofficersskolan (AUK) skulle genomg\u00e5 en kurs f\u00f6r att f\u00e5 n\u00f6dig kompetens. Kursen skulle b\u00f6rja den 4 januari 1944 och avslutas den 25 februari, s\u00e5ledes skulle den vara n\u00e4stan tv\u00e5 m\u00e5nader. Till kursen anm\u00e4ldes fem underofficerare. Kursen skulle ha finska som undervisningsspr\u00e5k, s\u00e5 det ans\u00e5gs n\u00f6dv\u00e4ndigt att vi f\u00f6rs\u00e5gs med en tolk. Till v\u00e5r stora tillfredsst\u00e4llelse uts\u00e5gs f\u00e4ltv\u00e4bel Forsblom att handla tolkuppgiften. Han var en mycket popul\u00e4r och v\u00e4lk\u00e4nd figur inom sektionen. Hans vanliga h\u00e4lsning d\u00e5 han m\u00f6tte bekanta var en f\u00f6ga milit\u00e4r och dessutom otryckbar h\u00e4lsning. Vid festliga tillf\u00e4llen h\u00e4nde det att han dansade solo, och sj\u00f6ng: &#8221;Hitche hoppas int&#8217;na meir, Hitche dansar int&#8217;na meir, Hitche plokar int&#8217;na blommor \u00e5 blade&#8221;. Vi var verkligen n\u00f6jda \u00f6ver att f\u00e5 Forsblom med oss.<\/p>\n<p>4. januari b\u00f6rjade kursen. En lastbil transporterade oss till v\u00e5r f\u00f6rl\u00e4ggning ca. 10 km fr\u00e5n v\u00e5r batterist\u00e4llning. Det f\u00f6rsta intrycket vi fick av f\u00f6rl\u00e4ggningen och logementet var f\u00f6ga uppmuntrade. Det var en gammal rysk kas\u00e4rn, mycket sliten, och senare visade det sig att den hyste massor av hungriga v\u00e4ggl\u00f6ss.<\/p>\n<p>F\u00e4ltv\u00e4bel Forsblom anm\u00e4lde oss f\u00f6r skolans chef, kapten Sepp\u00e4vuori. Han talade utm\u00e4rkt svenska (hans tidigare namn var Smedberg, namn\u00e4ndringen berodde troligen p\u00e5 hans karri\u00e4r). Skolningsofficeren var l\u00f6jtnant T., en ung fanatisk och krigstokig gosse. Vi m\u00e4rkte genast att den gossen f\u00e5r vi se upp med.<\/p>\n<p>Hur som helst besl\u00f6t vi oss f\u00f6r att g\u00f6ra v\u00e5rt b\u00e4sta. Under dagens lopp anl\u00e4nde v\u00e5ra finska kamrater, sammanlagt 40 man, alla underofficerare. V\u00e5ra farh\u00e5gor om att bli illa bem\u00f6tta av v\u00e5ra finskspr\u00e5kiga &#8221;klasskamrater&#8221; visade sig dessb\u00e4ttre vara ogrundade. Tv\u00e4rtom kom vi bra \u00f6verens d\u00e5 de var v\u00e4nliga och hj\u00e4lpsamma. Logementet var ca 15 meter l\u00e5ngt, sovplatserna fanns p\u00e5 logementets b\u00e4gge sidor p\u00e5 3 meters h\u00f6jd. Upp till sovplatsen kom man med hj\u00e4lp av stegar. Vi fick fylla madrasserna med halm, och de blev r\u00e4tt bekv\u00e4ma. I andra \u00e4ndan av logementet fanns f\u00f6rel\u00e4sningsrummet. En ensam gl\u00f6dlampa svarade f\u00f6r belysningen (den sl\u00e4cktes kl. 21 och t\u00e4ndes kl. 7.00). En stund efter att lampan sl\u00e4ckts h\u00f6rde vi tassande ljud p\u00e5 golvet, fr\u00e5n alla h\u00e5ll &#8211; det var r\u00e5ttorna som h\u00e4rskade i skydd av m\u00f6rkret. Senare roade vi oss med att str\u00f6 ut lite mat p\u00e5 golvet och d\u00e5 gl\u00f6dlampan sl\u00e4cktes var vi beredda att samtidigt t\u00e4nda v\u00e5ra ficklampor. D\u00e5 ljuset pl\u00f6tsligt t\u00e4ndes skr\u00e4mdes ej r\u00e5ttorna iv\u00e4g. De var feta och frodiga.<\/p>\n<p>I b\u00f6rjan av kursen var det sv\u00e5rt att underordna sig den milit\u00e4ra disciplinen. Men vi hade beslutit oss f\u00f6r att inte vara s\u00e4mre \u00e4n v\u00e5ra finskspr\u00e5kiga kamrater.<\/p>\n<p>P\u00e5 f\u00f6rmiddagarna hade vi f\u00e4lt\u00f6vningar, stridsutbildning och t.o.m. gev\u00e4rsgreppen \u00f6vades flitigt. Eftermiddagarna gick \u00e5t till teoretiska \u00f6vningar. Kapten Sepp\u00e4vuoris omr\u00e5de bestod av allt som tillh\u00f6r f\u00e4ltpropaganda. Vi skulle \u00f6vertygas om &#8221;det r\u00e4tta och riktiga i v\u00e5r vistelse h\u00e4r&#8221;. Vi hade b\u00e5de den historiska och moraliska r\u00e4tten p\u00e5 v\u00e5r sida. Med statistiska kurvor och diagram visades det f\u00f6r oss, hur om\u00f6jligt det var f\u00f6r Finland att klara efterkrigstiden utan de omr\u00e5den vi nu h\u00f6ll besatta. I dessa omr\u00e5den fanns mineraler, skogar, stora jordbruksomr\u00e5den m.m.<\/p>\n<p>L\u00f6jtnant T. p\u00e5pekade att &#8221;Det var v\u00e5r plikt, n\u00e4r vi \u00e5terkom till v\u00e5ra enheter, ber\u00e4tta f\u00f6r v\u00e5ra kamrater vad vi l\u00e4rt oss&#8221;. Att detta \u00e4mne skulle leda till diskussion om kv\u00e4llarna var ju ganska naturligt. En sammanfattning av dessa diskussioner blev ungef\u00e4r f\u00f6ljande: Vi betvivlar stark att vi har varken den historiska eller den moraliska r\u00e4tten till de ockuperade omr\u00e5dena.<\/p>\n<p>Att vi intog denna st\u00e5ndpunkt kom att ha stor betydelse senare. Sista kurskv\u00e4llen. -Vi stod uppst\u00e4llda p\u00e5 led i korridoren och betyg utdelades \u00e5t alla deltagere. Kapten Sepp\u00e4vuori tackade f\u00f6r gott samarbete, han talade t.o.m. p\u00e5 svenska. En finskspr\u00e5kig sergeant tackade kursledarna. Nu stod l\u00f6jtnant T. i tur att ta till orda. Han ordade vitt och brett om en kommande storhet f\u00f6r v\u00e5rt fosterland, men han framh\u00f6ll att detta var m\u00f6jligt endast med de omr\u00e5den som nu skulle inf\u00f6rlivas med fosterlandet. Var och en skulle p\u00e5 sitt h\u00e5ll se till att vi beh\u00f6ll dessa omr\u00e5den.<\/p>\n<p>Men sedan f\u00f6ljde n\u00e5got ov\u00e4ntat, trots tv\u00e5 m\u00e5naders propaganda. F\u00e4ltv\u00e4bel Forsblom \u00f6versatte ordagrant f\u00f6ljande: &#8221;Jag tror och hopps att alla \u00e4r \u00f6verens med kursledningen om att de ockuperade omr\u00e5dena \u00e4r s\u00e5 livsviktiga f\u00f6r v\u00e5rt land, att var och en av oss \u00e4r redo att f\u00f6rsvara dem med livet som insats.&#8221; Nu talade han inte om fosterlandet, utan om de ockuperade omr\u00e5dena, och det \u00e4r stor skillnad! &#8221;Alla som \u00e4r redo f\u00f6r denna insats tar ett steg fram\u00e5t i ledet.&#8221; Alla v\u00e5ra finskspr\u00e5kiga kamrater tog ett steg fram\u00e5t s\u00e5 att det ekade i korridoren. Bara vi fem stod kvar bredvid varandra utan att r\u00f6ra oss. L\u00f6jtnanten s\u00e5g p\u00e5 oss men sade ingenting. Vi var nog en smula oroliga f\u00f6r vad som nu skulle f\u00f6lja. F\u00f6ljande dag \u00e5kte vi tillbaka till sektionen, vi v\u00e4ntade att bli kallade till f\u00f6rh\u00f6r, men ingenting h\u00e4nde. Vi vet inte ens om det kom n\u00e5gon rapport till sektionsstaben. Jag anser \u00e4nnu idag att vi handlade r\u00e4tt!<\/p>\n<p><strong><em>Ur boken:<\/em><\/strong><br \/>\n<em>Karl Granholm:Tunga 4:an<\/em><\/p>\n<\/div><\/section>\n<section  class='av_textblock_section av-23blj9-55b6364b284d77e47bf324f51c40450c '   itemscope=\"itemscope\" itemtype=\"https:\/\/schema.org\/CreativeWork\" ><div class='avia_textblock'  itemprop=\"text\" ><p>0<\/p>\n<\/div><\/section>\n","protected":false},"excerpt":{"rendered":"","protected":false},"author":1,"featured_media":0,"parent":5980,"menu_order":10,"comment_status":"closed","ping_status":"closed","template":"","meta":{"footnotes":""},"class_list":["post-6024","page","type-page","status-publish","hentry"],"yoast_head":"<!-- This site is optimized with the Yoast SEO plugin v27.5 - https:\/\/yoast.com\/product\/yoast-seo-wordpress\/ -->\n<title>I krigets skola - Veteraanien Perint\u00f6<\/title>\n<meta name=\"robots\" content=\"index, follow, max-snippet:-1, max-image-preview:large, max-video-preview:-1\" \/>\n<link rel=\"canonical\" href=\"https:\/\/veteraanienperinto.fi\/index.php\/sv\/fortsattningskriget\/berattelser-i-fortsattningkriget\/krigets-gang\/stallningskriget\/i-krigets-skola\/\" \/>\n<meta property=\"og:locale\" content=\"fi_FI\" \/>\n<meta property=\"og:type\" content=\"article\" \/>\n<meta property=\"og:title\" content=\"I krigets skola - Veteraanien Perint\u00f6\" \/>\n<meta property=\"og:url\" content=\"https:\/\/veteraanienperinto.fi\/index.php\/sv\/fortsattningskriget\/berattelser-i-fortsattningkriget\/krigets-gang\/stallningskriget\/i-krigets-skola\/\" \/>\n<meta property=\"og:site_name\" content=\"Veteraanien Perint\u00f6\" \/>\n<meta property=\"article:modified_time\" content=\"2020-12-15T11:24:55+00:00\" \/>\n<meta property=\"og:image\" content=\"https:\/\/veteraanienperinto.fi\/wp-content\/uploads\/2020\/12\/I_krigets_skola1.jpg\" \/>\n<meta name=\"twitter:card\" content=\"summary_large_image\" \/>\n<meta name=\"twitter:label1\" content=\"Arvioitu lukuaika\" \/>\n\t<meta name=\"twitter:data1\" content=\"7 minuuttia\" \/>\n<script type=\"application\/ld+json\" class=\"yoast-schema-graph\">{\"@context\":\"https:\\\/\\\/schema.org\",\"@graph\":[{\"@type\":\"WebPage\",\"@id\":\"https:\\\/\\\/veteraanienperinto.fi\\\/index.php\\\/sv\\\/fortsattningskriget\\\/berattelser-i-fortsattningkriget\\\/krigets-gang\\\/stallningskriget\\\/i-krigets-skola\\\/\",\"url\":\"https:\\\/\\\/veteraanienperinto.fi\\\/index.php\\\/sv\\\/fortsattningskriget\\\/berattelser-i-fortsattningkriget\\\/krigets-gang\\\/stallningskriget\\\/i-krigets-skola\\\/\",\"name\":\"I krigets skola - Veteraanien Perint\u00f6\",\"isPartOf\":{\"@id\":\"https:\\\/\\\/veteraanienperinto.fi\\\/#website\"},\"primaryImageOfPage\":{\"@id\":\"https:\\\/\\\/veteraanienperinto.fi\\\/index.php\\\/sv\\\/fortsattningskriget\\\/berattelser-i-fortsattningkriget\\\/krigets-gang\\\/stallningskriget\\\/i-krigets-skola\\\/#primaryimage\"},\"image\":{\"@id\":\"https:\\\/\\\/veteraanienperinto.fi\\\/index.php\\\/sv\\\/fortsattningskriget\\\/berattelser-i-fortsattningkriget\\\/krigets-gang\\\/stallningskriget\\\/i-krigets-skola\\\/#primaryimage\"},\"thumbnailUrl\":\"https:\\\/\\\/veteraanienperinto.fi\\\/wp-content\\\/uploads\\\/2020\\\/12\\\/I_krigets_skola1.jpg\",\"datePublished\":\"2020-11-18T12:56:33+00:00\",\"dateModified\":\"2020-12-15T11:24:55+00:00\",\"breadcrumb\":{\"@id\":\"https:\\\/\\\/veteraanienperinto.fi\\\/index.php\\\/sv\\\/fortsattningskriget\\\/berattelser-i-fortsattningkriget\\\/krigets-gang\\\/stallningskriget\\\/i-krigets-skola\\\/#breadcrumb\"},\"inLanguage\":\"fi\",\"potentialAction\":[{\"@type\":\"ReadAction\",\"target\":[\"https:\\\/\\\/veteraanienperinto.fi\\\/index.php\\\/sv\\\/fortsattningskriget\\\/berattelser-i-fortsattningkriget\\\/krigets-gang\\\/stallningskriget\\\/i-krigets-skola\\\/\"]}]},{\"@type\":\"ImageObject\",\"inLanguage\":\"fi\",\"@id\":\"https:\\\/\\\/veteraanienperinto.fi\\\/index.php\\\/sv\\\/fortsattningskriget\\\/berattelser-i-fortsattningkriget\\\/krigets-gang\\\/stallningskriget\\\/i-krigets-skola\\\/#primaryimage\",\"url\":\"https:\\\/\\\/veteraanienperinto.fi\\\/wp-content\\\/uploads\\\/2020\\\/12\\\/I_krigets_skola1.jpg\",\"contentUrl\":\"https:\\\/\\\/veteraanienperinto.fi\\\/wp-content\\\/uploads\\\/2020\\\/12\\\/I_krigets_skola1.jpg\",\"width\":400,\"height\":596},{\"@type\":\"BreadcrumbList\",\"@id\":\"https:\\\/\\\/veteraanienperinto.fi\\\/index.php\\\/sv\\\/fortsattningskriget\\\/berattelser-i-fortsattningkriget\\\/krigets-gang\\\/stallningskriget\\\/i-krigets-skola\\\/#breadcrumb\",\"itemListElement\":[{\"@type\":\"ListItem\",\"position\":1,\"name\":\"Etusivu\",\"item\":\"https:\\\/\\\/veteraanienperinto.fi\\\/index.php\\\/etusivu-2\\\/\"},{\"@type\":\"ListItem\",\"position\":2,\"name\":\"Forts\u00e4ttningskriget\",\"item\":\"https:\\\/\\\/veteraanienperinto.fi\\\/index.php\\\/sv\\\/fortsattningskriget\\\/\"},{\"@type\":\"ListItem\",\"position\":3,\"name\":\"Ber\u00e4ttelser i forts\u00e4ttningkriget\",\"item\":\"https:\\\/\\\/veteraanienperinto.fi\\\/index.php\\\/sv\\\/fortsattningskriget\\\/berattelser-i-fortsattningkriget\\\/\"},{\"@type\":\"ListItem\",\"position\":4,\"name\":\"Krigets g\u00e5ng\",\"item\":\"https:\\\/\\\/veteraanienperinto.fi\\\/index.php\\\/sv\\\/fortsattningskriget\\\/berattelser-i-fortsattningkriget\\\/krigets-gang\\\/\"},{\"@type\":\"ListItem\",\"position\":5,\"name\":\"St\u00e4llningskriget\",\"item\":\"https:\\\/\\\/veteraanienperinto.fi\\\/index.php\\\/sv\\\/fortsattningskriget\\\/berattelser-i-fortsattningkriget\\\/krigets-gang\\\/stallningskriget\\\/\"},{\"@type\":\"ListItem\",\"position\":6,\"name\":\"I krigets skola\"}]},{\"@type\":\"WebSite\",\"@id\":\"https:\\\/\\\/veteraanienperinto.fi\\\/#website\",\"url\":\"https:\\\/\\\/veteraanienperinto.fi\\\/\",\"name\":\"Veteraanien Perint\u00f6\",\"description\":\"Kadettikunta\",\"potentialAction\":[{\"@type\":\"SearchAction\",\"target\":{\"@type\":\"EntryPoint\",\"urlTemplate\":\"https:\\\/\\\/veteraanienperinto.fi\\\/?s={search_term_string}\"},\"query-input\":{\"@type\":\"PropertyValueSpecification\",\"valueRequired\":true,\"valueName\":\"search_term_string\"}}],\"inLanguage\":\"fi\"}]}<\/script>\n<!-- \/ Yoast SEO plugin. -->","yoast_head_json":{"title":"I krigets skola - Veteraanien Perint\u00f6","robots":{"index":"index","follow":"follow","max-snippet":"max-snippet:-1","max-image-preview":"max-image-preview:large","max-video-preview":"max-video-preview:-1"},"canonical":"https:\/\/veteraanienperinto.fi\/index.php\/sv\/fortsattningskriget\/berattelser-i-fortsattningkriget\/krigets-gang\/stallningskriget\/i-krigets-skola\/","og_locale":"fi_FI","og_type":"article","og_title":"I krigets skola - Veteraanien Perint\u00f6","og_url":"https:\/\/veteraanienperinto.fi\/index.php\/sv\/fortsattningskriget\/berattelser-i-fortsattningkriget\/krigets-gang\/stallningskriget\/i-krigets-skola\/","og_site_name":"Veteraanien Perint\u00f6","article_modified_time":"2020-12-15T11:24:55+00:00","og_image":[{"url":"https:\/\/veteraanienperinto.fi\/wp-content\/uploads\/2020\/12\/I_krigets_skola1.jpg","type":"","width":"","height":""}],"twitter_card":"summary_large_image","twitter_misc":{"Arvioitu lukuaika":"7 minuuttia"},"schema":{"@context":"https:\/\/schema.org","@graph":[{"@type":"WebPage","@id":"https:\/\/veteraanienperinto.fi\/index.php\/sv\/fortsattningskriget\/berattelser-i-fortsattningkriget\/krigets-gang\/stallningskriget\/i-krigets-skola\/","url":"https:\/\/veteraanienperinto.fi\/index.php\/sv\/fortsattningskriget\/berattelser-i-fortsattningkriget\/krigets-gang\/stallningskriget\/i-krigets-skola\/","name":"I krigets skola - Veteraanien Perint\u00f6","isPartOf":{"@id":"https:\/\/veteraanienperinto.fi\/#website"},"primaryImageOfPage":{"@id":"https:\/\/veteraanienperinto.fi\/index.php\/sv\/fortsattningskriget\/berattelser-i-fortsattningkriget\/krigets-gang\/stallningskriget\/i-krigets-skola\/#primaryimage"},"image":{"@id":"https:\/\/veteraanienperinto.fi\/index.php\/sv\/fortsattningskriget\/berattelser-i-fortsattningkriget\/krigets-gang\/stallningskriget\/i-krigets-skola\/#primaryimage"},"thumbnailUrl":"https:\/\/veteraanienperinto.fi\/wp-content\/uploads\/2020\/12\/I_krigets_skola1.jpg","datePublished":"2020-11-18T12:56:33+00:00","dateModified":"2020-12-15T11:24:55+00:00","breadcrumb":{"@id":"https:\/\/veteraanienperinto.fi\/index.php\/sv\/fortsattningskriget\/berattelser-i-fortsattningkriget\/krigets-gang\/stallningskriget\/i-krigets-skola\/#breadcrumb"},"inLanguage":"fi","potentialAction":[{"@type":"ReadAction","target":["https:\/\/veteraanienperinto.fi\/index.php\/sv\/fortsattningskriget\/berattelser-i-fortsattningkriget\/krigets-gang\/stallningskriget\/i-krigets-skola\/"]}]},{"@type":"ImageObject","inLanguage":"fi","@id":"https:\/\/veteraanienperinto.fi\/index.php\/sv\/fortsattningskriget\/berattelser-i-fortsattningkriget\/krigets-gang\/stallningskriget\/i-krigets-skola\/#primaryimage","url":"https:\/\/veteraanienperinto.fi\/wp-content\/uploads\/2020\/12\/I_krigets_skola1.jpg","contentUrl":"https:\/\/veteraanienperinto.fi\/wp-content\/uploads\/2020\/12\/I_krigets_skola1.jpg","width":400,"height":596},{"@type":"BreadcrumbList","@id":"https:\/\/veteraanienperinto.fi\/index.php\/sv\/fortsattningskriget\/berattelser-i-fortsattningkriget\/krigets-gang\/stallningskriget\/i-krigets-skola\/#breadcrumb","itemListElement":[{"@type":"ListItem","position":1,"name":"Etusivu","item":"https:\/\/veteraanienperinto.fi\/index.php\/etusivu-2\/"},{"@type":"ListItem","position":2,"name":"Forts\u00e4ttningskriget","item":"https:\/\/veteraanienperinto.fi\/index.php\/sv\/fortsattningskriget\/"},{"@type":"ListItem","position":3,"name":"Ber\u00e4ttelser i forts\u00e4ttningkriget","item":"https:\/\/veteraanienperinto.fi\/index.php\/sv\/fortsattningskriget\/berattelser-i-fortsattningkriget\/"},{"@type":"ListItem","position":4,"name":"Krigets g\u00e5ng","item":"https:\/\/veteraanienperinto.fi\/index.php\/sv\/fortsattningskriget\/berattelser-i-fortsattningkriget\/krigets-gang\/"},{"@type":"ListItem","position":5,"name":"St\u00e4llningskriget","item":"https:\/\/veteraanienperinto.fi\/index.php\/sv\/fortsattningskriget\/berattelser-i-fortsattningkriget\/krigets-gang\/stallningskriget\/"},{"@type":"ListItem","position":6,"name":"I krigets skola"}]},{"@type":"WebSite","@id":"https:\/\/veteraanienperinto.fi\/#website","url":"https:\/\/veteraanienperinto.fi\/","name":"Veteraanien Perint\u00f6","description":"Kadettikunta","potentialAction":[{"@type":"SearchAction","target":{"@type":"EntryPoint","urlTemplate":"https:\/\/veteraanienperinto.fi\/?s={search_term_string}"},"query-input":{"@type":"PropertyValueSpecification","valueRequired":true,"valueName":"search_term_string"}}],"inLanguage":"fi"}]}},"_links":{"self":[{"href":"https:\/\/veteraanienperinto.fi\/index.php\/wp-json\/wp\/v2\/pages\/6024","targetHints":{"allow":["GET"]}}],"collection":[{"href":"https:\/\/veteraanienperinto.fi\/index.php\/wp-json\/wp\/v2\/pages"}],"about":[{"href":"https:\/\/veteraanienperinto.fi\/index.php\/wp-json\/wp\/v2\/types\/page"}],"author":[{"embeddable":true,"href":"https:\/\/veteraanienperinto.fi\/index.php\/wp-json\/wp\/v2\/users\/1"}],"replies":[{"embeddable":true,"href":"https:\/\/veteraanienperinto.fi\/index.php\/wp-json\/wp\/v2\/comments?post=6024"}],"version-history":[{"count":3,"href":"https:\/\/veteraanienperinto.fi\/index.php\/wp-json\/wp\/v2\/pages\/6024\/revisions"}],"predecessor-version":[{"id":7862,"href":"https:\/\/veteraanienperinto.fi\/index.php\/wp-json\/wp\/v2\/pages\/6024\/revisions\/7862"}],"up":[{"embeddable":true,"href":"https:\/\/veteraanienperinto.fi\/index.php\/wp-json\/wp\/v2\/pages\/5980"}],"wp:attachment":[{"href":"https:\/\/veteraanienperinto.fi\/index.php\/wp-json\/wp\/v2\/media?parent=6024"}],"curies":[{"name":"wp","href":"https:\/\/api.w.org\/{rel}","templated":true}]}}