{"id":6108,"date":"2020-11-18T13:33:28","date_gmt":"2020-11-18T13:33:28","guid":{"rendered":"https:\/\/veteraani.ylirotu.fi\/?page_id=6108"},"modified":"2020-12-15T13:34:25","modified_gmt":"2020-12-15T13:34:25","slug":"vapenstillestandet-4-9-1944","status":"publish","type":"page","link":"https:\/\/veteraanienperinto.fi\/index.php\/sv\/fortsattningskriget\/berattelser-i-fortsattningkriget\/krigets-gang\/vapenvilan\/vapenstillestandet-4-9-1944\/","title":{"rendered":"Vapenstillest\u00e5ndet 4.9.1944"},"content":{"rendered":"\n<style type=\"text\/css\" data-created_by=\"avia_inline_auto\" id=\"style-css-av-kiq122d6-f71788f6c983e901012a9704324ee2da\">\n#top .av-special-heading.av-kiq122d6-f71788f6c983e901012a9704324ee2da{\npadding-bottom:5px;\n}\nbody .av-special-heading.av-kiq122d6-f71788f6c983e901012a9704324ee2da .av-special-heading-tag .heading-char{\nfont-size:25px;\n}\n.av-special-heading.av-kiq122d6-f71788f6c983e901012a9704324ee2da .av-subheading{\nfont-size:15px;\n}\n<\/style>\n<div  class='av-special-heading av-kiq122d6-f71788f6c983e901012a9704324ee2da av-special-heading-h3  avia-builder-el-0  avia-builder-el-no-sibling '><h3 class='av-special-heading-tag'  itemprop=\"headline\"  >Vapenstillest\u00e5ndet 4.9.1944<\/h3><div class=\"special-heading-border\"><div class=\"special-heading-inner-border\"><\/div><\/div><\/div>\n<section  class='av_textblock_section av-kei9w74n-7b0f008125a778f48432b9a614d90d0f '   itemscope=\"itemscope\" itemtype=\"https:\/\/schema.org\/CreativeWork\" ><div class='avia_textblock'  itemprop=\"text\" ><p><strong>B\u00f6rje Backstr\u00f6m:<\/strong><\/p>\n<div id=\"attachment_7947\" style=\"width: 360px\" class=\"wp-caption alignright\"><img loading=\"lazy\" decoding=\"async\" aria-describedby=\"caption-attachment-7947\" class=\"wp-image-7947 size-full\" src=\"https:\/\/veteraanienperinto.fi\/wp-content\/uploads\/2020\/12\/Vapenstillestandet1.jpg\" alt=\"\" width=\"350\" height=\"249\" srcset=\"https:\/\/veteraanienperinto.fi\/wp-content\/uploads\/2020\/12\/Vapenstillestandet1.jpg 350w, https:\/\/veteraanienperinto.fi\/wp-content\/uploads\/2020\/12\/Vapenstillestandet1-300x213.jpg 300w, https:\/\/veteraanienperinto.fi\/wp-content\/uploads\/2020\/12\/Vapenstillestandet1-260x185.jpg 260w\" sizes=\"auto, (max-width: 350px) 100vw, 350px\" \/><p id=\"caption-attachment-7947\" class=\"wp-caption-text\">F\u00f6rfattaren har klivit upp p\u00e5 skyttegravskanten f\u00f6r att ta kontakt med ryssarna, men ingen syns till den 4 september klockan 08.00. (SA-bild)<\/p><\/div>\n<p>D\u00e5 avl\u00f6sningen p\u00e5gick, anl\u00e4nde kl. 03.20 ett s\u00e5 lydande meddelande fr\u00e5n 8. Divisionens stab: &#8221;Fientligheterna upph\u00f6r 4.9. kl. 07.00. Trupperna kvarblir i sina nuvarande st\u00e4llningar och anbefallda avl\u00f6sningar verkst\u00e4lls. Alla mot fienden riktade truppr\u00f6relser och all eld upph\u00f6r&#8221;.<\/p>\n<p>Enligt denna order fortsatte vi avl\u00f6sningen. Det av divisionsstaben utf\u00e4rdade meddelandet utgick p\u00e5 morgonsidan med ordonnanser till enheterna. Dagen grydde med regn, och ryssarna f\u00f6rh\u00f6ll sig lugna. Vi trodde d\u00e4rf\u00f6r att rapporten talade sant.<\/p>\n<p>Cirka kl. 11.30, n\u00e4r vi p\u00e5 kommandoplatsen \u00e5t lunch, st\u00f6rdes tystnaden av en granatkoncentration. Min telefon ringde, och l\u00f6jtn. Evertson undrade om ryssarnas klocka hade en annan tid \u00e4n v\u00e5r, ty trots att det skulle vara fred, s\u00e5 kom det en artillerikoncentration bakom hans eldst\u00e4llningar. Jag uppmanade honom att h\u00e5lla sitt folk i skydd. Knappt hade samtalet slutat, d\u00e5 en koncentration slog ned s\u00f6der om kommandoplatsen, s\u00e5 att glassk\u00e4rvorna fr\u00e5n f\u00f6nsterrutorna yrde av lufttrycket. Nu b\u00f6rjade telefonen g\u00e5 varm. Den ena kompanichefen efter den andra ringde och anm\u00e4lde att ryssarna sk\u00f6t med granatkastare och infanterivapen mot st\u00f6djepunkterna och med artilleri i bakterr\u00e4ngen. Min uppmaning till dem var att h\u00e5lla personalen i skydd och att p\u00e5 inga villkor \u00f6ppna eld.<\/p>\n<div id=\"attachment_7948\" style=\"width: 360px\" class=\"wp-caption alignleft\"><img loading=\"lazy\" decoding=\"async\" aria-describedby=\"caption-attachment-7948\" class=\"size-full wp-image-7948\" src=\"https:\/\/veteraanienperinto.fi\/wp-content\/uploads\/2020\/12\/Vapenstillestandet2.jpg\" alt=\"\" width=\"350\" height=\"252\" srcset=\"https:\/\/veteraanienperinto.fi\/wp-content\/uploads\/2020\/12\/Vapenstillestandet2.jpg 350w, https:\/\/veteraanienperinto.fi\/wp-content\/uploads\/2020\/12\/Vapenstillestandet2-300x216.jpg 300w\" sizes=\"auto, (max-width: 350px) 100vw, 350px\" \/><p id=\"caption-attachment-7948\" class=\"wp-caption-text\">Men den 4 september cirka kl. 11 b\u00f6rjar ryssarnas kulor vina. Vad betyder detta? (SA-bild)<\/p><\/div>\n<p>Jag anm\u00e4lde till generalmajor K\u00e4\u00e4ri\u00e4inen att fienden besk\u00f6t oss med artilleri, granatkastare och infanterivapen, ehuru vapenstillest\u00e5ndet tr\u00e4tt i kraft kl. 07.00. Han sade, att detsamma skedde p\u00e5 hela hans avsnitt. Han framh\u00f6ll f\u00f6r mig att det nu fordrades disciplin av trupperna. De fick inte \u00f6ppna eld och m\u00e5ste h\u00e5lla sig i skydd f\u00f6r att besparas f\u00f6rluster.<\/p>\n<p>Eftermiddagen f\u00f6rfl\u00f6t under fiendens eldgivning, emellan\u00e5t avbruten av eldpauser. \u00c4ven f\u00f6rluster i s\u00e5rade inrapporterades. Jag tr\u00e4ffade p\u00e5 eftermiddagen den storv\u00e4xta userg. Ruben Gr\u00f6nqvist fr\u00e5n 3. K med maskinpistolen i rem \u00f6ver axeln. Han var f\u00f6rargad och sade till mig: &#8221;Nog har jag varit med i vinterkriget och i det h\u00e4r, men nu p\u00e5 gamla dar skall jag bli obev\u00e4rad. Fienden f\u00e5r skjuta, men inte vi!&#8221; Jag upplyste Gr\u00f6nqvist om att det var order fr\u00e5n h\u00f6gsta ort och att han skulle se till att gruppen h\u00f6ll sig i skydd.<\/p>\n<p>Kl. 20.00 anl\u00e4nde genom telegrafapparaten ett chiffrerat meddelande fr\u00e5n divisionsstaben. Dechiffrerat lydde det: &#8221;P\u00e5 grund av det oklara l\u00e4get b\u00f6r man under den m\u00f6rka tiden handla p\u00e5 f\u00f6ljande s\u00e4tt. Posterna b\u00f6r f\u00f6rst\u00e4rkas och alla b\u00f6r vara dubbelposter. P\u00e5 st\u00f6djepunkterna b\u00f6r ordnas fortg\u00e5ende dejourering av bef\u00e4l och underbef\u00e4l. Tolkar placeras ut p\u00e5 st\u00f6djepunkterna. Ljuspistolens anv\u00e4ndning \u00e4r till\u00e5ten. Inom dessa ramar b\u00f6r man str\u00e4va till att klara av alla l\u00e4gen p\u00e5 fredlig v\u00e4g. Eld\u00f6ppning \u00e4r till\u00e5ten endast med lov av officer vid ytterst kritiskt l\u00e4ge p\u00e5 grund av anfall av en \u00f6verm\u00e4ktig fiende&#8221;. Denna order gick vidare till enhetscheferna och delgavs all personal. Men fienden fortsatte sin eldgivning. St\u00e4mningen var tryckt och nerverna vid bristningsgr\u00e4nsen. Ingen sov den natten. Alla undrade vad det var fr\u00e5ga om. H\u00e4r stod en stridsavdelning p\u00e5 \u00f6ver tv\u00e5tusen man, bev\u00e4pnade till t\u00e4nderna, och man fick inte \u00f6ppna eld, fast\u00e4n fienden sk\u00f6t f\u00f6r fullt. F\u00f6ljande morgon kl. 07.00 kastade ryssarna hj\u00e4lmarna i luften och hurrade. Sedan blev det tyst.<\/p>\n<p>Under dygnet 4.9. kl. 07.00-5.9. kl. 07.00 sk\u00f6t fienden \u00f6ver tusen granater av olika kalibrar, och dessutom p\u00e5gick en livlig infanterield p\u00e5 stridsavdelningens avsnitt. Trots att vi f\u00f6rs\u00f6kte h\u00e5lla enheterna i skydd, s\u00e5rades 2 uoff., 2 korpr. och 4 soldater. P\u00e5 em. bes\u00f6kte generalmajor K\u00e4\u00e4ri\u00e4inen oss. Han var bel\u00e5ten med truppens h\u00e5llning under det p\u00e5frestande dygnet; den hade dessutom just anl\u00e4nt till en fullst\u00e4ndigt ok\u00e4nd terr\u00e4ng. \u00d6verste V. Tervasm\u00e4ki s\u00e4ger i sin artikel Mannerheim rauhantekij\u00e4presidenttin\u00e4: &#8221;Vetskapen om den ing\u00e5ngna vapenvilan hann i tid till den finska f\u00f6rsvarsmaktens yttersta st\u00e4llningar, men tiden att informera de ryska fronttrupperna syntes vara allt f\u00f6r kort. Arm\u00e9general K. A. Meretskov, kommend\u00f6r f\u00f6r Karelska fronten, s\u00e4ger om stridernas forts\u00e4ttning att han ringde till h\u00f6gkvarteret i Moskva, sedan finnarna f\u00f6rv\u00e5nade tagit kontakt. Han fick veta att finnarna \u00e4nnu ej godk\u00e4nt f\u00f6rhandsvillkoren.&#8221;<\/p>\n<div id=\"attachment_7949\" style=\"width: 310px\" class=\"wp-caption alignright\"><img loading=\"lazy\" decoding=\"async\" aria-describedby=\"caption-attachment-7949\" class=\"size-full wp-image-7949\" src=\"https:\/\/veteraanienperinto.fi\/wp-content\/uploads\/2020\/12\/Vapenstillestandet3.jpg\" alt=\"\" width=\"300\" height=\"282\" \/><p id=\"caption-attachment-7949\" class=\"wp-caption-text\">En eldledare fr\u00e5n Kv Psto 10 anm\u00e4ler genom telefon till sektionen 5.9. efter kl. 07.00 att kriget nu \u00e4r slut, ty ryssarna hurrar och kastar hj\u00e4lmarna i luften. (SA-bild)<\/p><\/div>\n<p>Medan vi v\u00e4ntade p\u00e5 resultaten av fredsf\u00f6rhandlingarna, b\u00f6rjade vi transportera all \u00f6verfl\u00f6dig materiel bak\u00e5t. Er K\/ Er P 18 flyttades till Lepp\u00e4syrj\u00e4 f\u00f6r att ta upp potatis, eftersom civilbefolkningen hade evakuerats. 18.9. fick jag order att pionj\u00e4rerna skulle b\u00f6rja inh\u00e4gna v\u00e5ra minf\u00e4lt med taggtr\u00e5d. 7.9. hade tv\u00e5 av v\u00e5ra m\u00e4n omkommit i ett minf\u00e4lt.<\/p>\n<p>Den 19 september l\u00e4ste minister Ernst von Born i radion upp villkoren f\u00f6r stillest\u00e5ndsf\u00f6rdraget. Det var som om ett klubbslag hade tr\u00e4ffat bataljonen, d\u00e5 vi fick h\u00f6ra att Porkalaomr\u00e5det skulle utarrenderas till R\u00e5dsunionen p\u00e5 30 \u00e5r. I bataljonen fanns cirka 150 man, som hade sina hem d\u00e4r. Alla hade vi hoppats p\u00e5 fred, men detta meddelande st\u00e4mde sinnena i moll. Ingen k\u00e4nde till gr\u00e4nserna f\u00f6r det utarrenderade omr\u00e5det. Tiden var dessutom knapp. D\u00e5 Porkalaborna kom till mig f\u00f6r att anh\u00e5lla om permission, s\u00e4nde jag i v\u00e4g dem p\u00e5 2 veckors ledighet. Anh\u00e5llan om deras permittering kom fr\u00e5n Nylands S\u00f6dra Skyddsk\u00e5rsdistrikt \u00f6ver h\u00f6gkvarteret cirka tv\u00e5 dygn senare, men d\u00e5 var de redan i evakueringsarbete i sina hembygder. P\u00e5 kv\u00e4llen bes\u00f6kte generalmajor K\u00e4\u00e4ri\u00e4inen mig och framf\u00f6rde sitt beklagande i anledning av att Er P 18 ber\u00f6rdes av evakueringsvillkoren &#8211; i sj\u00e4lva verket den enda av hans trupper. Jag anm\u00e4lde f\u00f6r honom, att jag hade permitterat porkalaborna. Han godk\u00e4nde min \u00e5tg\u00e4rd.<\/p>\n<p>Vid denna tidpunkt hade bataljonen erh\u00e5llit en Z\u00fcndapp motorcykel med sidovagn i st\u00e4llet f\u00f6r personbilen, som gick f\u00f6rlorad vid Suurim\u00e4ki. Som f\u00f6rare tj\u00e4nstgjorde korpr. Hugo \u00d6sterlund. 19.9. p\u00e5 dagen hade \u00f6vl. Pietarinen givit mig order att 19.9. kl. 12.00-20.9. kl. 12.00 dra trupperna 1 km bakom de d\u00e5varande st\u00e4llningarna samt att pionj\u00e4rerna skulle r\u00f6ja en 30 m \u00f6ppning i minf\u00e4lten och hindren i v\u00e4garnas och stigarnas riktning.<\/p>\n<p><strong><em>Ur boken:<\/em><\/strong><br \/>\n<em>B\u00f6rje Backstr\u00f6m: ErP 18<\/em><\/p>\n<\/div><\/section>\n<section  class='av_textblock_section av-26nu8o-de7b19f6a4ff4a85782c022ea993fc53 '   itemscope=\"itemscope\" itemtype=\"https:\/\/schema.org\/CreativeWork\" ><div class='avia_textblock'  itemprop=\"text\" ><p>0<\/p>\n<\/div><\/section>\n","protected":false},"excerpt":{"rendered":"","protected":false},"author":1,"featured_media":0,"parent":6104,"menu_order":0,"comment_status":"closed","ping_status":"closed","template":"","meta":{"footnotes":""},"class_list":["post-6108","page","type-page","status-publish","hentry"],"yoast_head":"<!-- This site is optimized with the Yoast SEO plugin v27.5 - https:\/\/yoast.com\/product\/yoast-seo-wordpress\/ -->\n<title>Vapenstillest\u00e5ndet 4.9.1944 - Veteraanien Perint\u00f6<\/title>\n<meta name=\"robots\" content=\"index, follow, max-snippet:-1, max-image-preview:large, max-video-preview:-1\" \/>\n<link rel=\"canonical\" href=\"https:\/\/veteraanienperinto.fi\/index.php\/sv\/fortsattningskriget\/berattelser-i-fortsattningkriget\/krigets-gang\/vapenvilan\/vapenstillestandet-4-9-1944\/\" \/>\n<meta property=\"og:locale\" content=\"fi_FI\" \/>\n<meta property=\"og:type\" content=\"article\" \/>\n<meta property=\"og:title\" content=\"Vapenstillest\u00e5ndet 4.9.1944 - Veteraanien Perint\u00f6\" \/>\n<meta property=\"og:url\" content=\"https:\/\/veteraanienperinto.fi\/index.php\/sv\/fortsattningskriget\/berattelser-i-fortsattningkriget\/krigets-gang\/vapenvilan\/vapenstillestandet-4-9-1944\/\" \/>\n<meta property=\"og:site_name\" content=\"Veteraanien Perint\u00f6\" \/>\n<meta property=\"article:modified_time\" content=\"2020-12-15T13:34:25+00:00\" \/>\n<meta property=\"og:image\" content=\"https:\/\/veteraanienperinto.fi\/wp-content\/uploads\/2020\/12\/Vapenstillestandet1.jpg\" \/>\n<meta name=\"twitter:card\" content=\"summary_large_image\" \/>\n<meta name=\"twitter:label1\" content=\"Arvioitu lukuaika\" \/>\n\t<meta name=\"twitter:data1\" content=\"7 minuuttia\" \/>\n<script type=\"application\/ld+json\" class=\"yoast-schema-graph\">{\"@context\":\"https:\\\/\\\/schema.org\",\"@graph\":[{\"@type\":\"WebPage\",\"@id\":\"https:\\\/\\\/veteraanienperinto.fi\\\/index.php\\\/sv\\\/fortsattningskriget\\\/berattelser-i-fortsattningkriget\\\/krigets-gang\\\/vapenvilan\\\/vapenstillestandet-4-9-1944\\\/\",\"url\":\"https:\\\/\\\/veteraanienperinto.fi\\\/index.php\\\/sv\\\/fortsattningskriget\\\/berattelser-i-fortsattningkriget\\\/krigets-gang\\\/vapenvilan\\\/vapenstillestandet-4-9-1944\\\/\",\"name\":\"Vapenstillest\u00e5ndet 4.9.1944 - Veteraanien Perint\u00f6\",\"isPartOf\":{\"@id\":\"https:\\\/\\\/veteraanienperinto.fi\\\/#website\"},\"primaryImageOfPage\":{\"@id\":\"https:\\\/\\\/veteraanienperinto.fi\\\/index.php\\\/sv\\\/fortsattningskriget\\\/berattelser-i-fortsattningkriget\\\/krigets-gang\\\/vapenvilan\\\/vapenstillestandet-4-9-1944\\\/#primaryimage\"},\"image\":{\"@id\":\"https:\\\/\\\/veteraanienperinto.fi\\\/index.php\\\/sv\\\/fortsattningskriget\\\/berattelser-i-fortsattningkriget\\\/krigets-gang\\\/vapenvilan\\\/vapenstillestandet-4-9-1944\\\/#primaryimage\"},\"thumbnailUrl\":\"https:\\\/\\\/veteraanienperinto.fi\\\/wp-content\\\/uploads\\\/2020\\\/12\\\/Vapenstillestandet1.jpg\",\"datePublished\":\"2020-11-18T13:33:28+00:00\",\"dateModified\":\"2020-12-15T13:34:25+00:00\",\"breadcrumb\":{\"@id\":\"https:\\\/\\\/veteraanienperinto.fi\\\/index.php\\\/sv\\\/fortsattningskriget\\\/berattelser-i-fortsattningkriget\\\/krigets-gang\\\/vapenvilan\\\/vapenstillestandet-4-9-1944\\\/#breadcrumb\"},\"inLanguage\":\"fi\",\"potentialAction\":[{\"@type\":\"ReadAction\",\"target\":[\"https:\\\/\\\/veteraanienperinto.fi\\\/index.php\\\/sv\\\/fortsattningskriget\\\/berattelser-i-fortsattningkriget\\\/krigets-gang\\\/vapenvilan\\\/vapenstillestandet-4-9-1944\\\/\"]}]},{\"@type\":\"ImageObject\",\"inLanguage\":\"fi\",\"@id\":\"https:\\\/\\\/veteraanienperinto.fi\\\/index.php\\\/sv\\\/fortsattningskriget\\\/berattelser-i-fortsattningkriget\\\/krigets-gang\\\/vapenvilan\\\/vapenstillestandet-4-9-1944\\\/#primaryimage\",\"url\":\"https:\\\/\\\/veteraanienperinto.fi\\\/wp-content\\\/uploads\\\/2020\\\/12\\\/Vapenstillestandet1.jpg\",\"contentUrl\":\"https:\\\/\\\/veteraanienperinto.fi\\\/wp-content\\\/uploads\\\/2020\\\/12\\\/Vapenstillestandet1.jpg\",\"width\":350,\"height\":249},{\"@type\":\"BreadcrumbList\",\"@id\":\"https:\\\/\\\/veteraanienperinto.fi\\\/index.php\\\/sv\\\/fortsattningskriget\\\/berattelser-i-fortsattningkriget\\\/krigets-gang\\\/vapenvilan\\\/vapenstillestandet-4-9-1944\\\/#breadcrumb\",\"itemListElement\":[{\"@type\":\"ListItem\",\"position\":1,\"name\":\"Etusivu\",\"item\":\"https:\\\/\\\/veteraanienperinto.fi\\\/index.php\\\/etusivu-2\\\/\"},{\"@type\":\"ListItem\",\"position\":2,\"name\":\"Forts\u00e4ttningskriget\",\"item\":\"https:\\\/\\\/veteraanienperinto.fi\\\/index.php\\\/sv\\\/fortsattningskriget\\\/\"},{\"@type\":\"ListItem\",\"position\":3,\"name\":\"Ber\u00e4ttelser i forts\u00e4ttningkriget\",\"item\":\"https:\\\/\\\/veteraanienperinto.fi\\\/index.php\\\/sv\\\/fortsattningskriget\\\/berattelser-i-fortsattningkriget\\\/\"},{\"@type\":\"ListItem\",\"position\":4,\"name\":\"Krigets g\u00e5ng\",\"item\":\"https:\\\/\\\/veteraanienperinto.fi\\\/index.php\\\/sv\\\/fortsattningskriget\\\/berattelser-i-fortsattningkriget\\\/krigets-gang\\\/\"},{\"@type\":\"ListItem\",\"position\":5,\"name\":\"Vapenvilan\",\"item\":\"https:\\\/\\\/veteraanienperinto.fi\\\/index.php\\\/sv\\\/fortsattningskriget\\\/berattelser-i-fortsattningkriget\\\/krigets-gang\\\/vapenvilan\\\/\"},{\"@type\":\"ListItem\",\"position\":6,\"name\":\"Vapenstillest\u00e5ndet 4.9.1944\"}]},{\"@type\":\"WebSite\",\"@id\":\"https:\\\/\\\/veteraanienperinto.fi\\\/#website\",\"url\":\"https:\\\/\\\/veteraanienperinto.fi\\\/\",\"name\":\"Veteraanien Perint\u00f6\",\"description\":\"Kadettikunta\",\"potentialAction\":[{\"@type\":\"SearchAction\",\"target\":{\"@type\":\"EntryPoint\",\"urlTemplate\":\"https:\\\/\\\/veteraanienperinto.fi\\\/?s={search_term_string}\"},\"query-input\":{\"@type\":\"PropertyValueSpecification\",\"valueRequired\":true,\"valueName\":\"search_term_string\"}}],\"inLanguage\":\"fi\"}]}<\/script>\n<!-- \/ Yoast SEO plugin. -->","yoast_head_json":{"title":"Vapenstillest\u00e5ndet 4.9.1944 - Veteraanien Perint\u00f6","robots":{"index":"index","follow":"follow","max-snippet":"max-snippet:-1","max-image-preview":"max-image-preview:large","max-video-preview":"max-video-preview:-1"},"canonical":"https:\/\/veteraanienperinto.fi\/index.php\/sv\/fortsattningskriget\/berattelser-i-fortsattningkriget\/krigets-gang\/vapenvilan\/vapenstillestandet-4-9-1944\/","og_locale":"fi_FI","og_type":"article","og_title":"Vapenstillest\u00e5ndet 4.9.1944 - Veteraanien Perint\u00f6","og_url":"https:\/\/veteraanienperinto.fi\/index.php\/sv\/fortsattningskriget\/berattelser-i-fortsattningkriget\/krigets-gang\/vapenvilan\/vapenstillestandet-4-9-1944\/","og_site_name":"Veteraanien Perint\u00f6","article_modified_time":"2020-12-15T13:34:25+00:00","og_image":[{"url":"https:\/\/veteraanienperinto.fi\/wp-content\/uploads\/2020\/12\/Vapenstillestandet1.jpg","type":"","width":"","height":""}],"twitter_card":"summary_large_image","twitter_misc":{"Arvioitu lukuaika":"7 minuuttia"},"schema":{"@context":"https:\/\/schema.org","@graph":[{"@type":"WebPage","@id":"https:\/\/veteraanienperinto.fi\/index.php\/sv\/fortsattningskriget\/berattelser-i-fortsattningkriget\/krigets-gang\/vapenvilan\/vapenstillestandet-4-9-1944\/","url":"https:\/\/veteraanienperinto.fi\/index.php\/sv\/fortsattningskriget\/berattelser-i-fortsattningkriget\/krigets-gang\/vapenvilan\/vapenstillestandet-4-9-1944\/","name":"Vapenstillest\u00e5ndet 4.9.1944 - Veteraanien Perint\u00f6","isPartOf":{"@id":"https:\/\/veteraanienperinto.fi\/#website"},"primaryImageOfPage":{"@id":"https:\/\/veteraanienperinto.fi\/index.php\/sv\/fortsattningskriget\/berattelser-i-fortsattningkriget\/krigets-gang\/vapenvilan\/vapenstillestandet-4-9-1944\/#primaryimage"},"image":{"@id":"https:\/\/veteraanienperinto.fi\/index.php\/sv\/fortsattningskriget\/berattelser-i-fortsattningkriget\/krigets-gang\/vapenvilan\/vapenstillestandet-4-9-1944\/#primaryimage"},"thumbnailUrl":"https:\/\/veteraanienperinto.fi\/wp-content\/uploads\/2020\/12\/Vapenstillestandet1.jpg","datePublished":"2020-11-18T13:33:28+00:00","dateModified":"2020-12-15T13:34:25+00:00","breadcrumb":{"@id":"https:\/\/veteraanienperinto.fi\/index.php\/sv\/fortsattningskriget\/berattelser-i-fortsattningkriget\/krigets-gang\/vapenvilan\/vapenstillestandet-4-9-1944\/#breadcrumb"},"inLanguage":"fi","potentialAction":[{"@type":"ReadAction","target":["https:\/\/veteraanienperinto.fi\/index.php\/sv\/fortsattningskriget\/berattelser-i-fortsattningkriget\/krigets-gang\/vapenvilan\/vapenstillestandet-4-9-1944\/"]}]},{"@type":"ImageObject","inLanguage":"fi","@id":"https:\/\/veteraanienperinto.fi\/index.php\/sv\/fortsattningskriget\/berattelser-i-fortsattningkriget\/krigets-gang\/vapenvilan\/vapenstillestandet-4-9-1944\/#primaryimage","url":"https:\/\/veteraanienperinto.fi\/wp-content\/uploads\/2020\/12\/Vapenstillestandet1.jpg","contentUrl":"https:\/\/veteraanienperinto.fi\/wp-content\/uploads\/2020\/12\/Vapenstillestandet1.jpg","width":350,"height":249},{"@type":"BreadcrumbList","@id":"https:\/\/veteraanienperinto.fi\/index.php\/sv\/fortsattningskriget\/berattelser-i-fortsattningkriget\/krigets-gang\/vapenvilan\/vapenstillestandet-4-9-1944\/#breadcrumb","itemListElement":[{"@type":"ListItem","position":1,"name":"Etusivu","item":"https:\/\/veteraanienperinto.fi\/index.php\/etusivu-2\/"},{"@type":"ListItem","position":2,"name":"Forts\u00e4ttningskriget","item":"https:\/\/veteraanienperinto.fi\/index.php\/sv\/fortsattningskriget\/"},{"@type":"ListItem","position":3,"name":"Ber\u00e4ttelser i forts\u00e4ttningkriget","item":"https:\/\/veteraanienperinto.fi\/index.php\/sv\/fortsattningskriget\/berattelser-i-fortsattningkriget\/"},{"@type":"ListItem","position":4,"name":"Krigets g\u00e5ng","item":"https:\/\/veteraanienperinto.fi\/index.php\/sv\/fortsattningskriget\/berattelser-i-fortsattningkriget\/krigets-gang\/"},{"@type":"ListItem","position":5,"name":"Vapenvilan","item":"https:\/\/veteraanienperinto.fi\/index.php\/sv\/fortsattningskriget\/berattelser-i-fortsattningkriget\/krigets-gang\/vapenvilan\/"},{"@type":"ListItem","position":6,"name":"Vapenstillest\u00e5ndet 4.9.1944"}]},{"@type":"WebSite","@id":"https:\/\/veteraanienperinto.fi\/#website","url":"https:\/\/veteraanienperinto.fi\/","name":"Veteraanien Perint\u00f6","description":"Kadettikunta","potentialAction":[{"@type":"SearchAction","target":{"@type":"EntryPoint","urlTemplate":"https:\/\/veteraanienperinto.fi\/?s={search_term_string}"},"query-input":{"@type":"PropertyValueSpecification","valueRequired":true,"valueName":"search_term_string"}}],"inLanguage":"fi"}]}},"_links":{"self":[{"href":"https:\/\/veteraanienperinto.fi\/index.php\/wp-json\/wp\/v2\/pages\/6108","targetHints":{"allow":["GET"]}}],"collection":[{"href":"https:\/\/veteraanienperinto.fi\/index.php\/wp-json\/wp\/v2\/pages"}],"about":[{"href":"https:\/\/veteraanienperinto.fi\/index.php\/wp-json\/wp\/v2\/types\/page"}],"author":[{"embeddable":true,"href":"https:\/\/veteraanienperinto.fi\/index.php\/wp-json\/wp\/v2\/users\/1"}],"replies":[{"embeddable":true,"href":"https:\/\/veteraanienperinto.fi\/index.php\/wp-json\/wp\/v2\/comments?post=6108"}],"version-history":[{"count":4,"href":"https:\/\/veteraanienperinto.fi\/index.php\/wp-json\/wp\/v2\/pages\/6108\/revisions"}],"predecessor-version":[{"id":7946,"href":"https:\/\/veteraanienperinto.fi\/index.php\/wp-json\/wp\/v2\/pages\/6108\/revisions\/7946"}],"up":[{"embeddable":true,"href":"https:\/\/veteraanienperinto.fi\/index.php\/wp-json\/wp\/v2\/pages\/6104"}],"wp:attachment":[{"href":"https:\/\/veteraanienperinto.fi\/index.php\/wp-json\/wp\/v2\/media?parent=6108"}],"curies":[{"name":"wp","href":"https:\/\/api.w.org\/{rel}","templated":true}]}}