{"id":6140,"date":"2020-11-18T13:43:15","date_gmt":"2020-11-18T13:43:15","guid":{"rendered":"https:\/\/veteraani.ylirotu.fi\/?page_id=6140"},"modified":"2020-12-15T14:02:47","modified_gmt":"2020-12-15T14:02:47","slug":"luftvarnslotta","status":"publish","type":"page","link":"https:\/\/veteraanienperinto.fi\/index.php\/sv\/fortsattningskriget\/berattelser-i-fortsattningkriget\/hemmafronten\/luftvarnslotta\/","title":{"rendered":"Luftv\u00e4rnslotta"},"content":{"rendered":"\n<style type=\"text\/css\" data-created_by=\"avia_inline_auto\" id=\"style-css-av-kiq21rp0-2b4d98719170c92539be0dbf2338402d\">\n#top .av-special-heading.av-kiq21rp0-2b4d98719170c92539be0dbf2338402d{\npadding-bottom:5px;\n}\nbody .av-special-heading.av-kiq21rp0-2b4d98719170c92539be0dbf2338402d .av-special-heading-tag .heading-char{\nfont-size:25px;\n}\n.av-special-heading.av-kiq21rp0-2b4d98719170c92539be0dbf2338402d .av-subheading{\nfont-size:15px;\n}\n<\/style>\n<div  class='av-special-heading av-kiq21rp0-2b4d98719170c92539be0dbf2338402d av-special-heading-h3  avia-builder-el-0  avia-builder-el-no-sibling '><h3 class='av-special-heading-tag'  itemprop=\"headline\"  >Luftv\u00e4rnslotta<\/h3><div class=\"special-heading-border\"><div class=\"special-heading-inner-border\"><\/div><\/div><\/div>\n<section  class='av_textblock_section av-kei9w74n-7b0f008125a778f48432b9a614d90d0f '   itemscope=\"itemscope\" itemtype=\"https:\/\/schema.org\/CreativeWork\" ><div class='avia_textblock'  itemprop=\"text\" ><p><strong>Synn\u00f6ve Holm f. Paul<\/strong><br \/>\n<strong>Folkh\u00e4lsans Veteranserviceprojekt: Lottor minns<\/strong><\/p>\n<p>En omst\u00f6rtande h\u00e4ndelse i min barndom var min fars d\u00f6d \u00e5r 1930 vid endast 50 \u00e5rs \u00e5lder. Det f\u00f6r\u00e4ndrade livssituationen f\u00f6r familjen. Vi var tre systrar, nio, sju och tv\u00e5 \u00e5r gamla. Jag \u00e4r f\u00f6dd 1923. Ungef\u00e4r samtidigt intr\u00e4ffade en sv\u00e5r sj\u00f6olycka i de danska sunden mellan tv\u00e5 finska fartyg varvid bl.a. andra f\u00f6rsta styrman p\u00e5 det ena fartyget dog. Hans familj bodde i samma trappa som vi och de hade tv\u00e5 d\u00f6ttrar i samma \u00e5lder. D\u00e4r sprang vi fem svartkl\u00e4dda flickor i trappan m\u00e5nga m\u00e5nader. Det har jag sv\u00e5rt att gl\u00f6mma.<\/p>\n<p>Men livet gick vidare! 1930-talet drabbades ju av sv\u00e5r arbetsl\u00f6shet och depression. Mamma och tre mostrar ansl\u00f6t sig till lottar\u00f6relsen och en morbror h\u00f6rde till skyddsk\u00e5ren.<\/p>\n<p><strong>Evakuering och arbetsplikt<\/strong><\/p>\n<p>\u00c5ret 1939 var oroligt och skr\u00e4mmande, i synnerhet den senare h\u00e4lften av \u00e5ret. Skolorna b\u00f6rjade som vanligt i september men hotfulla rapporter fr\u00e5n Moskva gjorde att de snart st\u00e4ngdes och barn och gamla evakuerades fr\u00e5n Helsingfors. Jag fick f\u00f6lja med en klasskamrat till Tavastehus. En h\u00e5gkomst d\u00e4rifr\u00e5n: Vi var s\u00e5 fosterl\u00e4ndska att n\u00e4r &#8221;V\u00e5rt land&#8221; spelades i radion steg vi upp och stod s\u00e5 l\u00e4nge den spelades. Efter n\u00e5gra veckor \u00f6ppnades skolorna p\u00e5 nytt.<\/p>\n<p>Den 30 november br\u00f6t vinterkriget ut, n\u00e4r alarmen b\u00f6rjade tjuta var det f\u00f6r l\u00e4rare och elever en chock. V\u00e5r l\u00e4rare sade att &#8221;det \u00e4r s\u00e4kert bara en \u00f6vning&#8221;. Under h\u00f6stens lopp hade det varit alarm\u00f6vningar flera g\u00e5nger. Men bomberna f\u00f6ll n\u00e4stan samtidigt. Eleverna skickades hem, de mindre gr\u00e4t och vi \u00e4ldre f\u00f6rs\u00f6kte ju hj\u00e4lpa dem. Vi som bodde i T\u00f6l\u00f6 s\u00e5g eldsv\u00e5dor endast p\u00e5 avst\u00e5nd och h\u00f6rde bomberna krevera. P\u00e5 kv\u00e4llen tr\u00e4dde m\u00f6rkl\u00e4ggningen i kraft.<\/p>\n<p>Min yngre syster och jag s\u00e4ndes till en bekant familj i Finby n\u00e4ra Kimito. St\u00e4mningen p\u00e5 j\u00e4rnv\u00e4gsstationen den kv\u00e4llen gl\u00f6mmer jag inte. Det var kallt och alldeles m\u00f6rkt utom att n\u00e5gra avsk\u00e4rmade lampor brann h\u00e4r och d\u00e4r. Stationen var full med folk och t\u00e5gen gick p\u00e5 obest\u00e4mda tider. Mitt bland oroliga, skr\u00e4mda och frysande m\u00e4nniskor stod Fr\u00e4lsningsarm\u00e9n med sitt soppk\u00f6k. V\u00e4nliga fr\u00e4lsningssoldater delade ut varm soppa \u00e5t v\u00e4ntande \u00e4ngsliga m\u00e4nniskor och lugnade dem efter b\u00e4sta f\u00f6rm\u00e5ga. N\u00e4r mamma vinkade av oss p\u00e5 perrongen hade jag en k\u00e4nsla av att m\u00e5nntro vi \u00e4nnu ser henne n\u00e5gon g\u00e5ng.<\/p>\n<p>Jag skulle konfirmeras den 2.12.1939 men det sk\u00f6ts fram till den 18.5.1940. Efter skolavslutningen skickades vi, mina tv\u00e5 skolkamrater och jag, ut till landet p\u00e5 jordbruksarbete. Vi var arbetspliktiga. Vi for till Sjunde\u00e5 d\u00e4r vi arbetade p\u00e5 tre olika g\u00e5rdar: G\u00e5rdskulla, Skeppars och Sigurds. Den sistn\u00e4mnda \u00e4r ju k\u00e4nd fr\u00e5n &#8221;Sigurdsk\u00e5ren&#8221; under frihetskriget. Vi gallrade sockerbetor p\u00e5 o\u00e4ndliga f\u00e4lt p\u00e5 G\u00e5rdskulla, rensade morots- och andra gr\u00f6nsaksb\u00e4nkar m.m. p\u00e5 de andra g\u00e5rdarna. Vi var nio flickor och en ledarinna. En flicka blev hemma fr\u00e5n arbetet f\u00f6r att tillreda maten. Ingredienserna fick vi fr\u00e5n g\u00e5rden.<\/p>\n<p><strong>Jag blev lotta 1940<\/strong><\/p>\n<p>Skol\u00e5ret 1940-1941 blev utan avbrott. D\u00e5 blev jag medlem i Lotta Sv\u00e4rd, avdelning IV, samma avdelning som mamma, min syster och mina mostrar tillh\u00f6rde.<\/p>\n<p>N\u00e4r forts\u00e4ttningskriget br\u00f6t ut midsommaren 1941 blev min syster genast placerad i Bergh\u00e4lls kyrkas tom som luftv\u00e4rnslotta. N\u00e5gon m\u00e5nad senare skickades hon till Hang\u00f6fronten och jag intog hennes plats i Bergh\u00e4lls kyrkas torn. Nog k\u00e4nde man sig ganska v\u00e4rnl\u00f6s d\u00e4ruppe n\u00e4r man stod med kikaren och r\u00e4knade planen och rapporterade per telefon. D\u00e5 var jag 17 \u00e5r.<\/p>\n<p>l b\u00f6rjan av september s\u00e4ndes jag till Sveaborgs Ivak, allts\u00e5 en bunker med telefoncentral. Lottorna var indelade i fyra skift med fyra lottor i varje. Vi bodde i en liten &#8221;k\u00e4mpp\u00e4&#8221; i en av de gamla tegelkasernema. N\u00e4r isen lade sig &#8211; vintern 1941-1942 var kall &#8211; lades en sp\u00e5ng av br\u00e4der fr\u00e5n fastlandet till Sveaborg. Den utgick ungef\u00e4r fr\u00e5n nuvarande Olympiakajen. Sp\u00e5ngen var ganska smal och vintervindarna isiga n\u00e4r man k\u00e4mpade sig fram. N\u00e4r man kom fram och klev ner i &#8221;monttun&#8221; som vi kallade v\u00e5r arbetsplats k\u00e4ndes det varmt och sk\u00f6nt. Ibland var det stressigt, i synnerhet m\u00e5nljusa n\u00e4tter med m\u00e5nga alarm. En sak som m\u00e5nga g\u00e5nger har f\u00f6rv\u00e5nat mig nu efter\u00e5t \u00e4r att man aldrig var r\u00e4dd n\u00e4r man r\u00f6rde sig p\u00e5 stans gator.<\/p>\n<p>I januari 1942 ans\u00e5gs situationen vara s\u00e5dan att skolorna kunde b\u00f6rja igen. Jag var d\u00e5 tvungen att komma tillbaka till skolb\u00e4nken fast\u00e4n jag sj\u00e4lv ans\u00e5g att lottaarbetet p\u00e5 Sveaborg hade varit mycket viktigare. &#8211; Men det var sista terminen f\u00f6r mig i den nioklassiga flickskolan. &#8211; L\u00e4rarna uppmuntrade oss med att s\u00e4ga &#8221;l\u00e4s nu flickor, det blir nog skrivningar i v\u00e5r&#8221;. Det blev det ju inte, vi fick v\u00e5ra studentm\u00f6ssor utan skrivningar. l pojkskolor som &#8221;L\u00e4rkan&#8221; och &#8221;Norsen&#8221; fanns det f\u00e5 elever den v\u00e5ren, de flesta var inkallade. Men till studentfesten p\u00e5 Fiskartorpet tror jag att de flesta nog fick permission. Under abiturientv\u00e5ren ordnade vi flickor knytkalas hos varandra, bakade eller lagade n\u00e5got av v\u00e5ra knappa matransoner. Bakverksingredienserna var t.ex. r\u00e5gmj\u00f6l, lingon och sackarin, och s\u00e5 drack vi &#8221;surra&#8221;!<\/p>\n<p>I april 1943 gick jag i lottornas sanitetskurs. Vi var 50 lottor som deltog och ledare var Ines Helminen. l augusti samma \u00e5r b\u00f6rjade jag sjuksk\u00f6terskekursen och blev efter tre \u00e5r utdittinerad sjuksk\u00f6terska. Livet som sjuksk\u00f6terskeelev var i b\u00f6rjan tungt, 10 timmars arbetsdag g\u00e4llde d\u00e5. Emedan en stor del av sjuksk\u00f6terskorna arbetade p\u00e5 krigssjukhus eller p\u00e5 annat h\u00e5ll, var personalen p\u00e5 sjukhusen exempelvis i Helsingfors minimal. Eleverna var arbetskraft. Det var jobbigt men intressant, vi fick vara med om att utf\u00f6ra saker som f\u00f6r dagens elever inte skulle komma i fr\u00e5ga. Till exempel vakade man p\u00e5 Maria sjukhus ensam p\u00e5 en avdelning med 30 patienter. Vi assisterade vid operationer och vi delade mediciner, m.a.o. hade hand om medicinsk\u00e5psnycklarna. Det fanns en natt\u00f6versk\u00f6terska som vi fick ringa till.<\/p>\n<p>Det hade varit relativt lugnt i Helsingfors men s\u00e5 kom bombningarna den 6, 16 och 26 februari 1944. Det var massiva anfall som vanligen p\u00e5gick hela natten. D\u00e5 arbetade jag p\u00e5 Steng\u00e5rds sjukhus. En del av patienterna kunde sj\u00e4lva ta sig till bombskyddet. Men f\u00f6r \u00f6vrigt f\u00f6rs\u00f6kte vi bara h\u00e5lla patienterna lugna. En bomb f\u00f6ll i parken r\u00e4tt n\u00e4ra men sjukhuset tr\u00e4ffades \u00e4nd\u00e5 inte. En av dessa n\u00e4tter var jag hemma eftersom jag bodde s\u00e5 n\u00e4ra. D\u00e5 satt vi i bombskyddet hela natten, huset skakade och sand rasade ner fr\u00e5n taket och lamporna slocknade.<\/p>\n<p>N\u00e4r den sorgliga freden till sist kom i september 1944 skulle Porkala evakueras. De elever som just d\u00e5 var lediga skickades dit f\u00f6r att hj\u00e4lpa till. Det g\u00e4llde att ta upp potatis och andra rotfrukter .<\/p>\n<p><strong>Efterkrigstid<\/strong><\/p>\n<p>Freden var en stor l\u00e4ttnad men bostadssituationen i Helsingfors var sv\u00e5r p.g.a. att s\u00e5 m\u00e5nga evakuerades, fr\u00e4mst viborgare, s\u00f6kte sig dit. Dessutom hade m\u00e5nga bostadshus f\u00f6rst\u00f6rts i bombardemangen.<\/p>\n<p>N\u00e4r jag gifte mig 1948 fick man exempelvis tyg till fyra underlakan och fyra \u00f6verlakan p\u00e5 sina kuponger. Sn\u00e4lla anh\u00f6riga och sl\u00e4ktingar hj\u00e4lpte till med s\u00e5dant som beh\u00f6vdes. V\u00e5r f\u00f6rsta bostad fick vi i Kottby gamla brandk\u00e5rshus. Under oss fanns garaget f\u00f6r brandbilarna och ovanf\u00f6r oss fanns en stor festsal. Vi var v\u00e4ldigt glada \u00f6ver bostaden i mellersta v\u00e5ningen. Jag minns f\u00f6rsta julen vi var gifta; d\u00e5 fick vi p\u00e5 kuponger en liten p\u00e5se risgryn, ungef\u00e4r 100 gr och litet russin. \u00c4nnu var det mesta reglerat och p\u00e5 kort.<\/p>\n<p>Hur man klarade kriget \u00e4r sv\u00e5rt att s\u00e4ga. En bidragande orsak var att vi var unga och hade bara oss sj\u00e4lva att ansvara f\u00f6r. Hade man haft familj och barn att sk\u00f6ta hade det varit mycket tyngre. Vi var s\u00e5 fosterl\u00e4ndska, vi ifr\u00e5gasatte inte utan arbetade efter b\u00e4sta f\u00f6rm\u00e5ga. Om det \u00e4r n\u00e5got jag kunde \u00e4ndra p\u00e5 i mitt liv s\u00e5 skulle det vara att utesluta \u00e5ren 1939 &#8211; 1946, f\u00f6r \u00f6vrigt har jag varit n\u00f6jd och lycklig!<\/p>\n<\/div><\/section>\n<section  class='av_textblock_section av-26nu8o-de7b19f6a4ff4a85782c022ea993fc53 '   itemscope=\"itemscope\" itemtype=\"https:\/\/schema.org\/CreativeWork\" ><div class='avia_textblock'  itemprop=\"text\" ><p>0<\/p>\n<\/div><\/section>\n","protected":false},"excerpt":{"rendered":"","protected":false},"author":1,"featured_media":0,"parent":6116,"menu_order":2,"comment_status":"closed","ping_status":"closed","template":"","meta":{"footnotes":""},"class_list":["post-6140","page","type-page","status-publish","hentry"],"yoast_head":"<!-- This site is optimized with the Yoast SEO plugin v27.5 - https:\/\/yoast.com\/product\/yoast-seo-wordpress\/ -->\n<title>Luftv\u00e4rnslotta - Veteraanien Perint\u00f6<\/title>\n<meta name=\"robots\" content=\"index, follow, max-snippet:-1, max-image-preview:large, max-video-preview:-1\" \/>\n<link rel=\"canonical\" href=\"https:\/\/veteraanienperinto.fi\/index.php\/sv\/fortsattningskriget\/berattelser-i-fortsattningkriget\/hemmafronten\/luftvarnslotta\/\" \/>\n<meta property=\"og:locale\" content=\"fi_FI\" \/>\n<meta property=\"og:type\" content=\"article\" \/>\n<meta property=\"og:title\" content=\"Luftv\u00e4rnslotta - Veteraanien Perint\u00f6\" \/>\n<meta property=\"og:url\" content=\"https:\/\/veteraanienperinto.fi\/index.php\/sv\/fortsattningskriget\/berattelser-i-fortsattningkriget\/hemmafronten\/luftvarnslotta\/\" \/>\n<meta property=\"og:site_name\" content=\"Veteraanien Perint\u00f6\" \/>\n<meta property=\"article:modified_time\" content=\"2020-12-15T14:02:47+00:00\" \/>\n<meta name=\"twitter:card\" content=\"summary_large_image\" \/>\n<meta name=\"twitter:label1\" content=\"Arvioitu lukuaika\" \/>\n\t<meta name=\"twitter:data1\" content=\"8 minuuttia\" \/>\n<script type=\"application\/ld+json\" class=\"yoast-schema-graph\">{\"@context\":\"https:\\\/\\\/schema.org\",\"@graph\":[{\"@type\":\"WebPage\",\"@id\":\"https:\\\/\\\/veteraanienperinto.fi\\\/index.php\\\/sv\\\/fortsattningskriget\\\/berattelser-i-fortsattningkriget\\\/hemmafronten\\\/luftvarnslotta\\\/\",\"url\":\"https:\\\/\\\/veteraanienperinto.fi\\\/index.php\\\/sv\\\/fortsattningskriget\\\/berattelser-i-fortsattningkriget\\\/hemmafronten\\\/luftvarnslotta\\\/\",\"name\":\"Luftv\u00e4rnslotta - Veteraanien Perint\u00f6\",\"isPartOf\":{\"@id\":\"https:\\\/\\\/veteraanienperinto.fi\\\/#website\"},\"datePublished\":\"2020-11-18T13:43:15+00:00\",\"dateModified\":\"2020-12-15T14:02:47+00:00\",\"breadcrumb\":{\"@id\":\"https:\\\/\\\/veteraanienperinto.fi\\\/index.php\\\/sv\\\/fortsattningskriget\\\/berattelser-i-fortsattningkriget\\\/hemmafronten\\\/luftvarnslotta\\\/#breadcrumb\"},\"inLanguage\":\"fi\",\"potentialAction\":[{\"@type\":\"ReadAction\",\"target\":[\"https:\\\/\\\/veteraanienperinto.fi\\\/index.php\\\/sv\\\/fortsattningskriget\\\/berattelser-i-fortsattningkriget\\\/hemmafronten\\\/luftvarnslotta\\\/\"]}]},{\"@type\":\"BreadcrumbList\",\"@id\":\"https:\\\/\\\/veteraanienperinto.fi\\\/index.php\\\/sv\\\/fortsattningskriget\\\/berattelser-i-fortsattningkriget\\\/hemmafronten\\\/luftvarnslotta\\\/#breadcrumb\",\"itemListElement\":[{\"@type\":\"ListItem\",\"position\":1,\"name\":\"Etusivu\",\"item\":\"https:\\\/\\\/veteraanienperinto.fi\\\/index.php\\\/etusivu-2\\\/\"},{\"@type\":\"ListItem\",\"position\":2,\"name\":\"Forts\u00e4ttningskriget\",\"item\":\"https:\\\/\\\/veteraanienperinto.fi\\\/index.php\\\/sv\\\/fortsattningskriget\\\/\"},{\"@type\":\"ListItem\",\"position\":3,\"name\":\"Ber\u00e4ttelser i forts\u00e4ttningkriget\",\"item\":\"https:\\\/\\\/veteraanienperinto.fi\\\/index.php\\\/sv\\\/fortsattningskriget\\\/berattelser-i-fortsattningkriget\\\/\"},{\"@type\":\"ListItem\",\"position\":4,\"name\":\"Hemmafronten\",\"item\":\"https:\\\/\\\/veteraanienperinto.fi\\\/index.php\\\/sv\\\/fortsattningskriget\\\/berattelser-i-fortsattningkriget\\\/hemmafronten\\\/\"},{\"@type\":\"ListItem\",\"position\":5,\"name\":\"Luftv\u00e4rnslotta\"}]},{\"@type\":\"WebSite\",\"@id\":\"https:\\\/\\\/veteraanienperinto.fi\\\/#website\",\"url\":\"https:\\\/\\\/veteraanienperinto.fi\\\/\",\"name\":\"Veteraanien Perint\u00f6\",\"description\":\"Kadettikunta\",\"potentialAction\":[{\"@type\":\"SearchAction\",\"target\":{\"@type\":\"EntryPoint\",\"urlTemplate\":\"https:\\\/\\\/veteraanienperinto.fi\\\/?s={search_term_string}\"},\"query-input\":{\"@type\":\"PropertyValueSpecification\",\"valueRequired\":true,\"valueName\":\"search_term_string\"}}],\"inLanguage\":\"fi\"}]}<\/script>\n<!-- \/ Yoast SEO plugin. -->","yoast_head_json":{"title":"Luftv\u00e4rnslotta - Veteraanien Perint\u00f6","robots":{"index":"index","follow":"follow","max-snippet":"max-snippet:-1","max-image-preview":"max-image-preview:large","max-video-preview":"max-video-preview:-1"},"canonical":"https:\/\/veteraanienperinto.fi\/index.php\/sv\/fortsattningskriget\/berattelser-i-fortsattningkriget\/hemmafronten\/luftvarnslotta\/","og_locale":"fi_FI","og_type":"article","og_title":"Luftv\u00e4rnslotta - Veteraanien Perint\u00f6","og_url":"https:\/\/veteraanienperinto.fi\/index.php\/sv\/fortsattningskriget\/berattelser-i-fortsattningkriget\/hemmafronten\/luftvarnslotta\/","og_site_name":"Veteraanien Perint\u00f6","article_modified_time":"2020-12-15T14:02:47+00:00","twitter_card":"summary_large_image","twitter_misc":{"Arvioitu lukuaika":"8 minuuttia"},"schema":{"@context":"https:\/\/schema.org","@graph":[{"@type":"WebPage","@id":"https:\/\/veteraanienperinto.fi\/index.php\/sv\/fortsattningskriget\/berattelser-i-fortsattningkriget\/hemmafronten\/luftvarnslotta\/","url":"https:\/\/veteraanienperinto.fi\/index.php\/sv\/fortsattningskriget\/berattelser-i-fortsattningkriget\/hemmafronten\/luftvarnslotta\/","name":"Luftv\u00e4rnslotta - Veteraanien Perint\u00f6","isPartOf":{"@id":"https:\/\/veteraanienperinto.fi\/#website"},"datePublished":"2020-11-18T13:43:15+00:00","dateModified":"2020-12-15T14:02:47+00:00","breadcrumb":{"@id":"https:\/\/veteraanienperinto.fi\/index.php\/sv\/fortsattningskriget\/berattelser-i-fortsattningkriget\/hemmafronten\/luftvarnslotta\/#breadcrumb"},"inLanguage":"fi","potentialAction":[{"@type":"ReadAction","target":["https:\/\/veteraanienperinto.fi\/index.php\/sv\/fortsattningskriget\/berattelser-i-fortsattningkriget\/hemmafronten\/luftvarnslotta\/"]}]},{"@type":"BreadcrumbList","@id":"https:\/\/veteraanienperinto.fi\/index.php\/sv\/fortsattningskriget\/berattelser-i-fortsattningkriget\/hemmafronten\/luftvarnslotta\/#breadcrumb","itemListElement":[{"@type":"ListItem","position":1,"name":"Etusivu","item":"https:\/\/veteraanienperinto.fi\/index.php\/etusivu-2\/"},{"@type":"ListItem","position":2,"name":"Forts\u00e4ttningskriget","item":"https:\/\/veteraanienperinto.fi\/index.php\/sv\/fortsattningskriget\/"},{"@type":"ListItem","position":3,"name":"Ber\u00e4ttelser i forts\u00e4ttningkriget","item":"https:\/\/veteraanienperinto.fi\/index.php\/sv\/fortsattningskriget\/berattelser-i-fortsattningkriget\/"},{"@type":"ListItem","position":4,"name":"Hemmafronten","item":"https:\/\/veteraanienperinto.fi\/index.php\/sv\/fortsattningskriget\/berattelser-i-fortsattningkriget\/hemmafronten\/"},{"@type":"ListItem","position":5,"name":"Luftv\u00e4rnslotta"}]},{"@type":"WebSite","@id":"https:\/\/veteraanienperinto.fi\/#website","url":"https:\/\/veteraanienperinto.fi\/","name":"Veteraanien Perint\u00f6","description":"Kadettikunta","potentialAction":[{"@type":"SearchAction","target":{"@type":"EntryPoint","urlTemplate":"https:\/\/veteraanienperinto.fi\/?s={search_term_string}"},"query-input":{"@type":"PropertyValueSpecification","valueRequired":true,"valueName":"search_term_string"}}],"inLanguage":"fi"}]}},"_links":{"self":[{"href":"https:\/\/veteraanienperinto.fi\/index.php\/wp-json\/wp\/v2\/pages\/6140","targetHints":{"allow":["GET"]}}],"collection":[{"href":"https:\/\/veteraanienperinto.fi\/index.php\/wp-json\/wp\/v2\/pages"}],"about":[{"href":"https:\/\/veteraanienperinto.fi\/index.php\/wp-json\/wp\/v2\/types\/page"}],"author":[{"embeddable":true,"href":"https:\/\/veteraanienperinto.fi\/index.php\/wp-json\/wp\/v2\/users\/1"}],"replies":[{"embeddable":true,"href":"https:\/\/veteraanienperinto.fi\/index.php\/wp-json\/wp\/v2\/comments?post=6140"}],"version-history":[{"count":3,"href":"https:\/\/veteraanienperinto.fi\/index.php\/wp-json\/wp\/v2\/pages\/6140\/revisions"}],"predecessor-version":[{"id":7989,"href":"https:\/\/veteraanienperinto.fi\/index.php\/wp-json\/wp\/v2\/pages\/6140\/revisions\/7989"}],"up":[{"embeddable":true,"href":"https:\/\/veteraanienperinto.fi\/index.php\/wp-json\/wp\/v2\/pages\/6116"}],"wp:attachment":[{"href":"https:\/\/veteraanienperinto.fi\/index.php\/wp-json\/wp\/v2\/media?parent=6140"}],"curies":[{"name":"wp","href":"https:\/\/api.w.org\/{rel}","templated":true}]}}