{"id":6384,"date":"2020-11-19T10:32:28","date_gmt":"2020-11-19T10:32:28","guid":{"rendered":"https:\/\/veteraani.ylirotu.fi\/?page_id=6384"},"modified":"2021-01-19T13:33:29","modified_gmt":"2021-01-19T13:33:29","slug":"fortrycksperioderna","status":"publish","type":"page","link":"https:\/\/veteraanienperinto.fi\/index.php\/sv\/infobank\/sjalvstandigheten\/fore-sjalvstandigheten\/fortrycksperioderna\/","title":{"rendered":"F\u00f6rtrycksperioderna"},"content":{"rendered":"<div id='full_slider_1'  class='avia-fullwidth-slider main_color avia-shadow   avia-builder-el-0  el_before_av_heading  avia-builder-el-first   container_wrap sidebar_right'  ><\/div><div id='after_full_slider_1'  class='main_color av_default_container_wrap container_wrap sidebar_right'  ><div class='container av-section-cont-open' ><div class='template-page content  av-content-small alpha units'><div class='post-entry post-entry-type-page post-entry-6384'><div class='entry-content-wrapper clearfix'>\n\n<style type=\"text\/css\" data-created_by=\"avia_inline_auto\" id=\"style-css-av-kk41fqiy-2d4fd70fdeae4b1f9ae771d31f4de1fd\">\n#top .av-special-heading.av-kk41fqiy-2d4fd70fdeae4b1f9ae771d31f4de1fd{\npadding-bottom:10px;\n}\nbody .av-special-heading.av-kk41fqiy-2d4fd70fdeae4b1f9ae771d31f4de1fd .av-special-heading-tag .heading-char{\nfont-size:25px;\n}\n.av-special-heading.av-kk41fqiy-2d4fd70fdeae4b1f9ae771d31f4de1fd .av-subheading{\nfont-size:15px;\n}\n<\/style>\n<div  class='av-special-heading av-kk41fqiy-2d4fd70fdeae4b1f9ae771d31f4de1fd av-special-heading-h3  avia-builder-el-1  el_after_av_slideshow_full  el_before_av_textblock  avia-builder-el-first '><h3 class='av-special-heading-tag'  itemprop=\"headline\"  >F\u00f6rtrycksperioderna<\/h3><div class=\"special-heading-border\"><div class=\"special-heading-inner-border\"><\/div><\/div><\/div>\n<section  class='av_textblock_section av-202rlm-0243a8e776e11fd9881f79bcce306b29 '   itemscope=\"itemscope\" itemtype=\"https:\/\/schema.org\/CreativeWork\" ><div class='avia_textblock'  itemprop=\"text\" ><p><img loading=\"lazy\" decoding=\"async\" class=\"alignright wp-image-8225 size-medium\" src=\"https:\/\/veteraanienperinto.fi\/wp-content\/uploads\/2020\/12\/sorto1-1-1-300x194.jpg\" alt=\"\" width=\"300\" height=\"194\" srcset=\"https:\/\/veteraanienperinto.fi\/wp-content\/uploads\/2020\/12\/sorto1-1-1-300x194.jpg 300w, https:\/\/veteraanienperinto.fi\/wp-content\/uploads\/2020\/12\/sorto1-1-1.jpg 450w\" sizes=\"auto, (max-width: 300px) 100vw, 300px\" \/>Fr\u00e5n och med \u00e5r 1809 hade Finland varit en del av Ryssland i egenskap av ett autonomt storfurstend\u00f6me. I slutet av 1800-talet blev Finland st\u00e4llning f\u00f6rem\u00e5l f\u00f6r offentlig uppm\u00e4rksamhet i Ryssland d\u00e5 den ryskv\u00e4nliga pressen i kritiserande ton b\u00f6rjade skriva om saken. I februari 1899 offentliggjorde storfursten av Finland, kejsar Nikolai II det N\u00e5diga manifestet som g\u00e4llde Finland, som man b\u00f6rjade kalla Februarimanifestet.<\/p>\n<p>I det fastst\u00e4lldes rikslagstiftningsordningen f\u00f6r landet, vilket i avsev\u00e4rd grad begr\u00e4nsade Finlands autonomi. Kejsaren hade d\u00e5 han kom till makten f\u00f6rklarat sig p\u00e5 samma s\u00e4tt som sina f\u00f6reg\u00e5ngare att iaktta Finlands grundlagar. Finlands folk f\u00f6rlorade sitt f\u00f6rtroende f\u00f6r kejsaren och sade att h\u00e4rskaren var en &#8221;edsbrytare&#8221;.<\/p>\n<p>\u00c5r 1898 hade Nikolai Bobrikov utn\u00e4mnts till Finlands generalguvern\u00f6r. Han k\u00f6rde h\u00e5rt p\u00e5 f\u00f6rryskningen av Finland. Han uppgjorde ett program i tio punkter, genom vilket Finlands autonomi i praktiken skulle komma att indras. Den svaga kejsaren godk\u00e4nde programmet. S\u00e4rskilt betydelsefull var den nya v\u00e4rnpliktslagen som hade stiftats \u00e5r 1901, enligt vilken finl\u00e4ndarna var tvungna, i strid med den g\u00e4llande v\u00e4rnpliktslagen fr\u00e5n \u00e5r 1878, att tj\u00e4nstg\u00f6ra ocks\u00e5 utanf\u00f6r Finlands gr\u00e4nser.<\/p>\n<p>En stor del finl\u00e4ndare svarade p\u00e5 Bobrikovs \u00e5tg\u00e4rder med passivt motst\u00e5nd. Detta tog sig uttryck i att man inte f\u00f6ljde de utf\u00e4rdade f\u00f6reskrifterna och inte heller annars befr\u00e4mjade man f\u00f6rrysknings\u00e5tg\u00e4rderna. Finl\u00e4ndarna gick ocks\u00e5 i en omfattande uppb\u00e5dsstrejk. En stor del av dem som var i uppb\u00e5ds\u00e5ldern infann sig inte \u00e5r 1902 till uppb\u00e5dsplatsen.<\/p>\n<p>Om finlands folks l\u00e5ngtg\u00e5ende samst\u00e4mmighet ber\u00e4ttar f\u00f6r sin del f\u00f6rs\u00f6ket att i mars 1899 \u00f6verl\u00e4mna den s\u00e5 kallade Stora adressen till kejsaren. Syftet med adressen var att uttrycka bekymret f\u00f6r Finlands st\u00e4llning. P\u00e5 mindre \u00e4n tio dygn samlade huvudsakligen studenter in 523000 namn p\u00e5 denna medborgaradress. En delegation p\u00e5 500 personer f\u00f6rde adressen till Petersburg. Kejsaren tog inte emot delegationen.<\/p>\n<p>F\u00f6rutom det passiva motst\u00e5ndet b\u00f6rjade personer som sades vara aktivister en mera kompromissl\u00f6s verksamhet. En del ryssar samt finl\u00e4ndska tj\u00e4nstem\u00e4n som representerade undfallenhetsriktningen m\u00f6rdades. Skol\u00f6verstyrelsens bitr\u00e4dande kamrer Eugen Schauman sk\u00f6t Bobrikov i juni 1905 i senatens trappor och tog d\u00e4refter sj\u00e4lv sitt liv. Mordet p\u00e5 Bobrikov godk\u00e4ndes allm\u00e4nt i Finland. Det ledde dock inte till att Rysslands grepp om Finland mildrades utan detta berodde p\u00e5 den inre j\u00e4sningen i Ryssland.<\/p>\n<p>I oktober 1905 spred sig en strejkr\u00f6relse fr\u00e5n Ryssland till Finland, som ledde till storstrejk i v\u00e5rt land. Under strejken inr\u00e4ttades tv\u00e5 slags garden f\u00f6r att uppr\u00e4tth\u00e5lla ordningen, r\u00f6da garden och skyddsk\u00e5rer, inom vilka slutligen fanns 6 500 bev\u00e4pnade m\u00e4n. F\u00f6rh\u00e5llandet mellan gardena var tidvis sp\u00e4nt och n\u00e4ra att leda till v\u00e4pnade sammandrabbningar.<\/p>\n<p>Med anledning av storstrejken och andra samh\u00e4lleliga samt politiska p\u00e5frestningar undertecknade kejsar Nikolai II \u00e5r 1905 det s\u00e5 kallade Novembermanifestet, i vilket verkst\u00e4llandet av Februarimanifestet avbr\u00f6ts.<\/p>\n<\/div><\/section>\n","protected":false},"excerpt":{"rendered":"","protected":false},"author":1,"featured_media":0,"parent":6380,"menu_order":0,"comment_status":"closed","ping_status":"closed","template":"","meta":{"footnotes":""},"class_list":["post-6384","page","type-page","status-publish","hentry"],"yoast_head":"<!-- This site is optimized with the Yoast SEO plugin v27.5 - https:\/\/yoast.com\/product\/yoast-seo-wordpress\/ -->\n<title>F\u00f6rtrycksperioderna - Veteraanien Perint\u00f6<\/title>\n<meta name=\"robots\" content=\"index, follow, max-snippet:-1, max-image-preview:large, max-video-preview:-1\" \/>\n<link rel=\"canonical\" href=\"https:\/\/veteraanienperinto.fi\/index.php\/sv\/infobank\/sjalvstandigheten\/fore-sjalvstandigheten\/fortrycksperioderna\/\" \/>\n<meta property=\"og:locale\" content=\"fi_FI\" \/>\n<meta property=\"og:type\" content=\"article\" \/>\n<meta property=\"og:title\" content=\"F\u00f6rtrycksperioderna - Veteraanien Perint\u00f6\" \/>\n<meta property=\"og:url\" content=\"https:\/\/veteraanienperinto.fi\/index.php\/sv\/infobank\/sjalvstandigheten\/fore-sjalvstandigheten\/fortrycksperioderna\/\" \/>\n<meta property=\"og:site_name\" content=\"Veteraanien Perint\u00f6\" \/>\n<meta property=\"article:modified_time\" content=\"2021-01-19T13:33:29+00:00\" \/>\n<meta property=\"og:image\" content=\"https:\/\/veteraanienperinto.fi\/wp-content\/uploads\/2020\/12\/sorto1-1-1-300x194.jpg\" \/>\n<meta name=\"twitter:card\" content=\"summary_large_image\" \/>\n<meta name=\"twitter:label1\" content=\"Arvioitu lukuaika\" \/>\n\t<meta name=\"twitter:data1\" content=\"3 minuuttia\" \/>\n<script type=\"application\/ld+json\" class=\"yoast-schema-graph\">{\"@context\":\"https:\\\/\\\/schema.org\",\"@graph\":[{\"@type\":\"WebPage\",\"@id\":\"https:\\\/\\\/veteraanienperinto.fi\\\/index.php\\\/sv\\\/infobank\\\/sjalvstandigheten\\\/fore-sjalvstandigheten\\\/fortrycksperioderna\\\/\",\"url\":\"https:\\\/\\\/veteraanienperinto.fi\\\/index.php\\\/sv\\\/infobank\\\/sjalvstandigheten\\\/fore-sjalvstandigheten\\\/fortrycksperioderna\\\/\",\"name\":\"F\u00f6rtrycksperioderna - Veteraanien Perint\u00f6\",\"isPartOf\":{\"@id\":\"https:\\\/\\\/veteraanienperinto.fi\\\/#website\"},\"primaryImageOfPage\":{\"@id\":\"https:\\\/\\\/veteraanienperinto.fi\\\/index.php\\\/sv\\\/infobank\\\/sjalvstandigheten\\\/fore-sjalvstandigheten\\\/fortrycksperioderna\\\/#primaryimage\"},\"image\":{\"@id\":\"https:\\\/\\\/veteraanienperinto.fi\\\/index.php\\\/sv\\\/infobank\\\/sjalvstandigheten\\\/fore-sjalvstandigheten\\\/fortrycksperioderna\\\/#primaryimage\"},\"thumbnailUrl\":\"https:\\\/\\\/veteraanienperinto.fi\\\/wp-content\\\/uploads\\\/2020\\\/12\\\/sorto1-1-1-300x194.jpg\",\"datePublished\":\"2020-11-19T10:32:28+00:00\",\"dateModified\":\"2021-01-19T13:33:29+00:00\",\"breadcrumb\":{\"@id\":\"https:\\\/\\\/veteraanienperinto.fi\\\/index.php\\\/sv\\\/infobank\\\/sjalvstandigheten\\\/fore-sjalvstandigheten\\\/fortrycksperioderna\\\/#breadcrumb\"},\"inLanguage\":\"fi\",\"potentialAction\":[{\"@type\":\"ReadAction\",\"target\":[\"https:\\\/\\\/veteraanienperinto.fi\\\/index.php\\\/sv\\\/infobank\\\/sjalvstandigheten\\\/fore-sjalvstandigheten\\\/fortrycksperioderna\\\/\"]}]},{\"@type\":\"ImageObject\",\"inLanguage\":\"fi\",\"@id\":\"https:\\\/\\\/veteraanienperinto.fi\\\/index.php\\\/sv\\\/infobank\\\/sjalvstandigheten\\\/fore-sjalvstandigheten\\\/fortrycksperioderna\\\/#primaryimage\",\"url\":\"https:\\\/\\\/veteraanienperinto.fi\\\/wp-content\\\/uploads\\\/2020\\\/12\\\/sorto1-1-1.jpg\",\"contentUrl\":\"https:\\\/\\\/veteraanienperinto.fi\\\/wp-content\\\/uploads\\\/2020\\\/12\\\/sorto1-1-1.jpg\",\"width\":450,\"height\":291},{\"@type\":\"BreadcrumbList\",\"@id\":\"https:\\\/\\\/veteraanienperinto.fi\\\/index.php\\\/sv\\\/infobank\\\/sjalvstandigheten\\\/fore-sjalvstandigheten\\\/fortrycksperioderna\\\/#breadcrumb\",\"itemListElement\":[{\"@type\":\"ListItem\",\"position\":1,\"name\":\"Etusivu\",\"item\":\"https:\\\/\\\/veteraanienperinto.fi\\\/index.php\\\/etusivu-2\\\/\"},{\"@type\":\"ListItem\",\"position\":2,\"name\":\"Infobank\",\"item\":\"https:\\\/\\\/veteraanienperinto.fi\\\/index.php\\\/sv\\\/infobank\\\/\"},{\"@type\":\"ListItem\",\"position\":3,\"name\":\"Sj\u00e4lvst\u00e4ndigheten\",\"item\":\"https:\\\/\\\/veteraanienperinto.fi\\\/index.php\\\/sv\\\/infobank\\\/sjalvstandigheten\\\/\"},{\"@type\":\"ListItem\",\"position\":4,\"name\":\"F\u00f6re sj\u00e4lvst\u00e4ndigheten\",\"item\":\"https:\\\/\\\/veteraanienperinto.fi\\\/index.php\\\/sv\\\/infobank\\\/sjalvstandigheten\\\/fore-sjalvstandigheten\\\/\"},{\"@type\":\"ListItem\",\"position\":5,\"name\":\"F\u00f6rtrycksperioderna\"}]},{\"@type\":\"WebSite\",\"@id\":\"https:\\\/\\\/veteraanienperinto.fi\\\/#website\",\"url\":\"https:\\\/\\\/veteraanienperinto.fi\\\/\",\"name\":\"Veteraanien Perint\u00f6\",\"description\":\"Kadettikunta\",\"potentialAction\":[{\"@type\":\"SearchAction\",\"target\":{\"@type\":\"EntryPoint\",\"urlTemplate\":\"https:\\\/\\\/veteraanienperinto.fi\\\/?s={search_term_string}\"},\"query-input\":{\"@type\":\"PropertyValueSpecification\",\"valueRequired\":true,\"valueName\":\"search_term_string\"}}],\"inLanguage\":\"fi\"}]}<\/script>\n<!-- \/ Yoast SEO plugin. -->","yoast_head_json":{"title":"F\u00f6rtrycksperioderna - Veteraanien Perint\u00f6","robots":{"index":"index","follow":"follow","max-snippet":"max-snippet:-1","max-image-preview":"max-image-preview:large","max-video-preview":"max-video-preview:-1"},"canonical":"https:\/\/veteraanienperinto.fi\/index.php\/sv\/infobank\/sjalvstandigheten\/fore-sjalvstandigheten\/fortrycksperioderna\/","og_locale":"fi_FI","og_type":"article","og_title":"F\u00f6rtrycksperioderna - Veteraanien Perint\u00f6","og_url":"https:\/\/veteraanienperinto.fi\/index.php\/sv\/infobank\/sjalvstandigheten\/fore-sjalvstandigheten\/fortrycksperioderna\/","og_site_name":"Veteraanien Perint\u00f6","article_modified_time":"2021-01-19T13:33:29+00:00","og_image":[{"url":"https:\/\/veteraanienperinto.fi\/wp-content\/uploads\/2020\/12\/sorto1-1-1-300x194.jpg","type":"","width":"","height":""}],"twitter_card":"summary_large_image","twitter_misc":{"Arvioitu lukuaika":"3 minuuttia"},"schema":{"@context":"https:\/\/schema.org","@graph":[{"@type":"WebPage","@id":"https:\/\/veteraanienperinto.fi\/index.php\/sv\/infobank\/sjalvstandigheten\/fore-sjalvstandigheten\/fortrycksperioderna\/","url":"https:\/\/veteraanienperinto.fi\/index.php\/sv\/infobank\/sjalvstandigheten\/fore-sjalvstandigheten\/fortrycksperioderna\/","name":"F\u00f6rtrycksperioderna - Veteraanien Perint\u00f6","isPartOf":{"@id":"https:\/\/veteraanienperinto.fi\/#website"},"primaryImageOfPage":{"@id":"https:\/\/veteraanienperinto.fi\/index.php\/sv\/infobank\/sjalvstandigheten\/fore-sjalvstandigheten\/fortrycksperioderna\/#primaryimage"},"image":{"@id":"https:\/\/veteraanienperinto.fi\/index.php\/sv\/infobank\/sjalvstandigheten\/fore-sjalvstandigheten\/fortrycksperioderna\/#primaryimage"},"thumbnailUrl":"https:\/\/veteraanienperinto.fi\/wp-content\/uploads\/2020\/12\/sorto1-1-1-300x194.jpg","datePublished":"2020-11-19T10:32:28+00:00","dateModified":"2021-01-19T13:33:29+00:00","breadcrumb":{"@id":"https:\/\/veteraanienperinto.fi\/index.php\/sv\/infobank\/sjalvstandigheten\/fore-sjalvstandigheten\/fortrycksperioderna\/#breadcrumb"},"inLanguage":"fi","potentialAction":[{"@type":"ReadAction","target":["https:\/\/veteraanienperinto.fi\/index.php\/sv\/infobank\/sjalvstandigheten\/fore-sjalvstandigheten\/fortrycksperioderna\/"]}]},{"@type":"ImageObject","inLanguage":"fi","@id":"https:\/\/veteraanienperinto.fi\/index.php\/sv\/infobank\/sjalvstandigheten\/fore-sjalvstandigheten\/fortrycksperioderna\/#primaryimage","url":"https:\/\/veteraanienperinto.fi\/wp-content\/uploads\/2020\/12\/sorto1-1-1.jpg","contentUrl":"https:\/\/veteraanienperinto.fi\/wp-content\/uploads\/2020\/12\/sorto1-1-1.jpg","width":450,"height":291},{"@type":"BreadcrumbList","@id":"https:\/\/veteraanienperinto.fi\/index.php\/sv\/infobank\/sjalvstandigheten\/fore-sjalvstandigheten\/fortrycksperioderna\/#breadcrumb","itemListElement":[{"@type":"ListItem","position":1,"name":"Etusivu","item":"https:\/\/veteraanienperinto.fi\/index.php\/etusivu-2\/"},{"@type":"ListItem","position":2,"name":"Infobank","item":"https:\/\/veteraanienperinto.fi\/index.php\/sv\/infobank\/"},{"@type":"ListItem","position":3,"name":"Sj\u00e4lvst\u00e4ndigheten","item":"https:\/\/veteraanienperinto.fi\/index.php\/sv\/infobank\/sjalvstandigheten\/"},{"@type":"ListItem","position":4,"name":"F\u00f6re sj\u00e4lvst\u00e4ndigheten","item":"https:\/\/veteraanienperinto.fi\/index.php\/sv\/infobank\/sjalvstandigheten\/fore-sjalvstandigheten\/"},{"@type":"ListItem","position":5,"name":"F\u00f6rtrycksperioderna"}]},{"@type":"WebSite","@id":"https:\/\/veteraanienperinto.fi\/#website","url":"https:\/\/veteraanienperinto.fi\/","name":"Veteraanien Perint\u00f6","description":"Kadettikunta","potentialAction":[{"@type":"SearchAction","target":{"@type":"EntryPoint","urlTemplate":"https:\/\/veteraanienperinto.fi\/?s={search_term_string}"},"query-input":{"@type":"PropertyValueSpecification","valueRequired":true,"valueName":"search_term_string"}}],"inLanguage":"fi"}]}},"_links":{"self":[{"href":"https:\/\/veteraanienperinto.fi\/index.php\/wp-json\/wp\/v2\/pages\/6384","targetHints":{"allow":["GET"]}}],"collection":[{"href":"https:\/\/veteraanienperinto.fi\/index.php\/wp-json\/wp\/v2\/pages"}],"about":[{"href":"https:\/\/veteraanienperinto.fi\/index.php\/wp-json\/wp\/v2\/types\/page"}],"author":[{"embeddable":true,"href":"https:\/\/veteraanienperinto.fi\/index.php\/wp-json\/wp\/v2\/users\/1"}],"replies":[{"embeddable":true,"href":"https:\/\/veteraanienperinto.fi\/index.php\/wp-json\/wp\/v2\/comments?post=6384"}],"version-history":[{"count":6,"href":"https:\/\/veteraanienperinto.fi\/index.php\/wp-json\/wp\/v2\/pages\/6384\/revisions"}],"predecessor-version":[{"id":10126,"href":"https:\/\/veteraanienperinto.fi\/index.php\/wp-json\/wp\/v2\/pages\/6384\/revisions\/10126"}],"up":[{"embeddable":true,"href":"https:\/\/veteraanienperinto.fi\/index.php\/wp-json\/wp\/v2\/pages\/6380"}],"wp:attachment":[{"href":"https:\/\/veteraanienperinto.fi\/index.php\/wp-json\/wp\/v2\/media?parent=6384"}],"curies":[{"name":"wp","href":"https:\/\/api.w.org\/{rel}","templated":true}]}}