{"id":6416,"date":"2020-11-19T10:52:19","date_gmt":"2020-11-19T10:52:19","guid":{"rendered":"https:\/\/veteraani.ylirotu.fi\/?page_id=6416"},"modified":"2021-01-19T13:40:59","modified_gmt":"2021-01-19T13:40:59","slug":"sjalvstandighetsprocess","status":"publish","type":"page","link":"https:\/\/veteraanienperinto.fi\/index.php\/sv\/infobank\/sjalvstandigheten\/efter-sjalvstandigheten\/sjalvstandighetsprocess\/","title":{"rendered":"Sj\u00e4lvst\u00e4ndighetsprocess"},"content":{"rendered":"<div id='full_slider_1'  class='avia-fullwidth-slider main_color avia-shadow   avia-builder-el-0  el_before_av_heading  avia-builder-el-first   container_wrap sidebar_right'  ><\/div><div id='after_full_slider_1'  class='main_color av_default_container_wrap container_wrap sidebar_right'  ><div class='container av-section-cont-open' ><div class='template-page content  av-content-small alpha units'><div class='post-entry post-entry-type-page post-entry-6416'><div class='entry-content-wrapper clearfix'>\n\n<style type=\"text\/css\" data-created_by=\"avia_inline_auto\" id=\"style-css-av-kk41pdgn-5057a42c710cce529dcbac0086d9c5d2\">\n#top .av-special-heading.av-kk41pdgn-5057a42c710cce529dcbac0086d9c5d2{\npadding-bottom:10px;\n}\nbody .av-special-heading.av-kk41pdgn-5057a42c710cce529dcbac0086d9c5d2 .av-special-heading-tag .heading-char{\nfont-size:25px;\n}\n.av-special-heading.av-kk41pdgn-5057a42c710cce529dcbac0086d9c5d2 .av-subheading{\nfont-size:15px;\n}\n<\/style>\n<div  class='av-special-heading av-kk41pdgn-5057a42c710cce529dcbac0086d9c5d2 av-special-heading-h3  avia-builder-el-1  el_after_av_slideshow_full  el_before_av_textblock  avia-builder-el-first '><h3 class='av-special-heading-tag'  itemprop=\"headline\"  >Sj\u00e4lvst\u00e4ndighetsprocess<\/h3><div class=\"special-heading-border\"><div class=\"special-heading-inner-border\"><\/div><\/div><\/div>\n<section  class='av_textblock_section av-201hbg-64a166ba3bd36828c34956824f4e54f6 '   itemscope=\"itemscope\" itemtype=\"https:\/\/schema.org\/CreativeWork\" ><div class='avia_textblock'  itemprop=\"text\" ><p><img loading=\"lazy\" decoding=\"async\" class=\"size-full wp-image-8247 alignright\" src=\"https:\/\/veteraanienperinto.fi\/wp-content\/uploads\/2020\/12\/itse1.jpg\" alt=\"\" width=\"300\" height=\"189\" \/>P\u00e5 h\u00f6sten 1917 f\u00f6rekom st\u00e4ndigt os\u00e4mja i Finland om maktbefogenheterna mellan senaten och riksdagen. D\u00e4remot r\u00e5dde det en omfattande enighet om sj\u00e4lvst\u00e4ndighetsstr\u00e4vandena. Efter riksdagsvalet i oktober 1917 var det viktigt hurdan senat, s\u00e5ledes regering, man skulle bilda. Tv\u00e5 senatorlistor var framlagda, av vilka den ena var borgerlig och den andra uppgjord av socialdemokraterna. Personerna p\u00e5 vardera ministerlistan hade f\u00f6rbundit sig att ge st\u00f6d f\u00f6r att Finland skulle bli sj\u00e4lvst\u00e4ndigt.<\/p>\n<p>P\u00e5 basis av maktlagen anv\u00e4nde Finlands lantdag, enda g\u00e5ngen under Finlands hela historia, sig av den h\u00f6gsta makten och uts\u00e5g efter omr\u00f6stning P.E. Svinhufvud att leda den borgerliga senaten. Till denna s\u00e5 kallade sj\u00e4lvst\u00e4ndighetssenat h\u00f6rde sex senatorer fr\u00e5n ungfinnarna, tv\u00e5 fr\u00e5n gammelfinnarna, en fr\u00e5n svenska folkpartiet och tv\u00e5 fr\u00e5n agrarf\u00f6rbundet.<\/p>\n<p>Sj\u00e4lvst\u00e4ndighetsf\u00f6rklaringen bereddes p\u00e5 olika h\u00e5ll 4-6.12.1917. Senaten och socialdemokraterna hade uppgjort f\u00f6rslag till proklamering som avvek fr\u00e5n varandra. Senatens \u00e5sikt vann 6.12.1917 i riksdagen med r\u00f6sterna 100-88. Denna dag \u00e4r Finlands sj\u00e4lvst\u00e4ndighetsdag. Proklamationen var ensidig och inte n\u00e5got avtal mellan Finland och Ryssland. Problemet betr\u00e4ffande Finlands oavh\u00e4ngighet var fr\u00e5n b\u00f6rjan att det fortfarande fanns ett stort antal ryska soldater i landet.<\/p>\n<p>Utrikespolitiskt var det viktigaste att f\u00e5 andra stater att erk\u00e4nna Finlands sj\u00e4lvst\u00e4ndighet. L\u00e4get blev besv\u00e4rligt d\u00e5 Tyskland och Ryssland 15.12.1917 ingick vapenvila. Som den f\u00f6rsta erk\u00e4nde Rysslands bolsjevikregering Finlands sj\u00e4lvst\u00e4ndighet, principiellt 28.12.1917 och formellt 4.1.1918. Bolsjevikerna gjorde ingen hemlighet av att de genom att godk\u00e4nna sj\u00e4lvst\u00e4ndigheten hoppades p\u00e5 att befr\u00e4mja revolutionens sak ocks\u00e5 i Finland, vilket slutligen skulle leda till att det socialistiska Finland skulle f\u00f6renas med det socialistiska Ryssland. Som f\u00f6ljande erk\u00e4ndes Finlands sj\u00e4lvst\u00e4ndighet av Sverige och Danmark 4.1.1918 och av Tyskland 6.1.1918.<\/p>\n<\/div><\/section>\n","protected":false},"excerpt":{"rendered":"","protected":false},"author":1,"featured_media":0,"parent":6412,"menu_order":0,"comment_status":"closed","ping_status":"closed","template":"","meta":{"footnotes":""},"class_list":["post-6416","page","type-page","status-publish","hentry"],"yoast_head":"<!-- This site is optimized with the Yoast SEO plugin v27.5 - https:\/\/yoast.com\/product\/yoast-seo-wordpress\/ -->\n<title>Sj\u00e4lvst\u00e4ndighetsprocess - Veteraanien Perint\u00f6<\/title>\n<meta name=\"robots\" content=\"index, follow, max-snippet:-1, max-image-preview:large, max-video-preview:-1\" \/>\n<link rel=\"canonical\" href=\"https:\/\/veteraanienperinto.fi\/index.php\/sv\/infobank\/sjalvstandigheten\/efter-sjalvstandigheten\/sjalvstandighetsprocess\/\" \/>\n<meta property=\"og:locale\" content=\"fi_FI\" \/>\n<meta property=\"og:type\" content=\"article\" \/>\n<meta property=\"og:title\" content=\"Sj\u00e4lvst\u00e4ndighetsprocess - Veteraanien Perint\u00f6\" \/>\n<meta property=\"og:url\" content=\"https:\/\/veteraanienperinto.fi\/index.php\/sv\/infobank\/sjalvstandigheten\/efter-sjalvstandigheten\/sjalvstandighetsprocess\/\" \/>\n<meta property=\"og:site_name\" content=\"Veteraanien Perint\u00f6\" \/>\n<meta property=\"article:modified_time\" content=\"2021-01-19T13:40:59+00:00\" \/>\n<meta property=\"og:image\" content=\"https:\/\/veteraanienperinto.fi\/wp-content\/uploads\/2020\/12\/itse1.jpg\" \/>\n<meta name=\"twitter:card\" content=\"summary_large_image\" \/>\n<meta name=\"twitter:label1\" content=\"Arvioitu lukuaika\" \/>\n\t<meta name=\"twitter:data1\" content=\"2 minuuttia\" \/>\n<script type=\"application\/ld+json\" class=\"yoast-schema-graph\">{\"@context\":\"https:\\\/\\\/schema.org\",\"@graph\":[{\"@type\":\"WebPage\",\"@id\":\"https:\\\/\\\/veteraanienperinto.fi\\\/index.php\\\/sv\\\/infobank\\\/sjalvstandigheten\\\/efter-sjalvstandigheten\\\/sjalvstandighetsprocess\\\/\",\"url\":\"https:\\\/\\\/veteraanienperinto.fi\\\/index.php\\\/sv\\\/infobank\\\/sjalvstandigheten\\\/efter-sjalvstandigheten\\\/sjalvstandighetsprocess\\\/\",\"name\":\"Sj\u00e4lvst\u00e4ndighetsprocess - Veteraanien Perint\u00f6\",\"isPartOf\":{\"@id\":\"https:\\\/\\\/veteraanienperinto.fi\\\/#website\"},\"primaryImageOfPage\":{\"@id\":\"https:\\\/\\\/veteraanienperinto.fi\\\/index.php\\\/sv\\\/infobank\\\/sjalvstandigheten\\\/efter-sjalvstandigheten\\\/sjalvstandighetsprocess\\\/#primaryimage\"},\"image\":{\"@id\":\"https:\\\/\\\/veteraanienperinto.fi\\\/index.php\\\/sv\\\/infobank\\\/sjalvstandigheten\\\/efter-sjalvstandigheten\\\/sjalvstandighetsprocess\\\/#primaryimage\"},\"thumbnailUrl\":\"https:\\\/\\\/veteraanienperinto.fi\\\/wp-content\\\/uploads\\\/2020\\\/12\\\/itse1.jpg\",\"datePublished\":\"2020-11-19T10:52:19+00:00\",\"dateModified\":\"2021-01-19T13:40:59+00:00\",\"breadcrumb\":{\"@id\":\"https:\\\/\\\/veteraanienperinto.fi\\\/index.php\\\/sv\\\/infobank\\\/sjalvstandigheten\\\/efter-sjalvstandigheten\\\/sjalvstandighetsprocess\\\/#breadcrumb\"},\"inLanguage\":\"fi\",\"potentialAction\":[{\"@type\":\"ReadAction\",\"target\":[\"https:\\\/\\\/veteraanienperinto.fi\\\/index.php\\\/sv\\\/infobank\\\/sjalvstandigheten\\\/efter-sjalvstandigheten\\\/sjalvstandighetsprocess\\\/\"]}]},{\"@type\":\"ImageObject\",\"inLanguage\":\"fi\",\"@id\":\"https:\\\/\\\/veteraanienperinto.fi\\\/index.php\\\/sv\\\/infobank\\\/sjalvstandigheten\\\/efter-sjalvstandigheten\\\/sjalvstandighetsprocess\\\/#primaryimage\",\"url\":\"https:\\\/\\\/veteraanienperinto.fi\\\/wp-content\\\/uploads\\\/2020\\\/12\\\/itse1.jpg\",\"contentUrl\":\"https:\\\/\\\/veteraanienperinto.fi\\\/wp-content\\\/uploads\\\/2020\\\/12\\\/itse1.jpg\",\"width\":300,\"height\":189},{\"@type\":\"BreadcrumbList\",\"@id\":\"https:\\\/\\\/veteraanienperinto.fi\\\/index.php\\\/sv\\\/infobank\\\/sjalvstandigheten\\\/efter-sjalvstandigheten\\\/sjalvstandighetsprocess\\\/#breadcrumb\",\"itemListElement\":[{\"@type\":\"ListItem\",\"position\":1,\"name\":\"Etusivu\",\"item\":\"https:\\\/\\\/veteraanienperinto.fi\\\/index.php\\\/etusivu-2\\\/\"},{\"@type\":\"ListItem\",\"position\":2,\"name\":\"Infobank\",\"item\":\"https:\\\/\\\/veteraanienperinto.fi\\\/index.php\\\/sv\\\/infobank\\\/\"},{\"@type\":\"ListItem\",\"position\":3,\"name\":\"Sj\u00e4lvst\u00e4ndigheten\",\"item\":\"https:\\\/\\\/veteraanienperinto.fi\\\/index.php\\\/sv\\\/infobank\\\/sjalvstandigheten\\\/\"},{\"@type\":\"ListItem\",\"position\":4,\"name\":\"Efter sj\u00e4lvst\u00e4ndigheten\",\"item\":\"https:\\\/\\\/veteraanienperinto.fi\\\/index.php\\\/sv\\\/infobank\\\/sjalvstandigheten\\\/efter-sjalvstandigheten\\\/\"},{\"@type\":\"ListItem\",\"position\":5,\"name\":\"Sj\u00e4lvst\u00e4ndighetsprocess\"}]},{\"@type\":\"WebSite\",\"@id\":\"https:\\\/\\\/veteraanienperinto.fi\\\/#website\",\"url\":\"https:\\\/\\\/veteraanienperinto.fi\\\/\",\"name\":\"Veteraanien Perint\u00f6\",\"description\":\"Kadettikunta\",\"potentialAction\":[{\"@type\":\"SearchAction\",\"target\":{\"@type\":\"EntryPoint\",\"urlTemplate\":\"https:\\\/\\\/veteraanienperinto.fi\\\/?s={search_term_string}\"},\"query-input\":{\"@type\":\"PropertyValueSpecification\",\"valueRequired\":true,\"valueName\":\"search_term_string\"}}],\"inLanguage\":\"fi\"}]}<\/script>\n<!-- \/ Yoast SEO plugin. -->","yoast_head_json":{"title":"Sj\u00e4lvst\u00e4ndighetsprocess - Veteraanien Perint\u00f6","robots":{"index":"index","follow":"follow","max-snippet":"max-snippet:-1","max-image-preview":"max-image-preview:large","max-video-preview":"max-video-preview:-1"},"canonical":"https:\/\/veteraanienperinto.fi\/index.php\/sv\/infobank\/sjalvstandigheten\/efter-sjalvstandigheten\/sjalvstandighetsprocess\/","og_locale":"fi_FI","og_type":"article","og_title":"Sj\u00e4lvst\u00e4ndighetsprocess - Veteraanien Perint\u00f6","og_url":"https:\/\/veteraanienperinto.fi\/index.php\/sv\/infobank\/sjalvstandigheten\/efter-sjalvstandigheten\/sjalvstandighetsprocess\/","og_site_name":"Veteraanien Perint\u00f6","article_modified_time":"2021-01-19T13:40:59+00:00","og_image":[{"url":"https:\/\/veteraanienperinto.fi\/wp-content\/uploads\/2020\/12\/itse1.jpg","type":"","width":"","height":""}],"twitter_card":"summary_large_image","twitter_misc":{"Arvioitu lukuaika":"2 minuuttia"},"schema":{"@context":"https:\/\/schema.org","@graph":[{"@type":"WebPage","@id":"https:\/\/veteraanienperinto.fi\/index.php\/sv\/infobank\/sjalvstandigheten\/efter-sjalvstandigheten\/sjalvstandighetsprocess\/","url":"https:\/\/veteraanienperinto.fi\/index.php\/sv\/infobank\/sjalvstandigheten\/efter-sjalvstandigheten\/sjalvstandighetsprocess\/","name":"Sj\u00e4lvst\u00e4ndighetsprocess - Veteraanien Perint\u00f6","isPartOf":{"@id":"https:\/\/veteraanienperinto.fi\/#website"},"primaryImageOfPage":{"@id":"https:\/\/veteraanienperinto.fi\/index.php\/sv\/infobank\/sjalvstandigheten\/efter-sjalvstandigheten\/sjalvstandighetsprocess\/#primaryimage"},"image":{"@id":"https:\/\/veteraanienperinto.fi\/index.php\/sv\/infobank\/sjalvstandigheten\/efter-sjalvstandigheten\/sjalvstandighetsprocess\/#primaryimage"},"thumbnailUrl":"https:\/\/veteraanienperinto.fi\/wp-content\/uploads\/2020\/12\/itse1.jpg","datePublished":"2020-11-19T10:52:19+00:00","dateModified":"2021-01-19T13:40:59+00:00","breadcrumb":{"@id":"https:\/\/veteraanienperinto.fi\/index.php\/sv\/infobank\/sjalvstandigheten\/efter-sjalvstandigheten\/sjalvstandighetsprocess\/#breadcrumb"},"inLanguage":"fi","potentialAction":[{"@type":"ReadAction","target":["https:\/\/veteraanienperinto.fi\/index.php\/sv\/infobank\/sjalvstandigheten\/efter-sjalvstandigheten\/sjalvstandighetsprocess\/"]}]},{"@type":"ImageObject","inLanguage":"fi","@id":"https:\/\/veteraanienperinto.fi\/index.php\/sv\/infobank\/sjalvstandigheten\/efter-sjalvstandigheten\/sjalvstandighetsprocess\/#primaryimage","url":"https:\/\/veteraanienperinto.fi\/wp-content\/uploads\/2020\/12\/itse1.jpg","contentUrl":"https:\/\/veteraanienperinto.fi\/wp-content\/uploads\/2020\/12\/itse1.jpg","width":300,"height":189},{"@type":"BreadcrumbList","@id":"https:\/\/veteraanienperinto.fi\/index.php\/sv\/infobank\/sjalvstandigheten\/efter-sjalvstandigheten\/sjalvstandighetsprocess\/#breadcrumb","itemListElement":[{"@type":"ListItem","position":1,"name":"Etusivu","item":"https:\/\/veteraanienperinto.fi\/index.php\/etusivu-2\/"},{"@type":"ListItem","position":2,"name":"Infobank","item":"https:\/\/veteraanienperinto.fi\/index.php\/sv\/infobank\/"},{"@type":"ListItem","position":3,"name":"Sj\u00e4lvst\u00e4ndigheten","item":"https:\/\/veteraanienperinto.fi\/index.php\/sv\/infobank\/sjalvstandigheten\/"},{"@type":"ListItem","position":4,"name":"Efter sj\u00e4lvst\u00e4ndigheten","item":"https:\/\/veteraanienperinto.fi\/index.php\/sv\/infobank\/sjalvstandigheten\/efter-sjalvstandigheten\/"},{"@type":"ListItem","position":5,"name":"Sj\u00e4lvst\u00e4ndighetsprocess"}]},{"@type":"WebSite","@id":"https:\/\/veteraanienperinto.fi\/#website","url":"https:\/\/veteraanienperinto.fi\/","name":"Veteraanien Perint\u00f6","description":"Kadettikunta","potentialAction":[{"@type":"SearchAction","target":{"@type":"EntryPoint","urlTemplate":"https:\/\/veteraanienperinto.fi\/?s={search_term_string}"},"query-input":{"@type":"PropertyValueSpecification","valueRequired":true,"valueName":"search_term_string"}}],"inLanguage":"fi"}]}},"_links":{"self":[{"href":"https:\/\/veteraanienperinto.fi\/index.php\/wp-json\/wp\/v2\/pages\/6416","targetHints":{"allow":["GET"]}}],"collection":[{"href":"https:\/\/veteraanienperinto.fi\/index.php\/wp-json\/wp\/v2\/pages"}],"about":[{"href":"https:\/\/veteraanienperinto.fi\/index.php\/wp-json\/wp\/v2\/types\/page"}],"author":[{"embeddable":true,"href":"https:\/\/veteraanienperinto.fi\/index.php\/wp-json\/wp\/v2\/users\/1"}],"replies":[{"embeddable":true,"href":"https:\/\/veteraanienperinto.fi\/index.php\/wp-json\/wp\/v2\/comments?post=6416"}],"version-history":[{"count":4,"href":"https:\/\/veteraanienperinto.fi\/index.php\/wp-json\/wp\/v2\/pages\/6416\/revisions"}],"predecessor-version":[{"id":10142,"href":"https:\/\/veteraanienperinto.fi\/index.php\/wp-json\/wp\/v2\/pages\/6416\/revisions\/10142"}],"up":[{"embeddable":true,"href":"https:\/\/veteraanienperinto.fi\/index.php\/wp-json\/wp\/v2\/pages\/6412"}],"wp:attachment":[{"href":"https:\/\/veteraanienperinto.fi\/index.php\/wp-json\/wp\/v2\/media?parent=6416"}],"curies":[{"name":"wp","href":"https:\/\/api.w.org\/{rel}","templated":true}]}}