{"id":6487,"date":"2020-11-19T11:18:49","date_gmt":"2020-11-19T11:18:49","guid":{"rendered":"https:\/\/veteraani.ylirotu.fi\/?page_id=6487"},"modified":"2021-01-21T16:07:41","modified_gmt":"2021-01-21T16:07:41","slug":"traditionsforbundet-eklovet-rs","status":"publish","type":"page","link":"https:\/\/veteraanienperinto.fi\/index.php\/sv\/infobank\/traditionsforbundet-eklovet-rs\/","title":{"rendered":"Traditionsf\u00f6rbundet Ekl\u00f6vet rf"},"content":{"rendered":"<div id='full_slider_1'  class='avia-fullwidth-slider main_color avia-shadow   avia-builder-el-0  el_before_av_heading  avia-builder-el-first   container_wrap sidebar_right'  ><div  class='avia-slideshow av-kh4r361j-91a453bebba9ab51aae2ef0e003f6017 avia-slideshow-featured av_slideshow_full avia-slide-slider av-slideshow-ui av-control-default av-slideshow-manual av-loop-once av-loop-manual-endless av-default-height-applied   avia-slideshow-1' data-slideshow-options=\"{&quot;animation&quot;:&quot;slide&quot;,&quot;autoplay&quot;:false,&quot;loop_autoplay&quot;:&quot;once&quot;,&quot;interval&quot;:5,&quot;loop_manual&quot;:&quot;manual-endless&quot;,&quot;autoplay_stopper&quot;:false,&quot;noNavigation&quot;:false,&quot;bg_slider&quot;:false,&quot;keep_padding&quot;:false,&quot;hoverpause&quot;:false,&quot;show_slide_delay&quot;:0}\"  itemprop=\"image\" itemscope=\"itemscope\" itemtype=\"https:\/\/schema.org\/ImageObject\" ><ul class='avia-slideshow-inner ' style='padding-bottom: 28.72411489646%;'><li  class='avia-slideshow-slide av-kh4r361j-91a453bebba9ab51aae2ef0e003f6017__0  av-single-slide slide-1 slide-odd'><div data-rel='slideshow-1' class='avia-slide-wrap '   ><img decoding=\"async\" fetchpriority=\"high\" class=\"wp-image-9421 avia-img-lazy-loading-not-9421\"  src=\"https:\/\/veteraanienperinto.fi\/wp-content\/uploads\/2021\/01\/tammenlehva.png\" width=\"1497\" height=\"430\" title='tammenlehva' alt=''  itemprop=\"thumbnailUrl\" srcset=\"https:\/\/veteraanienperinto.fi\/wp-content\/uploads\/2021\/01\/tammenlehva.png 1500w, https:\/\/veteraanienperinto.fi\/wp-content\/uploads\/2021\/01\/tammenlehva-300x86.png 300w, https:\/\/veteraanienperinto.fi\/wp-content\/uploads\/2021\/01\/tammenlehva-1030x296.png 1030w, https:\/\/veteraanienperinto.fi\/wp-content\/uploads\/2021\/01\/tammenlehva-768x221.png 768w, https:\/\/veteraanienperinto.fi\/wp-content\/uploads\/2021\/01\/tammenlehva-705x203.png 705w\" sizes=\"(max-width: 1497px) 100vw, 1497px\" \/><\/div><\/li><\/ul><\/div><\/div><div id='after_full_slider_1'  class='main_color av_default_container_wrap container_wrap sidebar_right'  ><div class='container av-section-cont-open' ><div class='template-page content  av-content-small alpha units'><div class='post-entry post-entry-type-page post-entry-6487'><div class='entry-content-wrapper clearfix'>\n\n<style type=\"text\/css\" data-created_by=\"avia_inline_auto\" id=\"style-css-av-av_heading-3b498bf01ed6fd4863b46c859b7f45c5\">\n#top .av-special-heading.av-av_heading-3b498bf01ed6fd4863b46c859b7f45c5{\npadding-bottom:10px;\n}\nbody .av-special-heading.av-av_heading-3b498bf01ed6fd4863b46c859b7f45c5 .av-special-heading-tag .heading-char{\nfont-size:25px;\n}\n.av-special-heading.av-av_heading-3b498bf01ed6fd4863b46c859b7f45c5 .av-subheading{\nfont-size:15px;\n}\n<\/style>\n<div  class='av-special-heading av-av_heading-3b498bf01ed6fd4863b46c859b7f45c5 av-special-heading-h2  avia-builder-el-1  el_after_av_slideshow_full  el_before_av_textblock  avia-builder-el-first '><h2 class='av-special-heading-tag'  itemprop=\"headline\"  >Traditionsf\u00f6rbundet Ekl\u00f6vet rs<\/h2><div class=\"special-heading-border\"><div class=\"special-heading-inner-border\"><\/div><\/div><\/div>\n<section  class='av_textblock_section av-kdsj9669-293de9042c202a77ce55fe187fbe755f '   itemscope=\"itemscope\" itemtype=\"https:\/\/schema.org\/CreativeWork\" ><div class='avia_textblock'  itemprop=\"text\" ><\/div><\/section>\n<section  class='av_textblock_section av-kf6m59xs-d44e8c257d27107120a1247561f4d906 '   itemscope=\"itemscope\" itemtype=\"https:\/\/schema.org\/CreativeWork\" ><div class='avia_textblock'  itemprop=\"text\" ><p><strong><img loading=\"lazy\" decoding=\"async\" class=\"alignright wp-image-4137 size-full\" src=\"https:\/\/veteraanienperinto.fi\/wp-content\/uploads\/2020\/09\/Tammenlehvan-perinneliitto.jpg\" alt=\"\" width=\"180\" height=\"180\" srcset=\"https:\/\/veteraanienperinto.fi\/wp-content\/uploads\/2020\/09\/Tammenlehvan-perinneliitto.jpg 180w, https:\/\/veteraanienperinto.fi\/wp-content\/uploads\/2020\/09\/Tammenlehvan-perinneliitto-80x80.jpg 80w, https:\/\/veteraanienperinto.fi\/wp-content\/uploads\/2020\/09\/Tammenlehvan-perinneliitto-36x36.jpg 36w\" sizes=\"auto, (max-width: 180px) 100vw, 180px\" \/><\/strong><\/p>\n<p>Syftet med Traditionsf\u00f6rbundet Ekl\u00f6vet rf \u00e4r att v\u00e5rda och befr\u00e4mja traditionerna f\u00f6r de krig som Finland k\u00e4mpade i under \u00e5ren 1939-1945 och deras veteraner. Syftet med f\u00f6rbundet \u00e4r att hitta s\u00e5dana andliga och materiella manifestationer av veterantraditionen som \u00e4r viktiga och minnesv\u00e4rda f\u00f6r det finska samh\u00e4llet \u00e4ven f\u00f6r kommande decennier, och att hitta de ansvariga som kan uppr\u00e4tth\u00e5lla denna tradition.<\/p>\n<p>Fokus f\u00f6r verksamheten \u00e4r att v\u00e5rda riksomfattande betydelsefullt traditionellt material och veterangenerationens v\u00e4rderingar. Under Traditionsf\u00f6rbundet Ekl\u00f6vet finns m\u00e5nga arbetsgrupper med fokus p\u00e5 kartl\u00e4ggning, till exempel undervisning, museer eller monument, och resultaten av deras arbete syns p\u00e5 denna webbsida.<\/p>\n<p>Traditionsf\u00f6rbundet Ekl\u00f6vet rf grundades den 24 april 2003. Medlemmar som grundade f\u00f6rbundet \u00e4r Krigsf\u00e5ngarna rf, Finlands krigsveteranf\u00f6rbundet, Frontkvinnornas f\u00f6rbund rf. Tanken med f\u00f6reningen \u00e4r att samla f\u00f6reningar som \u00e4r intresserade av, villiga och kan delta i det traditionella arbetet som befr\u00e4mjar syftet med f\u00f6rbundet. F\u00f6rbundet har f\u00f6r n\u00e4rvarande 22 veteran-, riksomfattande f\u00f6rsvar- och traditionella f\u00f6rbund.<\/p>\n<p><strong>Medlemsorganisationerna<\/strong><\/p>\n<ul>\n<li>Krigsinvalidernas Br\u00f6draf\u00f6rbund rf<\/li>\n<li>Finlands krigsveteranf\u00f6rbund rf<\/li>\n<li>Frontveteranernas f\u00f6rbund rf<\/li>\n<li>F\u00f6rbundet f\u00f6r de stupades anh\u00f6riga rf<\/li>\n<li>Kadettk\u00e5ren rf<\/li>\n<li>Karjalan Liitto ry<\/li>\n<li>F\u00f6rsvarsgillenas f\u00f6rbund rf<\/li>\n<li>Reservistf\u00f6rbundet rf<\/li>\n<li>Frontveteranernas st\u00f6d- och traditionsf\u00f6rbundet<\/li>\n<li>Krigsinvalider Tradition organisation rf<\/li>\n<li>Krigsveteraner st\u00f6d och traditionsstiftelse<\/li>\n<li>Minnesf\u00f6reningen f\u00f6r krigsd\u00f6da rf<\/li>\n<li>Soldatshemsf\u00f6rbundet rf<\/li>\n<li>Soldatsgossarnas Traditionsf\u00f6rbund rf<\/li>\n<li>Skyddsk\u00e5ren och Lotta Sv\u00e4rds Traditionf\u00f6rbund rf<\/li>\n<li>Finlands hembygdsf\u00f6rbund rf<\/li>\n<li>Finlands Lotta Traditionsf\u00f6rbund rf<\/li>\n<li>Suomen-poikien Perinneyhdistys ry<\/li>\n<li>Suomen Rauhanturvaajaliitto<\/li>\n<li>Finlands Reservofficersf\u00f6rbund rf<\/li>\n<li>Frihetskrigets Traditionsf\u00f6rbund rf<\/li>\n<li>Veteraanivastuu ry<\/li>\n<\/ul>\n<p><strong><a href=\"https:\/\/tammenlehva.fi\/\" target=\"_blank\" rel=\"noopener noreferrer\">L\u00e4nk till Traditionsf\u00f6rbundet Ekl\u00f6vet sidorna (p\u00e5 finska)<\/a><\/strong><\/p>\n<\/div><\/section>\n","protected":false},"excerpt":{"rendered":"","protected":false},"author":1,"featured_media":0,"parent":6331,"menu_order":4,"comment_status":"closed","ping_status":"closed","template":"","meta":{"footnotes":""},"class_list":["post-6487","page","type-page","status-publish","hentry"],"yoast_head":"<!-- This site is optimized with the Yoast SEO plugin v27.5 - https:\/\/yoast.com\/product\/yoast-seo-wordpress\/ -->\n<title>Traditionsf\u00f6rbundet Ekl\u00f6vet rf - Veteraanien Perint\u00f6<\/title>\n<meta name=\"robots\" content=\"index, follow, max-snippet:-1, max-image-preview:large, max-video-preview:-1\" \/>\n<link rel=\"canonical\" href=\"https:\/\/veteraanienperinto.fi\/index.php\/sv\/infobank\/traditionsforbundet-eklovet-rs\/\" \/>\n<meta property=\"og:locale\" content=\"fi_FI\" \/>\n<meta property=\"og:type\" content=\"article\" \/>\n<meta property=\"og:title\" content=\"Traditionsf\u00f6rbundet Ekl\u00f6vet rf - Veteraanien Perint\u00f6\" \/>\n<meta property=\"og:url\" content=\"https:\/\/veteraanienperinto.fi\/index.php\/sv\/infobank\/traditionsforbundet-eklovet-rs\/\" \/>\n<meta property=\"og:site_name\" content=\"Veteraanien Perint\u00f6\" \/>\n<meta property=\"article:modified_time\" content=\"2021-01-21T16:07:41+00:00\" \/>\n<meta property=\"og:image\" content=\"https:\/\/veteraanienperinto.fi\/wp-content\/uploads\/2020\/09\/Tammenlehvan-perinneliitto.jpg\" \/>\n<meta name=\"twitter:card\" content=\"summary_large_image\" \/>\n<meta name=\"twitter:label1\" content=\"Arvioitu lukuaika\" \/>\n\t<meta name=\"twitter:data1\" content=\"3 minuuttia\" \/>\n<script type=\"application\/ld+json\" class=\"yoast-schema-graph\">{\"@context\":\"https:\\\/\\\/schema.org\",\"@graph\":[{\"@type\":\"WebPage\",\"@id\":\"https:\\\/\\\/veteraanienperinto.fi\\\/index.php\\\/sv\\\/infobank\\\/traditionsforbundet-eklovet-rs\\\/\",\"url\":\"https:\\\/\\\/veteraanienperinto.fi\\\/index.php\\\/sv\\\/infobank\\\/traditionsforbundet-eklovet-rs\\\/\",\"name\":\"Traditionsf\u00f6rbundet Ekl\u00f6vet rf - Veteraanien Perint\u00f6\",\"isPartOf\":{\"@id\":\"https:\\\/\\\/veteraanienperinto.fi\\\/#website\"},\"primaryImageOfPage\":{\"@id\":\"https:\\\/\\\/veteraanienperinto.fi\\\/index.php\\\/sv\\\/infobank\\\/traditionsforbundet-eklovet-rs\\\/#primaryimage\"},\"image\":{\"@id\":\"https:\\\/\\\/veteraanienperinto.fi\\\/index.php\\\/sv\\\/infobank\\\/traditionsforbundet-eklovet-rs\\\/#primaryimage\"},\"thumbnailUrl\":\"https:\\\/\\\/veteraanienperinto.fi\\\/wp-content\\\/uploads\\\/2020\\\/09\\\/Tammenlehvan-perinneliitto.jpg\",\"datePublished\":\"2020-11-19T11:18:49+00:00\",\"dateModified\":\"2021-01-21T16:07:41+00:00\",\"breadcrumb\":{\"@id\":\"https:\\\/\\\/veteraanienperinto.fi\\\/index.php\\\/sv\\\/infobank\\\/traditionsforbundet-eklovet-rs\\\/#breadcrumb\"},\"inLanguage\":\"fi\",\"potentialAction\":[{\"@type\":\"ReadAction\",\"target\":[\"https:\\\/\\\/veteraanienperinto.fi\\\/index.php\\\/sv\\\/infobank\\\/traditionsforbundet-eklovet-rs\\\/\"]}]},{\"@type\":\"ImageObject\",\"inLanguage\":\"fi\",\"@id\":\"https:\\\/\\\/veteraanienperinto.fi\\\/index.php\\\/sv\\\/infobank\\\/traditionsforbundet-eklovet-rs\\\/#primaryimage\",\"url\":\"https:\\\/\\\/veteraanienperinto.fi\\\/wp-content\\\/uploads\\\/2020\\\/09\\\/Tammenlehvan-perinneliitto.jpg\",\"contentUrl\":\"https:\\\/\\\/veteraanienperinto.fi\\\/wp-content\\\/uploads\\\/2020\\\/09\\\/Tammenlehvan-perinneliitto.jpg\",\"width\":180,\"height\":180},{\"@type\":\"BreadcrumbList\",\"@id\":\"https:\\\/\\\/veteraanienperinto.fi\\\/index.php\\\/sv\\\/infobank\\\/traditionsforbundet-eklovet-rs\\\/#breadcrumb\",\"itemListElement\":[{\"@type\":\"ListItem\",\"position\":1,\"name\":\"Etusivu\",\"item\":\"https:\\\/\\\/veteraanienperinto.fi\\\/index.php\\\/etusivu-2\\\/\"},{\"@type\":\"ListItem\",\"position\":2,\"name\":\"Infobank\",\"item\":\"https:\\\/\\\/veteraanienperinto.fi\\\/index.php\\\/sv\\\/infobank\\\/\"},{\"@type\":\"ListItem\",\"position\":3,\"name\":\"Traditionsf\u00f6rbundet Ekl\u00f6vet rf\"}]},{\"@type\":\"WebSite\",\"@id\":\"https:\\\/\\\/veteraanienperinto.fi\\\/#website\",\"url\":\"https:\\\/\\\/veteraanienperinto.fi\\\/\",\"name\":\"Veteraanien Perint\u00f6\",\"description\":\"Kadettikunta\",\"potentialAction\":[{\"@type\":\"SearchAction\",\"target\":{\"@type\":\"EntryPoint\",\"urlTemplate\":\"https:\\\/\\\/veteraanienperinto.fi\\\/?s={search_term_string}\"},\"query-input\":{\"@type\":\"PropertyValueSpecification\",\"valueRequired\":true,\"valueName\":\"search_term_string\"}}],\"inLanguage\":\"fi\"}]}<\/script>\n<!-- \/ Yoast SEO plugin. -->","yoast_head_json":{"title":"Traditionsf\u00f6rbundet Ekl\u00f6vet rf - Veteraanien Perint\u00f6","robots":{"index":"index","follow":"follow","max-snippet":"max-snippet:-1","max-image-preview":"max-image-preview:large","max-video-preview":"max-video-preview:-1"},"canonical":"https:\/\/veteraanienperinto.fi\/index.php\/sv\/infobank\/traditionsforbundet-eklovet-rs\/","og_locale":"fi_FI","og_type":"article","og_title":"Traditionsf\u00f6rbundet Ekl\u00f6vet rf - Veteraanien Perint\u00f6","og_url":"https:\/\/veteraanienperinto.fi\/index.php\/sv\/infobank\/traditionsforbundet-eklovet-rs\/","og_site_name":"Veteraanien Perint\u00f6","article_modified_time":"2021-01-21T16:07:41+00:00","og_image":[{"url":"https:\/\/veteraanienperinto.fi\/wp-content\/uploads\/2020\/09\/Tammenlehvan-perinneliitto.jpg","type":"","width":"","height":""}],"twitter_card":"summary_large_image","twitter_misc":{"Arvioitu lukuaika":"3 minuuttia"},"schema":{"@context":"https:\/\/schema.org","@graph":[{"@type":"WebPage","@id":"https:\/\/veteraanienperinto.fi\/index.php\/sv\/infobank\/traditionsforbundet-eklovet-rs\/","url":"https:\/\/veteraanienperinto.fi\/index.php\/sv\/infobank\/traditionsforbundet-eklovet-rs\/","name":"Traditionsf\u00f6rbundet Ekl\u00f6vet rf - Veteraanien Perint\u00f6","isPartOf":{"@id":"https:\/\/veteraanienperinto.fi\/#website"},"primaryImageOfPage":{"@id":"https:\/\/veteraanienperinto.fi\/index.php\/sv\/infobank\/traditionsforbundet-eklovet-rs\/#primaryimage"},"image":{"@id":"https:\/\/veteraanienperinto.fi\/index.php\/sv\/infobank\/traditionsforbundet-eklovet-rs\/#primaryimage"},"thumbnailUrl":"https:\/\/veteraanienperinto.fi\/wp-content\/uploads\/2020\/09\/Tammenlehvan-perinneliitto.jpg","datePublished":"2020-11-19T11:18:49+00:00","dateModified":"2021-01-21T16:07:41+00:00","breadcrumb":{"@id":"https:\/\/veteraanienperinto.fi\/index.php\/sv\/infobank\/traditionsforbundet-eklovet-rs\/#breadcrumb"},"inLanguage":"fi","potentialAction":[{"@type":"ReadAction","target":["https:\/\/veteraanienperinto.fi\/index.php\/sv\/infobank\/traditionsforbundet-eklovet-rs\/"]}]},{"@type":"ImageObject","inLanguage":"fi","@id":"https:\/\/veteraanienperinto.fi\/index.php\/sv\/infobank\/traditionsforbundet-eklovet-rs\/#primaryimage","url":"https:\/\/veteraanienperinto.fi\/wp-content\/uploads\/2020\/09\/Tammenlehvan-perinneliitto.jpg","contentUrl":"https:\/\/veteraanienperinto.fi\/wp-content\/uploads\/2020\/09\/Tammenlehvan-perinneliitto.jpg","width":180,"height":180},{"@type":"BreadcrumbList","@id":"https:\/\/veteraanienperinto.fi\/index.php\/sv\/infobank\/traditionsforbundet-eklovet-rs\/#breadcrumb","itemListElement":[{"@type":"ListItem","position":1,"name":"Etusivu","item":"https:\/\/veteraanienperinto.fi\/index.php\/etusivu-2\/"},{"@type":"ListItem","position":2,"name":"Infobank","item":"https:\/\/veteraanienperinto.fi\/index.php\/sv\/infobank\/"},{"@type":"ListItem","position":3,"name":"Traditionsf\u00f6rbundet Ekl\u00f6vet rf"}]},{"@type":"WebSite","@id":"https:\/\/veteraanienperinto.fi\/#website","url":"https:\/\/veteraanienperinto.fi\/","name":"Veteraanien Perint\u00f6","description":"Kadettikunta","potentialAction":[{"@type":"SearchAction","target":{"@type":"EntryPoint","urlTemplate":"https:\/\/veteraanienperinto.fi\/?s={search_term_string}"},"query-input":{"@type":"PropertyValueSpecification","valueRequired":true,"valueName":"search_term_string"}}],"inLanguage":"fi"}]}},"_links":{"self":[{"href":"https:\/\/veteraanienperinto.fi\/index.php\/wp-json\/wp\/v2\/pages\/6487","targetHints":{"allow":["GET"]}}],"collection":[{"href":"https:\/\/veteraanienperinto.fi\/index.php\/wp-json\/wp\/v2\/pages"}],"about":[{"href":"https:\/\/veteraanienperinto.fi\/index.php\/wp-json\/wp\/v2\/types\/page"}],"author":[{"embeddable":true,"href":"https:\/\/veteraanienperinto.fi\/index.php\/wp-json\/wp\/v2\/users\/1"}],"replies":[{"embeddable":true,"href":"https:\/\/veteraanienperinto.fi\/index.php\/wp-json\/wp\/v2\/comments?post=6487"}],"version-history":[{"count":10,"href":"https:\/\/veteraanienperinto.fi\/index.php\/wp-json\/wp\/v2\/pages\/6487\/revisions"}],"predecessor-version":[{"id":10314,"href":"https:\/\/veteraanienperinto.fi\/index.php\/wp-json\/wp\/v2\/pages\/6487\/revisions\/10314"}],"up":[{"embeddable":true,"href":"https:\/\/veteraanienperinto.fi\/index.php\/wp-json\/wp\/v2\/pages\/6331"}],"wp:attachment":[{"href":"https:\/\/veteraanienperinto.fi\/index.php\/wp-json\/wp\/v2\/media?parent=6487"}],"curies":[{"name":"wp","href":"https:\/\/api.w.org\/{rel}","templated":true}]}}