{"id":6499,"date":"2020-11-19T12:30:34","date_gmt":"2020-11-19T12:30:34","guid":{"rendered":"https:\/\/veteraani.ylirotu.fi\/?page_id=6499"},"modified":"2021-01-19T14:10:01","modified_gmt":"2021-01-19T14:10:01","slug":"vapenbrodrarorelsen","status":"publish","type":"page","link":"https:\/\/veteraanienperinto.fi\/index.php\/sv\/infobank\/organisationer\/vapenbrodrarorelsen\/","title":{"rendered":"Vapenbr\u00f6drar\u00f6relsen"},"content":{"rendered":"<div id='full_slider_1'  class='avia-fullwidth-slider main_color avia-shadow   avia-builder-el-0  el_before_av_heading  avia-builder-el-first   container_wrap sidebar_right'  ><\/div><div id='after_full_slider_1'  class='main_color av_default_container_wrap container_wrap sidebar_right'  ><div class='container av-section-cont-open' ><div class='template-page content  av-content-small alpha units'><div class='post-entry post-entry-type-page post-entry-6499'><div class='entry-content-wrapper clearfix'>\n\n<style type=\"text\/css\" data-created_by=\"avia_inline_auto\" id=\"style-css-av-kk42qpwl-5bd100c56ad84d69bc33d99e90082119\">\n#top .av-special-heading.av-kk42qpwl-5bd100c56ad84d69bc33d99e90082119{\npadding-bottom:10px;\n}\nbody .av-special-heading.av-kk42qpwl-5bd100c56ad84d69bc33d99e90082119 .av-special-heading-tag .heading-char{\nfont-size:25px;\n}\n.av-special-heading.av-kk42qpwl-5bd100c56ad84d69bc33d99e90082119 .av-subheading{\nfont-size:15px;\n}\n<\/style>\n<div  class='av-special-heading av-kk42qpwl-5bd100c56ad84d69bc33d99e90082119 av-special-heading-h2  avia-builder-el-1  el_after_av_slideshow_full  el_before_av_textblock  avia-builder-el-first '><h2 class='av-special-heading-tag'  itemprop=\"headline\"  >Vapenbr\u00f6drar\u00f6relsen<\/h2><div class=\"special-heading-border\"><div class=\"special-heading-inner-border\"><\/div><\/div><\/div>\n<section  class='av_textblock_section av-5j0yv-32ffeda666feb1b866033e60570f395d '   itemscope=\"itemscope\" itemtype=\"https:\/\/schema.org\/CreativeWork\" ><div class='avia_textblock'  itemprop=\"text\" ><h3>Vapenbr\u00f6drar\u00f6relsen<\/h3>\n<\/div><\/section>\n<section  class='av_textblock_section av-8tp65-50aaae9f298e0dfd5db1fb7eefcd0e7a '   itemscope=\"itemscope\" itemtype=\"https:\/\/schema.org\/CreativeWork\" ><div class='avia_textblock'  itemprop=\"text\" ><p><img loading=\"lazy\" decoding=\"async\" class=\"size-medium wp-image-8319 alignright\" src=\"https:\/\/veteraanienperinto.fi\/wp-content\/uploads\/2020\/12\/asev3-300x209.jpg\" alt=\"\" width=\"300\" height=\"209\" srcset=\"https:\/\/veteraanienperinto.fi\/wp-content\/uploads\/2020\/12\/asev3-300x209.jpg 300w, https:\/\/veteraanienperinto.fi\/wp-content\/uploads\/2020\/12\/asev3.jpg 400w\" sizes=\"auto, (max-width: 300px) 100vw, 300px\" \/>Vinterkriget f\u00f6renade Finlands folk och skapade en kraftig k\u00e4nsla av samh\u00f6righet som h\u00f6ll i sig efter att krigsoperationerna upph\u00f6rt. I hemf\u00f6rlovningsskedet inr\u00e4ttade vinterkrigets soldater f\u00f6reningar f\u00f6r att vidmakth\u00e5lla det erfarna vapenbroderskapet.<\/p>\n<p>Som vapenbr\u00f6draf\u00f6reningarnas centralorganisation inr\u00e4ttades Finlands Vapenbr\u00f6dra F\u00f6rbund (SAL) i augusti 1940. Under krigs\u00e5ren var detta en central medborgarorganisation i v\u00e5rt land. Till den h\u00f6rde slutligen 710 f\u00f6reningar, ca 200 000 vapenbr\u00f6der och i det n\u00e4rmaste 40 000 vapenbr\u00f6drakvinnor.<\/p>\n<p>Det var beaktansv\u00e4rt att f\u00f6rbundets medlemsk\u00e5r och ledning i stor omfattning utgjordes av folk fr\u00e5n olika medborgarkretsar och med olika politiska \u00e5sikter. Den f\u00f6renande faktorn var framf\u00f6r allt vapenbr\u00f6draandan, som karakt\u00e4riserades som folkets andliga ryggrad. F\u00f6rbundets ledning var ung och till den hade till exempel inte valts politiker som inte deltagit i vinterkriget. M\u00e5nga av dem som varit i f\u00f6rbundets ledning avancerade efter kriget till mycket betydande positioner inom Finlands politiska liv och p\u00e5 andra h\u00e5ll i samh\u00e4llet.<\/p>\n<p>Samh\u00f6righeten i anslutning till vapenbr\u00f6draandan ans\u00e5gs f\u00f6rpliktiga medborgarna till osj\u00e4lviskt redbart arbete i det gemensamma intressets namn och till ansvarsk\u00e4nsla f\u00f6r att hj\u00e4lpa anh\u00f6riga till dem som lidit i kriget. I praktiken innebar detta en mycket omfattande talkoverksamhet och omv\u00e5rdnad samt f\u00f6rst\u00e4rkning p\u00e5 det sj\u00e4lsliga omr\u00e5det. Vapenbr\u00f6draf\u00f6rbundets verksamhet skapade en ny syn p\u00e5 den sociala r\u00e4ttvisan genom att man i all verksamhet kraftigt betonade att alla solidariskt m\u00e5ste ha omtanke om krigets offer. S\u00e4rskilt p\u00e5fallande inom f\u00f6rbundets verksamhet var arrangemangen f\u00f6r talkoverksamheten b\u00e5de p\u00e5 hemmafronten och bland fronttrupperna. Detta hade, f\u00f6rutom de synnerligen betydande materiella resultaten, en kraftig sj\u00e4lslig och fostrande samh\u00e4llelig inverkan. M\u00e4nniskorna med olika utg\u00e5ngspunkter arbetade nu utan sj\u00e4lviska syften f\u00f6r det gemensammas b\u00e4sta.<\/p>\n<p>Efter att forts\u00e4ttningskriget upph\u00f6rt hade vapenbr\u00f6drar\u00f6relsen fortfarande en stor betydelse d\u00e5 folket gick fr\u00e5n krig till fred. I september 1944 hade vapenbr\u00f6draf\u00f6rbundet ett f\u00e4rdigt detaljerat \u00e5tg\u00e4rdsprogram om hur \u00f6verg\u00e5ngen skulle ske. Fast\u00e4n Finlands Vapenbr\u00f6draf\u00f6rbund h\u00e4nvisade till sin opolitiskhet och till betydelsen av det synnerligen viktiga omsorgsarbetet just d\u00e5, var man tvungen att uppl\u00f6sa det p\u00e5 grund av kommunisternas och kontrollkommissionens p\u00e5tryckning. Uppl\u00f6sningen av f\u00f6rbundet tog \u00e4nd\u00e5 inte d\u00f6d p\u00e5 vapenbr\u00f6draandan. Samh\u00e4llsfreden bibeh\u00f6lls f\u00f6rv\u00e5nansv\u00e4rt v\u00e4l i det sv\u00e5ra brytningsskedet efter kriget. Huvuddelen av folket agerade fortfarande enh\u00e4lligt till f\u00f6rm\u00e5n f\u00f6r det gemensamma b\u00e4sta, s\u00e5v\u00e4l i \u00f6verg\u00e5ngsskedet till fred som vid \u00e5teruppbyggnaden.<\/p>\n<\/div><\/section>\n","protected":false},"excerpt":{"rendered":"","protected":false},"author":1,"featured_media":0,"parent":6491,"menu_order":2,"comment_status":"closed","ping_status":"closed","template":"","meta":{"footnotes":""},"class_list":["post-6499","page","type-page","status-publish","hentry"],"yoast_head":"<!-- This site is optimized with the Yoast SEO plugin v27.5 - https:\/\/yoast.com\/product\/yoast-seo-wordpress\/ -->\n<title>Vapenbr\u00f6drar\u00f6relsen - Veteraanien Perint\u00f6<\/title>\n<meta name=\"robots\" content=\"index, follow, max-snippet:-1, max-image-preview:large, max-video-preview:-1\" \/>\n<link rel=\"canonical\" href=\"https:\/\/veteraanienperinto.fi\/index.php\/sv\/infobank\/organisationer\/vapenbrodrarorelsen\/\" \/>\n<meta property=\"og:locale\" content=\"fi_FI\" \/>\n<meta property=\"og:type\" content=\"article\" \/>\n<meta property=\"og:title\" content=\"Vapenbr\u00f6drar\u00f6relsen - Veteraanien Perint\u00f6\" \/>\n<meta property=\"og:url\" content=\"https:\/\/veteraanienperinto.fi\/index.php\/sv\/infobank\/organisationer\/vapenbrodrarorelsen\/\" \/>\n<meta property=\"og:site_name\" content=\"Veteraanien Perint\u00f6\" \/>\n<meta property=\"article:modified_time\" content=\"2021-01-19T14:10:01+00:00\" \/>\n<meta property=\"og:image\" content=\"https:\/\/veteraanienperinto.fi\/wp-content\/uploads\/2020\/12\/asev3-300x209.jpg\" \/>\n<meta name=\"twitter:card\" content=\"summary_large_image\" \/>\n<meta name=\"twitter:label1\" content=\"Arvioitu lukuaika\" \/>\n\t<meta name=\"twitter:data1\" content=\"3 minuuttia\" \/>\n<script type=\"application\/ld+json\" class=\"yoast-schema-graph\">{\"@context\":\"https:\\\/\\\/schema.org\",\"@graph\":[{\"@type\":\"WebPage\",\"@id\":\"https:\\\/\\\/veteraanienperinto.fi\\\/index.php\\\/sv\\\/infobank\\\/organisationer\\\/vapenbrodrarorelsen\\\/\",\"url\":\"https:\\\/\\\/veteraanienperinto.fi\\\/index.php\\\/sv\\\/infobank\\\/organisationer\\\/vapenbrodrarorelsen\\\/\",\"name\":\"Vapenbr\u00f6drar\u00f6relsen - Veteraanien Perint\u00f6\",\"isPartOf\":{\"@id\":\"https:\\\/\\\/veteraanienperinto.fi\\\/#website\"},\"primaryImageOfPage\":{\"@id\":\"https:\\\/\\\/veteraanienperinto.fi\\\/index.php\\\/sv\\\/infobank\\\/organisationer\\\/vapenbrodrarorelsen\\\/#primaryimage\"},\"image\":{\"@id\":\"https:\\\/\\\/veteraanienperinto.fi\\\/index.php\\\/sv\\\/infobank\\\/organisationer\\\/vapenbrodrarorelsen\\\/#primaryimage\"},\"thumbnailUrl\":\"https:\\\/\\\/veteraanienperinto.fi\\\/wp-content\\\/uploads\\\/2020\\\/12\\\/asev3-300x209.jpg\",\"datePublished\":\"2020-11-19T12:30:34+00:00\",\"dateModified\":\"2021-01-19T14:10:01+00:00\",\"breadcrumb\":{\"@id\":\"https:\\\/\\\/veteraanienperinto.fi\\\/index.php\\\/sv\\\/infobank\\\/organisationer\\\/vapenbrodrarorelsen\\\/#breadcrumb\"},\"inLanguage\":\"fi\",\"potentialAction\":[{\"@type\":\"ReadAction\",\"target\":[\"https:\\\/\\\/veteraanienperinto.fi\\\/index.php\\\/sv\\\/infobank\\\/organisationer\\\/vapenbrodrarorelsen\\\/\"]}]},{\"@type\":\"ImageObject\",\"inLanguage\":\"fi\",\"@id\":\"https:\\\/\\\/veteraanienperinto.fi\\\/index.php\\\/sv\\\/infobank\\\/organisationer\\\/vapenbrodrarorelsen\\\/#primaryimage\",\"url\":\"https:\\\/\\\/veteraanienperinto.fi\\\/wp-content\\\/uploads\\\/2020\\\/12\\\/asev3.jpg\",\"contentUrl\":\"https:\\\/\\\/veteraanienperinto.fi\\\/wp-content\\\/uploads\\\/2020\\\/12\\\/asev3.jpg\",\"width\":400,\"height\":278},{\"@type\":\"BreadcrumbList\",\"@id\":\"https:\\\/\\\/veteraanienperinto.fi\\\/index.php\\\/sv\\\/infobank\\\/organisationer\\\/vapenbrodrarorelsen\\\/#breadcrumb\",\"itemListElement\":[{\"@type\":\"ListItem\",\"position\":1,\"name\":\"Etusivu\",\"item\":\"https:\\\/\\\/veteraanienperinto.fi\\\/index.php\\\/etusivu-2\\\/\"},{\"@type\":\"ListItem\",\"position\":2,\"name\":\"Infobank\",\"item\":\"https:\\\/\\\/veteraanienperinto.fi\\\/index.php\\\/sv\\\/infobank\\\/\"},{\"@type\":\"ListItem\",\"position\":3,\"name\":\"Organisationer\",\"item\":\"https:\\\/\\\/veteraanienperinto.fi\\\/index.php\\\/sv\\\/infobank\\\/organisationer\\\/\"},{\"@type\":\"ListItem\",\"position\":4,\"name\":\"Vapenbr\u00f6drar\u00f6relsen\"}]},{\"@type\":\"WebSite\",\"@id\":\"https:\\\/\\\/veteraanienperinto.fi\\\/#website\",\"url\":\"https:\\\/\\\/veteraanienperinto.fi\\\/\",\"name\":\"Veteraanien Perint\u00f6\",\"description\":\"Kadettikunta\",\"potentialAction\":[{\"@type\":\"SearchAction\",\"target\":{\"@type\":\"EntryPoint\",\"urlTemplate\":\"https:\\\/\\\/veteraanienperinto.fi\\\/?s={search_term_string}\"},\"query-input\":{\"@type\":\"PropertyValueSpecification\",\"valueRequired\":true,\"valueName\":\"search_term_string\"}}],\"inLanguage\":\"fi\"}]}<\/script>\n<!-- \/ Yoast SEO plugin. -->","yoast_head_json":{"title":"Vapenbr\u00f6drar\u00f6relsen - Veteraanien Perint\u00f6","robots":{"index":"index","follow":"follow","max-snippet":"max-snippet:-1","max-image-preview":"max-image-preview:large","max-video-preview":"max-video-preview:-1"},"canonical":"https:\/\/veteraanienperinto.fi\/index.php\/sv\/infobank\/organisationer\/vapenbrodrarorelsen\/","og_locale":"fi_FI","og_type":"article","og_title":"Vapenbr\u00f6drar\u00f6relsen - Veteraanien Perint\u00f6","og_url":"https:\/\/veteraanienperinto.fi\/index.php\/sv\/infobank\/organisationer\/vapenbrodrarorelsen\/","og_site_name":"Veteraanien Perint\u00f6","article_modified_time":"2021-01-19T14:10:01+00:00","og_image":[{"url":"https:\/\/veteraanienperinto.fi\/wp-content\/uploads\/2020\/12\/asev3-300x209.jpg","type":"","width":"","height":""}],"twitter_card":"summary_large_image","twitter_misc":{"Arvioitu lukuaika":"3 minuuttia"},"schema":{"@context":"https:\/\/schema.org","@graph":[{"@type":"WebPage","@id":"https:\/\/veteraanienperinto.fi\/index.php\/sv\/infobank\/organisationer\/vapenbrodrarorelsen\/","url":"https:\/\/veteraanienperinto.fi\/index.php\/sv\/infobank\/organisationer\/vapenbrodrarorelsen\/","name":"Vapenbr\u00f6drar\u00f6relsen - Veteraanien Perint\u00f6","isPartOf":{"@id":"https:\/\/veteraanienperinto.fi\/#website"},"primaryImageOfPage":{"@id":"https:\/\/veteraanienperinto.fi\/index.php\/sv\/infobank\/organisationer\/vapenbrodrarorelsen\/#primaryimage"},"image":{"@id":"https:\/\/veteraanienperinto.fi\/index.php\/sv\/infobank\/organisationer\/vapenbrodrarorelsen\/#primaryimage"},"thumbnailUrl":"https:\/\/veteraanienperinto.fi\/wp-content\/uploads\/2020\/12\/asev3-300x209.jpg","datePublished":"2020-11-19T12:30:34+00:00","dateModified":"2021-01-19T14:10:01+00:00","breadcrumb":{"@id":"https:\/\/veteraanienperinto.fi\/index.php\/sv\/infobank\/organisationer\/vapenbrodrarorelsen\/#breadcrumb"},"inLanguage":"fi","potentialAction":[{"@type":"ReadAction","target":["https:\/\/veteraanienperinto.fi\/index.php\/sv\/infobank\/organisationer\/vapenbrodrarorelsen\/"]}]},{"@type":"ImageObject","inLanguage":"fi","@id":"https:\/\/veteraanienperinto.fi\/index.php\/sv\/infobank\/organisationer\/vapenbrodrarorelsen\/#primaryimage","url":"https:\/\/veteraanienperinto.fi\/wp-content\/uploads\/2020\/12\/asev3.jpg","contentUrl":"https:\/\/veteraanienperinto.fi\/wp-content\/uploads\/2020\/12\/asev3.jpg","width":400,"height":278},{"@type":"BreadcrumbList","@id":"https:\/\/veteraanienperinto.fi\/index.php\/sv\/infobank\/organisationer\/vapenbrodrarorelsen\/#breadcrumb","itemListElement":[{"@type":"ListItem","position":1,"name":"Etusivu","item":"https:\/\/veteraanienperinto.fi\/index.php\/etusivu-2\/"},{"@type":"ListItem","position":2,"name":"Infobank","item":"https:\/\/veteraanienperinto.fi\/index.php\/sv\/infobank\/"},{"@type":"ListItem","position":3,"name":"Organisationer","item":"https:\/\/veteraanienperinto.fi\/index.php\/sv\/infobank\/organisationer\/"},{"@type":"ListItem","position":4,"name":"Vapenbr\u00f6drar\u00f6relsen"}]},{"@type":"WebSite","@id":"https:\/\/veteraanienperinto.fi\/#website","url":"https:\/\/veteraanienperinto.fi\/","name":"Veteraanien Perint\u00f6","description":"Kadettikunta","potentialAction":[{"@type":"SearchAction","target":{"@type":"EntryPoint","urlTemplate":"https:\/\/veteraanienperinto.fi\/?s={search_term_string}"},"query-input":{"@type":"PropertyValueSpecification","valueRequired":true,"valueName":"search_term_string"}}],"inLanguage":"fi"}]}},"_links":{"self":[{"href":"https:\/\/veteraanienperinto.fi\/index.php\/wp-json\/wp\/v2\/pages\/6499","targetHints":{"allow":["GET"]}}],"collection":[{"href":"https:\/\/veteraanienperinto.fi\/index.php\/wp-json\/wp\/v2\/pages"}],"about":[{"href":"https:\/\/veteraanienperinto.fi\/index.php\/wp-json\/wp\/v2\/types\/page"}],"author":[{"embeddable":true,"href":"https:\/\/veteraanienperinto.fi\/index.php\/wp-json\/wp\/v2\/users\/1"}],"replies":[{"embeddable":true,"href":"https:\/\/veteraanienperinto.fi\/index.php\/wp-json\/wp\/v2\/comments?post=6499"}],"version-history":[{"count":5,"href":"https:\/\/veteraanienperinto.fi\/index.php\/wp-json\/wp\/v2\/pages\/6499\/revisions"}],"predecessor-version":[{"id":10176,"href":"https:\/\/veteraanienperinto.fi\/index.php\/wp-json\/wp\/v2\/pages\/6499\/revisions\/10176"}],"up":[{"embeddable":true,"href":"https:\/\/veteraanienperinto.fi\/index.php\/wp-json\/wp\/v2\/pages\/6491"}],"wp:attachment":[{"href":"https:\/\/veteraanienperinto.fi\/index.php\/wp-json\/wp\/v2\/media?parent=6499"}],"curies":[{"name":"wp","href":"https:\/\/api.w.org\/{rel}","templated":true}]}}