{"id":6660,"date":"2020-11-19T14:29:26","date_gmt":"2020-11-19T14:29:26","guid":{"rendered":"https:\/\/veteraani.ylirotu.fi\/?page_id=6660"},"modified":"2020-12-18T13:20:05","modified_gmt":"2020-12-18T13:20:05","slug":"overresan-till-fiendeland","status":"publish","type":"page","link":"https:\/\/veteraanienperinto.fi\/index.php\/sv\/infobank\/berattelser-info\/jagarrorelsen\/overresan-till-fiendeland\/","title":{"rendered":"\u00d6verresan till fiendeland"},"content":{"rendered":"\n<style type=\"text\/css\" data-created_by=\"avia_inline_auto\" id=\"style-css-av-kiuarqnu-d79fd1853b35c980c458ff051d4ff949\">\n#top .av-special-heading.av-kiuarqnu-d79fd1853b35c980c458ff051d4ff949{\npadding-bottom:10px;\n}\nbody .av-special-heading.av-kiuarqnu-d79fd1853b35c980c458ff051d4ff949 .av-special-heading-tag .heading-char{\nfont-size:25px;\n}\n.av-special-heading.av-kiuarqnu-d79fd1853b35c980c458ff051d4ff949 .av-subheading{\nfont-size:15px;\n}\n<\/style>\n<div  class='av-special-heading av-kiuarqnu-d79fd1853b35c980c458ff051d4ff949 av-special-heading-h3  avia-builder-el-0  el_before_av_textblock  avia-builder-el-first '><h3 class='av-special-heading-tag'  itemprop=\"headline\"  >\u00d6verresan till fiendeland<\/h3><div class=\"special-heading-border\"><div class=\"special-heading-inner-border\"><\/div><\/div><\/div>\n<section  class='av_textblock_section av-kek0ol8w-0f04af88ec907b2c66cea4bf3dbe1d4c '   itemscope=\"itemscope\" itemtype=\"https:\/\/schema.org\/CreativeWork\" ><div class='avia_textblock'  itemprop=\"text\" ><div id=\"attachment_8514\" style=\"width: 310px\" class=\"wp-caption alignright\"><img loading=\"lazy\" decoding=\"async\" aria-describedby=\"caption-attachment-8514\" class=\"size-full wp-image-8514\" src=\"https:\/\/veteraanienperinto.fi\/wp-content\/uploads\/2020\/12\/overresan_till_fiendeland3.jpg\" alt=\"\" width=\"300\" height=\"187\" \/><p id=\"caption-attachment-8514\" class=\"wp-caption-text\">Familjebild fr\u00e5n tidigt 1910-tal. Tullf\u00f6rvaltaren Adolf Lemberg med de tre s\u00f6nerna (fr. v.) Birger (f 1891), Bertel (f 1889) och Runar (f. 1888).<\/p><\/div>\n<p>Birger Lemberg v\u00e4xte upp som den yngste av tre br\u00f6der i en tullf\u00f6rvaltarfamilj i Tammerfors. Han blev student 1910 fr\u00e5n Svenska samskolan i Tammerfors och p\u00e5b\u00f6rjade samma h\u00f6st studier f\u00f6r r\u00e4ttsexamen vid Kejserliga Alexanders-Universitetet i Helsingfors.<\/p>\n<p>Att han stannade f\u00f6r juridiken berodde v\u00e4l p\u00e5 att fadern f\u00f6rtj\u00e4nat sitt uppeh\u00e4lle och f\u00f6rs\u00f6rjt familjen inom statsf\u00f6rvaltningen. Efter familjefaderns pensionering 1910 hade familjen flyttat till Helsingfors. Nylands nation blev s\u00e5lunda Lembergs sj\u00e4lvfallna hemvist och det var \u00e4ven inom nationen han kom i kontakt med eldsj\u00e4larna bland aktivisterna och l\u00e4ngre fram den spirande j\u00e4garr\u00f6relsen. Med sina s\u00e4llskapliga talanger trivdes han utomordentligt v\u00e4l i studentv\u00e4rlden och i likhet med fadern intr\u00e4dde han i Akademiska s\u00e5ngf\u00f6reningen. Bland studentnationerna intog Nylands nation t\u00e4tplatsen bland Pfadfindrarna genom att 61 studenter eller 17,3 % av de p\u00e5 v\u00e5rterminen 1915 inskrivna manliga studenterna avvek till Tyskland. Att den nyl\u00e4ndska insatsen svarade f\u00f6r n\u00e4stan en tredjedel av de 189 Pfadfindrarna var likas\u00e5 anm\u00e4rkningsv\u00e4rt.<\/p>\n<p>Det rysk-japanska kriget tio \u00e5r tidigare hade \u00e4ndat i en katastrof f\u00f6r Ryssland och f\u00f6r en del av studenterna h\u00e4grade uppenbarligen m\u00f6jligheten av ett nytt ryskt nederlag. Under &#8221;normala&#8221; f\u00f6rh\u00e5llanden hade det ryska imperiet kunnat r\u00e4kna med ett i stort sett fredat och lojalt nordv\u00e4stra h\u00f6rn. Men den f\u00f6r tiden typiska panslavismen fogade det s\u00e5 att framf\u00f6r allt de yngre generationerna inte l\u00e4ngre l\u00e4t sig n\u00f6ja med det passiva motst\u00e5ndets metoder. Det omfattande f\u00f6rryskningsprogrammet som efter krigsutbrottet publicerades den 17 november 1914 kom att bli den t\u00e4ndande gnistan som drev samman de sm\u00e5 aktivistgrupperna som verkat ovetande om varandra. Nu uppstod tanken p\u00e5 milit\u00e4r utbildning utomlands med Finlands sj\u00e4lvst\u00e4ndighet som yttersta m\u00e5l. Efter det Sverige avb\u00f6jt aktivisternas prop\u00e5er om st\u00f6d kom s\u00e5 den 26 januari 1915 det positiva beskedet fr\u00e5n Tyskland, som lovade ordna milit\u00e4r utbildning f\u00f6r 200 finl\u00e4ndare. Motivet var att i h\u00e4ndelse av uppror i Finland kunna binda ryska styrkor. Till utbildningsplats f\u00f6r de frivilliga uts\u00e5gs staden Lockstedt (numera Hohenlockstedt) i Holstein.<\/p>\n<p>N\u00e5gon framtr\u00e4dande roll bland aktivisterna inom nationen synes Birger Lemberg inte ha spelat. Men snart nog rycktes han med av entusiasmen ehuru han l\u00e4ngre \u00e4n de flesta dr\u00f6jde med sitt beslut och intr\u00e4ffade p\u00e5 grund h\u00e4rav som en av de sista Pfadfindrarna i Lockstedt. Att han t\u00f6vade berodde delvis p\u00e5 motst\u00e5nd fr\u00e5n f\u00f6r\u00e4ldrarnas sida. J.B. H\u00e4gerstr\u00f6m, som vid denna tid verkade som nationens vaktm\u00e4stare \u00e5terger hur han vid ett nattligt samtal drev p\u00e5 Lemberg f\u00f6r att f\u00f6rm\u00e5 honom att ta steget ut. Efter ett samkv\u00e4m &#8221;blevo vi ensamma kvar till n\u00e4rmare sextiden p\u00e5 morgonen. Stud. Lemberg var r\u00e5dvill vad han skulle g\u00f6ra, sj\u00e4lv ville han resa, men d\u00e4r hemma \u00f6nskade de att han skulle stanna och hj\u00e4lpa till att f\u00f6rs\u00f6rja familjen. Jag lyckades \u00f6vertala honom att resa och framh\u00f6ll att fosterlandet b\u00f6r g\u00e5 framom allt annat. N\u00e4r han sj\u00e4lv ville fara dit ner borde han inte l\u00e5ta n\u00e5gonting annat hindra sig \/&#8230;\/ N\u00e4r vi skildes p\u00e5 morgonen sade han, att jag nu lyckats \u00f6vertala honom. &#8221; F\u00f6r\u00e4ldrarnas tvekan inf\u00f6r den yngste sonens \u00f6verresa berodde knappast p\u00e5 oro f\u00f6r utkomsten d\u00e5 ju de tv\u00e5 \u00e4ldre br\u00f6derna fanns p\u00e5 plats och kunde str\u00e4cka till vid behov. Snarare representerade Birger genom sin fr\u00e5nvaro ett utgiftsbortfall. Sannolikt ans\u00e5g v\u00e4l far och mor att det r\u00f6rde sig om ett \u00e4ventyr med h\u00f6gst os\u00e4ker utg\u00e5ng och f\u00f6rs\u00f6kte v\u00e4dja till sonens pliktk\u00e4nsla med ekonomiska argument.<\/p>\n<div id=\"attachment_8515\" style=\"width: 310px\" class=\"wp-caption alignleft\"><img loading=\"lazy\" decoding=\"async\" aria-describedby=\"caption-attachment-8515\" class=\"size-full wp-image-8515\" src=\"https:\/\/veteraanienperinto.fi\/wp-content\/uploads\/2020\/12\/overresan_till_fiendeland1.jpg\" alt=\"\" width=\"300\" height=\"238\" \/><p id=\"caption-attachment-8515\" class=\"wp-caption-text\">I b\u00f6rjan av april 1915 tog sig Birger Lemberg till Sverige under falska f\u00f6respeglingar. I Stockholm fick han p\u00e5 tyska generalkonsulatet ett pass f\u00f6r \u00f6verresan till Tyskland.<\/p><\/div>\n<p>Lemberg beh\u00f6vde en f\u00f6rev\u00e4ndning f\u00f6r att f\u00e5 pass f\u00f6r \u00f6verfarten: &#8221;Jag var mycket sjuk, ty jag led av en oerh\u00f6rd nervositet, som gav mig ro varken dag eller natt. Huru skulle jag bli av med den? V\u00e5ra finl\u00e4ndska l\u00e4kare kunde jag icke r\u00e5dfr\u00e5ga, de hade blott skrattat \u00e5t mig, ifall jag visat mig hos dem. \u00c5terstod allts\u00e5 intet annat \u00e4n att resa till Sverige f\u00f6r att tala med n\u00e5gon specialist.&#8221; Med sina 100 kg och extroverta framtoning framstod han inte som speciellt nervsvag. Men l\u00e4nsmannen som skrev ut passet sm\u00e5log, f\u00f6r Lemberg var inte den f\u00f6rsta studenten som under konstlade f\u00f6rev\u00e4ndningar under kort tid ans\u00f6kt om pass f\u00f6r \u00f6verresa till Sverige. Vid denna tid var det fortfarande relativt l\u00e4tt att erh\u00e5lla pass, men fr\u00e5n h\u00f6sten 1915 urf\u00e4rdades inte l\u00e4ngre utrikespass \u00e5t m\u00e4n mellan 19 och 35 \u00e5r.<\/p>\n<p>Och s\u00e5 bar det av med t\u00e5g fr\u00e5n Helsingfors. Birger Lemberg hade velat undanh\u00e5lla sina f\u00f6r\u00e4ldrar vetskapen om det definitiva beslutet (och d\u00e4rmed f\u00f6rbundna risker) och det var brodern Bertel som \u00e5tf\u00f6ljde honom till stationen. Av de anh\u00f6riga var det n\u00e4st modern Maria brodern Bertel som stod honom n\u00e4rmast i familjen och som nu f\u00f6ljde honom. Redan i Riihim\u00e4ki tr\u00e4ffade han kamraten Harry Gustafsson-Guster ute i samma \u00e4rende och i Tavastehus steg en gammal bekant, en finl\u00e4ndare i rysk milit\u00e4rtj\u00e4nst, in i vagnen. &#8221;Jag h\u00e4lsade kort och avvisande, orolig att han skulle b\u00f6rja n\u00e5got samtal, men han satte sig lyckligtvis i sin vr\u00e5. Gubbe lilla, vet du vart jag reser, t\u00e4nkte jag. Du g\u00e5ve v\u00e4l nog mycket f\u00f6r det.&#8221; Och s\u00e5 bar det vidare mot de norra gr\u00e4nstrakterna. I Karungi steg de b\u00e5da v\u00e4nnerna av och efter en f\u00f6ga dramatisk gr\u00e4ns\u00f6verg\u00e5ng bar det s\u00e5 iv\u00e4g med t\u00e5g, denna g\u00e5ng s\u00f6derut. Efter ett uppeh\u00e5ll p\u00e5 tre dygn i Stockholm i v\u00e4ntan p\u00e5 passen till Tyskland fortsattes f\u00e4rden den 6 april mot Trelleborg. &#8221;\u00d6verfarten till Sassnitz gick under glittrande solsken \u00f6ver det lugna havet \/&#8230;\/ Snart gl\u00e4nste R\u00fcgens vita kritklippor emot oss blixtrande rena i solskenet, och s\u00e5 lade f\u00e4rjan till vid kajen. Till de andra passagerarnas outs\u00e4gliga f\u00f6rv\u00e5ning och avund plockades vi ut och utan n\u00e5gon tullvisitation blevo vi beledsagade till det v\u00e4ntande Berlint\u00e5get. \/&#8230;\/ F\u00e4rden till Berlin gick snabbt. Det var underligt att se det landskap som gled f\u00f6rbi oss. Stora, h\u00e4rliga, j\u00e4mna \u00e5kerf\u00e4lt, allt odlat, st\u00e4der och vackra byar. Vi som blott voro vana vid att se v\u00e5ra skogar och v\u00e5ra sm\u00e5 \u00e5kerlappar h\u00e4r och d\u00e4r. P\u00e5 varje station stodo gamla sk\u00e4ggiga landsstormsm\u00e4n med sina pickelhuvor.&#8221; Framme i Berlin s\u00f6kte sig de b\u00e5da kamraterna till Landgrafenstrasse 20, d\u00e4r de blev emottagna av eldsj\u00e4len Fritz Wetterhoff: &#8221;Han h\u00f6ll ett l\u00e5ngt andragande f\u00f6r oss om v\u00e5rt blivande l\u00e4gerliv, om de utsikter som funnos f\u00f6r Finlands befriande m.m. H\u00e4r \u00e4r Finlands konung sade han och visade med en elegant gest p\u00e5 Prins Joachims av Preussen portr\u00e4tt. Vi stirrade i stum beundran turvis p\u00e5 prinsen och p\u00e5 honom, som visste allt och kunde f\u00f6ruts\u00e4ga allt.&#8221;<\/p>\n<p>Och s\u00e5 \u00e4ntrades t\u00e5get med destination till Lockstedt. &#8221;Aldrig hade man h\u00f6rt det n\u00e4mnas \/&#8230;\/ Klockan 6,30 (em) den 8 april kommo vi fram till en liten ruskig station, som kondukt\u00f6ren p\u00e5stod vara Lockstedter Lager.&#8221; Ingen var d\u00e4r f\u00f6r att m\u00f6ta resen\u00e4rerna och de b\u00f6rjade f\u00f6lja str\u00f6mmen av soldater. &#8221;Pl\u00f6tsligt stod en l\u00f6jlig individ framf\u00f6r oss. En l\u00e5ng drasut med en underlig hatt \/&#8230;\/ kn\u00e4byxor, n\u00e5gotslags blusartad rock, omgjordad med ett b\u00e4lte.&#8221; Det var f\u00f6rsta g\u00e5ngen nykomlingarna s\u00e5g den tyska scout(Pfadfinder)uniformen. &#8221;Vi f\u00f6rdes direkt till matsalen, d\u00e4r Pfadfindrarna sutto och slevade i sig sin kv\u00e4llsgr\u00f6t. Ett \u00f6ronbed\u00f6vande sorl steg emot oss \/&#8230;\/ Ny gycke, ny gycke urskiljdes ur larmet. Underligt, h\u00e4r voro nu de alla, som farit till Sverige f\u00f6r att studera, till England p\u00e5 aff\u00e4rsresor, till Lapplands skogar f\u00f6r att r\u00e4kna tr\u00e4d eller botanisera mitt i vintern. Halva nyl\u00e4ndska avdelningen, v\u00e4nner och bekanta. \/&#8230;\/ D\u00e4rp\u00e5 f\u00f6rdes vi till v\u00e5r Stube. Vi civilbrackor fingo en liten f\u00f6rel\u00e4sning av Stuben\u00e4ldsten, magister Appelberg, huru vi hade att f\u00f6rh\u00e5lla oss bland milit\u00e4rer.&#8221; Och s\u00e5 vart det afton den f\u00f6rsta dagen under tyskt kommando. Tv\u00e5 m\u00e4rkesm\u00e4n inom j\u00e4garr\u00f6relsen hade Lemberg redan f\u00f6re utg\u00e5ngen av sin f\u00f6rsta dag hunnit tr\u00e4ffa, Fritz Wetterhoff och Runar Appelberg.<\/p>\n<p><em><strong>Magnus Lemberg: En Pfadfinders dagbok<\/strong><\/em><\/p>\n<\/div><\/section>\n","protected":false},"excerpt":{"rendered":"","protected":false},"author":1,"featured_media":0,"parent":6656,"menu_order":0,"comment_status":"closed","ping_status":"closed","template":"","meta":{"footnotes":""},"class_list":["post-6660","page","type-page","status-publish","hentry"],"yoast_head":"<!-- This site is optimized with the Yoast SEO plugin v27.5 - https:\/\/yoast.com\/product\/yoast-seo-wordpress\/ -->\n<title>\u00d6verresan till fiendeland - Veteraanien Perint\u00f6<\/title>\n<meta name=\"robots\" content=\"index, follow, max-snippet:-1, max-image-preview:large, max-video-preview:-1\" \/>\n<link rel=\"canonical\" href=\"https:\/\/veteraanienperinto.fi\/index.php\/sv\/infobank\/berattelser-info\/jagarrorelsen\/overresan-till-fiendeland\/\" \/>\n<meta property=\"og:locale\" content=\"fi_FI\" \/>\n<meta property=\"og:type\" content=\"article\" \/>\n<meta property=\"og:title\" content=\"\u00d6verresan till fiendeland - Veteraanien Perint\u00f6\" \/>\n<meta property=\"og:url\" content=\"https:\/\/veteraanienperinto.fi\/index.php\/sv\/infobank\/berattelser-info\/jagarrorelsen\/overresan-till-fiendeland\/\" \/>\n<meta property=\"og:site_name\" content=\"Veteraanien Perint\u00f6\" \/>\n<meta property=\"article:modified_time\" content=\"2020-12-18T13:20:05+00:00\" \/>\n<meta property=\"og:image\" content=\"https:\/\/veteraanienperinto.fi\/wp-content\/uploads\/2020\/12\/overresan_till_fiendeland3.jpg\" \/>\n<meta name=\"twitter:card\" content=\"summary_large_image\" \/>\n<meta name=\"twitter:label1\" content=\"Arvioitu lukuaika\" \/>\n\t<meta name=\"twitter:data1\" content=\"8 minuuttia\" \/>\n<script type=\"application\/ld+json\" class=\"yoast-schema-graph\">{\"@context\":\"https:\\\/\\\/schema.org\",\"@graph\":[{\"@type\":\"WebPage\",\"@id\":\"https:\\\/\\\/veteraanienperinto.fi\\\/index.php\\\/sv\\\/infobank\\\/berattelser-info\\\/jagarrorelsen\\\/overresan-till-fiendeland\\\/\",\"url\":\"https:\\\/\\\/veteraanienperinto.fi\\\/index.php\\\/sv\\\/infobank\\\/berattelser-info\\\/jagarrorelsen\\\/overresan-till-fiendeland\\\/\",\"name\":\"\u00d6verresan till fiendeland - Veteraanien Perint\u00f6\",\"isPartOf\":{\"@id\":\"https:\\\/\\\/veteraanienperinto.fi\\\/#website\"},\"primaryImageOfPage\":{\"@id\":\"https:\\\/\\\/veteraanienperinto.fi\\\/index.php\\\/sv\\\/infobank\\\/berattelser-info\\\/jagarrorelsen\\\/overresan-till-fiendeland\\\/#primaryimage\"},\"image\":{\"@id\":\"https:\\\/\\\/veteraanienperinto.fi\\\/index.php\\\/sv\\\/infobank\\\/berattelser-info\\\/jagarrorelsen\\\/overresan-till-fiendeland\\\/#primaryimage\"},\"thumbnailUrl\":\"https:\\\/\\\/veteraanienperinto.fi\\\/wp-content\\\/uploads\\\/2020\\\/12\\\/overresan_till_fiendeland3.jpg\",\"datePublished\":\"2020-11-19T14:29:26+00:00\",\"dateModified\":\"2020-12-18T13:20:05+00:00\",\"breadcrumb\":{\"@id\":\"https:\\\/\\\/veteraanienperinto.fi\\\/index.php\\\/sv\\\/infobank\\\/berattelser-info\\\/jagarrorelsen\\\/overresan-till-fiendeland\\\/#breadcrumb\"},\"inLanguage\":\"fi\",\"potentialAction\":[{\"@type\":\"ReadAction\",\"target\":[\"https:\\\/\\\/veteraanienperinto.fi\\\/index.php\\\/sv\\\/infobank\\\/berattelser-info\\\/jagarrorelsen\\\/overresan-till-fiendeland\\\/\"]}]},{\"@type\":\"ImageObject\",\"inLanguage\":\"fi\",\"@id\":\"https:\\\/\\\/veteraanienperinto.fi\\\/index.php\\\/sv\\\/infobank\\\/berattelser-info\\\/jagarrorelsen\\\/overresan-till-fiendeland\\\/#primaryimage\",\"url\":\"https:\\\/\\\/veteraanienperinto.fi\\\/wp-content\\\/uploads\\\/2020\\\/12\\\/overresan_till_fiendeland3.jpg\",\"contentUrl\":\"https:\\\/\\\/veteraanienperinto.fi\\\/wp-content\\\/uploads\\\/2020\\\/12\\\/overresan_till_fiendeland3.jpg\",\"width\":300,\"height\":187,\"caption\":\"Familjebild fr\u00e5n tidigt 1910-tal. Tullf\u00f6rvaltaren Adolf Lemberg med de tre s\u00f6nerna (fr. v.) Birger (f 1891), Bertel (f 1889) och Runar (f. 1888).\"},{\"@type\":\"BreadcrumbList\",\"@id\":\"https:\\\/\\\/veteraanienperinto.fi\\\/index.php\\\/sv\\\/infobank\\\/berattelser-info\\\/jagarrorelsen\\\/overresan-till-fiendeland\\\/#breadcrumb\",\"itemListElement\":[{\"@type\":\"ListItem\",\"position\":1,\"name\":\"Etusivu\",\"item\":\"https:\\\/\\\/veteraanienperinto.fi\\\/index.php\\\/etusivu-2\\\/\"},{\"@type\":\"ListItem\",\"position\":2,\"name\":\"Infobank\",\"item\":\"https:\\\/\\\/veteraanienperinto.fi\\\/index.php\\\/sv\\\/infobank\\\/\"},{\"@type\":\"ListItem\",\"position\":3,\"name\":\"Ber\u00e4ttelser\",\"item\":\"https:\\\/\\\/veteraanienperinto.fi\\\/index.php\\\/sv\\\/infobank\\\/berattelser-info\\\/\"},{\"@type\":\"ListItem\",\"position\":4,\"name\":\"J\u00e4garr\u00f6relsen\",\"item\":\"https:\\\/\\\/veteraanienperinto.fi\\\/index.php\\\/sv\\\/infobank\\\/berattelser-info\\\/jagarrorelsen\\\/\"},{\"@type\":\"ListItem\",\"position\":5,\"name\":\"\u00d6verresan till fiendeland\"}]},{\"@type\":\"WebSite\",\"@id\":\"https:\\\/\\\/veteraanienperinto.fi\\\/#website\",\"url\":\"https:\\\/\\\/veteraanienperinto.fi\\\/\",\"name\":\"Veteraanien Perint\u00f6\",\"description\":\"Kadettikunta\",\"potentialAction\":[{\"@type\":\"SearchAction\",\"target\":{\"@type\":\"EntryPoint\",\"urlTemplate\":\"https:\\\/\\\/veteraanienperinto.fi\\\/?s={search_term_string}\"},\"query-input\":{\"@type\":\"PropertyValueSpecification\",\"valueRequired\":true,\"valueName\":\"search_term_string\"}}],\"inLanguage\":\"fi\"}]}<\/script>\n<!-- \/ Yoast SEO plugin. -->","yoast_head_json":{"title":"\u00d6verresan till fiendeland - Veteraanien Perint\u00f6","robots":{"index":"index","follow":"follow","max-snippet":"max-snippet:-1","max-image-preview":"max-image-preview:large","max-video-preview":"max-video-preview:-1"},"canonical":"https:\/\/veteraanienperinto.fi\/index.php\/sv\/infobank\/berattelser-info\/jagarrorelsen\/overresan-till-fiendeland\/","og_locale":"fi_FI","og_type":"article","og_title":"\u00d6verresan till fiendeland - Veteraanien Perint\u00f6","og_url":"https:\/\/veteraanienperinto.fi\/index.php\/sv\/infobank\/berattelser-info\/jagarrorelsen\/overresan-till-fiendeland\/","og_site_name":"Veteraanien Perint\u00f6","article_modified_time":"2020-12-18T13:20:05+00:00","og_image":[{"url":"https:\/\/veteraanienperinto.fi\/wp-content\/uploads\/2020\/12\/overresan_till_fiendeland3.jpg","type":"","width":"","height":""}],"twitter_card":"summary_large_image","twitter_misc":{"Arvioitu lukuaika":"8 minuuttia"},"schema":{"@context":"https:\/\/schema.org","@graph":[{"@type":"WebPage","@id":"https:\/\/veteraanienperinto.fi\/index.php\/sv\/infobank\/berattelser-info\/jagarrorelsen\/overresan-till-fiendeland\/","url":"https:\/\/veteraanienperinto.fi\/index.php\/sv\/infobank\/berattelser-info\/jagarrorelsen\/overresan-till-fiendeland\/","name":"\u00d6verresan till fiendeland - Veteraanien Perint\u00f6","isPartOf":{"@id":"https:\/\/veteraanienperinto.fi\/#website"},"primaryImageOfPage":{"@id":"https:\/\/veteraanienperinto.fi\/index.php\/sv\/infobank\/berattelser-info\/jagarrorelsen\/overresan-till-fiendeland\/#primaryimage"},"image":{"@id":"https:\/\/veteraanienperinto.fi\/index.php\/sv\/infobank\/berattelser-info\/jagarrorelsen\/overresan-till-fiendeland\/#primaryimage"},"thumbnailUrl":"https:\/\/veteraanienperinto.fi\/wp-content\/uploads\/2020\/12\/overresan_till_fiendeland3.jpg","datePublished":"2020-11-19T14:29:26+00:00","dateModified":"2020-12-18T13:20:05+00:00","breadcrumb":{"@id":"https:\/\/veteraanienperinto.fi\/index.php\/sv\/infobank\/berattelser-info\/jagarrorelsen\/overresan-till-fiendeland\/#breadcrumb"},"inLanguage":"fi","potentialAction":[{"@type":"ReadAction","target":["https:\/\/veteraanienperinto.fi\/index.php\/sv\/infobank\/berattelser-info\/jagarrorelsen\/overresan-till-fiendeland\/"]}]},{"@type":"ImageObject","inLanguage":"fi","@id":"https:\/\/veteraanienperinto.fi\/index.php\/sv\/infobank\/berattelser-info\/jagarrorelsen\/overresan-till-fiendeland\/#primaryimage","url":"https:\/\/veteraanienperinto.fi\/wp-content\/uploads\/2020\/12\/overresan_till_fiendeland3.jpg","contentUrl":"https:\/\/veteraanienperinto.fi\/wp-content\/uploads\/2020\/12\/overresan_till_fiendeland3.jpg","width":300,"height":187,"caption":"Familjebild fr\u00e5n tidigt 1910-tal. Tullf\u00f6rvaltaren Adolf Lemberg med de tre s\u00f6nerna (fr. v.) Birger (f 1891), Bertel (f 1889) och Runar (f. 1888)."},{"@type":"BreadcrumbList","@id":"https:\/\/veteraanienperinto.fi\/index.php\/sv\/infobank\/berattelser-info\/jagarrorelsen\/overresan-till-fiendeland\/#breadcrumb","itemListElement":[{"@type":"ListItem","position":1,"name":"Etusivu","item":"https:\/\/veteraanienperinto.fi\/index.php\/etusivu-2\/"},{"@type":"ListItem","position":2,"name":"Infobank","item":"https:\/\/veteraanienperinto.fi\/index.php\/sv\/infobank\/"},{"@type":"ListItem","position":3,"name":"Ber\u00e4ttelser","item":"https:\/\/veteraanienperinto.fi\/index.php\/sv\/infobank\/berattelser-info\/"},{"@type":"ListItem","position":4,"name":"J\u00e4garr\u00f6relsen","item":"https:\/\/veteraanienperinto.fi\/index.php\/sv\/infobank\/berattelser-info\/jagarrorelsen\/"},{"@type":"ListItem","position":5,"name":"\u00d6verresan till fiendeland"}]},{"@type":"WebSite","@id":"https:\/\/veteraanienperinto.fi\/#website","url":"https:\/\/veteraanienperinto.fi\/","name":"Veteraanien Perint\u00f6","description":"Kadettikunta","potentialAction":[{"@type":"SearchAction","target":{"@type":"EntryPoint","urlTemplate":"https:\/\/veteraanienperinto.fi\/?s={search_term_string}"},"query-input":{"@type":"PropertyValueSpecification","valueRequired":true,"valueName":"search_term_string"}}],"inLanguage":"fi"}]}},"_links":{"self":[{"href":"https:\/\/veteraanienperinto.fi\/index.php\/wp-json\/wp\/v2\/pages\/6660","targetHints":{"allow":["GET"]}}],"collection":[{"href":"https:\/\/veteraanienperinto.fi\/index.php\/wp-json\/wp\/v2\/pages"}],"about":[{"href":"https:\/\/veteraanienperinto.fi\/index.php\/wp-json\/wp\/v2\/types\/page"}],"author":[{"embeddable":true,"href":"https:\/\/veteraanienperinto.fi\/index.php\/wp-json\/wp\/v2\/users\/1"}],"replies":[{"embeddable":true,"href":"https:\/\/veteraanienperinto.fi\/index.php\/wp-json\/wp\/v2\/comments?post=6660"}],"version-history":[{"count":3,"href":"https:\/\/veteraanienperinto.fi\/index.php\/wp-json\/wp\/v2\/pages\/6660\/revisions"}],"predecessor-version":[{"id":8513,"href":"https:\/\/veteraanienperinto.fi\/index.php\/wp-json\/wp\/v2\/pages\/6660\/revisions\/8513"}],"up":[{"embeddable":true,"href":"https:\/\/veteraanienperinto.fi\/index.php\/wp-json\/wp\/v2\/pages\/6656"}],"wp:attachment":[{"href":"https:\/\/veteraanienperinto.fi\/index.php\/wp-json\/wp\/v2\/media?parent=6660"}],"curies":[{"name":"wp","href":"https:\/\/api.w.org\/{rel}","templated":true}]}}