{"id":6708,"date":"2020-11-19T14:45:28","date_gmt":"2020-11-19T14:45:28","guid":{"rendered":"https:\/\/veteraani.ylirotu.fi\/?page_id=6708"},"modified":"2020-12-28T14:20:13","modified_gmt":"2020-12-28T14:20:13","slug":"patrullfard-pa-jandeba","status":"publish","type":"page","link":"https:\/\/veteraanienperinto.fi\/index.php\/sv\/fortsattningskriget\/berattelser-i-fortsattningkriget\/krigets-gang\/stallningskriget\/patrullfard-pa-jandeba\/","title":{"rendered":"Patrullf\u00e4rd p\u00e5 Jandeba"},"content":{"rendered":"\n<style type=\"text\/css\" data-created_by=\"avia_inline_auto\" id=\"style-css-av-kix6ldax-8907d6eb376612b69ef15431dcf70185\">\n#top .av-special-heading.av-kix6ldax-8907d6eb376612b69ef15431dcf70185{\npadding-bottom:10px;\n}\nbody .av-special-heading.av-kix6ldax-8907d6eb376612b69ef15431dcf70185 .av-special-heading-tag .heading-char{\nfont-size:25px;\n}\n.av-special-heading.av-kix6ldax-8907d6eb376612b69ef15431dcf70185 .av-subheading{\nfont-size:15px;\n}\n<\/style>\n<div  class='av-special-heading av-kix6ldax-8907d6eb376612b69ef15431dcf70185 av-special-heading-h3  avia-builder-el-0  el_before_av_textblock  avia-builder-el-first '><h3 class='av-special-heading-tag'  itemprop=\"headline\"  >Patrullf\u00e4rd p\u00e5 Jandeba<\/h3><div class=\"special-heading-border\"><div class=\"special-heading-inner-border\"><\/div><\/div><\/div>\n<section  class='av_textblock_section av-kek0ol8w-0f04af88ec907b2c66cea4bf3dbe1d4c '   itemscope=\"itemscope\" itemtype=\"https:\/\/schema.org\/CreativeWork\" ><div class='avia_textblock'  itemprop=\"text\" ><p>Helenius, som h\u00f6rde till en av F\u00e4ltartilleriregementet 8:s eldledningar, ber\u00e4ttar om en patrullf\u00e4rd i b\u00f6rjan av februari p\u00e5 Jandeba-avsnittet f\u00f6ljande:<\/p>\n<p>I min ber\u00e4ttelse talar jag om f\u00f6ljande tre patrullkarlar, korpral Valtter Arttila (Sagu.), soldat Eino Helenius (Tammerfors numera Esbo) och soldat Ahti Luostarinen (Varkaus). Avf\u00e4rd den 2 februari 1944 klockan 4.30 fr\u00e5n korsun vid eldledningsplatsen Jousi 10. V\u00e5r uppgift var att snappa en f\u00e5nge fr\u00e5n en k\u00e4llarruin n\u00e4ra Jandeba j\u00e4rnv\u00e4gsstation d\u00e4r fiendens skarpskyttar brukade lurpassa p\u00e5 oss med sina kikargev\u00e4r.<\/p>\n<p>Vi hade med v\u00e5r saxkikare f\u00f6ljt med ryssarnas f\u00f6rehavanden under ett par dagar.<\/p>\n<p>Ryssarna brukade komma till k\u00e4llaren vid klockan 9 tiden p\u00e5 morgonen.<\/p>\n<p>I morgongryningen gick vi ut mellan st\u00f6djepunkterna, rundade k\u00e4llaren och f\u00f6ljde i ryssarnas sp\u00e5r tillbaka till den. Arttila f\u00f6rvissade sig om att ingen ryss var d\u00e4r. D\u00e4r fanns bara en b\u00e4dd p\u00e5 vilken de brukade ligga och lurpassa.<\/p>\n<p>Vi inv\u00e4ntade ryssarna. Morgonen gick klockan blev \u00f6ver 10 och ingen kom. Och vi v\u00e4ntade. Klockan 9.45 m\u00e4rkte jag, att nio ryssar gick \u00f6ver Murmanbanan och att de kom mot oss och f\u00f6rsvann i ett l\u00e5gt buskage. Man kunde inte se dem och Arttila sade att han skulle se efter vart de hade f\u00f6rsvunnit.<\/p>\n<p>Han reste sig litet upp ur sn\u00f6n. D\u00e5 \u00f6ppnade ryssarna eld och Arttila tr\u00e4ffades genast i mellang\u00e4rdet. Jag var bara 8-10 meter ifr\u00e5n, kr\u00f6p till Arttila och drog honom i skydd. Jag sade: Ta det lugnt, vi l\u00e4mnar inte dig. Han svarade ingenting och jag m\u00e4rkte att ryggen var alldeles blodig. Kulan hade f\u00f6rst tr\u00e4ffat kikaren och sedan fortsatt som rikoschett, eller ocks\u00e5 hade det varit en explosiv kula. I Arttilas rygg fanns ett s\u00e5r, stort som tv\u00e5 knytn\u00e4var.<\/p>\n<p>Jag b\u00f6rjade dra Arttila mot Jandeba\u00e5n. Till all lycka exploderade inga minor i minf\u00e4ltet. Jag blev kvar med Arttila p\u00e5 isen. Luostarinen stannade vid k\u00e4llarruinen och s\u00e5g till att ryssarna inte kom \u00e5t att \u00f6verraska oss. Han kr\u00f6p sedan \u00f6ver \u00e5n f\u00f6r att h\u00e4mta hj\u00e4lp. Han kom till v\u00e5r egna taggtr\u00e5d d\u00e4r man sl\u00e4ngde \u00f6ver en pulka \u00e5t honom. Till hj\u00e4lp kom \u00e4nnu Aumo Andersson. De kom fram till oss. Arttila lyftes i pulka och vi blev kvar f\u00f6r att s\u00e4kra mot fienden. D\u00e5 de hade kommit till \u00e5ns n\u00e4sta kr\u00f6k b\u00f6rjade ryssarna skjuta fr\u00e5n en backe l\u00e4ngre bort. Sn\u00f6n yrde, men skotten tr\u00e4ffade inte. P\u00e5 det s\u00e4ttet kom vi fram en kr\u00f6k i g\u00e5ngen till v\u00e5ra egna taggtr\u00e5dshinder och Arttila drogs till den egna sidan.<\/p>\n<p>D\u00e4r h\u00f6ll det p\u00e5 att g\u00e5 galet. L\u00f6jtnant Paavo Heino hade kommit f\u00f6r att hj\u00e4lpa oss. Han hade sn\u00f6dr\u00e4kt p\u00e5, men till all lycka k\u00e4nde vi igen honom.<\/p>\n<p>Efter en halv timme var ryssarna bakom oss vid taggtr\u00e5den. Vi hade tur och lyckades komma i skydd och s\u00e5 fick vi Arttila \u00f6ver till den egna sidan.<\/p>\n<p>Arttila kom fr\u00e5n Sagu. Han var son p\u00e5 en stor g\u00e5rd. Nu vilar han i en hj\u00e4ltegrav p\u00e5 Sagu kyrkog\u00e5rd.<\/p>\n<\/div><\/section>\n","protected":false},"excerpt":{"rendered":"","protected":false},"author":1,"featured_media":0,"parent":5980,"menu_order":5,"comment_status":"closed","ping_status":"closed","template":"","meta":{"footnotes":""},"class_list":["post-6708","page","type-page","status-publish","hentry"],"yoast_head":"<!-- This site is optimized with the Yoast SEO plugin v27.5 - https:\/\/yoast.com\/product\/yoast-seo-wordpress\/ -->\n<title>Patrullf\u00e4rd p\u00e5 Jandeba - Veteraanien Perint\u00f6<\/title>\n<meta name=\"robots\" content=\"index, follow, max-snippet:-1, max-image-preview:large, max-video-preview:-1\" \/>\n<link rel=\"canonical\" href=\"https:\/\/veteraanienperinto.fi\/index.php\/sv\/fortsattningskriget\/berattelser-i-fortsattningkriget\/krigets-gang\/stallningskriget\/patrullfard-pa-jandeba\/\" \/>\n<meta property=\"og:locale\" content=\"fi_FI\" \/>\n<meta property=\"og:type\" content=\"article\" \/>\n<meta property=\"og:title\" content=\"Patrullf\u00e4rd p\u00e5 Jandeba - Veteraanien Perint\u00f6\" \/>\n<meta property=\"og:url\" content=\"https:\/\/veteraanienperinto.fi\/index.php\/sv\/fortsattningskriget\/berattelser-i-fortsattningkriget\/krigets-gang\/stallningskriget\/patrullfard-pa-jandeba\/\" \/>\n<meta property=\"og:site_name\" content=\"Veteraanien Perint\u00f6\" \/>\n<meta property=\"article:modified_time\" content=\"2020-12-28T14:20:13+00:00\" \/>\n<meta name=\"twitter:card\" content=\"summary_large_image\" \/>\n<meta name=\"twitter:label1\" content=\"Arvioitu lukuaika\" \/>\n\t<meta name=\"twitter:data1\" content=\"3 minuuttia\" \/>\n<script type=\"application\/ld+json\" class=\"yoast-schema-graph\">{\"@context\":\"https:\\\/\\\/schema.org\",\"@graph\":[{\"@type\":\"WebPage\",\"@id\":\"https:\\\/\\\/veteraanienperinto.fi\\\/index.php\\\/sv\\\/fortsattningskriget\\\/berattelser-i-fortsattningkriget\\\/krigets-gang\\\/stallningskriget\\\/patrullfard-pa-jandeba\\\/\",\"url\":\"https:\\\/\\\/veteraanienperinto.fi\\\/index.php\\\/sv\\\/fortsattningskriget\\\/berattelser-i-fortsattningkriget\\\/krigets-gang\\\/stallningskriget\\\/patrullfard-pa-jandeba\\\/\",\"name\":\"Patrullf\u00e4rd p\u00e5 Jandeba - Veteraanien Perint\u00f6\",\"isPartOf\":{\"@id\":\"https:\\\/\\\/veteraanienperinto.fi\\\/#website\"},\"datePublished\":\"2020-11-19T14:45:28+00:00\",\"dateModified\":\"2020-12-28T14:20:13+00:00\",\"breadcrumb\":{\"@id\":\"https:\\\/\\\/veteraanienperinto.fi\\\/index.php\\\/sv\\\/fortsattningskriget\\\/berattelser-i-fortsattningkriget\\\/krigets-gang\\\/stallningskriget\\\/patrullfard-pa-jandeba\\\/#breadcrumb\"},\"inLanguage\":\"fi\",\"potentialAction\":[{\"@type\":\"ReadAction\",\"target\":[\"https:\\\/\\\/veteraanienperinto.fi\\\/index.php\\\/sv\\\/fortsattningskriget\\\/berattelser-i-fortsattningkriget\\\/krigets-gang\\\/stallningskriget\\\/patrullfard-pa-jandeba\\\/\"]}]},{\"@type\":\"BreadcrumbList\",\"@id\":\"https:\\\/\\\/veteraanienperinto.fi\\\/index.php\\\/sv\\\/fortsattningskriget\\\/berattelser-i-fortsattningkriget\\\/krigets-gang\\\/stallningskriget\\\/patrullfard-pa-jandeba\\\/#breadcrumb\",\"itemListElement\":[{\"@type\":\"ListItem\",\"position\":1,\"name\":\"Etusivu\",\"item\":\"https:\\\/\\\/veteraanienperinto.fi\\\/index.php\\\/etusivu-2\\\/\"},{\"@type\":\"ListItem\",\"position\":2,\"name\":\"Forts\u00e4ttningskriget\",\"item\":\"https:\\\/\\\/veteraanienperinto.fi\\\/index.php\\\/sv\\\/fortsattningskriget\\\/\"},{\"@type\":\"ListItem\",\"position\":3,\"name\":\"Ber\u00e4ttelser i forts\u00e4ttningkriget\",\"item\":\"https:\\\/\\\/veteraanienperinto.fi\\\/index.php\\\/sv\\\/fortsattningskriget\\\/berattelser-i-fortsattningkriget\\\/\"},{\"@type\":\"ListItem\",\"position\":4,\"name\":\"Krigets g\u00e5ng\",\"item\":\"https:\\\/\\\/veteraanienperinto.fi\\\/index.php\\\/sv\\\/fortsattningskriget\\\/berattelser-i-fortsattningkriget\\\/krigets-gang\\\/\"},{\"@type\":\"ListItem\",\"position\":5,\"name\":\"St\u00e4llningskriget\",\"item\":\"https:\\\/\\\/veteraanienperinto.fi\\\/index.php\\\/sv\\\/fortsattningskriget\\\/berattelser-i-fortsattningkriget\\\/krigets-gang\\\/stallningskriget\\\/\"},{\"@type\":\"ListItem\",\"position\":6,\"name\":\"Patrullf\u00e4rd p\u00e5 Jandeba\"}]},{\"@type\":\"WebSite\",\"@id\":\"https:\\\/\\\/veteraanienperinto.fi\\\/#website\",\"url\":\"https:\\\/\\\/veteraanienperinto.fi\\\/\",\"name\":\"Veteraanien Perint\u00f6\",\"description\":\"Kadettikunta\",\"potentialAction\":[{\"@type\":\"SearchAction\",\"target\":{\"@type\":\"EntryPoint\",\"urlTemplate\":\"https:\\\/\\\/veteraanienperinto.fi\\\/?s={search_term_string}\"},\"query-input\":{\"@type\":\"PropertyValueSpecification\",\"valueRequired\":true,\"valueName\":\"search_term_string\"}}],\"inLanguage\":\"fi\"}]}<\/script>\n<!-- \/ Yoast SEO plugin. -->","yoast_head_json":{"title":"Patrullf\u00e4rd p\u00e5 Jandeba - Veteraanien Perint\u00f6","robots":{"index":"index","follow":"follow","max-snippet":"max-snippet:-1","max-image-preview":"max-image-preview:large","max-video-preview":"max-video-preview:-1"},"canonical":"https:\/\/veteraanienperinto.fi\/index.php\/sv\/fortsattningskriget\/berattelser-i-fortsattningkriget\/krigets-gang\/stallningskriget\/patrullfard-pa-jandeba\/","og_locale":"fi_FI","og_type":"article","og_title":"Patrullf\u00e4rd p\u00e5 Jandeba - Veteraanien Perint\u00f6","og_url":"https:\/\/veteraanienperinto.fi\/index.php\/sv\/fortsattningskriget\/berattelser-i-fortsattningkriget\/krigets-gang\/stallningskriget\/patrullfard-pa-jandeba\/","og_site_name":"Veteraanien Perint\u00f6","article_modified_time":"2020-12-28T14:20:13+00:00","twitter_card":"summary_large_image","twitter_misc":{"Arvioitu lukuaika":"3 minuuttia"},"schema":{"@context":"https:\/\/schema.org","@graph":[{"@type":"WebPage","@id":"https:\/\/veteraanienperinto.fi\/index.php\/sv\/fortsattningskriget\/berattelser-i-fortsattningkriget\/krigets-gang\/stallningskriget\/patrullfard-pa-jandeba\/","url":"https:\/\/veteraanienperinto.fi\/index.php\/sv\/fortsattningskriget\/berattelser-i-fortsattningkriget\/krigets-gang\/stallningskriget\/patrullfard-pa-jandeba\/","name":"Patrullf\u00e4rd p\u00e5 Jandeba - Veteraanien Perint\u00f6","isPartOf":{"@id":"https:\/\/veteraanienperinto.fi\/#website"},"datePublished":"2020-11-19T14:45:28+00:00","dateModified":"2020-12-28T14:20:13+00:00","breadcrumb":{"@id":"https:\/\/veteraanienperinto.fi\/index.php\/sv\/fortsattningskriget\/berattelser-i-fortsattningkriget\/krigets-gang\/stallningskriget\/patrullfard-pa-jandeba\/#breadcrumb"},"inLanguage":"fi","potentialAction":[{"@type":"ReadAction","target":["https:\/\/veteraanienperinto.fi\/index.php\/sv\/fortsattningskriget\/berattelser-i-fortsattningkriget\/krigets-gang\/stallningskriget\/patrullfard-pa-jandeba\/"]}]},{"@type":"BreadcrumbList","@id":"https:\/\/veteraanienperinto.fi\/index.php\/sv\/fortsattningskriget\/berattelser-i-fortsattningkriget\/krigets-gang\/stallningskriget\/patrullfard-pa-jandeba\/#breadcrumb","itemListElement":[{"@type":"ListItem","position":1,"name":"Etusivu","item":"https:\/\/veteraanienperinto.fi\/index.php\/etusivu-2\/"},{"@type":"ListItem","position":2,"name":"Forts\u00e4ttningskriget","item":"https:\/\/veteraanienperinto.fi\/index.php\/sv\/fortsattningskriget\/"},{"@type":"ListItem","position":3,"name":"Ber\u00e4ttelser i forts\u00e4ttningkriget","item":"https:\/\/veteraanienperinto.fi\/index.php\/sv\/fortsattningskriget\/berattelser-i-fortsattningkriget\/"},{"@type":"ListItem","position":4,"name":"Krigets g\u00e5ng","item":"https:\/\/veteraanienperinto.fi\/index.php\/sv\/fortsattningskriget\/berattelser-i-fortsattningkriget\/krigets-gang\/"},{"@type":"ListItem","position":5,"name":"St\u00e4llningskriget","item":"https:\/\/veteraanienperinto.fi\/index.php\/sv\/fortsattningskriget\/berattelser-i-fortsattningkriget\/krigets-gang\/stallningskriget\/"},{"@type":"ListItem","position":6,"name":"Patrullf\u00e4rd p\u00e5 Jandeba"}]},{"@type":"WebSite","@id":"https:\/\/veteraanienperinto.fi\/#website","url":"https:\/\/veteraanienperinto.fi\/","name":"Veteraanien Perint\u00f6","description":"Kadettikunta","potentialAction":[{"@type":"SearchAction","target":{"@type":"EntryPoint","urlTemplate":"https:\/\/veteraanienperinto.fi\/?s={search_term_string}"},"query-input":{"@type":"PropertyValueSpecification","valueRequired":true,"valueName":"search_term_string"}}],"inLanguage":"fi"}]}},"_links":{"self":[{"href":"https:\/\/veteraanienperinto.fi\/index.php\/wp-json\/wp\/v2\/pages\/6708","targetHints":{"allow":["GET"]}}],"collection":[{"href":"https:\/\/veteraanienperinto.fi\/index.php\/wp-json\/wp\/v2\/pages"}],"about":[{"href":"https:\/\/veteraanienperinto.fi\/index.php\/wp-json\/wp\/v2\/types\/page"}],"author":[{"embeddable":true,"href":"https:\/\/veteraanienperinto.fi\/index.php\/wp-json\/wp\/v2\/users\/1"}],"replies":[{"embeddable":true,"href":"https:\/\/veteraanienperinto.fi\/index.php\/wp-json\/wp\/v2\/comments?post=6708"}],"version-history":[{"count":4,"href":"https:\/\/veteraanienperinto.fi\/index.php\/wp-json\/wp\/v2\/pages\/6708\/revisions"}],"predecessor-version":[{"id":9042,"href":"https:\/\/veteraanienperinto.fi\/index.php\/wp-json\/wp\/v2\/pages\/6708\/revisions\/9042"}],"up":[{"embeddable":true,"href":"https:\/\/veteraanienperinto.fi\/index.php\/wp-json\/wp\/v2\/pages\/5980"}],"wp:attachment":[{"href":"https:\/\/veteraanienperinto.fi\/index.php\/wp-json\/wp\/v2\/media?parent=6708"}],"curies":[{"name":"wp","href":"https:\/\/api.w.org\/{rel}","templated":true}]}}