{"id":6724,"date":"2020-11-19T14:53:03","date_gmt":"2020-11-19T14:53:03","guid":{"rendered":"https:\/\/veteraani.ylirotu.fi\/?page_id=6724"},"modified":"2020-12-28T14:37:37","modified_gmt":"2020-12-28T14:37:37","slug":"roy-sars-dagbok-tunga-sektionen-17","status":"publish","type":"page","link":"https:\/\/veteraanienperinto.fi\/index.php\/sv\/fortsattningskriget\/berattelser-i-fortsattningkriget\/krigets-gang\/anvalsskede\/roy-sars-dagbok-tunga-sektionen-17\/","title":{"rendered":"Roy S\u00e4rs dagbok &#8211; Tunga sektionen 17"},"content":{"rendered":"\n<style type=\"text\/css\" data-created_by=\"avia_inline_auto\" id=\"style-css-av-kix7ggcw-6bde5ac50efb5bf7f30b804a3d2eb650\">\n#top .av-special-heading.av-kix7ggcw-6bde5ac50efb5bf7f30b804a3d2eb650{\npadding-bottom:10px;\n}\nbody .av-special-heading.av-kix7ggcw-6bde5ac50efb5bf7f30b804a3d2eb650 .av-special-heading-tag .heading-char{\nfont-size:25px;\n}\n.av-special-heading.av-kix7ggcw-6bde5ac50efb5bf7f30b804a3d2eb650 .av-subheading{\nfont-size:15px;\n}\n<\/style>\n<div  class='av-special-heading av-kix7ggcw-6bde5ac50efb5bf7f30b804a3d2eb650 av-special-heading-h3  avia-builder-el-0  el_before_av_textblock  avia-builder-el-first '><h3 class='av-special-heading-tag'  itemprop=\"headline\"  >Roy S\u00e4rs dagbok &#8211; Tunga sektionen 17<\/h3><div class=\"special-heading-border\"><div class=\"special-heading-inner-border\"><\/div><\/div><\/div>\n<section  class='av_textblock_section av-kek0ol8w-0f04af88ec907b2c66cea4bf3dbe1d4c '   itemscope=\"itemscope\" itemtype=\"https:\/\/schema.org\/CreativeWork\" ><div class='avia_textblock'  itemprop=\"text\" ><p>P\u00e5 order av kapten Fride Sandberg f\u00f6rde sergeant Roy S\u00e4rs allt fr\u00e5n inkallelsedagen 17 juni 1941 till \u00e5rsslutet 31.12.41 krigsdagbok f\u00f6r sektionens andra batteri, terj\u00e4rvbatteriet kallat. Roy S\u00e4rs tog uppgiften p\u00e5 allvar och skrev en mycket utf\u00f6rlig krigsdagbok p\u00e5 33 t\u00e4ttskrivna sidor. Dagboksanteckningarna kom s\u00e5ledes att omfatta hela anfallsskedet fram till st\u00e4llningskrigsperioden.<\/p>\n<p>Genom att en del av stridshandlingarna i dagboken \u00e4ven behandlas i kommend\u00f6rens redog\u00f6relse \u00f6ver sektionens allm\u00e4nna stridsverksamhet \u00e5terges endast vissa avsnitt och olika episoder ur Roy S\u00e4rs intressanta och detaljerade dagbok:<\/p>\n<p>2 juli: Lugnt igen till kl. 18.00. D\u00e5 skedde vaktombyte vid eldledningsstugan. D\u00e4r var fyra man inne i stugan n\u00e4r de \u00f6verraskades av en rysk patrull som synbarligen ocks\u00e5 hade t\u00e4nkt ta stugan i besittning f\u00f6r eldlednings\u00e4ndam\u00e5l. Patrullen, som var ganska stor, torde ocks\u00e5 ha blivit \u00f6verraskad av att finna stugan besatt av de v\u00e5ra. Efter n\u00e5got handgem\u00e4ng klarade sig v\u00e5ra pojkar ut ur stugan, trots att rysarna sk\u00f6t in genom d\u00f6rren och kastade in handgranater genom f\u00f6nstret. Sergeant Ragnar Granvik blev lindrigt s\u00e5rad i nacken av handgranatsplitter, men kunde \u00e4nd\u00e5 ta sig ur stugan. Bakom f\u00e4husknuten satt en ryss och sk\u00f6t efter v\u00e5ra pojkar med maskinpistol d\u00e5 de sprang nedf\u00f6r backen till t\u00e4ltet. Kommend\u00f6ren kallade ut manskap fr\u00e5n sektionen och n\u00e4rliggande avd. 10 grova batteri, vars chef l\u00f6jtnant Wind kom fr\u00e5n h\u00f6gra sidan med sina pojkar. Efter en stunds strid blev ryssarna \u00e5ter f\u00f6rdrivna fr\u00e5n v\u00e5rt \u00e4gandes omr\u00e5de. Under skottv\u00e4xlingen s\u00e5rades ingen fr\u00e5n v\u00e5r sida. Ryssarna kvarl\u00e4mnade en d\u00f6d p\u00e5 v\u00e5rt omr\u00e5de och tv\u00e5 p\u00e5 l\u00f6jtnant Winds.<\/p>\n<p>10 juli: Under tiden hade v\u00e5ra infanterister ryckt fram. Snart fick vi b\u00f6rja underst\u00f6da dem p\u00e5 nytt. \u00c4ven detta anfall visade att fienden hade starka st\u00e4llningar rakt framf\u00f6r oss. De m\u00e5ste dra sig tillbaka igen till utg\u00e5ngsst\u00e4llningarna. Pojkarna lade sig f\u00f6r att sova i pj\u00e4sgroparna. Ryssarna hade besvarat v\u00e5r eld. V\u00e5r eldledning fick fem fulltr\u00e4ffar i stenf\u00e4huset dit den s\u00f6kt sig. Ragnar Granvik var nere i f\u00e4huset, men f\u00e4nrik Sax\u00e9n satt uppe under \u00e5sen och f\u00f6ll rakt ned i en k\u00e4tte. Ingendera blev skadad men saxkikaren och riktcirkeln gick s\u00f6nder. Pojkarna som befann sig i skyddsgroparna klarade sig r\u00e4tt bra. Endast Levi L\u00e5ngbacka och Per Backstr\u00f6m fr\u00e5n Nedervetil s\u00e5rades lindrigt.<\/p>\n<p>11 juli: Anfallen forts\u00e4tter. I dagsgryningen fick 1 batteriet tre s\u00e5rade. V\u00e5r granne grova batteriet var ocks\u00e5 illa ute och hade tv\u00e5 stupade.<\/p>\n<p>13 juli: Vid 17-tiden b\u00f6rjade ett nytt anfall. V\u00e5r och tredje batteriets eldledning drog ut med infanteristerna. Det blev en h\u00e5rd strid. V\u00e5ra trupper tog V\u00e4livaara och kunde storma fram mot Valkeasaari, Durkman. H\u00e4r blev det fruktansv\u00e4rda minuter f\u00f6r pojkarna. Ryssarna hade starka f\u00f6rband och n\u00e4sten p\u00e5 Valkeavaara. De v\u00e5ra m\u00e5ste dra sig tillbaka. Ruben Widjeskog s\u00e5rades i armen, n\u00e5gra andra s\u00e5rades ocks\u00e5 lindrigt. F\u00f6rsta batteriets eldledning s\u00e4ndes till hj\u00e4lp under ledning av f\u00e4nrik Sven Bostr\u00f6m. Redan p\u00e5 v\u00e4gen ut r\u00e5kade Bostr\u00f6ms pojkar i en sv\u00e5r granatkoncentration. Bostr\u00f6m skulle hj\u00e4lpa en s\u00e5rad, men tr\u00e4ffades sj\u00e4lv av en granatsk\u00e4rva och m\u00e5ste b\u00e4ras bort. Det var en blodig dag f\u00f6r v\u00e5ra gossar. Sjukvagnar och extra h\u00e4star transporterade stupade och s\u00e5rade bak\u00e5t.<\/p>\n<p>19 juli: P\u00e5 kv\u00e4llen d\u00e5 v\u00e5r pastor h\u00f6ll aftonb\u00f6n med batterierna kr\u00f6p en ryssgubbe fram ur en grop under en grantopp. Chauff\u00f6rerna som var i n\u00e4rheten med sina bilar hade genoms\u00f6kt terr\u00e4ngen men inte funnit honom. Han hade inte n\u00e5got gev\u00e4r, men n\u00e4r pojkarna tog hand om honom pekade han p\u00e5 gropen d\u00e4r han legat och d\u00e4r l\u00e5g ett tiotal handgranater. Mannen tycktes vara glad \u00f6ver att ha kommit undan kriget med livet i beh\u00e5ll.<\/p>\n<p>27 juli: V\u00e5r kommend\u00f6r, batterichef och eldledare har i dag varit med ett kompani som skulle \u00f6verg\u00e5 Kiteenjoki. Det blev h\u00e5rt och v\u00e5ra trupper m\u00e5ste dra sig tillbaka. Kapten Tigerstedt blev s\u00e5rad i huvudet av en granatskr\u00e4va, dock ej allvarligt.<\/p>\n<p>28 juli: En stabsbatterist, Heimer Lindvall fr\u00e5n Kronoby, gick p\u00e5 eftermiddagen p\u00e5 en penalmina. Han fick n\u00e5gra t\u00e5r avskurna, sk\u00e4rvor i benet och ansiktet och torde f\u00f6rlora synen p\u00e5 ena \u00f6gat.<\/p>\n<p>5 augusti: Klockan 4-tiden p\u00e5 morgonen r\u00e5kade en rysk granat sl\u00e5 ned bara sju meter fr\u00e5n fj\u00e4rde pj\u00e4sen just n\u00e4r den som b\u00e4st avfyrades. Men ingen skadades. Trejde batteriet blev dess sv\u00e5rare utsatt. D\u00e4r blev flere f\u00f6rst\u00e4llare s\u00f6nderskjutna och n\u00e4stan alla bilar i deras v\u00e4ntest\u00e4llning skadades. En sk\u00e4rva slog i en kartuschl\u00e5da p\u00e5 en ammunitionsbil. Den fl\u00f6g i luften, men underligt nog exploderade inte de 120 granater som fanns p\u00e5 bilen. U:serg Finn\u00e4s s\u00e5rades s\u00e5 sv\u00e5rt att han avled p\u00e5 v\u00e4gen till sjukhuset. Dessutom s\u00e5rades fem andra lindrigt, bland dem batteriofficeren, l\u00f6jtnant Christian Bruun fr\u00e5n Vasa.<\/p>\n<p>27 augusti: hade vi kommit fram till R\u00e4is\u00e4l\u00e4. D\u00e4r fanns tv\u00e5 j\u00e4ttestatyer, en av Lenin och en av Stalin, mellan dem en h\u00f6g talartribun med belysning av gl\u00f6dlampor som bildade en stj\u00e4rna rakt ovanf\u00f6r talarstolen. Invid hade man h\u00e4ngt upp en kyrklocka som tagits fr\u00e5n den n\u00e4rbel\u00e4gna kyrkan. Denna, en ganska ny granitkyrka, stod kvar och hade endast ett granath\u00e5l i taket. Inne i kyrkan hade dock f\u00f6r\u00f6delsens styggelse g\u00e5tt fram, likas\u00e5 p\u00e5 kyrkog\u00e5rden. Gravv\u00e5rdarna hade sk\u00e4ndats eller bortsl\u00e4pats, bl. a. var statyernas socklar byggda av gravstenar. Kyrkan hade anv\u00e4nts som teater. B\u00e4nkarna var kvar men koret hade ombyggts till scen. Altartavlan och alla prydnader hade bortf\u00f6rts.<\/p>\n<p>&#8230; F\u00f6rsta pj\u00e4sen fick igen punktering p\u00e5 karellringen och blev efter. Medan man h\u00f6ll p\u00e5 att laga ringen kom \u00e5tta ryska soldater fram ur buskaget med uppstr\u00e4ckta h\u00e4nder. De kastade sina gev\u00e4r, patroner och handgranater och n\u00e4r de v\u00e5gat sig fram kr\u00f6p de upp p\u00e5 bilen.<\/p>\n<p>29 augusti: Mellan klockan 16 och 17 sk\u00f6t ryssen n\u00e5got livligare mot v\u00e4gen. De flesta nedslagen gick dock l\u00e4ngre bort, men en granat hamnade i tredje batteriets eldst\u00e4llning med \u00f6desdiger verkan. Korpral H. Knutar tr\u00e4ffades av sk\u00e4rvor och lj\u00f6t en \u00f6gonblicklig d\u00f6d. Undersergeant Bent All\u00e9n s\u00e5rades s\u00e5 sv\u00e5rt att han avled p\u00e5 v\u00e4gen till sjukhuset. Undersergeant Erik H\u00e4ggblad s\u00e5rades sv\u00e5rt samt kanoni\u00e4rerna K. Byskata och A. Skullbacka, Terj\u00e4rv och sergeant B. Bj\u00f6rklund fr\u00e5n Kronoby lindrigare.<\/p>\n<p>30 augusti: &#8230; h\u00e4r fanns m\u00e4ngder av ryssar som stupat och man antar att det i m\u00e5nga fall varit s\u00e5rade som ryssarna sj\u00e4lva avlivat med ett skott i huvudet. En bit fr\u00e5n st\u00e4llningen placerades bilarna p\u00e5 en kulle d\u00e4r det fanns 400 ryska lik. Chauff\u00f6rerna och eldledningen som skulle vara d\u00e4r \u00f6ver natten m\u00e5ste begrava flere tiotal stupade innan de kunde t\u00e4nka p\u00e5 att sl\u00e5 upp t\u00e4lten.<\/p>\n<p>3 september: Ca 200 ryssar hade lyckats sl\u00e5 sig ut ur en motti s\u00f6derom Viborg och hunnit \u00e4nda hit p\u00e5 v\u00e4g till sitt eget land. Kraemers pojkar (grova sekt. 4) och v\u00e5ra chauff\u00f6rer r\u00e5kade delvis i strid med dessa, varvid m\u00e5nga ryssar stupade och 15 togs tillf\u00e5nga. U:serg Backlund fr\u00e5n Jakobstad som var i v\u00e5rt batteri under f\u00f6rra kriget stupade d\u00e5 han tillsammans med n\u00e5gra andra skulle t\u00f6mma en korsu. Likadant gick det f\u00f6r en annan jakobstadspojke, undersergeant Eriksson. Ryssarna var s\u00e5 envisa att de kom ut ur korsun f\u00f6rst n\u00e4r pojkarna ant\u00e4nde den.<\/p>\n<p>7 september: Mottin framf\u00f6r oss hade klarats upp. H\u00e4r i Suur-Kaljala hade ryssarna l\u00e4mnat efter sig bastanta betongbunkrar, m\u00e5nga korsur, nedgr\u00e4vda tanksskrov d\u00e4r de anv\u00e4nt pansartornen som mg-n\u00e4sten. Klockan 5.45 \u00f6verskred eldledningen Systerb\u00e4ck, den gamla gr\u00e4nsen. De flesta hade f\u00f6rest\u00e4llt sig b\u00e4cken som ett brett vattendrag, men den befanns vara blott ett par meter bred. Fr\u00e5n utsiktstornet vid Kaljala hade man fin utsikt \u00f6ver Kronstadts holmar och Petersburgs f\u00f6rst\u00e4der. I saxkikaren s\u00e5g man bef\u00e4stningarna p\u00e5 Kronstadt samt j\u00e4rnv\u00e4gar och t\u00e5g utanf\u00f6r storstaden. Krigsfartyg s\u00e5gs r\u00f6ra sig p\u00e5 Finska viken.<\/p>\n<p>10 september: kom order om korsubyggen i sektionen och i batteriet har gr\u00e4vningen p\u00e5b\u00f6rjats. T\u00e4lten har flyttats och t\u00e4ltgroparna utvidgats till korsugropar. Sl\u00e4pningen av virke b\u00f6rjar. I Hiirel\u00e4 fanns stora ryska kaserner. De rivs ned och virket transporteras till batterierna.<\/p>\n<p>3 oktober: Eldledningens korsu skall svavelr\u00f6kas. Det finns &#8221;tanks&#8221; (v\u00e4ggl\u00f6ss) i v\u00e4ggarna. St\u00f6rsta d\u00f6dligheten bland dem uppgick till 70 stycken per natt och person.<\/p>\n<p>31 december: Vid ny\u00e5ret avfyrade f\u00e4nrik Hell\u00e9n ett skott som avslutning p\u00e5 det gamla och b\u00f6rjan p\u00e5 det nya \u00e5ret 1942.<\/p>\n<p>Batteriets avlossade skott under 1941 var 5 562 st.<\/p>\n<p><em><strong>Ur boken:<\/strong> Tigerns Sektion 1941-44<\/em><\/p>\n<\/div><\/section>\n","protected":false},"excerpt":{"rendered":"","protected":false},"author":1,"featured_media":0,"parent":5935,"menu_order":9,"comment_status":"closed","ping_status":"closed","template":"","meta":{"footnotes":""},"class_list":["post-6724","page","type-page","status-publish","hentry"],"yoast_head":"<!-- This site is optimized with the Yoast SEO plugin v27.5 - https:\/\/yoast.com\/product\/yoast-seo-wordpress\/ -->\n<title>Roy S\u00e4rs dagbok - Tunga sektionen 17 - Veteraanien Perint\u00f6<\/title>\n<meta name=\"robots\" content=\"index, follow, max-snippet:-1, max-image-preview:large, max-video-preview:-1\" \/>\n<link rel=\"canonical\" href=\"https:\/\/veteraanienperinto.fi\/index.php\/sv\/fortsattningskriget\/berattelser-i-fortsattningkriget\/krigets-gang\/anvalsskede\/roy-sars-dagbok-tunga-sektionen-17\/\" \/>\n<meta property=\"og:locale\" content=\"fi_FI\" \/>\n<meta property=\"og:type\" content=\"article\" \/>\n<meta property=\"og:title\" content=\"Roy S\u00e4rs dagbok - Tunga sektionen 17 - Veteraanien Perint\u00f6\" \/>\n<meta property=\"og:url\" content=\"https:\/\/veteraanienperinto.fi\/index.php\/sv\/fortsattningskriget\/berattelser-i-fortsattningkriget\/krigets-gang\/anvalsskede\/roy-sars-dagbok-tunga-sektionen-17\/\" \/>\n<meta property=\"og:site_name\" content=\"Veteraanien Perint\u00f6\" \/>\n<meta property=\"article:modified_time\" content=\"2020-12-28T14:37:37+00:00\" \/>\n<meta name=\"twitter:card\" content=\"summary_large_image\" \/>\n<meta name=\"twitter:label1\" content=\"Arvioitu lukuaika\" \/>\n\t<meta name=\"twitter:data1\" content=\"8 minuuttia\" \/>\n<script type=\"application\/ld+json\" class=\"yoast-schema-graph\">{\"@context\":\"https:\\\/\\\/schema.org\",\"@graph\":[{\"@type\":\"WebPage\",\"@id\":\"https:\\\/\\\/veteraanienperinto.fi\\\/index.php\\\/sv\\\/fortsattningskriget\\\/berattelser-i-fortsattningkriget\\\/krigets-gang\\\/anvalsskede\\\/roy-sars-dagbok-tunga-sektionen-17\\\/\",\"url\":\"https:\\\/\\\/veteraanienperinto.fi\\\/index.php\\\/sv\\\/fortsattningskriget\\\/berattelser-i-fortsattningkriget\\\/krigets-gang\\\/anvalsskede\\\/roy-sars-dagbok-tunga-sektionen-17\\\/\",\"name\":\"Roy S\u00e4rs dagbok - Tunga sektionen 17 - Veteraanien Perint\u00f6\",\"isPartOf\":{\"@id\":\"https:\\\/\\\/veteraanienperinto.fi\\\/#website\"},\"datePublished\":\"2020-11-19T14:53:03+00:00\",\"dateModified\":\"2020-12-28T14:37:37+00:00\",\"breadcrumb\":{\"@id\":\"https:\\\/\\\/veteraanienperinto.fi\\\/index.php\\\/sv\\\/fortsattningskriget\\\/berattelser-i-fortsattningkriget\\\/krigets-gang\\\/anvalsskede\\\/roy-sars-dagbok-tunga-sektionen-17\\\/#breadcrumb\"},\"inLanguage\":\"fi\",\"potentialAction\":[{\"@type\":\"ReadAction\",\"target\":[\"https:\\\/\\\/veteraanienperinto.fi\\\/index.php\\\/sv\\\/fortsattningskriget\\\/berattelser-i-fortsattningkriget\\\/krigets-gang\\\/anvalsskede\\\/roy-sars-dagbok-tunga-sektionen-17\\\/\"]}]},{\"@type\":\"BreadcrumbList\",\"@id\":\"https:\\\/\\\/veteraanienperinto.fi\\\/index.php\\\/sv\\\/fortsattningskriget\\\/berattelser-i-fortsattningkriget\\\/krigets-gang\\\/anvalsskede\\\/roy-sars-dagbok-tunga-sektionen-17\\\/#breadcrumb\",\"itemListElement\":[{\"@type\":\"ListItem\",\"position\":1,\"name\":\"Etusivu\",\"item\":\"https:\\\/\\\/veteraanienperinto.fi\\\/index.php\\\/etusivu-2\\\/\"},{\"@type\":\"ListItem\",\"position\":2,\"name\":\"Forts\u00e4ttningskriget\",\"item\":\"https:\\\/\\\/veteraanienperinto.fi\\\/index.php\\\/sv\\\/fortsattningskriget\\\/\"},{\"@type\":\"ListItem\",\"position\":3,\"name\":\"Ber\u00e4ttelser i forts\u00e4ttningkriget\",\"item\":\"https:\\\/\\\/veteraanienperinto.fi\\\/index.php\\\/sv\\\/fortsattningskriget\\\/berattelser-i-fortsattningkriget\\\/\"},{\"@type\":\"ListItem\",\"position\":4,\"name\":\"Krigets g\u00e5ng\",\"item\":\"https:\\\/\\\/veteraanienperinto.fi\\\/index.php\\\/sv\\\/fortsattningskriget\\\/berattelser-i-fortsattningkriget\\\/krigets-gang\\\/\"},{\"@type\":\"ListItem\",\"position\":5,\"name\":\"Anvalsskede\",\"item\":\"https:\\\/\\\/veteraanienperinto.fi\\\/index.php\\\/sv\\\/fortsattningskriget\\\/berattelser-i-fortsattningkriget\\\/krigets-gang\\\/anvalsskede\\\/\"},{\"@type\":\"ListItem\",\"position\":6,\"name\":\"Roy S\u00e4rs dagbok &#8211; Tunga sektionen 17\"}]},{\"@type\":\"WebSite\",\"@id\":\"https:\\\/\\\/veteraanienperinto.fi\\\/#website\",\"url\":\"https:\\\/\\\/veteraanienperinto.fi\\\/\",\"name\":\"Veteraanien Perint\u00f6\",\"description\":\"Kadettikunta\",\"potentialAction\":[{\"@type\":\"SearchAction\",\"target\":{\"@type\":\"EntryPoint\",\"urlTemplate\":\"https:\\\/\\\/veteraanienperinto.fi\\\/?s={search_term_string}\"},\"query-input\":{\"@type\":\"PropertyValueSpecification\",\"valueRequired\":true,\"valueName\":\"search_term_string\"}}],\"inLanguage\":\"fi\"}]}<\/script>\n<!-- \/ Yoast SEO plugin. -->","yoast_head_json":{"title":"Roy S\u00e4rs dagbok - Tunga sektionen 17 - Veteraanien Perint\u00f6","robots":{"index":"index","follow":"follow","max-snippet":"max-snippet:-1","max-image-preview":"max-image-preview:large","max-video-preview":"max-video-preview:-1"},"canonical":"https:\/\/veteraanienperinto.fi\/index.php\/sv\/fortsattningskriget\/berattelser-i-fortsattningkriget\/krigets-gang\/anvalsskede\/roy-sars-dagbok-tunga-sektionen-17\/","og_locale":"fi_FI","og_type":"article","og_title":"Roy S\u00e4rs dagbok - Tunga sektionen 17 - Veteraanien Perint\u00f6","og_url":"https:\/\/veteraanienperinto.fi\/index.php\/sv\/fortsattningskriget\/berattelser-i-fortsattningkriget\/krigets-gang\/anvalsskede\/roy-sars-dagbok-tunga-sektionen-17\/","og_site_name":"Veteraanien Perint\u00f6","article_modified_time":"2020-12-28T14:37:37+00:00","twitter_card":"summary_large_image","twitter_misc":{"Arvioitu lukuaika":"8 minuuttia"},"schema":{"@context":"https:\/\/schema.org","@graph":[{"@type":"WebPage","@id":"https:\/\/veteraanienperinto.fi\/index.php\/sv\/fortsattningskriget\/berattelser-i-fortsattningkriget\/krigets-gang\/anvalsskede\/roy-sars-dagbok-tunga-sektionen-17\/","url":"https:\/\/veteraanienperinto.fi\/index.php\/sv\/fortsattningskriget\/berattelser-i-fortsattningkriget\/krigets-gang\/anvalsskede\/roy-sars-dagbok-tunga-sektionen-17\/","name":"Roy S\u00e4rs dagbok - Tunga sektionen 17 - Veteraanien Perint\u00f6","isPartOf":{"@id":"https:\/\/veteraanienperinto.fi\/#website"},"datePublished":"2020-11-19T14:53:03+00:00","dateModified":"2020-12-28T14:37:37+00:00","breadcrumb":{"@id":"https:\/\/veteraanienperinto.fi\/index.php\/sv\/fortsattningskriget\/berattelser-i-fortsattningkriget\/krigets-gang\/anvalsskede\/roy-sars-dagbok-tunga-sektionen-17\/#breadcrumb"},"inLanguage":"fi","potentialAction":[{"@type":"ReadAction","target":["https:\/\/veteraanienperinto.fi\/index.php\/sv\/fortsattningskriget\/berattelser-i-fortsattningkriget\/krigets-gang\/anvalsskede\/roy-sars-dagbok-tunga-sektionen-17\/"]}]},{"@type":"BreadcrumbList","@id":"https:\/\/veteraanienperinto.fi\/index.php\/sv\/fortsattningskriget\/berattelser-i-fortsattningkriget\/krigets-gang\/anvalsskede\/roy-sars-dagbok-tunga-sektionen-17\/#breadcrumb","itemListElement":[{"@type":"ListItem","position":1,"name":"Etusivu","item":"https:\/\/veteraanienperinto.fi\/index.php\/etusivu-2\/"},{"@type":"ListItem","position":2,"name":"Forts\u00e4ttningskriget","item":"https:\/\/veteraanienperinto.fi\/index.php\/sv\/fortsattningskriget\/"},{"@type":"ListItem","position":3,"name":"Ber\u00e4ttelser i forts\u00e4ttningkriget","item":"https:\/\/veteraanienperinto.fi\/index.php\/sv\/fortsattningskriget\/berattelser-i-fortsattningkriget\/"},{"@type":"ListItem","position":4,"name":"Krigets g\u00e5ng","item":"https:\/\/veteraanienperinto.fi\/index.php\/sv\/fortsattningskriget\/berattelser-i-fortsattningkriget\/krigets-gang\/"},{"@type":"ListItem","position":5,"name":"Anvalsskede","item":"https:\/\/veteraanienperinto.fi\/index.php\/sv\/fortsattningskriget\/berattelser-i-fortsattningkriget\/krigets-gang\/anvalsskede\/"},{"@type":"ListItem","position":6,"name":"Roy S\u00e4rs dagbok &#8211; Tunga sektionen 17"}]},{"@type":"WebSite","@id":"https:\/\/veteraanienperinto.fi\/#website","url":"https:\/\/veteraanienperinto.fi\/","name":"Veteraanien Perint\u00f6","description":"Kadettikunta","potentialAction":[{"@type":"SearchAction","target":{"@type":"EntryPoint","urlTemplate":"https:\/\/veteraanienperinto.fi\/?s={search_term_string}"},"query-input":{"@type":"PropertyValueSpecification","valueRequired":true,"valueName":"search_term_string"}}],"inLanguage":"fi"}]}},"_links":{"self":[{"href":"https:\/\/veteraanienperinto.fi\/index.php\/wp-json\/wp\/v2\/pages\/6724","targetHints":{"allow":["GET"]}}],"collection":[{"href":"https:\/\/veteraanienperinto.fi\/index.php\/wp-json\/wp\/v2\/pages"}],"about":[{"href":"https:\/\/veteraanienperinto.fi\/index.php\/wp-json\/wp\/v2\/types\/page"}],"author":[{"embeddable":true,"href":"https:\/\/veteraanienperinto.fi\/index.php\/wp-json\/wp\/v2\/users\/1"}],"replies":[{"embeddable":true,"href":"https:\/\/veteraanienperinto.fi\/index.php\/wp-json\/wp\/v2\/comments?post=6724"}],"version-history":[{"count":4,"href":"https:\/\/veteraanienperinto.fi\/index.php\/wp-json\/wp\/v2\/pages\/6724\/revisions"}],"predecessor-version":[{"id":9063,"href":"https:\/\/veteraanienperinto.fi\/index.php\/wp-json\/wp\/v2\/pages\/6724\/revisions\/9063"}],"up":[{"embeddable":true,"href":"https:\/\/veteraanienperinto.fi\/index.php\/wp-json\/wp\/v2\/pages\/5935"}],"wp:attachment":[{"href":"https:\/\/veteraanienperinto.fi\/index.php\/wp-json\/wp\/v2\/media?parent=6724"}],"curies":[{"name":"wp","href":"https:\/\/api.w.org\/{rel}","templated":true}]}}