{"id":6809,"date":"2020-11-19T15:34:19","date_gmt":"2020-11-19T15:34:19","guid":{"rendered":"https:\/\/veteraani.ylirotu.fi\/?page_id=6809"},"modified":"2020-12-18T13:45:20","modified_gmt":"2020-12-18T13:45:20","slug":"som-krigsbarn-till-danmark","status":"publish","type":"page","link":"https:\/\/veteraanienperinto.fi\/index.php\/sv\/infobank\/berattelser-info\/krigstidens-barn\/som-krigsbarn-till-danmark\/","title":{"rendered":"Som krigsbarn till Danmark"},"content":{"rendered":"\n<style type=\"text\/css\" data-created_by=\"avia_inline_auto\" id=\"style-css-av-kiubqg3l-666233a3094dd15ba1ea8aa85e8218be\">\n#top .av-special-heading.av-kiubqg3l-666233a3094dd15ba1ea8aa85e8218be{\npadding-bottom:10px;\n}\nbody .av-special-heading.av-kiubqg3l-666233a3094dd15ba1ea8aa85e8218be .av-special-heading-tag .heading-char{\nfont-size:25px;\n}\n.av-special-heading.av-kiubqg3l-666233a3094dd15ba1ea8aa85e8218be .av-subheading{\nfont-size:15px;\n}\n<\/style>\n<div  class='av-special-heading av-kiubqg3l-666233a3094dd15ba1ea8aa85e8218be av-special-heading-h3  avia-builder-el-0  el_before_av_textblock  avia-builder-el-first '><h3 class='av-special-heading-tag'  itemprop=\"headline\"  >Som krigsbarn till Danmark<\/h3><div class=\"special-heading-border\"><div class=\"special-heading-inner-border\"><\/div><\/div><\/div>\n<section  class='av_textblock_section av-kek0ol8w-0f04af88ec907b2c66cea4bf3dbe1d4c '   itemscope=\"itemscope\" itemtype=\"https:\/\/schema.org\/CreativeWork\" ><div class='avia_textblock'  itemprop=\"text\" ><div class=\"art-article\">\n<p><strong>Anna-Liisa Pentinmikko<\/strong><\/p>\n<p><img loading=\"lazy\" decoding=\"async\" class=\"alignright wp-image-3311 size-medium\" src=\"https:\/\/veteraanienperinto.fi\/wp-content\/uploads\/2020\/09\/sotalapset-300x286.jpg\" alt=\"\" width=\"300\" height=\"286\" srcset=\"https:\/\/veteraanienperinto.fi\/wp-content\/uploads\/2020\/09\/sotalapset-300x286.jpg 300w, https:\/\/veteraanienperinto.fi\/wp-content\/uploads\/2020\/09\/sotalapset.jpg 487w\" sizes=\"auto, (max-width: 300px) 100vw, 300px\" \/>P\u00e5 h\u00f6sten 1941 for vi som krigsbarn till Danmark. V\u00e5r resa b\u00f6rjade p\u00e5 Kurikka station. D\u00e5 jag l\u00e4mnade hemmet tittade jag \u00e4nnu tillbaka: d\u00e4r blev en liten gr\u00e5 stuga kvar, p\u00e5 trappan vinkade syster Kerttu. Det k\u00e4ndes s\u00e5 h\u00e4rligt d\u00e5 vi f\u00e5tt nya kl\u00e4der f\u00f6r resan. P\u00e5 stationen var vi 14 barn med lappar kring halsen. D\u00e5 jag steg p\u00e5 t\u00e5get h\u00f6rde jag mammas f\u00f6rtvivlade rop: &#8221;Liisa, sk\u00f6t om ungarna!&#8221; Min syster var fyra, min bror tv\u00e5 och jag var nio \u00e5r. Jag f\u00f6rs\u00f6kte uppfylla mors beg\u00e4ran genom att sk\u00f6ta om de mindre. P\u00e5 fartyget inspirerades jag att torka ocks\u00e5 m\u00e5nga andra barns stj\u00e4rtar, vilket gjorde att lottorna som var d\u00e4r f\u00f6rundrade sig.<\/p>\n<p>D\u00e5 vi kommit till K\u00f6penhamn var vi n\u00e5gra dagar p\u00e5 ett barnhem d\u00e4r vi blev l\u00e4karunders\u00f6kta. D\u00e4rifr\u00e5n b\u00f6rjade man f\u00f6rdela oss till olika h\u00e5ll i Danmark. Vi var i den grupp som s\u00e4ndes till \u00f6n M\u00f6en. Hem ordnades f\u00f6r oss i staden Stegen. Min syster kom till domare Pedersen, min bror till f\u00e4rghandlare Jensen. Jag fick mitt hem p\u00e5 pr\u00e4stg\u00e5rden i Stegen. Vi bodde alla n\u00e4ra varandra, s\u00e5 vi s\u00e5g varandra ofta. Genast b\u00f6rjade jag skriva om det nya till mor: &#8221;Nog \u00e4r det bra att vara h\u00e4r, jag har redan f\u00e5tt ett \u00e4pple och en n\u00e4sduk&#8221;. Det var mycket att l\u00e4ra, livet var helt annat \u00e4n hemma. Vi anpassade oss dock snart till det nya livet.<\/p>\n<p>Genast f\u00f6ljande \u00e5r b\u00f6rjade jag i skolan. Under den f\u00f6rsta skoldagen st\u00e4llde l\u00e4raren varje elev framf\u00f6r mig och jag m\u00e5ste s\u00e4ga deras namn efter l\u00e4raren. Naturligtvis uttalade jag namnen alldeles fel och hela klassen brast ut i skratt. Tillsammans med mina fosterf\u00f6r\u00e4ldrar gick jag ofta i kyrkan och bes\u00f6kte \u00e5lderdomshemmen, d\u00e4r jag fann m\u00e5nga nya v\u00e4nner. P\u00e5 kv\u00e4llarna k\u00e4ndes det emellan\u00e5t tr\u00e5kigt och vemodigt, men hemmet i Finland var som en fj\u00e4rran dr\u00f6m.<\/p>\n<p>Slutligen kom bud om att barn \u00e5ters\u00e4ndes till Finland, trots att f\u00f6rh\u00e5llandena i hemlandet var d\u00e5liga. Det var sv\u00e5rt att v\u00e4nja sig vid n\u00f6den, men mors och fars k\u00e4rlek \u00f6vervann alla sv\u00e5righeter. Finska spr\u00e5ket var bristf\u00e4lligt s\u00e5 man pratade det man kunde. L\u00e4rarna hade problem, d\u00e5 vi kom b\u00e5de fr\u00e5n Sverige och Danmark. Man l\u00e4t oss f\u00f6rst\u00e5, att nu var det slut med de fr\u00e4mmande spr\u00e5ken, annars skulle det bli stryk. Genom inl\u00e4rningen kom finska spr\u00e5ket tillbaka.<\/p>\n<p>Vi flickor for hem men v\u00e5r bror stannade f\u00f6r gott i Danmark. Fosterf\u00f6r\u00e4ldrarna sl\u00e4ppte inte honom.<\/p>\n<p>Med gl\u00e4dje minns jag min krigsbarnstid och med gl\u00e4dje har jag bevarat danska spr\u00e5ket.<\/p>\n<\/div>\n<\/div><\/section>\n","protected":false},"excerpt":{"rendered":"","protected":false},"author":1,"featured_media":0,"parent":6801,"menu_order":1,"comment_status":"closed","ping_status":"closed","template":"","meta":{"footnotes":""},"class_list":["post-6809","page","type-page","status-publish","hentry"],"yoast_head":"<!-- This site is optimized with the Yoast SEO plugin v27.5 - https:\/\/yoast.com\/product\/yoast-seo-wordpress\/ -->\n<title>Som krigsbarn till Danmark - Veteraanien Perint\u00f6<\/title>\n<meta name=\"robots\" content=\"index, follow, max-snippet:-1, max-image-preview:large, max-video-preview:-1\" \/>\n<link rel=\"canonical\" href=\"https:\/\/veteraanienperinto.fi\/index.php\/sv\/infobank\/berattelser-info\/krigstidens-barn\/som-krigsbarn-till-danmark\/\" \/>\n<meta property=\"og:locale\" content=\"fi_FI\" \/>\n<meta property=\"og:type\" content=\"article\" \/>\n<meta property=\"og:title\" content=\"Som krigsbarn till Danmark - Veteraanien Perint\u00f6\" \/>\n<meta property=\"og:url\" content=\"https:\/\/veteraanienperinto.fi\/index.php\/sv\/infobank\/berattelser-info\/krigstidens-barn\/som-krigsbarn-till-danmark\/\" \/>\n<meta property=\"og:site_name\" content=\"Veteraanien Perint\u00f6\" \/>\n<meta property=\"article:modified_time\" content=\"2020-12-18T13:45:20+00:00\" \/>\n<meta property=\"og:image\" content=\"https:\/\/veteraanienperinto.fi\/wp-content\/uploads\/2020\/09\/sotalapset-300x286.jpg\" \/>\n<meta name=\"twitter:card\" content=\"summary_large_image\" \/>\n<meta name=\"twitter:label1\" content=\"Arvioitu lukuaika\" \/>\n\t<meta name=\"twitter:data1\" content=\"3 minuuttia\" \/>\n<script type=\"application\/ld+json\" class=\"yoast-schema-graph\">{\"@context\":\"https:\\\/\\\/schema.org\",\"@graph\":[{\"@type\":\"WebPage\",\"@id\":\"https:\\\/\\\/veteraanienperinto.fi\\\/index.php\\\/sv\\\/infobank\\\/berattelser-info\\\/krigstidens-barn\\\/som-krigsbarn-till-danmark\\\/\",\"url\":\"https:\\\/\\\/veteraanienperinto.fi\\\/index.php\\\/sv\\\/infobank\\\/berattelser-info\\\/krigstidens-barn\\\/som-krigsbarn-till-danmark\\\/\",\"name\":\"Som krigsbarn till Danmark - Veteraanien Perint\u00f6\",\"isPartOf\":{\"@id\":\"https:\\\/\\\/veteraanienperinto.fi\\\/#website\"},\"primaryImageOfPage\":{\"@id\":\"https:\\\/\\\/veteraanienperinto.fi\\\/index.php\\\/sv\\\/infobank\\\/berattelser-info\\\/krigstidens-barn\\\/som-krigsbarn-till-danmark\\\/#primaryimage\"},\"image\":{\"@id\":\"https:\\\/\\\/veteraanienperinto.fi\\\/index.php\\\/sv\\\/infobank\\\/berattelser-info\\\/krigstidens-barn\\\/som-krigsbarn-till-danmark\\\/#primaryimage\"},\"thumbnailUrl\":\"https:\\\/\\\/veteraanienperinto.fi\\\/wp-content\\\/uploads\\\/2020\\\/09\\\/sotalapset-300x286.jpg\",\"datePublished\":\"2020-11-19T15:34:19+00:00\",\"dateModified\":\"2020-12-18T13:45:20+00:00\",\"breadcrumb\":{\"@id\":\"https:\\\/\\\/veteraanienperinto.fi\\\/index.php\\\/sv\\\/infobank\\\/berattelser-info\\\/krigstidens-barn\\\/som-krigsbarn-till-danmark\\\/#breadcrumb\"},\"inLanguage\":\"fi\",\"potentialAction\":[{\"@type\":\"ReadAction\",\"target\":[\"https:\\\/\\\/veteraanienperinto.fi\\\/index.php\\\/sv\\\/infobank\\\/berattelser-info\\\/krigstidens-barn\\\/som-krigsbarn-till-danmark\\\/\"]}]},{\"@type\":\"ImageObject\",\"inLanguage\":\"fi\",\"@id\":\"https:\\\/\\\/veteraanienperinto.fi\\\/index.php\\\/sv\\\/infobank\\\/berattelser-info\\\/krigstidens-barn\\\/som-krigsbarn-till-danmark\\\/#primaryimage\",\"url\":\"https:\\\/\\\/veteraanienperinto.fi\\\/wp-content\\\/uploads\\\/2020\\\/09\\\/sotalapset.jpg\",\"contentUrl\":\"https:\\\/\\\/veteraanienperinto.fi\\\/wp-content\\\/uploads\\\/2020\\\/09\\\/sotalapset.jpg\",\"width\":487,\"height\":465},{\"@type\":\"BreadcrumbList\",\"@id\":\"https:\\\/\\\/veteraanienperinto.fi\\\/index.php\\\/sv\\\/infobank\\\/berattelser-info\\\/krigstidens-barn\\\/som-krigsbarn-till-danmark\\\/#breadcrumb\",\"itemListElement\":[{\"@type\":\"ListItem\",\"position\":1,\"name\":\"Etusivu\",\"item\":\"https:\\\/\\\/veteraanienperinto.fi\\\/index.php\\\/etusivu-2\\\/\"},{\"@type\":\"ListItem\",\"position\":2,\"name\":\"Infobank\",\"item\":\"https:\\\/\\\/veteraanienperinto.fi\\\/index.php\\\/sv\\\/infobank\\\/\"},{\"@type\":\"ListItem\",\"position\":3,\"name\":\"Ber\u00e4ttelser\",\"item\":\"https:\\\/\\\/veteraanienperinto.fi\\\/index.php\\\/sv\\\/infobank\\\/berattelser-info\\\/\"},{\"@type\":\"ListItem\",\"position\":4,\"name\":\"Krigstidens barn\",\"item\":\"https:\\\/\\\/veteraanienperinto.fi\\\/index.php\\\/sv\\\/infobank\\\/berattelser-info\\\/krigstidens-barn\\\/\"},{\"@type\":\"ListItem\",\"position\":5,\"name\":\"Som krigsbarn till Danmark\"}]},{\"@type\":\"WebSite\",\"@id\":\"https:\\\/\\\/veteraanienperinto.fi\\\/#website\",\"url\":\"https:\\\/\\\/veteraanienperinto.fi\\\/\",\"name\":\"Veteraanien Perint\u00f6\",\"description\":\"Kadettikunta\",\"potentialAction\":[{\"@type\":\"SearchAction\",\"target\":{\"@type\":\"EntryPoint\",\"urlTemplate\":\"https:\\\/\\\/veteraanienperinto.fi\\\/?s={search_term_string}\"},\"query-input\":{\"@type\":\"PropertyValueSpecification\",\"valueRequired\":true,\"valueName\":\"search_term_string\"}}],\"inLanguage\":\"fi\"}]}<\/script>\n<!-- \/ Yoast SEO plugin. -->","yoast_head_json":{"title":"Som krigsbarn till Danmark - Veteraanien Perint\u00f6","robots":{"index":"index","follow":"follow","max-snippet":"max-snippet:-1","max-image-preview":"max-image-preview:large","max-video-preview":"max-video-preview:-1"},"canonical":"https:\/\/veteraanienperinto.fi\/index.php\/sv\/infobank\/berattelser-info\/krigstidens-barn\/som-krigsbarn-till-danmark\/","og_locale":"fi_FI","og_type":"article","og_title":"Som krigsbarn till Danmark - Veteraanien Perint\u00f6","og_url":"https:\/\/veteraanienperinto.fi\/index.php\/sv\/infobank\/berattelser-info\/krigstidens-barn\/som-krigsbarn-till-danmark\/","og_site_name":"Veteraanien Perint\u00f6","article_modified_time":"2020-12-18T13:45:20+00:00","og_image":[{"url":"https:\/\/veteraanienperinto.fi\/wp-content\/uploads\/2020\/09\/sotalapset-300x286.jpg","type":"","width":"","height":""}],"twitter_card":"summary_large_image","twitter_misc":{"Arvioitu lukuaika":"3 minuuttia"},"schema":{"@context":"https:\/\/schema.org","@graph":[{"@type":"WebPage","@id":"https:\/\/veteraanienperinto.fi\/index.php\/sv\/infobank\/berattelser-info\/krigstidens-barn\/som-krigsbarn-till-danmark\/","url":"https:\/\/veteraanienperinto.fi\/index.php\/sv\/infobank\/berattelser-info\/krigstidens-barn\/som-krigsbarn-till-danmark\/","name":"Som krigsbarn till Danmark - Veteraanien Perint\u00f6","isPartOf":{"@id":"https:\/\/veteraanienperinto.fi\/#website"},"primaryImageOfPage":{"@id":"https:\/\/veteraanienperinto.fi\/index.php\/sv\/infobank\/berattelser-info\/krigstidens-barn\/som-krigsbarn-till-danmark\/#primaryimage"},"image":{"@id":"https:\/\/veteraanienperinto.fi\/index.php\/sv\/infobank\/berattelser-info\/krigstidens-barn\/som-krigsbarn-till-danmark\/#primaryimage"},"thumbnailUrl":"https:\/\/veteraanienperinto.fi\/wp-content\/uploads\/2020\/09\/sotalapset-300x286.jpg","datePublished":"2020-11-19T15:34:19+00:00","dateModified":"2020-12-18T13:45:20+00:00","breadcrumb":{"@id":"https:\/\/veteraanienperinto.fi\/index.php\/sv\/infobank\/berattelser-info\/krigstidens-barn\/som-krigsbarn-till-danmark\/#breadcrumb"},"inLanguage":"fi","potentialAction":[{"@type":"ReadAction","target":["https:\/\/veteraanienperinto.fi\/index.php\/sv\/infobank\/berattelser-info\/krigstidens-barn\/som-krigsbarn-till-danmark\/"]}]},{"@type":"ImageObject","inLanguage":"fi","@id":"https:\/\/veteraanienperinto.fi\/index.php\/sv\/infobank\/berattelser-info\/krigstidens-barn\/som-krigsbarn-till-danmark\/#primaryimage","url":"https:\/\/veteraanienperinto.fi\/wp-content\/uploads\/2020\/09\/sotalapset.jpg","contentUrl":"https:\/\/veteraanienperinto.fi\/wp-content\/uploads\/2020\/09\/sotalapset.jpg","width":487,"height":465},{"@type":"BreadcrumbList","@id":"https:\/\/veteraanienperinto.fi\/index.php\/sv\/infobank\/berattelser-info\/krigstidens-barn\/som-krigsbarn-till-danmark\/#breadcrumb","itemListElement":[{"@type":"ListItem","position":1,"name":"Etusivu","item":"https:\/\/veteraanienperinto.fi\/index.php\/etusivu-2\/"},{"@type":"ListItem","position":2,"name":"Infobank","item":"https:\/\/veteraanienperinto.fi\/index.php\/sv\/infobank\/"},{"@type":"ListItem","position":3,"name":"Ber\u00e4ttelser","item":"https:\/\/veteraanienperinto.fi\/index.php\/sv\/infobank\/berattelser-info\/"},{"@type":"ListItem","position":4,"name":"Krigstidens barn","item":"https:\/\/veteraanienperinto.fi\/index.php\/sv\/infobank\/berattelser-info\/krigstidens-barn\/"},{"@type":"ListItem","position":5,"name":"Som krigsbarn till Danmark"}]},{"@type":"WebSite","@id":"https:\/\/veteraanienperinto.fi\/#website","url":"https:\/\/veteraanienperinto.fi\/","name":"Veteraanien Perint\u00f6","description":"Kadettikunta","potentialAction":[{"@type":"SearchAction","target":{"@type":"EntryPoint","urlTemplate":"https:\/\/veteraanienperinto.fi\/?s={search_term_string}"},"query-input":{"@type":"PropertyValueSpecification","valueRequired":true,"valueName":"search_term_string"}}],"inLanguage":"fi"}]}},"_links":{"self":[{"href":"https:\/\/veteraanienperinto.fi\/index.php\/wp-json\/wp\/v2\/pages\/6809","targetHints":{"allow":["GET"]}}],"collection":[{"href":"https:\/\/veteraanienperinto.fi\/index.php\/wp-json\/wp\/v2\/pages"}],"about":[{"href":"https:\/\/veteraanienperinto.fi\/index.php\/wp-json\/wp\/v2\/types\/page"}],"author":[{"embeddable":true,"href":"https:\/\/veteraanienperinto.fi\/index.php\/wp-json\/wp\/v2\/users\/1"}],"replies":[{"embeddable":true,"href":"https:\/\/veteraanienperinto.fi\/index.php\/wp-json\/wp\/v2\/comments?post=6809"}],"version-history":[{"count":3,"href":"https:\/\/veteraanienperinto.fi\/index.php\/wp-json\/wp\/v2\/pages\/6809\/revisions"}],"predecessor-version":[{"id":8537,"href":"https:\/\/veteraanienperinto.fi\/index.php\/wp-json\/wp\/v2\/pages\/6809\/revisions\/8537"}],"up":[{"embeddable":true,"href":"https:\/\/veteraanienperinto.fi\/index.php\/wp-json\/wp\/v2\/pages\/6801"}],"wp:attachment":[{"href":"https:\/\/veteraanienperinto.fi\/index.php\/wp-json\/wp\/v2\/media?parent=6809"}],"curies":[{"name":"wp","href":"https:\/\/api.w.org\/{rel}","templated":true}]}}