{"id":6850,"date":"2020-11-19T15:46:08","date_gmt":"2020-11-19T15:46:08","guid":{"rendered":"https:\/\/veteraani.ylirotu.fi\/?page_id=6850"},"modified":"2020-12-18T14:24:06","modified_gmt":"2020-12-18T14:24:06","slug":"en-for-alla","status":"publish","type":"page","link":"https:\/\/veteraanienperinto.fi\/index.php\/sv\/infobank\/berattelser-info\/utlandska-frivilliga-i-finland\/en-for-alla\/","title":{"rendered":"En f\u00f6r alla&#8230;"},"content":{"rendered":"\n<style type=\"text\/css\" data-created_by=\"avia_inline_auto\" id=\"style-css-av-kiud5k6d-0da4fc54015df592417fe328eb373dd6\">\n#top .av-special-heading.av-kiud5k6d-0da4fc54015df592417fe328eb373dd6{\npadding-bottom:10px;\n}\nbody .av-special-heading.av-kiud5k6d-0da4fc54015df592417fe328eb373dd6 .av-special-heading-tag .heading-char{\nfont-size:25px;\n}\n.av-special-heading.av-kiud5k6d-0da4fc54015df592417fe328eb373dd6 .av-subheading{\nfont-size:15px;\n}\n<\/style>\n<div  class='av-special-heading av-kiud5k6d-0da4fc54015df592417fe328eb373dd6 av-special-heading-h3  avia-builder-el-0  el_before_av_textblock  avia-builder-el-first '><h3 class='av-special-heading-tag'  itemprop=\"headline\"  >En f\u00f6r alla&#8230;<\/h3><div class=\"special-heading-border\"><div class=\"special-heading-inner-border\"><\/div><\/div><\/div>\n<section  class='av_textblock_section av-kek0ol8w-0f04af88ec907b2c66cea4bf3dbe1d4c '   itemscope=\"itemscope\" itemtype=\"https:\/\/schema.org\/CreativeWork\" ><div class='avia_textblock'  itemprop=\"text\" ><div class=\"art-article\">\n<p><strong>Harry J\u00e4rv:<\/strong><\/p>\n<p><img loading=\"lazy\" decoding=\"async\" class=\"size-full wp-image-3555 alignright\" src=\"https:\/\/veteraanienperinto.fi\/wp-content\/uploads\/2020\/09\/jarv1.jpg\" alt=\"\" width=\"200\" height=\"294\" \/>Natten till den 4 september 1943 var jag tillsammans med fem kamrater p\u00e5 v\u00e4g till v\u00e5r egen sida efter ett spaningsuppdrag bakom fiendens linje &#8211; det var under st\u00e4llningskriget, d\u00e5 fronten var fastl\u00e5st i flera \u00e5r. Jag f\u00f6rs\u00f6kte f\u00f6lja exakt samma v\u00e4g som vi hade tagit n\u00e4r vi gick igenom \u00e5t andra h\u00e5llet; vi hade d\u00e5 r\u00f6jt en smal v\u00e4g genom v\u00e5r motparts minf\u00e4lt, som bestod av b\u00e5de r\u00f6r- och trampminor. I m\u00f6rkret r\u00e5kade jag komma n\u00e5got bredvid den minfria stigen och steg p\u00e5 en mina som slet av min v\u00e4nstra fot.<\/p>\n<p>Detta var en vanlig skada, vi hade alltid en l\u00e4derrem i ammunitionsv\u00e4skan f\u00f6r att stoppa blodfl\u00f6det i s\u00e5dana fall. Jag drog till remmen ovanf\u00f6r kn\u00e4et och b\u00f6rjade krypande desarmera minor f\u00f6r att \u00f6ppna en ny v\u00e4g. Vi hade stor erfarenhet av minor, ocks\u00e5 av att hantera dem i m\u00f6rker. Man k\u00e4nner sig f\u00f6rsiktigt f\u00f6r med handen f\u00f6r att lokalisera dem &#8211; de var placerade enligt ett system som vi k\u00e4nde v\u00e4l till &#8211; lyfter upp locket med v\u00e4nster hand och drar ur slagstiftet med h\u00f6ger hand. Vi beh\u00f6vde spr\u00e4ng\u00e4mne f\u00f6r att luckra upp den h\u00e5rda leran vid skyttegravsgr\u00e4vning och korsubyggen och samlade d\u00e4rf\u00f6r trotyl i v\u00e5r motst\u00e5ndares minf\u00e4lt, av s\u00e4kerhetssk\u00e4l helst nattetid.<\/p>\n<p>Sm\u00e4llen r\u00f6jde v\u00e5r n\u00e4rvaro, men som vanligt gick kulk\u00e4rvarna f\u00f6r h\u00f6gt, eftersom vi nu tog oss fram krypande. Men jag blev s\u00e5 sm\u00e5ningom tr\u00f6tt, och f\u00f6r att inte bli en belastning f\u00f6r mina kamrater uppmanade jag dem att f\u00f6rs\u00f6ka ta sig d\u00e4rifr\u00e5n p\u00e5 egen hand. De kr\u00f6p i v\u00e4g, jag l\u00e5g kvar under susande granar och t\u00e4nkte p\u00e5 alla b\u00f6cker som jag \u00e4nnu inte hade hunnit l\u00e4sa och alla vackra flickor som jag inte hunnit se. Endast f\u00f6r de n\u00e4rmaste tv\u00e5- tre timmarna hade jag konkreta planer, som g\u00e4llde vad jag trodde skulle bli min sista konfrontation med v\u00e5ra motst\u00e5ndare; f\u00f6re gryningen skulle de s\u00e4kerligen inte g\u00e5 in i sitt eget minf\u00e4lt.<\/p>\n<div id=\"attachment_3556\" style=\"width: 260px\" class=\"wp-caption alignleft\"><img loading=\"lazy\" decoding=\"async\" aria-describedby=\"caption-attachment-3556\" class=\"wp-image-3556 size-full\" src=\"https:\/\/veteraanienperinto.fi\/wp-content\/uploads\/2020\/09\/jarv2-1.jpg\" alt=\"\" width=\"250\" height=\"271\" \/><p id=\"caption-attachment-3556\" class=\"wp-caption-text\">Harry J\u00e4rv, under st\u00e4llningskriget chef f\u00f6r st\u00f6djepunkten Dammen i IR 61, i gryningen den 4 juli 1942 efter en operation mot en fientlig st\u00f6djepunkt i sovjetiska IR 1061. (Foto: Victor Rosberg)<\/p><\/div>\n<p>Men efter en stund, en kvart kanske, kom de fem tillbakakrypande och deklarerade att alla eller ingen skulle hem. De hade \u00e5terupplivat den gamla regeln &#8221;en f\u00f6r alla och alla f\u00f6r en&#8221;, som \u00e4r k\u00e4nd fr\u00e5n politiken (Uppsala m\u00f6te 1593), fr\u00e5n lagstiftningen (den finns b\u00e5de i handelsbalken och i strafflagen, om skadest\u00e5ndsskyldighet) och mest likt v\u00e5r egen situation &#8211; fr\u00e5n litteraturen (Alexandre Dumas&#8217; &#8221;De tre musket\u00f6rerna&#8221;, 1844). Mina kamrater hade hittat p\u00e5 detta helt sj\u00e4lvst\u00e4ndigt, utan p\u00e5verkan av sina f\u00f6reg\u00e5ngare, m\u00f6jligen med undantag r\u00f6r Dumas.<\/p>\n<p>Jag hade inga v\u00e4gande inv\u00e4ndningar mot att \u00e4ndra min plan, varje normal 22-\u00e5ring vill ju leva. Det ledde till att vi till slut var fyra s\u00e5rade, men alla \u00f6verlevde.<\/p>\n<p>Eftersom jag hade stoppat blodfl\u00f6det helt, k\u00e4ndes det efter vid pass en timme som om benet skulle spr\u00e4ngas. Jag avl\u00e4gsnade remmen f\u00f6r att l\u00e4tta p\u00e5 trycket. Av blodf\u00f6rlusten blev jag t\u00f6rstig, s\u00e5 p\u00e5 v\u00e4g hem, n\u00e4r de sl\u00e4pade mig \u00f6ver ett k\u00e4rr, \u00e5t jag gyttja f\u00f6r att f\u00e5 n\u00e5gon v\u00e4tska i mig.<\/p>\n<p>V\u00e4l framme hos de egna, ungef\u00e4r ett par timmar efter sm\u00e4llen, togs vi emot av bl. a. bataljonsl\u00e4karen Torsten Bj\u00f6rkwall. Jag var den sv\u00e5rast skadade, s\u00e5 han tog hand om mig f\u00f6rst. Han hade haft ett parti flaskor med blodplasma djupt nedgr\u00e4vda i den kalla leran och var nu ivrig att pr\u00f6va p\u00e5 mig om blodtransfusion var m\u00f6jlig ute i frontlinjen; s\u00e5vitt jag vet hade ingen f\u00f6rs\u00f6kt n\u00e5got s\u00e5dant f\u00f6rut.<\/p>\n<p>Han \u00f6ppnade \u00e5dern i mitt armveck med en slidkniv och h\u00e4llde i mig tre flaskor. Sedan snyggade han till benstumpen, avl\u00e4gsnade on\u00f6diga, kvarh\u00e4ngande partier och f\u00f6rband benet.<\/p>\n<p>F\u00f6r n\u00e5gra \u00e5r sedan tr\u00e4ffade jag honom och kunde d\u00e5 tacka honom f\u00f6r hans insats natten till den 4 september 1943. Han kom ih\u00e5g h\u00e4ndelsen v\u00e4l efter ett halvsekel, eftersom den var en medicinsk framg\u00e5ng f\u00f6r honom.<\/p>\n<div id=\"attachment_3557\" style=\"width: 310px\" class=\"wp-caption alignright\"><img loading=\"lazy\" decoding=\"async\" aria-describedby=\"caption-attachment-3557\" class=\"wp-image-3557 size-full\" src=\"https:\/\/veteraanienperinto.fi\/wp-content\/uploads\/2020\/09\/jarv3.jpg\" alt=\"\" width=\"300\" height=\"218\" \/><p id=\"caption-attachment-3557\" class=\"wp-caption-text\">Karl Rosenl\u00f6f tar sig igenom en rysk bevakningslinje den 2 september 1943 genom att krypa fram under hindren, s\u00e5 diskret att vaktposterna som bevakar f\u00f6rhuggningen ingenting m\u00e4rker. Tack vare yttersta f\u00f6rsiktighet lyckades J\u00e4rvs trupp alltid klara detta kritiska moment obem\u00e4rkt. (Foto: Harry J\u00e4rv)<\/p><\/div>\n<p>Ett par timmar senare var vi framme vid F\u00e4ltsjukhus 38 i Vaaseni. Det var sent p\u00e5 natten, endast en sjukv\u00e5rdssoldat var vaken. Han var m\u00e4rkbart irriterad \u00f6ver att bli st\u00f6rd. Jag var fortfarande t\u00f6rstig, och fast\u00e4n jag visste att kroppen reagerar mot v\u00e4tska efter en sv\u00e5r kroppsskada bad jag att f\u00e5 n\u00e5got att dricka, men han reagerade inte.<\/p>\n<p>Jag blev i min tur irriterad \u00f6ver hans nonchalans. Ammunitionsv\u00e4skan h\u00e4ngde fortfarande kvar \u00f6ver axeln, s\u00e5 jag tog en fulladdad trumkassett till kpisten och kastade den p\u00e5 honom. Jag l\u00e5g p\u00e5 rygg p\u00e5 ett operationsbord och var dessutom i en formsvacka efter skadan, s\u00e5 jag fick ingen riktig kraft i kastet, vilket fortfarande gr\u00e4mer mig. Resultatet var att hans irritation trappades upp. Han s\u00f6vde ned mig med eter. N\u00e4r jag vaknade upp ur narkosen var jag snyggt, men inte s\u00e4rskilt sakkunnigt amputerad och hade f\u00e5tt ytterligare fyra flaskor blod i den andra armen.<\/p>\n<div id=\"attachment_3558\" style=\"width: 310px\" class=\"wp-caption alignleft\"><img loading=\"lazy\" decoding=\"async\" aria-describedby=\"caption-attachment-3558\" class=\"wp-image-3558 size-medium\" src=\"https:\/\/veteraanienperinto.fi\/wp-content\/uploads\/2020\/09\/jarv4-300x195.jpg\" alt=\"\" width=\"300\" height=\"195\" srcset=\"https:\/\/veteraanienperinto.fi\/wp-content\/uploads\/2020\/09\/jarv4-300x195.jpg 300w, https:\/\/veteraanienperinto.fi\/wp-content\/uploads\/2020\/09\/jarv4.jpg 350w\" sizes=\"auto, (max-width: 300px) 100vw, 300px\" \/><p id=\"caption-attachment-3558\" class=\"wp-caption-text\">Ragnar \u00d6stman tas om hand sedan han den 7 mars 1943 skjutits genom br\u00f6stet av den ryske prickskytten Smirnov, som satt uppe i en gran och hade god utsikt \u00f6ver st\u00f6djepunkten Dammen. \u00d6stman, som \u00e5terkom efter cirka tre m\u00e5nader, var den 2 juli 1943 med om att oskadligg\u00f6ra prickskytten, men stupade n\u00e5gra veckor senare, den 26 juli. (Foto: Harry J\u00e4rv)<\/p><\/div>\n<p>Jag var nu inne i det milit\u00e4ra sjukhussystemet. Efter sex dygn transporterades jag till krigssjukhuset i Petroskoi (Petrozavodsk), d\u00e4r jag l\u00e5g i en m\u00e5nad. N\u00e4r jag skulle l\u00e4mna detta sjukhus och f\u00f6r f\u00f6rsta g\u00e5ngen p\u00e5 l\u00e4nge ta p\u00e5 mig uniformen visade det sig att byxorna var s\u00f6ndertrasade av minexplosionen. Avdelningssk\u00f6terskan sydde ihop resterna s\u00e5 att jag blev n\u00e5gorlunda presentabel. Efter en kort vistelse p\u00e5 Siilinj\u00e4rvi krigssjukhus utanf\u00f6r Kuopio kunde jag p\u00e5 egen hand ta mig till krigssjukhuset i Vasa, n\u00e4ra min hemort, d\u00e4r en ny amputation gjordes den 16 oktober 1943 av Kasten Sl\u00e4tis; den kr\u00e4vde dock en kompletterande operation den 5 februari 1944.<\/p>\n<p>I sjukhusets verkstad f\u00e4ste jag p\u00e5 nedre delen av en kasserad krycka en liten plattform p\u00e5 vilken jag kunde placera kn\u00e4et, s\u00e5 att jag kunde g\u00e5 utan kryckor trots att amputationss\u00e5ret inte var l\u00e4kt. N\u00e5gon p\u00e5 sjukhuset s\u00e4nde in en beskrivning av denna praktiska uppfinning till R\u00f6da korset; jag hoppas att andra ocks\u00e5 har kunnat nyttigg\u00f6ra den. P\u00e5 permission hemma gjorde jag sedan en riktig protes, ocks\u00e5 den konstruerad f\u00f6r anv\u00e4ndning med fortfarande \u00f6ppet s\u00e5r. En bysmed som jag k\u00e4nde sedan min barndom hj\u00e4lpte mig med metalldelarna.<\/p>\n<p>Genom R\u00f6da korsets f\u00f6rmedling v\u00e5rdades jag fr.o.m. v\u00e5ren 1944 i Sverige. P\u00e5 S:t G\u00f6rans sjukhus i Stockholm fyllde sv\u00e5rt s\u00e5rade finl\u00e4ndska krigsinvalider en hel avdelning. P\u00e5 ett of\u00f6rgl\u00f6mligt s\u00e4tt omh\u00e4ndertogs vi av sjuksk\u00f6terskan Margit Lindmark. D\u00e4r opererades mitt ben en sista g\u00e5ng i maj 1944.<br \/>\nEtt par invalider som l\u00e5g i samma rum kommer jag ih\u00e5g s\u00e4rskilt v\u00e4l. En patient som inte f\u00f6rstod svenska fr\u00e5gade mig efter en rond vad l\u00e4karna hade sagt om honom. Jag ber\u00e4ttade att de hade konstaterat att han hade h\u00e5l p\u00e5 tarmarna s\u00e5 att f\u00f6dan rann ut i magen. Hans kommentar var att det i s\u00e5 fall inte fanns mycket hopp f\u00f6r honom. Han dog ocks\u00e5 kort d\u00e4refter. En annan var s\u00e5 illa skadad i nacken att han inte kunde r\u00f6ra sig, och han hade ocks\u00e5 talsv\u00e5righeter. Han var familjefar och hade ett foto av sin familj, hustru och fem barn, p\u00e5 nattduksbordet. Vi som hade lindriga skador v\u00e4nde honom i s\u00e4ngen varje morgon s\u00e5 att han kunde ligga och betrakta detta foto hela dagen.<\/p>\n<p>Konvalescenstiden tillbringade jag p\u00e5 Salsta slott i Uppland, d\u00e4r friherrinnan Wera von Essen under krigs\u00e5ren tog emot ett 60-tal finl\u00e4ndska krigsinvalider. P\u00e5 sommaren fick jag, n\u00e5got f\u00f6rdr\u00f6jd av den stora metallarbetarstrejken, en riktig protes och kunde kasta min hemlagade. Den kirurg i Vasa som tidigare reamputerat mig fann att jag var i s\u00e5 gott skick att han klassade mig som frontduglig, och jag \u00e5terv\u00e4nde till mitt regemente p\u00e5 sensommaren 1944. Regementet uppl\u00f6stes i november 1944, kriget var slut och jag kunde inleda mina studier, f\u00f6rst vid universitetet i Helsingfors, senare i Uppsala.<\/p>\n<p>Fr\u00e5n senh\u00f6sten 1939 till senh\u00f6sten 1944 var jag engagerad i tv\u00e5 krig, med en paus f\u00f6r skolg\u00e5ng ett l\u00e4s\u00e5r d\u00e5 en os\u00e4ker fred r\u00e5dde fr\u00e5n v\u00e5ren 1940 till sommaren 1941. N\u00e5gon milit\u00e4rtj\u00e4nstg\u00f6ring i fredstid har jag inte upplevt. Mina erfarenheter av sjukv\u00e5rden under dess \u00e5r kunde inte ha varit b\u00e4ttre.<\/p>\n<p><em><strong>Ur Boken<\/strong>: Bengt Nordell, De sista offren<\/em><\/p>\n<\/div>\n<\/div><\/section>\n","protected":false},"excerpt":{"rendered":"","protected":false},"author":1,"featured_media":0,"parent":6845,"menu_order":0,"comment_status":"closed","ping_status":"closed","template":"","meta":{"footnotes":""},"class_list":["post-6850","page","type-page","status-publish","hentry"],"yoast_head":"<!-- This site is optimized with the Yoast SEO plugin v27.5 - https:\/\/yoast.com\/product\/yoast-seo-wordpress\/ -->\n<title>En f\u00f6r alla... - Veteraanien Perint\u00f6<\/title>\n<meta name=\"robots\" content=\"index, follow, max-snippet:-1, max-image-preview:large, max-video-preview:-1\" \/>\n<link rel=\"canonical\" href=\"https:\/\/veteraanienperinto.fi\/index.php\/sv\/infobank\/berattelser-info\/utlandska-frivilliga-i-finland\/en-for-alla\/\" \/>\n<meta property=\"og:locale\" content=\"fi_FI\" \/>\n<meta property=\"og:type\" content=\"article\" \/>\n<meta property=\"og:title\" content=\"En f\u00f6r alla... - Veteraanien Perint\u00f6\" \/>\n<meta property=\"og:url\" content=\"https:\/\/veteraanienperinto.fi\/index.php\/sv\/infobank\/berattelser-info\/utlandska-frivilliga-i-finland\/en-for-alla\/\" \/>\n<meta property=\"og:site_name\" content=\"Veteraanien Perint\u00f6\" \/>\n<meta property=\"article:modified_time\" content=\"2020-12-18T14:24:06+00:00\" \/>\n<meta property=\"og:image\" content=\"https:\/\/veteraanienperinto.fi\/wp-content\/uploads\/2020\/09\/jarv1.jpg\" \/>\n<meta name=\"twitter:card\" content=\"summary_large_image\" \/>\n<meta name=\"twitter:label1\" content=\"Arvioitu lukuaika\" \/>\n\t<meta name=\"twitter:data1\" content=\"9 minuuttia\" \/>\n<script type=\"application\/ld+json\" class=\"yoast-schema-graph\">{\"@context\":\"https:\\\/\\\/schema.org\",\"@graph\":[{\"@type\":\"WebPage\",\"@id\":\"https:\\\/\\\/veteraanienperinto.fi\\\/index.php\\\/sv\\\/infobank\\\/berattelser-info\\\/utlandska-frivilliga-i-finland\\\/en-for-alla\\\/\",\"url\":\"https:\\\/\\\/veteraanienperinto.fi\\\/index.php\\\/sv\\\/infobank\\\/berattelser-info\\\/utlandska-frivilliga-i-finland\\\/en-for-alla\\\/\",\"name\":\"En f\u00f6r alla... - Veteraanien Perint\u00f6\",\"isPartOf\":{\"@id\":\"https:\\\/\\\/veteraanienperinto.fi\\\/#website\"},\"primaryImageOfPage\":{\"@id\":\"https:\\\/\\\/veteraanienperinto.fi\\\/index.php\\\/sv\\\/infobank\\\/berattelser-info\\\/utlandska-frivilliga-i-finland\\\/en-for-alla\\\/#primaryimage\"},\"image\":{\"@id\":\"https:\\\/\\\/veteraanienperinto.fi\\\/index.php\\\/sv\\\/infobank\\\/berattelser-info\\\/utlandska-frivilliga-i-finland\\\/en-for-alla\\\/#primaryimage\"},\"thumbnailUrl\":\"https:\\\/\\\/veteraanienperinto.fi\\\/wp-content\\\/uploads\\\/2020\\\/09\\\/jarv1.jpg\",\"datePublished\":\"2020-11-19T15:46:08+00:00\",\"dateModified\":\"2020-12-18T14:24:06+00:00\",\"breadcrumb\":{\"@id\":\"https:\\\/\\\/veteraanienperinto.fi\\\/index.php\\\/sv\\\/infobank\\\/berattelser-info\\\/utlandska-frivilliga-i-finland\\\/en-for-alla\\\/#breadcrumb\"},\"inLanguage\":\"fi\",\"potentialAction\":[{\"@type\":\"ReadAction\",\"target\":[\"https:\\\/\\\/veteraanienperinto.fi\\\/index.php\\\/sv\\\/infobank\\\/berattelser-info\\\/utlandska-frivilliga-i-finland\\\/en-for-alla\\\/\"]}]},{\"@type\":\"ImageObject\",\"inLanguage\":\"fi\",\"@id\":\"https:\\\/\\\/veteraanienperinto.fi\\\/index.php\\\/sv\\\/infobank\\\/berattelser-info\\\/utlandska-frivilliga-i-finland\\\/en-for-alla\\\/#primaryimage\",\"url\":\"https:\\\/\\\/veteraanienperinto.fi\\\/wp-content\\\/uploads\\\/2020\\\/09\\\/jarv1.jpg\",\"contentUrl\":\"https:\\\/\\\/veteraanienperinto.fi\\\/wp-content\\\/uploads\\\/2020\\\/09\\\/jarv1.jpg\",\"width\":200,\"height\":294},{\"@type\":\"BreadcrumbList\",\"@id\":\"https:\\\/\\\/veteraanienperinto.fi\\\/index.php\\\/sv\\\/infobank\\\/berattelser-info\\\/utlandska-frivilliga-i-finland\\\/en-for-alla\\\/#breadcrumb\",\"itemListElement\":[{\"@type\":\"ListItem\",\"position\":1,\"name\":\"Etusivu\",\"item\":\"https:\\\/\\\/veteraanienperinto.fi\\\/index.php\\\/etusivu-2\\\/\"},{\"@type\":\"ListItem\",\"position\":2,\"name\":\"Infobank\",\"item\":\"https:\\\/\\\/veteraanienperinto.fi\\\/index.php\\\/sv\\\/infobank\\\/\"},{\"@type\":\"ListItem\",\"position\":3,\"name\":\"Ber\u00e4ttelser\",\"item\":\"https:\\\/\\\/veteraanienperinto.fi\\\/index.php\\\/sv\\\/infobank\\\/berattelser-info\\\/\"},{\"@type\":\"ListItem\",\"position\":4,\"name\":\"Utl\u00e4ndska frivilliga i Finland\",\"item\":\"https:\\\/\\\/veteraanienperinto.fi\\\/index.php\\\/sv\\\/infobank\\\/berattelser-info\\\/utlandska-frivilliga-i-finland\\\/\"},{\"@type\":\"ListItem\",\"position\":5,\"name\":\"En f\u00f6r alla&#8230;\"}]},{\"@type\":\"WebSite\",\"@id\":\"https:\\\/\\\/veteraanienperinto.fi\\\/#website\",\"url\":\"https:\\\/\\\/veteraanienperinto.fi\\\/\",\"name\":\"Veteraanien Perint\u00f6\",\"description\":\"Kadettikunta\",\"potentialAction\":[{\"@type\":\"SearchAction\",\"target\":{\"@type\":\"EntryPoint\",\"urlTemplate\":\"https:\\\/\\\/veteraanienperinto.fi\\\/?s={search_term_string}\"},\"query-input\":{\"@type\":\"PropertyValueSpecification\",\"valueRequired\":true,\"valueName\":\"search_term_string\"}}],\"inLanguage\":\"fi\"}]}<\/script>\n<!-- \/ Yoast SEO plugin. -->","yoast_head_json":{"title":"En f\u00f6r alla... - Veteraanien Perint\u00f6","robots":{"index":"index","follow":"follow","max-snippet":"max-snippet:-1","max-image-preview":"max-image-preview:large","max-video-preview":"max-video-preview:-1"},"canonical":"https:\/\/veteraanienperinto.fi\/index.php\/sv\/infobank\/berattelser-info\/utlandska-frivilliga-i-finland\/en-for-alla\/","og_locale":"fi_FI","og_type":"article","og_title":"En f\u00f6r alla... - Veteraanien Perint\u00f6","og_url":"https:\/\/veteraanienperinto.fi\/index.php\/sv\/infobank\/berattelser-info\/utlandska-frivilliga-i-finland\/en-for-alla\/","og_site_name":"Veteraanien Perint\u00f6","article_modified_time":"2020-12-18T14:24:06+00:00","og_image":[{"url":"https:\/\/veteraanienperinto.fi\/wp-content\/uploads\/2020\/09\/jarv1.jpg","type":"","width":"","height":""}],"twitter_card":"summary_large_image","twitter_misc":{"Arvioitu lukuaika":"9 minuuttia"},"schema":{"@context":"https:\/\/schema.org","@graph":[{"@type":"WebPage","@id":"https:\/\/veteraanienperinto.fi\/index.php\/sv\/infobank\/berattelser-info\/utlandska-frivilliga-i-finland\/en-for-alla\/","url":"https:\/\/veteraanienperinto.fi\/index.php\/sv\/infobank\/berattelser-info\/utlandska-frivilliga-i-finland\/en-for-alla\/","name":"En f\u00f6r alla... - Veteraanien Perint\u00f6","isPartOf":{"@id":"https:\/\/veteraanienperinto.fi\/#website"},"primaryImageOfPage":{"@id":"https:\/\/veteraanienperinto.fi\/index.php\/sv\/infobank\/berattelser-info\/utlandska-frivilliga-i-finland\/en-for-alla\/#primaryimage"},"image":{"@id":"https:\/\/veteraanienperinto.fi\/index.php\/sv\/infobank\/berattelser-info\/utlandska-frivilliga-i-finland\/en-for-alla\/#primaryimage"},"thumbnailUrl":"https:\/\/veteraanienperinto.fi\/wp-content\/uploads\/2020\/09\/jarv1.jpg","datePublished":"2020-11-19T15:46:08+00:00","dateModified":"2020-12-18T14:24:06+00:00","breadcrumb":{"@id":"https:\/\/veteraanienperinto.fi\/index.php\/sv\/infobank\/berattelser-info\/utlandska-frivilliga-i-finland\/en-for-alla\/#breadcrumb"},"inLanguage":"fi","potentialAction":[{"@type":"ReadAction","target":["https:\/\/veteraanienperinto.fi\/index.php\/sv\/infobank\/berattelser-info\/utlandska-frivilliga-i-finland\/en-for-alla\/"]}]},{"@type":"ImageObject","inLanguage":"fi","@id":"https:\/\/veteraanienperinto.fi\/index.php\/sv\/infobank\/berattelser-info\/utlandska-frivilliga-i-finland\/en-for-alla\/#primaryimage","url":"https:\/\/veteraanienperinto.fi\/wp-content\/uploads\/2020\/09\/jarv1.jpg","contentUrl":"https:\/\/veteraanienperinto.fi\/wp-content\/uploads\/2020\/09\/jarv1.jpg","width":200,"height":294},{"@type":"BreadcrumbList","@id":"https:\/\/veteraanienperinto.fi\/index.php\/sv\/infobank\/berattelser-info\/utlandska-frivilliga-i-finland\/en-for-alla\/#breadcrumb","itemListElement":[{"@type":"ListItem","position":1,"name":"Etusivu","item":"https:\/\/veteraanienperinto.fi\/index.php\/etusivu-2\/"},{"@type":"ListItem","position":2,"name":"Infobank","item":"https:\/\/veteraanienperinto.fi\/index.php\/sv\/infobank\/"},{"@type":"ListItem","position":3,"name":"Ber\u00e4ttelser","item":"https:\/\/veteraanienperinto.fi\/index.php\/sv\/infobank\/berattelser-info\/"},{"@type":"ListItem","position":4,"name":"Utl\u00e4ndska frivilliga i Finland","item":"https:\/\/veteraanienperinto.fi\/index.php\/sv\/infobank\/berattelser-info\/utlandska-frivilliga-i-finland\/"},{"@type":"ListItem","position":5,"name":"En f\u00f6r alla&#8230;"}]},{"@type":"WebSite","@id":"https:\/\/veteraanienperinto.fi\/#website","url":"https:\/\/veteraanienperinto.fi\/","name":"Veteraanien Perint\u00f6","description":"Kadettikunta","potentialAction":[{"@type":"SearchAction","target":{"@type":"EntryPoint","urlTemplate":"https:\/\/veteraanienperinto.fi\/?s={search_term_string}"},"query-input":{"@type":"PropertyValueSpecification","valueRequired":true,"valueName":"search_term_string"}}],"inLanguage":"fi"}]}},"_links":{"self":[{"href":"https:\/\/veteraanienperinto.fi\/index.php\/wp-json\/wp\/v2\/pages\/6850","targetHints":{"allow":["GET"]}}],"collection":[{"href":"https:\/\/veteraanienperinto.fi\/index.php\/wp-json\/wp\/v2\/pages"}],"about":[{"href":"https:\/\/veteraanienperinto.fi\/index.php\/wp-json\/wp\/v2\/types\/page"}],"author":[{"embeddable":true,"href":"https:\/\/veteraanienperinto.fi\/index.php\/wp-json\/wp\/v2\/users\/1"}],"replies":[{"embeddable":true,"href":"https:\/\/veteraanienperinto.fi\/index.php\/wp-json\/wp\/v2\/comments?post=6850"}],"version-history":[{"count":4,"href":"https:\/\/veteraanienperinto.fi\/index.php\/wp-json\/wp\/v2\/pages\/6850\/revisions"}],"predecessor-version":[{"id":8554,"href":"https:\/\/veteraanienperinto.fi\/index.php\/wp-json\/wp\/v2\/pages\/6850\/revisions\/8554"}],"up":[{"embeddable":true,"href":"https:\/\/veteraanienperinto.fi\/index.php\/wp-json\/wp\/v2\/pages\/6845"}],"wp:attachment":[{"href":"https:\/\/veteraanienperinto.fi\/index.php\/wp-json\/wp\/v2\/media?parent=6850"}],"curies":[{"name":"wp","href":"https:\/\/api.w.org\/{rel}","templated":true}]}}