{"id":6925,"date":"2020-11-19T16:56:18","date_gmt":"2020-11-19T16:56:18","guid":{"rendered":"https:\/\/veteraani.ylirotu.fi\/?page_id=6925"},"modified":"2021-02-01T07:29:37","modified_gmt":"2021-02-01T07:29:37","slug":"riddarna-av-mannerheimkorset","status":"publish","type":"page","link":"https:\/\/veteraanienperinto.fi\/index.php\/sv\/infobank\/videoar-pa-finska\/riddarna-av-mannerheimkorset\/","title":{"rendered":"Riddarna av Mannerheimkorset"},"content":{"rendered":"<div id='full_slider_1'  class='avia-fullwidth-slider main_color avia-shadow   avia-builder-el-0  el_before_av_heading  avia-builder-el-first   container_wrap sidebar_right'  ><\/div><div id='after_full_slider_1'  class='main_color av_default_container_wrap container_wrap sidebar_right'  ><div class='container av-section-cont-open' ><div class='template-page content  av-content-small alpha units'><div class='post-entry post-entry-type-page post-entry-6925'><div class='entry-content-wrapper clearfix'>\n\n<style type=\"text\/css\" data-created_by=\"avia_inline_auto\" id=\"style-css-av-av_heading-57eb660f147eea897856aebb0d731520\">\n#top .av-special-heading.av-av_heading-57eb660f147eea897856aebb0d731520{\npadding-bottom:10px;\n}\nbody .av-special-heading.av-av_heading-57eb660f147eea897856aebb0d731520 .av-special-heading-tag .heading-char{\nfont-size:25px;\n}\n.av-special-heading.av-av_heading-57eb660f147eea897856aebb0d731520 .av-subheading{\nfont-size:15px;\n}\n<\/style>\n<div  class='av-special-heading av-av_heading-57eb660f147eea897856aebb0d731520 av-special-heading-h2  avia-builder-el-1  el_after_av_slideshow_full  el_before_av_textblock  avia-builder-el-first '><h2 class='av-special-heading-tag'  itemprop=\"headline\"  >Riddarna av Mannerheimkorset<\/h2><div class=\"special-heading-border\"><div class=\"special-heading-inner-border\"><\/div><\/div><\/div>\n<section  class='av_textblock_section av-kfb9u0ma-7b897535570c32ab1ae517fa364d4066 '   itemscope=\"itemscope\" itemtype=\"https:\/\/schema.org\/CreativeWork\" ><div class='avia_textblock'  itemprop=\"text\" ><p>Kadetk\u00e5ren producerade en DVD-video &#8221;Is\u00e4nmaan puolustajat&#8221; i samband med &#8221;Arvet efter veterarerna&#8221; -projektet. Videon regisserades av Markku Onttonen och slutf\u00f6rdes av \u00f6verstel\u00f6jtnant Arto Kotro.<\/p>\n<\/div><\/section>\n\n<style type=\"text\/css\" data-created_by=\"avia_inline_auto\" id=\"style-css-av-52zcf-11ce51459cfa82f6927761fdb3999ec5\">\n.flex_column.av-52zcf-11ce51459cfa82f6927761fdb3999ec5{\nborder-radius:0px 0px 0px 0px;\npadding:0px 0px 0px 0px;\n}\n<\/style>\n<div  class='flex_column av-52zcf-11ce51459cfa82f6927761fdb3999ec5 av_one_half  avia-builder-el-3  el_after_av_textblock  el_before_av_one_half  first flex_column_div av-zero-column-padding  column-top-margin'     ><p><div  class='avia-video av-6hk7qu-076d4b0c194dd32a35b50802e651fe9a avia-video-4-3 av-no-preview-image avia-video-load-always av-lazyload-immediate av-lazyload-video-embed'  itemprop=\"video\" itemtype=\"https:\/\/schema.org\/VideoObject\"  data-original_url='https:\/\/youtu.be\/EgA3WQ3Yc0A'><script type='text\/html' class='av-video-tmpl'><div class='avia-iframe-wrap'><iframe loading=\"lazy\" title=\"Ritarien merkityksest\u00e4\" width=\"1500\" height=\"844\" src=\"https:\/\/www.youtube.com\/embed\/EgA3WQ3Yc0A?feature=oembed&autoplay=0&loop=0&controls=1&mute=0\" frameborder=\"0\" allow=\"accelerometer; autoplay; clipboard-write; encrypted-media; gyroscope; picture-in-picture\" allowfullscreen><\/iframe><\/div><\/script><div class='av-click-to-play-overlay'><div class=\"avia_playpause_icon\"><\/div><\/div><\/div><br \/>\n<section  class='av_textblock_section av-kdsbg70l-f5dc09215ab849fc95239b9908ea1c6a '   itemscope=\"itemscope\" itemtype=\"https:\/\/schema.org\/CreativeWork\" ><div class='avia_textblock'  itemprop=\"text\" ><p class=\"art-postheader\" style=\"text-align: center;\">Infanterigeneralen Adolf Ehrnrooth om betydelsen av riddare<\/p>\n<\/div><\/section><\/p><\/div>\n\n<style type=\"text\/css\" data-created_by=\"avia_inline_auto\" id=\"style-css-av-52zcf-b25f95918990b36f24d763a88050fad5\">\n.flex_column.av-52zcf-b25f95918990b36f24d763a88050fad5{\nborder-radius:0px 0px 0px 0px;\npadding:0px 0px 0px 0px;\n}\n<\/style>\n<div  class='flex_column av-52zcf-b25f95918990b36f24d763a88050fad5 av_one_half  avia-builder-el-6  el_after_av_one_half  el_before_av_one_half  flex_column_div av-zero-column-padding  column-top-margin'     ><p><div  class='avia-video av-4uyqdy-ea633902658e79bffbc7320cc55b1264 avia-video-4-3 av-no-preview-image avia-video-load-always av-lazyload-immediate av-lazyload-video-embed'  itemprop=\"video\" itemtype=\"https:\/\/schema.org\/VideoObject\"  data-original_url='https:\/\/youtu.be\/HMLreg3AyOU'><script type='text\/html' class='av-video-tmpl'><div class='avia-iframe-wrap'><iframe loading=\"lazy\" title=\"Mannerheimin-ristin ritarit nro 1-20\" width=\"1500\" height=\"844\" src=\"https:\/\/www.youtube.com\/embed\/HMLreg3AyOU?feature=oembed&autoplay=0&loop=0&controls=1&mute=0\" frameborder=\"0\" allow=\"accelerometer; autoplay; clipboard-write; encrypted-media; gyroscope; picture-in-picture\" allowfullscreen><\/iframe><\/div><\/script><div class='av-click-to-play-overlay'><div class=\"avia_playpause_icon\"><\/div><\/div><\/div><br \/>\n<section  class='av_textblock_section av-kdsbg70l-f5dc09215ab849fc95239b9908ea1c6a '   itemscope=\"itemscope\" itemtype=\"https:\/\/schema.org\/CreativeWork\" ><div class='avia_textblock'  itemprop=\"text\" ><p class=\"art-postheader\" style=\"text-align: center;\">Riddarna av Mannerheimkorset<br \/>\n1-20<\/p>\n<\/div><\/section><\/p><\/div>\n\n<style type=\"text\/css\" data-created_by=\"avia_inline_auto\" id=\"style-css-av-52zcf-11ce51459cfa82f6927761fdb3999ec5\">\n.flex_column.av-52zcf-11ce51459cfa82f6927761fdb3999ec5{\nborder-radius:0px 0px 0px 0px;\npadding:0px 0px 0px 0px;\n}\n<\/style>\n<div  class='flex_column av-52zcf-11ce51459cfa82f6927761fdb3999ec5 av_one_half  avia-builder-el-9  el_after_av_one_half  el_before_av_one_half  first flex_column_div av-zero-column-padding  column-top-margin'     ><p><div  class='avia-video av-4uyqdy-cf85b6299c78c36da4c4fce5811d2bbc avia-video-4-3 av-no-preview-image avia-video-load-always av-lazyload-immediate av-lazyload-video-embed'  itemprop=\"video\" itemtype=\"https:\/\/schema.org\/VideoObject\"  data-original_url='https:\/\/youtu.be\/EvkU3rEamC8'><script type='text\/html' class='av-video-tmpl'><div class='avia-iframe-wrap'><iframe loading=\"lazy\" title=\"Mannerheimin-ristin ritarit nro 21-40\" width=\"1500\" height=\"844\" src=\"https:\/\/www.youtube.com\/embed\/EvkU3rEamC8?feature=oembed&autoplay=0&loop=0&controls=1&mute=0\" frameborder=\"0\" allow=\"accelerometer; autoplay; clipboard-write; encrypted-media; gyroscope; picture-in-picture\" allowfullscreen><\/iframe><\/div><\/script><div class='av-click-to-play-overlay'><div class=\"avia_playpause_icon\"><\/div><\/div><\/div><br \/>\n<section  class='av_textblock_section av-kdsbg70l-f5dc09215ab849fc95239b9908ea1c6a '   itemscope=\"itemscope\" itemtype=\"https:\/\/schema.org\/CreativeWork\" ><div class='avia_textblock'  itemprop=\"text\" ><p class=\"art-postheader\" style=\"text-align: center;\">Riddarna av Mannerheimkorset<br \/>\n21-40<\/p>\n<\/div><\/section><\/p><\/div>\n\n<style type=\"text\/css\" data-created_by=\"avia_inline_auto\" id=\"style-css-av-52zcf-b25f95918990b36f24d763a88050fad5\">\n.flex_column.av-52zcf-b25f95918990b36f24d763a88050fad5{\nborder-radius:0px 0px 0px 0px;\npadding:0px 0px 0px 0px;\n}\n<\/style>\n<div  class='flex_column av-52zcf-b25f95918990b36f24d763a88050fad5 av_one_half  avia-builder-el-12  el_after_av_one_half  el_before_av_one_half  flex_column_div av-zero-column-padding  column-top-margin'     ><p><div  class='avia-video av-4uyqdy-7ffab253aa6ecc01941970ddf8670762 avia-video-4-3 av-no-preview-image avia-video-load-always av-lazyload-immediate av-lazyload-video-embed'  itemprop=\"video\" itemtype=\"https:\/\/schema.org\/VideoObject\"  data-original_url='https:\/\/youtu.be\/4ZSmt_a3iy0'><script type='text\/html' class='av-video-tmpl'><div class='avia-iframe-wrap'><iframe loading=\"lazy\" title=\"Mannerheimin-ristin ritarit nro 41-60\" width=\"1500\" height=\"844\" src=\"https:\/\/www.youtube.com\/embed\/4ZSmt_a3iy0?feature=oembed&autoplay=0&loop=0&controls=1&mute=0\" frameborder=\"0\" allow=\"accelerometer; autoplay; clipboard-write; encrypted-media; gyroscope; picture-in-picture\" allowfullscreen><\/iframe><\/div><\/script><div class='av-click-to-play-overlay'><div class=\"avia_playpause_icon\"><\/div><\/div><\/div><br \/>\n<section  class='av_textblock_section av-kdsbg70l-f5dc09215ab849fc95239b9908ea1c6a '   itemscope=\"itemscope\" itemtype=\"https:\/\/schema.org\/CreativeWork\" ><div class='avia_textblock'  itemprop=\"text\" ><p class=\"art-postheader\" style=\"text-align: center;\">Riddarna av Mannerheimkorset<br \/>\n41-60<\/p>\n<\/div><\/section><\/p><\/div>\n\n<style type=\"text\/css\" data-created_by=\"avia_inline_auto\" id=\"style-css-av-52zcf-11ce51459cfa82f6927761fdb3999ec5\">\n.flex_column.av-52zcf-11ce51459cfa82f6927761fdb3999ec5{\nborder-radius:0px 0px 0px 0px;\npadding:0px 0px 0px 0px;\n}\n<\/style>\n<div  class='flex_column av-52zcf-11ce51459cfa82f6927761fdb3999ec5 av_one_half  avia-builder-el-15  el_after_av_one_half  el_before_av_one_half  first flex_column_div av-zero-column-padding  column-top-margin'     ><p><div  class='avia-video av-4uyqdy-19ccdb22ebeae4dbe5b76dd5e75e0b87 avia-video-4-3 av-no-preview-image avia-video-load-always av-lazyload-immediate av-lazyload-video-embed'  itemprop=\"video\" itemtype=\"https:\/\/schema.org\/VideoObject\"  data-original_url='https:\/\/youtu.be\/NGwHvqM7BdE'><script type='text\/html' class='av-video-tmpl'><div class='avia-iframe-wrap'><iframe loading=\"lazy\" title=\"Mannerheimin-ristin ritarit nro 61-80\" width=\"1500\" height=\"844\" src=\"https:\/\/www.youtube.com\/embed\/NGwHvqM7BdE?feature=oembed&autoplay=0&loop=0&controls=1&mute=0\" frameborder=\"0\" allow=\"accelerometer; autoplay; clipboard-write; encrypted-media; gyroscope; picture-in-picture\" allowfullscreen><\/iframe><\/div><\/script><div class='av-click-to-play-overlay'><div class=\"avia_playpause_icon\"><\/div><\/div><\/div><br \/>\n<section  class='av_textblock_section av-kdsbg70l-f5dc09215ab849fc95239b9908ea1c6a '   itemscope=\"itemscope\" itemtype=\"https:\/\/schema.org\/CreativeWork\" ><div class='avia_textblock'  itemprop=\"text\" ><p class=\"art-postheader\" style=\"text-align: center;\">Riddarna av Mannerheimkorset<br \/>\n61-80<\/p>\n<\/div><\/section><\/p><\/div>\n\n<style type=\"text\/css\" data-created_by=\"avia_inline_auto\" id=\"style-css-av-52zcf-b25f95918990b36f24d763a88050fad5\">\n.flex_column.av-52zcf-b25f95918990b36f24d763a88050fad5{\nborder-radius:0px 0px 0px 0px;\npadding:0px 0px 0px 0px;\n}\n<\/style>\n<div  class='flex_column av-52zcf-b25f95918990b36f24d763a88050fad5 av_one_half  avia-builder-el-18  el_after_av_one_half  el_before_av_one_half  flex_column_div av-zero-column-padding  column-top-margin'     ><p><div  class='avia-video av-4uyqdy-8d873bbfe3984a34a8166803117fafd2 avia-video-4-3 av-no-preview-image avia-video-load-always av-lazyload-immediate av-lazyload-video-embed'  itemprop=\"video\" itemtype=\"https:\/\/schema.org\/VideoObject\"  data-original_url='https:\/\/youtu.be\/BmyOjkRPz68'><script type='text\/html' class='av-video-tmpl'><div class='avia-iframe-wrap'><iframe loading=\"lazy\" title=\"Mannerheimin-ristin ritarit nro 81-100\" width=\"1500\" height=\"844\" src=\"https:\/\/www.youtube.com\/embed\/BmyOjkRPz68?feature=oembed&autoplay=0&loop=0&controls=1&mute=0\" frameborder=\"0\" allow=\"accelerometer; autoplay; clipboard-write; encrypted-media; gyroscope; picture-in-picture\" allowfullscreen><\/iframe><\/div><\/script><div class='av-click-to-play-overlay'><div class=\"avia_playpause_icon\"><\/div><\/div><\/div><br \/>\n<section  class='av_textblock_section av-kdsbg70l-f5dc09215ab849fc95239b9908ea1c6a '   itemscope=\"itemscope\" itemtype=\"https:\/\/schema.org\/CreativeWork\" ><div class='avia_textblock'  itemprop=\"text\" ><p class=\"art-postheader\" style=\"text-align: center;\">Riddarna av Mannerheimkorset<br \/>\n81-100<\/p>\n<\/div><\/section><\/p><\/div>\n\n<style type=\"text\/css\" data-created_by=\"avia_inline_auto\" id=\"style-css-av-52zcf-11ce51459cfa82f6927761fdb3999ec5\">\n.flex_column.av-52zcf-11ce51459cfa82f6927761fdb3999ec5{\nborder-radius:0px 0px 0px 0px;\npadding:0px 0px 0px 0px;\n}\n<\/style>\n<div  class='flex_column av-52zcf-11ce51459cfa82f6927761fdb3999ec5 av_one_half  avia-builder-el-21  el_after_av_one_half  el_before_av_one_half  first flex_column_div av-zero-column-padding  column-top-margin'     ><p><div  class='avia-video av-4uyqdy-22163b56817b9cdd2e0ecdf5da7b30a1 avia-video-4-3 av-no-preview-image avia-video-load-always av-lazyload-immediate av-lazyload-video-embed'  itemprop=\"video\" itemtype=\"https:\/\/schema.org\/VideoObject\"  data-original_url='https:\/\/youtu.be\/TE262V8Oc8s'><script type='text\/html' class='av-video-tmpl'><div class='avia-iframe-wrap'><iframe loading=\"lazy\" title=\"Mannerheimin-ristin ritarit nro 101-120\" width=\"1500\" height=\"844\" src=\"https:\/\/www.youtube.com\/embed\/TE262V8Oc8s?feature=oembed&autoplay=0&loop=0&controls=1&mute=0\" frameborder=\"0\" allow=\"accelerometer; autoplay; clipboard-write; encrypted-media; gyroscope; picture-in-picture\" allowfullscreen><\/iframe><\/div><\/script><div class='av-click-to-play-overlay'><div class=\"avia_playpause_icon\"><\/div><\/div><\/div><br \/>\n<section  class='av_textblock_section av-kdsbg70l-f5dc09215ab849fc95239b9908ea1c6a '   itemscope=\"itemscope\" itemtype=\"https:\/\/schema.org\/CreativeWork\" ><div class='avia_textblock'  itemprop=\"text\" ><p class=\"art-postheader\" style=\"text-align: center;\">Riddarna av Mannerheimkorset<br \/>\n101-120<\/p>\n<\/div><\/section><\/p><\/div>\n\n<style type=\"text\/css\" data-created_by=\"avia_inline_auto\" id=\"style-css-av-52zcf-b25f95918990b36f24d763a88050fad5\">\n.flex_column.av-52zcf-b25f95918990b36f24d763a88050fad5{\nborder-radius:0px 0px 0px 0px;\npadding:0px 0px 0px 0px;\n}\n<\/style>\n<div  class='flex_column av-52zcf-b25f95918990b36f24d763a88050fad5 av_one_half  avia-builder-el-24  el_after_av_one_half  el_before_av_one_half  flex_column_div av-zero-column-padding  column-top-margin'     ><p><div  class='avia-video av-4uyqdy-f277e8198088ed908d4c988b5ca64313 avia-video-4-3 av-no-preview-image avia-video-load-always av-lazyload-immediate av-lazyload-video-embed'  itemprop=\"video\" itemtype=\"https:\/\/schema.org\/VideoObject\"  data-original_url='https:\/\/youtu.be\/G3m5bN-9bMw'><script type='text\/html' class='av-video-tmpl'><div class='avia-iframe-wrap'><iframe loading=\"lazy\" title=\"Mannerheimin-ristin ritarit nro 121-140\" width=\"1500\" height=\"844\" src=\"https:\/\/www.youtube.com\/embed\/G3m5bN-9bMw?feature=oembed&autoplay=0&loop=0&controls=1&mute=0\" frameborder=\"0\" allow=\"accelerometer; autoplay; clipboard-write; encrypted-media; gyroscope; picture-in-picture\" allowfullscreen><\/iframe><\/div><\/script><div class='av-click-to-play-overlay'><div class=\"avia_playpause_icon\"><\/div><\/div><\/div><br \/>\n<section  class='av_textblock_section av-kdsbg70l-f5dc09215ab849fc95239b9908ea1c6a '   itemscope=\"itemscope\" itemtype=\"https:\/\/schema.org\/CreativeWork\" ><div class='avia_textblock'  itemprop=\"text\" ><p class=\"art-postheader\" style=\"text-align: center;\">Riddarna av Mannerheimkorset<br \/>\n121-140<\/p>\n<\/div><\/section><\/p><\/div>\n\n<style type=\"text\/css\" data-created_by=\"avia_inline_auto\" id=\"style-css-av-52zcf-11ce51459cfa82f6927761fdb3999ec5\">\n.flex_column.av-52zcf-11ce51459cfa82f6927761fdb3999ec5{\nborder-radius:0px 0px 0px 0px;\npadding:0px 0px 0px 0px;\n}\n<\/style>\n<div  class='flex_column av-52zcf-11ce51459cfa82f6927761fdb3999ec5 av_one_half  avia-builder-el-27  el_after_av_one_half  el_before_av_one_half  first flex_column_div av-zero-column-padding  column-top-margin'     ><p><div  class='avia-video av-4uyqdy-d2dbe295895e40d268527d95787bcb14 avia-video-4-3 av-no-preview-image avia-video-load-always av-lazyload-immediate av-lazyload-video-embed'  itemprop=\"video\" itemtype=\"https:\/\/schema.org\/VideoObject\"  data-original_url='https:\/\/youtu.be\/SEh7_ulQk_I'><script type='text\/html' class='av-video-tmpl'><div class='avia-iframe-wrap'><iframe loading=\"lazy\" title=\"Mannerheimin-ristin ritarit nro 141-160\" width=\"1500\" height=\"844\" src=\"https:\/\/www.youtube.com\/embed\/SEh7_ulQk_I?feature=oembed&autoplay=0&loop=0&controls=1&mute=0\" frameborder=\"0\" allow=\"accelerometer; autoplay; clipboard-write; encrypted-media; gyroscope; picture-in-picture\" allowfullscreen><\/iframe><\/div><\/script><div class='av-click-to-play-overlay'><div class=\"avia_playpause_icon\"><\/div><\/div><\/div><br \/>\n<section  class='av_textblock_section av-kdsbg70l-f5dc09215ab849fc95239b9908ea1c6a '   itemscope=\"itemscope\" itemtype=\"https:\/\/schema.org\/CreativeWork\" ><div class='avia_textblock'  itemprop=\"text\" ><p class=\"art-postheader\" style=\"text-align: center;\">Riddarna av Mannerheimkorset<br \/>\n141-160<\/p>\n<\/div><\/section><\/p><\/div>\n\n<style type=\"text\/css\" data-created_by=\"avia_inline_auto\" id=\"style-css-av-52zcf-b25f95918990b36f24d763a88050fad5\">\n.flex_column.av-52zcf-b25f95918990b36f24d763a88050fad5{\nborder-radius:0px 0px 0px 0px;\npadding:0px 0px 0px 0px;\n}\n<\/style>\n<div  class='flex_column av-52zcf-b25f95918990b36f24d763a88050fad5 av_one_half  avia-builder-el-30  el_after_av_one_half  el_before_av_one_half  flex_column_div av-zero-column-padding  column-top-margin'     ><p><div  class='avia-video av-4uyqdy-d1a7dcbf2eafb5a4e838cf1835813dc6 avia-video-4-3 av-no-preview-image avia-video-load-always av-lazyload-immediate av-lazyload-video-embed'  itemprop=\"video\" itemtype=\"https:\/\/schema.org\/VideoObject\"  data-original_url='https:\/\/youtu.be\/wtRfOf4ulsY'><script type='text\/html' class='av-video-tmpl'><div class='avia-iframe-wrap'><iframe loading=\"lazy\" title=\"Mannerheim-ristin ritarit nro:t 161 - 180\" width=\"1500\" height=\"844\" src=\"https:\/\/www.youtube.com\/embed\/wtRfOf4ulsY?feature=oembed&autoplay=0&loop=0&controls=1&mute=0\" frameborder=\"0\" allow=\"accelerometer; autoplay; clipboard-write; encrypted-media; gyroscope; picture-in-picture\" allowfullscreen><\/iframe><\/div><\/script><div class='av-click-to-play-overlay'><div class=\"avia_playpause_icon\"><\/div><\/div><\/div><br \/>\n<section  class='av_textblock_section av-kdsbg70l-f5dc09215ab849fc95239b9908ea1c6a '   itemscope=\"itemscope\" itemtype=\"https:\/\/schema.org\/CreativeWork\" ><div class='avia_textblock'  itemprop=\"text\" ><p class=\"art-postheader\" style=\"text-align: center;\">Riddarna av Mannerheimkorset<br \/>\n161-180<\/p>\n<\/div><\/section><\/p><\/div>\n\n<style type=\"text\/css\" data-created_by=\"avia_inline_auto\" id=\"style-css-av-52zcf-11ce51459cfa82f6927761fdb3999ec5\">\n.flex_column.av-52zcf-11ce51459cfa82f6927761fdb3999ec5{\nborder-radius:0px 0px 0px 0px;\npadding:0px 0px 0px 0px;\n}\n<\/style>\n<div  class='flex_column av-52zcf-11ce51459cfa82f6927761fdb3999ec5 av_one_half  avia-builder-el-33  el_after_av_one_half  el_before_av_one_half  first flex_column_div av-zero-column-padding  column-top-margin'     ><p><div  class='avia-video av-4uyqdy-53d3e7bf3988b9659d512de4f4bf4beb avia-video-4-3 av-no-preview-image avia-video-load-always av-lazyload-immediate av-lazyload-video-embed'  itemprop=\"video\" itemtype=\"https:\/\/schema.org\/VideoObject\"  data-original_url='https:\/\/youtu.be\/pCHTpcg0jtg'><script type='text\/html' class='av-video-tmpl'><div class='avia-iframe-wrap'><iframe loading=\"lazy\" title=\"Mannerheimin-ristin ritarit nro 181-191\" width=\"1500\" height=\"844\" src=\"https:\/\/www.youtube.com\/embed\/pCHTpcg0jtg?feature=oembed&autoplay=0&loop=0&controls=1&mute=0\" frameborder=\"0\" allow=\"accelerometer; autoplay; clipboard-write; encrypted-media; gyroscope; picture-in-picture\" allowfullscreen><\/iframe><\/div><\/script><div class='av-click-to-play-overlay'><div class=\"avia_playpause_icon\"><\/div><\/div><\/div><br \/>\n<section  class='av_textblock_section av-kdsbg70l-f5dc09215ab849fc95239b9908ea1c6a '   itemscope=\"itemscope\" itemtype=\"https:\/\/schema.org\/CreativeWork\" ><div class='avia_textblock'  itemprop=\"text\" ><p class=\"art-postheader\" style=\"text-align: center;\">Riddarna av Mannerheimkorset<br \/>\n181-191<\/p>\n<\/div><\/section><\/p><\/div>\n\n<style type=\"text\/css\" data-created_by=\"avia_inline_auto\" id=\"style-css-av-52zcf-b25f95918990b36f24d763a88050fad5\">\n.flex_column.av-52zcf-b25f95918990b36f24d763a88050fad5{\nborder-radius:0px 0px 0px 0px;\npadding:0px 0px 0px 0px;\n}\n<\/style>\n<div  class='flex_column av-52zcf-b25f95918990b36f24d763a88050fad5 av_one_half  avia-builder-el-36  el_after_av_one_half  el_before_av_one_half  flex_column_div av-zero-column-padding  column-top-margin'     ><p><div  class='avia-video av-4uyqdy-2a6880aa0bb4c4bc46c2bdf06a5d7eca avia-video-4-3 av-no-preview-image avia-video-load-always av-lazyload-immediate av-lazyload-video-embed'  itemprop=\"video\" itemtype=\"https:\/\/schema.org\/VideoObject\"  data-original_url='https:\/\/youtu.be\/Wfv5YCkfh-Y'><script type='text\/html' class='av-video-tmpl'><div class='avia-iframe-wrap'><iframe loading=\"lazy\" title=\"Viimeiset ritarit\" width=\"1500\" height=\"844\" src=\"https:\/\/www.youtube.com\/embed\/Wfv5YCkfh-Y?feature=oembed&autoplay=0&loop=0&controls=1&mute=0\" frameborder=\"0\" allow=\"accelerometer; autoplay; clipboard-write; encrypted-media; gyroscope; picture-in-picture\" allowfullscreen><\/iframe><\/div><\/script><div class='av-click-to-play-overlay'><div class=\"avia_playpause_icon\"><\/div><\/div><\/div><br \/>\n<section  class='av_textblock_section av-kdsbg70l-f5dc09215ab849fc95239b9908ea1c6a '   itemscope=\"itemscope\" itemtype=\"https:\/\/schema.org\/CreativeWork\" ><div class='avia_textblock'  itemprop=\"text\" ><p class=\"art-postheader\" style=\"text-align: center;\">De sista riddarna<\/p>\n<\/div><\/section><\/p><\/div>\n\n<style type=\"text\/css\" data-created_by=\"avia_inline_auto\" id=\"style-css-av-52zcf-11ce51459cfa82f6927761fdb3999ec5\">\n.flex_column.av-52zcf-11ce51459cfa82f6927761fdb3999ec5{\nborder-radius:0px 0px 0px 0px;\npadding:0px 0px 0px 0px;\n}\n<\/style>\n<div  class='flex_column av-52zcf-11ce51459cfa82f6927761fdb3999ec5 av_one_half  avia-builder-el-39  el_after_av_one_half  el_before_av_one_half  first flex_column_div av-zero-column-padding  column-top-margin'     ><p><div  class='avia-video av-4uyqdy-08fbcab049d63d0ee5cbcbcfbc4838e2 avia-video-4-3 av-no-preview-image avia-video-load-always av-lazyload-immediate av-lazyload-video-embed'  itemprop=\"video\" itemtype=\"https:\/\/schema.org\/VideoObject\"  data-original_url='https:\/\/youtu.be\/CTKSz1ED6mw'><script type='text\/html' class='av-video-tmpl'><div class='avia-iframe-wrap'><iframe loading=\"lazy\" title=\"Suomea ei koskaan miehitetty\" width=\"1500\" height=\"844\" src=\"https:\/\/www.youtube.com\/embed\/CTKSz1ED6mw?feature=oembed&autoplay=0&loop=0&controls=1&mute=0\" frameborder=\"0\" allow=\"accelerometer; autoplay; clipboard-write; encrypted-media; gyroscope; picture-in-picture\" allowfullscreen><\/iframe><\/div><\/script><div class='av-click-to-play-overlay'><div class=\"avia_playpause_icon\"><\/div><\/div><\/div><br \/>\n<section  class='av_textblock_section av-kdsbg70l-f5dc09215ab849fc95239b9908ea1c6a '   itemscope=\"itemscope\" itemtype=\"https:\/\/schema.org\/CreativeWork\" ><div class='avia_textblock'  itemprop=\"text\" ><p class=\"art-postheader\" style=\"text-align: center;\">Finland ockuperades aldrig<\/p>\n<\/div><\/section><\/p><\/div>\n\n<style type=\"text\/css\" data-created_by=\"avia_inline_auto\" id=\"style-css-av-52zcf-b25f95918990b36f24d763a88050fad5\">\n.flex_column.av-52zcf-b25f95918990b36f24d763a88050fad5{\nborder-radius:0px 0px 0px 0px;\npadding:0px 0px 0px 0px;\n}\n<\/style>\n<div  class='flex_column av-52zcf-b25f95918990b36f24d763a88050fad5 av_one_half  avia-builder-el-42  el_after_av_one_half  el_before_av_one_half  flex_column_div av-zero-column-padding  column-top-margin'     ><p><div  class='avia-video av-4uyqdy-5e39da85732a8a4e21159a1d262076e5 avia-video-4-3 av-no-preview-image avia-video-load-always av-lazyload-immediate av-lazyload-video-embed'  itemprop=\"video\" itemtype=\"https:\/\/schema.org\/VideoObject\"  data-original_url='https:\/\/youtu.be\/9MLsvAaoRsc'><script type='text\/html' class='av-video-tmpl'><div class='avia-iframe-wrap'><iframe loading=\"lazy\" title=\"Ritarit PV:n filmeill\u00e4, Mannerheim-ristin  jako Mikkelissa\u0308\" width=\"1500\" height=\"844\" src=\"https:\/\/www.youtube.com\/embed\/9MLsvAaoRsc?feature=oembed&autoplay=0&loop=0&controls=1&mute=0\" frameborder=\"0\" allow=\"accelerometer; autoplay; clipboard-write; encrypted-media; gyroscope; picture-in-picture\" allowfullscreen><\/iframe><\/div><\/script><div class='av-click-to-play-overlay'><div class=\"avia_playpause_icon\"><\/div><\/div><\/div><br \/>\n<section  class='av_textblock_section av-kdsbg70l-f5dc09215ab849fc95239b9908ea1c6a '   itemscope=\"itemscope\" itemtype=\"https:\/\/schema.org\/CreativeWork\" ><div class='avia_textblock'  itemprop=\"text\" ><p style=\"text-align: center;\">Utdelnining av Mannerheimkorsar i S:t Michel i september 1942<\/p>\n<\/div><\/section><\/p><\/div>\n\n<style type=\"text\/css\" data-created_by=\"avia_inline_auto\" id=\"style-css-av-52zcf-11ce51459cfa82f6927761fdb3999ec5\">\n.flex_column.av-52zcf-11ce51459cfa82f6927761fdb3999ec5{\nborder-radius:0px 0px 0px 0px;\npadding:0px 0px 0px 0px;\n}\n<\/style>\n<div  class='flex_column av-52zcf-11ce51459cfa82f6927761fdb3999ec5 av_one_half  avia-builder-el-45  el_after_av_one_half  el_before_av_one_half  first flex_column_div av-zero-column-padding  column-top-margin'     ><p><div  class='avia-video av-4uyqdy-132c60d9cf8a6540994bd10e5a643ce2 avia-video-4-3 av-no-preview-image avia-video-load-always av-lazyload-immediate av-lazyload-video-embed'  itemprop=\"video\" itemtype=\"https:\/\/schema.org\/VideoObject\"  data-original_url='https:\/\/youtu.be\/B7jzymdFtIQ'><script type='text\/html' class='av-video-tmpl'><div class='avia-iframe-wrap'><iframe loading=\"lazy\" title=\"Ritarit PV:n filmeill\u00e4. 26. Kadettikurssi valmistuu.\" width=\"1500\" height=\"844\" src=\"https:\/\/www.youtube.com\/embed\/B7jzymdFtIQ?feature=oembed&autoplay=0&loop=0&controls=1&mute=0\" frameborder=\"0\" allow=\"accelerometer; autoplay; clipboard-write; encrypted-media; gyroscope; picture-in-picture\" allowfullscreen><\/iframe><\/div><\/script><div class='av-click-to-play-overlay'><div class=\"avia_playpause_icon\"><\/div><\/div><\/div><br \/>\n<section  class='av_textblock_section av-kdsbg70l-f5dc09215ab849fc95239b9908ea1c6a '   itemscope=\"itemscope\" itemtype=\"https:\/\/schema.org\/CreativeWork\" ><div class='avia_textblock'  itemprop=\"text\" ><p class=\"art-postheader\" style=\"text-align: center;\">26. kadetkurssen 4.6.1943<\/p>\n<\/div><\/section><\/p><\/div>\n\n<style type=\"text\/css\" data-created_by=\"avia_inline_auto\" id=\"style-css-av-52zcf-b25f95918990b36f24d763a88050fad5\">\n.flex_column.av-52zcf-b25f95918990b36f24d763a88050fad5{\nborder-radius:0px 0px 0px 0px;\npadding:0px 0px 0px 0px;\n}\n<\/style>\n<div  class='flex_column av-52zcf-b25f95918990b36f24d763a88050fad5 av_one_half  avia-builder-el-48  el_after_av_one_half  el_before_av_one_half  flex_column_div av-zero-column-padding  column-top-margin'     ><p><div  class='avia-video av-4uyqdy-77b32e3c99ea35d2fa83f8f5136a2fa7 avia-video-4-3 av-no-preview-image avia-video-load-always av-lazyload-immediate av-lazyload-video-embed'  itemprop=\"video\" itemtype=\"https:\/\/schema.org\/VideoObject\"  data-original_url='https:\/\/youtu.be\/_4sQGOQd2M8'><script type='text\/html' class='av-video-tmpl'><div class='avia-iframe-wrap'><iframe loading=\"lazy\" title=\"Ratsastusta Mikkeliss\u00e4\" width=\"1500\" height=\"844\" src=\"https:\/\/www.youtube.com\/embed\/_4sQGOQd2M8?feature=oembed&autoplay=0&loop=0&controls=1&mute=0\" frameborder=\"0\" allow=\"accelerometer; autoplay; clipboard-write; encrypted-media; gyroscope; picture-in-picture\" allowfullscreen><\/iframe><\/div><\/script><div class='av-click-to-play-overlay'><div class=\"avia_playpause_icon\"><\/div><\/div><\/div><br \/>\n<section  class='av_textblock_section av-kdsbg70l-f5dc09215ab849fc95239b9908ea1c6a '   itemscope=\"itemscope\" itemtype=\"https:\/\/schema.org\/CreativeWork\" ><div class='avia_textblock'  itemprop=\"text\" ><p class=\"art-postheader\" style=\"text-align: center;\">Ridning i S:t Michel<\/p>\n<\/div><\/section><\/p><\/div>\n\n<style type=\"text\/css\" data-created_by=\"avia_inline_auto\" id=\"style-css-av-52zcf-11ce51459cfa82f6927761fdb3999ec5\">\n.flex_column.av-52zcf-11ce51459cfa82f6927761fdb3999ec5{\nborder-radius:0px 0px 0px 0px;\npadding:0px 0px 0px 0px;\n}\n<\/style>\n<div  class='flex_column av-52zcf-11ce51459cfa82f6927761fdb3999ec5 av_one_half  avia-builder-el-51  el_after_av_one_half  el_before_av_one_half  first flex_column_div av-zero-column-padding  column-top-margin'     ><p><div  class='avia-video av-4uyqdy-772a18238a55a0a0429c9ac3959066da avia-video-4-3 av-no-preview-image avia-video-load-always av-lazyload-immediate av-lazyload-video-embed'  itemprop=\"video\" itemtype=\"https:\/\/schema.org\/VideoObject\"  data-original_url='https:\/\/youtu.be\/p2jGCRNkajo'><script type='text\/html' class='av-video-tmpl'><div class='avia-iframe-wrap'><iframe loading=\"lazy\" title=\"Ritarit PV:n filmeilla. Tyrj\u00e4n rykmentiss\u00e4 kuvattuja kaitafilmej\u00e4\" width=\"1500\" height=\"844\" src=\"https:\/\/www.youtube.com\/embed\/p2jGCRNkajo?feature=oembed&autoplay=0&loop=0&controls=1&mute=0\" frameborder=\"0\" allow=\"accelerometer; autoplay; clipboard-write; encrypted-media; gyroscope; picture-in-picture\" allowfullscreen><\/iframe><\/div><\/script><div class='av-click-to-play-overlay'><div class=\"avia_playpause_icon\"><\/div><\/div><\/div><br \/>\n<section  class='av_textblock_section av-kdsbg70l-f5dc09215ab849fc95239b9908ea1c6a '   itemscope=\"itemscope\" itemtype=\"https:\/\/schema.org\/CreativeWork\" ><div class='avia_textblock'  itemprop=\"text\" ><p class=\"art-postheader\" style=\"text-align: center;\">Filmar av Tyrj\u00e4-regementet (JR 7)<\/p>\n<\/div><\/section><\/p><\/div>\n\n<style type=\"text\/css\" data-created_by=\"avia_inline_auto\" id=\"style-css-av-52zcf-b25f95918990b36f24d763a88050fad5\">\n.flex_column.av-52zcf-b25f95918990b36f24d763a88050fad5{\nborder-radius:0px 0px 0px 0px;\npadding:0px 0px 0px 0px;\n}\n<\/style>\n<div  class='flex_column av-52zcf-b25f95918990b36f24d763a88050fad5 av_one_half  avia-builder-el-54  el_after_av_one_half  el_before_av_one_half  flex_column_div av-zero-column-padding  column-top-margin'     ><p><div  class='avia-video av-4uyqdy-7f227b953954c00d04e8f630f5d6e4dc avia-video-4-3 av-no-preview-image avia-video-load-always av-lazyload-immediate av-lazyload-video-embed'  itemprop=\"video\" itemtype=\"https:\/\/schema.org\/VideoObject\"  data-original_url='https:\/\/youtu.be\/l3mIz0k8_8o'><script type='text\/html' class='av-video-tmpl'><div class='avia-iframe-wrap'><iframe loading=\"lazy\" title=\"Tyrj\u00e4n rykmentti juhlii Marskin 75-vuotisp\u00e4iv\u00e4\u00e4.\" width=\"1500\" height=\"844\" src=\"https:\/\/www.youtube.com\/embed\/l3mIz0k8_8o?feature=oembed&autoplay=0&loop=0&controls=1&mute=0\" frameborder=\"0\" allow=\"accelerometer; autoplay; clipboard-write; encrypted-media; gyroscope; picture-in-picture\" allowfullscreen><\/iframe><\/div><\/script><div class='av-click-to-play-overlay'><div class=\"avia_playpause_icon\"><\/div><\/div><\/div><br \/>\n<section  class='av_textblock_section av-kdsbg70l-f5dc09215ab849fc95239b9908ea1c6a '   itemscope=\"itemscope\" itemtype=\"https:\/\/schema.org\/CreativeWork\" ><div class='avia_textblock'  itemprop=\"text\" ><p class=\"art-postheader\" style=\"text-align: center;\">Tyrj\u00e4-regemente firar Marskis 75-\u00e5rsjubileum<\/p>\n<\/div><\/section><\/p><\/div>\n\n<style type=\"text\/css\" data-created_by=\"avia_inline_auto\" id=\"style-css-av-52zcf-11ce51459cfa82f6927761fdb3999ec5\">\n.flex_column.av-52zcf-11ce51459cfa82f6927761fdb3999ec5{\nborder-radius:0px 0px 0px 0px;\npadding:0px 0px 0px 0px;\n}\n<\/style>\n<div  class='flex_column av-52zcf-11ce51459cfa82f6927761fdb3999ec5 av_one_half  avia-builder-el-57  el_after_av_one_half  el_before_av_one_half  first flex_column_div av-zero-column-padding  column-top-margin'     ><p><div  class='avia-video av-4uyqdy-8b25dd9ae7404e8cf9a7342f59baabc3 avia-video-4-3 av-no-preview-image avia-video-load-always av-lazyload-immediate av-lazyload-video-embed'  itemprop=\"video\" itemtype=\"https:\/\/schema.org\/VideoObject\"  data-original_url='https:\/\/youtu.be\/iQ3UVy4s53g'><script type='text\/html' class='av-video-tmpl'><div class='avia-iframe-wrap'><iframe loading=\"lazy\" title=\"Tyrj\u00e4n rykmentti kes\u00e4ll\u00e4 1944\" width=\"1500\" height=\"844\" src=\"https:\/\/www.youtube.com\/embed\/iQ3UVy4s53g?feature=oembed&autoplay=0&loop=0&controls=1&mute=0\" frameborder=\"0\" allow=\"accelerometer; autoplay; clipboard-write; encrypted-media; gyroscope; picture-in-picture\" allowfullscreen><\/iframe><\/div><\/script><div class='av-click-to-play-overlay'><div class=\"avia_playpause_icon\"><\/div><\/div><\/div><br \/>\n<section  class='av_textblock_section av-kdsbg70l-f5dc09215ab849fc95239b9908ea1c6a '   itemscope=\"itemscope\" itemtype=\"https:\/\/schema.org\/CreativeWork\" ><div class='avia_textblock'  itemprop=\"text\" ><p class=\"art-postheader\" style=\"text-align: center;\">Tyrj\u00e4-regemente p\u00e5 sommaren 1944<\/p>\n<\/div><\/section><\/p><\/div>\n\n<style type=\"text\/css\" data-created_by=\"avia_inline_auto\" id=\"style-css-av-52zcf-b25f95918990b36f24d763a88050fad5\">\n.flex_column.av-52zcf-b25f95918990b36f24d763a88050fad5{\nborder-radius:0px 0px 0px 0px;\npadding:0px 0px 0px 0px;\n}\n<\/style>\n<div  class='flex_column av-52zcf-b25f95918990b36f24d763a88050fad5 av_one_half  avia-builder-el-60  el_after_av_one_half  avia-builder-el-last  flex_column_div av-zero-column-padding  column-top-margin'     ><p><div  class='avia-video av-4uyqdy-cefd5fa84009eaaa21bfa5257a2b110a avia-video-4-3 av-no-preview-image avia-video-load-always av-lazyload-immediate av-lazyload-video-embed'  itemprop=\"video\" itemtype=\"https:\/\/schema.org\/VideoObject\"  data-original_url='https:\/\/youtu.be\/8wKS1EPAMOI'><script type='text\/html' class='av-video-tmpl'><div class='avia-iframe-wrap'><iframe loading=\"lazy\" title=\"Ps -estekokeilu, 1943\" width=\"1500\" height=\"844\" src=\"https:\/\/www.youtube.com\/embed\/8wKS1EPAMOI?feature=oembed&autoplay=0&loop=0&controls=1&mute=0\" frameborder=\"0\" allow=\"accelerometer; autoplay; clipboard-write; encrypted-media; gyroscope; picture-in-picture\" allowfullscreen><\/iframe><\/div><\/script><div class='av-click-to-play-overlay'><div class=\"avia_playpause_icon\"><\/div><\/div><\/div><br \/>\n<section  class='av_textblock_section av-kdsbg70l-f5dc09215ab849fc95239b9908ea1c6a '   itemscope=\"itemscope\" itemtype=\"https:\/\/schema.org\/CreativeWork\" ><div class='avia_textblock'  itemprop=\"text\" ><p class=\"art-postheader\" style=\"text-align: center;\">Pansarbarri\u00e4rtest 1943<\/p>\n<\/div><\/section><\/p><\/div>\n","protected":false},"excerpt":{"rendered":"","protected":false},"author":1,"featured_media":0,"parent":6872,"menu_order":9,"comment_status":"closed","ping_status":"closed","template":"","meta":{"footnotes":""},"class_list":["post-6925","page","type-page","status-publish","hentry"],"yoast_head":"<!-- This site is optimized with the Yoast SEO plugin v27.5 - https:\/\/yoast.com\/product\/yoast-seo-wordpress\/ -->\n<title>Riddarna av Mannerheimkorset - Veteraanien Perint\u00f6<\/title>\n<meta name=\"robots\" content=\"index, follow, max-snippet:-1, max-image-preview:large, max-video-preview:-1\" \/>\n<link rel=\"canonical\" href=\"https:\/\/veteraanienperinto.fi\/index.php\/sv\/infobank\/videoar-pa-finska\/riddarna-av-mannerheimkorset\/\" \/>\n<meta property=\"og:locale\" content=\"fi_FI\" \/>\n<meta property=\"og:type\" content=\"article\" \/>\n<meta property=\"og:title\" content=\"Riddarna av Mannerheimkorset - Veteraanien Perint\u00f6\" \/>\n<meta property=\"og:url\" content=\"https:\/\/veteraanienperinto.fi\/index.php\/sv\/infobank\/videoar-pa-finska\/riddarna-av-mannerheimkorset\/\" \/>\n<meta property=\"og:site_name\" content=\"Veteraanien Perint\u00f6\" \/>\n<meta property=\"article:modified_time\" content=\"2021-02-01T07:29:37+00:00\" \/>\n<meta name=\"twitter:card\" content=\"summary_large_image\" \/>\n<meta name=\"twitter:label1\" content=\"Arvioitu lukuaika\" \/>\n\t<meta name=\"twitter:data1\" content=\"19 minuuttia\" \/>\n<script type=\"application\/ld+json\" class=\"yoast-schema-graph\">{\"@context\":\"https:\\\/\\\/schema.org\",\"@graph\":[{\"@type\":\"WebPage\",\"@id\":\"https:\\\/\\\/veteraanienperinto.fi\\\/index.php\\\/sv\\\/infobank\\\/videoar-pa-finska\\\/riddarna-av-mannerheimkorset\\\/\",\"url\":\"https:\\\/\\\/veteraanienperinto.fi\\\/index.php\\\/sv\\\/infobank\\\/videoar-pa-finska\\\/riddarna-av-mannerheimkorset\\\/\",\"name\":\"Riddarna av Mannerheimkorset - Veteraanien Perint\u00f6\",\"isPartOf\":{\"@id\":\"https:\\\/\\\/veteraanienperinto.fi\\\/#website\"},\"datePublished\":\"2020-11-19T16:56:18+00:00\",\"dateModified\":\"2021-02-01T07:29:37+00:00\",\"breadcrumb\":{\"@id\":\"https:\\\/\\\/veteraanienperinto.fi\\\/index.php\\\/sv\\\/infobank\\\/videoar-pa-finska\\\/riddarna-av-mannerheimkorset\\\/#breadcrumb\"},\"inLanguage\":\"fi\",\"potentialAction\":[{\"@type\":\"ReadAction\",\"target\":[\"https:\\\/\\\/veteraanienperinto.fi\\\/index.php\\\/sv\\\/infobank\\\/videoar-pa-finska\\\/riddarna-av-mannerheimkorset\\\/\"]}]},{\"@type\":\"BreadcrumbList\",\"@id\":\"https:\\\/\\\/veteraanienperinto.fi\\\/index.php\\\/sv\\\/infobank\\\/videoar-pa-finska\\\/riddarna-av-mannerheimkorset\\\/#breadcrumb\",\"itemListElement\":[{\"@type\":\"ListItem\",\"position\":1,\"name\":\"Etusivu\",\"item\":\"https:\\\/\\\/veteraanienperinto.fi\\\/index.php\\\/etusivu-2\\\/\"},{\"@type\":\"ListItem\",\"position\":2,\"name\":\"Infobank\",\"item\":\"https:\\\/\\\/veteraanienperinto.fi\\\/index.php\\\/sv\\\/infobank\\\/\"},{\"@type\":\"ListItem\",\"position\":3,\"name\":\"Videoar (p\u00e5 finska)\",\"item\":\"https:\\\/\\\/veteraanienperinto.fi\\\/index.php\\\/sv\\\/infobank\\\/videoar-pa-finska\\\/\"},{\"@type\":\"ListItem\",\"position\":4,\"name\":\"Riddarna av Mannerheimkorset\"}]},{\"@type\":\"WebSite\",\"@id\":\"https:\\\/\\\/veteraanienperinto.fi\\\/#website\",\"url\":\"https:\\\/\\\/veteraanienperinto.fi\\\/\",\"name\":\"Veteraanien Perint\u00f6\",\"description\":\"Kadettikunta\",\"potentialAction\":[{\"@type\":\"SearchAction\",\"target\":{\"@type\":\"EntryPoint\",\"urlTemplate\":\"https:\\\/\\\/veteraanienperinto.fi\\\/?s={search_term_string}\"},\"query-input\":{\"@type\":\"PropertyValueSpecification\",\"valueRequired\":true,\"valueName\":\"search_term_string\"}}],\"inLanguage\":\"fi\"}]}<\/script>\n<!-- \/ Yoast SEO plugin. -->","yoast_head_json":{"title":"Riddarna av Mannerheimkorset - Veteraanien Perint\u00f6","robots":{"index":"index","follow":"follow","max-snippet":"max-snippet:-1","max-image-preview":"max-image-preview:large","max-video-preview":"max-video-preview:-1"},"canonical":"https:\/\/veteraanienperinto.fi\/index.php\/sv\/infobank\/videoar-pa-finska\/riddarna-av-mannerheimkorset\/","og_locale":"fi_FI","og_type":"article","og_title":"Riddarna av Mannerheimkorset - Veteraanien Perint\u00f6","og_url":"https:\/\/veteraanienperinto.fi\/index.php\/sv\/infobank\/videoar-pa-finska\/riddarna-av-mannerheimkorset\/","og_site_name":"Veteraanien Perint\u00f6","article_modified_time":"2021-02-01T07:29:37+00:00","twitter_card":"summary_large_image","twitter_misc":{"Arvioitu lukuaika":"19 minuuttia"},"schema":{"@context":"https:\/\/schema.org","@graph":[{"@type":"WebPage","@id":"https:\/\/veteraanienperinto.fi\/index.php\/sv\/infobank\/videoar-pa-finska\/riddarna-av-mannerheimkorset\/","url":"https:\/\/veteraanienperinto.fi\/index.php\/sv\/infobank\/videoar-pa-finska\/riddarna-av-mannerheimkorset\/","name":"Riddarna av Mannerheimkorset - Veteraanien Perint\u00f6","isPartOf":{"@id":"https:\/\/veteraanienperinto.fi\/#website"},"datePublished":"2020-11-19T16:56:18+00:00","dateModified":"2021-02-01T07:29:37+00:00","breadcrumb":{"@id":"https:\/\/veteraanienperinto.fi\/index.php\/sv\/infobank\/videoar-pa-finska\/riddarna-av-mannerheimkorset\/#breadcrumb"},"inLanguage":"fi","potentialAction":[{"@type":"ReadAction","target":["https:\/\/veteraanienperinto.fi\/index.php\/sv\/infobank\/videoar-pa-finska\/riddarna-av-mannerheimkorset\/"]}]},{"@type":"BreadcrumbList","@id":"https:\/\/veteraanienperinto.fi\/index.php\/sv\/infobank\/videoar-pa-finska\/riddarna-av-mannerheimkorset\/#breadcrumb","itemListElement":[{"@type":"ListItem","position":1,"name":"Etusivu","item":"https:\/\/veteraanienperinto.fi\/index.php\/etusivu-2\/"},{"@type":"ListItem","position":2,"name":"Infobank","item":"https:\/\/veteraanienperinto.fi\/index.php\/sv\/infobank\/"},{"@type":"ListItem","position":3,"name":"Videoar (p\u00e5 finska)","item":"https:\/\/veteraanienperinto.fi\/index.php\/sv\/infobank\/videoar-pa-finska\/"},{"@type":"ListItem","position":4,"name":"Riddarna av Mannerheimkorset"}]},{"@type":"WebSite","@id":"https:\/\/veteraanienperinto.fi\/#website","url":"https:\/\/veteraanienperinto.fi\/","name":"Veteraanien Perint\u00f6","description":"Kadettikunta","potentialAction":[{"@type":"SearchAction","target":{"@type":"EntryPoint","urlTemplate":"https:\/\/veteraanienperinto.fi\/?s={search_term_string}"},"query-input":{"@type":"PropertyValueSpecification","valueRequired":true,"valueName":"search_term_string"}}],"inLanguage":"fi"}]}},"_links":{"self":[{"href":"https:\/\/veteraanienperinto.fi\/index.php\/wp-json\/wp\/v2\/pages\/6925","targetHints":{"allow":["GET"]}}],"collection":[{"href":"https:\/\/veteraanienperinto.fi\/index.php\/wp-json\/wp\/v2\/pages"}],"about":[{"href":"https:\/\/veteraanienperinto.fi\/index.php\/wp-json\/wp\/v2\/types\/page"}],"author":[{"embeddable":true,"href":"https:\/\/veteraanienperinto.fi\/index.php\/wp-json\/wp\/v2\/users\/1"}],"replies":[{"embeddable":true,"href":"https:\/\/veteraanienperinto.fi\/index.php\/wp-json\/wp\/v2\/comments?post=6925"}],"version-history":[{"count":5,"href":"https:\/\/veteraanienperinto.fi\/index.php\/wp-json\/wp\/v2\/pages\/6925\/revisions"}],"predecessor-version":[{"id":10913,"href":"https:\/\/veteraanienperinto.fi\/index.php\/wp-json\/wp\/v2\/pages\/6925\/revisions\/10913"}],"up":[{"embeddable":true,"href":"https:\/\/veteraanienperinto.fi\/index.php\/wp-json\/wp\/v2\/pages\/6872"}],"wp:attachment":[{"href":"https:\/\/veteraanienperinto.fi\/index.php\/wp-json\/wp\/v2\/media?parent=6925"}],"curies":[{"name":"wp","href":"https:\/\/api.w.org\/{rel}","templated":true}]}}