{"id":6953,"date":"2020-11-19T17:08:25","date_gmt":"2020-11-19T17:08:25","guid":{"rendered":"https:\/\/veteraani.ylirotu.fi\/?page_id=6953"},"modified":"2021-01-25T11:44:23","modified_gmt":"2021-01-25T11:44:23","slug":"produktion","status":"publish","type":"page","link":"https:\/\/veteraanienperinto.fi\/index.php\/sv\/infobank\/produktion\/","title":{"rendered":"Produktion"},"content":{"rendered":"<div id='full_slider_1'  class='avia-fullwidth-slider main_color avia-shadow   avia-builder-el-0  el_before_av_heading  avia-builder-el-first   container_wrap sidebar_right'  ><div  class='avia-slideshow av-887iy-ff4c7729037e552e0e9e6e0719bc946d avia-slideshow-featured av_slideshow_full avia-slide-slider av-slideshow-ui av-control-default av-slideshow-manual av-loop-once av-loop-manual-endless av-default-height-applied   avia-slideshow-1' data-slideshow-options=\"{&quot;animation&quot;:&quot;slide&quot;,&quot;autoplay&quot;:false,&quot;loop_autoplay&quot;:&quot;once&quot;,&quot;interval&quot;:5,&quot;loop_manual&quot;:&quot;manual-endless&quot;,&quot;autoplay_stopper&quot;:false,&quot;noNavigation&quot;:false,&quot;bg_slider&quot;:false,&quot;keep_padding&quot;:false,&quot;hoverpause&quot;:false,&quot;show_slide_delay&quot;:0}\"  itemprop=\"image\" itemscope=\"itemscope\" itemtype=\"https:\/\/schema.org\/ImageObject\" ><ul class='avia-slideshow-inner ' style='padding-bottom: 28.666666666667%;'><li  class='avia-slideshow-slide av-887iy-ff4c7729037e552e0e9e6e0719bc946d__0  av-single-slide slide-1 slide-odd'><div data-rel='slideshow-1' class='avia-slide-wrap '   ><img decoding=\"async\" fetchpriority=\"high\" class=\"wp-image-5150 avia-img-lazy-loading-not-5150\"  src=\"https:\/\/veteraanienperinto.fi\/wp-content\/uploads\/2020\/11\/tuotanto-1500x430.png\" width=\"1500\" height=\"430\" title='tuotanto' alt=''  itemprop=\"thumbnailUrl\" srcset=\"https:\/\/veteraanienperinto.fi\/wp-content\/uploads\/2020\/11\/tuotanto.png 1500w, https:\/\/veteraanienperinto.fi\/wp-content\/uploads\/2020\/11\/tuotanto-300x86.png 300w, https:\/\/veteraanienperinto.fi\/wp-content\/uploads\/2020\/11\/tuotanto-1030x295.png 1030w, https:\/\/veteraanienperinto.fi\/wp-content\/uploads\/2020\/11\/tuotanto-768x220.png 768w, https:\/\/veteraanienperinto.fi\/wp-content\/uploads\/2020\/11\/tuotanto-705x202.png 705w\" sizes=\"(max-width: 1500px) 100vw, 1500px\" \/><\/div><\/li><\/ul><\/div><\/div><div id='after_full_slider_1'  class='main_color av_default_container_wrap container_wrap sidebar_right'  ><div class='container av-section-cont-open' ><div class='template-page content  av-content-small alpha units'><div class='post-entry post-entry-type-page post-entry-6953'><div class='entry-content-wrapper clearfix'>\n\n<style type=\"text\/css\" data-created_by=\"avia_inline_auto\" id=\"style-css-av-av_heading-a7ab6fc1425b18ab179bcc5b80bdaa56\">\n#top .av-special-heading.av-av_heading-a7ab6fc1425b18ab179bcc5b80bdaa56{\npadding-bottom:10px;\n}\nbody .av-special-heading.av-av_heading-a7ab6fc1425b18ab179bcc5b80bdaa56 .av-special-heading-tag .heading-char{\nfont-size:25px;\n}\n.av-special-heading.av-av_heading-a7ab6fc1425b18ab179bcc5b80bdaa56 .av-subheading{\nfont-size:15px;\n}\n<\/style>\n<div  class='av-special-heading av-av_heading-a7ab6fc1425b18ab179bcc5b80bdaa56 av-special-heading-h2  avia-builder-el-1  el_after_av_slideshow_full  el_before_av_textblock  avia-builder-el-first '><h2 class='av-special-heading-tag'  itemprop=\"headline\"  >Produktion<\/h2><div class=\"special-heading-border\"><div class=\"special-heading-inner-border\"><\/div><\/div><\/div>\n<section  class='av_textblock_section av-5ralm-95e113827ee54bd31c027c7526c2da30 '   itemscope=\"itemscope\" itemtype=\"https:\/\/schema.org\/CreativeWork\" ><div class='avia_textblock'  itemprop=\"text\" ><h3>Infobank uppdatering<\/h3>\n<\/div><\/section>\n<section  class='av_textblock_section av-kh3689us-3ca805f1d28aa46c8a730e0263d9599c '   itemscope=\"itemscope\" itemtype=\"https:\/\/schema.org\/CreativeWork\" ><div class='avia_textblock'  itemprop=\"text\" ><div class=\"kvgmc6g5 cxmmr5t8 oygrvhab hcukyx3x c1et5uql ii04i59q\">\n<div dir=\"auto\">\n<p>Veterantraditions databas publicerades f\u00f6rsta g\u00e5ngen 2001 p\u00e5 CD-ROM. Den svenska versionen av databasen slutf\u00f6rdes 2002. CD-ROM-versionen \u00f6verf\u00f6rdes till onlineplattformen 2014.<\/p>\n<p>Databasen p\u00e5 onlineplattformen uppdaterades i slutet av 2020. Databankens tekniska plattform f\u00f6rnyades f\u00f6r att f\u00f6rb\u00e4ttra anv\u00e4ndbarheten, t.ex. med nya mobila enheter. I detta sammanhang grupperades materialet i databasen om f\u00f6r att g\u00f6ra det l\u00e4ttare att l\u00e4sa och bl\u00e4ddra. Bilder lades ocks\u00e5 till f\u00f6r att liva upp sidorna.<\/p>\n<p>AD Nikolai Ylirotu (Sarvikuono Design) och \u00f6verstel\u00f6jtnant (i.a.) Kari Sainio var ansvariga f\u00f6r att genomf\u00f6ra uppdateringen.<\/p>\n<p>Kadettk\u00e5ren tackar parterna som st\u00f6dde projektet f\u00f6r databankreformen:<\/p>\n<ul>\n<li><em>Jenny ja Antti Wihurin rahasto, <\/em><\/li>\n<li><em>Maanpuolustuksen kannatuss\u00e4\u00e4ti\u00f6, <\/em><\/li>\n<li><em>Puolustusvoimien tukis\u00e4\u00e4ti\u00f6, <\/em><\/li>\n<li><em>Turvallisuuden tukis\u00e4\u00e4ti\u00f6 ja <\/em><\/li>\n<li><em>Uuden P\u00e4iv\u00e4n rahasto<\/em><\/li>\n<\/ul>\n<p>Den ursprungliga produktionen av databanken presenteras nedan.<\/p>\n<\/div>\n<\/div>\n<div dir=\"auto\"><\/div>\n<div class=\"kvgmc6g5 cxmmr5t8 oygrvhab hcukyx3x c1et5uql ii04i59q\"><\/div>\n<\/div><\/section>\n<div  class='hr av-11nt6-7a26fdeb09c7a20bd617404a6fa2de83 hr-default  avia-builder-el-4  el_after_av_textblock  el_before_av_textblock '><span class='hr-inner '><span class=\"hr-inner-style\"><\/span><\/span><\/div>\n<section  class='av_textblock_section av-5ralm-95e113827ee54bd31c027c7526c2da30 '   itemscope=\"itemscope\" itemtype=\"https:\/\/schema.org\/CreativeWork\" ><div class='avia_textblock'  itemprop=\"text\" ><h3>Originalproduktion<\/h3>\n<\/div><\/section>\n\n<style type=\"text\/css\" data-created_by=\"avia_inline_auto\" id=\"style-css-av-4w9bah-5995dc5fdb7fbbe8e500dc9b7067fbd8\">\n.flex_column.av-4w9bah-5995dc5fdb7fbbe8e500dc9b7067fbd8{\nborder-radius:0px 0px 0px 0px;\npadding:0px 0px 0px 0px;\n}\n<\/style>\n<div  class='flex_column av-4w9bah-5995dc5fdb7fbbe8e500dc9b7067fbd8 av_one_half  avia-builder-el-6  el_after_av_textblock  el_before_av_one_half  first flex_column_div av-zero-column-padding  column-top-margin'     ><section  class='av_textblock_section av-kefsm6c3-3d7ebd287652ae1ce1ec5446254fd7cc '   itemscope=\"itemscope\" itemtype=\"https:\/\/schema.org\/CreativeWork\" ><div class='avia_textblock'  itemprop=\"text\" ><p><strong>Producent<\/strong><br \/>\nKadetk\u00e5ren rf<\/p>\n<p><strong>Produktions\u00f6vervakning<\/strong><br \/>\nUtbildningsstyrelsen<\/p>\n<p><strong>Medarbetare<\/strong><\/p>\n<p><strong>Veteranorganisationer:<\/strong><\/p>\n<p>Sotaveteraaniliitto ry<br \/>\nRintamaveteraaniliitto ry<br \/>\nSotainvalidien Veljesliitto ry<br \/>\nRintamanaisten liitto ry<br \/>\nKaatuneitten Omaisten Liitto ry<br \/>\nSotavangit ry<\/p>\n<p>F\u00f6rbundet f\u00f6r l\u00e4rarna i historia och samh\u00e4llsl\u00e4ra FLHS rf<\/p>\n<p>F\u00f6rsvarsmakten<\/p>\n<p><strong>Tillverkningsf\u00f6retag<\/strong><br \/>\nHyperGraph Oy \/ Nero &amp; Progress Oy<\/p>\n<p><strong>Ekonomisk st\u00f6d av projektet<\/strong><br \/>\nJenny ja Antti Wihurin rahasto<\/p>\n<p><strong>Grupper och ansvar<\/strong><\/p>\n<p><strong>Projekt \u00e5lderman<\/strong><br \/>\nGeneral Jaakko Valtanen<\/p>\n<p><strong>Projektledare<\/strong><br \/>\n\u00d6verstel\u00f6jtnant Pekka Rapila<\/p>\n<p><strong>Medlemmar i ledningsgruppen<\/strong><br \/>\nCommodore Jukka Pajala (ordf\u00f6rande)<br \/>\nOrdf\u00f6rande Aarno Lampi, Finlands krigsveteranf\u00f6rening<br \/>\nOrdf\u00f6rande Onni Toljamo, Rintamaveteraaniliitto ry<br \/>\nOrdf\u00f6rande Uki Voutilainen, Sotainvalidien Veljesliitto ry<br \/>\nOrdf\u00f6rande Laine-Maire Ky\u00f6stil\u00e4, Rintamanaisten liitto ry<br \/>\nOrdf\u00f6rande Pentti Lehtim\u00e4ki, Kaatuneiden Omaisten Liitto ry<br \/>\nOrdf\u00f6rande Teuvo Alava, Sotavangit ry<br \/>\nGeneraldirekt\u00f6r Aslak Lindstr\u00f6m, Utbildningsstyrelsen<br \/>\nHistoriel\u00e4rare Vesa Viherv\u00e4, HYOL<br \/>\n\u00d6verstel\u00f6jtnant Erik Werner, f\u00f6rsvarsmakten<br \/>\n\u00d6verstel\u00f6jtnant Pekka Rapila, sekreterare<\/p>\n<p><strong>Medlemmar i id\u00e9gruppen<\/strong><br \/>\nJukka Pajala (ordf\u00f6rande)<br \/>\nAntti Henttonen<br \/>\nSakari S\u00e4rkisilta<br \/>\nArto Lillberg<br \/>\nEeva Hurmalainen<br \/>\nMatti Lukkari<br \/>\nTapio Skog<br \/>\nArto Kotro<br \/>\nOlli Ollila<br \/>\nPekka Iivonen<br \/>\nVesa Viherv\u00e4<br \/>\nPekka Rapila (sekreterare)<\/p>\n<p><strong>Projektgruppsmedlemmar<\/strong><br \/>\nPekka Rapila (ordf\u00f6rande)<br \/>\nAntti Henttonen<br \/>\nMatti Hara<br \/>\nYrj\u00f6 Hy\u00f6tyniemi<br \/>\nVesa Viherv\u00e4<br \/>\nJussi-Pekka Kangas<br \/>\nArto Kotro<br \/>\nAarno Unkila<\/p>\n<p><strong>Ansvar<\/strong><br \/>\nLedningsgrupp: policyer<br \/>\nId\u00e9grupp: Veteraanien sanoma<br \/>\nProjektgrupp: historiskt inneh\u00e5ll, pedagogik<\/p>\n<p>F\u00f6rfattare och material<\/p>\n<p><strong>Programmanus<\/strong><br \/>\nArto Kotro<\/p>\n<p><strong>Inl\u00e4rningsmilj\u00f6 och multimedia skript<\/strong><br \/>\n(Veteraanien perint\u00f6 &#8211; Itsen\u00e4inen is\u00e4nmaa cd-rom)<br \/>\nAarno Unkila<\/p>\n<p><strong>Testa<\/strong><br \/>\nAarno Lampi<\/p>\n<p><strong>Uppgifter<\/strong><br \/>\nF\u00f6rbundet f\u00f6r l\u00e4rarna i historia och samh\u00e4llsl\u00e4ra FLHS rf<\/p>\n<p><strong>Grafisk design, illustration och bildbehandling<\/strong><br \/>\nAarno Unkila<\/p>\n<p><strong>Musik och ljuddesign<\/strong><br \/>\nVeteraanien perint\u00f6 &#8211; Itsen\u00e4inen is\u00e4nmaa cd-rom CD-ROM)<br \/>\nPetteri Unkila<\/p>\n<p><strong>Programmering<\/strong><br \/>\n(Veteraanien perint\u00f6 &#8211; Itsen\u00e4inen is\u00e4nmaa cd-rom CD-ROM)<br \/>\nHyperGraph Oy \/ Aarno Unkila<\/p>\n<p><strong>Multimediakompilering<\/strong><br \/>\n(Veteraanien perint\u00f6 &#8211; Itsen\u00e4inen is\u00e4nmaa cd-rom CD-ROM)<br \/>\nAarno Unkila<\/p>\n<p><strong>Multimediaverktyg<\/strong><br \/>\n(Veteraanien perint\u00f6 &#8211; Itsen\u00e4inen is\u00e4nmaa cd-rom CD-ROM)<br \/>\nMacromedia Authorware 5.0 Uppn\u00e5 Multimediastudio<\/p>\n<p><strong>Beskrivning<br \/>\n<\/strong>(Veteraanien perint\u00f6 &#8211; Itsen\u00e4inen is\u00e4nmaa cd-rom CD-ROM)<br \/>\nVeikko Honkanen<br \/>\nTitta Jokinen<\/p>\n<p><strong>Videodesign och redigering f\u00f6r multimedia (Legacy of Veterans &#8211; Independent Homeland CD-ROM)<\/strong><br \/>\nPetteri och Aarno Unkila<\/p>\n<p><strong>Inspelning och ljud\u00f6vervakning<br \/>\n<\/strong>(Veteraanien perint\u00f6 &#8211; Itsen\u00e4inen is\u00e4nmaa cd-rom CD-ROM)<br \/>\nKari Pietil\u00e4<\/p>\n<p><strong>Ljudredigering<br \/>\n<\/strong>(Veteraanien perint\u00f6 &#8211; Itsen\u00e4inen is\u00e4nmaa cd-rom CD-ROM)<br \/>\nPetteri Unkila<\/p>\n<p><strong>Videor:<br \/>\n<\/strong>(Veteraanien perint\u00f6 &#8211; Itsen\u00e4inen is\u00e4nmaa cd-rom CD-ROM)<br \/>\nAveCaesar Oy<br \/>\nMTV3<br \/>\nMRP Matila &amp; R\u00f6hr Productions Oy<br \/>\nNew Day Fund<br \/>\nMarkku Onttonen<br \/>\nRintamanaisten liitto ry<br \/>\nF\u00f6rsvarsmaktens filmarkiv<br \/>\nAarno Unkila<br \/>\nPetteri Unkila<br \/>\nTykkimiehet ry<br \/>\nTuomo Rysti<br \/>\nKari Salmi<br \/>\nYLE 1<\/p>\n<p><strong>Bildk\u00e4llor:<\/strong><br \/>\nHelsingfors universitet<br \/>\nSamling av Nordostrobotniska f\u00f6reningen<br \/>\nSamling av s\u00f6dra finska f\u00f6reningen<br \/>\nJ\u00e4\u00e4k\u00e4ripataljoona 27:n perinneyhdistys<br \/>\nKansan Arkisto\/1918 Kansalaissodan kuvia<br \/>\nKarjalan liitto<br \/>\nKauhajoen Museoyhdistys ry<br \/>\nKuopion koululaitos 125 vuotta<br \/>\nMuisti-projekti<br \/>\nPohjois-pohjanmaan museo<br \/>\nKotirintaman arkea Oulussa<br \/>\n1930-luku: pulan ja aatteiden vuosikymmen ja<br \/>\nUuno Laukan kuva-arkisto<br \/>\nPvKK\/kuvaosasto<br \/>\nRintamanaisten liitto ry<br \/>\nSotainvalidien Veljesliitto ry<br \/>\nSotamuseo<br \/>\nSuomen historian dokumentteja<br \/>\nSakari S\u00e4rkisillan kuva-arkisto<br \/>\nTampereenhistoria\/Tampereen kaupungin elinkeinokeskus\/Koskesta voimaa<br \/>\nTervetuloa tutustumaan luovutettuun Karjalaan<br \/>\nTy\u00f6v\u00e4enliike 100 vuotta<br \/>\ndessutom bilder fr\u00e5n privatpersoner<\/p>\n<p><strong>Skriftliga k\u00e4llor:<\/strong><br \/>\nAhto S. Aseveljet vastakkain. Lapin sota 1944-45, Kirjayhtym\u00e4 1980<br \/>\nAhto S. Talvisodan henki, WSOY 1989<br \/>\nHonkasalo M. Suomalainen sotainvalidi, Otava 2000<br \/>\nJermo A. Kun kansa eli kortilla. Otava 1974<br \/>\nJokipii M. Panttipataljoona, Gummerus 1996<br \/>\nJutikkala E, Pirinen K. Suomen historia, WSOY 1999<br \/>\nJuutilainen A. Tammenlehv\u00e4n kansa, Vammalan kirjapaino oy 1977<br \/>\nJ\u00e4\u00e4k\u00e4ripataljoona 27:n perinneyhdistys r.y. J\u00e4\u00e4k\u00e4rin tie, 1975<br \/>\nKinnunen V. (toim.) Sotaveteraanit rauhan t\u00f6iss\u00e4, Risteen Kirjapaino oy 2000<br \/>\nKoskimaa M.<\/p>\n<ul>\n<li>Veitsen ter\u00e4ll\u00e4, WSOY 1992<\/li>\n<li>Murtajan tykist\u00f6, WSOY 1994<\/li>\n<li>Torjuntavoitto Viipurinlahdella kes\u00e4ll\u00e4 1944, WSOY 1996<\/li>\n<li>Tyrj\u00e4n rykmentti, WSOY 1996<\/li>\n<li>Syv\u00e4rilt\u00e4 Nietj\u00e4rvelle, WSOY 1998<\/li>\n<li>Karhum\u00e4est\u00e4 Ilomantsiin, WSOY 2000<\/li>\n<\/ul>\n<p>Leiponen K. Kansa talkoissa, Gummerus 1987<br \/>\nLeskinen J. (toim.), Juutilainen A. (toim.) Talvisodan pikkuj\u00e4ttil\u00e4inen, WSOY 1999<br \/>\nMilit\u00e4rhistoriska F\u00f6rlaget Svenska Frivilliga i Finland 1939-1944<br \/>\nNevalainen P. Inkeril\u00e4inen siirtov\u00e4ki Suomessa 1940-luvulla, Otava 1990<br \/>\nPalokangas M. Sotilask\u00e4siaseet Suomessa 1918-1988, Vammalan Kirjapaino oy 1991<br \/>\nSotatieteen laitos Suomen sota 1941-1945 1-11, Kustannus oy Savo, WSOY 1964-1975<br \/>\nSotatieteen laitos Talvisodan historia 1-4. WSOY 1977<br \/>\nSotatieteen laitos Jatkosodan historia 1-6, WSOY 1988<br \/>\nSuomi 75 vuotta (toimituskunta) Itsen\u00e4isen Suomen historia 1-4, Weilin+G\u00f6\u00f6s 1992<br \/>\nOy Valitut Palat-Reader\u00b4s Digest Ab Nainen sodassa, 1995<\/p>\n<\/div><\/section><\/div>\n\n<style type=\"text\/css\" data-created_by=\"avia_inline_auto\" id=\"style-css-av-2yb3fd-80f77e5e0b950f839e09792b18ac5fa7\">\n.flex_column.av-2yb3fd-80f77e5e0b950f839e09792b18ac5fa7{\nborder-radius:0px 0px 0px 0px;\npadding:0px 0px 0px 0px;\n}\n<\/style>\n<div  class='flex_column av-2yb3fd-80f77e5e0b950f839e09792b18ac5fa7 av_one_half  avia-builder-el-8  el_after_av_one_half  avia-builder-el-last  flex_column_div av-zero-column-padding  column-top-margin'     ><style type=\"text\/css\" data-created_by=\"avia_inline_auto\" id=\"style-css-av-kk82rka7-e2c16c619258e8fff0e4f8ff21793315\">\n.avia-image-container.av-kk82rka7-e2c16c619258e8fff0e4f8ff21793315 img.avia_image{\nbox-shadow:none;\n}\n.avia-image-container.av-kk82rka7-e2c16c619258e8fff0e4f8ff21793315 .av-image-caption-overlay-center{\ncolor:#ffffff;\n}\n<\/style>\n<div  class='avia-image-container av-kk82rka7-e2c16c619258e8fff0e4f8ff21793315 av-styling- avia-align-center  avia-builder-el-9  avia-builder-el-no-sibling '   itemprop=\"image\" itemscope=\"itemscope\" itemtype=\"https:\/\/schema.org\/ImageObject\" ><div class=\"avia-image-container-inner\"><div class=\"avia-image-overlay-wrap\"><img decoding=\"async\" fetchpriority=\"high\" class='wp-image-10486 avia-img-lazy-loading-not-10486 avia_image ' src=\"https:\/\/veteraanienperinto.fi\/wp-content\/uploads\/2021\/01\/Na\u0308ytto\u0308kuva-2021-1-22-kello-7.32.38-1030x635.png\" alt='' title='Na\u0308ytto\u0308kuva 2021-1-22 kello 7.32.38'  height=\"635\" width=\"1030\"  itemprop=\"thumbnailUrl\" srcset=\"https:\/\/veteraanienperinto.fi\/wp-content\/uploads\/2021\/01\/Na\u0308ytto\u0308kuva-2021-1-22-kello-7.32.38-1030x635.png 1030w, https:\/\/veteraanienperinto.fi\/wp-content\/uploads\/2021\/01\/Na\u0308ytto\u0308kuva-2021-1-22-kello-7.32.38-300x185.png 300w, https:\/\/veteraanienperinto.fi\/wp-content\/uploads\/2021\/01\/Na\u0308ytto\u0308kuva-2021-1-22-kello-7.32.38-768x473.png 768w, https:\/\/veteraanienperinto.fi\/wp-content\/uploads\/2021\/01\/Na\u0308ytto\u0308kuva-2021-1-22-kello-7.32.38-705x435.png 705w, https:\/\/veteraanienperinto.fi\/wp-content\/uploads\/2021\/01\/Na\u0308ytto\u0308kuva-2021-1-22-kello-7.32.38.png 1426w\" sizes=\"(max-width: 1030px) 100vw, 1030px\" \/><\/div><\/div><\/div><\/div>\n","protected":false},"excerpt":{"rendered":"","protected":false},"author":1,"featured_media":0,"parent":6331,"menu_order":16,"comment_status":"closed","ping_status":"closed","template":"","meta":{"footnotes":""},"class_list":["post-6953","page","type-page","status-publish","hentry"],"yoast_head":"<!-- This site is optimized with the Yoast SEO plugin v27.5 - https:\/\/yoast.com\/product\/yoast-seo-wordpress\/ -->\n<title>Produktion - Veteraanien Perint\u00f6<\/title>\n<meta name=\"robots\" content=\"index, follow, max-snippet:-1, max-image-preview:large, max-video-preview:-1\" \/>\n<link rel=\"canonical\" href=\"https:\/\/veteraanienperinto.fi\/index.php\/sv\/infobank\/produktion\/\" \/>\n<meta property=\"og:locale\" content=\"fi_FI\" \/>\n<meta property=\"og:type\" content=\"article\" \/>\n<meta property=\"og:title\" content=\"Produktion - Veteraanien Perint\u00f6\" \/>\n<meta property=\"og:url\" content=\"https:\/\/veteraanienperinto.fi\/index.php\/sv\/infobank\/produktion\/\" \/>\n<meta property=\"og:site_name\" content=\"Veteraanien Perint\u00f6\" \/>\n<meta property=\"article:modified_time\" content=\"2021-01-25T11:44:23+00:00\" \/>\n<meta name=\"twitter:card\" content=\"summary_large_image\" \/>\n<meta name=\"twitter:label1\" content=\"Arvioitu lukuaika\" \/>\n\t<meta name=\"twitter:data1\" content=\"8 minuuttia\" \/>\n<script type=\"application\/ld+json\" class=\"yoast-schema-graph\">{\"@context\":\"https:\\\/\\\/schema.org\",\"@graph\":[{\"@type\":\"WebPage\",\"@id\":\"https:\\\/\\\/veteraanienperinto.fi\\\/index.php\\\/sv\\\/infobank\\\/produktion\\\/\",\"url\":\"https:\\\/\\\/veteraanienperinto.fi\\\/index.php\\\/sv\\\/infobank\\\/produktion\\\/\",\"name\":\"Produktion - Veteraanien Perint\u00f6\",\"isPartOf\":{\"@id\":\"https:\\\/\\\/veteraanienperinto.fi\\\/#website\"},\"datePublished\":\"2020-11-19T17:08:25+00:00\",\"dateModified\":\"2021-01-25T11:44:23+00:00\",\"breadcrumb\":{\"@id\":\"https:\\\/\\\/veteraanienperinto.fi\\\/index.php\\\/sv\\\/infobank\\\/produktion\\\/#breadcrumb\"},\"inLanguage\":\"fi\",\"potentialAction\":[{\"@type\":\"ReadAction\",\"target\":[\"https:\\\/\\\/veteraanienperinto.fi\\\/index.php\\\/sv\\\/infobank\\\/produktion\\\/\"]}]},{\"@type\":\"BreadcrumbList\",\"@id\":\"https:\\\/\\\/veteraanienperinto.fi\\\/index.php\\\/sv\\\/infobank\\\/produktion\\\/#breadcrumb\",\"itemListElement\":[{\"@type\":\"ListItem\",\"position\":1,\"name\":\"Etusivu\",\"item\":\"https:\\\/\\\/veteraanienperinto.fi\\\/index.php\\\/etusivu-2\\\/\"},{\"@type\":\"ListItem\",\"position\":2,\"name\":\"Infobank\",\"item\":\"https:\\\/\\\/veteraanienperinto.fi\\\/index.php\\\/sv\\\/infobank\\\/\"},{\"@type\":\"ListItem\",\"position\":3,\"name\":\"Produktion\"}]},{\"@type\":\"WebSite\",\"@id\":\"https:\\\/\\\/veteraanienperinto.fi\\\/#website\",\"url\":\"https:\\\/\\\/veteraanienperinto.fi\\\/\",\"name\":\"Veteraanien Perint\u00f6\",\"description\":\"Kadettikunta\",\"potentialAction\":[{\"@type\":\"SearchAction\",\"target\":{\"@type\":\"EntryPoint\",\"urlTemplate\":\"https:\\\/\\\/veteraanienperinto.fi\\\/?s={search_term_string}\"},\"query-input\":{\"@type\":\"PropertyValueSpecification\",\"valueRequired\":true,\"valueName\":\"search_term_string\"}}],\"inLanguage\":\"fi\"}]}<\/script>\n<!-- \/ Yoast SEO plugin. -->","yoast_head_json":{"title":"Produktion - Veteraanien Perint\u00f6","robots":{"index":"index","follow":"follow","max-snippet":"max-snippet:-1","max-image-preview":"max-image-preview:large","max-video-preview":"max-video-preview:-1"},"canonical":"https:\/\/veteraanienperinto.fi\/index.php\/sv\/infobank\/produktion\/","og_locale":"fi_FI","og_type":"article","og_title":"Produktion - Veteraanien Perint\u00f6","og_url":"https:\/\/veteraanienperinto.fi\/index.php\/sv\/infobank\/produktion\/","og_site_name":"Veteraanien Perint\u00f6","article_modified_time":"2021-01-25T11:44:23+00:00","twitter_card":"summary_large_image","twitter_misc":{"Arvioitu lukuaika":"8 minuuttia"},"schema":{"@context":"https:\/\/schema.org","@graph":[{"@type":"WebPage","@id":"https:\/\/veteraanienperinto.fi\/index.php\/sv\/infobank\/produktion\/","url":"https:\/\/veteraanienperinto.fi\/index.php\/sv\/infobank\/produktion\/","name":"Produktion - Veteraanien Perint\u00f6","isPartOf":{"@id":"https:\/\/veteraanienperinto.fi\/#website"},"datePublished":"2020-11-19T17:08:25+00:00","dateModified":"2021-01-25T11:44:23+00:00","breadcrumb":{"@id":"https:\/\/veteraanienperinto.fi\/index.php\/sv\/infobank\/produktion\/#breadcrumb"},"inLanguage":"fi","potentialAction":[{"@type":"ReadAction","target":["https:\/\/veteraanienperinto.fi\/index.php\/sv\/infobank\/produktion\/"]}]},{"@type":"BreadcrumbList","@id":"https:\/\/veteraanienperinto.fi\/index.php\/sv\/infobank\/produktion\/#breadcrumb","itemListElement":[{"@type":"ListItem","position":1,"name":"Etusivu","item":"https:\/\/veteraanienperinto.fi\/index.php\/etusivu-2\/"},{"@type":"ListItem","position":2,"name":"Infobank","item":"https:\/\/veteraanienperinto.fi\/index.php\/sv\/infobank\/"},{"@type":"ListItem","position":3,"name":"Produktion"}]},{"@type":"WebSite","@id":"https:\/\/veteraanienperinto.fi\/#website","url":"https:\/\/veteraanienperinto.fi\/","name":"Veteraanien Perint\u00f6","description":"Kadettikunta","potentialAction":[{"@type":"SearchAction","target":{"@type":"EntryPoint","urlTemplate":"https:\/\/veteraanienperinto.fi\/?s={search_term_string}"},"query-input":{"@type":"PropertyValueSpecification","valueRequired":true,"valueName":"search_term_string"}}],"inLanguage":"fi"}]}},"_links":{"self":[{"href":"https:\/\/veteraanienperinto.fi\/index.php\/wp-json\/wp\/v2\/pages\/6953","targetHints":{"allow":["GET"]}}],"collection":[{"href":"https:\/\/veteraanienperinto.fi\/index.php\/wp-json\/wp\/v2\/pages"}],"about":[{"href":"https:\/\/veteraanienperinto.fi\/index.php\/wp-json\/wp\/v2\/types\/page"}],"author":[{"embeddable":true,"href":"https:\/\/veteraanienperinto.fi\/index.php\/wp-json\/wp\/v2\/users\/1"}],"replies":[{"embeddable":true,"href":"https:\/\/veteraanienperinto.fi\/index.php\/wp-json\/wp\/v2\/comments?post=6953"}],"version-history":[{"count":13,"href":"https:\/\/veteraanienperinto.fi\/index.php\/wp-json\/wp\/v2\/pages\/6953\/revisions"}],"predecessor-version":[{"id":10527,"href":"https:\/\/veteraanienperinto.fi\/index.php\/wp-json\/wp\/v2\/pages\/6953\/revisions\/10527"}],"up":[{"embeddable":true,"href":"https:\/\/veteraanienperinto.fi\/index.php\/wp-json\/wp\/v2\/pages\/6331"}],"wp:attachment":[{"href":"https:\/\/veteraanienperinto.fi\/index.php\/wp-json\/wp\/v2\/media?parent=6953"}],"curies":[{"name":"wp","href":"https:\/\/api.w.org\/{rel}","templated":true}]}}