{"id":80,"date":"2020-08-13T07:00:35","date_gmt":"2020-08-13T07:00:35","guid":{"rendered":"https:\/\/veteraani.ylirotu.fi\/?page_id=80"},"modified":"2021-01-18T14:15:33","modified_gmt":"2021-01-18T14:15:33","slug":"puolustusvoimat","status":"publish","type":"page","link":"https:\/\/veteraanienperinto.fi\/index.php\/jalleenrakentaminen\/puolustusvoimat\/","title":{"rendered":"Puolustusvoimat"},"content":{"rendered":"<div id='full_slider_1'  class='avia-fullwidth-slider main_color avia-shadow   avia-builder-el-0  el_before_av_heading  avia-builder-el-first   container_wrap sidebar_right'  ><\/div><div id='after_full_slider_1'  class='main_color av_default_container_wrap container_wrap sidebar_right'  ><div class='container av-section-cont-open' ><div class='template-page content  av-content-small alpha units'><div class='post-entry post-entry-type-page post-entry-80'><div class='entry-content-wrapper clearfix'>\n\n<style type=\"text\/css\" data-created_by=\"avia_inline_auto\" id=\"style-css-av-kk2nhzre-561192276799cebb996c7caa7492e8f1\">\n#top .av-special-heading.av-kk2nhzre-561192276799cebb996c7caa7492e8f1{\npadding-bottom:10px;\n}\nbody .av-special-heading.av-kk2nhzre-561192276799cebb996c7caa7492e8f1 .av-special-heading-tag .heading-char{\nfont-size:25px;\n}\n.av-special-heading.av-kk2nhzre-561192276799cebb996c7caa7492e8f1 .av-subheading{\nfont-size:15px;\n}\n<\/style>\n<div  class='av-special-heading av-kk2nhzre-561192276799cebb996c7caa7492e8f1 av-special-heading-h2  avia-builder-el-1  el_after_av_slideshow_full  el_before_av_one_half  avia-builder-el-first '><h2 class='av-special-heading-tag'  itemprop=\"headline\"  >Puolustusvoimat<\/h2><div class=\"special-heading-border\"><div class=\"special-heading-inner-border\"><\/div><\/div><\/div>\n\n<style type=\"text\/css\" data-created_by=\"avia_inline_auto\" id=\"style-css-av-60x38-3cdb3c1fb4079a9caf5fd126e0583cd4\">\n.flex_column.av-60x38-3cdb3c1fb4079a9caf5fd126e0583cd4{\nborder-radius:0px 0px 0px 0px;\npadding:0px 0px 0px 0px;\n}\n<\/style>\n<div  class='flex_column av-60x38-3cdb3c1fb4079a9caf5fd126e0583cd4 av_one_half  avia-builder-el-2  el_after_av_heading  el_before_av_one_half  first flex_column_div av-zero-column-padding  '     ><p>\n<style type=\"text\/css\" data-created_by=\"avia_inline_auto\" id=\"style-css-av-204o-5998dd1847459fe0d3d298c2b1bced2a\">\n.avia-image-container.av-204o-5998dd1847459fe0d3d298c2b1bced2a img.avia_image{\nbox-shadow:none;\n}\n.avia-image-container.av-204o-5998dd1847459fe0d3d298c2b1bced2a .av-image-caption-overlay-center{\ncolor:#ffffff;\n}\n<\/style>\n<div  class='avia-image-container av-204o-5998dd1847459fe0d3d298c2b1bced2a av-styling- avia-align-center  avia-builder-el-3  el_before_av_textblock  avia-builder-el-first '   itemprop=\"image\" itemscope=\"itemscope\" itemtype=\"https:\/\/schema.org\/ImageObject\" ><div class=\"avia-image-container-inner\"><div class=\"avia-image-overlay-wrap\"><a href=\"https:\/\/veteraanienperinto.fi\/index.php\/jalleenrakentaminen\/puolustusvoimat\/armeijan-kotiuttaminen\/\" class='avia_image'  aria-label='JR 53\/III Pataljoona kokoontuneena viimeiseen katselmuksen ennen kotiuttamista.'><img decoding=\"async\" fetchpriority=\"high\" class='wp-image-4191 avia-img-lazy-loading-not-4191 avia_image ' src=\"https:\/\/veteraanienperinto.fi\/wp-content\/uploads\/2020\/09\/Kotiuttaminen-1-180x180.jpg\" alt='' title='JR 53\/III Pataljoona kokoontuneena viimeiseen katselmuksen ennen kotiuttamista.'  height=\"180\" width=\"180\"  itemprop=\"thumbnailUrl\" srcset=\"https:\/\/veteraanienperinto.fi\/wp-content\/uploads\/2020\/09\/Kotiuttaminen-1-180x180.jpg 180w, https:\/\/veteraanienperinto.fi\/wp-content\/uploads\/2020\/09\/Kotiuttaminen-1-80x80.jpg 80w, https:\/\/veteraanienperinto.fi\/wp-content\/uploads\/2020\/09\/Kotiuttaminen-1-36x36.jpg 36w\" sizes=\"(max-width: 180px) 100vw, 180px\" \/><\/a><\/div><\/div><\/div><br \/>\n<section  class='av_textblock_section av-kdsbg70l-f5dc09215ab849fc95239b9908ea1c6a '   itemscope=\"itemscope\" itemtype=\"https:\/\/schema.org\/CreativeWork\" ><div class='avia_textblock'  itemprop=\"text\" ><p style=\"text-align: center;\">Armeijan kotiuttaminen<\/p>\n<\/div><\/section><\/p><\/div>\n\n<style type=\"text\/css\" data-created_by=\"avia_inline_auto\" id=\"style-css-av-4vsdo-57d62dc22e3b3b529aaf5bbecd25581d\">\n.flex_column.av-4vsdo-57d62dc22e3b3b529aaf5bbecd25581d{\nborder-radius:0px 0px 0px 0px;\npadding:0px 0px 0px 0px;\n}\n<\/style>\n<div  class='flex_column av-4vsdo-57d62dc22e3b3b529aaf5bbecd25581d av_one_half  avia-builder-el-5  el_after_av_one_half  el_before_av_one_half  flex_column_div av-zero-column-padding  '     ><p>\n<style type=\"text\/css\" data-created_by=\"avia_inline_auto\" id=\"style-css-av-4annk-48cc7dfcc03cc04e6b2701516ba3c94f\">\n.avia-image-container.av-4annk-48cc7dfcc03cc04e6b2701516ba3c94f img.avia_image{\nbox-shadow:none;\n}\n.avia-image-container.av-4annk-48cc7dfcc03cc04e6b2701516ba3c94f .av-image-caption-overlay-center{\ncolor:#ffffff;\n}\n<\/style>\n<div  class='avia-image-container av-4annk-48cc7dfcc03cc04e6b2701516ba3c94f av-styling- avia-align-center  avia-builder-el-6  el_before_av_textblock  avia-builder-el-first '   itemprop=\"image\" itemscope=\"itemscope\" itemtype=\"https:\/\/schema.org\/ImageObject\" ><div class=\"avia-image-container-inner\"><div class=\"avia-image-overlay-wrap\"><a href=\"https:\/\/veteraanienperinto.fi\/index.php\/jalleenrakentaminen\/puolustusvoimat\/asekatkentajuttu\/\" class='avia_image'  aria-label='Asek\u00e4tkenn\u00e4n muistelua'><img decoding=\"async\" fetchpriority=\"high\" class='wp-image-3297 avia-img-lazy-loading-not-3297 avia_image ' src=\"https:\/\/veteraanienperinto.fi\/wp-content\/uploads\/2020\/09\/Asekatkennan-muistelua-180x180.jpg\" alt='' title='Asek\u00e4tkenn\u00e4n muistelua'  height=\"180\" width=\"180\"  itemprop=\"thumbnailUrl\" srcset=\"https:\/\/veteraanienperinto.fi\/wp-content\/uploads\/2020\/09\/Asekatkennan-muistelua-180x180.jpg 180w, https:\/\/veteraanienperinto.fi\/wp-content\/uploads\/2020\/09\/Asekatkennan-muistelua-298x300.jpg 298w, https:\/\/veteraanienperinto.fi\/wp-content\/uploads\/2020\/09\/Asekatkennan-muistelua-80x80.jpg 80w, https:\/\/veteraanienperinto.fi\/wp-content\/uploads\/2020\/09\/Asekatkennan-muistelua-36x36.jpg 36w, https:\/\/veteraanienperinto.fi\/wp-content\/uploads\/2020\/09\/Asekatkennan-muistelua.jpg 417w\" sizes=\"(max-width: 180px) 100vw, 180px\" \/><\/a><\/div><\/div><\/div><br \/>\n<section  class='av_textblock_section av-kdsbghql-3654d9d4884834fe6a76ae332030ce9b '   itemscope=\"itemscope\" itemtype=\"https:\/\/schema.org\/CreativeWork\" ><div class='avia_textblock'  itemprop=\"text\" ><p style=\"text-align: center;\">Asek\u00e4tkent\u00e4juttu<\/p>\n<\/div><\/section><\/p><\/div>\n\n<style type=\"text\/css\" data-created_by=\"avia_inline_auto\" id=\"style-css-av-2uesg-7d37f1878252659d730218f06e75d85a\">\n.flex_column.av-2uesg-7d37f1878252659d730218f06e75d85a{\nborder-radius:0px 0px 0px 0px;\npadding:0px 0px 0px 0px;\n}\n<\/style>\n<div  class='flex_column av-2uesg-7d37f1878252659d730218f06e75d85a av_one_half  avia-builder-el-8  el_after_av_one_half  el_before_av_one_half  first flex_column_div av-zero-column-padding  column-top-margin'     ><p>\n<style type=\"text\/css\" data-created_by=\"avia_inline_auto\" id=\"style-css-av-24qhg-3b44b566e17757b23c0e9cfda16c0071\">\n.avia-image-container.av-24qhg-3b44b566e17757b23c0e9cfda16c0071 img.avia_image{\nbox-shadow:none;\n}\n.avia-image-container.av-24qhg-3b44b566e17757b23c0e9cfda16c0071 .av-image-caption-overlay-center{\ncolor:#ffffff;\n}\n<\/style>\n<div  class='avia-image-container av-24qhg-3b44b566e17757b23c0e9cfda16c0071 av-styling- avia-align-center  avia-builder-el-9  el_before_av_textblock  avia-builder-el-first '   itemprop=\"image\" itemscope=\"itemscope\" itemtype=\"https:\/\/schema.org\/ImageObject\" ><div class=\"avia-image-container-inner\"><div class=\"avia-image-overlay-wrap\"><a href=\"https:\/\/veteraanienperinto.fi\/index.php\/jalleenrakentaminen\/puolustusvoimat\/pariisin-rauhansopimus\/\" class='avia_image'  aria-label='Pariisin rauhansopimus'><img decoding=\"async\" fetchpriority=\"high\" class='wp-image-4193 avia-img-lazy-loading-not-4193 avia_image ' src=\"https:\/\/veteraanienperinto.fi\/wp-content\/uploads\/2020\/09\/Pariisin-rauhansopimus-180x180.jpg\" alt='' title='Pariisin rauhansopimus'  height=\"180\" width=\"180\"  itemprop=\"thumbnailUrl\" srcset=\"https:\/\/veteraanienperinto.fi\/wp-content\/uploads\/2020\/09\/Pariisin-rauhansopimus-180x180.jpg 180w, https:\/\/veteraanienperinto.fi\/wp-content\/uploads\/2020\/09\/Pariisin-rauhansopimus-80x80.jpg 80w, https:\/\/veteraanienperinto.fi\/wp-content\/uploads\/2020\/09\/Pariisin-rauhansopimus-36x36.jpg 36w\" sizes=\"(max-width: 180px) 100vw, 180px\" \/><\/a><\/div><\/div><\/div><br \/>\n<section  class='av_textblock_section av-kdsbgvhj-afaf37acc052683f7d4391628fa521cc '   itemscope=\"itemscope\" itemtype=\"https:\/\/schema.org\/CreativeWork\" ><div class='avia_textblock'  itemprop=\"text\" ><p style=\"text-align: center;\">Pariisin rauhansopimuksen rajoitteet<\/p>\n<\/div><\/section><\/p><\/div>\n\n<style type=\"text\/css\" data-created_by=\"avia_inline_auto\" id=\"style-css-av-1e1ls-63c2c2d271862efaac21e7822baf565d\">\n.flex_column.av-1e1ls-63c2c2d271862efaac21e7822baf565d{\nborder-radius:0px 0px 0px 0px;\npadding:0px 0px 0px 0px;\n}\n<\/style>\n<div  class='flex_column av-1e1ls-63c2c2d271862efaac21e7822baf565d av_one_half  avia-builder-el-11  el_after_av_one_half  avia-builder-el-last  flex_column_div av-zero-column-padding  column-top-margin'     ><p>\n<style type=\"text\/css\" data-created_by=\"avia_inline_auto\" id=\"style-css-av-160hg-6c41edb3ba815856a3373586bcfa0757\">\n.avia-image-container.av-160hg-6c41edb3ba815856a3373586bcfa0757 img.avia_image{\nbox-shadow:none;\n}\n.avia-image-container.av-160hg-6c41edb3ba815856a3373586bcfa0757 .av-image-caption-overlay-center{\ncolor:#ffffff;\n}\n<\/style>\n<div  class='avia-image-container av-160hg-6c41edb3ba815856a3373586bcfa0757 av-styling- avia-align-center  avia-builder-el-12  el_before_av_textblock  avia-builder-el-first '   itemprop=\"image\" itemscope=\"itemscope\" itemtype=\"https:\/\/schema.org\/ImageObject\" ><div class=\"avia-image-container-inner\"><div class=\"avia-image-overlay-wrap\"><a href=\"https:\/\/veteraanienperinto.fi\/index.php\/jalleenrakentaminen\/puolustusvoimat\/puolustusvoimien-kehittamisen-pysahtyneisyys\/\" class='avia_image'  aria-label='Kevyt suomalainen konekiv\u00e4\u00e4ri ja rynn\u00e4kk\u00f6kiv\u00e4\u00e4ri asemassa'><img decoding=\"async\" fetchpriority=\"high\" class='wp-image-4194 avia-img-lazy-loading-not-4194 avia_image ' src=\"https:\/\/veteraanienperinto.fi\/wp-content\/uploads\/2020\/09\/Puoltusvoimien-kehitys-180x180.jpg\" alt='' title='Kevyt suomalainen konekiv\u00e4\u00e4ri ja rynn\u00e4kk\u00f6kiv\u00e4\u00e4ri asemassa'  height=\"180\" width=\"180\"  itemprop=\"thumbnailUrl\" srcset=\"https:\/\/veteraanienperinto.fi\/wp-content\/uploads\/2020\/09\/Puoltusvoimien-kehitys-180x180.jpg 180w, https:\/\/veteraanienperinto.fi\/wp-content\/uploads\/2020\/09\/Puoltusvoimien-kehitys-80x80.jpg 80w, https:\/\/veteraanienperinto.fi\/wp-content\/uploads\/2020\/09\/Puoltusvoimien-kehitys-36x36.jpg 36w\" sizes=\"(max-width: 180px) 100vw, 180px\" \/><\/a><\/div><\/div><\/div><br \/>\n<section  class='av_textblock_section av-kdsbgvhj-afaf37acc052683f7d4391628fa521cc '   itemscope=\"itemscope\" itemtype=\"https:\/\/schema.org\/CreativeWork\" ><div class='avia_textblock'  itemprop=\"text\" ><p style=\"text-align: center;\">Puolustusvoimien kehitt\u00e4misen pys\u00e4htyneisyys<\/p>\n<\/div><\/section><\/p><\/div>\n","protected":false},"excerpt":{"rendered":"","protected":false},"author":1,"featured_media":0,"parent":24,"menu_order":3,"comment_status":"closed","ping_status":"closed","template":"","meta":{"footnotes":""},"class_list":["post-80","page","type-page","status-publish","hentry"],"yoast_head":"<!-- This site is optimized with the Yoast SEO plugin v27.5 - https:\/\/yoast.com\/product\/yoast-seo-wordpress\/ -->\n<title>Puolustusvoimat - Veteraanien Perint\u00f6<\/title>\n<meta name=\"robots\" content=\"index, follow, max-snippet:-1, max-image-preview:large, max-video-preview:-1\" \/>\n<link rel=\"canonical\" href=\"https:\/\/veteraanienperinto.fi\/index.php\/jalleenrakentaminen\/puolustusvoimat\/\" \/>\n<meta property=\"og:locale\" content=\"fi_FI\" \/>\n<meta property=\"og:type\" content=\"article\" \/>\n<meta property=\"og:title\" content=\"Puolustusvoimat - Veteraanien Perint\u00f6\" \/>\n<meta property=\"og:url\" content=\"https:\/\/veteraanienperinto.fi\/index.php\/jalleenrakentaminen\/puolustusvoimat\/\" \/>\n<meta property=\"og:site_name\" content=\"Veteraanien Perint\u00f6\" \/>\n<meta property=\"article:modified_time\" content=\"2021-01-18T14:15:33+00:00\" \/>\n<meta name=\"twitter:card\" content=\"summary_large_image\" \/>\n<meta name=\"twitter:label1\" content=\"Arvioitu lukuaika\" \/>\n\t<meta name=\"twitter:data1\" content=\"5 minuuttia\" \/>\n<script type=\"application\/ld+json\" class=\"yoast-schema-graph\">{\"@context\":\"https:\\\/\\\/schema.org\",\"@graph\":[{\"@type\":\"WebPage\",\"@id\":\"https:\\\/\\\/veteraanienperinto.fi\\\/index.php\\\/jalleenrakentaminen\\\/puolustusvoimat\\\/\",\"url\":\"https:\\\/\\\/veteraanienperinto.fi\\\/index.php\\\/jalleenrakentaminen\\\/puolustusvoimat\\\/\",\"name\":\"Puolustusvoimat - Veteraanien Perint\u00f6\",\"isPartOf\":{\"@id\":\"https:\\\/\\\/veteraanienperinto.fi\\\/#website\"},\"datePublished\":\"2020-08-13T07:00:35+00:00\",\"dateModified\":\"2021-01-18T14:15:33+00:00\",\"breadcrumb\":{\"@id\":\"https:\\\/\\\/veteraanienperinto.fi\\\/index.php\\\/jalleenrakentaminen\\\/puolustusvoimat\\\/#breadcrumb\"},\"inLanguage\":\"fi\",\"potentialAction\":[{\"@type\":\"ReadAction\",\"target\":[\"https:\\\/\\\/veteraanienperinto.fi\\\/index.php\\\/jalleenrakentaminen\\\/puolustusvoimat\\\/\"]}]},{\"@type\":\"BreadcrumbList\",\"@id\":\"https:\\\/\\\/veteraanienperinto.fi\\\/index.php\\\/jalleenrakentaminen\\\/puolustusvoimat\\\/#breadcrumb\",\"itemListElement\":[{\"@type\":\"ListItem\",\"position\":1,\"name\":\"Etusivu\",\"item\":\"https:\\\/\\\/veteraanienperinto.fi\\\/index.php\\\/etusivu-2\\\/\"},{\"@type\":\"ListItem\",\"position\":2,\"name\":\"J\u00e4lleenrakentaminen\",\"item\":\"https:\\\/\\\/veteraanienperinto.fi\\\/index.php\\\/jalleenrakentaminen\\\/\"},{\"@type\":\"ListItem\",\"position\":3,\"name\":\"Puolustusvoimat\"}]},{\"@type\":\"WebSite\",\"@id\":\"https:\\\/\\\/veteraanienperinto.fi\\\/#website\",\"url\":\"https:\\\/\\\/veteraanienperinto.fi\\\/\",\"name\":\"Veteraanien Perint\u00f6\",\"description\":\"Kadettikunta\",\"potentialAction\":[{\"@type\":\"SearchAction\",\"target\":{\"@type\":\"EntryPoint\",\"urlTemplate\":\"https:\\\/\\\/veteraanienperinto.fi\\\/?s={search_term_string}\"},\"query-input\":{\"@type\":\"PropertyValueSpecification\",\"valueRequired\":true,\"valueName\":\"search_term_string\"}}],\"inLanguage\":\"fi\"}]}<\/script>\n<!-- \/ Yoast SEO plugin. -->","yoast_head_json":{"title":"Puolustusvoimat - Veteraanien Perint\u00f6","robots":{"index":"index","follow":"follow","max-snippet":"max-snippet:-1","max-image-preview":"max-image-preview:large","max-video-preview":"max-video-preview:-1"},"canonical":"https:\/\/veteraanienperinto.fi\/index.php\/jalleenrakentaminen\/puolustusvoimat\/","og_locale":"fi_FI","og_type":"article","og_title":"Puolustusvoimat - Veteraanien Perint\u00f6","og_url":"https:\/\/veteraanienperinto.fi\/index.php\/jalleenrakentaminen\/puolustusvoimat\/","og_site_name":"Veteraanien Perint\u00f6","article_modified_time":"2021-01-18T14:15:33+00:00","twitter_card":"summary_large_image","twitter_misc":{"Arvioitu lukuaika":"5 minuuttia"},"schema":{"@context":"https:\/\/schema.org","@graph":[{"@type":"WebPage","@id":"https:\/\/veteraanienperinto.fi\/index.php\/jalleenrakentaminen\/puolustusvoimat\/","url":"https:\/\/veteraanienperinto.fi\/index.php\/jalleenrakentaminen\/puolustusvoimat\/","name":"Puolustusvoimat - Veteraanien Perint\u00f6","isPartOf":{"@id":"https:\/\/veteraanienperinto.fi\/#website"},"datePublished":"2020-08-13T07:00:35+00:00","dateModified":"2021-01-18T14:15:33+00:00","breadcrumb":{"@id":"https:\/\/veteraanienperinto.fi\/index.php\/jalleenrakentaminen\/puolustusvoimat\/#breadcrumb"},"inLanguage":"fi","potentialAction":[{"@type":"ReadAction","target":["https:\/\/veteraanienperinto.fi\/index.php\/jalleenrakentaminen\/puolustusvoimat\/"]}]},{"@type":"BreadcrumbList","@id":"https:\/\/veteraanienperinto.fi\/index.php\/jalleenrakentaminen\/puolustusvoimat\/#breadcrumb","itemListElement":[{"@type":"ListItem","position":1,"name":"Etusivu","item":"https:\/\/veteraanienperinto.fi\/index.php\/etusivu-2\/"},{"@type":"ListItem","position":2,"name":"J\u00e4lleenrakentaminen","item":"https:\/\/veteraanienperinto.fi\/index.php\/jalleenrakentaminen\/"},{"@type":"ListItem","position":3,"name":"Puolustusvoimat"}]},{"@type":"WebSite","@id":"https:\/\/veteraanienperinto.fi\/#website","url":"https:\/\/veteraanienperinto.fi\/","name":"Veteraanien Perint\u00f6","description":"Kadettikunta","potentialAction":[{"@type":"SearchAction","target":{"@type":"EntryPoint","urlTemplate":"https:\/\/veteraanienperinto.fi\/?s={search_term_string}"},"query-input":{"@type":"PropertyValueSpecification","valueRequired":true,"valueName":"search_term_string"}}],"inLanguage":"fi"}]}},"_links":{"self":[{"href":"https:\/\/veteraanienperinto.fi\/index.php\/wp-json\/wp\/v2\/pages\/80","targetHints":{"allow":["GET"]}}],"collection":[{"href":"https:\/\/veteraanienperinto.fi\/index.php\/wp-json\/wp\/v2\/pages"}],"about":[{"href":"https:\/\/veteraanienperinto.fi\/index.php\/wp-json\/wp\/v2\/types\/page"}],"author":[{"embeddable":true,"href":"https:\/\/veteraanienperinto.fi\/index.php\/wp-json\/wp\/v2\/users\/1"}],"replies":[{"embeddable":true,"href":"https:\/\/veteraanienperinto.fi\/index.php\/wp-json\/wp\/v2\/comments?post=80"}],"version-history":[{"count":8,"href":"https:\/\/veteraanienperinto.fi\/index.php\/wp-json\/wp\/v2\/pages\/80\/revisions"}],"predecessor-version":[{"id":9726,"href":"https:\/\/veteraanienperinto.fi\/index.php\/wp-json\/wp\/v2\/pages\/80\/revisions\/9726"}],"up":[{"embeddable":true,"href":"https:\/\/veteraanienperinto.fi\/index.php\/wp-json\/wp\/v2\/pages\/24"}],"wp:attachment":[{"href":"https:\/\/veteraanienperinto.fi\/index.php\/wp-json\/wp\/v2\/media?parent=80"}],"curies":[{"name":"wp","href":"https:\/\/api.w.org\/{rel}","templated":true}]}}