{"id":8414,"date":"2020-12-17T16:49:12","date_gmt":"2020-12-17T16:49:12","guid":{"rendered":"https:\/\/veteraani.ylirotu.fi\/?page_id=8414"},"modified":"2021-01-13T20:52:01","modified_gmt":"2021-01-13T20:52:01","slug":"svensksprakiga-trupper","status":"publish","type":"page","link":"https:\/\/veteraanienperinto.fi\/index.php\/sv\/infobank\/svensksprakiga-trupper\/","title":{"rendered":"Svenskspr\u00e5kiga trupper"},"content":{"rendered":"<div id='full_slider_1'  class='avia-fullwidth-slider main_color avia-shadow   avia-builder-el-0  el_before_av_heading  avia-builder-el-first   container_wrap sidebar_right'  ><div  class='avia-slideshow av-sk5v-a6e761768e6845efa4f0d54e4858a372 avia-slideshow-featured av_slideshow_full avia-slide-slider av-slideshow-ui av-control-default av-slideshow-manual av-loop-once av-loop-manual-endless av-default-height-applied   avia-slideshow-1' data-slideshow-options=\"{&quot;animation&quot;:&quot;slide&quot;,&quot;autoplay&quot;:false,&quot;loop_autoplay&quot;:&quot;once&quot;,&quot;interval&quot;:5,&quot;loop_manual&quot;:&quot;manual-endless&quot;,&quot;autoplay_stopper&quot;:false,&quot;noNavigation&quot;:false,&quot;bg_slider&quot;:false,&quot;keep_padding&quot;:false,&quot;hoverpause&quot;:false,&quot;show_slide_delay&quot;:0}\"  itemprop=\"image\" itemscope=\"itemscope\" itemtype=\"https:\/\/schema.org\/ImageObject\" ><ul class='avia-slideshow-inner ' style='padding-bottom: 28.666666666667%;'><li  class='avia-slideshow-slide av-sk5v-a6e761768e6845efa4f0d54e4858a372__0  av-single-slide slide-1 slide-odd'><div data-rel='slideshow-1' class='avia-slide-wrap '   ><div class='av-slideshow-caption av-sk5v-a6e761768e6845efa4f0d54e4858a372__0 caption_fullwidth caption_bottom caption_bottom_framed caption_framed'><div class=\"container caption_container\"><div class=\"slideshow_caption\"><div class=\"slideshow_inner_caption\"><div class=\"slideshow_align_caption\"><div class='avia-caption-content '  itemprop=\"description\" ><p>I \/ JR 61, I \/ JR 62 os. Larko p\u00e5 v\u00e4g tillbaka fr\u00e5n Vuosalmi. Marsch paus.<br \/>\nVuosalmi 15 april 1940<\/p>\n<\/div><\/div><\/div><\/div><\/div><\/div><img decoding=\"async\" fetchpriority=\"high\" class=\"wp-image-9394 avia-img-lazy-loading-not-9394\"  src=\"https:\/\/veteraanienperinto.fi\/wp-content\/uploads\/2021\/01\/IJR61_IJR62-1500x430.jpg\" width=\"1500\" height=\"430\" title='Marssitauko, paluu Vuosalmesta i\/JR 61, I\/JR 62 os. Larko' alt=''  itemprop=\"thumbnailUrl\" srcset=\"https:\/\/veteraanienperinto.fi\/wp-content\/uploads\/2021\/01\/IJR61_IJR62-1500x431.jpg 1500w, https:\/\/veteraanienperinto.fi\/wp-content\/uploads\/2021\/01\/IJR61_IJR62-300x86.jpg 300w, https:\/\/veteraanienperinto.fi\/wp-content\/uploads\/2021\/01\/IJR61_IJR62-1030x296.jpg 1030w, https:\/\/veteraanienperinto.fi\/wp-content\/uploads\/2021\/01\/IJR61_IJR62-768x221.jpg 768w, https:\/\/veteraanienperinto.fi\/wp-content\/uploads\/2021\/01\/IJR61_IJR62-1536x441.jpg 1536w, https:\/\/veteraanienperinto.fi\/wp-content\/uploads\/2021\/01\/IJR61_IJR62-705x202.jpg 705w, https:\/\/veteraanienperinto.fi\/wp-content\/uploads\/2021\/01\/IJR61_IJR62.jpg 1800w\" sizes=\"(max-width: 1500px) 100vw, 1500px\" \/><\/div><\/li><\/ul><\/div><\/div><div id='after_full_slider_1'  class='main_color av_default_container_wrap container_wrap sidebar_right'  ><div class='container av-section-cont-open' ><div class='template-page content  av-content-small alpha units'><div class='post-entry post-entry-type-page post-entry-8414'><div class='entry-content-wrapper clearfix'>\n\n<style type=\"text\/css\" data-created_by=\"avia_inline_auto\" id=\"style-css-av-av_heading-4194e11f91d967178d961a5e3ae23522\">\n#top .av-special-heading.av-av_heading-4194e11f91d967178d961a5e3ae23522{\npadding-bottom:10px;\n}\nbody .av-special-heading.av-av_heading-4194e11f91d967178d961a5e3ae23522 .av-special-heading-tag .heading-char{\nfont-size:25px;\n}\n.av-special-heading.av-av_heading-4194e11f91d967178d961a5e3ae23522 .av-subheading{\nfont-size:15px;\n}\n<\/style>\n<div  class='av-special-heading av-av_heading-4194e11f91d967178d961a5e3ae23522 av-special-heading-h2  avia-builder-el-1  el_after_av_slideshow_full  el_before_av_one_fourth  avia-builder-el-first '><h2 class='av-special-heading-tag'  itemprop=\"headline\"  >Svenskspr\u00e5kiga trupper<\/h2><div class=\"special-heading-border\"><div class=\"special-heading-inner-border\"><\/div><\/div><\/div>\n\n<style type=\"text\/css\" data-created_by=\"avia_inline_auto\" id=\"style-css-av-1h6glq-6d898a4b8237047680025f00010b3fd9\">\n.flex_column.av-1h6glq-6d898a4b8237047680025f00010b3fd9{\nborder-radius:0px 0px 0px 0px;\npadding:0px 0px 0px 0px;\n}\n<\/style>\n<div  class='flex_column av-1h6glq-6d898a4b8237047680025f00010b3fd9 av_one_fourth  avia-builder-el-2  el_after_av_heading  el_before_av_one_fourth  first flex_column_div av-zero-column-padding  '     ><p>\n<style type=\"text\/css\" data-created_by=\"avia_inline_auto\" id=\"style-css-av-16mgti-a67e935c455d6c7e826489e505928666\">\n.avia-image-container.av-16mgti-a67e935c455d6c7e826489e505928666 img.avia_image{\nbox-shadow:none;\n}\n.avia-image-container.av-16mgti-a67e935c455d6c7e826489e505928666 .av-image-caption-overlay-center{\ncolor:#ffffff;\n}\n<\/style>\n<div  class='avia-image-container av-16mgti-a67e935c455d6c7e826489e505928666 av-styling- avia-align-center  avia-builder-el-3  el_before_av_textblock  avia-builder-el-first '   itemprop=\"image\" itemscope=\"itemscope\" itemtype=\"https:\/\/schema.org\/ImageObject\" ><div class=\"avia-image-container-inner\"><div class=\"avia-image-overlay-wrap\"><a href=\"https:\/\/veteraanienperinto.fi\/index.php\/sv\/infobank\/svensksprakiga-trupper\/svensksprakiga-truppforband-under-aren-1918-1939\/\" class='avia_image'  aria-label='sve1'><img decoding=\"async\" fetchpriority=\"high\" class='wp-image-8436 avia-img-lazy-loading-not-8436 avia_image ' src=\"https:\/\/veteraanienperinto.fi\/wp-content\/uploads\/2020\/12\/sve1-1-180x180.jpg\" alt='' title='sve1'  height=\"180\" width=\"180\"  itemprop=\"thumbnailUrl\" srcset=\"https:\/\/veteraanienperinto.fi\/wp-content\/uploads\/2020\/12\/sve1-1-180x180.jpg 180w, https:\/\/veteraanienperinto.fi\/wp-content\/uploads\/2020\/12\/sve1-1-80x80.jpg 80w, https:\/\/veteraanienperinto.fi\/wp-content\/uploads\/2020\/12\/sve1-1-36x36.jpg 36w\" sizes=\"(max-width: 180px) 100vw, 180px\" \/><\/a><\/div><\/div><\/div><br \/>\n<section  class='av_textblock_section av-kdsbg70l-f5dc09215ab849fc95239b9908ea1c6a '   itemscope=\"itemscope\" itemtype=\"https:\/\/schema.org\/CreativeWork\" ><div class='avia_textblock'  itemprop=\"text\" ><p class=\"art-postheader\" style=\"text-align: center;\">Svenskspr\u00e5kiga truppf\u00f6rband under \u00e5ren 1918-1939<\/p>\n<\/div><\/section><\/p><\/div>\n\n<style type=\"text\/css\" data-created_by=\"avia_inline_auto\" id=\"style-css-av-14t1vq-afff246fef5fd2b97ef2e3ab7f7909b9\">\n.flex_column.av-14t1vq-afff246fef5fd2b97ef2e3ab7f7909b9{\nborder-radius:0px 0px 0px 0px;\npadding:0px 0px 0px 0px;\n}\n<\/style>\n<div  class='flex_column av-14t1vq-afff246fef5fd2b97ef2e3ab7f7909b9 av_one_fourth  avia-builder-el-5  el_after_av_one_fourth  el_before_av_one_fourth  flex_column_div av-zero-column-padding  '     ><p>\n<style type=\"text\/css\" data-created_by=\"avia_inline_auto\" id=\"style-css-av-xxd7q-3eff0cd220a46067e64b3c5f02b54c60\">\n.avia-image-container.av-xxd7q-3eff0cd220a46067e64b3c5f02b54c60 img.avia_image{\nbox-shadow:none;\n}\n.avia-image-container.av-xxd7q-3eff0cd220a46067e64b3c5f02b54c60 .av-image-caption-overlay-center{\ncolor:#ffffff;\n}\n<\/style>\n<div  class='avia-image-container av-xxd7q-3eff0cd220a46067e64b3c5f02b54c60 av-styling- avia-align-center  avia-builder-el-6  el_before_av_textblock  avia-builder-el-first '   itemprop=\"image\" itemscope=\"itemscope\" itemtype=\"https:\/\/schema.org\/ImageObject\" ><div class=\"avia-image-container-inner\"><div class=\"avia-image-overlay-wrap\"><a href=\"https:\/\/veteraanienperinto.fi\/index.php\/sv\/infobank\/svensksprakiga-trupper\/svensksprakiga-trupper-i-vinterkriget\/\" class='avia_image'  aria-label='Sextio ettan'><img decoding=\"async\" fetchpriority=\"high\" class='wp-image-8874 avia-img-lazy-loading-not-8874 avia_image ' src=\"https:\/\/veteraanienperinto.fi\/wp-content\/uploads\/2020\/12\/Sextio-ettan-180x180.png\" alt='' title='Sextio ettan'  height=\"180\" width=\"180\"  itemprop=\"thumbnailUrl\" srcset=\"https:\/\/veteraanienperinto.fi\/wp-content\/uploads\/2020\/12\/Sextio-ettan-180x180.png 180w, https:\/\/veteraanienperinto.fi\/wp-content\/uploads\/2020\/12\/Sextio-ettan-80x80.png 80w, https:\/\/veteraanienperinto.fi\/wp-content\/uploads\/2020\/12\/Sextio-ettan-36x36.png 36w\" sizes=\"(max-width: 180px) 100vw, 180px\" \/><\/a><\/div><\/div><\/div><br \/>\n<section  class='av_textblock_section av-kdsbghql-3654d9d4884834fe6a76ae332030ce9b '   itemscope=\"itemscope\" itemtype=\"https:\/\/schema.org\/CreativeWork\" ><div class='avia_textblock'  itemprop=\"text\" ><p class=\"art-postheader\" style=\"text-align: center;\">Svenskspr\u00e5kiga trupper i vinterkriget<\/p>\n<\/div><\/section><\/p><\/div>\n\n<style type=\"text\/css\" data-created_by=\"avia_inline_auto\" id=\"style-css-av-sz6v2-474fa10df1dbea6a68da579010d024cb\">\n.flex_column.av-sz6v2-474fa10df1dbea6a68da579010d024cb{\nborder-radius:0px 0px 0px 0px;\npadding:0px 0px 0px 0px;\n}\n<\/style>\n<div  class='flex_column av-sz6v2-474fa10df1dbea6a68da579010d024cb av_one_fourth  avia-builder-el-8  el_after_av_one_fourth  el_before_av_one_fourth  flex_column_div av-zero-column-padding  '     ><p>\n<style type=\"text\/css\" data-created_by=\"avia_inline_auto\" id=\"style-css-av-lq2ee-ecf088f9e758e6a9ef1a5acfc2d6bf5b\">\n.avia-image-container.av-lq2ee-ecf088f9e758e6a9ef1a5acfc2d6bf5b img.avia_image{\nbox-shadow:none;\n}\n.avia-image-container.av-lq2ee-ecf088f9e758e6a9ef1a5acfc2d6bf5b .av-image-caption-overlay-center{\ncolor:#ffffff;\n}\n<\/style>\n<div  class='avia-image-container av-lq2ee-ecf088f9e758e6a9ef1a5acfc2d6bf5b av-styling- avia-align-center  avia-builder-el-9  el_before_av_textblock  avia-builder-el-first '   itemprop=\"image\" itemscope=\"itemscope\" itemtype=\"https:\/\/schema.org\/ImageObject\" ><div class=\"avia-image-container-inner\"><div class=\"avia-image-overlay-wrap\"><a href=\"https:\/\/veteraanienperinto.fi\/index.php\/sv\/infobank\/svensksprakiga-trupper\/svensksprakiga-trupper-under-fortsattningskriget\/\" class='avia_image'  aria-label='sve jatkosota'><img decoding=\"async\" fetchpriority=\"high\" class='wp-image-8448 avia-img-lazy-loading-not-8448 avia_image ' src=\"https:\/\/veteraanienperinto.fi\/wp-content\/uploads\/2020\/12\/sve-jatkosota-180x180.jpg\" alt='' title='sve jatkosota'  height=\"180\" width=\"180\"  itemprop=\"thumbnailUrl\" srcset=\"https:\/\/veteraanienperinto.fi\/wp-content\/uploads\/2020\/12\/sve-jatkosota-180x180.jpg 180w, https:\/\/veteraanienperinto.fi\/wp-content\/uploads\/2020\/12\/sve-jatkosota-80x80.jpg 80w, https:\/\/veteraanienperinto.fi\/wp-content\/uploads\/2020\/12\/sve-jatkosota-36x36.jpg 36w\" sizes=\"(max-width: 180px) 100vw, 180px\" \/><\/a><\/div><\/div><\/div><br \/>\n<section  class='av_textblock_section av-kdsbgvhj-afaf37acc052683f7d4391628fa521cc '   itemscope=\"itemscope\" itemtype=\"https:\/\/schema.org\/CreativeWork\" ><div class='avia_textblock'  itemprop=\"text\" ><p class=\"art-postheader\" style=\"text-align: center;\">Svenskspr\u00e5kiga trupper under forts\u00e4ttningskriget<\/p>\n<\/div><\/section><\/p><\/div>\n\n<style type=\"text\/css\" data-created_by=\"avia_inline_auto\" id=\"style-css-av-g18xy-245c67c5307aa8bf45d4b3f90666c232\">\n.flex_column.av-g18xy-245c67c5307aa8bf45d4b3f90666c232{\nborder-radius:0px 0px 0px 0px;\npadding:0px 0px 0px 0px;\n}\n<\/style>\n<div  class='flex_column av-g18xy-245c67c5307aa8bf45d4b3f90666c232 av_one_fourth  avia-builder-el-11  el_after_av_one_fourth  avia-builder-el-last  flex_column_div av-zero-column-padding  '     ><p>\n<style type=\"text\/css\" data-created_by=\"avia_inline_auto\" id=\"style-css-av-zbom-1d4b1429fa3d0acf785eeba2a8a4efb8\">\n.avia-image-container.av-zbom-1d4b1429fa3d0acf785eeba2a8a4efb8 img.avia_image{\nbox-shadow:none;\n}\n.avia-image-container.av-zbom-1d4b1429fa3d0acf785eeba2a8a4efb8 .av-image-caption-overlay-center{\ncolor:#ffffff;\n}\n<\/style>\n<div  class='avia-image-container av-zbom-1d4b1429fa3d0acf785eeba2a8a4efb8 av-styling- avia-align-center  avia-builder-el-12  el_before_av_textblock  avia-builder-el-first '   itemprop=\"image\" itemscope=\"itemscope\" itemtype=\"https:\/\/schema.org\/ImageObject\" ><div class=\"avia-image-container-inner\"><div class=\"avia-image-overlay-wrap\"><a href=\"https:\/\/veteraanienperinto.fi\/index.php\/sv\/infobank\/svensksprakiga-trupper\/svensksprakiga-trupper-efter-krigen\/\" class='avia_image'  aria-label='sve4'><img decoding=\"async\" fetchpriority=\"high\" class='wp-image-8451 avia-img-lazy-loading-not-8451 avia_image ' src=\"https:\/\/veteraanienperinto.fi\/wp-content\/uploads\/2020\/12\/sve4-180x179.jpg\" alt='' title='sve4'  height=\"179\" width=\"180\"  itemprop=\"thumbnailUrl\" srcset=\"https:\/\/veteraanienperinto.fi\/wp-content\/uploads\/2020\/12\/sve4-180x179.jpg 180w, https:\/\/veteraanienperinto.fi\/wp-content\/uploads\/2020\/12\/sve4-80x80.jpg 80w, https:\/\/veteraanienperinto.fi\/wp-content\/uploads\/2020\/12\/sve4-36x36.jpg 36w\" sizes=\"(max-width: 180px) 100vw, 180px\" \/><\/a><\/div><\/div><\/div><br \/>\n<section  class='av_textblock_section av-kdsbgvhj-afaf37acc052683f7d4391628fa521cc '   itemscope=\"itemscope\" itemtype=\"https:\/\/schema.org\/CreativeWork\" ><div class='avia_textblock'  itemprop=\"text\" ><p class=\"art-postheader\" style=\"text-align: center;\">Svenskspr\u00e5kiga trupper efter krigen<\/p>\n<\/div><\/section><\/p><\/div>\n","protected":false},"excerpt":{"rendered":"","protected":false},"author":1,"featured_media":0,"parent":6331,"menu_order":9,"comment_status":"closed","ping_status":"closed","template":"","meta":{"footnotes":""},"class_list":["post-8414","page","type-page","status-publish","hentry"],"yoast_head":"<!-- This site is optimized with the Yoast SEO plugin v27.5 - https:\/\/yoast.com\/product\/yoast-seo-wordpress\/ -->\n<title>Svenskspr\u00e5kiga trupper - Veteraanien Perint\u00f6<\/title>\n<meta name=\"robots\" content=\"index, follow, max-snippet:-1, max-image-preview:large, max-video-preview:-1\" \/>\n<link rel=\"canonical\" href=\"https:\/\/veteraanienperinto.fi\/index.php\/sv\/infobank\/svensksprakiga-trupper\/\" \/>\n<meta property=\"og:locale\" content=\"fi_FI\" \/>\n<meta property=\"og:type\" content=\"article\" \/>\n<meta property=\"og:title\" content=\"Svenskspr\u00e5kiga trupper - Veteraanien Perint\u00f6\" \/>\n<meta property=\"og:url\" content=\"https:\/\/veteraanienperinto.fi\/index.php\/sv\/infobank\/svensksprakiga-trupper\/\" \/>\n<meta property=\"og:site_name\" content=\"Veteraanien Perint\u00f6\" \/>\n<meta property=\"article:modified_time\" content=\"2021-01-13T20:52:01+00:00\" \/>\n<meta name=\"twitter:card\" content=\"summary_large_image\" \/>\n<meta name=\"twitter:label1\" content=\"Arvioitu lukuaika\" \/>\n\t<meta name=\"twitter:data1\" content=\"6 minuuttia\" \/>\n<script type=\"application\/ld+json\" class=\"yoast-schema-graph\">{\"@context\":\"https:\\\/\\\/schema.org\",\"@graph\":[{\"@type\":\"WebPage\",\"@id\":\"https:\\\/\\\/veteraanienperinto.fi\\\/index.php\\\/sv\\\/infobank\\\/svensksprakiga-trupper\\\/\",\"url\":\"https:\\\/\\\/veteraanienperinto.fi\\\/index.php\\\/sv\\\/infobank\\\/svensksprakiga-trupper\\\/\",\"name\":\"Svenskspr\u00e5kiga trupper - Veteraanien Perint\u00f6\",\"isPartOf\":{\"@id\":\"https:\\\/\\\/veteraanienperinto.fi\\\/#website\"},\"datePublished\":\"2020-12-17T16:49:12+00:00\",\"dateModified\":\"2021-01-13T20:52:01+00:00\",\"breadcrumb\":{\"@id\":\"https:\\\/\\\/veteraanienperinto.fi\\\/index.php\\\/sv\\\/infobank\\\/svensksprakiga-trupper\\\/#breadcrumb\"},\"inLanguage\":\"fi\",\"potentialAction\":[{\"@type\":\"ReadAction\",\"target\":[\"https:\\\/\\\/veteraanienperinto.fi\\\/index.php\\\/sv\\\/infobank\\\/svensksprakiga-trupper\\\/\"]}]},{\"@type\":\"BreadcrumbList\",\"@id\":\"https:\\\/\\\/veteraanienperinto.fi\\\/index.php\\\/sv\\\/infobank\\\/svensksprakiga-trupper\\\/#breadcrumb\",\"itemListElement\":[{\"@type\":\"ListItem\",\"position\":1,\"name\":\"Etusivu\",\"item\":\"https:\\\/\\\/veteraanienperinto.fi\\\/index.php\\\/etusivu-2\\\/\"},{\"@type\":\"ListItem\",\"position\":2,\"name\":\"Infobank\",\"item\":\"https:\\\/\\\/veteraanienperinto.fi\\\/index.php\\\/sv\\\/infobank\\\/\"},{\"@type\":\"ListItem\",\"position\":3,\"name\":\"Svenskspr\u00e5kiga trupper\"}]},{\"@type\":\"WebSite\",\"@id\":\"https:\\\/\\\/veteraanienperinto.fi\\\/#website\",\"url\":\"https:\\\/\\\/veteraanienperinto.fi\\\/\",\"name\":\"Veteraanien Perint\u00f6\",\"description\":\"Kadettikunta\",\"potentialAction\":[{\"@type\":\"SearchAction\",\"target\":{\"@type\":\"EntryPoint\",\"urlTemplate\":\"https:\\\/\\\/veteraanienperinto.fi\\\/?s={search_term_string}\"},\"query-input\":{\"@type\":\"PropertyValueSpecification\",\"valueRequired\":true,\"valueName\":\"search_term_string\"}}],\"inLanguage\":\"fi\"}]}<\/script>\n<!-- \/ Yoast SEO plugin. -->","yoast_head_json":{"title":"Svenskspr\u00e5kiga trupper - Veteraanien Perint\u00f6","robots":{"index":"index","follow":"follow","max-snippet":"max-snippet:-1","max-image-preview":"max-image-preview:large","max-video-preview":"max-video-preview:-1"},"canonical":"https:\/\/veteraanienperinto.fi\/index.php\/sv\/infobank\/svensksprakiga-trupper\/","og_locale":"fi_FI","og_type":"article","og_title":"Svenskspr\u00e5kiga trupper - Veteraanien Perint\u00f6","og_url":"https:\/\/veteraanienperinto.fi\/index.php\/sv\/infobank\/svensksprakiga-trupper\/","og_site_name":"Veteraanien Perint\u00f6","article_modified_time":"2021-01-13T20:52:01+00:00","twitter_card":"summary_large_image","twitter_misc":{"Arvioitu lukuaika":"6 minuuttia"},"schema":{"@context":"https:\/\/schema.org","@graph":[{"@type":"WebPage","@id":"https:\/\/veteraanienperinto.fi\/index.php\/sv\/infobank\/svensksprakiga-trupper\/","url":"https:\/\/veteraanienperinto.fi\/index.php\/sv\/infobank\/svensksprakiga-trupper\/","name":"Svenskspr\u00e5kiga trupper - Veteraanien Perint\u00f6","isPartOf":{"@id":"https:\/\/veteraanienperinto.fi\/#website"},"datePublished":"2020-12-17T16:49:12+00:00","dateModified":"2021-01-13T20:52:01+00:00","breadcrumb":{"@id":"https:\/\/veteraanienperinto.fi\/index.php\/sv\/infobank\/svensksprakiga-trupper\/#breadcrumb"},"inLanguage":"fi","potentialAction":[{"@type":"ReadAction","target":["https:\/\/veteraanienperinto.fi\/index.php\/sv\/infobank\/svensksprakiga-trupper\/"]}]},{"@type":"BreadcrumbList","@id":"https:\/\/veteraanienperinto.fi\/index.php\/sv\/infobank\/svensksprakiga-trupper\/#breadcrumb","itemListElement":[{"@type":"ListItem","position":1,"name":"Etusivu","item":"https:\/\/veteraanienperinto.fi\/index.php\/etusivu-2\/"},{"@type":"ListItem","position":2,"name":"Infobank","item":"https:\/\/veteraanienperinto.fi\/index.php\/sv\/infobank\/"},{"@type":"ListItem","position":3,"name":"Svenskspr\u00e5kiga trupper"}]},{"@type":"WebSite","@id":"https:\/\/veteraanienperinto.fi\/#website","url":"https:\/\/veteraanienperinto.fi\/","name":"Veteraanien Perint\u00f6","description":"Kadettikunta","potentialAction":[{"@type":"SearchAction","target":{"@type":"EntryPoint","urlTemplate":"https:\/\/veteraanienperinto.fi\/?s={search_term_string}"},"query-input":{"@type":"PropertyValueSpecification","valueRequired":true,"valueName":"search_term_string"}}],"inLanguage":"fi"}]}},"_links":{"self":[{"href":"https:\/\/veteraanienperinto.fi\/index.php\/wp-json\/wp\/v2\/pages\/8414","targetHints":{"allow":["GET"]}}],"collection":[{"href":"https:\/\/veteraanienperinto.fi\/index.php\/wp-json\/wp\/v2\/pages"}],"about":[{"href":"https:\/\/veteraanienperinto.fi\/index.php\/wp-json\/wp\/v2\/types\/page"}],"author":[{"embeddable":true,"href":"https:\/\/veteraanienperinto.fi\/index.php\/wp-json\/wp\/v2\/users\/1"}],"replies":[{"embeddable":true,"href":"https:\/\/veteraanienperinto.fi\/index.php\/wp-json\/wp\/v2\/comments?post=8414"}],"version-history":[{"count":10,"href":"https:\/\/veteraanienperinto.fi\/index.php\/wp-json\/wp\/v2\/pages\/8414\/revisions"}],"predecessor-version":[{"id":9406,"href":"https:\/\/veteraanienperinto.fi\/index.php\/wp-json\/wp\/v2\/pages\/8414\/revisions\/9406"}],"up":[{"embeddable":true,"href":"https:\/\/veteraanienperinto.fi\/index.php\/wp-json\/wp\/v2\/pages\/6331"}],"wp:attachment":[{"href":"https:\/\/veteraanienperinto.fi\/index.php\/wp-json\/wp\/v2\/media?parent=8414"}],"curies":[{"name":"wp","href":"https:\/\/api.w.org\/{rel}","templated":true}]}}