{"id":8861,"date":"2020-12-21T15:11:42","date_gmt":"2020-12-21T15:11:42","guid":{"rendered":"https:\/\/veteraani.ylirotu.fi\/?page_id=8861"},"modified":"2020-12-28T13:54:58","modified_gmt":"2020-12-28T13:54:58","slug":"en-patrull-i-shemenski","status":"publish","type":"page","link":"https:\/\/veteraanienperinto.fi\/index.php\/sv\/fortsattningskriget\/berattelser-i-fortsattningkriget\/krigets-gang\/stallningskriget\/en-patrull-i-shemenski\/","title":{"rendered":"En patrull i Shemenski"},"content":{"rendered":"\n<style type=\"text\/css\" data-created_by=\"avia_inline_auto\" id=\"style-css-av-kiyp520d-b9c3856759ac1b338291893d97dd4bd9\">\n#top .av-special-heading.av-kiyp520d-b9c3856759ac1b338291893d97dd4bd9{\npadding-bottom:10px;\n}\nbody .av-special-heading.av-kiyp520d-b9c3856759ac1b338291893d97dd4bd9 .av-special-heading-tag .heading-char{\nfont-size:25px;\n}\n.av-special-heading.av-kiyp520d-b9c3856759ac1b338291893d97dd4bd9 .av-subheading{\nfont-size:15px;\n}\n<\/style>\n<div  class='av-special-heading av-kiyp520d-b9c3856759ac1b338291893d97dd4bd9 av-special-heading-h3  avia-builder-el-0  el_before_av_textblock  avia-builder-el-first '><h3 class='av-special-heading-tag'  itemprop=\"headline\"  >En patrull i Shemenski<\/h3><div class=\"special-heading-border\"><div class=\"special-heading-inner-border\"><\/div><\/div><\/div>\n<section  class='av_textblock_section av-kek0ol8w-0f04af88ec907b2c66cea4bf3dbe1d4c '   itemscope=\"itemscope\" itemtype=\"https:\/\/schema.org\/CreativeWork\" ><div class='avia_textblock'  itemprop=\"text\" ><p><strong>Heimer Bexar:<\/strong><\/p>\n<p>&#8221;Den 11 april kl. 5.00 startade v\u00e5r patrull fr\u00e5n 11. D med Erik Kaustinen som chef. Patrullen \u00e5terv\u00e4nde ganska snart med rapport om att ryssar i stora m\u00e4ngder g\u00e5tt \u00f6ver sp\u00e5ret p\u00e5 flera st\u00e4llen. Uppgifterna bekr\u00e4ftades vid middagstiden av en tremannapatrull, som \u00e4ven den klarade sig utan att bli uppt\u00e4ckt. Ryssarna var tydligen r\u00e4tt of\u00f6rsiktiga eftersom tremannapatrullen h\u00f6ll p\u00e5 att \u00e5ka rakt in i en artillerist\u00e4llning.<\/p>\n<p>Patrullernas iakttagelser rapporterades via den finska st\u00f6djepunkten till h\u00f6gre ort. Efter n\u00e5gra timmar infann sig ett finskt sissif\u00f6rband p\u00e5 ca 40 man, alla med god skidutrustning och bev\u00e4pnade med maskinpistoler. De beg\u00e4rde v\u00e4gvisare fr\u00e5n v\u00e5r grupp, vilket de ocks\u00e5 fick, varp\u00e5 man gav sig iv\u00e4g. Gruppen hann emellertid inte l\u00e5ngt f\u00f6rr\u00e4n den i djupa skogen \u00f6verrumplades av en m\u00e5ngdubbelt st\u00f6rre rysk styrka. Striden blev v\u00e5ldsam. Bland de stupade fanns den finska gruppens chef och den v\u00e4gvisare vi st\u00e4llt till f\u00f6rfogande, Valfrid R\u00f6nnblom fr\u00e5n Nedervetil. Den finska gruppen var illa tvungen att dra sig tillbaka. Man hade ej heller n\u00e5gon som helst m\u00f6jlighet att f\u00f6ra med sig sina stupade. Efter dessa dystra nyheter var vi \u00f6vertygade om att det skulle bli v\u00e5r tur att ta emot n\u00e4sta st\u00f6t. D\u00e4rf\u00f6r ordnade vi under kv\u00e4llens lopp primitiva skyttegropar i sn\u00f6n.<\/p>\n<p>V\u00e5r kedja blev i\u00f6gonenfallande kort och avst\u00e5ndet mellan sn\u00f6groparna orov\u00e4ckande stort. Dessutom blev det en lucka p\u00e5 drygt 150 m mellan v\u00e5r grupp och v\u00e5ra finska grannar till v\u00e4nster. Fr\u00e5n v\u00e5r yttersta grop till h\u00f6ger fanns ingenting. Bakom oss fanns en kalhuggen yta, som l\u00e5ngsamt sluttade upp\u00e5t. Detta betydde att v\u00e5ra retr\u00e4ttm\u00f6jligheter var obefintliga. Om man d\u00e4rtill tar i beaktande att vi hade endast tre automatvapen &#8211; tv\u00e5 maskinpistoler och ett snabbeldsgev\u00e4r &#8211; samt att det inte fanns m\u00f6jligheter att f\u00e5 st\u00f6d varken av granatkastare eller artilleri s\u00e5 var situationen minst sagt kritisk. Ryssarna hade under kv\u00e4llens lopp avancerat genom skogen till ett avst\u00e5nd om ca 200 m fr\u00e5n v\u00e5r sn\u00f6gropslinje. \u00c4ven hos v\u00e5ra finska grannar var st\u00e4mningen tryckt. Hela natten h\u00f6rde vi tydligt hur ryssarna pratade och br\u00f6t ris i skogen. Man kunde gott t\u00e4nka sig vad morgondagen skulle b\u00e4ra i sitt sk\u00f6te.<\/p>\n<p>En nerv\u00f6s natt f\u00f6rbyttes sm\u00e5ningom i en solig dag. Klockan 11 \u00f6ppnade v\u00e5ra vaktposter eld mot de anfallande ryssarna. Alla mannar ut. Vi rusade var och en ut till sin grop i sn\u00f6n medf\u00f6rande vapen och den ammunition vi hade till f\u00f6rfogande. Anfallande ryssar i m\u00e4ngd skymtade mellan tr\u00e4den i flera linjer. Deras anfall st\u00f6ddes av tunga maskingev\u00e4r och ett par miniatyrgranatkastare. Det blev en h\u00e5rd dag, det f\u00f6rsta ordentliga elddopet f\u00f6r de flesta i v\u00e5r grupp. Fram p\u00e5 eftermiddagen blev bristen p\u00e5 ammunition besv\u00e4rlig.<\/p>\n<p>V\u00e5ra finska grannar, som inte i h\u00f6gre grad ber\u00f6rdes av anfallet, b\u00f6rjade ana or\u00e5d. N\u00e5gra or\u00e4dda gossar fr\u00e5n deras h\u00e5ll lyckades krypa fram genom sn\u00f6n sl\u00e4pande p\u00e5 en pulka lastad med ammunition. Detta blev v\u00e5r r\u00e4ddning. De finska gossarna deltog sedan i bataljen. Tv\u00e5 av dem s\u00e5rades. I v\u00e5r grupp stupade Runar Cl\u00e4rk fr\u00e5n V\u00f6r\u00e5. S\u00e5rade blev Erik Kaustinen fr\u00e5n V\u00f6r\u00e5 och Georg Bj\u00f6rk fr\u00e5n Peders\u00f6re. Anfallet fortsatte hela dagen dock utan framg\u00e5ng f\u00f6r den anfallande parten.<\/p>\n<p>Det blev tydligen inte klart f\u00f6r ryssarna, att en kringg\u00e5ende r\u00f6relse fr\u00e5n deras sida p\u00e5 en kort stund ob\u00f6nh\u00f6rligt skulle ha betytt slutet f\u00f6r v\u00e5r lilla grupp. S\u00e5 sm\u00e5ningom drog sig ryssarna bort, och vi kunde konstatera, att vi hade klarat oss ur en mycket sv\u00e5r situation. F\u00f6ljande morgon kunde vi ost\u00f6rt granska omr\u00e5det framf\u00f6r v\u00e5r sn\u00f6gropslinje. Fyrtioen stupade och en s\u00e5rad med b\u00e5da benen genomskjutna hade l\u00e4mnats kvar. Vi uppskattade anfallsstyrkan till minst ett med maskingev\u00e4r f\u00f6rst\u00e4rkt kompani.<\/p>\n<p>I forts\u00e4ttningen var det r\u00e4tt lugnt och fredligt i v\u00e5r avkrok av den ryska \u00f6demarken. Men p\u00e5 v\u00e5rt patrulleringsomr\u00e5de rasade v\u00e5ldsamma strider. Den finska motoffensiven hade kommit ig\u00e5ng. Vi hade inga f\u00f6rbindelser med eget kompani, men \u00e5t det h\u00e5llet vittnade v\u00e5ldsamt stridsbuller om vad som f\u00f6rsiggick. V\u00e5r situation var i \u00f6vrigt mindre trevlig. Vi hade ingen tillg\u00e5ng till proviant utan m\u00e5ste leva p\u00e5 den ynkliga kost, som v\u00e5ra finska grannar kunde avst\u00e5. Deras underh\u00e5llsv\u00e4gar var n\u00e4mligen tidtals avskurna och f\u00f6r v\u00e5r egen del existerade ingen s\u00e5dan tingens ordning som underh\u00e5ll.<\/p>\n<p>Omkring den 20.4. begav sig tv\u00e5 modiga gossar fr\u00e5n v\u00e5r trupp &#8211; Allan Finholm och Bruno Granvik &#8211; iv\u00e4g f\u00f6r att s\u00f6ka v\u00e5rt eget kompani. De startade en vacker v\u00e5rdag vid femtiden och s\u00f6kte sig f\u00f6rst \u00f6sterut f\u00f6r att sedan komma till v\u00e4gen Shemenski-Pertj\u00e4rvi. Under sin vandring genom \u00f6demarken tr\u00e4ffade de vid ett par tillf\u00e4llen p\u00e5 finska patruller som tydligen hade till uppgift att finkamma skogarna. V\u00e5ra gossar blev d\u00e4rvid &#8221;tillf\u00e5ngatagna&#8221; men snart frigivna sedan de klarlagt vilka de var och i vilket \u00e4rende de var ute. Finnarna avr\u00e5dde dem best\u00e4mt fr\u00e5n att forts\u00e4tta.<\/p>\n<p>Detta d\u00e4rf\u00f6r att v\u00e4gen Shemenski-Pertj\u00e4rvi fortfarande var l\u00e5ngt ifr\u00e5n s\u00e4ker. V\u00e5ra gossar fortsatte dock och kom efter m\u00e5nga \u00e4ventyr vid 17-tiden fram till kompaniets f\u00f6rr\u00e4ttningspluton och vidare till kommandoplatsen. D\u00e4r var man till en b\u00f6rjan skeptisk till de v\u00e5ras f\u00f6rklaring om vandringen fr\u00e5n 11 D-s dom\u00e4ner. Finholm och Granvik kunde dock p\u00e5 kartan visa hur de f\u00e4rdats. I kompaniet hade man n\u00e4stan ansett oss f\u00f6rsvunna, men fick nu bekr\u00e4ftelse p\u00e5 att gruppen fanns kvar.<\/p>\n<p>N\u00e5gra dagar senare n\u00e4r l\u00e4get hade klarnat kom en k\u00f6rkarl fr\u00e5n kompaniet f\u00f6r att avh\u00e4mta v\u00e5rt t\u00e4lt, v\u00e5ra skidor och en f\u00f6rsvarlig m\u00e4ngd krigsbytesgev\u00e4r. Sedan var det v\u00e5r tur att vandra iv\u00e4g &#8217;hem&#8217; till det egna kompaniet. V\u00e4gen var i uruselt skick. Den gick fram genom de omr\u00e5den d\u00e4r striderna rasat. D\u00e4r s\u00e5g vi mycket av krigets hemska sp\u00e5r.<\/p>\n<p><em><strong>Ur boken:<\/strong> Nils-Erik Nykvist: Sextiettan Infanteriregemente 61 1941-1944<\/em><\/p>\n<\/div><\/section>\n","protected":false},"excerpt":{"rendered":"","protected":false},"author":1,"featured_media":0,"parent":5980,"menu_order":4,"comment_status":"closed","ping_status":"closed","template":"","meta":{"footnotes":""},"class_list":["post-8861","page","type-page","status-publish","hentry"],"yoast_head":"<!-- This site is optimized with the Yoast SEO plugin v27.5 - https:\/\/yoast.com\/product\/yoast-seo-wordpress\/ -->\n<title>En patrull i Shemenski - Veteraanien Perint\u00f6<\/title>\n<meta name=\"robots\" content=\"index, follow, max-snippet:-1, max-image-preview:large, max-video-preview:-1\" \/>\n<link rel=\"canonical\" href=\"https:\/\/veteraanienperinto.fi\/index.php\/sv\/fortsattningskriget\/berattelser-i-fortsattningkriget\/krigets-gang\/stallningskriget\/en-patrull-i-shemenski\/\" \/>\n<meta property=\"og:locale\" content=\"fi_FI\" \/>\n<meta property=\"og:type\" content=\"article\" \/>\n<meta property=\"og:title\" content=\"En patrull i Shemenski - Veteraanien Perint\u00f6\" \/>\n<meta property=\"og:url\" content=\"https:\/\/veteraanienperinto.fi\/index.php\/sv\/fortsattningskriget\/berattelser-i-fortsattningkriget\/krigets-gang\/stallningskriget\/en-patrull-i-shemenski\/\" \/>\n<meta property=\"og:site_name\" content=\"Veteraanien Perint\u00f6\" \/>\n<meta property=\"article:modified_time\" content=\"2020-12-28T13:54:58+00:00\" \/>\n<meta name=\"twitter:card\" content=\"summary_large_image\" \/>\n<meta name=\"twitter:label1\" content=\"Arvioitu lukuaika\" \/>\n\t<meta name=\"twitter:data1\" content=\"6 minuuttia\" \/>\n<script type=\"application\/ld+json\" class=\"yoast-schema-graph\">{\"@context\":\"https:\\\/\\\/schema.org\",\"@graph\":[{\"@type\":\"WebPage\",\"@id\":\"https:\\\/\\\/veteraanienperinto.fi\\\/index.php\\\/sv\\\/fortsattningskriget\\\/berattelser-i-fortsattningkriget\\\/krigets-gang\\\/stallningskriget\\\/en-patrull-i-shemenski\\\/\",\"url\":\"https:\\\/\\\/veteraanienperinto.fi\\\/index.php\\\/sv\\\/fortsattningskriget\\\/berattelser-i-fortsattningkriget\\\/krigets-gang\\\/stallningskriget\\\/en-patrull-i-shemenski\\\/\",\"name\":\"En patrull i Shemenski - Veteraanien Perint\u00f6\",\"isPartOf\":{\"@id\":\"https:\\\/\\\/veteraanienperinto.fi\\\/#website\"},\"datePublished\":\"2020-12-21T15:11:42+00:00\",\"dateModified\":\"2020-12-28T13:54:58+00:00\",\"breadcrumb\":{\"@id\":\"https:\\\/\\\/veteraanienperinto.fi\\\/index.php\\\/sv\\\/fortsattningskriget\\\/berattelser-i-fortsattningkriget\\\/krigets-gang\\\/stallningskriget\\\/en-patrull-i-shemenski\\\/#breadcrumb\"},\"inLanguage\":\"fi\",\"potentialAction\":[{\"@type\":\"ReadAction\",\"target\":[\"https:\\\/\\\/veteraanienperinto.fi\\\/index.php\\\/sv\\\/fortsattningskriget\\\/berattelser-i-fortsattningkriget\\\/krigets-gang\\\/stallningskriget\\\/en-patrull-i-shemenski\\\/\"]}]},{\"@type\":\"BreadcrumbList\",\"@id\":\"https:\\\/\\\/veteraanienperinto.fi\\\/index.php\\\/sv\\\/fortsattningskriget\\\/berattelser-i-fortsattningkriget\\\/krigets-gang\\\/stallningskriget\\\/en-patrull-i-shemenski\\\/#breadcrumb\",\"itemListElement\":[{\"@type\":\"ListItem\",\"position\":1,\"name\":\"Etusivu\",\"item\":\"https:\\\/\\\/veteraanienperinto.fi\\\/index.php\\\/etusivu-2\\\/\"},{\"@type\":\"ListItem\",\"position\":2,\"name\":\"Forts\u00e4ttningskriget\",\"item\":\"https:\\\/\\\/veteraanienperinto.fi\\\/index.php\\\/sv\\\/fortsattningskriget\\\/\"},{\"@type\":\"ListItem\",\"position\":3,\"name\":\"Ber\u00e4ttelser i forts\u00e4ttningkriget\",\"item\":\"https:\\\/\\\/veteraanienperinto.fi\\\/index.php\\\/sv\\\/fortsattningskriget\\\/berattelser-i-fortsattningkriget\\\/\"},{\"@type\":\"ListItem\",\"position\":4,\"name\":\"Krigets g\u00e5ng\",\"item\":\"https:\\\/\\\/veteraanienperinto.fi\\\/index.php\\\/sv\\\/fortsattningskriget\\\/berattelser-i-fortsattningkriget\\\/krigets-gang\\\/\"},{\"@type\":\"ListItem\",\"position\":5,\"name\":\"St\u00e4llningskriget\",\"item\":\"https:\\\/\\\/veteraanienperinto.fi\\\/index.php\\\/sv\\\/fortsattningskriget\\\/berattelser-i-fortsattningkriget\\\/krigets-gang\\\/stallningskriget\\\/\"},{\"@type\":\"ListItem\",\"position\":6,\"name\":\"En patrull i Shemenski\"}]},{\"@type\":\"WebSite\",\"@id\":\"https:\\\/\\\/veteraanienperinto.fi\\\/#website\",\"url\":\"https:\\\/\\\/veteraanienperinto.fi\\\/\",\"name\":\"Veteraanien Perint\u00f6\",\"description\":\"Kadettikunta\",\"potentialAction\":[{\"@type\":\"SearchAction\",\"target\":{\"@type\":\"EntryPoint\",\"urlTemplate\":\"https:\\\/\\\/veteraanienperinto.fi\\\/?s={search_term_string}\"},\"query-input\":{\"@type\":\"PropertyValueSpecification\",\"valueRequired\":true,\"valueName\":\"search_term_string\"}}],\"inLanguage\":\"fi\"}]}<\/script>\n<!-- \/ Yoast SEO plugin. -->","yoast_head_json":{"title":"En patrull i Shemenski - Veteraanien Perint\u00f6","robots":{"index":"index","follow":"follow","max-snippet":"max-snippet:-1","max-image-preview":"max-image-preview:large","max-video-preview":"max-video-preview:-1"},"canonical":"https:\/\/veteraanienperinto.fi\/index.php\/sv\/fortsattningskriget\/berattelser-i-fortsattningkriget\/krigets-gang\/stallningskriget\/en-patrull-i-shemenski\/","og_locale":"fi_FI","og_type":"article","og_title":"En patrull i Shemenski - Veteraanien Perint\u00f6","og_url":"https:\/\/veteraanienperinto.fi\/index.php\/sv\/fortsattningskriget\/berattelser-i-fortsattningkriget\/krigets-gang\/stallningskriget\/en-patrull-i-shemenski\/","og_site_name":"Veteraanien Perint\u00f6","article_modified_time":"2020-12-28T13:54:58+00:00","twitter_card":"summary_large_image","twitter_misc":{"Arvioitu lukuaika":"6 minuuttia"},"schema":{"@context":"https:\/\/schema.org","@graph":[{"@type":"WebPage","@id":"https:\/\/veteraanienperinto.fi\/index.php\/sv\/fortsattningskriget\/berattelser-i-fortsattningkriget\/krigets-gang\/stallningskriget\/en-patrull-i-shemenski\/","url":"https:\/\/veteraanienperinto.fi\/index.php\/sv\/fortsattningskriget\/berattelser-i-fortsattningkriget\/krigets-gang\/stallningskriget\/en-patrull-i-shemenski\/","name":"En patrull i Shemenski - Veteraanien Perint\u00f6","isPartOf":{"@id":"https:\/\/veteraanienperinto.fi\/#website"},"datePublished":"2020-12-21T15:11:42+00:00","dateModified":"2020-12-28T13:54:58+00:00","breadcrumb":{"@id":"https:\/\/veteraanienperinto.fi\/index.php\/sv\/fortsattningskriget\/berattelser-i-fortsattningkriget\/krigets-gang\/stallningskriget\/en-patrull-i-shemenski\/#breadcrumb"},"inLanguage":"fi","potentialAction":[{"@type":"ReadAction","target":["https:\/\/veteraanienperinto.fi\/index.php\/sv\/fortsattningskriget\/berattelser-i-fortsattningkriget\/krigets-gang\/stallningskriget\/en-patrull-i-shemenski\/"]}]},{"@type":"BreadcrumbList","@id":"https:\/\/veteraanienperinto.fi\/index.php\/sv\/fortsattningskriget\/berattelser-i-fortsattningkriget\/krigets-gang\/stallningskriget\/en-patrull-i-shemenski\/#breadcrumb","itemListElement":[{"@type":"ListItem","position":1,"name":"Etusivu","item":"https:\/\/veteraanienperinto.fi\/index.php\/etusivu-2\/"},{"@type":"ListItem","position":2,"name":"Forts\u00e4ttningskriget","item":"https:\/\/veteraanienperinto.fi\/index.php\/sv\/fortsattningskriget\/"},{"@type":"ListItem","position":3,"name":"Ber\u00e4ttelser i forts\u00e4ttningkriget","item":"https:\/\/veteraanienperinto.fi\/index.php\/sv\/fortsattningskriget\/berattelser-i-fortsattningkriget\/"},{"@type":"ListItem","position":4,"name":"Krigets g\u00e5ng","item":"https:\/\/veteraanienperinto.fi\/index.php\/sv\/fortsattningskriget\/berattelser-i-fortsattningkriget\/krigets-gang\/"},{"@type":"ListItem","position":5,"name":"St\u00e4llningskriget","item":"https:\/\/veteraanienperinto.fi\/index.php\/sv\/fortsattningskriget\/berattelser-i-fortsattningkriget\/krigets-gang\/stallningskriget\/"},{"@type":"ListItem","position":6,"name":"En patrull i Shemenski"}]},{"@type":"WebSite","@id":"https:\/\/veteraanienperinto.fi\/#website","url":"https:\/\/veteraanienperinto.fi\/","name":"Veteraanien Perint\u00f6","description":"Kadettikunta","potentialAction":[{"@type":"SearchAction","target":{"@type":"EntryPoint","urlTemplate":"https:\/\/veteraanienperinto.fi\/?s={search_term_string}"},"query-input":{"@type":"PropertyValueSpecification","valueRequired":true,"valueName":"search_term_string"}}],"inLanguage":"fi"}]}},"_links":{"self":[{"href":"https:\/\/veteraanienperinto.fi\/index.php\/wp-json\/wp\/v2\/pages\/8861","targetHints":{"allow":["GET"]}}],"collection":[{"href":"https:\/\/veteraanienperinto.fi\/index.php\/wp-json\/wp\/v2\/pages"}],"about":[{"href":"https:\/\/veteraanienperinto.fi\/index.php\/wp-json\/wp\/v2\/types\/page"}],"author":[{"embeddable":true,"href":"https:\/\/veteraanienperinto.fi\/index.php\/wp-json\/wp\/v2\/users\/1"}],"replies":[{"embeddable":true,"href":"https:\/\/veteraanienperinto.fi\/index.php\/wp-json\/wp\/v2\/comments?post=8861"}],"version-history":[{"count":2,"href":"https:\/\/veteraanienperinto.fi\/index.php\/wp-json\/wp\/v2\/pages\/8861\/revisions"}],"predecessor-version":[{"id":9017,"href":"https:\/\/veteraanienperinto.fi\/index.php\/wp-json\/wp\/v2\/pages\/8861\/revisions\/9017"}],"up":[{"embeddable":true,"href":"https:\/\/veteraanienperinto.fi\/index.php\/wp-json\/wp\/v2\/pages\/5980"}],"wp:attachment":[{"href":"https:\/\/veteraanienperinto.fi\/index.php\/wp-json\/wp\/v2\/media?parent=8861"}],"curies":[{"name":"wp","href":"https:\/\/api.w.org\/{rel}","templated":true}]}}